{"id":72,"date":"2026-08-22T12:10:24","date_gmt":"2026-08-22T12:10:24","guid":{"rendered":"http:\/\/borjamarino.com:8881\/?page_id=72"},"modified":"2026-09-03T07:54:07","modified_gmt":"2026-09-03T07:54:07","slug":"pianista","status":"publish","type":"page","link":"https:\/\/borjamarino.com\/en\/pianista\/","title":{"rendered":"PIANIST"},"content":{"rendered":"<p class=\"has-text-align-center wp-block-paragraph\"><mark style=\"background-color:rgba(0, 0, 0, 0)\" class=\"has-inline-color has-foreground-color\">See the opera repertoire here.<\/mark><\/p>\n\n\n\n<div class=\"alignnormal\"><div id=\"metaslider-id-74\" style=\"width: 100%; margin: 0 auto;\" class=\"ml-slider-3-112-0 metaslider metaslider-flex metaslider-74 ml-slider hide-arrows-smartphone has-onhover-arrows has-dots-onhover-navigation has-carousel-mode ms-theme-outline\" role=\"region\" aria-label=\"Repertorio de \u00f3peras\" data-height=\"400\" data-width=\"390\">\n    <div id=\"metaslider_container_74\">\n        <div id=\"metaslider_74\">\n            <ul aria-live='polite' class='slides'>\n                <li style=\"display: none; width: 100%;\" class=\"slide-357 ms-image\" aria-roledescription=\"slide\" data-date=\"2026-08-29 11:02:07\" data-filename=\"opera-fondo-hueso-1-390x400.png\" data-slide-type=\"image\"><img loading=\"lazy\" decoding=\"async\" src=\"https:\/\/borjamarino.com\/wp-content\/uploads\/2026\/08\/opera-fondo-hueso-1-390x400.png\" height=\"400\" width=\"390\" alt=\"Carousel with Captions\" class=\"slider-74 slide-357 msDefaultImage\" title=\"Carousel with Captions\" \/><div class=\"caption-wrap\"><div class=\"caption\"><div style=\"text-align:center;\"> <div class=\"N8MGzv _v6ohL PO9MfV AWXfZq comp-lvw9i5vx3 wixui-rich-text\"><\/div> <div class=\"N8MGzv _v6ohL PO9MfV AWXfZq comp-lvw9i5vz1 wixui-rich-text\"> <p class=\"font_8 wixui-rich-text__text\">\u00a0<\/p> <p class=\"font_8 wixui-rich-text__text\">\u00a0<\/p> <p class=\"font_8 wixui-rich-text__text\">\u00a0<\/p> <p class=\"font_8 wixui-rich-text__text\">\u00a0<\/p> <p class=\"font_8 wixui-rich-text__text\"><span class=\"wixui-rich-text__text\" style=\"font-size:18px;\">BELLINI<\/span><\/p> <p class=\"font_8 wixui-rich-text__text\">\u00a0<\/p> <p class=\"font_8 wixui-rich-text__text\" style=\"line-height:1.5;\"><span style=\"font-size:32px;\"><em><span class=\"wixui-rich-text__text\">NORMA<\/span><\/em><\/span><\/p> <p class=\"font_8 wixui-rich-text__text\" style=\"line-height:1.5;\"><em><span style=\"font-size:14px;\"><span class=\"wixui-rich-text__text\"><span class=\"color_15 wixui-rich-text__text\">T<\/span><\/span><span class=\"wixui-rich-text__text\"><span class=\"color_15 wixui-rich-text__text\">eatre Principal, Palma de Mallorca <span class=\"color_18 wixui-rich-text__text\"><span style=\"color:rgb(224,62,45);\"><strong>\u00b7<\/strong><\/span><\/span><\/span><\/span><span class=\"wixui-rich-text__text\"><span class=\"color_15 wixui-rich-text__text\">\u00a02018<\/span><\/span><\/span><\/em><\/p> <p class=\"font_8 wixui-rich-text__text\">\u00a0<\/p> <p class=\"font_8 wixui-rich-text__text\"><span class=\"wixui-rich-text__text\"><span class=\"color_15 wixui-rich-text__text\">Andr\u00e9s Salado\u00a0<\/span><span style=\"color:rgb(224,62,45);\">\/<\/span><span class=\"color_15 wixui-rich-text__text\">\u00a0Lorenzo Amato<\/span><\/span><\/p> <p class=\"font_8 wixui-rich-text__text\"><span class=\"wixui-rich-text__text\">Yolanda Auyanet, Sergio Escobar, Ketevan Kemoklidze, Wojtek Gierlach, Inma Hidalgo, Antoni Lliteres<\/span><\/p> <p class=\"font_8 wixui-rich-text__text\">\u00a0<\/p> <\/div> <\/div><\/div><\/div><\/li>\n                <li style=\"display: none; width: 100%;\" class=\"slide-358 ms-image\" aria-roledescription=\"slide\" data-date=\"2026-08-29 11:05:19\" data-filename=\"opera-fondo-hueso-1-390x400.png\" data-slide-type=\"image\"><img loading=\"lazy\" decoding=\"async\" src=\"https:\/\/borjamarino.com\/wp-content\/uploads\/2026\/08\/opera-fondo-hueso-1-390x400.png\" height=\"400\" width=\"390\" alt=\"Carousel with Captions\" class=\"slider-74 slide-358 msDefaultImage\" title=\"Carousel with Captions\" \/><div class=\"caption-wrap\"><div class=\"caption\"><div style=\"text-align:center;\"> <div class=\"N8MGzv _v6ohL PO9MfV AWXfZq comp-lvw9i5vx3 wixui-rich-text\"><\/div> <div class=\"N8MGzv _v6ohL PO9MfV AWXfZq comp-lvw9i5vz1 wixui-rich-text\"> <p class=\"font_8 wixui-rich-text__text\">\u00a0<\/p> <p class=\"font_8 wixui-rich-text__text\">\u00a0<\/p> <p class=\"font_8 wixui-rich-text__text\">\u00a0<\/p> <p class=\"font_8 wixui-rich-text__text\">\u00a0<\/p> <p class=\"font_8 wixui-rich-text__text\"><span class=\"wixui-rich-text__text\" style=\"font-size:18px;\">BELLINI<\/span><\/p> <p class=\"font_8 wixui-rich-text__text\">\u00a0<\/p> <p class=\"font_8 wixui-rich-text__text\" style=\"line-height:1.5;\"><span style=\"font-size:32px;\"><em><span class=\"wixui-rich-text__text\">NORMA<\/span><\/em><\/span><\/p> <p class=\"font_8 wixui-rich-text__text\" style=\"line-height:1.5;\"><span style=\"font-size:14px;\"><em><span class=\"color_18 wixui-rich-text__text\"><span class=\"wixui-rich-text__text\"><span class=\"color_15 wixui-rich-text__text\">Palacio <\/span>de la \u00d3pera, A Coru\u00f1a\u00a0<span style=\"color:rgb(224,62,45);\"><strong>\u00b7<\/strong><\/span><\/span><\/span><span class=\"wixui-rich-text__text\"><span class=\"color_15 wixui-rich-text__text\">\u00a02006<\/span><\/span><\/em><\/span><\/p> <p class=\"font_8 wixui-rich-text__text\">\u00a0<\/p> <div class=\"N8MGzv _v6ohL PO9MfV AWXfZq comp-lvw9jao81 wixui-rich-text\"> <p class=\"font_8 wixui-rich-text__text\"><span class=\"wixui-rich-text__text\"><span class=\"color_15 wixui-rich-text__text\">Marcello Panni\u00a0<\/span><span class=\"color_18 wixui-rich-text__text\" style=\"color:rgb(224,62,45);\">\/<\/span><span class=\"color_15 wixui-rich-text__text\">\u00a0Flavio Trevisan<\/span><\/span><\/p> <p class=\"font_8 wixui-rich-text__text\"><span class=\"wixui-rich-text__text\">Maria Guleghina, Francisco Casanova, Alina Gurina, Carlo Colombara, Gloria Amil, Pablo Carballido<\/span><\/p> <p class=\"font_8 wixui-rich-text__text\">\u00a0<\/p> <\/div> <\/div> <\/div><\/div><\/div><\/li>\n                <li style=\"display: none; width: 100%;\" class=\"slide-359 ms-image\" aria-roledescription=\"slide\" data-date=\"2026-08-29 11:06:58\" data-filename=\"opera-fondo-hueso-1-390x400.png\" data-slide-type=\"image\"><img loading=\"lazy\" decoding=\"async\" src=\"https:\/\/borjamarino.com\/wp-content\/uploads\/2026\/08\/opera-fondo-hueso-1-390x400.png\" height=\"400\" width=\"390\" alt=\"Carousel with Captions\" class=\"slider-74 slide-359 msDefaultImage\" title=\"Carousel with Captions\" \/><div class=\"caption-wrap\"><div class=\"caption\"><div style=\"text-align:center;\"> <div class=\"N8MGzv _v6ohL PO9MfV AWXfZq comp-lvw9i5vx3 wixui-rich-text\"><\/div> <div class=\"N8MGzv _v6ohL PO9MfV AWXfZq comp-lvw9i5vz1 wixui-rich-text\"> <p class=\"font_8 wixui-rich-text__text\">\u00a0<\/p> <p class=\"font_8 wixui-rich-text__text\">\u00a0<\/p> <p class=\"font_8 wixui-rich-text__text\">\u00a0<\/p> <p class=\"font_8 wixui-rich-text__text\"><span class=\"wixui-rich-text__text\" style=\"font-size:18px;\">BELLINI<\/span><\/p> <p class=\"font_8 wixui-rich-text__text\">\u00a0<\/p> <p class=\"font_8 wixui-rich-text__text\" style=\"line-height:1.5;\"><span style=\"font-size:32px;\"><em><span class=\"wixui-rich-text__text\">I PURITANI<\/span><\/em><\/span><\/p> <p class=\"font_8 wixui-rich-text__text\" style=\"line-height:1.5;\"><span style=\"font-size:14px;\"><em><span class=\"color_18 wixui-rich-text__text\"><span class=\"wixui-rich-text__text\"><span class=\"color_15 wixui-rich-text__text\">Palacio <\/span>de la \u00d3pera, A Coru\u00f1a\u00a0<span style=\"color:rgb(224,62,45);\"><strong>\u00b7<\/strong><\/span><\/span><\/span><span class=\"wixui-rich-text__text\"><span class=\"color_15 wixui-rich-text__text\"> 2009<\/span><\/span><\/em><\/span><\/p> <p class=\"font_8 wixui-rich-text__text\">\u00a0<\/p> <div class=\"N8MGzv _v6ohL PO9MfV AWXfZq comp-lvw9jao81 wixui-rich-text\"> <p class=\"font_8 wixui-rich-text__text\"><span class=\"wixui-rich-text__text\"><span class=\"color_15 wixui-rich-text__text\">Marcello Panni\u00a0<\/span><span class=\"color_18 wixui-rich-text__text\" style=\"color:rgb(224,62,45);\">\/<\/span><span class=\"color_15 wixui-rich-text__text\">\u00a0Alfonso Romero<\/span><\/span><\/p> <p class=\"font_8 wixui-rich-text__text\"><span class=\"wixui-rich-text__text\">Celso Albelo, Desiree Rancatore, Fabio Maria Capitanucci, Marco Vinco, Maria Jos\u00e9 Trullu, Alberto Feria, Pablo Carballido<\/span><\/p> <\/div> <\/div> <\/div><\/div><\/div><\/li>\n                <li style=\"display: none; width: 100%;\" class=\"slide-360 ms-image\" aria-roledescription=\"slide\" data-date=\"2026-08-29 11:07:48\" data-filename=\"opera-fondo-hueso-1-390x400.png\" data-slide-type=\"image\"><img loading=\"lazy\" decoding=\"async\" src=\"https:\/\/borjamarino.com\/wp-content\/uploads\/2026\/08\/opera-fondo-hueso-1-390x400.png\" height=\"400\" width=\"390\" alt=\"Carousel with Captions\" class=\"slider-74 slide-360 msDefaultImage\" title=\"Carousel with Captions\" \/><div class=\"caption-wrap\"><div class=\"caption\"><div style=\"text-align:center;\"> <div class=\"N8MGzv _v6ohL PO9MfV AWXfZq comp-lvw9i5vx3 wixui-rich-text\"><\/div> <div class=\"N8MGzv _v6ohL PO9MfV AWXfZq comp-lvw9i5vz1 wixui-rich-text\"> <p class=\"font_8 wixui-rich-text__text\">\u00a0<\/p> <p class=\"font_8 wixui-rich-text__text\">\u00a0<\/p> <p class=\"font_8 wixui-rich-text__text\">\u00a0<\/p> <p class=\"font_8 wixui-rich-text__text\">\u00a0<\/p> <p class=\"font_8 wixui-rich-text__text\">\u00a0<\/p> <p class=\"font_8 wixui-rich-text__text\"><span class=\"wixui-rich-text__text\" style=\"font-size:18px;\">BELLINI<\/span><\/p> <p class=\"font_8 wixui-rich-text__text\">\u00a0<\/p> <p class=\"font_8 wixui-rich-text__text\" style=\"line-height:1.5;\"><span style=\"font-size:32px;\"><em><span class=\"wixui-rich-text__text\">LA SONNAMBULA<\/span><\/em><\/span><\/p> <p class=\"font_8 wixui-rich-text__text\" style=\"line-height:1.5;\"><span style=\"font-size:14px;\"><em><span class=\"color_18 wixui-rich-text__text\"><span class=\"wixui-rich-text__text\"><span class=\"color_15 wixui-rich-text__text\">Palacio <\/span>de la \u00d3pera, A Coru\u00f1a\u00a0<span style=\"color:rgb(224,62,45);\"><strong>\u00b7<\/strong><\/span><\/span><\/span><span class=\"wixui-rich-text__text\"><span class=\"color_15 wixui-rich-text__text\"> 2005<\/span><\/span><\/em><\/span><\/p> <p class=\"font_8 wixui-rich-text__text\">\u00a0<\/p> <div class=\"N8MGzv _v6ohL PO9MfV AWXfZq comp-lvw9jao81 wixui-rich-text\"> <p class=\"font_8 wixui-rich-text__text\"><span class=\"wixui-rich-text__text\"><span class=\"color_15 wixui-rich-text__text\">Kamal Khan\u00a0<\/span><span class=\"color_18 wixui-rich-text__text\" style=\"color:rgb(224,62,45);\">\/<\/span><span class=\"color_15 wixui-rich-text__text\">\u00a0Pier Francesco Maestrini<\/span><\/span><\/p> <p class=\"font_8 wixui-rich-text__text\"><span class=\"wixui-rich-text__text\">Maureen O\u2019Flynn, Jos\u00e9 Manuel Zapata, Francesco Ellero d\u2019Artegna, <\/span><span class=\"wixui-rich-text__text\">Laura Alonso, Alexandra Rivas, Miguel L\u00f3pez Galindo, Pablo Carballido<\/span><\/p> <\/div> <\/div> <\/div><\/div><\/div><\/li>\n                <li style=\"display: none; width: 100%;\" class=\"slide-361 ms-image\" aria-roledescription=\"slide\" data-date=\"2026-08-29 11:11:02\" data-filename=\"opera-fondo-hueso-1-390x400.png\" data-slide-type=\"image\"><img loading=\"lazy\" decoding=\"async\" src=\"https:\/\/borjamarino.com\/wp-content\/uploads\/2026\/08\/opera-fondo-hueso-1-390x400.png\" height=\"400\" width=\"390\" alt=\"Carousel with Captions\" class=\"slider-74 slide-361 msDefaultImage\" title=\"Carousel with Captions\" \/><div class=\"caption-wrap\"><div class=\"caption\"><div style=\"text-align:center;\"> <div class=\"N8MGzv _v6ohL PO9MfV AWXfZq comp-lvw9i5vx3 wixui-rich-text\"><\/div> <div class=\"N8MGzv _v6ohL PO9MfV AWXfZq comp-lvw9i5vz1 wixui-rich-text\"> <p class=\"font_8 wixui-rich-text__text\">\u00a0<\/p> <p class=\"font_8 wixui-rich-text__text\">\u00a0<\/p> <p class=\"font_8 wixui-rich-text__text\">\u00a0<\/p> <p class=\"font_8 wixui-rich-text__text\"><span class=\"wixui-rich-text__text\" style=\"font-size:18px;\">BERNSTEIN<\/span><\/p> <p class=\"font_8 wixui-rich-text__text\">\u00a0<\/p> <p class=\"font_8 wixui-rich-text__text\" style=\"line-height:1.5;\"><span style=\"font-size:32px;\"><em><span class=\"wixui-rich-text__text\">CANDIDE<\/span><\/em><\/span><\/p> <p class=\"font_8 wixui-rich-text__text\" style=\"line-height:1.5;\"><em><span style=\"font-size:14px;\"><span class=\"wixui-rich-text__text\">Teatros del Canal, Madrid <span class=\"color_18 wixui-rich-text__text\"><span style=\"color:rgb(224,62,45);\"><strong>\u00b7<\/strong><\/span><\/span><\/span><span class=\"wixui-rich-text__text\">\u00a02012<\/span><\/span><\/em><\/p> <p class=\"font_8 wixui-rich-text__text\">\u00a0<\/p> <div class=\"N8MGzv _v6ohL PO9MfV AWXfZq comp-lvw9jao81 wixui-rich-text\"> <p class=\"font_8 wixui-rich-text__text\"><span class=\"wixui-rich-text__text\">Manuel Coves <span style=\"color:rgb(224,62,45);\">\/<\/span> Paco Mir<\/span><\/p> <p class=\"font_8 wixui-rich-text__text\"><span class=\"wixui-rich-text__text\">Toni Comas, Mar\u00eda Rey-Joly, Anna Mateo, Xabier Ribera-Vall, Eva Diago, Axier S\u00e1nchez, C\u00e9sar San Mart\u00edn, Juanma Cifuentes, Jordi Bosch<\/span><\/p> <\/div> <\/div> <\/div><\/div><\/div><\/li>\n                <li style=\"display: none; width: 100%;\" class=\"slide-362 ms-image\" aria-roledescription=\"slide\" data-date=\"2026-08-29 11:14:41\" data-filename=\"opera-fondo-hueso-1-390x400.png\" data-slide-type=\"image\"><img loading=\"lazy\" decoding=\"async\" src=\"https:\/\/borjamarino.com\/wp-content\/uploads\/2026\/08\/opera-fondo-hueso-1-390x400.png\" height=\"400\" width=\"390\" alt=\"Carousel with Captions\" class=\"slider-74 slide-362 msDefaultImage\" title=\"Carousel with Captions\" \/><div class=\"caption-wrap\"><div class=\"caption\"><div style=\"text-align:center;\"> <div class=\"N8MGzv _v6ohL PO9MfV AWXfZq comp-lvw9i5vx3 wixui-rich-text\"><\/div> <div class=\"N8MGzv _v6ohL PO9MfV AWXfZq comp-lvw9i5vz1 wixui-rich-text\"> <p class=\"font_8 wixui-rich-text__text\">\u00a0<\/p> <p class=\"font_8 wixui-rich-text__text\">\u00a0<\/p> <p class=\"font_8 wixui-rich-text__text\">\u00a0<\/p> <p class=\"font_8 wixui-rich-text__text\"><span class=\"wixui-rich-text__text\" style=\"font-size:18px;\">BIZET<\/span><\/p> <p class=\"font_8 wixui-rich-text__text\">\u00a0<\/p> <p class=\"font_8 wixui-rich-text__text\" style=\"line-height:0.8;\"><span style=\"font-size:32px;\"><em><span class=\"wixui-rich-text__text\">LES P\u00caCHEURS DE PERLES<\/span><\/em><\/span><\/p> <p class=\"font_8 wixui-rich-text__text\" style=\"line-height:1.5;\"><em><span style=\"font-size:14px;\"><span class=\"wixui-rich-text__text\">\u00d3pera de Oviedo <span class=\"color_18 wixui-rich-text__text\"><span style=\"color:rgb(224,62,45);\"><strong>\u00b7<\/strong><\/span><\/span><\/span><span class=\"wixui-rich-text__text\"> 2021<\/span><\/span><\/em><\/p> <p class=\"font_8 wixui-rich-text__text\">\u00a0<\/p> <div class=\"N8MGzv _v6ohL PO9MfV AWXfZq comp-lvw9jao81 wixui-rich-text\"> <p class=\"font_8 wixui-rich-text__text\"><span class=\"wixui-rich-text__text\"><span class=\"color_15 wixui-rich-text__text\">Jos\u00e9 Miguel P\u00e9rez Sierra\u00a0<\/span><span class=\"color_18 wixui-rich-text__text\" style=\"color:rgb(224,62,45);\">\/<\/span><span class=\"color_15 wixui-rich-text__text\">\u00a0Yoshi Oida<\/span><\/span><\/p> <p class=\"font_8 wixui-rich-text__text\"><span class=\"wixui-rich-text__text\">Celso Albelo \/ Luis Gomes, Ekaterina Bakanova \/ Larissa Alice Wissel, <\/span><span class=\"wixui-rich-text__text\">Borja Quiza \/ Valdis Jansons, Felipe Bou \/ David Lagares<\/span><\/p> <\/div> <\/div> <\/div><\/div><\/div><\/li>\n                <li style=\"display: none; width: 100%;\" class=\"slide-363 ms-image\" aria-roledescription=\"slide\" data-date=\"2026-08-29 11:16:24\" data-filename=\"opera-fondo-hueso-1-390x400.png\" data-slide-type=\"image\"><img loading=\"lazy\" decoding=\"async\" src=\"https:\/\/borjamarino.com\/wp-content\/uploads\/2026\/08\/opera-fondo-hueso-1-390x400.png\" height=\"400\" width=\"390\" alt=\"Carousel with Captions\" class=\"slider-74 slide-363 msDefaultImage\" title=\"Carousel with Captions\" \/><div class=\"caption-wrap\"><div class=\"caption\"><div style=\"text-align:center;\"> <div class=\"N8MGzv _v6ohL PO9MfV AWXfZq comp-lvw9i5vx3 wixui-rich-text\"><\/div> <div class=\"N8MGzv _v6ohL PO9MfV AWXfZq comp-lvw9i5vz1 wixui-rich-text\"> <p class=\"font_8 wixui-rich-text__text\">\u00a0<\/p> <p class=\"font_8 wixui-rich-text__text\">\u00a0<\/p> <p class=\"font_8 wixui-rich-text__text\">\u00a0<\/p> <p class=\"font_8 wixui-rich-text__text\"><span class=\"wixui-rich-text__text\" style=\"font-size:18px;\">BIZET<\/span><\/p> <p class=\"font_8 wixui-rich-text__text\">\u00a0<\/p> <p class=\"font_8 wixui-rich-text__text\" style=\"line-height:1.5;\"><span style=\"font-size:32px;\"><em><span class=\"wixui-rich-text__text\">CARMEN<\/span><\/em><\/span><\/p> <p class=\"font_8 wixui-rich-text__text\" style=\"line-height:1.5;\"><em><span style=\"font-size:14px;\"><span class=\"wixui-rich-text__text\"><span class=\"color_15 wixui-rich-text__text\">T<\/span><\/span><span class=\"wixui-rich-text__text\"><span class=\"color_15 wixui-rich-text__text\">eatro de la Maestranza, Sevilla <span class=\"color_18 wixui-rich-text__text\"><span style=\"color:rgb(224,62,45);\"><strong>\u00b7<\/strong><\/span><\/span><\/span><\/span><span class=\"wixui-rich-text__text\"><span class=\"color_15 wixui-rich-text__text\">\u00a02025<\/span><\/span><\/span><\/em><\/p> <p class=\"font_8 wixui-rich-text__text\">\u00a0<\/p> <div class=\"N8MGzv _v6ohL PO9MfV AWXfZq comp-lvw9jao81 wixui-rich-text\"> <p class=\"font_8 wixui-rich-text__text\"><span class=\"wixui-rich-text__text\"><span class=\"color_15 wixui-rich-text__text\">Jacques Lacombe \/ Salvador V\u00e1zquez <\/span><span class=\"color_18 wixui-rich-text__text\" style=\"color:rgb(224,62,45);\">\/<\/span><span class=\"color_15 wixui-rich-text__text\"> Emilio Sagi. <\/span><\/span><span class=\"wixui-rich-text__text\">Maria Kataeva \/ Gabriela Flores, Piero Pretti \/ Alejandro del Cerro, Giuliana Gianfaldoni \/ Mar\u00eda Mir\u00f3, Dalibor Jenis \/ Badral Chuluunbaatar<\/span><\/p> <\/div> <\/div> <\/div><\/div><\/div><\/li>\n                <li style=\"display: none; width: 100%;\" class=\"slide-364 ms-image\" aria-roledescription=\"slide\" data-date=\"2026-08-29 11:19:26\" data-filename=\"opera-fondo-hueso-1-390x400.png\" data-slide-type=\"image\"><img loading=\"lazy\" decoding=\"async\" src=\"https:\/\/borjamarino.com\/wp-content\/uploads\/2026\/08\/opera-fondo-hueso-1-390x400.png\" height=\"400\" width=\"390\" alt=\"Carousel with Captions\" class=\"slider-74 slide-364 msDefaultImage\" title=\"Carousel with Captions\" \/><div class=\"caption-wrap\"><div class=\"caption\"><div style=\"text-align:center;\"> <div class=\"N8MGzv _v6ohL PO9MfV AWXfZq comp-lvw9i5vx3 wixui-rich-text\"><\/div> <div class=\"N8MGzv _v6ohL PO9MfV AWXfZq comp-lvw9i5vz1 wixui-rich-text\"> <p class=\"font_8 wixui-rich-text__text\">\u00a0<\/p> <p class=\"font_8 wixui-rich-text__text\">\u00a0<\/p> <p class=\"font_8 wixui-rich-text__text\">\u00a0<\/p> <p class=\"font_8 wixui-rich-text__text\"><span class=\"wixui-rich-text__text\" style=\"font-size:18px;\">BIZET<\/span><\/p> <p class=\"font_8 wixui-rich-text__text\">\u00a0<\/p> <p class=\"font_8 wixui-rich-text__text\" style=\"line-height:1.5;\"><span style=\"font-size:32px;\"><em><span class=\"wixui-rich-text__text\">CARMEN<\/span><\/em><\/span><\/p> <p class=\"font_8 wixui-rich-text__text\" style=\"line-height:1.5;\"><em><span style=\"font-size:14px;\"><span class=\"wixui-rich-text__text\"><span class=\"color_15 wixui-rich-text__text\">T<\/span><\/span><span class=\"wixui-rich-text__text\"><span class=\"color_15 wixui-rich-text__text\">eatre Principal, Palma de Mallorca <span class=\"color_18 wixui-rich-text__text\"><span style=\"color:rgb(224,62,45);\"><strong>\u00b7<\/strong><\/span><\/span><\/span><\/span><span class=\"wixui-rich-text__text\"><span class=\"color_15 wixui-rich-text__text\">\u00a02020<\/span><\/span><\/span><\/em><\/p> <p class=\"font_8 wixui-rich-text__text\">\u00a0<\/p> <div class=\"N8MGzv _v6ohL PO9MfV AWXfZq comp-lvw9jao81 wixui-rich-text\"> <p class=\"font_8 wixui-rich-text__text\"><span class=\"wixui-rich-text__text\"><span class=\"color_15 wixui-rich-text__text\">Manuel Coves\u00a0<\/span><span class=\"color_18 wixui-rich-text__text\" style=\"color:rgb(224,62,45);\">\/<\/span><span class=\"color_15 wixui-rich-text__text\">\u00a0Calixto Bieito<\/span><\/span><\/p> <p class=\"font_8 wixui-rich-text__text\"><span class=\"wixui-rich-text__text\">Annalisa Stroppa, Andeka Gorrotxategi, Marta Bauz\u00e1, Germ\u00e1n Olvera, Marga Cloquell, Anna Gom\u00e0, Jos\u00e9 Manuel S\u00e1nchez, Jorge Tello, <\/span><span class=\"wixui-rich-text__text\">Pablo L\u00f3pez<\/span><\/p> <\/div> <\/div> <\/div><\/div><\/div><\/li>\n                <li style=\"display: none; width: 100%;\" class=\"slide-365 ms-image\" aria-roledescription=\"slide\" data-date=\"2026-08-29 11:21:29\" data-filename=\"opera-fondo-hueso-1-390x400.png\" data-slide-type=\"image\"><img loading=\"lazy\" decoding=\"async\" src=\"https:\/\/borjamarino.com\/wp-content\/uploads\/2026\/08\/opera-fondo-hueso-1-390x400.png\" height=\"400\" width=\"390\" alt=\"Carousel with Captions\" class=\"slider-74 slide-365 msDefaultImage\" title=\"Carousel with Captions\" \/><div class=\"caption-wrap\"><div class=\"caption\"><div style=\"text-align:center;\"> <div class=\"N8MGzv _v6ohL PO9MfV AWXfZq comp-lvw9i5vx3 wixui-rich-text\"><\/div> <div class=\"N8MGzv _v6ohL PO9MfV AWXfZq comp-lvw9i5vz1 wixui-rich-text\"> <p class=\"font_8 wixui-rich-text__text\">\u00a0<\/p> <p class=\"font_8 wixui-rich-text__text\">\u00a0<\/p> <p class=\"font_8 wixui-rich-text__text\">\u00a0<\/p> <p class=\"font_8 wixui-rich-text__text\"><span class=\"wixui-rich-text__text\" style=\"font-size:18px;\">BIZET<\/span><\/p> <p class=\"font_8 wixui-rich-text__text\">\u00a0<\/p> <p class=\"font_8 wixui-rich-text__text\" style=\"line-height:1.5;\"><span style=\"font-size:32px;\"><em><span class=\"wixui-rich-text__text\">CARMEN<\/span><\/em><\/span><\/p> <p class=\"font_8 wixui-rich-text__text\" style=\"line-height:1.5;\"><em><span style=\"font-size:14px;\"><span class=\"color_18 wixui-rich-text__text\"><span class=\"wixui-rich-text__text\">\u00d3pera de Oviedo <span style=\"color:rgb(224,62,45);\"><strong>\u00b7<\/strong><\/span><\/span><\/span><span class=\"wixui-rich-text__text\"><span class=\"color_15 wixui-rich-text__text\">\u00a02019<\/span><\/span><\/span><\/em><\/p> <p class=\"font_8 wixui-rich-text__text\">\u00a0<\/p> <div class=\"N8MGzv _v6ohL PO9MfV AWXfZq comp-lvw9jao81 wixui-rich-text\"> <p class=\"font_8 wixui-rich-text__text\"><span class=\"wixui-rich-text__text\"><span class=\"color_15 wixui-rich-text__text\">Sergio Alapont\u00a0<\/span><span class=\"color_18 wixui-rich-text__text\" style=\"color:rgb(224,62,45);\">\/<\/span><span class=\"color_15 wixui-rich-text__text\">\u00a0<\/span><span class=\"color_15 wixui-rich-text__text\">Carlos Wagner<\/span><\/span><\/p> <p class=\"font_8 wixui-rich-text__text\"><span class=\"wixui-rich-text__text\">Varduhi Abrahamyan, Alejandro Roy, Mar\u00eda Jos\u00e9 Moreno, David Men\u00e9ndez, Germ\u00e1n Olvera, Sof\u00eda Esparza, Anna Gom\u00e0, Paolo Battaglia<\/span><\/p> <\/div> <\/div> <\/div><\/div><\/div><\/li>\n                <li style=\"display: none; width: 100%;\" class=\"slide-366 ms-image\" aria-roledescription=\"slide\" data-date=\"2026-08-29 11:22:32\" data-filename=\"opera-fondo-hueso-1-390x400.png\" data-slide-type=\"image\"><img loading=\"lazy\" decoding=\"async\" src=\"https:\/\/borjamarino.com\/wp-content\/uploads\/2026\/08\/opera-fondo-hueso-1-390x400.png\" height=\"400\" width=\"390\" alt=\"Carousel with Captions\" class=\"slider-74 slide-366 msDefaultImage\" title=\"Carousel with Captions\" \/><div class=\"caption-wrap\"><div class=\"caption\"><div style=\"text-align:center;\"> <div class=\"N8MGzv _v6ohL PO9MfV AWXfZq comp-lvw9i5vx3 wixui-rich-text\"><\/div> <div class=\"N8MGzv _v6ohL PO9MfV AWXfZq comp-lvw9i5vz1 wixui-rich-text\"> <p class=\"font_8 wixui-rich-text__text\">\u00a0<\/p> <p class=\"font_8 wixui-rich-text__text\">\u00a0<\/p> <p class=\"font_8 wixui-rich-text__text\">\u00a0<\/p> <p class=\"font_8 wixui-rich-text__text\"><span class=\"wixui-rich-text__text\" style=\"font-size:18px;\">BIZET<\/span><\/p> <p class=\"font_8 wixui-rich-text__text\">\u00a0<\/p> <p class=\"font_8 wixui-rich-text__text\" style=\"line-height:1.5;\"><span style=\"font-size:32px;\"><em><span class=\"wixui-rich-text__text\">CARMEN<\/span><\/em><\/span><\/p> <p class=\"font_8 wixui-rich-text__text\" style=\"line-height:1.5;\"><em><span style=\"font-size:14px;\"><span class=\"color_18 wixui-rich-text__text\"><span class=\"wixui-rich-text__text\">Festival Amazonas de Opera, Manaus\u00a0<\/span><span class=\"wixui-rich-text__text\"><span style=\"color:rgb(224,62,45);\"><strong>\u00b7<\/strong><\/span><\/span><\/span><span class=\"wixui-rich-text__text\"><span class=\"color_15 wixui-rich-text__text\">\u00a02014<\/span><\/span><\/span><\/em><\/p> <p class=\"font_8 wixui-rich-text__text\">\u00a0<\/p> <div class=\"N8MGzv _v6ohL PO9MfV AWXfZq comp-lvw9jao81 wixui-rich-text\"> <p class=\"font_8 wixui-rich-text__text\"><span class=\"wixui-rich-text__text\"><span class=\"color_15 wixui-rich-text__text\">Luiz F. Malheiro <\/span><span class=\"color_18 wixui-rich-text__text\" style=\"color:rgb(224,62,45);\">\/<\/span><span class=\"color_15 wixui-rich-text__text\">\u00a0<\/span><span class=\"color_15 wixui-rich-text__text\">Enrico Castiglione<\/span><\/span><\/p> <p class=\"font_8 wixui-rich-text__text\"><span class=\"wixui-rich-text__text\">Cristina Gallardo- Dom\u00e2s, Andeka Gorrotxategui, Joanna Parisi, Katia Freitas, Andreia Souza, Cristhiano Silva, Alfonso Mujica, Murilo Neves<\/span><\/p> <\/div> <\/div> <\/div><\/div><\/div><\/li>\n                <li style=\"display: none; width: 100%;\" class=\"slide-367 ms-image\" aria-roledescription=\"slide\" data-date=\"2026-08-29 11:23:54\" data-filename=\"opera-fondo-hueso-1-390x400.png\" data-slide-type=\"image\"><img loading=\"lazy\" decoding=\"async\" src=\"https:\/\/borjamarino.com\/wp-content\/uploads\/2026\/08\/opera-fondo-hueso-1-390x400.png\" height=\"400\" width=\"390\" alt=\"Carousel with Captions\" class=\"slider-74 slide-367 msDefaultImage\" title=\"Carousel with Captions\" \/><div class=\"caption-wrap\"><div class=\"caption\"><div style=\"text-align:center;\"> <div class=\"N8MGzv _v6ohL PO9MfV AWXfZq comp-lvw9i5vx3 wixui-rich-text\"><\/div> <div class=\"N8MGzv _v6ohL PO9MfV AWXfZq comp-lvw9i5vz1 wixui-rich-text\"> <p class=\"font_8 wixui-rich-text__text\">\u00a0<\/p> <p class=\"font_8 wixui-rich-text__text\">\u00a0<\/p> <p class=\"font_8 wixui-rich-text__text\">\u00a0<\/p> <p class=\"font_8 wixui-rich-text__text\"><span class=\"wixui-rich-text__text\" style=\"font-size:18px;\">BIZET<\/span><\/p> <p class=\"font_8 wixui-rich-text__text\">\u00a0<\/p> <p class=\"font_8 wixui-rich-text__text\" style=\"line-height:1.5;\"><span style=\"font-size:32px;\"><em><span class=\"wixui-rich-text__text\">CARMEN<\/span><\/em><\/span><\/p> <p class=\"font_8 wixui-rich-text__text\" style=\"line-height:1.5;\"><em><span style=\"font-size:14px;\"><span class=\"color_18 wixui-rich-text__text\"><span class=\"wixui-rich-text__text\"><span class=\"color_15 wixui-rich-text__text\">Palacio <\/span>de la \u00d3pera, A Coru\u00f1a\u00a0<span style=\"color:rgb(224,62,45);\"><strong>\u00b7<\/strong><\/span><\/span><\/span><span class=\"wixui-rich-text__text\"><span class=\"color_15 wixui-rich-text__text\">\u00a02006<\/span><\/span><\/span><\/em><\/p> <p class=\"font_8 wixui-rich-text__text\">\u00a0<\/p> <div class=\"N8MGzv _v6ohL PO9MfV AWXfZq comp-lvw9jao81 wixui-rich-text\"> <p class=\"font_8 wixui-rich-text__text\"><span class=\"wixui-rich-text__text\"><span class=\"color_15 wixui-rich-text__text\">Antonello Allemandi\u00a0<\/span><span class=\"color_18 wixui-rich-text__text\" style=\"color:rgb(224,62,45);\">\/<\/span><span class=\"color_15 wixui-rich-text__text\">\u00a0Francisco L\u00f3pez<\/span><\/span><\/p> <p class=\"font_8 wixui-rich-text__text\"><span class=\"wixui-rich-text__text\">Nancy Fabiola Herrera, Michael Hendrick, Leontina Vaduva, <\/span><span class=\"wixui-rich-text__text\">Jean-Luc Chaignaud, Laura Alonso, Alexandra Rivas, Eduardo Santamar\u00eda, Francisco Santiago<\/span><\/p> <\/div> <\/div> <\/div><\/div><\/div><\/li>\n                <li style=\"display: none; width: 100%;\" class=\"slide-368 ms-image\" aria-roledescription=\"slide\" data-date=\"2026-08-29 11:24:39\" data-filename=\"opera-fondo-hueso-1-390x400.png\" data-slide-type=\"image\"><img loading=\"lazy\" decoding=\"async\" src=\"https:\/\/borjamarino.com\/wp-content\/uploads\/2026\/08\/opera-fondo-hueso-1-390x400.png\" height=\"400\" width=\"390\" alt=\"Carousel with Captions\" class=\"slider-74 slide-368 msDefaultImage\" title=\"Carousel with Captions\" \/><div class=\"caption-wrap\"><div class=\"caption\"><div style=\"text-align:center;\"> <div class=\"N8MGzv _v6ohL PO9MfV AWXfZq comp-lvw9i5vx3 wixui-rich-text\"><\/div> <div class=\"N8MGzv _v6ohL PO9MfV AWXfZq comp-lvw9i5vz1 wixui-rich-text\"> <p class=\"font_8 wixui-rich-text__text\">\u00a0<\/p> <p class=\"font_8 wixui-rich-text__text\">\u00a0<\/p> <p class=\"font_8 wixui-rich-text__text\">\u00a0<\/p> <p class=\"font_8 wixui-rich-text__text\"><span class=\"wixui-rich-text__text\" style=\"font-size:18px;\">BIZET<\/span><\/p> <p class=\"font_8 wixui-rich-text__text\">\u00a0<\/p> <p class=\"font_8 wixui-rich-text__text\" style=\"line-height:1.5;\"><span style=\"font-size:32px;\"><em><span class=\"wixui-rich-text__text\">CARMEN<\/span><\/em><\/span><\/p> <p class=\"font_8 wixui-rich-text__text\" style=\"line-height:1.5;\"><em><span style=\"font-size:14px;\"><span class=\"wixui-rich-text__text\"><span class=\"color_15 wixui-rich-text__text\">T<\/span><\/span><span class=\"wixui-rich-text__text\"><span class=\"color_15 wixui-rich-text__text\">eatro Real, Madrid <span class=\"color_18 wixui-rich-text__text\"><span style=\"color:rgb(224,62,45);\"><strong>\u00b7<\/strong><\/span><\/span><\/span><\/span><span class=\"wixui-rich-text__text\"><span class=\"color_15 wixui-rich-text__text\"> 2003<\/span><\/span><\/span><\/em><\/p> <p class=\"font_8 wixui-rich-text__text\">\u00a0<\/p> <div class=\"N8MGzv _v6ohL PO9MfV AWXfZq comp-lvw9jao81 wixui-rich-text\"> <p class=\"font_8 wixui-rich-text__text\"><span class=\"wixui-rich-text__text\"><span class=\"color_15 wixui-rich-text__text\">Alain Lombard\u00a0<\/span><span class=\"color_18 wixui-rich-text__text\" style=\"color:rgb(224,62,45);\">\/<\/span><span class=\"color_15 wixui-rich-text__text\">\u00a0Emilio Sagi<\/span><\/span><\/p> <p class=\"font_8 wixui-rich-text__text\"><span class=\"wixui-rich-text__text\">Denyce Graves \/ B\u00e9atrice Uria-Monzon, Sergei Larin \/ Julian Gavin, <\/span><span class=\"wixui-rich-text__text\">Isabel Rey \/ Virginia Tola, Jorge Lagunes \/ Kyle Ketelsen, <\/span><span class=\"wixui-rich-text__text\">Mariola Cantarero<\/span><\/p> <\/div> <\/div> <\/div><\/div><\/div><\/li>\n                <li style=\"display: none; width: 100%;\" class=\"slide-370 ms-image\" aria-roledescription=\"slide\" data-date=\"2026-08-29 11:33:15\" data-filename=\"opera-fondo-hueso-1-390x400.png\" data-slide-type=\"image\"><img loading=\"lazy\" decoding=\"async\" src=\"https:\/\/borjamarino.com\/wp-content\/uploads\/2026\/08\/opera-fondo-hueso-1-390x400.png\" height=\"400\" width=\"390\" alt=\"Carousel with Captions\" class=\"slider-74 slide-370 msDefaultImage\" title=\"Carousel with Captions\" \/><div class=\"caption-wrap\"><div class=\"caption\"><div style=\"text-align:center;\"> <div class=\"N8MGzv _v6ohL PO9MfV AWXfZq comp-lvw9i5vx3 wixui-rich-text\"><\/div> <div class=\"N8MGzv _v6ohL PO9MfV AWXfZq comp-lvw9i5vz1 wixui-rich-text\"> <p class=\"font_8 wixui-rich-text__text\">\u00a0<\/p> <p class=\"font_8 wixui-rich-text__text\">\u00a0<\/p> <p class=\"font_8 wixui-rich-text__text\"><span class=\"wixui-rich-text__text\" style=\"font-size:18px;\">BUSONI<\/span><\/p> <p class=\"font_8 wixui-rich-text__text\">\u00a0<\/p> <p class=\"font_8 wixui-rich-text__text\" style=\"line-height:1.5;\"><span style=\"font-size:32px;\"><em><span class=\"wixui-rich-text__text\">DOKTOR FAUST<\/span><\/em><\/span><\/p> <p class=\"font_8 wixui-rich-text__text\" style=\"line-height:1.5;\"><em><span style=\"font-size:14px;\"><span class=\"wixui-rich-text__text\"><span class=\"color_15 wixui-rich-text__text\">Teatro de la Maestranza, Sevilla <span class=\"color_18 wixui-rich-text__text\"><span style=\"color:rgb(224,62,45);\"><strong>\u00b7<\/strong><\/span><\/span><\/span><\/span><span class=\"wixui-rich-text__text\"><span class=\"color_15 wixui-rich-text__text\">\u00a02008<\/span><\/span><\/span><\/em><\/p> <p class=\"font_8 wixui-rich-text__text\">\u00a0<\/p> <div class=\"N8MGzv _v6ohL PO9MfV AWXfZq comp-lvw9jao81 wixui-rich-text\"> <p class=\"font_8 wixui-rich-text__text\"><span class=\"wixui-rich-text__text\"><span class=\"color_15 wixui-rich-text__text\">Pedro Halffter\u00a0<\/span><span class=\"color_18 wixui-rich-text__text\" style=\"color:rgb(224,62,45);\">\/<\/span><span class=\"color_15 wixui-rich-text__text\">\u00a0Peter Mussbach<\/span><\/span><\/p> <p class=\"font_8 wixui-rich-text__text\"><span class=\"wixui-rich-text__text\">Christopher Robertson, Robert Brubaker, Mary Mills, Matthias Hoelle, Jos\u00e9 Ferrero, Alfonso Echeverr\u00eda, Juan Antonio Sanabria, Patrick Vogel, Myrko Janiska<\/span><\/p> <\/div> <\/div> <\/div><\/div><\/div><\/li>\n                <li style=\"display: none; width: 100%;\" class=\"slide-373 ms-image\" aria-roledescription=\"slide\" data-date=\"2026-08-29 11:38:56\" data-filename=\"opera-fondo-hueso-1-390x400.png\" data-slide-type=\"image\"><img loading=\"lazy\" decoding=\"async\" src=\"https:\/\/borjamarino.com\/wp-content\/uploads\/2026\/08\/opera-fondo-hueso-1-390x400.png\" height=\"400\" width=\"390\" alt=\"Carousel with Captions\" class=\"slider-74 slide-373 msDefaultImage\" title=\"Carousel with Captions\" \/><div class=\"caption-wrap\"><div class=\"caption\"><div style=\"text-align:center;\"> <div class=\"N8MGzv _v6ohL PO9MfV AWXfZq comp-lvw9i5vx3 wixui-rich-text\"><\/div> <div class=\"N8MGzv _v6ohL PO9MfV AWXfZq comp-lvw9i5vz1 wixui-rich-text\"> <p class=\"font_8 wixui-rich-text__text\">\u00a0<\/p> <p class=\"font_8 wixui-rich-text__text\">\u00a0<\/p> <p class=\"font_8 wixui-rich-text__text\"><span class=\"wixui-rich-text__text\" style=\"font-size:18px;\">CAVALLI<\/span><\/p> <p class=\"font_8 wixui-rich-text__text\">\u00a0<\/p> <p class=\"font_8 wixui-rich-text__text\" style=\"line-height:0.8;\"><span style=\"font-size:32px;\"><em><span class=\"wixui-rich-text__text\">GLI AMORI DI APOLLO<\/span><\/em><\/span><\/p> <p class=\"font_8 wixui-rich-text__text\" style=\"line-height:1.5;\"><em><span style=\"font-size:14px;\">Festival Mozart, A Coru\u00f1a <span class=\"color_18 wixui-rich-text__text\"><span class=\"wixui-rich-text__text\"><span style=\"color:rgb(224,62,45);\"><strong>\u00b7<\/strong><\/span><\/span><\/span> 2004<\/span><\/em><\/p> <p class=\"font_8 wixui-rich-text__text\">\u00a0<\/p> <div class=\"N8MGzv _v6ohL PO9MfV AWXfZq comp-lvw9jao81 wixui-rich-text\"> <p class=\"font_8 wixui-rich-text__text\"><span class=\"wixui-rich-text__text\">Alberto Zedda <span style=\"color:rgb(224,62,45);\">\/<\/span> Pier Luigi Pizzi<\/span><\/p> <p class=\"font_8 wixui-rich-text__text\"><span class=\"wixui-rich-text__text\">Mario Zeffiri, Marianna Pizzolato, Marisa Martins, Carlo Lepore, Jos\u00e9 Ferrero, Soledad Cardoso, Agust\u00edn Prunell-Friend, Ugo Guagliardo, Assumpta Mateu<\/span><\/p> <\/div> <\/div> <\/div><\/div><\/div><\/li>\n                <li style=\"display: none; width: 100%;\" class=\"slide-375 ms-image\" aria-roledescription=\"slide\" data-date=\"2026-08-29 11:54:31\" data-filename=\"opera-fondo-hueso-1-390x400.png\" data-slide-type=\"image\"><img loading=\"lazy\" decoding=\"async\" src=\"https:\/\/borjamarino.com\/wp-content\/uploads\/2026\/08\/opera-fondo-hueso-1-390x400.png\" height=\"400\" width=\"390\" alt=\"Carousel with Captions\" class=\"slider-74 slide-375 msDefaultImage\" title=\"Carousel with Captions\" \/><div class=\"caption-wrap\"><div class=\"caption\"><div style=\"text-align:center;\"> <div class=\"N8MGzv _v6ohL PO9MfV AWXfZq comp-lvw9i5vx3 wixui-rich-text\"><\/div> <div class=\"N8MGzv _v6ohL PO9MfV AWXfZq comp-lvw9i5vz1 wixui-rich-text\"> <p class=\"font_8 wixui-rich-text__text\">\u00a0<\/p> <p class=\"font_8 wixui-rich-text__text\">\u00a0<\/p> <p class=\"font_8 wixui-rich-text__text\"><span class=\"wixui-rich-text__text\" style=\"font-size:18px;\">CHAIKOVSKI<\/span><\/p> <p class=\"font_8 wixui-rich-text__text\">\u00a0<\/p> <p class=\"font_8 wixui-rich-text__text\" style=\"line-height:1.5;\"><span style=\"font-size:32px;\"><em><span class=\"wixui-rich-text__text\">EUGENE ONEGIN<\/span><\/em><\/span><\/p> <p class=\"font_8 wixui-rich-text__text\" style=\"line-height:1.5;\"><em><span style=\"font-size:14px;\"><span class=\"wixui-rich-text__text\"><span class=\"color_15 wixui-rich-text__text\">Palacio de la \u00d3pera, A Coru\u00f1a\u00a0<span class=\"color_18 wixui-rich-text__text\"><span style=\"color:rgb(224,62,45);\"><strong>\u00b7<\/strong><\/span><\/span><\/span><\/span><span class=\"wixui-rich-text__text\"><span class=\"color_15 wixui-rich-text__text\">\u00a02008<\/span><\/span><\/span><\/em><\/p> <p class=\"font_8 wixui-rich-text__text\">\u00a0<\/p> <div class=\"N8MGzv _v6ohL PO9MfV AWXfZq comp-lvw9jao81 wixui-rich-text\"> <p class=\"font_8 wixui-rich-text__text\"><span class=\"wixui-rich-text__text\">Miguel \u00c1ngel G\u00f3mez Mart\u00ednez <span style=\"color:rgb(224,62,45);\">\/<\/span> Horacio Rodr\u00edguez de Arag\u00f3n. <\/span><span class=\"wixui-rich-text__text\">Ainhoa Arteta, Alexei Markov, Marina Rodr\u00edguez Cus\u00ed, Ismael Jordi, Stefano Palatchi, Alexandra Rivas, Maria Jose Trullu<\/span><\/p> <\/div> <\/div> <\/div><\/div><\/div><\/li>\n                <li style=\"display: none; width: 100%;\" class=\"slide-378 ms-image\" aria-roledescription=\"slide\" data-date=\"2026-08-29 12:10:49\" data-filename=\"opera-fondo-hueso-1-390x400.png\" data-slide-type=\"image\"><img loading=\"lazy\" decoding=\"async\" src=\"https:\/\/borjamarino.com\/wp-content\/uploads\/2026\/08\/opera-fondo-hueso-1-390x400.png\" height=\"400\" width=\"390\" alt=\"Carousel with Captions\" class=\"slider-74 slide-378 msDefaultImage\" title=\"Carousel with Captions\" \/><div class=\"caption-wrap\"><div class=\"caption\"><div style=\"text-align:center;\"> <div class=\"N8MGzv _v6ohL PO9MfV AWXfZq comp-lvw9i5vx3 wixui-rich-text\"><\/div> <div class=\"N8MGzv _v6ohL PO9MfV AWXfZq comp-lvw9i5vz1 wixui-rich-text\"> <p class=\"font_8 wixui-rich-text__text\">\u00a0<\/p> <p class=\"font_8 wixui-rich-text__text\">\u00a0<\/p> <p class=\"font_8 wixui-rich-text__text\"><span class=\"wixui-rich-text__text\" style=\"font-size:18px;\">CIL\u00c8A<\/span><\/p> <p class=\"font_8 wixui-rich-text__text\">\u00a0<\/p> <p class=\"font_8 wixui-rich-text__text\" style=\"line-height:0.8;\"><span style=\"font-size:32px;\"><em><span class=\"wixui-rich-text__text\">ADRIANA LECOUVREUR<\/span><\/em><\/span><\/p> <p class=\"font_8 wixui-rich-text__text\" style=\"line-height:1.5;\"><em><span style=\"font-size:14px;\"><span class=\"wixui-rich-text__text\"><span class=\"color_15 wixui-rich-text__text\">Auditorio Alfredo Kraus, Las Palmas <span class=\"color_18 wixui-rich-text__text\"><span style=\"color:rgb(224,62,45);\"><strong>\u00b7<\/strong><\/span><\/span><\/span><\/span><span class=\"wixui-rich-text__text\"><span class=\"color_15 wixui-rich-text__text\"> 2021<\/span><\/span><\/span><\/em><\/p> <p class=\"font_8 wixui-rich-text__text\">\u00a0<\/p> <div class=\"N8MGzv _v6ohL PO9MfV AWXfZq comp-lvw9jao81 wixui-rich-text\"> <p class=\"font_8 wixui-rich-text__text\"><span class=\"wixui-rich-text__text\">Francesco Ivan Ciampa <span style=\"color:rgb(224,62,45);\">\/<\/span> Giulio Ciabbati<\/span><\/p> <p class=\"font_8 wixui-rich-text__text\"><span class=\"wixui-rich-text__text\">Mar\u00eda Jos\u00e9 Siri, Sergio Escobar, Silvia Tro Santaf\u00e9, Young Jun Park, <\/span><span class=\"wixui-rich-text__text\">In Sung Sim, Francisco Corujo, Magdalena Padilla, Andrea Gens, <\/span><span class=\"wixui-rich-text__text\">Fernando Campero<\/span><\/p> <\/div> <\/div> <\/div><\/div><\/div><\/li>\n                <li style=\"display: none; width: 100%;\" class=\"slide-379 ms-image\" aria-roledescription=\"slide\" data-date=\"2026-08-29 12:13:59\" data-filename=\"opera-fondo-hueso-1-390x400.png\" data-slide-type=\"image\"><img loading=\"lazy\" decoding=\"async\" src=\"https:\/\/borjamarino.com\/wp-content\/uploads\/2026\/08\/opera-fondo-hueso-1-390x400.png\" height=\"400\" width=\"390\" alt=\"Carousel with Captions\" class=\"slider-74 slide-379 msDefaultImage\" title=\"Carousel with Captions\" \/><div class=\"caption-wrap\"><div class=\"caption\"><div style=\"text-align:center;\"> <div class=\"N8MGzv _v6ohL PO9MfV AWXfZq comp-lvw9i5vx3 wixui-rich-text\"><\/div> <div class=\"N8MGzv _v6ohL PO9MfV AWXfZq comp-lvw9i5vz1 wixui-rich-text\"> <p class=\"font_8 wixui-rich-text__text\">\u00a0<\/p> <p class=\"font_8 wixui-rich-text__text\">\u00a0<\/p> <p class=\"font_8 wixui-rich-text__text\"><span class=\"wixui-rich-text__text\" style=\"font-size:18px;\">CIMAROSA<\/span><\/p> <p class=\"font_8 wixui-rich-text__text\">\u00a0<\/p> <p class=\"font_8 wixui-rich-text__text\" style=\"line-height:0.8;\"><span style=\"font-size:32px;\"><em><span class=\"wixui-rich-text__text\">IL MATRIMONIO SEGRETO<\/span><\/em><\/span><\/p> <p class=\"font_8 wixui-rich-text__text\" style=\"line-height:1.5;\"><em><span style=\"font-size:14px;\"><span class=\"wixui-rich-text__text\"><span class=\"color_15 wixui-rich-text__text\">Teatro P\u00e9rez Gald\u00f3s, Las Palmas\u00a0<span class=\"color_18 wixui-rich-text__text\"><span style=\"color:rgb(224,62,45);\"><strong>\u00b7<\/strong><\/span><\/span><\/span><\/span><span class=\"wixui-rich-text__text\"><span class=\"color_15 wixui-rich-text__text\"> 2024<\/span><\/span><\/span><\/em><\/p> <p class=\"font_8 wixui-rich-text__text\">\u00a0<\/p> <div class=\"N8MGzv _v6ohL PO9MfV AWXfZq comp-lvw9jao81 wixui-rich-text\"> <p class=\"font_8 wixui-rich-text__text\"><span class=\"wixui-rich-text__text\">Lorenzo Coladonato <span style=\"color:rgb(224,62,45);\">\/<\/span> Daniele Piscopo<\/span><\/p> <p class=\"font_8 wixui-rich-text__text\"><span class=\"wixui-rich-text__text\">Rub\u00e9n Amoretti, Giuliana Gianfaldoni, Maxim Mironov, Aitana Sanz, Olga Syniakova, Fernando Campero<\/span><\/p> <p class=\"font_8 wixui-rich-text__text\">\u00a0<\/p> <\/div> <\/div> <\/div><\/div><\/div><\/li>\n                <li style=\"display: none; width: 100%;\" class=\"slide-380 ms-image\" aria-roledescription=\"slide\" data-date=\"2026-08-29 12:16:56\" data-filename=\"opera-fondo-hueso-1-390x400.png\" data-slide-type=\"image\"><img loading=\"lazy\" decoding=\"async\" src=\"https:\/\/borjamarino.com\/wp-content\/uploads\/2026\/08\/opera-fondo-hueso-1-390x400.png\" height=\"400\" width=\"390\" alt=\"Carousel with Captions\" class=\"slider-74 slide-380 msDefaultImage\" title=\"Carousel with Captions\" \/><div class=\"caption-wrap\"><div class=\"caption\"><div style=\"text-align:center;\"> <div class=\"N8MGzv _v6ohL PO9MfV AWXfZq comp-lvw9i5vx3 wixui-rich-text\"><\/div> <div class=\"N8MGzv _v6ohL PO9MfV AWXfZq comp-lvw9i5vz1 wixui-rich-text\"> <p class=\"font_8 wixui-rich-text__text\">\u00a0<\/p> <p class=\"font_8 wixui-rich-text__text\">\u00a0<\/p> <p class=\"font_8 wixui-rich-text__text\"><span class=\"wixui-rich-text__text\" style=\"font-size:18px;\">DEBUSSY<\/span><\/p> <p class=\"font_8 wixui-rich-text__text\">\u00a0<\/p> <p class=\"font_8 wixui-rich-text__text\" style=\"line-height:0.8;\"><span style=\"font-size:32px;\"><em><span class=\"wixui-rich-text__text\">PELL\u00c9AS ET M\u00c9LISANDE<\/span><\/em><\/span><\/p> <p class=\"font_8 wixui-rich-text__text\" style=\"line-height:1.5;\"><em><span style=\"font-size:14px;\"><span class=\"wixui-rich-text__text\"><span class=\"color_15 wixui-rich-text__text\">Teatro de la Maestranza, Sevilla <span class=\"color_18 wixui-rich-text__text\"><span style=\"color:rgb(224,62,45);\"><strong>\u00b7<\/strong><\/span><\/span><\/span><\/span><span class=\"wixui-rich-text__text\"><span class=\"color_15 wixui-rich-text__text\"> 2022<\/span><\/span><\/span><\/em><\/p> <p class=\"font_8 wixui-rich-text__text\">\u00a0<\/p> <div class=\"N8MGzv _v6ohL PO9MfV AWXfZq comp-lvw9jao81 wixui-rich-text\"> <p class=\"font_8 wixui-rich-text__text\"><span class=\"wixui-rich-text__text\">Michel Plasson <span style=\"color:rgb(224,62,45);\">\/<\/span> Willy Decker<\/span><\/p> <p class=\"font_8 wixui-rich-text__text\"><span class=\"wixui-rich-text__text\">Edward Nelson, Mari Eriksmoen, Kyle Ketelsen, J\u00e9r\u00f4me Varnier, <\/span><span class=\"wixui-rich-text__text\">Eleonora Deveze, Marina Pardo, Javier Casta\u00f1eda<\/span><\/p> <p class=\"font_8 wixui-rich-text__text\">\u00a0<\/p> <\/div> <\/div> <\/div><\/div><\/div><\/li>\n                <li style=\"display: none; width: 100%;\" class=\"slide-382 ms-image\" aria-roledescription=\"slide\" data-date=\"2026-08-29 12:18:51\" data-filename=\"opera-fondo-hueso-1-390x400.png\" data-slide-type=\"image\"><img loading=\"lazy\" decoding=\"async\" src=\"https:\/\/borjamarino.com\/wp-content\/uploads\/2026\/08\/opera-fondo-hueso-1-390x400.png\" height=\"400\" width=\"390\" alt=\"Carousel with Captions\" class=\"slider-74 slide-382 msDefaultImage\" title=\"Carousel with Captions\" \/><div class=\"caption-wrap\"><div class=\"caption\"><div style=\"text-align:center;\"> <div class=\"N8MGzv _v6ohL PO9MfV AWXfZq comp-lvw9i5vx3 wixui-rich-text\"><\/div> <div class=\"N8MGzv _v6ohL PO9MfV AWXfZq comp-lvw9i5vz1 wixui-rich-text\"> <p class=\"font_8 wixui-rich-text__text\">\u00a0<\/p> <p class=\"font_8 wixui-rich-text__text\">\u00a0<\/p> <p class=\"font_8 wixui-rich-text__text\">\u00a0<\/p> <p class=\"font_8 wixui-rich-text__text\"><span class=\"wixui-rich-text__text\" style=\"font-size:18px;\">DEBUSSY<\/span><\/p> <p class=\"font_8 wixui-rich-text__text\">\u00a0<\/p> <p class=\"font_8 wixui-rich-text__text\" style=\"line-height:0.8;\"><span style=\"font-size:32px;\"><em><span class=\"wixui-rich-text__text\">PELL\u00c9AS ET M\u00c9LISANDE<\/span><\/em><\/span><\/p> <p class=\"font_8 wixui-rich-text__text\" style=\"line-height:1.5;\"><em><span style=\"font-size:14px;\"><span class=\"wixui-rich-text__text\"><span class=\"color_15 wixui-rich-text__text\">\u00d3pera de Oviedo <span class=\"color_18 wixui-rich-text__text\"><span style=\"color:rgb(224,62,45);\"><strong>\u00b7<\/strong><\/span><\/span><\/span><\/span><span class=\"wixui-rich-text__text\"><span class=\"color_15 wixui-rich-text__text\"> 2018<\/span><\/span><\/span><\/em><\/p> <p class=\"font_8 wixui-rich-text__text\">\u00a0<\/p> <div class=\"N8MGzv _v6ohL PO9MfV AWXfZq comp-lvw9jao81 wixui-rich-text\"> <p class=\"font_8 wixui-rich-text__text\"><span class=\"wixui-rich-text__text\">Yves Abel <span style=\"color:rgb(224,62,45);\">\/<\/span> Ren\u00e9 Koering<\/span><\/p> <p class=\"font_8 wixui-rich-text__text\"><span class=\"wixui-rich-text__text\">Anne-Catherine Gillet, Edward Nelson, Paul Gay, Maxim Kuzmim-Karavaev, Eleonora Deveze, Yulia Mennibaeva, David S\u00e1nchez<\/span><\/p> <\/div> <\/div> <\/div><\/div><\/div><\/li>\n                <li style=\"display: none; width: 100%;\" class=\"slide-383 ms-image\" aria-roledescription=\"slide\" data-date=\"2026-08-29 12:21:11\" data-filename=\"opera-fondo-hueso-1-390x400.png\" data-slide-type=\"image\"><img loading=\"lazy\" decoding=\"async\" src=\"https:\/\/borjamarino.com\/wp-content\/uploads\/2026\/08\/opera-fondo-hueso-1-390x400.png\" height=\"400\" width=\"390\" alt=\"Carousel with Captions\" class=\"slider-74 slide-383 msDefaultImage\" title=\"Carousel with Captions\" \/><div class=\"caption-wrap\"><div class=\"caption\"><div style=\"text-align:center;\"> <div class=\"N8MGzv _v6ohL PO9MfV AWXfZq comp-lvw9i5vx3 wixui-rich-text\"><\/div> <div class=\"N8MGzv _v6ohL PO9MfV AWXfZq comp-lvw9i5vz1 wixui-rich-text\"> <p class=\"font_8 wixui-rich-text__text\">\u00a0<\/p> <p class=\"font_8 wixui-rich-text__text\">\u00a0<\/p> <p class=\"font_8 wixui-rich-text__text\"><span class=\"wixui-rich-text__text\" style=\"font-size:18px;\">DONIZETTI<\/span><\/p> <p class=\"font_8 wixui-rich-text__text\">\u00a0<\/p> <p class=\"font_8 wixui-rich-text__text\" style=\"line-height:0.8;\"><span style=\"font-size:32px;\"><em><span class=\"wixui-rich-text__text\">LUCIA DI LAMMERMOOR<\/span><\/em><\/span><\/p> <p class=\"font_8 wixui-rich-text__text\" style=\"line-height:1.5;\"><em><span style=\"font-size:14px;\"><span class=\"wixui-rich-text__text\"><span class=\"color_15 wixui-rich-text__text\">Festival Amazonas de Opera, Manaus <span class=\"color_18 wixui-rich-text__text\"><span style=\"color:rgb(224,62,45);\"><strong>\u00b7<\/strong><\/span><\/span><\/span><\/span><span class=\"wixui-rich-text__text\"><span class=\"color_15 wixui-rich-text__text\"> 2014<\/span><\/span><\/span><\/em><\/p> <p class=\"font_8 wixui-rich-text__text\">\u00a0<\/p> <div class=\"N8MGzv _v6ohL PO9MfV AWXfZq comp-lvw9jao81 wixui-rich-text\"> <p class=\"font_8 wixui-rich-text__text\"><span class=\"wixui-rich-text__text\">Marcelo de Jesus <span style=\"color:rgb(224,62,45);\">\/<\/span> Alejandro Chac\u00f3n<\/span><\/p> <p class=\"font_8 wixui-rich-text__text\"><span class=\"wixui-rich-text__text\">Leticia de Altamirano \/ Dhijana Nobre, Paulo Mandarino \/ Max Jota, Homero Velho \/ Rafael Lima, Pepes do Valle \/ Murilo Neves, <\/span><span class=\"wixui-rich-text__text\">Enrique Bravo<\/span><\/p> <\/div> <\/div> <\/div><\/div><\/div><\/li>\n                <li style=\"display: none; width: 100%;\" class=\"slide-384 ms-image\" aria-roledescription=\"slide\" data-date=\"2026-08-29 12:22:31\" data-filename=\"opera-fondo-hueso-1-390x400.png\" data-slide-type=\"image\"><img loading=\"lazy\" decoding=\"async\" src=\"https:\/\/borjamarino.com\/wp-content\/uploads\/2026\/08\/opera-fondo-hueso-1-390x400.png\" height=\"400\" width=\"390\" alt=\"Carousel with Captions\" class=\"slider-74 slide-384 msDefaultImage\" title=\"Carousel with Captions\" \/><div class=\"caption-wrap\"><div class=\"caption\"><div style=\"text-align:center;\"> <div class=\"N8MGzv _v6ohL PO9MfV AWXfZq comp-lvw9i5vx3 wixui-rich-text\"><\/div> <div class=\"N8MGzv _v6ohL PO9MfV AWXfZq comp-lvw9i5vz1 wixui-rich-text\"> <p class=\"font_8 wixui-rich-text__text\">\u00a0<\/p> <p class=\"font_8 wixui-rich-text__text\">\u00a0<\/p> <p class=\"font_8 wixui-rich-text__text\"><span class=\"wixui-rich-text__text\" style=\"font-size:18px;\">DONIZETTI<\/span><\/p> <p class=\"font_8 wixui-rich-text__text\">\u00a0<\/p> <p class=\"font_8 wixui-rich-text__text\" style=\"line-height:0.8;\"><span style=\"font-size:32px;\"><em><span class=\"wixui-rich-text__text\">LUCIA DI LAMMERMOOR<\/span><\/em><\/span><\/p> <p class=\"font_8 wixui-rich-text__text\" style=\"line-height:1.5;\"><em><span style=\"font-size:14px;\"><span class=\"wixui-rich-text__text\"><span class=\"color_15 wixui-rich-text__text\">Palacio de la \u00d3pera, A Coru\u00f1a\u00a0<span class=\"color_18 wixui-rich-text__text\"><span style=\"color:rgb(224,62,45);\"><strong>\u00b7<\/strong><\/span><\/span><\/span><\/span><span class=\"wixui-rich-text__text\"><span class=\"color_15 wixui-rich-text__text\"> 2013<\/span><\/span><\/span><\/em><\/p> <p class=\"font_8 wixui-rich-text__text\">\u00a0<\/p> <div class=\"N8MGzv _v6ohL PO9MfV AWXfZq comp-lvw9jao81 wixui-rich-text\"> <p class=\"font_8 wixui-rich-text__text\"><span class=\"wixui-rich-text__text\">Ram\u00f3n T\u00e9bar <span style=\"color:rgb(224,62,45);\">\/<\/span> Alfonso Romero<\/span><\/p> <p class=\"font_8 wixui-rich-text__text\"><span class=\"wixui-rich-text__text\">Mar\u00eda Jos\u00e9 Moreno, Celso Albelo, Javier Franco, Enrico Iori, <\/span><span class=\"wixui-rich-text__text\">Francisco Jose Pardo, Nuria Lorenzo, Pablo Carballido<\/span><\/p> <p class=\"font_8 wixui-rich-text__text\">\u00a0<\/p> <\/div> <\/div> <\/div><\/div><\/div><\/li>\n                <li style=\"display: none; width: 100%;\" class=\"slide-385 ms-image\" aria-roledescription=\"slide\" data-date=\"2026-08-29 12:25:13\" data-filename=\"opera-fondo-hueso-1-390x400.png\" data-slide-type=\"image\"><img loading=\"lazy\" decoding=\"async\" src=\"https:\/\/borjamarino.com\/wp-content\/uploads\/2026\/08\/opera-fondo-hueso-1-390x400.png\" height=\"400\" width=\"390\" alt=\"Carousel with Captions\" class=\"slider-74 slide-385 msDefaultImage\" title=\"Carousel with Captions\" \/><div class=\"caption-wrap\"><div class=\"caption\"><div style=\"text-align:center;\"> <div class=\"N8MGzv _v6ohL PO9MfV AWXfZq comp-lvw9i5vx3 wixui-rich-text\"><\/div> <div class=\"N8MGzv _v6ohL PO9MfV AWXfZq comp-lvw9i5vz1 wixui-rich-text\"> <p class=\"font_8 wixui-rich-text__text\">\u00a0<\/p> <p class=\"font_8 wixui-rich-text__text\">\u00a0<\/p> <p class=\"font_8 wixui-rich-text__text\"><span class=\"wixui-rich-text__text\" style=\"font-size:18px;\">DONIZETTI<\/span><\/p> <p class=\"font_8 wixui-rich-text__text\">\u00a0<\/p> <p class=\"font_8 wixui-rich-text__text\" style=\"line-height:1.5;\"><span style=\"font-size:32px;\"><em><span class=\"wixui-rich-text__text\">L'ELISIR D'AMORE<\/span><\/em><\/span><\/p> <p class=\"font_8 wixui-rich-text__text\" style=\"line-height:1.5;\"><em><span style=\"font-size:14px;\"><span class=\"wixui-rich-text__text\"><span class=\"color_15 wixui-rich-text__text\">T. Principal, Palma de Mallorca <span class=\"color_18 wixui-rich-text__text\"><span style=\"color:rgb(224,62,45);\"><strong>\u00b7<\/strong><\/span><\/span><\/span><\/span><span class=\"wixui-rich-text__text\"><span class=\"color_15 wixui-rich-text__text\"> 2019\/21<\/span><\/span><\/span><\/em><\/p> <p class=\"font_8 wixui-rich-text__text\">\u00a0<\/p> <div class=\"N8MGzv _v6ohL PO9MfV AWXfZq comp-lvw9jao81 wixui-rich-text\"> <p class=\"font_8 wixui-rich-text__text\"><span class=\"wixui-rich-text__text\">Yi-Chen Lin, Diego Mart\u00edn Etxebarria <span style=\"color:rgb(224,62,45);\">\/<\/span> Jos\u00e9 Martret. <\/span><span class=\"wixui-rich-text__text\">Xabier Anduaga \/ Juan Antonio Sanabria, Sara Blanch \/ Veronica Granatiero, Joan Mart\u00edn-Royo, Sim\u00f3n Orfila \/ Toni Marsol, Irene Mas<\/span><\/p> <\/div> <\/div> <\/div><\/div><\/div><\/li>\n                <li style=\"display: none; width: 100%;\" class=\"slide-386 ms-image\" aria-roledescription=\"slide\" data-date=\"2026-08-29 12:29:08\" data-filename=\"opera-fondo-hueso-1-390x400.png\" data-slide-type=\"image\"><img loading=\"lazy\" decoding=\"async\" src=\"https:\/\/borjamarino.com\/wp-content\/uploads\/2026\/08\/opera-fondo-hueso-1-390x400.png\" height=\"400\" width=\"390\" alt=\"Carousel with Captions\" class=\"slider-74 slide-386 msDefaultImage\" title=\"Carousel with Captions\" \/><div class=\"caption-wrap\"><div class=\"caption\"><div style=\"text-align:center;\"> <div class=\"N8MGzv _v6ohL PO9MfV AWXfZq comp-lvw9i5vx3 wixui-rich-text\"><\/div> <div class=\"N8MGzv _v6ohL PO9MfV AWXfZq comp-lvw9i5vz1 wixui-rich-text\"> <p class=\"font_8 wixui-rich-text__text\">\u00a0<\/p> <p class=\"font_8 wixui-rich-text__text\">\u00a0<\/p> <p class=\"font_8 wixui-rich-text__text\"><span class=\"wixui-rich-text__text\" style=\"font-size:18px;\">DONIZETTI<\/span><\/p> <p class=\"font_8 wixui-rich-text__text\">\u00a0<\/p> <p class=\"font_8 wixui-rich-text__text\" style=\"line-height:1.5;\"><span style=\"font-size:32px;\"><em><span class=\"wixui-rich-text__text\">L'ELISIR D'AMORE<\/span><\/em><\/span><\/p> <p class=\"font_8 wixui-rich-text__text\" style=\"line-height:1.5;\"><em><span style=\"font-size:14px;\"><span class=\"wixui-rich-text__text\"><span class=\"color_15 wixui-rich-text__text\">Palacio de la \u00d3pera, A Coru\u00f1a <span class=\"color_18 wixui-rich-text__text\"><span style=\"color:rgb(224,62,45);\"><strong>\u00b7<\/strong><\/span><\/span><\/span><\/span><span class=\"wixui-rich-text__text\"><span class=\"color_15 wixui-rich-text__text\"> 2011<\/span><\/span><\/span><\/em><\/p> <p class=\"font_8 wixui-rich-text__text\">\u00a0<\/p> <div class=\"N8MGzv _v6ohL PO9MfV AWXfZq comp-lvw9jao81 wixui-rich-text\"> <p class=\"font_8 wixui-rich-text__text\"><span class=\"wixui-rich-text__text\">Crist\u00f3bal Soler <span style=\"color:rgb(224,62,45);\">\/<\/span> Francisco L\u00f3pez<\/span><\/p> <p class=\"font_8 wixui-rich-text__text\"><span class=\"wixui-rich-text__text\">Irina Lungu, Celso Albelo, Javier Franco, Bruno de Simone, Helena Abad<\/span><\/p> <p class=\"font_8 wixui-rich-text__text\">\u00a0<\/p> <p class=\"font_8 wixui-rich-text__text\">\u00a0<\/p> <\/div> <\/div> <\/div><\/div><\/div><\/li>\n                <li style=\"display: none; width: 100%;\" class=\"slide-390 ms-image\" aria-roledescription=\"slide\" data-date=\"2026-08-29 15:47:35\" data-filename=\"opera-fondo-hueso-1-390x400.png\" data-slide-type=\"image\"><img loading=\"lazy\" decoding=\"async\" src=\"https:\/\/borjamarino.com\/wp-content\/uploads\/2026\/08\/opera-fondo-hueso-1-390x400.png\" height=\"400\" width=\"390\" alt=\"Carousel with Captions\" class=\"slider-74 slide-390 msDefaultImage\" title=\"Carousel with Captions\" \/><div class=\"caption-wrap\"><div class=\"caption\"><div style=\"text-align:center;\"> <div class=\"N8MGzv _v6ohL PO9MfV AWXfZq comp-lvw9i5vx3 wixui-rich-text\"><\/div> <div class=\"N8MGzv _v6ohL PO9MfV AWXfZq comp-lvw9i5vz1 wixui-rich-text\"> <p class=\"font_8 wixui-rich-text__text\">\u00a0<\/p> <p class=\"font_8 wixui-rich-text__text\">\u00a0<\/p> <p class=\"font_8 wixui-rich-text__text\">\u00a0<\/p> <p class=\"font_8 wixui-rich-text__text\"><span class=\"wixui-rich-text__text\" style=\"font-size:18px;\">DONIZETTI<\/span><\/p> <p class=\"font_8 wixui-rich-text__text\">\u00a0<\/p> <p class=\"font_8 wixui-rich-text__text\" style=\"line-height:1.5;\"><span style=\"font-size:32px;\"><em><span class=\"wixui-rich-text__text\">DON PASQUALE<\/span><\/em><\/span><\/p> <p class=\"font_8 wixui-rich-text__text\" style=\"line-height:1.5;\"><em><span style=\"font-size:14px;\"><span class=\"wixui-rich-text__text\"><span class=\"color_15 wixui-rich-text__text\">Palacio de la \u00d3pera, A Coru\u00f1a\u00a0<span class=\"color_18 wixui-rich-text__text\"><span style=\"color:rgb(224,62,45);\"><strong>\u00b7<\/strong><\/span><\/span><\/span><\/span><span class=\"wixui-rich-text__text\"><span class=\"color_15 wixui-rich-text__text\"> 2007<\/span><\/span><\/span><\/em><\/p> <p class=\"font_8 wixui-rich-text__text\">\u00a0<\/p> <div class=\"N8MGzv _v6ohL PO9MfV AWXfZq comp-lvw9jao81 wixui-rich-text\"> <p class=\"font_8 wixui-rich-text__text\"><span class=\"wixui-rich-text__text\">Marcello Panni <span style=\"color:rgb(224,62,45);\">\/<\/span> Stefano Vizzioli<\/span><\/p> <p class=\"font_8 wixui-rich-text__text\"><span class=\"wixui-rich-text__text\">Alfonso Antoniozzi, Fabio Maria Capitanucci, Patrizia Ciofi, <\/span><span class=\"wixui-rich-text__text\">Celso Albelo, Pablo Carballido<\/span><\/p> <p class=\"font_8 wixui-rich-text__text\">\u00a0<\/p> <\/div> <\/div> <\/div><\/div><\/div><\/li>\n                <li style=\"display: none; width: 100%;\" class=\"slide-391 ms-image\" aria-roledescription=\"slide\" data-date=\"2026-08-29 15:50:12\" data-filename=\"opera-fondo-hueso-1-390x400.png\" data-slide-type=\"image\"><img loading=\"lazy\" decoding=\"async\" src=\"https:\/\/borjamarino.com\/wp-content\/uploads\/2026\/08\/opera-fondo-hueso-1-390x400.png\" height=\"400\" width=\"390\" alt=\"Carousel with Captions\" class=\"slider-74 slide-391 msDefaultImage\" title=\"Carousel with Captions\" \/><div class=\"caption-wrap\"><div class=\"caption\"><div style=\"text-align:center;\"> <div class=\"N8MGzv _v6ohL PO9MfV AWXfZq comp-lvw9i5vx3 wixui-rich-text\"><\/div> <div class=\"N8MGzv _v6ohL PO9MfV AWXfZq comp-lvw9i5vz1 wixui-rich-text\"> <p class=\"font_8 wixui-rich-text__text\">\u00a0<\/p> <p class=\"font_8 wixui-rich-text__text\">\u00a0<\/p> <p class=\"font_8 wixui-rich-text__text\"><span class=\"wixui-rich-text__text\" style=\"font-size:18px;\">DONIZETTI<\/span><\/p> <p class=\"font_8 wixui-rich-text__text\">\u00a0<\/p> <p class=\"font_8 wixui-rich-text__text\" style=\"line-height:1.5;\"><span style=\"font-size:32px;\"><em><span class=\"wixui-rich-text__text\">DON PASQUALE<\/span><\/em><\/span><\/p> <p class=\"font_8 wixui-rich-text__text\" style=\"line-height:1.5;\"><em><span style=\"font-size:14px;\"><span class=\"wixui-rich-text__text\"><span class=\"color_15 wixui-rich-text__text\">Teatro Real <span class=\"color_18 wixui-rich-text__text\"><span style=\"color:rgb(224,62,45);\"><strong>\u00b7<\/strong><\/span><\/span><\/span><\/span><span class=\"wixui-rich-text__text\"><span class=\"color_15 wixui-rich-text__text\"> 2004<\/span><\/span><\/span><\/em><\/p> <p class=\"font_8 wixui-rich-text__text\">\u00a0<\/p> <div class=\"N8MGzv _v6ohL PO9MfV AWXfZq comp-lvw9jao81 wixui-rich-text\"> <p class=\"font_8 wixui-rich-text__text\"><span class=\"wixui-rich-text__text\">Giuliano Carella <span style=\"color:rgb(224,62,45);\">\/<\/span> Grischa Asagaroff<\/span><\/p> <p class=\"font_8 wixui-rich-text__text\"><span class=\"wixui-rich-text__text\">Jos\u00e9 van Dam \/ Felipe Bou, Jos\u00e9 Juli\u00e1n Frontal \/ Carlos Bergasa, <\/span><span class=\"wixui-rich-text__text\">Marc Laho \/ Bruce Sledge, Mariola Cantarero \/ Milagros Poblador, <\/span><span class=\"wixui-rich-text__text\">Luis \u00c1lvarez<\/span><\/p> <\/div> <\/div> <\/div><\/div><\/div><\/li>\n                <li style=\"display: none; width: 100%;\" class=\"slide-392 ms-image\" aria-roledescription=\"slide\" data-date=\"2026-08-29 15:58:51\" data-filename=\"opera-fondo-hueso-1-390x400.png\" data-slide-type=\"image\"><img loading=\"lazy\" decoding=\"async\" src=\"https:\/\/borjamarino.com\/wp-content\/uploads\/2026\/08\/opera-fondo-hueso-1-390x400.png\" height=\"400\" width=\"390\" alt=\"Carousel with Captions\" class=\"slider-74 slide-392 msDefaultImage\" title=\"Carousel with Captions\" \/><div class=\"caption-wrap\"><div class=\"caption\"><div style=\"text-align:center;\"> <div class=\"N8MGzv _v6ohL PO9MfV AWXfZq comp-lvw9i5vx3 wixui-rich-text\"><\/div> <div class=\"N8MGzv _v6ohL PO9MfV AWXfZq comp-lvw9i5vz1 wixui-rich-text\"> <p class=\"font_8 wixui-rich-text__text\">\u00a0<\/p> <p class=\"font_8 wixui-rich-text__text\">\u00a0<\/p> <p class=\"font_8 wixui-rich-text__text\"><span class=\"wixui-rich-text__text\" style=\"font-size:18px;\">DONIZETTI<\/span><\/p> <p class=\"font_8 wixui-rich-text__text\">\u00a0<\/p> <p class=\"font_8 wixui-rich-text__text\" style=\"line-height:1.5;\"><span style=\"font-size:32px;\"><em><span class=\"wixui-rich-text__text\">LUCREZIA BORGIA<\/span><\/em><\/span><\/p> <p class=\"font_8 wixui-rich-text__text\" style=\"line-height:1.5;\"><em><span style=\"font-size:14px;\"><span class=\"wixui-rich-text__text\"><span class=\"color_15 wixui-rich-text__text\">\u00d3pera de Oviedo <span class=\"color_18 wixui-rich-text__text\"><span style=\"color:rgb(224,62,45);\"><strong>\u00b7<\/strong><\/span><\/span><\/span><\/span><span class=\"wixui-rich-text__text\"><span class=\"color_15 wixui-rich-text__text\"> 2024<\/span><\/span><\/span><\/em><\/p> <p class=\"font_8 wixui-rich-text__text\">\u00a0<\/p> <div class=\"N8MGzv _v6ohL PO9MfV AWXfZq comp-lvw9jao81 wixui-rich-text\"> <p class=\"font_8 wixui-rich-text__text\"><span class=\"wixui-rich-text__text\">Yves Abel <span style=\"color:rgb(224,62,45);\">\/<\/span> Silvia Paoli<\/span><\/p> <p class=\"font_8 wixui-rich-text__text\"><span class=\"wixui-rich-text__text\">Yolanda Auyanet, Celso Albelo, Roberto Tagliavini, Silvia Tro, <\/span><span class=\"wixui-rich-text__text\">Mario M\u00e9ndez, Manuel de Diego, Gaspar Bra\u00f1a,\u00a0<\/span><span class=\"wixui-rich-text__text\">Abraham Garc\u00eda, George von Bergen<\/span><\/p> <\/div> <\/div> <\/div><\/div><\/div><\/li>\n                <li style=\"display: none; width: 100%;\" class=\"slide-393 ms-image\" aria-roledescription=\"slide\" data-date=\"2026-08-29 16:00:15\" data-filename=\"opera-fondo-hueso-1-390x400.png\" data-slide-type=\"image\"><img loading=\"lazy\" decoding=\"async\" src=\"https:\/\/borjamarino.com\/wp-content\/uploads\/2026\/08\/opera-fondo-hueso-1-390x400.png\" height=\"400\" width=\"390\" alt=\"Carousel with Captions\" class=\"slider-74 slide-393 msDefaultImage\" title=\"Carousel with Captions\" \/><div class=\"caption-wrap\"><div class=\"caption\"><div style=\"text-align:center;\"> <div class=\"N8MGzv _v6ohL PO9MfV AWXfZq comp-lvw9i5vx3 wixui-rich-text\"><\/div> <div class=\"N8MGzv _v6ohL PO9MfV AWXfZq comp-lvw9i5vz1 wixui-rich-text\"> <p class=\"font_8 wixui-rich-text__text\">\u00a0<\/p> <p class=\"font_8 wixui-rich-text__text\">\u00a0<\/p> <p class=\"font_8 wixui-rich-text__text\"><span class=\"wixui-rich-text__text\" style=\"font-size:18px;\">DONIZETTI<\/span><\/p> <p class=\"font_8 wixui-rich-text__text\">\u00a0<\/p> <p class=\"font_8 wixui-rich-text__text\" style=\"line-height:0.8;\"><span style=\"font-size:32px;\"><em><span class=\"wixui-rich-text__text\">LA FILLE DU R\u00c9GIMENT<\/span><\/em><\/span><\/p> <p class=\"font_8 wixui-rich-text__text\" style=\"line-height:1.5;\"><em><span style=\"font-size:14px;\"><span class=\"wixui-rich-text__text\"><span class=\"color_15 wixui-rich-text__text\">Palacio de la \u00d3pera, A Coru\u00f1a <span class=\"color_18 wixui-rich-text__text\"><span style=\"color:rgb(224,62,45);\"><strong>\u00b7<\/strong><\/span><\/span><\/span><\/span><span class=\"wixui-rich-text__text\"><span class=\"color_15 wixui-rich-text__text\"> 2004<\/span><\/span><\/span><\/em><\/p> <p class=\"font_8 wixui-rich-text__text\">\u00a0<\/p> <div class=\"N8MGzv _v6ohL PO9MfV AWXfZq comp-lvw9jao81 wixui-rich-text\"> <p class=\"font_8 wixui-rich-text__text\"><span class=\"wixui-rich-text__text\">Luciano Accocella <span style=\"color:rgb(224,62,45);\">\/<\/span> Davide Lamermore<\/span><\/p> <p class=\"font_8 wixui-rich-text__text\"><span class=\"wixui-rich-text__text\">Patrizia Ciofi, Celso Albelo, Javier Franco, Mar\u00eda Jos\u00e9 Trullu, <\/span><span class=\"wixui-rich-text__text\">Rossy de Palma, C\u00e9sar San Mart\u00edn, Jos\u00e9 Luis V\u00e1zquez<\/span><\/p> <p class=\"font_8 wixui-rich-text__text\">\u00a0<\/p> <\/div> <\/div> <\/div><\/div><\/div><\/li>\n                <li style=\"display: none; width: 100%;\" class=\"slide-397 ms-image\" aria-roledescription=\"slide\" data-date=\"2026-08-29 16:14:49\" data-filename=\"opera-fondo-hueso-1-390x400.png\" data-slide-type=\"image\"><img loading=\"lazy\" decoding=\"async\" src=\"https:\/\/borjamarino.com\/wp-content\/uploads\/2026\/08\/opera-fondo-hueso-1-390x400.png\" height=\"400\" width=\"390\" alt=\"Carousel with Captions\" class=\"slider-74 slide-397 msDefaultImage\" title=\"Carousel with Captions\" \/><div class=\"caption-wrap\"><div class=\"caption\"><div style=\"text-align:center;\"> <div class=\"N8MGzv _v6ohL PO9MfV AWXfZq comp-lvw9i5vx3 wixui-rich-text\"><\/div> <div class=\"N8MGzv _v6ohL PO9MfV AWXfZq comp-lvw9i5vz1 wixui-rich-text\"> <p class=\"font_8 wixui-rich-text__text\">\u00a0<\/p> <p class=\"font_8 wixui-rich-text__text\">\u00a0<\/p> <p class=\"font_8 wixui-rich-text__text\">\u00a0<\/p> <p class=\"font_8 wixui-rich-text__text\"><span class=\"wixui-rich-text__text\" style=\"font-size:18px;\">DONIZETTI<\/span><\/p> <p class=\"font_8 wixui-rich-text__text\">\u00a0<\/p> <p class=\"font_8 wixui-rich-text__text\" style=\"line-height:1.5;\"><span style=\"font-size:32px;\"><em><span class=\"wixui-rich-text__text\">IL DUCA D'ALBA<\/span><\/em><\/span><\/p> <p class=\"font_8 wixui-rich-text__text\" style=\"line-height:1.5;\"><em><span style=\"font-size:14px;\"><span class=\"wixui-rich-text__text\"><span class=\"color_15 wixui-rich-text__text\">\u00d3pera de Oviedo <span class=\"color_18 wixui-rich-text__text\"><span style=\"color:rgb(224,62,45);\"><strong>\u00b7<\/strong><\/span><\/span><\/span><\/span><span class=\"wixui-rich-text__text\"><span class=\"color_15 wixui-rich-text__text\"> 2015<\/span><\/span><\/span><\/em><\/p> <p class=\"font_8 wixui-rich-text__text\">\u00a0<\/p> <div class=\"N8MGzv _v6ohL PO9MfV AWXfZq comp-lvw9jao81 wixui-rich-text\"> <p class=\"font_8 wixui-rich-text__text\"><span class=\"wixui-rich-text__text\">Roberto Tolomelli <span style=\"color:rgb(224,62,45);\">\/<\/span> Carlos Wagner<\/span><\/p> <p class=\"font_8 wixui-rich-text__text\"><span class=\"wixui-rich-text__text\">\u00c1ngel \u00d3dena, Jos\u00e9 Bros, Mar\u00eda Katzarava, Miguel \u00c1ngel Zapater,\u00a0<\/span><span class=\"wixui-rich-text__text\">Felipe Bou, Josep Fad\u00f3<\/span><\/p> <p class=\"font_8 wixui-rich-text__text\">\u00a0<\/p> <\/div> <\/div> <\/div><\/div><\/div><\/li>\n                <li style=\"display: none; width: 100%;\" class=\"slide-398 ms-image\" aria-roledescription=\"slide\" data-date=\"2026-08-29 16:16:21\" data-filename=\"opera-fondo-hueso-1-390x400.png\" data-slide-type=\"image\"><img loading=\"lazy\" decoding=\"async\" src=\"https:\/\/borjamarino.com\/wp-content\/uploads\/2026\/08\/opera-fondo-hueso-1-390x400.png\" height=\"400\" width=\"390\" alt=\"Carousel with Captions\" class=\"slider-74 slide-398 msDefaultImage\" title=\"Carousel with Captions\" \/><div class=\"caption-wrap\"><div class=\"caption\"><div style=\"text-align:center;\"> <div class=\"N8MGzv _v6ohL PO9MfV AWXfZq comp-lvw9i5vx3 wixui-rich-text\"><\/div> <div class=\"N8MGzv _v6ohL PO9MfV AWXfZq comp-lvw9i5vz1 wixui-rich-text\"> <p class=\"font_8 wixui-rich-text__text\">\u00a0<\/p> <p class=\"font_8 wixui-rich-text__text\">\u00a0<\/p> <p class=\"font_8 wixui-rich-text__text\">\u00a0<\/p> <p class=\"font_8 wixui-rich-text__text\">\u00a0<\/p> <p class=\"font_8 wixui-rich-text__text\"><span class=\"wixui-rich-text__text\" style=\"font-size:18px;\">DONIZETTI<\/span><\/p> <p class=\"font_8 wixui-rich-text__text\">\u00a0<\/p> <p class=\"font_8 wixui-rich-text__text\" style=\"line-height:0.8;\"><span style=\"font-size:32px;\"><em><span class=\"wixui-rich-text__text\">RITA OU LE MARI BATTU<\/span><\/em><\/span><\/p> <p class=\"font_8 wixui-rich-text__text\" style=\"line-height:1.5;\"><em><span style=\"font-size:14px;\"><span class=\"wixui-rich-text__text\"><span class=\"color_15 wixui-rich-text__text\">Teatro Real, Madrid <span class=\"color_18 wixui-rich-text__text\"><span style=\"color:rgb(224,62,45);\"><strong>\u00b7<\/strong><\/span><\/span><\/span><\/span><span class=\"wixui-rich-text__text\"><span class=\"color_15 wixui-rich-text__text\"> 2003\/04<\/span><\/span><\/span><\/em><\/p> <p class=\"font_8 wixui-rich-text__text\">\u00a0<\/p> <div class=\"N8MGzv _v6ohL PO9MfV AWXfZq comp-lvw9jao81 wixui-rich-text\"> <p class=\"font_8 wixui-rich-text__text\"><span class=\"wixui-rich-text__text\">\u00c1lvaro Albiach, Vicente Alberola <span style=\"color:rgb(224,62,45);\">\/<\/span> Eric Vigi\u00e9<\/span><\/p> <p class=\"font_8 wixui-rich-text__text\"><span class=\"wixui-rich-text__text\">Mar\u00eda Rey-Joly \/ Arantza Ira\u00f1eta, Francisco Vas \/ Jos\u00e9 Luis Sola,\u00a0<\/span><span class=\"wixui-rich-text__text\">Miguel Sola \/ Marco Moncloa<\/span><\/p> <\/div> <\/div> <\/div><\/div><\/div><\/li>\n                <li style=\"display: none; width: 100%;\" class=\"slide-401 ms-image\" aria-roledescription=\"slide\" data-date=\"2026-08-29 16:28:08\" data-filename=\"opera-fondo-hueso-1-390x400.png\" data-slide-type=\"image\"><img loading=\"lazy\" decoding=\"async\" src=\"https:\/\/borjamarino.com\/wp-content\/uploads\/2026\/08\/opera-fondo-hueso-1-390x400.png\" height=\"400\" width=\"390\" alt=\"Carousel with Captions\" class=\"slider-74 slide-401 msDefaultImage\" title=\"Carousel with Captions\" \/><div class=\"caption-wrap\"><div class=\"caption\"><div style=\"text-align:center;\"> <div class=\"N8MGzv _v6ohL PO9MfV AWXfZq comp-lvw9i5vx3 wixui-rich-text\"><\/div> <div class=\"N8MGzv _v6ohL PO9MfV AWXfZq comp-lvw9i5vz1 wixui-rich-text\"> <p class=\"font_8 wixui-rich-text__text\">\u00a0<\/p> <p class=\"font_8 wixui-rich-text__text\">\u00a0<\/p> <p class=\"font_8 wixui-rich-text__text\"><span class=\"wixui-rich-text__text\" style=\"font-size:18px;\">GIORDANO<\/span><\/p> <p class=\"font_8 wixui-rich-text__text\">\u00a0<\/p> <p class=\"font_8 wixui-rich-text__text\" style=\"line-height:1.5;\"><span style=\"font-size:32px;\"><em><span class=\"wixui-rich-text__text\">ANDR\u00c9A CH\u00c9NIER<\/span><\/em><\/span><\/p> <p class=\"font_8 wixui-rich-text__text\" style=\"line-height:1.5;\"><em><span style=\"font-size:14px;\"><span class=\"wixui-rich-text__text\"><span class=\"color_15 wixui-rich-text__text\">Teatro P\u00e9rez Gald\u00f3s, Las Palmas <span class=\"color_18 wixui-rich-text__text\"><span style=\"color:rgb(224,62,45);\"><strong>\u00b7<\/strong><\/span><\/span><\/span><\/span><span class=\"wixui-rich-text__text\"><span class=\"color_15 wixui-rich-text__text\"> 2026<\/span><\/span><\/span><\/em><\/p> <p class=\"font_8 wixui-rich-text__text\">\u00a0<\/p> <div class=\"N8MGzv _v6ohL PO9MfV AWXfZq comp-lvw9jao81 wixui-rich-text\"> <p class=\"font_8 wixui-rich-text__text\"><span class=\"wixui-rich-text__text\">Daniel Oren <span style=\"color:rgb(224,62,45);\">\/<\/span>\u00a0Carlo Antonio de Lucia<\/span><\/p> <p class=\"font_8 wixui-rich-text__text\"><span class=\"wixui-rich-text__text\">Piotr Beczala, Maria Agresta, Gevorg Hakobyan, Max Hochmuth, Cristina del Barrio, David Barrera, Ana Ibarra, Gabriel \u00c1lvarez, Isaac Gal\u00e1n, Juli\u00e1n Molina<\/span><\/p> <\/div> <\/div> <\/div><\/div><\/div><\/li>\n                <li style=\"display: none; width: 100%;\" class=\"slide-403 ms-image\" aria-roledescription=\"slide\" data-date=\"2026-08-29 16:30:15\" data-filename=\"opera-fondo-hueso-1-390x400.png\" data-slide-type=\"image\"><img loading=\"lazy\" decoding=\"async\" src=\"https:\/\/borjamarino.com\/wp-content\/uploads\/2026\/08\/opera-fondo-hueso-1-390x400.png\" height=\"400\" width=\"390\" alt=\"Carousel with Captions\" class=\"slider-74 slide-403 msDefaultImage\" title=\"Carousel with Captions\" \/><div class=\"caption-wrap\"><div class=\"caption\"><div style=\"text-align:center;\"> <div class=\"N8MGzv _v6ohL PO9MfV AWXfZq comp-lvw9i5vx3 wixui-rich-text\"><\/div> <div class=\"N8MGzv _v6ohL PO9MfV AWXfZq comp-lvw9i5vz1 wixui-rich-text\"> <p class=\"font_8 wixui-rich-text__text\">\u00a0<\/p> <p class=\"font_8 wixui-rich-text__text\">\u00a0<\/p> <p class=\"font_8 wixui-rich-text__text\"><span class=\"wixui-rich-text__text\" style=\"font-size:18px;\">GIORDANO<\/span><\/p> <p class=\"font_8 wixui-rich-text__text\">\u00a0<\/p> <p class=\"font_8 wixui-rich-text__text\" style=\"line-height:1.5;\"><span style=\"font-size:32px;\"><em><span class=\"wixui-rich-text__text\">FEDORA<\/span><\/em><\/span><\/p> <p class=\"font_8 wixui-rich-text__text\" style=\"line-height:1.5;\"><em><span style=\"font-size:14px;\"><span class=\"wixui-rich-text__text\"><span class=\"color_15 wixui-rich-text__text\">Teatro P\u00e9rez Gald\u00f3s, Las Palmas <span class=\"color_18 wixui-rich-text__text\"><span style=\"color:rgb(224,62,45);\"><strong>\u00b7<\/strong><\/span><\/span><\/span><\/span><span class=\"wixui-rich-text__text\"><span class=\"color_15 wixui-rich-text__text\"> 2023<\/span><\/span><\/span><\/em><\/p> <p class=\"font_8 wixui-rich-text__text\">\u00a0<\/p> <div class=\"N8MGzv _v6ohL PO9MfV AWXfZq comp-lvw9jao81 wixui-rich-text\"> <p class=\"font_8 wixui-rich-text__text\"><span class=\"wixui-rich-text__text\">Francesco Ivan Ciampa <span style=\"color:rgb(224,62,45);\">\/<\/span>\u00a0Daniele Piscopo<\/span><\/p> <p class=\"font_8 wixui-rich-text__text\"><span class=\"wixui-rich-text__text\">Saioa Hern\u00e1ndez, Jonathan Tetelman, Carolina L\u00f3pez Moreno,\u00a0<\/span><span class=\"wixui-rich-text__text\">Alfredo Daza, Patricia Illera, Gabriel \u00c1lvarez, Fernando Campero,\u00a0<\/span><span class=\"wixui-rich-text__text\">Max Hochmuth, Daniel Molina<\/span><\/p> <\/div> <\/div> <\/div><\/div><\/div><\/li>\n                <li style=\"display: none; width: 100%;\" class=\"slide-405 ms-image\" aria-roledescription=\"slide\" data-date=\"2026-08-29 16:35:05\" data-filename=\"opera-fondo-hueso-1-390x400.png\" data-slide-type=\"image\"><img loading=\"lazy\" decoding=\"async\" src=\"https:\/\/borjamarino.com\/wp-content\/uploads\/2026\/08\/opera-fondo-hueso-1-390x400.png\" height=\"400\" width=\"390\" alt=\"Carousel with Captions\" class=\"slider-74 slide-405 msDefaultImage\" title=\"Carousel with Captions\" \/><div class=\"caption-wrap\"><div class=\"caption\"><div style=\"text-align:center;\"> <div class=\"N8MGzv _v6ohL PO9MfV AWXfZq comp-lvw9i5vx3 wixui-rich-text\"><\/div> <div class=\"N8MGzv _v6ohL PO9MfV AWXfZq comp-lvw9i5vz1 wixui-rich-text\"> <p class=\"font_8 wixui-rich-text__text\">\u00a0<\/p> <p class=\"font_8 wixui-rich-text__text\">\u00a0<\/p> <p class=\"font_8 wixui-rich-text__text\">\u00a0<\/p> <p class=\"font_8 wixui-rich-text__text\"><span class=\"wixui-rich-text__text\" style=\"font-size:18px;\">GOUNOD<\/span><\/p> <p class=\"font_8 wixui-rich-text__text\">\u00a0<\/p> <p class=\"font_8 wixui-rich-text__text\" style=\"line-height:0.8;\"><span style=\"font-size:32px;\"><em><span class=\"wixui-rich-text__text\">ROM\u00c9O ET JULIETTE<\/span><\/em><\/span><\/p> <p class=\"font_8 wixui-rich-text__text\" style=\"line-height:1.5;\"><em><span style=\"font-size:14px;\"><span class=\"wixui-rich-text__text\"><span class=\"color_15 wixui-rich-text__text\">Teatre Principal Palma de Mallorca <span class=\"color_18 wixui-rich-text__text\"><span style=\"color:rgb(224,62,45);\"><strong>\u00b7<\/strong><\/span><\/span><\/span><\/span><span class=\"wixui-rich-text__text\"><span class=\"color_15 wixui-rich-text__text\"> 2024<\/span><\/span><\/span><\/em><\/p> <p class=\"font_8 wixui-rich-text__text\">\u00a0<\/p> <div class=\"N8MGzv _v6ohL PO9MfV AWXfZq comp-lvw9jao81 wixui-rich-text\"> <p class=\"font_8 wixui-rich-text__text\"><span class=\"wixui-rich-text__text\">Franck Villard <span style=\"color:rgb(224,62,45);\">\/<\/span> \u00c9ric Ruf<\/span><\/p> <p class=\"font_8 wixui-rich-text__text\"><span class=\"wixui-rich-text__text\">Juan Noval-Moro, G\u00e9nesis Moreno, J\u00e9r\u00f4me Varnier, Bego\u00f1a G\u00f3mez, <\/span><span class=\"wixui-rich-text__text\">Lasha Sesitashvili, David Men\u00e9ndez, Karina Demurova, Jos\u00e9 Manuel S\u00e1nchez<\/span><\/p> <\/div> <\/div> <\/div><\/div><\/div><\/li>\n                <li style=\"display: none; width: 100%;\" class=\"slide-406 ms-image\" aria-roledescription=\"slide\" data-date=\"2026-08-29 16:38:49\" data-filename=\"opera-fondo-hueso-1-390x400.png\" data-slide-type=\"image\"><img loading=\"lazy\" decoding=\"async\" src=\"https:\/\/borjamarino.com\/wp-content\/uploads\/2026\/08\/opera-fondo-hueso-1-390x400.png\" height=\"400\" width=\"390\" alt=\"Carousel with Captions\" class=\"slider-74 slide-406 msDefaultImage\" title=\"Carousel with Captions\" \/><div class=\"caption-wrap\"><div class=\"caption\"><div style=\"text-align:center;\"> <div class=\"N8MGzv _v6ohL PO9MfV AWXfZq comp-lvw9i5vx3 wixui-rich-text\"><\/div> <div class=\"N8MGzv _v6ohL PO9MfV AWXfZq comp-lvw9i5vz1 wixui-rich-text\"> <p class=\"font_8 wixui-rich-text__text\">\u00a0<\/p> <p class=\"font_8 wixui-rich-text__text\">\u00a0<\/p> <p class=\"font_8 wixui-rich-text__text\">\u00a0<\/p> <p class=\"font_8 wixui-rich-text__text\"><span class=\"wixui-rich-text__text\" style=\"font-size:18px;\">GOUNOD<\/span><\/p> <p class=\"font_8 wixui-rich-text__text\">\u00a0<\/p> <p class=\"font_8 wixui-rich-text__text\" style=\"line-height:1.5;\"><span style=\"font-size:32px;\"><em><span class=\"wixui-rich-text__text\">FAUST<\/span><\/em><\/span><\/p> <p class=\"font_8 wixui-rich-text__text\" style=\"line-height:1.5;\"><em><span style=\"font-size:14px;\"><span class=\"wixui-rich-text__text\"><span class=\"color_15 wixui-rich-text__text\">\u00d3pera de Oviedo <span class=\"color_18 wixui-rich-text__text\"><span style=\"color:rgb(224,62,45);\"><strong>\u00b7<\/strong><\/span><\/span><\/span><\/span><span class=\"wixui-rich-text__text\"><span class=\"color_15 wixui-rich-text__text\"> 2016<\/span><\/span><\/span><\/em><\/p> <p class=\"font_8 wixui-rich-text__text\">\u00a0<\/p> <div class=\"N8MGzv _v6ohL PO9MfV AWXfZq comp-lvw9jao81 wixui-rich-text\"> <p class=\"font_8 wixui-rich-text__text\"><span class=\"wixui-rich-text__text\">\u00c1lvaro Albiach <span style=\"color:rgb(224,62,45);\">\/<\/span> Curro Carreres<\/span><\/p> <p class=\"font_8 wixui-rich-text__text\"><span class=\"wixui-rich-text__text\">Stefan Pop, Mark Doss, <\/span><span class=\"wixui-rich-text__text\">Borja Quiza, Pablo Ruiz, Maite Alberola, Miren Urbieta-Vega, Kenneth Kellogg,\u00a0<\/span><span class=\"wixui-rich-text__text\">Lidia Vinyes Curtis, Mar\u00eda Jos\u00e9 Su\u00e1rez<\/span><\/p> <\/div> <\/div> <\/div><\/div><\/div><\/li>\n                <li style=\"display: none; width: 100%;\" class=\"slide-407 ms-image\" aria-roledescription=\"slide\" data-date=\"2026-08-29 16:40:01\" data-filename=\"opera-fondo-hueso-1-390x400.png\" data-slide-type=\"image\"><img loading=\"lazy\" decoding=\"async\" src=\"https:\/\/borjamarino.com\/wp-content\/uploads\/2026\/08\/opera-fondo-hueso-1-390x400.png\" height=\"400\" width=\"390\" alt=\"Carousel with Captions\" class=\"slider-74 slide-407 msDefaultImage\" title=\"Carousel with Captions\" \/><div class=\"caption-wrap\"><div class=\"caption\"><div style=\"text-align:center;\"> <div class=\"N8MGzv _v6ohL PO9MfV AWXfZq comp-lvw9i5vx3 wixui-rich-text\"><\/div> <div class=\"N8MGzv _v6ohL PO9MfV AWXfZq comp-lvw9i5vz1 wixui-rich-text\"> <p class=\"font_8 wixui-rich-text__text\">\u00a0<\/p> <p class=\"font_8 wixui-rich-text__text\">\u00a0<\/p> <p class=\"font_8 wixui-rich-text__text\"><span class=\"wixui-rich-text__text\" style=\"font-size:18px;\">GOUNOD<\/span><\/p> <p class=\"font_8 wixui-rich-text__text\">\u00a0<\/p> <p class=\"font_8 wixui-rich-text__text\" style=\"line-height:1.5;\"><span style=\"font-size:32px;\"><em><span class=\"wixui-rich-text__text\">FAUST<\/span><\/em><\/span><\/p> <p class=\"font_8 wixui-rich-text__text\" style=\"line-height:1.5;\"><em><span style=\"font-size:14px;\"><span class=\"wixui-rich-text__text\"><span class=\"color_15 wixui-rich-text__text\">Teatro Real, Madrid <span class=\"color_18 wixui-rich-text__text\"><span style=\"color:rgb(224,62,45);\"><strong>\u00b7<\/strong><\/span><\/span><\/span><\/span><span class=\"wixui-rich-text__text\"><span class=\"color_15 wixui-rich-text__text\"> 2003<\/span><\/span><\/span><\/em><\/p> <p class=\"font_8 wixui-rich-text__text\">\u00a0<\/p> <div class=\"N8MGzv _v6ohL PO9MfV AWXfZq comp-lvw9jao81 wixui-rich-text\"> <p class=\"font_8 wixui-rich-text__text\"><span class=\"wixui-rich-text__text\">Alain Guingal <span style=\"color:rgb(224,62,45);\">\/<\/span> G\u00f6tz Friedrich<\/span><\/p> <p class=\"font_8 wixui-rich-text__text\"><span class=\"wixui-rich-text__text\">Aquiles Machado \/ Richard Leech, Robert Hale \/ Roberto Scandiuzzi, <\/span><span class=\"wixui-rich-text__text\">Mariella Devia \/ Kathleen Cassello, Lola Casariego \/ Cecilia D\u00edaz, <\/span><span class=\"wixui-rich-text__text\">Jean-Fran\u00e7ois Lapointe<\/span><\/p> <\/div> <\/div> <\/div><\/div><\/div><\/li>\n                <li style=\"display: none; width: 100%;\" class=\"slide-420 ms-image\" aria-roledescription=\"slide\" data-date=\"2026-08-30 08:08:13\" data-filename=\"opera-fondo-hueso-1-390x400.png\" data-slide-type=\"image\"><img loading=\"lazy\" decoding=\"async\" src=\"https:\/\/borjamarino.com\/wp-content\/uploads\/2026\/08\/opera-fondo-hueso-1-390x400.png\" height=\"400\" width=\"390\" alt=\"Carousel with Captions\" class=\"slider-74 slide-420 msDefaultImage\" title=\"Carousel with Captions\" \/><div class=\"caption-wrap\"><div class=\"caption\"><div style=\"text-align:center;\"> <div class=\"N8MGzv _v6ohL PO9MfV AWXfZq comp-lvw9i5vx3 wixui-rich-text\"><\/div> <div class=\"N8MGzv _v6ohL PO9MfV AWXfZq comp-lvw9i5vz1 wixui-rich-text\"> <p class=\"font_8 wixui-rich-text__text\">\u00a0<\/p> <p class=\"font_8 wixui-rich-text__text\">\u00a0<\/p> <p class=\"font_8 wixui-rich-text__text\">\u00a0<\/p> <p class=\"font_8 wixui-rich-text__text\"><span class=\"wixui-rich-text__text\" style=\"font-size:18px;\">LEONCAVALLO<\/span><\/p> <p class=\"font_8 wixui-rich-text__text\">\u00a0<\/p> <p class=\"font_8 wixui-rich-text__text\" style=\"line-height:1.5;\"><span style=\"font-size:32px;\"><em><span class=\"wixui-rich-text__text\">PAGLIACCI<\/span><\/em><\/span><\/p> <p class=\"font_8 wixui-rich-text__text\" style=\"line-height:1.5;\"><em><span style=\"font-size:14px;\"><span class=\"wixui-rich-text__text\"><span class=\"color_15 wixui-rich-text__text\">Festival de Granada <span class=\"color_18 wixui-rich-text__text\"><span style=\"color:rgb(224,62,45);\"><strong>\u00b7<\/strong><\/span><\/span><\/span><\/span><span class=\"wixui-rich-text__text\"><span class=\"color_15 wixui-rich-text__text\"> 2025<\/span><\/span><\/span><\/em><\/p> <p class=\"font_8 wixui-rich-text__text\">\u00a0<\/p> <div class=\"N8MGzv _v6ohL PO9MfV AWXfZq comp-lvw9jao81 wixui-rich-text\"> <p class=\"font_8 wixui-rich-text__text\"><span class=\"wixui-rich-text__text\"><span class=\"color_15 wixui-rich-text__text\">Guillermo Garc\u00eda Calvo\u00a0<\/span><span class=\"color_18 wixui-rich-text__text\" style=\"color:rgb(224,62,45);\">\/<\/span><span class=\"color_15 wixui-rich-text__text\">\u00a0Versi\u00f3n de concierto<\/span><\/span><\/p> <p class=\"font_8 wixui-rich-text__text\"><span class=\"wixui-rich-text__text\">Alejandro Roy, Carolina L\u00f3pez-Moreno, Claudio Sgura, Pablo G\u00e1lvez, Mois\u00e9s Mar\u00edn<\/span><\/p> <p class=\"font_8 wixui-rich-text__text\">\u00a0<\/p> <\/div> <\/div> <\/div><\/div><\/div><\/li>\n                <li style=\"display: none; width: 100%;\" class=\"slide-480 ms-image\" aria-roledescription=\"slide\" data-date=\"2026-08-30 09:08:52\" data-filename=\"opera-fondo-hueso-1-390x400.png\" data-slide-type=\"image\"><img loading=\"lazy\" decoding=\"async\" src=\"https:\/\/borjamarino.com\/wp-content\/uploads\/2026\/08\/opera-fondo-hueso-1-390x400.png\" height=\"400\" width=\"390\" alt=\"Carousel with Captions\" class=\"slider-74 slide-480 msDefaultImage\" title=\"Carousel with Captions\" \/><div class=\"caption-wrap\"><div class=\"caption\"><div style=\"text-align:center;\"> <div class=\"N8MGzv _v6ohL PO9MfV AWXfZq comp-lvw9i5vx3 wixui-rich-text\"><\/div> <div class=\"N8MGzv _v6ohL PO9MfV AWXfZq comp-lvw9i5vz1 wixui-rich-text\"> <p class=\"font_8 wixui-rich-text__text\">\u00a0<\/p> <p class=\"font_8 wixui-rich-text__text\">\u00a0<\/p> <p class=\"font_8 wixui-rich-text__text\">\u00a0<\/p> <p class=\"font_8 wixui-rich-text__text\"><span class=\"wixui-rich-text__text\" style=\"font-size:18px;\">MASCAGNI<\/span><\/p> <p class=\"font_8 wixui-rich-text__text\">\u00a0<\/p> <p class=\"font_8 wixui-rich-text__text\" style=\"line-height:0.8;\"><span style=\"font-size:32px;\"><em><span class=\"wixui-rich-text__text\">CAVALLERIA RUSTICANA<\/span><\/em><\/span><\/p> <p class=\"font_8 wixui-rich-text__text\" style=\"line-height:1.5;\"><em><span style=\"font-size:14px;\"><span class=\"wixui-rich-text__text\"><span class=\"color_15 wixui-rich-text__text\">Festival Infantes M\u00fasica <span class=\"color_18 wixui-rich-text__text\"><span style=\"color:rgb(224,62,45);\"><strong>\u00b7<\/strong><\/span><\/span><\/span><\/span><span class=\"wixui-rich-text__text\"><span class=\"color_15 wixui-rich-text__text\"> 2022<\/span><\/span><\/span><\/em><\/p> <p class=\"font_8 wixui-rich-text__text\">\u00a0<\/p> <div class=\"N8MGzv _v6ohL PO9MfV AWXfZq comp-lvw9jao81 wixui-rich-text\"> <p class=\"font_8 wixui-rich-text__text\"><span class=\"wixui-rich-text__text\">Francisco Antonio Moya <span style=\"color:rgb(224,62,45);\">\/<\/span> Juanma Cifuentes<\/span><\/p> <p class=\"font_8 wixui-rich-text__text\"><span class=\"wixui-rich-text__text\">Joan La\u00ednez, Marta Pineda, Jorge Tello, Patr\u00edcia Illera, Brigida Garda<\/span><\/p> <p class=\"font_8 wixui-rich-text__text\">\u00a0<\/p> <\/div> <\/div> <\/div><\/div><\/div><\/li>\n                <li style=\"display: none; width: 100%;\" class=\"slide-481 ms-image\" aria-roledescription=\"slide\" data-date=\"2026-08-30 09:11:31\" data-filename=\"opera-fondo-hueso-1-390x400.png\" data-slide-type=\"image\"><img loading=\"lazy\" decoding=\"async\" src=\"https:\/\/borjamarino.com\/wp-content\/uploads\/2026\/08\/opera-fondo-hueso-1-390x400.png\" height=\"400\" width=\"390\" alt=\"Carousel with Captions\" class=\"slider-74 slide-481 msDefaultImage\" title=\"Carousel with Captions\" \/><div class=\"caption-wrap\"><div class=\"caption\"><div style=\"text-align:center;\"> <div class=\"N8MGzv _v6ohL PO9MfV AWXfZq comp-lvw9i5vx3 wixui-rich-text\"><\/div> <div class=\"N8MGzv _v6ohL PO9MfV AWXfZq comp-lvw9i5vz1 wixui-rich-text\"> <p class=\"font_8 wixui-rich-text__text\">\u00a0<\/p> <p class=\"font_8 wixui-rich-text__text\">\u00a0<\/p> <p class=\"font_8 wixui-rich-text__text\"><span class=\"wixui-rich-text__text\" style=\"font-size:18px;\">MASSENET<\/span><\/p> <p class=\"font_8 wixui-rich-text__text\">\u00a0<\/p> <p class=\"font_8 wixui-rich-text__text\" style=\"line-height:1.5;\"><span style=\"font-size:32px;\"><em><span class=\"wixui-rich-text__text\">WERTHER<\/span><\/em><\/span><\/p> <p class=\"font_8 wixui-rich-text__text\" style=\"line-height:1.5;\"><em><span style=\"font-size:14px;\"><span class=\"color_18 wixui-rich-text__text\"><span class=\"wixui-rich-text__text\">Festival Amazonas de Opera, Manaus\u00a0<\/span><span class=\"wixui-rich-text__text\"><span style=\"color:rgb(224,62,45);\"><strong>\u00b7<\/strong><\/span><\/span><\/span><span class=\"wixui-rich-text__text\"><span class=\"color_15 wixui-rich-text__text\"> 2006<\/span><\/span><\/span><\/em><\/p> <p class=\"font_8 wixui-rich-text__text\">\u00a0<\/p> <div class=\"N8MGzv _v6ohL PO9MfV AWXfZq comp-lvw9jao81 wixui-rich-text\"> <p class=\"font_8 wixui-rich-text__text\"><span class=\"wixui-rich-text__text\">Luiz Fernando Malheiro <span style=\"color:rgb(224,62,45);\">\/<\/span> V. concierto<\/span><\/p> <p class=\"font_8 wixui-rich-text__text\"><span class=\"wixui-rich-text__text\">Francisco Casanova, Denise de Freitas, Leonardo Neiva, K\u00e1tia Freitas, Enric Serra, Marcos Paulo, Manuel \u00c1lvarez, Jo\u00e3o Batista de Souza, <\/span><span class=\"wixui-rich-text__text\">Elaine Martorano<\/span><\/p> <\/div> <\/div> <\/div><\/div><\/div><\/li>\n                <li style=\"display: none; width: 100%;\" class=\"slide-482 ms-image\" aria-roledescription=\"slide\" data-date=\"2026-08-30 09:14:12\" data-filename=\"opera-fondo-hueso-1-390x400.png\" data-slide-type=\"image\"><img loading=\"lazy\" decoding=\"async\" src=\"https:\/\/borjamarino.com\/wp-content\/uploads\/2026\/08\/opera-fondo-hueso-1-390x400.png\" height=\"400\" width=\"390\" alt=\"Carousel with Captions\" class=\"slider-74 slide-482 msDefaultImage\" title=\"Carousel with Captions\" \/><div class=\"caption-wrap\"><div class=\"caption\"><div style=\"text-align:center;\"> <div class=\"N8MGzv _v6ohL PO9MfV AWXfZq comp-lvw9i5vx3 wixui-rich-text\"><\/div> <div class=\"N8MGzv _v6ohL PO9MfV AWXfZq comp-lvw9i5vz1 wixui-rich-text\"> <p class=\"font_8 wixui-rich-text__text\">\u00a0<\/p> <p class=\"font_8 wixui-rich-text__text\">\u00a0<\/p> <p class=\"font_8 wixui-rich-text__text\"><span class=\"wixui-rich-text__text\" style=\"font-size:18px;\">MOZART<\/span><\/p> <p class=\"font_8 wixui-rich-text__text\">\u00a0<\/p> <p class=\"font_8 wixui-rich-text__text\" style=\"line-height:1.5;\"><span style=\"font-size:32px;\"><em><span class=\"wixui-rich-text__text\">DIE ZAUBERFL\u00d6TE<\/span><\/em><\/span><\/p> <p class=\"font_8 wixui-rich-text__text\" style=\"line-height:1.5;\"><em><span style=\"font-size:14px;\"><span class=\"wixui-rich-text__text\"><span class=\"color_15 wixui-rich-text__text\">Teatre Principal Palma de Mallorca <span class=\"color_18 wixui-rich-text__text\"><span style=\"color:rgb(224,62,45);\"><strong>\u00b7<\/strong><\/span><\/span><\/span><\/span><span class=\"wixui-rich-text__text\"><span class=\"color_15 wixui-rich-text__text\"> 2020<\/span><\/span><\/span><\/em><\/p> <p class=\"font_8 wixui-rich-text__text\">\u00a0<\/p> <div class=\"N8MGzv _v6ohL PO9MfV AWXfZq comp-lvw9jao81 wixui-rich-text\"> <p class=\"font_8 wixui-rich-text__text\"><span class=\"wixui-rich-text__text\">Josep Planelles <span style=\"color:rgb(224,62,45);\">\/<\/span> Jorinde Keesmaat<\/span><\/p> <p class=\"font_8 wixui-rich-text__text\"><span class=\"wixui-rich-text__text\">Carmen Romeu, Antoni Lliteres, Aleksandra Jovanovich, Onay K\u00f6se, <\/span><span class=\"wixui-rich-text__text\">David Pershal, Maia Planas, Jorge Juan Morata, Marta Bauz\u00e0, <\/span><span class=\"wixui-rich-text__text\">Bego\u00f1a G\u00f3mez<\/span><\/p> <\/div> <\/div> <\/div><\/div><\/div><\/li>\n                <li style=\"display: none; width: 100%;\" class=\"slide-483 ms-image\" aria-roledescription=\"slide\" data-date=\"2026-08-30 09:19:31\" data-filename=\"opera-fondo-hueso-1-390x400.png\" data-slide-type=\"image\"><img loading=\"lazy\" decoding=\"async\" src=\"https:\/\/borjamarino.com\/wp-content\/uploads\/2026\/08\/opera-fondo-hueso-1-390x400.png\" height=\"400\" width=\"390\" alt=\"Carousel with Captions\" class=\"slider-74 slide-483 msDefaultImage\" title=\"Carousel with Captions\" \/><div class=\"caption-wrap\"><div class=\"caption\"><div style=\"text-align:center;\"> <div class=\"N8MGzv _v6ohL PO9MfV AWXfZq comp-lvw9i5vx3 wixui-rich-text\"><\/div> <div class=\"N8MGzv _v6ohL PO9MfV AWXfZq comp-lvw9i5vz1 wixui-rich-text\"> <p class=\"font_8 wixui-rich-text__text\">\u00a0<\/p> <p class=\"font_8 wixui-rich-text__text\">\u00a0<\/p> <p class=\"font_8 wixui-rich-text__text\"><span class=\"wixui-rich-text__text\" style=\"font-size:18px;\">MOZART<\/span><\/p> <p class=\"font_8 wixui-rich-text__text\">\u00a0<\/p> <p class=\"font_8 wixui-rich-text__text\" style=\"line-height:1.5;\"><span style=\"font-size:32px;\"><em><span class=\"wixui-rich-text__text\">DIE ZAUBERFL\u00d6TE<\/span><\/em><\/span><\/p> <p class=\"font_8 wixui-rich-text__text\" style=\"line-height:1.5;\"><em><span style=\"font-size:14px;\"><span class=\"wixui-rich-text__text\"><span class=\"color_15 wixui-rich-text__text\">Fest. Escorial, Quincena donostiarra\u00a0<span class=\"color_18 wixui-rich-text__text\"><span style=\"color:rgb(224,62,45);\"><strong>\u00b7<\/strong><\/span><\/span><\/span><\/span><span class=\"wixui-rich-text__text\"><span class=\"color_15 wixui-rich-text__text\"> 2015<\/span><\/span><\/span><\/em><\/p> <p class=\"font_8 wixui-rich-text__text\">\u00a0<\/p> <div class=\"N8MGzv _v6ohL PO9MfV AWXfZq comp-lvw9jao81 wixui-rich-text\"> <p class=\"font_8 wixui-rich-text__text\"><span class=\"wixui-rich-text__text\">Jaime Mart\u00edn <span style=\"color:rgb(224,62,45);\">\/<\/span> Alfonso Romero<\/span><\/p> <p class=\"font_8 wixui-rich-text__text\"><span class=\"wixui-rich-text__text\">Kenneth Tarver, Auxiliadora Toledano, Leigh Melrose, Dimitry Ivashenko, <\/span><span class=\"wixui-rich-text__text\">Jeanette Vecchione, Vanessa Goikoetxea, Alina Furman, Natalia Lunar<\/span><\/p> <\/div> <\/div> <\/div><\/div><\/div><\/li>\n                <li style=\"display: none; width: 100%;\" class=\"slide-484 ms-image\" aria-roledescription=\"slide\" data-date=\"2026-08-30 09:21:18\" data-filename=\"opera-fondo-hueso-1-390x400.png\" data-slide-type=\"image\"><img loading=\"lazy\" decoding=\"async\" src=\"https:\/\/borjamarino.com\/wp-content\/uploads\/2026\/08\/opera-fondo-hueso-1-390x400.png\" height=\"400\" width=\"390\" alt=\"Carousel with Captions\" class=\"slider-74 slide-484 msDefaultImage\" title=\"Carousel with Captions\" \/><div class=\"caption-wrap\"><div class=\"caption\"><div style=\"text-align:center;\"> <div class=\"N8MGzv _v6ohL PO9MfV AWXfZq comp-lvw9i5vx3 wixui-rich-text\"><\/div> <div class=\"N8MGzv _v6ohL PO9MfV AWXfZq comp-lvw9i5vz1 wixui-rich-text\"> <p class=\"font_8 wixui-rich-text__text\">\u00a0<\/p> <p class=\"font_8 wixui-rich-text__text\">\u00a0<\/p> <p class=\"font_8 wixui-rich-text__text\"><span class=\"wixui-rich-text__text\" style=\"font-size:18px;\">MOZART<\/span><\/p> <p class=\"font_8 wixui-rich-text__text\">\u00a0<\/p> <p class=\"font_8 wixui-rich-text__text\" style=\"line-height:1.5;\"><span style=\"font-size:32px;\"><em><span class=\"wixui-rich-text__text\">DIE ZAUBERFL\u00d6TE<\/span><\/em><\/span><\/p> <p class=\"font_8 wixui-rich-text__text\" style=\"line-height:1.5;\"><em><span style=\"font-size:14px;\"><span class=\"wixui-rich-text__text\"><span class=\"color_15 wixui-rich-text__text\">Festival El Escorial <span class=\"color_18 wixui-rich-text__text\"><span style=\"color:rgb(224,62,45);\"><strong>\u00b7<\/strong><\/span><\/span><\/span><\/span><span class=\"wixui-rich-text__text\"><span class=\"color_15 wixui-rich-text__text\"> 2006<\/span><\/span><\/span><\/em><\/p> <p class=\"font_8 wixui-rich-text__text\">\u00a0<\/p> <div class=\"N8MGzv _v6ohL PO9MfV AWXfZq comp-lvw9jao81 wixui-rich-text\"> <p class=\"font_8 wixui-rich-text__text\"><span class=\"wixui-rich-text__text\">Colin Davis <span style=\"color:rgb(224,62,45);\">\/<\/span> Daniele Abbado<\/span><\/p> <p class=\"font_8 wixui-rich-text__text\"><span class=\"wixui-rich-text__text\">Alfred Reiter, Gregory Turay, Rachel Harnisch, Sylvia Kobe, Nicola Ulivieri, Sylvia Schwartz, Caroline Stein, Heidi Zehnder, Anne-Carolyn Schl\u00fcter<\/span><\/p> <\/div> <\/div> <\/div><\/div><\/div><\/li>\n                <li style=\"display: none; width: 100%;\" class=\"slide-485 ms-image\" aria-roledescription=\"slide\" data-date=\"2026-08-30 09:22:31\" data-filename=\"opera-fondo-hueso-1-390x400.png\" data-slide-type=\"image\"><img loading=\"lazy\" decoding=\"async\" src=\"https:\/\/borjamarino.com\/wp-content\/uploads\/2026\/08\/opera-fondo-hueso-1-390x400.png\" height=\"400\" width=\"390\" alt=\"Carousel with Captions\" class=\"slider-74 slide-485 msDefaultImage\" title=\"Carousel with Captions\" \/><div class=\"caption-wrap\"><div class=\"caption\"><div style=\"text-align:center;\"> <div class=\"N8MGzv _v6ohL PO9MfV AWXfZq comp-lvw9i5vx3 wixui-rich-text\"><\/div> <div class=\"N8MGzv _v6ohL PO9MfV AWXfZq comp-lvw9i5vz1 wixui-rich-text\"> <p class=\"font_8 wixui-rich-text__text\">\u00a0<\/p> <p class=\"font_8 wixui-rich-text__text\">\u00a0<\/p> <p class=\"font_8 wixui-rich-text__text\"><span class=\"wixui-rich-text__text\" style=\"font-size:18px;\">MOZART<\/span><\/p> <p class=\"font_8 wixui-rich-text__text\">\u00a0<\/p> <p class=\"font_8 wixui-rich-text__text\" style=\"line-height:1.5;\"><span style=\"font-size:32px;\"><em><span class=\"wixui-rich-text__text\">DON GIOVANNI<\/span><\/em><\/span><\/p> <p class=\"font_8 wixui-rich-text__text\" style=\"line-height:1.5;\"><em><span style=\"font-size:14px;\"><span class=\"wixui-rich-text__text\"><span class=\"color_15 wixui-rich-text__text\">Teatro P\u00e9rez Gald\u00f3s, Las Palmas <span class=\"color_18 wixui-rich-text__text\"><span style=\"color:rgb(224,62,45);\"><strong>\u00b7<\/strong><\/span><\/span><\/span><\/span><span class=\"wixui-rich-text__text\"><span class=\"color_15 wixui-rich-text__text\"> 2025<\/span><\/span><\/span><\/em><\/p> <p class=\"font_8 wixui-rich-text__text\">\u00a0<\/p> <div class=\"N8MGzv _v6ohL PO9MfV AWXfZq comp-lvw9jao81 wixui-rich-text\"> <p class=\"font_8 wixui-rich-text__text\"><span class=\"wixui-rich-text__text\">Leonardo Sini <span style=\"color:rgb(224,62,45);\">\/<\/span> Daniele Piscopo<\/span><\/p> <p class=\"font_8 wixui-rich-text__text\"><span class=\"wixui-rich-text__text\">Carlos \u00c1lvarez, Rub\u00e9n Amoretti, Giuliana Gianfaldoni, Selene Zanetti, Marco Ciaponi, Alexandra Zamfira, Max Hochmuth, Vittorio de Campo<\/span><\/p> <\/div> <\/div> <\/div><\/div><\/div><\/li>\n                <li style=\"display: none; width: 100%;\" class=\"slide-486 ms-image\" aria-roledescription=\"slide\" data-date=\"2026-08-30 09:25:09\" data-filename=\"opera-fondo-hueso-1-390x400.png\" data-slide-type=\"image\"><img loading=\"lazy\" decoding=\"async\" src=\"https:\/\/borjamarino.com\/wp-content\/uploads\/2026\/08\/opera-fondo-hueso-1-390x400.png\" height=\"400\" width=\"390\" alt=\"Carousel with Captions\" class=\"slider-74 slide-486 msDefaultImage\" title=\"Carousel with Captions\" \/><div class=\"caption-wrap\"><div class=\"caption\"><div style=\"text-align:center;\"> <div class=\"N8MGzv _v6ohL PO9MfV AWXfZq comp-lvw9i5vx3 wixui-rich-text\"><\/div> <div class=\"N8MGzv _v6ohL PO9MfV AWXfZq comp-lvw9i5vz1 wixui-rich-text\"> <p class=\"font_8 wixui-rich-text__text\">\u00a0<\/p> <p class=\"font_8 wixui-rich-text__text\">\u00a0<\/p> <p class=\"font_8 wixui-rich-text__text\">\u00a0<\/p> <p class=\"font_8 wixui-rich-text__text\"><span class=\"wixui-rich-text__text\" style=\"font-size:18px;\">MOZART<\/span><\/p> <p class=\"font_8 wixui-rich-text__text\">\u00a0<\/p> <p class=\"font_8 wixui-rich-text__text\" style=\"line-height:1.5;\"><span style=\"font-size:32px;\"><em><span class=\"wixui-rich-text__text\">DON GIOVANNI<\/span><\/em><\/span><\/p> <p class=\"font_8 wixui-rich-text__text\" style=\"line-height:1.5;\"><em><span style=\"font-size:14px;\"><span class=\"wixui-rich-text__text\"><span class=\"color_15 wixui-rich-text__text\">\u00d3pera de Oviedo <span class=\"color_18 wixui-rich-text__text\"><span style=\"color:rgb(224,62,45);\"><strong>\u00b7<\/strong><\/span><\/span><\/span><\/span><span class=\"wixui-rich-text__text\"><span class=\"color_15 wixui-rich-text__text\"> 2022<\/span><\/span><\/span><\/em><\/p> <p class=\"font_8 wixui-rich-text__text\">\u00a0<\/p> <div class=\"N8MGzv _v6ohL PO9MfV AWXfZq comp-lvw9jao81 wixui-rich-text\"> <p class=\"font_8 wixui-rich-text__text\"><span class=\"wixui-rich-text__text\">Elena Mitrevska <span style=\"color:rgb(224,62,45);\">\/<\/span> Marta Eguilior<\/span><\/p> <p class=\"font_8 wixui-rich-text__text\"><span class=\"wixui-rich-text__text\">Jacques Imbrailo, Vanessa Goikoetxea,\u00a0<\/span><span class=\"wixui-rich-text__text\">Rub\u00e9n Amoretti, Mar\u00eda Rey-Joly, <\/span><span class=\"wixui-rich-text__text\">Joel Prieto, Juan de Dios Mateos, David Lagares,\u00a0<\/span><span class=\"wixui-rich-text__text\">Laura Bras\u00f3<\/span><\/p> <\/div> <\/div> <\/div><\/div><\/div><\/li>\n                <li style=\"display: none; width: 100%;\" class=\"slide-487 ms-image\" aria-roledescription=\"slide\" data-date=\"2026-08-30 09:26:49\" data-filename=\"opera-fondo-hueso-1-390x400.png\" data-slide-type=\"image\"><img loading=\"lazy\" decoding=\"async\" src=\"https:\/\/borjamarino.com\/wp-content\/uploads\/2026\/08\/opera-fondo-hueso-1-390x400.png\" height=\"400\" width=\"390\" alt=\"Carousel with Captions\" class=\"slider-74 slide-487 msDefaultImage\" title=\"Carousel with Captions\" \/><div class=\"caption-wrap\"><div class=\"caption\"><div style=\"text-align:center;\"> <div class=\"N8MGzv _v6ohL PO9MfV AWXfZq comp-lvw9i5vx3 wixui-rich-text\"><\/div> <div class=\"N8MGzv _v6ohL PO9MfV AWXfZq comp-lvw9i5vz1 wixui-rich-text\"> <p class=\"font_8 wixui-rich-text__text\">\u00a0<\/p> <p class=\"font_8 wixui-rich-text__text\">\u00a0<\/p> <p class=\"font_8 wixui-rich-text__text\">\u00a0<\/p> <p class=\"font_8 wixui-rich-text__text\"><span class=\"wixui-rich-text__text\" style=\"font-size:18px;\">MOZART<\/span><\/p> <p class=\"font_8 wixui-rich-text__text\">\u00a0<\/p> <p class=\"font_8 wixui-rich-text__text\" style=\"line-height:1.5;\"><span style=\"font-size:32px;\"><em><span class=\"wixui-rich-text__text\">DON GIOVANNI<\/span><\/em><\/span><\/p> <p class=\"font_8 wixui-rich-text__text\" style=\"line-height:1.5;\"><em><span style=\"font-size:14px;\"><span class=\"wixui-rich-text__text\"><span class=\"color_15 wixui-rich-text__text\">Teatro Col\u00f3n, A Coru\u00f1a <span class=\"color_18 wixui-rich-text__text\"><span style=\"color:rgb(224,62,45);\"><strong>\u00b7<\/strong><\/span><\/span><\/span><\/span><span class=\"wixui-rich-text__text\"><span class=\"color_15 wixui-rich-text__text\"> 2019<\/span><\/span><\/span><\/em><\/p> <p class=\"font_8 wixui-rich-text__text\">\u00a0<\/p> <div class=\"N8MGzv _v6ohL PO9MfV AWXfZq comp-lvw9jao81 wixui-rich-text\"> <p class=\"font_8 wixui-rich-text__text\"><span class=\"wixui-rich-text__text\">Miguel \u00c1ngel G\u00f3mez Mart\u00ednez <span style=\"color:rgb(224,62,45);\">\/<\/span> Carlos Saura.\u00a0<\/span><span class=\"wixui-rich-text__text\">Juan Jes\u00fas Rodr\u00edguez, Sim\u00f3n Orfila, Gilda Fiume, Ginger Costa-Jackson, Francisco Corujo, Roc\u00edo P\u00e9rez, Gerardo Bull\u00f3n, Andrii Goniukov<\/span><\/p> <\/div> <\/div> <\/div><\/div><\/div><\/li>\n                <li style=\"display: none; width: 100%;\" class=\"slide-488 ms-image\" aria-roledescription=\"slide\" data-date=\"2026-08-30 09:28:02\" data-filename=\"opera-fondo-hueso-1-390x400.png\" data-slide-type=\"image\"><img loading=\"lazy\" decoding=\"async\" src=\"https:\/\/borjamarino.com\/wp-content\/uploads\/2026\/08\/opera-fondo-hueso-1-390x400.png\" height=\"400\" width=\"390\" alt=\"Carousel with Captions\" class=\"slider-74 slide-488 msDefaultImage\" title=\"Carousel with Captions\" \/><div class=\"caption-wrap\"><div class=\"caption\"><div style=\"text-align:center;\"> <div class=\"N8MGzv _v6ohL PO9MfV AWXfZq comp-lvw9i5vx3 wixui-rich-text\"><\/div> <div class=\"N8MGzv _v6ohL PO9MfV AWXfZq comp-lvw9i5vz1 wixui-rich-text\"> <p class=\"font_8 wixui-rich-text__text\">\u00a0<\/p> <p class=\"font_8 wixui-rich-text__text\">\u00a0<\/p> <p class=\"font_8 wixui-rich-text__text\"><span class=\"wixui-rich-text__text\" style=\"font-size:18px;\">MOZART<\/span><\/p> <p class=\"font_8 wixui-rich-text__text\">\u00a0<\/p> <p class=\"font_8 wixui-rich-text__text\" style=\"line-height:0.8;\"><span style=\"font-size:32px;\"><em><span class=\"wixui-rich-text__text\">LA CLEMENZA DI TITO<\/span><\/em><\/span><\/p> <p class=\"font_8 wixui-rich-text__text\" style=\"line-height:1.5;\"><em><span style=\"font-size:14px;\"><span class=\"wixui-rich-text__text\"><span class=\"color_15 wixui-rich-text__text\">Palau de les Arts, Valencia <span class=\"color_18 wixui-rich-text__text\"><span style=\"color:rgb(224,62,45);\"><strong>\u00b7<\/strong><\/span><\/span><\/span><\/span><span class=\"wixui-rich-text__text\"><span class=\"color_15 wixui-rich-text__text\"> 2018<\/span><\/span><\/span><\/em><\/p> <p class=\"font_8 wixui-rich-text__text\">\u00a0<\/p> <div class=\"N8MGzv _v6ohL PO9MfV AWXfZq comp-lvw9jao81 wixui-rich-text\"> <p class=\"font_8 wixui-rich-text__text\"><span class=\"wixui-rich-text__text\">Nimrod David Pfeffer <span style=\"color:rgb(224,62,45);\">\/<\/span> Allex Aguilera<\/span><\/p> <p class=\"font_8 wixui-rich-text__text\"><span class=\"wixui-rich-text__text\">Carlo Allemano, Eva Mei, Margerita Gritskova, Nozomi Kato, <\/span><span class=\"wixui-rich-text__text\">Karen Gardeazabal, Andrea Pellegrini<\/span><\/p> <p class=\"font_8 wixui-rich-text__text\">\u00a0<\/p> <\/div> <\/div> <\/div><\/div><\/div><\/li>\n                <li style=\"display: none; width: 100%;\" class=\"slide-489 ms-image\" aria-roledescription=\"slide\" data-date=\"2026-08-30 09:29:37\" data-filename=\"opera-fondo-hueso-1-390x400.png\" data-slide-type=\"image\"><img loading=\"lazy\" decoding=\"async\" src=\"https:\/\/borjamarino.com\/wp-content\/uploads\/2026\/08\/opera-fondo-hueso-1-390x400.png\" height=\"400\" width=\"390\" alt=\"Carousel with Captions\" class=\"slider-74 slide-489 msDefaultImage\" title=\"Carousel with Captions\" \/><div class=\"caption-wrap\"><div class=\"caption\"><div style=\"text-align:center;\"> <div class=\"N8MGzv _v6ohL PO9MfV AWXfZq comp-lvw9i5vx3 wixui-rich-text\"><\/div> <div class=\"N8MGzv _v6ohL PO9MfV AWXfZq comp-lvw9i5vz1 wixui-rich-text\"> <p class=\"font_8 wixui-rich-text__text\">\u00a0<\/p> <p class=\"font_8 wixui-rich-text__text\">\u00a0<\/p> <p class=\"font_8 wixui-rich-text__text\">\u00a0<\/p> <p class=\"font_8 wixui-rich-text__text\"><span class=\"wixui-rich-text__text\" style=\"font-size:18px;\">MOZART<\/span><\/p> <p class=\"font_8 wixui-rich-text__text\">\u00a0<\/p> <p class=\"font_8 wixui-rich-text__text\" style=\"line-height:0.8;\"><span style=\"font-size:32px;\"><em><span class=\"wixui-rich-text__text\">LE NOZZE DI FIGARO<\/span><\/em><\/span><\/p> <p class=\"font_8 wixui-rich-text__text\" style=\"line-height:1.5;\"><em><span style=\"font-size:14px;\"><span class=\"wixui-rich-text__text\"><span class=\"color_15 wixui-rich-text__text\">\u00d3pera de Oviedo <span class=\"color_18 wixui-rich-text__text\"><span style=\"color:rgb(224,62,45);\"><strong>\u00b7<\/strong><\/span><\/span><\/span><\/span><span class=\"wixui-rich-text__text\"><span class=\"color_15 wixui-rich-text__text\"> 2025<\/span><\/span><\/span><\/em><\/p> <p class=\"font_8 wixui-rich-text__text\">\u00a0<\/p> <div class=\"N8MGzv _v6ohL PO9MfV AWXfZq comp-lvw9jao81 wixui-rich-text\"> <p class=\"font_8 wixui-rich-text__text\"><span class=\"wixui-rich-text__text\">Lucas Mac\u00edas <span style=\"color:rgb(224,62,45);\">\/<\/span> Emilio Sagi<\/span><\/p> <p class=\"font_8 wixui-rich-text__text\"><span class=\"wixui-rich-text__text\">Mar\u00eda Jos\u00e9 Moreno, Jos\u00e9 Antonio L\u00f3pez, Pablo Ruiz, Mercedes Gancedo, Anna Penisi, Alexandra Urquiola, Valeriano Lanchas, Ruth Gonz\u00e1lez, David Barrera<\/span><\/p> <\/div> <\/div> <\/div><\/div><\/div><\/li>\n                <li style=\"display: none; width: 100%;\" class=\"slide-490 ms-image\" aria-roledescription=\"slide\" data-date=\"2026-08-30 09:31:13\" data-filename=\"opera-fondo-hueso-1-390x400.png\" data-slide-type=\"image\"><img loading=\"lazy\" decoding=\"async\" src=\"https:\/\/borjamarino.com\/wp-content\/uploads\/2026\/08\/opera-fondo-hueso-1-390x400.png\" height=\"400\" width=\"390\" alt=\"Carousel with Captions\" class=\"slider-74 slide-490 msDefaultImage\" title=\"Carousel with Captions\" \/><div class=\"caption-wrap\"><div class=\"caption\"><div style=\"text-align:center;\"> <div class=\"N8MGzv _v6ohL PO9MfV AWXfZq comp-lvw9i5vx3 wixui-rich-text\"><\/div> <div class=\"N8MGzv _v6ohL PO9MfV AWXfZq comp-lvw9i5vz1 wixui-rich-text\"> <p class=\"font_8 wixui-rich-text__text\">\u00a0<\/p> <p class=\"font_8 wixui-rich-text__text\">\u00a0<\/p> <p class=\"font_8 wixui-rich-text__text\">\u00a0<\/p> <p class=\"font_8 wixui-rich-text__text\"><span class=\"wixui-rich-text__text\" style=\"font-size:18px;\">MOZART<\/span><\/p> <p class=\"font_8 wixui-rich-text__text\">\u00a0<\/p> <p class=\"font_8 wixui-rich-text__text\" style=\"line-height:0.8;\"><span style=\"font-size:32px;\"><em><span class=\"wixui-rich-text__text\">LE NOZZE DI FIGARO<\/span><\/em><\/span><\/p> <p class=\"font_8 wixui-rich-text__text\" style=\"line-height:1.5;\"><em><span style=\"font-size:14px;\"><span class=\"wixui-rich-text__text\"><span class=\"color_15 wixui-rich-text__text\">Aud. Galicia, Santiago de Compostela <span class=\"color_18 wixui-rich-text__text\"><span style=\"color:rgb(224,62,45);\"><strong>\u00b7<\/strong><\/span><\/span><\/span><\/span><span class=\"wixui-rich-text__text\"><span class=\"color_15 wixui-rich-text__text\"> 2006<\/span><\/span><\/span><\/em><\/p> <p class=\"font_8 wixui-rich-text__text\">\u00a0<\/p> <div class=\"N8MGzv _v6ohL PO9MfV AWXfZq comp-lvw9jao81 wixui-rich-text\"> <p class=\"font_8 wixui-rich-text__text\"><span class=\"wixui-rich-text__text\">Antoni Ros Marb\u00e1 <span style=\"color:rgb(224,62,45);\">\/<\/span> Emilio Sagi<\/span><\/p> <p class=\"font_8 wixui-rich-text__text\"><span class=\"wixui-rich-text__text\">Josep Miquel Ram\u00f3n, Elena de la Merced, Mar\u00eda Rodr\u00edguez, Cristina Faus, Joan Mart\u00edn Royo, Luisa Maesso, <\/span><span class=\"wixui-rich-text__text\">Soledad Cardoso, Miguel L\u00f3pez-Galindo<\/span><\/p> <\/div> <\/div> <\/div><\/div><\/div><\/li>\n                <li style=\"display: none; width: 100%;\" class=\"slide-491 ms-image\" aria-roledescription=\"slide\" data-date=\"2026-08-30 09:32:40\" data-filename=\"opera-fondo-hueso-1-390x400.png\" data-slide-type=\"image\"><img loading=\"lazy\" decoding=\"async\" src=\"https:\/\/borjamarino.com\/wp-content\/uploads\/2026\/08\/opera-fondo-hueso-1-390x400.png\" height=\"400\" width=\"390\" alt=\"Carousel with Captions\" class=\"slider-74 slide-491 msDefaultImage\" title=\"Carousel with Captions\" \/><div class=\"caption-wrap\"><div class=\"caption\"><div style=\"text-align:center;\"> <div class=\"N8MGzv _v6ohL PO9MfV AWXfZq comp-lvw9i5vx3 wixui-rich-text\"><\/div> <div class=\"N8MGzv _v6ohL PO9MfV AWXfZq comp-lvw9i5vz1 wixui-rich-text\"> <p class=\"font_8 wixui-rich-text__text\">\u00a0<\/p> <p class=\"font_8 wixui-rich-text__text\">\u00a0<\/p> <p class=\"font_8 wixui-rich-text__text\">\u00a0<\/p> <p class=\"font_8 wixui-rich-text__text\"><span class=\"wixui-rich-text__text\" style=\"font-size:18px;\">MOZART<\/span><\/p> <p class=\"font_8 wixui-rich-text__text\">\u00a0<\/p> <p class=\"font_8 wixui-rich-text__text\" style=\"line-height:1.5;\"><span style=\"font-size:32px;\"><em><span class=\"wixui-rich-text__text\">IDOMENEO<\/span><\/em><\/span><\/p> <p class=\"font_8 wixui-rich-text__text\" style=\"line-height:1.5;\"><em><span style=\"font-size:14px;\"><span class=\"wixui-rich-text__text\"><span class=\"color_15 wixui-rich-text__text\">Gran Teatre del Liceu, Barcelona <span class=\"color_18 wixui-rich-text__text\"><span style=\"color:rgb(224,62,45);\"><strong>\u00b7<\/strong><\/span><\/span><\/span><\/span><span class=\"wixui-rich-text__text\"><span class=\"color_15 wixui-rich-text__text\"> 2006<\/span><\/span><\/span><\/em><\/p> <p class=\"font_8 wixui-rich-text__text\">\u00a0<\/p> <div class=\"N8MGzv _v6ohL PO9MfV AWXfZq comp-lvw9jao81 wixui-rich-text\"> <p class=\"font_8 wixui-rich-text__text\"><span class=\"wixui-rich-text__text\">Sebastian Weigle <span style=\"color:rgb(224,62,45);\">\/<\/span> Nicolas Brieger<\/span><\/p> <p class=\"font_8 wixui-rich-text__text\"><span class=\"wixui-rich-text__text\">Bruce Ford \/ Roberto Sacc\u00e0, Mar\u00eda Bayo \/ Marie Arnet, <\/span><span class=\"wixui-rich-text__text\">Iano Tamar \/ Barbara Quintiliani, Kristine Jepson \/ Maite Beaumont, Francisco Vas<\/span><\/p> <\/div> <\/div> <\/div><\/div><\/div><\/li>\n                <li style=\"display: none; width: 100%;\" class=\"slide-492 ms-image\" aria-roledescription=\"slide\" data-date=\"2026-08-30 09:40:25\" data-filename=\"opera-fondo-hueso-1-390x400.png\" data-slide-type=\"image\"><img loading=\"lazy\" decoding=\"async\" src=\"https:\/\/borjamarino.com\/wp-content\/uploads\/2026\/08\/opera-fondo-hueso-1-390x400.png\" height=\"400\" width=\"390\" alt=\"Carousel with Captions\" class=\"slider-74 slide-492 msDefaultImage\" title=\"Carousel with Captions\" \/><div class=\"caption-wrap\"><div class=\"caption\"><div style=\"text-align:center;\"> <div class=\"N8MGzv _v6ohL PO9MfV AWXfZq comp-lvw9i5vx3 wixui-rich-text\"><\/div> <div class=\"N8MGzv _v6ohL PO9MfV AWXfZq comp-lvw9i5vz1 wixui-rich-text\"> <p class=\"font_8 wixui-rich-text__text\">\u00a0<\/p> <p class=\"font_8 wixui-rich-text__text\">\u00a0<\/p> <p class=\"font_8 wixui-rich-text__text\"><span class=\"wixui-rich-text__text\" style=\"font-size:18px;\">OFFENBACH<\/span><\/p> <p class=\"font_8 wixui-rich-text__text\">\u00a0<\/p> <p class=\"font_8 wixui-rich-text__text\" style=\"line-height:0.8;\"><span style=\"font-size:32px;\"><em><span class=\"wixui-rich-text__text\">LES CONTES D'HOFFMANN<\/span><\/em><\/span><\/p> <p class=\"font_8 wixui-rich-text__text\" style=\"line-height:1.5;\"><em><span style=\"font-size:14px;\"><span class=\"wixui-rich-text__text\"><span class=\"color_15 wixui-rich-text__text\">Teatre Principal Palma de Mallorca <span class=\"color_18 wixui-rich-text__text\"><span style=\"color:rgb(224,62,45);\"><strong>\u00b7<\/strong><\/span><\/span><\/span><\/span><span class=\"wixui-rich-text__text\"><span class=\"color_15 wixui-rich-text__text\"> 2022<\/span><\/span><\/span><\/em><\/p> <p class=\"font_8 wixui-rich-text__text\">\u00a0<\/p> <div class=\"N8MGzv _v6ohL PO9MfV AWXfZq comp-lvw9jao81 wixui-rich-text\"> <p class=\"font_8 wixui-rich-text__text\"><span class=\"wixui-rich-text__text\">Yi-Chen Li <span style=\"color:rgb(224,62,45);\">\/<\/span> Vincent Huguet<\/span><\/p> <p class=\"font_8 wixui-rich-text__text\"><span class=\"wixui-rich-text__text\">Ram\u00f3n Vargas, Annalisa Stroppa, Sim\u00f3n Orfila, Pauline Texier, <\/span><span class=\"wixui-rich-text__text\">Marga Cloquell, Marta Bauz\u00e0, Natalia Salom, Joan Gabriel Riera, <\/span><span class=\"wixui-rich-text__text\">Josep Fad\u00f3, Carles Daza<\/span><\/p> <\/div> <\/div> <\/div><\/div><\/div><\/li>\n                <li style=\"display: none; width: 100%;\" class=\"slide-493 ms-image\" aria-roledescription=\"slide\" data-date=\"2026-08-30 09:41:56\" data-filename=\"opera-fondo-hueso-1-390x400.png\" data-slide-type=\"image\"><img loading=\"lazy\" decoding=\"async\" src=\"https:\/\/borjamarino.com\/wp-content\/uploads\/2026\/08\/opera-fondo-hueso-1-390x400.png\" height=\"400\" width=\"390\" alt=\"Carousel with Captions\" class=\"slider-74 slide-493 msDefaultImage\" title=\"Carousel with Captions\" \/><div class=\"caption-wrap\"><div class=\"caption\"><div style=\"text-align:center;\"> <div class=\"N8MGzv _v6ohL PO9MfV AWXfZq comp-lvw9i5vx3 wixui-rich-text\"><\/div> <div class=\"N8MGzv _v6ohL PO9MfV AWXfZq comp-lvw9i5vz1 wixui-rich-text\"> <p class=\"font_8 wixui-rich-text__text\">\u00a0<\/p> <p class=\"font_8 wixui-rich-text__text\">\u00a0<\/p> <p class=\"font_8 wixui-rich-text__text\"><span class=\"wixui-rich-text__text\" style=\"font-size:18px;\">OFFENBACH<\/span><\/p> <p class=\"font_8 wixui-rich-text__text\">\u00a0<\/p> <p class=\"font_8 wixui-rich-text__text\" style=\"line-height:0.8;\"><span style=\"font-size:32px;\"><em><span class=\"wixui-rich-text__text\">LES CONTES D'HOFFMANN<\/span><\/em><\/span><\/p> <p class=\"font_8 wixui-rich-text__text\" style=\"line-height:1.5;\"><em><span style=\"font-size:14px;\"><span class=\"wixui-rich-text__text\"><span class=\"color_15 wixui-rich-text__text\">Teatro P\u00e9rez Gald\u00f3s, Las Palmas <span class=\"color_18 wixui-rich-text__text\"><span style=\"color:rgb(224,62,45);\"><strong>\u00b7<\/strong><\/span><\/span><\/span><\/span><span class=\"wixui-rich-text__text\"><span class=\"color_15 wixui-rich-text__text\"> 2022<\/span><\/span><\/span><\/em><\/p> <p class=\"font_8 wixui-rich-text__text\">\u00a0<\/p> <div class=\"N8MGzv _v6ohL PO9MfV AWXfZq comp-lvw9jao81 wixui-rich-text\"> <p class=\"font_8 wixui-rich-text__text\"><span class=\"wixui-rich-text__text\">Yves Abel <span style=\"color:rgb(224,62,45);\">\/<\/span> Daniele Piscopo<\/span><\/p> <p class=\"font_8 wixui-rich-text__text\"><span class=\"wixui-rich-text__text\">Arturo Chac\u00f3n Cruz, Paola Gardina, Rub\u00e9n Amoretti,\u00a0<\/span><span class=\"wixui-rich-text__text\">Carolina L\u00f3pez Moreno, Olga Syniakova, Aitana Sanz, Reinaldo Mac\u00edas, Isaac Gal\u00e1n, Nora Carrasco<\/span><\/p> <\/div> <\/div> <\/div><\/div><\/div><\/li>\n                <li style=\"display: none; width: 100%;\" class=\"slide-494 ms-image\" aria-roledescription=\"slide\" data-date=\"2026-08-30 09:46:31\" data-filename=\"opera-fondo-hueso-1-390x400.png\" data-slide-type=\"image\"><img loading=\"lazy\" decoding=\"async\" src=\"https:\/\/borjamarino.com\/wp-content\/uploads\/2026\/08\/opera-fondo-hueso-1-390x400.png\" height=\"400\" width=\"390\" alt=\"Carousel with Captions\" class=\"slider-74 slide-494 msDefaultImage\" title=\"Carousel with Captions\" \/><div class=\"caption-wrap\"><div class=\"caption\"><div style=\"text-align:center;\"> <div class=\"N8MGzv _v6ohL PO9MfV AWXfZq comp-lvw9i5vx3 wixui-rich-text\"><\/div> <div class=\"N8MGzv _v6ohL PO9MfV AWXfZq comp-lvw9i5vz1 wixui-rich-text\"> <p class=\"font_8 wixui-rich-text__text\">\u00a0<\/p> <p class=\"font_8 wixui-rich-text__text\">\u00a0<\/p> <p class=\"font_8 wixui-rich-text__text\"><span class=\"wixui-rich-text__text\" style=\"font-size:18px;\">PONCHIELLI<\/span><\/p> <p class=\"font_8 wixui-rich-text__text\">\u00a0<\/p> <p class=\"font_8 wixui-rich-text__text\" style=\"line-height:1.5;\"><span style=\"font-size:32px;\"><em><span class=\"wixui-rich-text__text\">LA GIOCONDA<\/span><\/em><\/span><\/p> <p class=\"font_8 wixui-rich-text__text\" style=\"line-height:1.5;\"><em><span style=\"font-size:14px;\"><span class=\"wixui-rich-text__text\"><span class=\"color_15 wixui-rich-text__text\">Teatro P\u00e9rez Gald\u00f3s, Las Palmas <span class=\"color_18 wixui-rich-text__text\"><span style=\"color:rgb(224,62,45);\"><strong>\u00b7<\/strong><\/span><\/span><\/span><\/span><span class=\"wixui-rich-text__text\"><span class=\"color_15 wixui-rich-text__text\"> 2023<\/span><\/span><\/span><\/em><\/p> <p class=\"font_8 wixui-rich-text__text\">\u00a0<\/p> <div class=\"N8MGzv _v6ohL PO9MfV AWXfZq comp-lvw9jao81 wixui-rich-text\"> <p class=\"font_8 wixui-rich-text__text\"><span class=\"wixui-rich-text__text\">Roberto Rizzi-Brignoli\u00a0<span style=\"color:rgb(224,62,45);\">\/<\/span>\u00a0Daniele Piscopo<\/span><\/p> <p class=\"font_8 wixui-rich-text__text\"><span class=\"wixui-rich-text__text\">Saioa Hern\u00e1ndez, Francesco Pio Galasso, Annalisa Stroppa, <\/span><span class=\"wixui-rich-text__text\">Roman Burdenko, Sim\u00f3n Orfila, Yulia Mennibaeva, Isaac Gal\u00e1n, <\/span><span class=\"wixui-rich-text__text\">Manuel Garc\u00eda<\/span><\/p> <\/div> <\/div> <\/div><\/div><\/div><\/li>\n                <li style=\"display: none; width: 100%;\" class=\"slide-495 ms-image\" aria-roledescription=\"slide\" data-date=\"2026-08-30 09:48:04\" data-filename=\"opera-fondo-hueso-1-390x400.png\" data-slide-type=\"image\"><img loading=\"lazy\" decoding=\"async\" src=\"https:\/\/borjamarino.com\/wp-content\/uploads\/2026\/08\/opera-fondo-hueso-1-390x400.png\" height=\"400\" width=\"390\" alt=\"Carousel with Captions\" class=\"slider-74 slide-495 msDefaultImage\" title=\"Carousel with Captions\" \/><div class=\"caption-wrap\"><div class=\"caption\"><div style=\"text-align:center;\"> <div class=\"N8MGzv _v6ohL PO9MfV AWXfZq comp-lvw9i5vx3 wixui-rich-text\"><\/div> <div class=\"N8MGzv _v6ohL PO9MfV AWXfZq comp-lvw9i5vz1 wixui-rich-text\"> <p class=\"font_8 wixui-rich-text__text\">\u00a0<\/p> <p class=\"font_8 wixui-rich-text__text\">\u00a0<\/p> <p class=\"font_8 wixui-rich-text__text\"><span class=\"wixui-rich-text__text\" style=\"font-size:18px;\">PONCHIELLI<\/span><\/p> <p class=\"font_8 wixui-rich-text__text\">\u00a0<\/p> <p class=\"font_8 wixui-rich-text__text\" style=\"line-height:1.5;\"><span style=\"font-size:32px;\"><em><span class=\"wixui-rich-text__text\">LA GIOCONDA<\/span><\/em><\/span><\/p> <p class=\"font_8 wixui-rich-text__text\" style=\"line-height:1.5;\"><em><span style=\"font-size:14px;\"><span class=\"wixui-rich-text__text\"><span class=\"color_15 wixui-rich-text__text\">Festival Amazonas de Opera, Manaus <span class=\"color_18 wixui-rich-text__text\"><span style=\"color:rgb(224,62,45);\"><strong>\u00b7<\/strong><\/span><\/span><\/span><\/span><span class=\"wixui-rich-text__text\"><span class=\"color_15 wixui-rich-text__text\"> 2006<\/span><\/span><\/span><\/em><\/p> <p class=\"font_8 wixui-rich-text__text\">\u00a0<\/p> <div class=\"N8MGzv _v6ohL PO9MfV AWXfZq comp-lvw9jao81 wixui-rich-text\"> <p class=\"font_8 wixui-rich-text__text\"><span class=\"wixui-rich-text__text\">Luiz F. Malheiro <span style=\"color:rgb(224,62,45);\">\/<\/span>\u00a0Alejandro Chac\u00f3n<\/span><\/p> <p class=\"font_8 wixui-rich-text__text\"><span class=\"wixui-rich-text__text\">Eliane Coelho, Regina Elena Mesquita, Francisco Casanova, <\/span><span class=\"wixui-rich-text__text\">Luiz-Ottavio Faria, Denise de Freitas, Carlo Kang, Josenor Rocha, <\/span><span class=\"wixui-rich-text__text\">Cristiano Silva, Ely Soares<\/span><\/p> <\/div> <\/div> <\/div><\/div><\/div><\/li>\n                <li style=\"display: none; width: 100%;\" class=\"slide-496 ms-image\" aria-roledescription=\"slide\" data-date=\"2026-08-30 09:51:43\" data-filename=\"opera-fondo-hueso-1-390x400.png\" data-slide-type=\"image\"><img loading=\"lazy\" decoding=\"async\" src=\"https:\/\/borjamarino.com\/wp-content\/uploads\/2026\/08\/opera-fondo-hueso-1-390x400.png\" height=\"400\" width=\"390\" alt=\"Carousel with Captions\" class=\"slider-74 slide-496 msDefaultImage\" title=\"Carousel with Captions\" \/><div class=\"caption-wrap\"><div class=\"caption\"><div style=\"text-align:center;\"> <div class=\"N8MGzv _v6ohL PO9MfV AWXfZq comp-lvw9i5vx3 wixui-rich-text\"><\/div> <div class=\"N8MGzv _v6ohL PO9MfV AWXfZq comp-lvw9i5vz1 wixui-rich-text\"> <p class=\"font_8 wixui-rich-text__text\">\u00a0<\/p> <p class=\"font_8 wixui-rich-text__text\">\u00a0<\/p> <p class=\"font_8 wixui-rich-text__text\">\u00a0<\/p> <p class=\"font_8 wixui-rich-text__text\"><span class=\"wixui-rich-text__text\" style=\"font-size:18px;\">POULENC<\/span><\/p> <p class=\"font_8 wixui-rich-text__text\">\u00a0<\/p> <p class=\"font_8 wixui-rich-text__text\" style=\"line-height:0.8;\"><span style=\"font-size:32px;\"><em><span class=\"wixui-rich-text__text\">LES MAMELLES DE TIR\u00c9SIAS<\/span><\/em><\/span><\/p> <p class=\"font_8 wixui-rich-text__text\" style=\"line-height:1.5;\"><em><span style=\"font-size:14px;\"><span class=\"wixui-rich-text__text\"><span class=\"color_15 wixui-rich-text__text\">\u00d3pera de Oviedo <span class=\"color_18 wixui-rich-text__text\"><span style=\"color:rgb(224,62,45);\"><strong>\u00b7<\/strong><\/span><\/span><\/span><\/span><span class=\"wixui-rich-text__text\"><span class=\"color_15 wixui-rich-text__text\"> 2020<\/span><\/span><\/span><\/em><\/p> <p class=\"font_8 wixui-rich-text__text\">\u00a0<\/p> <div class=\"N8MGzv _v6ohL PO9MfV AWXfZq comp-lvw9jao81 wixui-rich-text\"> <p class=\"font_8 wixui-rich-text__text\"><span class=\"wixui-rich-text__text\">Maximiano Vald\u00e9s\u00a0<span style=\"color:rgb(224,62,45);\">\/<\/span>\u00a0Emilio Sagi<\/span><\/p> <p class=\"font_8 wixui-rich-text__text\"><span class=\"wixui-rich-text__text\">Sabina Pu\u00e9rtolas, Anna Pennisi, R\u00e9gis Mengus, David Men\u00e9ndez, <\/span><span class=\"wixui-rich-text__text\">David Oller, Francisco Vas<\/span><\/p> <p class=\"font_8 wixui-rich-text__text\">\u00a0<\/p> <\/div> <\/div> <\/div><\/div><\/div><\/li>\n                <li style=\"display: none; width: 100%;\" class=\"slide-497 ms-image\" aria-roledescription=\"slide\" data-date=\"2026-08-30 09:53:32\" data-filename=\"opera-fondo-hueso-1-390x400.png\" data-slide-type=\"image\"><img loading=\"lazy\" decoding=\"async\" src=\"https:\/\/borjamarino.com\/wp-content\/uploads\/2026\/08\/opera-fondo-hueso-1-390x400.png\" height=\"400\" width=\"390\" alt=\"Carousel with Captions\" class=\"slider-74 slide-497 msDefaultImage\" title=\"Carousel with Captions\" \/><div class=\"caption-wrap\"><div class=\"caption\"><div style=\"text-align:center;\"> <div class=\"N8MGzv _v6ohL PO9MfV AWXfZq comp-lvw9i5vx3 wixui-rich-text\"><\/div> <div class=\"N8MGzv _v6ohL PO9MfV AWXfZq comp-lvw9i5vz1 wixui-rich-text\"> <p class=\"font_8 wixui-rich-text__text\">\u00a0<\/p> <p class=\"font_8 wixui-rich-text__text\">\u00a0<\/p> <p class=\"font_8 wixui-rich-text__text\">\u00a0<\/p> <p class=\"font_8 wixui-rich-text__text\"><span class=\"wixui-rich-text__text\" style=\"font-size:18px;\">POULENC<\/span><\/p> <p class=\"font_8 wixui-rich-text__text\">\u00a0<\/p> <p class=\"font_8 wixui-rich-text__text\" style=\"line-height:1.5;\"><span style=\"font-size:32px;\"><em><span class=\"wixui-rich-text__text\">LA VOIX HUMAINE<\/span><\/em><\/span><\/p> <p class=\"font_8 wixui-rich-text__text\" style=\"line-height:1.5;\"><em><span style=\"font-size:14px;\"><span class=\"wixui-rich-text__text\"><span class=\"color_15 wixui-rich-text__text\">Teatro Arriaga de Bilbao, Teatro Cervantes de M\u00e1laga, Teatro Villamarta de Jerez <span class=\"color_18 wixui-rich-text__text\"><span style=\"color:rgb(224,62,45);\"><strong>\u00b7<\/strong><\/span><\/span><\/span><\/span><span class=\"wixui-rich-text__text\"><span class=\"color_15 wixui-rich-text__text\"> 2011<\/span><\/span><\/span><\/em><\/p> <p class=\"font_8 wixui-rich-text__text\">\u00a0<\/p> <div class=\"N8MGzv _v6ohL PO9MfV AWXfZq comp-lvw9jao81 wixui-rich-text\"> <p class=\"font_8 wixui-rich-text__text\"><span class=\"wixui-rich-text__text\">Lorenzo Ramos\u00a0<span style=\"color:rgb(224,62,45);\">\/<\/span>\u00a0Jos\u00e9 Luis Castro<\/span><\/p> <p class=\"font_8 wixui-rich-text__text\"><span class=\"wixui-rich-text__text\">Michelle Canniccioni \/ Elisabete Matos<\/span><\/p> <p class=\"font_8 wixui-rich-text__text\">\u00a0<\/p> <\/div> <\/div> <\/div><\/div><\/div><\/li>\n                <li style=\"display: none; width: 100%;\" class=\"slide-498 ms-image\" aria-roledescription=\"slide\" data-date=\"2026-08-30 09:56:14\" data-filename=\"opera-fondo-hueso-1-390x400.png\" data-slide-type=\"image\"><img loading=\"lazy\" decoding=\"async\" src=\"https:\/\/borjamarino.com\/wp-content\/uploads\/2026\/08\/opera-fondo-hueso-1-390x400.png\" height=\"400\" width=\"390\" alt=\"Carousel with Captions\" class=\"slider-74 slide-498 msDefaultImage\" title=\"Carousel with Captions\" \/><div class=\"caption-wrap\"><div class=\"caption\"><div style=\"text-align:center;\"> <div class=\"N8MGzv _v6ohL PO9MfV AWXfZq comp-lvw9i5vx3 wixui-rich-text\"><\/div> <div class=\"N8MGzv _v6ohL PO9MfV AWXfZq comp-lvw9i5vz1 wixui-rich-text\"> <p class=\"font_8 wixui-rich-text__text\">\u00a0<\/p> <p class=\"font_8 wixui-rich-text__text\">\u00a0<\/p> <p class=\"font_8 wixui-rich-text__text\">\u00a0<\/p> <p class=\"font_8 wixui-rich-text__text\">\u00a0<\/p> <p class=\"font_8 wixui-rich-text__text\"><span class=\"wixui-rich-text__text\" style=\"font-size:18px;\">POULENC<\/span><\/p> <p class=\"font_8 wixui-rich-text__text\">\u00a0<\/p> <p class=\"font_8 wixui-rich-text__text\" style=\"line-height:1.5;\"><span style=\"font-size:32px;\"><em><span class=\"wixui-rich-text__text\">LA VOIX HUMAINE<\/span><\/em><\/span><\/p> <p class=\"font_8 wixui-rich-text__text\" style=\"line-height:1.5;\"><em><span style=\"font-size:14px;\"><span class=\"wixui-rich-text__text\"><span class=\"color_15 wixui-rich-text__text\">Fest. Are More, Univ. Santiago <span class=\"color_18 wixui-rich-text__text\"><span style=\"color:rgb(224,62,45);\"><strong>\u00b7<\/strong><\/span><\/span><\/span><\/span><span class=\"wixui-rich-text__text\"><span class=\"color_15 wixui-rich-text__text\"> 2003<\/span><\/span><\/span><\/em><\/p> <p class=\"font_8 wixui-rich-text__text\">\u00a0<\/p> <div class=\"N8MGzv _v6ohL PO9MfV AWXfZq comp-lvw9jao81 wixui-rich-text\"> <p class=\"font_8 wixui-rich-text__text\"><span class=\"wixui-rich-text__text\">BORJA MARI\u00d1O\u00a0<span style=\"color:rgb(224,62,45);\">\/<\/span>\u00a0Alfonso Romero<\/span><\/p> <p class=\"font_8 wixui-rich-text__text\"><span class=\"wixui-rich-text__text\">Carmen Gurriar\u00e1n<\/span><\/p> <p class=\"font_8 wixui-rich-text__text\">\u00a0<\/p> <p class=\"font_8 wixui-rich-text__text\">\u00a0<\/p> <\/div> <\/div> <\/div><\/div><\/div><\/li>\n                <li style=\"display: none; width: 100%;\" class=\"slide-499 ms-image\" aria-roledescription=\"slide\" data-date=\"2026-08-30 09:59:36\" data-filename=\"opera-fondo-hueso-1-390x400.png\" data-slide-type=\"image\"><img loading=\"lazy\" decoding=\"async\" src=\"https:\/\/borjamarino.com\/wp-content\/uploads\/2026\/08\/opera-fondo-hueso-1-390x400.png\" height=\"400\" width=\"390\" alt=\"Carousel with Captions\" class=\"slider-74 slide-499 msDefaultImage\" title=\"Carousel with Captions\" \/><div class=\"caption-wrap\"><div class=\"caption\"><div style=\"text-align:center;\"> <div class=\"N8MGzv _v6ohL PO9MfV AWXfZq comp-lvw9i5vx3 wixui-rich-text\"><\/div> <div class=\"N8MGzv _v6ohL PO9MfV AWXfZq comp-lvw9i5vz1 wixui-rich-text\"> <p class=\"font_8 wixui-rich-text__text\">\u00a0<\/p> <p class=\"font_8 wixui-rich-text__text\">\u00a0<\/p> <p class=\"font_8 wixui-rich-text__text\"><span class=\"wixui-rich-text__text\" style=\"font-size:18px;\">PUCCINI<\/span><\/p> <p class=\"font_8 wixui-rich-text__text\">\u00a0<\/p> <p class=\"font_8 wixui-rich-text__text\" style=\"line-height:1.5;\"><span style=\"font-size:32px;\"><em><span class=\"wixui-rich-text__text\">LA BOH\u00c8ME<\/span><\/em><\/span><\/p> <p class=\"font_8 wixui-rich-text__text\" style=\"line-height:1.5;\"><em><span style=\"font-size:14px;\"><span class=\"wixui-rich-text__text\"><span class=\"color_15 wixui-rich-text__text\">\u00d3pera de Oviedo <span class=\"color_18 wixui-rich-text__text\"><span style=\"color:rgb(224,62,45);\"><strong>\u00b7<\/strong><\/span><\/span><\/span><\/span><span class=\"wixui-rich-text__text\"><span class=\"color_15 wixui-rich-text__text\"> 2021<\/span><\/span><\/span><\/em><\/p> <p class=\"font_8 wixui-rich-text__text\">\u00a0<\/p> <div class=\"N8MGzv _v6ohL PO9MfV AWXfZq comp-lvw9jao81 wixui-rich-text\"> <p class=\"font_8 wixui-rich-text__text\"><span class=\"wixui-rich-text__text\">Corrado Rovaris\u00a0<span style=\"color:rgb(224,62,45);\">\/<\/span>\u00a0Emilio Sagi<\/span><\/p> <p class=\"font_8 wixui-rich-text__text\"><span class=\"wixui-rich-text__text\">Alessandro Scotto, Simona Mihai, Javier Franco, Elena Sancho Pereg, David Men\u00e9ndez, David Lagares, Vicente Esteve, Juan Noval Moro, <\/span><span class=\"wixui-rich-text__text\">Miren Urbieta<\/span><\/p> <\/div> <\/div> <\/div><\/div><\/div><\/li>\n                <li style=\"display: none; width: 100%;\" class=\"slide-500 ms-image\" aria-roledescription=\"slide\" data-date=\"2026-08-30 10:01:24\" data-filename=\"opera-fondo-hueso-1-390x400.png\" data-slide-type=\"image\"><img loading=\"lazy\" decoding=\"async\" src=\"https:\/\/borjamarino.com\/wp-content\/uploads\/2026\/08\/opera-fondo-hueso-1-390x400.png\" height=\"400\" width=\"390\" alt=\"Carousel with Captions\" class=\"slider-74 slide-500 msDefaultImage\" title=\"Carousel with Captions\" \/><div class=\"caption-wrap\"><div class=\"caption\"><div style=\"text-align:center;\"> <div class=\"N8MGzv _v6ohL PO9MfV AWXfZq comp-lvw9i5vx3 wixui-rich-text\"><\/div> <div class=\"N8MGzv _v6ohL PO9MfV AWXfZq comp-lvw9i5vz1 wixui-rich-text\"> <p class=\"font_8 wixui-rich-text__text\">\u00a0<\/p> <p class=\"font_8 wixui-rich-text__text\">\u00a0<\/p> <p class=\"font_8 wixui-rich-text__text\">\u00a0<\/p> <p class=\"font_8 wixui-rich-text__text\"><span class=\"wixui-rich-text__text\" style=\"font-size:18px;\">PUCCINI<\/span><\/p> <p class=\"font_8 wixui-rich-text__text\">\u00a0<\/p> <p class=\"font_8 wixui-rich-text__text\" style=\"line-height:1.5;\"><span style=\"font-size:32px;\"><em><span class=\"wixui-rich-text__text\">LA BOH\u00c8ME<\/span><\/em><\/span><\/p> <p class=\"font_8 wixui-rich-text__text\" style=\"line-height:1.5;\"><em><span style=\"font-size:14px;\"><span class=\"wixui-rich-text__text\"><span class=\"color_15 wixui-rich-text__text\">Auditorio Alfredo Kraus, Las Palmas <span class=\"color_18 wixui-rich-text__text\"><span style=\"color:rgb(224,62,45);\"><strong>\u00b7<\/strong><\/span><\/span><\/span><\/span><span class=\"wixui-rich-text__text\"><span class=\"color_15 wixui-rich-text__text\"> 2020<\/span><\/span><\/span><\/em><\/p> <p class=\"font_8 wixui-rich-text__text\">\u00a0<\/p> <div class=\"N8MGzv _v6ohL PO9MfV AWXfZq comp-lvw9jao81 wixui-rich-text\"> <p class=\"font_8 wixui-rich-text__text\"><span class=\"wixui-rich-text__text\">Karel Mark Chichon <span style=\"color:rgb(224,62,45);\">\/<\/span>\u00a0Carlo Antonio de Lucia<\/span><\/p> <p class=\"font_8 wixui-rich-text__text\"><span class=\"wixui-rich-text__text\">Bryan Hymel, Lianna Haroutounian, Massimo Cavalletti, Nadine Sierra, Rub\u00e9n Amoretti, Pablo Ruiz, Isaac Gal\u00e1n<\/span><\/p> <\/div> <\/div> <\/div><\/div><\/div><\/li>\n                <li style=\"display: none; width: 100%;\" class=\"slide-501 ms-image\" aria-roledescription=\"slide\" data-date=\"2026-08-30 10:02:29\" data-filename=\"opera-fondo-hueso-1-390x400.png\" data-slide-type=\"image\"><img loading=\"lazy\" decoding=\"async\" src=\"https:\/\/borjamarino.com\/wp-content\/uploads\/2026\/08\/opera-fondo-hueso-1-390x400.png\" height=\"400\" width=\"390\" alt=\"Carousel with Captions\" class=\"slider-74 slide-501 msDefaultImage\" title=\"Carousel with Captions\" \/><div class=\"caption-wrap\"><div class=\"caption\"><div style=\"text-align:center;\"> <div class=\"N8MGzv _v6ohL PO9MfV AWXfZq comp-lvw9i5vx3 wixui-rich-text\"><\/div> <div class=\"N8MGzv _v6ohL PO9MfV AWXfZq comp-lvw9i5vz1 wixui-rich-text\"> <p class=\"font_8 wixui-rich-text__text\">\u00a0<\/p> <p class=\"font_8 wixui-rich-text__text\">\u00a0<\/p> <p class=\"font_8 wixui-rich-text__text\">\u00a0<\/p> <p class=\"font_8 wixui-rich-text__text\"><span class=\"wixui-rich-text__text\" style=\"font-size:18px;\">PUCCINI<\/span><\/p> <p class=\"font_8 wixui-rich-text__text\">\u00a0<\/p> <p class=\"font_8 wixui-rich-text__text\" style=\"line-height:1.5;\"><span style=\"font-size:32px;\"><em><span class=\"wixui-rich-text__text\">LA BOH\u00c8ME<\/span><\/em><\/span><\/p> <p class=\"font_8 wixui-rich-text__text\" style=\"line-height:1.5;\"><em><span style=\"font-size:14px;\"><span class=\"wixui-rich-text__text\"><span class=\"color_15 wixui-rich-text__text\">Festival de El Escorial <span class=\"color_18 wixui-rich-text__text\"><span style=\"color:rgb(224,62,45);\"><strong>\u00b7<\/strong><\/span><\/span><\/span><\/span><span class=\"wixui-rich-text__text\"><span class=\"color_15 wixui-rich-text__text\"> 2014<\/span><\/span><\/span><\/em><\/p> <p class=\"font_8 wixui-rich-text__text\">\u00a0<\/p> <div class=\"N8MGzv _v6ohL PO9MfV AWXfZq comp-lvw9jao81 wixui-rich-text\"> <p class=\"font_8 wixui-rich-text__text\"><span class=\"wixui-rich-text__text\">Manuel Coves\u00a0<span style=\"color:rgb(224,62,45);\">\/<\/span>\u00a0Davide Livermore<\/span><\/p> <p class=\"font_8 wixui-rich-text__text\"><span class=\"wixui-rich-text__text\">Gal James, Giordano Luc\u00e0, Juan Jes\u00fas Rodr\u00edguez, Elena de la Merced, David Men\u00e9ndez, Francis T\u00f3jar, Fernando Latorre, Gerardo L\u00f3pez<\/span><\/p> <\/div> <\/div> <\/div><\/div><\/div><\/li>\n                <li style=\"display: none; width: 100%;\" class=\"slide-502 ms-image\" aria-roledescription=\"slide\" data-date=\"2026-08-30 10:03:54\" data-filename=\"opera-fondo-hueso-1-390x400.png\" data-slide-type=\"image\"><img loading=\"lazy\" decoding=\"async\" src=\"https:\/\/borjamarino.com\/wp-content\/uploads\/2026\/08\/opera-fondo-hueso-1-390x400.png\" height=\"400\" width=\"390\" alt=\"Carousel with Captions\" class=\"slider-74 slide-502 msDefaultImage\" title=\"Carousel with Captions\" \/><div class=\"caption-wrap\"><div class=\"caption\"><div style=\"text-align:center;\"> <div class=\"N8MGzv _v6ohL PO9MfV AWXfZq comp-lvw9i5vx3 wixui-rich-text\"><\/div> <div class=\"N8MGzv _v6ohL PO9MfV AWXfZq comp-lvw9i5vz1 wixui-rich-text\"> <p class=\"font_8 wixui-rich-text__text\">\u00a0<\/p> <p class=\"font_8 wixui-rich-text__text\">\u00a0<\/p> <p class=\"font_8 wixui-rich-text__text\"><span class=\"wixui-rich-text__text\" style=\"font-size:18px;\">PUCCINI<\/span><\/p> <p class=\"font_8 wixui-rich-text__text\">\u00a0<\/p> <p class=\"font_8 wixui-rich-text__text\" style=\"line-height:1.5;\"><span style=\"font-size:32px;\"><em><span class=\"wixui-rich-text__text\">LA BOH\u00c8ME<\/span><\/em><\/span><\/p> <p class=\"font_8 wixui-rich-text__text\" style=\"line-height:1.5;\"><em><span style=\"font-size:14px;\"><span class=\"wixui-rich-text__text\"><span class=\"color_15 wixui-rich-text__text\">Teatro de la Maestranza, Sevilla <span class=\"color_18 wixui-rich-text__text\"><span style=\"color:rgb(224,62,45);\"><strong>\u00b7<\/strong><\/span><\/span><\/span><\/span><span class=\"wixui-rich-text__text\"><span class=\"color_15 wixui-rich-text__text\"> 2010<\/span><\/span><\/span><\/em><\/p> <p class=\"font_8 wixui-rich-text__text\">\u00a0<\/p> <div class=\"N8MGzv _v6ohL PO9MfV AWXfZq comp-lvw9jao81 wixui-rich-text\"> <p class=\"font_8 wixui-rich-text__text\"><span class=\"wixui-rich-text__text\">Pedro Halffter\u00a0<span style=\"color:rgb(224,62,45);\">\/<\/span>\u00a0John Copley<\/span><\/p> <p class=\"font_8 wixui-rich-text__text\"><span class=\"wixui-rich-text__text\">Massimo Giordano \/ Fernando Portari, Ainhoa Arteta \/ Carmela Remigio, Juan Jes\u00fas Rodr\u00edguez \/ Claudio Sgura, Beatriz D\u00edaz \/ Tatiana Lisnic, <\/span><span class=\"wixui-rich-text__text\">Manel Esteve<\/span><\/p> <\/div> <\/div> <\/div><\/div><\/div><\/li>\n                <li style=\"display: none; width: 100%;\" class=\"slide-503 ms-image\" aria-roledescription=\"slide\" data-date=\"2026-08-30 10:05:48\" data-filename=\"opera-fondo-hueso-1-390x400.png\" data-slide-type=\"image\"><img loading=\"lazy\" decoding=\"async\" src=\"https:\/\/borjamarino.com\/wp-content\/uploads\/2026\/08\/opera-fondo-hueso-1-390x400.png\" height=\"400\" width=\"390\" alt=\"Carousel with Captions\" class=\"slider-74 slide-503 msDefaultImage\" title=\"Carousel with Captions\" \/><div class=\"caption-wrap\"><div class=\"caption\"><div style=\"text-align:center;\"> <div class=\"N8MGzv _v6ohL PO9MfV AWXfZq comp-lvw9i5vx3 wixui-rich-text\"><\/div> <div class=\"N8MGzv _v6ohL PO9MfV AWXfZq comp-lvw9i5vz1 wixui-rich-text\"> <p class=\"font_8 wixui-rich-text__text\">\u00a0<\/p> <p class=\"font_8 wixui-rich-text__text\">\u00a0<\/p> <p class=\"font_8 wixui-rich-text__text\">\u00a0<\/p> <p class=\"font_8 wixui-rich-text__text\"><span class=\"wixui-rich-text__text\" style=\"font-size:18px;\">PUCC<\/span><span class=\"wixui-rich-text__text\" style=\"font-size:18px;\">INI<\/span><\/p> <p class=\"font_8 wixui-rich-text__text\">\u00a0<\/p> <p class=\"font_8 wixui-rich-text__text\" style=\"line-height:1.5;\"><span style=\"font-size:32px;\"><em><span class=\"wixui-rich-text__text\">LA BOH\u00c8ME<\/span><\/em><\/span><\/p> <p class=\"font_8 wixui-rich-text__text\" style=\"line-height:1.5;\"><em><span style=\"font-size:14px;\"><span class=\"wixui-rich-text__text\"><span class=\"color_15 wixui-rich-text__text\">Palacio de la \u00d3pera, A Coru\u00f1a <span class=\"color_18 wixui-rich-text__text\"><span style=\"color:rgb(224,62,45);\"><strong>\u00b7<\/strong><\/span><\/span><\/span><\/span><span class=\"wixui-rich-text__text\"><span class=\"color_15 wixui-rich-text__text\"> 2007<\/span><\/span><\/span><\/em><\/p> <p class=\"font_8 wixui-rich-text__text\">\u00a0<\/p> <div class=\"N8MGzv _v6ohL PO9MfV AWXfZq comp-lvw9jao81 wixui-rich-text\"> <p class=\"font_8 wixui-rich-text__text\"><span class=\"wixui-rich-text__text\">Vasily Petrenko\u00a0<span style=\"color:rgb(224,62,45);\">\/<\/span>\u00a0Emilio Sagi<\/span><\/p> <p class=\"font_8 wixui-rich-text__text\"><span class=\"wixui-rich-text__text\">Cristina Gallardo-Dom\u00e1s, Tito Beltr\u00e1n, Javier Franco, Carlo Colombara, Borja Quiza, Mar\u00eda Jos\u00e9 Moreno, Enric Serra, Pablo Carballido<\/span><\/p> <\/div> <\/div> <\/div><\/div><\/div><\/li>\n                <li style=\"display: none; width: 100%;\" class=\"slide-504 ms-image\" aria-roledescription=\"slide\" data-date=\"2026-08-30 10:07:15\" data-filename=\"opera-fondo-hueso-1-390x400.png\" data-slide-type=\"image\"><img loading=\"lazy\" decoding=\"async\" src=\"https:\/\/borjamarino.com\/wp-content\/uploads\/2026\/08\/opera-fondo-hueso-1-390x400.png\" height=\"400\" width=\"390\" alt=\"Carousel with Captions\" class=\"slider-74 slide-504 msDefaultImage\" title=\"Carousel with Captions\" \/><div class=\"caption-wrap\"><div class=\"caption\"><div style=\"text-align:center;\"> <div class=\"N8MGzv _v6ohL PO9MfV AWXfZq comp-lvw9i5vx3 wixui-rich-text\"><\/div> <div class=\"N8MGzv _v6ohL PO9MfV AWXfZq comp-lvw9i5vz1 wixui-rich-text\"> <p class=\"font_8 wixui-rich-text__text\">\u00a0<\/p> <p class=\"font_8 wixui-rich-text__text\">\u00a0<\/p> <p class=\"font_8 wixui-rich-text__text\">\u00a0<\/p> <p class=\"font_8 wixui-rich-text__text\"><span class=\"wixui-rich-text__text\" style=\"font-size:18px;\">PUCCINI<\/span><\/p> <p class=\"font_8 wixui-rich-text__text\">\u00a0<\/p> <p class=\"font_8 wixui-rich-text__text\" style=\"line-height:1.5;\"><span style=\"font-size:32px;\"><em><span class=\"wixui-rich-text__text\">TOSCA<\/span><\/em><\/span><\/p> <p class=\"font_8 wixui-rich-text__text\" style=\"line-height:1.5;\"><em><span style=\"font-size:14px;\"><span class=\"wixui-rich-text__text\"><span class=\"color_15 wixui-rich-text__text\">Teatre Principal, Palma de Mallorca\u00a0<span class=\"color_18 wixui-rich-text__text\"><span style=\"color:rgb(224,62,45);\"><strong>\u00b7<\/strong><\/span><\/span><\/span><\/span><span class=\"wixui-rich-text__text\"><span class=\"color_15 wixui-rich-text__text\"> 2025<\/span><\/span><\/span><\/em><\/p> <p class=\"font_8 wixui-rich-text__text\">\u00a0<\/p> <div class=\"N8MGzv _v6ohL PO9MfV AWXfZq comp-lvw9jao81 wixui-rich-text\"> <p class=\"font_8 wixui-rich-text__text\"><span class=\"wixui-rich-text__text\">Matteo Beltrami\u00a0<span style=\"color:rgb(224,62,45);\">\/<\/span>\u00a0Mario Pontiggia<\/span><\/p> <p class=\"font_8 wixui-rich-text__text\"><span class=\"wixui-rich-text__text\">Yolanda Auyanet, Rame Lahaj, Sim\u00f3n Orfila, Italo Proferisce, Tomeu Bibiloni, Jos\u00e9 Manuel S\u00e1nchez, Max Hochmuth, Sebasti\u00e0 Serra<\/span><\/p> <\/div> <\/div> <\/div><\/div><\/div><\/li>\n                <li style=\"display: none; width: 100%;\" class=\"slide-505 ms-image\" aria-roledescription=\"slide\" data-date=\"2026-08-30 10:08:32\" data-filename=\"opera-fondo-hueso-1-390x400.png\" data-slide-type=\"image\"><img loading=\"lazy\" decoding=\"async\" src=\"https:\/\/borjamarino.com\/wp-content\/uploads\/2026\/08\/opera-fondo-hueso-1-390x400.png\" height=\"400\" width=\"390\" alt=\"Carousel with Captions\" class=\"slider-74 slide-505 msDefaultImage\" title=\"Carousel with Captions\" \/><div class=\"caption-wrap\"><div class=\"caption\"><div style=\"text-align:center;\"> <div class=\"N8MGzv _v6ohL PO9MfV AWXfZq comp-lvw9i5vx3 wixui-rich-text\"><\/div> <div class=\"N8MGzv _v6ohL PO9MfV AWXfZq comp-lvw9i5vz1 wixui-rich-text\"> <p class=\"font_8 wixui-rich-text__text\">\u00a0<\/p> <p class=\"font_8 wixui-rich-text__text\">\u00a0<\/p> <p class=\"font_8 wixui-rich-text__text\">\u00a0<\/p> <p class=\"font_8 wixui-rich-text__text\"><span class=\"wixui-rich-text__text\" style=\"font-size:18px;\">PUCCINI<\/span><\/p> <p class=\"font_8 wixui-rich-text__text\">\u00a0<\/p> <p class=\"font_8 wixui-rich-text__text\" style=\"line-height:1.5;\"><span style=\"font-size:32px;\"><em><span class=\"wixui-rich-text__text\">TOSCA<\/span><\/em><\/span><\/p> <p class=\"font_8 wixui-rich-text__text\" style=\"line-height:1.5;\"><em><span style=\"font-size:14px;\"><span class=\"wixui-rich-text__text\"><span class=\"color_15 wixui-rich-text__text\">Teatro P\u00e9rez Gald\u00f3s, Las Palmas <span class=\"color_18 wixui-rich-text__text\"><span style=\"color:rgb(224,62,45);\"><strong>\u00b7<\/strong><\/span><\/span><\/span><\/span><span class=\"wixui-rich-text__text\"><span class=\"color_15 wixui-rich-text__text\"> 2019<\/span><\/span><\/span><\/em><\/p> <p class=\"font_8 wixui-rich-text__text\">\u00a0<\/p> <div class=\"N8MGzv _v6ohL PO9MfV AWXfZq comp-lvw9jao81 wixui-rich-text\"> <p class=\"font_8 wixui-rich-text__text\"><span class=\"wixui-rich-text__text\">Francesco Ivan Ciampa\u00a0<span style=\"color:rgb(224,62,45);\">\/<\/span> Carlo Antonio de Lucia.\u00a0<\/span><span class=\"wixui-rich-text__text\">Martina Serafin, Fabio Sartori, Ambrogio Maestri, Dongho Kim,\u00a0<\/span><span class=\"wixui-rich-text__text\">Fernando Campero, Francisco Navarro, Jerobo\u00e1m Tejera, Elu Arroyo<\/span><\/p> <\/div> <\/div> <\/div><\/div><\/div><\/li>\n                <li style=\"display: none; width: 100%;\" class=\"slide-506 ms-image\" aria-roledescription=\"slide\" data-date=\"2026-08-30 10:10:30\" data-filename=\"opera-fondo-hueso-1-390x400.png\" data-slide-type=\"image\"><img loading=\"lazy\" decoding=\"async\" src=\"https:\/\/borjamarino.com\/wp-content\/uploads\/2026\/08\/opera-fondo-hueso-1-390x400.png\" height=\"400\" width=\"390\" alt=\"Carousel with Captions\" class=\"slider-74 slide-506 msDefaultImage\" title=\"Carousel with Captions\" \/><div class=\"caption-wrap\"><div class=\"caption\"><div style=\"text-align:center;\"> <div class=\"N8MGzv _v6ohL PO9MfV AWXfZq comp-lvw9i5vx3 wixui-rich-text\"><\/div> <div class=\"N8MGzv _v6ohL PO9MfV AWXfZq comp-lvw9i5vz1 wixui-rich-text\"> <p class=\"font_8 wixui-rich-text__text\">\u00a0<\/p> <p class=\"font_8 wixui-rich-text__text\">\u00a0<\/p> <p class=\"font_8 wixui-rich-text__text\"><span class=\"wixui-rich-text__text\" style=\"font-size:18px;\">PUCCINI<\/span><\/p> <p class=\"font_8 wixui-rich-text__text\">\u00a0<\/p> <p class=\"font_8 wixui-rich-text__text\" style=\"line-height:1.5;\"><span style=\"font-size:32px;\"><em><span class=\"wixui-rich-text__text\">TOSCA<\/span><\/em><\/span><\/p> <p class=\"font_8 wixui-rich-text__text\" style=\"line-height:1.5;\"><em><span style=\"font-size:14px;\"><span class=\"wixui-rich-text__text\"><span class=\"color_15 wixui-rich-text__text\">Teatro de la Maestranza, Sevilla <span class=\"color_18 wixui-rich-text__text\"><span style=\"color:rgb(224,62,45);\"><strong>\u00b7<\/strong><\/span><\/span><\/span><\/span><span class=\"wixui-rich-text__text\"><span class=\"color_15 wixui-rich-text__text\"> 2015<\/span><\/span><\/span><\/em><\/p> <p class=\"font_8 wixui-rich-text__text\">\u00a0<\/p> <div class=\"N8MGzv _v6ohL PO9MfV AWXfZq comp-lvw9jao81 wixui-rich-text\"> <p class=\"font_8 wixui-rich-text__text\"><span class=\"wixui-rich-text__text\">Pedro Halffter\u00a0<span style=\"color:rgb(224,62,45);\">\/<\/span>\u00a0Paco Azor\u00edn<\/span><\/p> <p class=\"font_8 wixui-rich-text__text\"><span class=\"wixui-rich-text__text\">Hui He, Jorge de Le\u00f3n, Ambrogio Maestri \/ Joan Pons, Jeroboam Tejera, Enric Mart\u00ednez-Castignani, Alberto Arrabal, Francisco Vas, Leonor Bonilla<\/span><\/p> <\/div> <\/div> <\/div><\/div><\/div><\/li>\n                <li style=\"display: none; width: 100%;\" class=\"slide-507 ms-image\" aria-roledescription=\"slide\" data-date=\"2026-08-30 10:12:00\" data-filename=\"opera-fondo-hueso-1-390x400.png\" data-slide-type=\"image\"><img loading=\"lazy\" decoding=\"async\" src=\"https:\/\/borjamarino.com\/wp-content\/uploads\/2026\/08\/opera-fondo-hueso-1-390x400.png\" height=\"400\" width=\"390\" alt=\"Carousel with Captions\" class=\"slider-74 slide-507 msDefaultImage\" title=\"Carousel with Captions\" \/><div class=\"caption-wrap\"><div class=\"caption\"><div style=\"text-align:center;\"> <div class=\"N8MGzv _v6ohL PO9MfV AWXfZq comp-lvw9i5vx3 wixui-rich-text\"><\/div> <div class=\"N8MGzv _v6ohL PO9MfV AWXfZq comp-lvw9i5vz1 wixui-rich-text\"> <p class=\"font_8 wixui-rich-text__text\">\u00a0<\/p> <p class=\"font_8 wixui-rich-text__text\">\u00a0<\/p> <p class=\"font_8 wixui-rich-text__text\">\u00a0<\/p> <p class=\"font_8 wixui-rich-text__text\"><span class=\"wixui-rich-text__text\" style=\"font-size:18px;\">PUCCINI<\/span><\/p> <p class=\"font_8 wixui-rich-text__text\">\u00a0<\/p> <p class=\"font_8 wixui-rich-text__text\" style=\"line-height:1.5;\"><span style=\"font-size:32px;\"><em><span class=\"wixui-rich-text__text\">TOSCA<\/span><\/em><\/span><\/p> <p class=\"font_8 wixui-rich-text__text\" style=\"line-height:1.5;\"><em><span style=\"font-size:14px;\"><span class=\"wixui-rich-text__text\"><span class=\"color_15 wixui-rich-text__text\">Fest. Peralada, Fest. El Escorial <span class=\"color_18 wixui-rich-text__text\"><span style=\"color:rgb(224,62,45);\"><strong>\u00b7<\/strong><\/span><\/span><\/span><\/span><span class=\"wixui-rich-text__text\"><span class=\"color_15 wixui-rich-text__text\"> 2010<\/span><\/span><\/span><\/em><\/p> <p class=\"font_8 wixui-rich-text__text\">\u00a0<\/p> <div class=\"N8MGzv _v6ohL PO9MfV AWXfZq comp-lvw9jao81 wixui-rich-text\"> <p class=\"font_8 wixui-rich-text__text\"><span class=\"wixui-rich-text__text\">Miguel \u00c1ngel G\u00f3mez Mart\u00ednez\u00a0<span style=\"color:rgb(224,62,45);\">\/<\/span>\u00a0John Dew<\/span><\/p> <p class=\"font_8 wixui-rich-text__text\"><span class=\"wixui-rich-text__text\">Elisabete Matos, Joan Pons, Aquiles Machado, Francisco Santiago, Valeriano Lanchas, Eduardo Santamar\u00eda, Fernando Latorre<\/span><\/p> <\/div> <\/div> <\/div><\/div><\/div><\/li>\n                <li style=\"display: none; width: 100%;\" class=\"slide-508 ms-image\" aria-roledescription=\"slide\" data-date=\"2026-08-30 10:13:05\" data-filename=\"opera-fondo-hueso-1-390x400.png\" data-slide-type=\"image\"><img loading=\"lazy\" decoding=\"async\" src=\"https:\/\/borjamarino.com\/wp-content\/uploads\/2026\/08\/opera-fondo-hueso-1-390x400.png\" height=\"400\" width=\"390\" alt=\"Carousel with Captions\" class=\"slider-74 slide-508 msDefaultImage\" title=\"Carousel with Captions\" \/><div class=\"caption-wrap\"><div class=\"caption\"><div style=\"text-align:center;\"> <div class=\"N8MGzv _v6ohL PO9MfV AWXfZq comp-lvw9i5vx3 wixui-rich-text\"><\/div> <div class=\"N8MGzv _v6ohL PO9MfV AWXfZq comp-lvw9i5vz1 wixui-rich-text\"> <p class=\"font_8 wixui-rich-text__text\">\u00a0<\/p> <p class=\"font_8 wixui-rich-text__text\">\u00a0<\/p> <p class=\"font_8 wixui-rich-text__text\">\u00a0<\/p> <p class=\"font_8 wixui-rich-text__text\"><span class=\"wixui-rich-text__text\" style=\"font-size:18px;\">PUCCINI<\/span><\/p> <p class=\"font_8 wixui-rich-text__text\">\u00a0<\/p> <p class=\"font_8 wixui-rich-text__text\" style=\"line-height:1.5;\"><span style=\"font-size:32px;\"><em><span class=\"wixui-rich-text__text\">TOSCA<\/span><\/em><\/span><\/p> <p class=\"font_8 wixui-rich-text__text\" style=\"line-height:1.5;\"><em><span style=\"font-size:14px;\"><span class=\"wixui-rich-text__text\"><span class=\"color_15 wixui-rich-text__text\">Palacio de la \u00d3pera, A Coru\u00f1a <span class=\"color_18 wixui-rich-text__text\"><span style=\"color:rgb(224,62,45);\"><strong>\u00b7<\/strong><\/span><\/span><\/span><\/span><span class=\"wixui-rich-text__text\"><span class=\"color_15 wixui-rich-text__text\"> 2004<\/span><\/span><\/span><\/em><\/p> <p class=\"font_8 wixui-rich-text__text\">\u00a0<\/p> <div class=\"N8MGzv _v6ohL PO9MfV AWXfZq comp-lvw9jao81 wixui-rich-text\"> <p class=\"font_8 wixui-rich-text__text\"><span class=\"wixui-rich-text__text\">Kamal Khan\u00a0<span style=\"color:rgb(224,62,45);\">\/<\/span>\u00a0Xos\u00e9 Manuel Rab\u00f3n<\/span><\/p> <p class=\"font_8 wixui-rich-text__text\"><span class=\"wixui-rich-text__text\">Marquita Lister, Francisco Casanova, Juan Pons, Enric Serra, <\/span><span class=\"wixui-rich-text__text\">Miguel L\u00f3pez Galindo, Julio Morales, Felice Tenneriello, Mar\u00eda Gonz\u00e1lez<\/span><\/p> <\/div> <\/div> <\/div><\/div><\/div><\/li>\n                <li style=\"display: none; width: 100%;\" class=\"slide-509 ms-image\" aria-roledescription=\"slide\" data-date=\"2026-08-30 10:14:41\" data-filename=\"opera-fondo-hueso-1-390x400.png\" data-slide-type=\"image\"><img loading=\"lazy\" decoding=\"async\" src=\"https:\/\/borjamarino.com\/wp-content\/uploads\/2026\/08\/opera-fondo-hueso-1-390x400.png\" height=\"400\" width=\"390\" alt=\"Carousel with Captions\" class=\"slider-74 slide-509 msDefaultImage\" title=\"Carousel with Captions\" \/><div class=\"caption-wrap\"><div class=\"caption\"><div style=\"text-align:center;\"> <div class=\"N8MGzv _v6ohL PO9MfV AWXfZq comp-lvw9i5vx3 wixui-rich-text\"><\/div> <div class=\"N8MGzv _v6ohL PO9MfV AWXfZq comp-lvw9i5vz1 wixui-rich-text\"> <p class=\"font_8 wixui-rich-text__text\">\u00a0<\/p> <p class=\"font_8 wixui-rich-text__text\">\u00a0<\/p> <p class=\"font_8 wixui-rich-text__text\">\u00a0<\/p> <p class=\"font_8 wixui-rich-text__text\"><span class=\"wixui-rich-text__text\" style=\"font-size:18px;\">PUCCINI<\/span><\/p> <p class=\"font_8 wixui-rich-text__text\">\u00a0<\/p> <p class=\"font_8 wixui-rich-text__text\" style=\"line-height:0.8;\"><span style=\"font-size:32px;\"><em><span class=\"wixui-rich-text__text\">MADAMA BUTTERFLY<\/span><\/em><\/span><\/p> <p class=\"font_8 wixui-rich-text__text\" style=\"line-height:1.5;\"><em><span style=\"font-size:14px;\"><span class=\"wixui-rich-text__text\"><span class=\"color_15 wixui-rich-text__text\">Palacio de la \u00d3pera, A Coru\u00f1a <span class=\"color_18 wixui-rich-text__text\"><span style=\"color:rgb(224,62,45);\"><strong>\u00b7<\/strong><\/span><\/span><\/span><\/span><span class=\"wixui-rich-text__text\"><span class=\"color_15 wixui-rich-text__text\"> 2012<\/span><\/span><\/span><\/em><\/p> <p class=\"font_8 wixui-rich-text__text\">\u00a0<\/p> <div class=\"N8MGzv _v6ohL PO9MfV AWXfZq comp-lvw9jao81 wixui-rich-text\"> <p class=\"font_8 wixui-rich-text__text\"><span class=\"wixui-rich-text__text\">Marcello Panni\u00a0<span style=\"color:rgb(224,62,45);\">\/<\/span>\u00a0Mario Pontiggia<\/span><\/p> <p class=\"font_8 wixui-rich-text__text\"><span class=\"wixui-rich-text__text\">Fiorenza Cedolins, Tito Beltr\u00e1n, Borja Quiza, Nuria Lorenzo, Francisco Pardo, Eliseu Mera, Pedro Mart\u00ednez Tapia, Mar\u00eda Rivera, Alberto Feria<\/span><\/p> <\/div> <\/div> <\/div><\/div><\/div><\/li>\n                <li style=\"display: none; width: 100%;\" class=\"slide-510 ms-image\" aria-roledescription=\"slide\" data-date=\"2026-08-30 10:16:19\" data-filename=\"opera-fondo-hueso-1-390x400.png\" data-slide-type=\"image\"><img loading=\"lazy\" decoding=\"async\" src=\"https:\/\/borjamarino.com\/wp-content\/uploads\/2026\/08\/opera-fondo-hueso-1-390x400.png\" height=\"400\" width=\"390\" alt=\"Carousel with Captions\" class=\"slider-74 slide-510 msDefaultImage\" title=\"Carousel with Captions\" \/><div class=\"caption-wrap\"><div class=\"caption\"><div style=\"text-align:center;\"> <div class=\"N8MGzv _v6ohL PO9MfV AWXfZq comp-lvw9i5vx3 wixui-rich-text\"><\/div> <div class=\"N8MGzv _v6ohL PO9MfV AWXfZq comp-lvw9i5vz1 wixui-rich-text\"> <p class=\"font_8 wixui-rich-text__text\">\u00a0<\/p> <p class=\"font_8 wixui-rich-text__text\">\u00a0<\/p> <p class=\"font_8 wixui-rich-text__text\">\u00a0<\/p> <p class=\"font_8 wixui-rich-text__text\"><span class=\"wixui-rich-text__text\" style=\"font-size:18px;\">PUCCINI<\/span><\/p> <p class=\"font_8 wixui-rich-text__text\">\u00a0<\/p> <p class=\"font_8 wixui-rich-text__text\" style=\"line-height:0.8;\"><span style=\"font-size:32px;\"><em><span class=\"wixui-rich-text__text\">MADAMA BUTTERFLY<\/span><\/em><\/span><\/p> <p class=\"font_8 wixui-rich-text__text\" style=\"line-height:1.5;\"><em><span style=\"font-size:14px;\"><span class=\"wixui-rich-text__text\"><span class=\"color_15 wixui-rich-text__text\">Teatro Real, Madrid <span class=\"color_18 wixui-rich-text__text\"><span style=\"color:rgb(224,62,45);\"><strong>\u00b7<\/strong><\/span><\/span><\/span><\/span><span class=\"wixui-rich-text__text\"><span class=\"color_15 wixui-rich-text__text\"> 2002<\/span><\/span><\/span><\/em><\/p> <p class=\"font_8 wixui-rich-text__text\">\u00a0<\/p> <div class=\"N8MGzv _v6ohL PO9MfV AWXfZq comp-lvw9jao81 wixui-rich-text\"> <p class=\"font_8 wixui-rich-text__text\"><span class=\"wixui-rich-text__text\">Jos\u00e9 Collado\u00a0<span style=\"color:rgb(224,62,45);\">\/<\/span>\u00a0Mario Gas<\/span><\/p> <p class=\"font_8 wixui-rich-text__text\"><span class=\"wixui-rich-text__text\">Daniela Dess\u00ec, Walter Fraccaro,\u00a0<\/span><span class=\"wixui-rich-text__text\">Marina Rodr\u00edguez Cus\u00ed, Enrique Baquerizo, Josep Ruiz, Mar\u00eda Jos\u00e9 Su\u00e1rez, Miguel Sola, Carlos Bergasa, Emilio S\u00e1nchez<\/span><\/p> <\/div> <\/div> <\/div><\/div><\/div><\/li>\n                <li style=\"display: none; width: 100%;\" class=\"slide-511 ms-image\" aria-roledescription=\"slide\" data-date=\"2026-08-30 10:25:42\" data-filename=\"opera-fondo-hueso-1-390x400.png\" data-slide-type=\"image\"><img loading=\"lazy\" decoding=\"async\" src=\"https:\/\/borjamarino.com\/wp-content\/uploads\/2026\/08\/opera-fondo-hueso-1-390x400.png\" height=\"400\" width=\"390\" alt=\"Carousel with Captions\" class=\"slider-74 slide-511 msDefaultImage\" title=\"Carousel with Captions\" \/><div class=\"caption-wrap\"><div class=\"caption\"><div style=\"text-align:center;\"> <div class=\"N8MGzv _v6ohL PO9MfV AWXfZq comp-lvw9i5vx3 wixui-rich-text\"><\/div> <div class=\"N8MGzv _v6ohL PO9MfV AWXfZq comp-lvw9i5vz1 wixui-rich-text\"> <p class=\"font_8 wixui-rich-text__text\">\u00a0<\/p> <p class=\"font_8 wixui-rich-text__text\">\u00a0<\/p> <p class=\"font_8 wixui-rich-text__text\"><span class=\"wixui-rich-text__text\" style=\"font-size:18px;\">PUCCINI<\/span><\/p> <p class=\"font_8 wixui-rich-text__text\">\u00a0<\/p> <p class=\"font_8 wixui-rich-text__text\" style=\"line-height:1.5;\"><span style=\"font-size:32px;\"><em><span class=\"wixui-rich-text__text\">TURANDOT<\/span><\/em><\/span><\/p> <p class=\"font_8 wixui-rich-text__text\" style=\"line-height:1.5;\"><em><span style=\"font-size:14px;\"><span class=\"wixui-rich-text__text\"><span class=\"color_15 wixui-rich-text__text\">Teatro P\u00e9rez Gald\u00f3s, Las Palmas <span class=\"color_18 wixui-rich-text__text\"><span style=\"color:rgb(224,62,45);\"><strong>\u00b7<\/strong><\/span><\/span><\/span><\/span><span class=\"wixui-rich-text__text\"><span class=\"color_15 wixui-rich-text__text\"> 2026<\/span><\/span><\/span><\/em><\/p> <p class=\"font_8 wixui-rich-text__text\">\u00a0<\/p> <div class=\"N8MGzv _v6ohL PO9MfV AWXfZq comp-lvw9jao81 wixui-rich-text\"> <p class=\"font_8 wixui-rich-text__text\"><span class=\"wixui-rich-text__text\">Sesto Quatrini\u00a0<span style=\"color:rgb(224,62,45);\">\/<\/span>\u00a0Daniele Piscopo<\/span><\/p> <p class=\"font_8 wixui-rich-text__text\"><span class=\"wixui-rich-text__text\">Liudmyla Monastyrska, Angelo Villari, Mar\u00eda Bel\u00e9n Rivarola, Baopeng Wang, Felix Park, \u00c1lvaro Diana, David Barrera, Juli\u00e1n Padilla, Manuel Garc\u00eda<\/span><\/p> <\/div> <\/div> <\/div><\/div><\/div><\/li>\n                <li style=\"display: none; width: 100%;\" class=\"slide-512 ms-image\" aria-roledescription=\"slide\" data-date=\"2026-08-30 10:27:20\" data-filename=\"opera-fondo-hueso-1-390x400.png\" data-slide-type=\"image\"><img loading=\"lazy\" decoding=\"async\" src=\"https:\/\/borjamarino.com\/wp-content\/uploads\/2026\/08\/opera-fondo-hueso-1-390x400.png\" height=\"400\" width=\"390\" alt=\"Carousel with Captions\" class=\"slider-74 slide-512 msDefaultImage\" title=\"Carousel with Captions\" \/><div class=\"caption-wrap\"><div class=\"caption\"><div style=\"text-align:center;\"> <div class=\"N8MGzv _v6ohL PO9MfV AWXfZq comp-lvw9i5vx3 wixui-rich-text\"><\/div> <div class=\"N8MGzv _v6ohL PO9MfV AWXfZq comp-lvw9i5vz1 wixui-rich-text\"> <p class=\"font_8 wixui-rich-text__text\">\u00a0<\/p> <p class=\"font_8 wixui-rich-text__text\">\u00a0<\/p> <p class=\"font_8 wixui-rich-text__text\">\u00a0<\/p> <p class=\"font_8 wixui-rich-text__text\"><span class=\"wixui-rich-text__text\" style=\"font-size:18px;\">PUCCINI<\/span><\/p> <p class=\"font_8 wixui-rich-text__text\">\u00a0<\/p> <p class=\"font_8 wixui-rich-text__text\" style=\"line-height:1.5;\"><span style=\"font-size:32px;\"><em><span class=\"wixui-rich-text__text\">TURANDOT<\/span><\/em><\/span><\/p> <p class=\"font_8 wixui-rich-text__text\" style=\"line-height:1.5;\"><em><span style=\"font-size:14px;\"><span class=\"wixui-rich-text__text\"><span class=\"color_15 wixui-rich-text__text\">Teatre Principal, Palma de Mallorca <span class=\"color_18 wixui-rich-text__text\"><span style=\"color:rgb(224,62,45);\"><strong>\u00b7<\/strong><\/span><\/span><\/span><\/span><span class=\"wixui-rich-text__text\"><span class=\"color_15 wixui-rich-text__text\"> 2024<\/span><\/span><\/span><\/em><\/p> <p class=\"font_8 wixui-rich-text__text\">\u00a0<\/p> <div class=\"N8MGzv _v6ohL PO9MfV AWXfZq comp-lvw9jao81 wixui-rich-text\"> <p class=\"font_8 wixui-rich-text__text\"><span class=\"wixui-rich-text__text\">Giuseppe Finzi\u00a0<span style=\"color:rgb(224,62,45);\">\/<\/span>\u00a0Alessandra Premoli<\/span><\/p> <p class=\"font_8 wixui-rich-text__text\"><span class=\"wixui-rich-text__text\">Catherine Foster, Alejandro Roy, Marta Bauz\u00e0, Byung Gil Kim, Tomeu Bibiloni, Joan La\u00ednez, Jos\u00e9 Manuel S\u00e1nchez, Albert Casals, Jorge Tello<\/span><\/p> <\/div> <\/div> <\/div><\/div><\/div><\/li>\n                <li style=\"display: none; width: 100%;\" class=\"slide-513 ms-image\" aria-roledescription=\"slide\" data-date=\"2026-08-30 10:28:40\" data-filename=\"opera-fondo-hueso-1-390x400.png\" data-slide-type=\"image\"><img loading=\"lazy\" decoding=\"async\" src=\"https:\/\/borjamarino.com\/wp-content\/uploads\/2026\/08\/opera-fondo-hueso-1-390x400.png\" height=\"400\" width=\"390\" alt=\"Carousel with Captions\" class=\"slider-74 slide-513 msDefaultImage\" title=\"Carousel with Captions\" \/><div class=\"caption-wrap\"><div class=\"caption\"><div style=\"text-align:center;\"> <div class=\"N8MGzv _v6ohL PO9MfV AWXfZq comp-lvw9i5vx3 wixui-rich-text\"><\/div> <div class=\"N8MGzv _v6ohL PO9MfV AWXfZq comp-lvw9i5vz1 wixui-rich-text\"> <p class=\"font_8 wixui-rich-text__text\">\u00a0<\/p> <p class=\"font_8 wixui-rich-text__text\">\u00a0<\/p> <p class=\"font_8 wixui-rich-text__text\"><span class=\"wixui-rich-text__text\" style=\"font-size:18px;\">PUCCINI<\/span><\/p> <p class=\"font_8 wixui-rich-text__text\">\u00a0<\/p> <p class=\"font_8 wixui-rich-text__text\" style=\"line-height:1.5;\"><span style=\"font-size:32px;\"><em><span class=\"wixui-rich-text__text\">TURANDOT<\/span><\/em><\/span><\/p> <p class=\"font_8 wixui-rich-text__text\" style=\"line-height:1.5;\"><em><span style=\"font-size:14px;\"><span class=\"wixui-rich-text__text\"><span class=\"color_15 wixui-rich-text__text\">Teatro de la Maestranza, Sevilla <span class=\"color_18 wixui-rich-text__text\"><span style=\"color:rgb(224,62,45);\"><strong>\u00b7<\/strong><\/span><\/span><\/span><\/span><span class=\"wixui-rich-text__text\"><span class=\"color_15 wixui-rich-text__text\"> 2010<\/span><\/span><\/span><\/em><\/p> <p class=\"font_8 wixui-rich-text__text\">\u00a0<\/p> <div class=\"N8MGzv _v6ohL PO9MfV AWXfZq comp-lvw9jao81 wixui-rich-text\"> <p class=\"font_8 wixui-rich-text__text\"><span class=\"wixui-rich-text__text\">Pedro Halffter\u00a0<span style=\"color:rgb(224,62,45);\">\/<\/span>\u00a0Sonia Frisell<\/span><\/p> <p class=\"font_8 wixui-rich-text__text\"><span class=\"wixui-rich-text__text\">Maria Guleghina \/ Janice Baird, Daniela Dess\u00ec \/ Nora Amsellem, <\/span><span class=\"wixui-rich-text__text\">Fabio Armiliato \/ Marco Berti, Alexander Vinogradov, Manel Esteve, Gustavo Pe\u00f1a, Javier Palacios<\/span><\/p> <\/div> <\/div> <\/div><\/div><\/div><\/li>\n                <li style=\"display: none; width: 100%;\" class=\"slide-514 ms-image\" aria-roledescription=\"slide\" data-date=\"2026-08-30 10:30:10\" data-filename=\"opera-fondo-hueso-1-390x400.png\" data-slide-type=\"image\"><img loading=\"lazy\" decoding=\"async\" src=\"https:\/\/borjamarino.com\/wp-content\/uploads\/2026\/08\/opera-fondo-hueso-1-390x400.png\" height=\"400\" width=\"390\" alt=\"Carousel with Captions\" class=\"slider-74 slide-514 msDefaultImage\" title=\"Carousel with Captions\" \/><div class=\"caption-wrap\"><div class=\"caption\"><div style=\"text-align:center;\"> <div class=\"N8MGzv _v6ohL PO9MfV AWXfZq comp-lvw9i5vx3 wixui-rich-text\"><\/div> <div class=\"N8MGzv _v6ohL PO9MfV AWXfZq comp-lvw9i5vz1 wixui-rich-text\"> <p class=\"font_8 wixui-rich-text__text\">\u00a0<\/p> <p class=\"font_8 wixui-rich-text__text\">\u00a0<\/p> <p class=\"font_8 wixui-rich-text__text\">\u00a0<\/p> <p class=\"font_8 wixui-rich-text__text\"><span class=\"wixui-rich-text__text\" style=\"font-size:18px;\">PUCCINI<\/span><\/p> <p class=\"font_8 wixui-rich-text__text\">\u00a0<\/p> <p class=\"font_8 wixui-rich-text__text\" style=\"line-height:1.5;\"><span style=\"font-size:32px;\"><em><span class=\"wixui-rich-text__text\">TURANDOT<\/span><\/em><\/span><\/p> <p class=\"font_8 wixui-rich-text__text\" style=\"line-height:1.5;\"><em><span style=\"font-size:14px;\"><span class=\"wixui-rich-text__text\"><span class=\"color_15 wixui-rich-text__text\">Palacio de la \u00d3pera, A Coru\u00f1a <span class=\"color_18 wixui-rich-text__text\"><span style=\"color:rgb(224,62,45);\"><strong>\u00b7<\/strong><\/span><\/span><\/span><\/span><span class=\"wixui-rich-text__text\"><span class=\"color_15 wixui-rich-text__text\"> 2009<\/span><\/span><\/span><\/em><\/p> <p class=\"font_8 wixui-rich-text__text\">\u00a0<\/p> <div class=\"N8MGzv _v6ohL PO9MfV AWXfZq comp-lvw9jao81 wixui-rich-text\"> <p class=\"font_8 wixui-rich-text__text\"><span class=\"wixui-rich-text__text\">Miguel \u00c1ngel G\u00f3mez Mart\u00ednez\u00a0<span style=\"color:rgb(224,62,45);\">\/<\/span> Chen Kaige. <\/span><span class=\"wixui-rich-text__text\">Lise Lindstrom, Marcello Giordani, Cristina Gallardo Dom\u00e2s, <\/span><span class=\"wixui-rich-text__text\">Luiz Ottavio Faria, Giovanni Guagliardo, Mikeldi Atxalandabaso, Francisco Pardo<\/span><\/p> <\/div> <\/div> <\/div><\/div><\/div><\/li>\n                <li style=\"display: none; width: 100%;\" class=\"slide-515 ms-image\" aria-roledescription=\"slide\" data-date=\"2026-08-30 10:32:15\" data-filename=\"opera-fondo-hueso-1-390x400.png\" data-slide-type=\"image\"><img loading=\"lazy\" decoding=\"async\" src=\"https:\/\/borjamarino.com\/wp-content\/uploads\/2026\/08\/opera-fondo-hueso-1-390x400.png\" height=\"400\" width=\"390\" alt=\"Carousel with Captions\" class=\"slider-74 slide-515 msDefaultImage\" title=\"Carousel with Captions\" \/><div class=\"caption-wrap\"><div class=\"caption\"><div style=\"text-align:center;\"> <div class=\"N8MGzv _v6ohL PO9MfV AWXfZq comp-lvw9i5vx3 wixui-rich-text\"><\/div> <div class=\"N8MGzv _v6ohL PO9MfV AWXfZq comp-lvw9i5vz1 wixui-rich-text\"> <p class=\"font_8 wixui-rich-text__text\">\u00a0<\/p> <p class=\"font_8 wixui-rich-text__text\">\u00a0<\/p> <p class=\"font_8 wixui-rich-text__text\"><span class=\"wixui-rich-text__text\" style=\"font-size:18px;\">PUCCINI<\/span><\/p> <p class=\"font_8 wixui-rich-text__text\">\u00a0<\/p> <p class=\"font_8 wixui-rich-text__text\" style=\"line-height:1.5;\"><span style=\"font-size:32px;\"><em><span class=\"wixui-rich-text__text\">MANON LESCAUT<\/span><\/em><\/span><\/p> <p class=\"font_8 wixui-rich-text__text\" style=\"line-height:1.5;\"><em><span style=\"font-size:14px;\"><span class=\"wixui-rich-text__text\"><span class=\"color_15 wixui-rich-text__text\">Festival Amazonas de Opera, Manaus <span class=\"color_18 wixui-rich-text__text\"><span style=\"color:rgb(224,62,45);\"><strong>\u00b7<\/strong><\/span><\/span><\/span><\/span><span class=\"wixui-rich-text__text\"><span class=\"color_15 wixui-rich-text__text\"> 2014<\/span><\/span><\/span><\/em><\/p> <p class=\"font_8 wixui-rich-text__text\">\u00a0<\/p> <div class=\"N8MGzv _v6ohL PO9MfV AWXfZq comp-lvw9jao81 wixui-rich-text\"> <p class=\"font_8 wixui-rich-text__text\"><span class=\"wixui-rich-text__text\">Luiz Fernando Malheiro <span style=\"color:rgb(224,62,45);\">\/<\/span> Pier Francesco Maestrini.\u00a0<\/span><span class=\"wixui-rich-text__text\">Daniella Carvalho, Juremir Vieira, Eduardo Amir, Eduardo Janho-Abumrad, Enrique Bravo, Murilo Neves, Fabiano Cardoso, Emanuel Conde<\/span><\/p> <\/div> <\/div> <\/div><\/div><\/div><\/li>\n                <li style=\"display: none; width: 100%;\" class=\"slide-516 ms-image\" aria-roledescription=\"slide\" data-date=\"2026-08-30 10:34:29\" data-filename=\"opera-fondo-hueso-1-390x400.png\" data-slide-type=\"image\"><img loading=\"lazy\" decoding=\"async\" src=\"https:\/\/borjamarino.com\/wp-content\/uploads\/2026\/08\/opera-fondo-hueso-1-390x400.png\" height=\"400\" width=\"390\" alt=\"Carousel with Captions\" class=\"slider-74 slide-516 msDefaultImage\" title=\"Carousel with Captions\" \/><div class=\"caption-wrap\"><div class=\"caption\"><div style=\"text-align:center;\"> <div class=\"N8MGzv _v6ohL PO9MfV AWXfZq comp-lvw9i5vx3 wixui-rich-text\"><\/div> <div class=\"N8MGzv _v6ohL PO9MfV AWXfZq comp-lvw9i5vz1 wixui-rich-text\"> <p class=\"font_8 wixui-rich-text__text\">\u00a0<\/p> <p class=\"font_8 wixui-rich-text__text\">\u00a0<\/p> <p class=\"font_8 wixui-rich-text__text\"><span class=\"wixui-rich-text__text\" style=\"font-size:18px;\">PUCCINI<\/span><\/p> <p class=\"font_8 wixui-rich-text__text\">\u00a0<\/p> <p class=\"font_8 wixui-rich-text__text\" style=\"line-height:0.8;\"><span style=\"font-size:32px;\"><em><span class=\"wixui-rich-text__text\">LA FANCIULLA DEL WEST<\/span><\/em><\/span><\/p> <p class=\"font_8 wixui-rich-text__text\" style=\"line-height:1.5;\"><em><span style=\"font-size:14px;\"><span class=\"wixui-rich-text__text\"><span class=\"color_15 wixui-rich-text__text\">Teatro de la Maestranza, Sevilla <span class=\"color_18 wixui-rich-text__text\"><span style=\"color:rgb(224,62,45);\"><strong>\u00b7<\/strong><\/span><\/span><\/span><\/span><span class=\"wixui-rich-text__text\"><span class=\"color_15 wixui-rich-text__text\"> 2009<\/span><\/span><\/span><\/em><\/p> <p class=\"font_8 wixui-rich-text__text\">\u00a0<\/p> <div class=\"N8MGzv _v6ohL PO9MfV AWXfZq comp-lvw9jao81 wixui-rich-text\"> <p class=\"font_8 wixui-rich-text__text\"><span class=\"wixui-rich-text__text\">Pedro Halffter\u00a0<span style=\"color:rgb(224,62,45);\">\/<\/span>\u00a0Giancarlo del Monaco<\/span><\/p> <p class=\"font_8 wixui-rich-text__text\"><span class=\"wixui-rich-text__text\">Janice Baird \/ Daniela Dess\u00ec, Marco Berti \/ Fabio Armiliato, Claudio Sgura \/ Silvano Carrolli, Vicente Ombuena, Pavel Kudinov, Manel Esteve,<\/span><span class=\"wixui-rich-text__text\">\u00a0Radoslaw Wielgus<\/span><\/p> <\/div> <\/div> <\/div><\/div><\/div><\/li>\n                <li style=\"display: none; width: 100%;\" class=\"slide-517 ms-image\" aria-roledescription=\"slide\" data-date=\"2026-08-30 10:36:19\" data-filename=\"opera-fondo-hueso-1-390x400.png\" data-slide-type=\"image\"><img loading=\"lazy\" decoding=\"async\" src=\"https:\/\/borjamarino.com\/wp-content\/uploads\/2026\/08\/opera-fondo-hueso-1-390x400.png\" height=\"400\" width=\"390\" alt=\"Carousel with Captions\" class=\"slider-74 slide-517 msDefaultImage\" title=\"Carousel with Captions\" \/><div class=\"caption-wrap\"><div class=\"caption\"><div style=\"text-align:center;\"> <div class=\"N8MGzv _v6ohL PO9MfV AWXfZq comp-lvw9i5vx3 wixui-rich-text\"><\/div> <div class=\"N8MGzv _v6ohL PO9MfV AWXfZq comp-lvw9i5vz1 wixui-rich-text\"> <p class=\"font_8 wixui-rich-text__text\">\u00a0<\/p> <p class=\"font_8 wixui-rich-text__text\">\u00a0<\/p> <p class=\"font_8 wixui-rich-text__text\"><span class=\"wixui-rich-text__text\" style=\"font-size:18px;\">PUCCINI<\/span><\/p> <p class=\"font_8 wixui-rich-text__text\">\u00a0<\/p> <p class=\"font_8 wixui-rich-text__text\" style=\"line-height:1.5;\"><span style=\"font-size:32px;\"><em><span class=\"wixui-rich-text__text\">IL TABARRO<\/span><\/em><\/span><\/p> <p class=\"font_8 wixui-rich-text__text\" style=\"line-height:1.5;\"><em><span style=\"font-size:14px;\"><span class=\"wixui-rich-text__text\"><span class=\"color_15 wixui-rich-text__text\">\u00d3pera de Oviedo <span class=\"color_18 wixui-rich-text__text\"><span style=\"color:rgb(224,62,45);\"><strong>\u00b7<\/strong><\/span><\/span><\/span><\/span><span class=\"wixui-rich-text__text\"><span class=\"color_15 wixui-rich-text__text\"> 2023<\/span><\/span><\/span><\/em><\/p> <p class=\"font_8 wixui-rich-text__text\">\u00a0<\/p> <div class=\"N8MGzv _v6ohL PO9MfV AWXfZq comp-lvw9jao81 wixui-rich-text\"> <p class=\"font_8 wixui-rich-text__text\"><span class=\"wixui-rich-text__text\">Jos\u00e9 Miguel P\u00e9rez-Sierra\u00a0<span style=\"color:rgb(224,62,45);\">\/<\/span> Paul-\u00c9mile Fourny. <\/span><span class=\"wixui-rich-text__text\">Jos\u00e9 Antonio L\u00f3pez, Azer Zada, <\/span><span class=\"wixui-rich-text__text\">Josep Fad\u00f3, Miguel \u00c1ngel Zapater, Beatriz D\u00edaz,\u00a0<\/span><span class=\"wixui-rich-text__text\">Ana Ibarra, Facundo Mu\u00f1oz, Laura Bras\u00f3, Emmanuel Franco, Enrique Ferrer<\/span><\/p> <\/div> <\/div> <\/div><\/div><\/div><\/li>\n                <li style=\"display: none; width: 100%;\" class=\"slide-518 ms-image\" aria-roledescription=\"slide\" data-date=\"2026-08-30 10:38:44\" data-filename=\"opera-fondo-hueso-1-390x400.png\" data-slide-type=\"image\"><img loading=\"lazy\" decoding=\"async\" src=\"https:\/\/borjamarino.com\/wp-content\/uploads\/2026\/08\/opera-fondo-hueso-1-390x400.png\" height=\"400\" width=\"390\" alt=\"Carousel with Captions\" class=\"slider-74 slide-518 msDefaultImage\" title=\"Carousel with Captions\" \/><div class=\"caption-wrap\"><div class=\"caption\"><div style=\"text-align:center;\"> <div class=\"N8MGzv _v6ohL PO9MfV AWXfZq comp-lvw9i5vx3 wixui-rich-text\"><\/div> <div class=\"N8MGzv _v6ohL PO9MfV AWXfZq comp-lvw9i5vz1 wixui-rich-text\"> <p class=\"font_8 wixui-rich-text__text\">\u00a0<\/p> <p class=\"font_8 wixui-rich-text__text\">\u00a0<\/p> <p class=\"font_8 wixui-rich-text__text\"><span class=\"wixui-rich-text__text\" style=\"font-size:18px;\">PUCCINI<\/span><\/p> <p class=\"font_8 wixui-rich-text__text\">\u00a0<\/p> <p class=\"font_8 wixui-rich-text__text\" style=\"line-height:1.5;\"><span style=\"font-size:32px;\"><em><span class=\"wixui-rich-text__text\">GIANNI SCHICCHI<\/span><\/em><\/span><\/p> <p class=\"font_8 wixui-rich-text__text\" style=\"line-height:1.5;\"><em><span style=\"font-size:14px;\"><span class=\"wixui-rich-text__text\"><span class=\"color_15 wixui-rich-text__text\">\u00d3pera de Oviedo <span class=\"color_18 wixui-rich-text__text\"><span style=\"color:rgb(224,62,45);\"><strong>\u00b7<\/strong><\/span><\/span><\/span><\/span><span class=\"wixui-rich-text__text\"><span class=\"color_15 wixui-rich-text__text\"> 2023<\/span><\/span><\/span><\/em><\/p> <p class=\"font_8 wixui-rich-text__text\">\u00a0<\/p> <div class=\"N8MGzv _v6ohL PO9MfV AWXfZq comp-lvw9jao81 wixui-rich-text\"> <p class=\"font_8 wixui-rich-text__text\"><span class=\"wixui-rich-text__text\">Jos\u00e9 Miguel P\u00e9rez-Sierra\u00a0<span style=\"color:rgb(224,62,45);\">\/<\/span> Paul-\u00c9mile Fourny. <\/span><span class=\"wixui-rich-text__text\">Jos\u00e9 Antonio L\u00f3pez, Beatriz D\u00edaz, Ana Ibarra, Azer Zada, Josep Fad\u00f3, Laura Bras\u00f3, Javier Povedano, Miguel \u00c1ngel Zapater, Carlos Daza, <\/span><span class=\"wixui-rich-text__text\">Marina Pardo<\/span><\/p> <\/div> <\/div> <\/div><\/div><\/div><\/li>\n                <li style=\"display: none; width: 100%;\" class=\"slide-519 ms-image\" aria-roledescription=\"slide\" data-date=\"2026-08-30 11:39:48\" data-filename=\"opera-fondo-hueso-1-390x400.png\" data-slide-type=\"image\"><img loading=\"lazy\" decoding=\"async\" src=\"https:\/\/borjamarino.com\/wp-content\/uploads\/2026\/08\/opera-fondo-hueso-1-390x400.png\" height=\"400\" width=\"390\" alt=\"Carousel with Captions\" class=\"slider-74 slide-519 msDefaultImage\" title=\"Carousel with Captions\" \/><div class=\"caption-wrap\"><div class=\"caption\"><div style=\"text-align:center;\"> <div class=\"N8MGzv _v6ohL PO9MfV AWXfZq comp-lvw9i5vx3 wixui-rich-text\"><\/div> <div class=\"N8MGzv _v6ohL PO9MfV AWXfZq comp-lvw9i5vz1 wixui-rich-text\"> <p class=\"font_8 wixui-rich-text__text\">\u00a0<\/p> <p class=\"font_8 wixui-rich-text__text\">\u00a0<\/p> <p class=\"font_8 wixui-rich-text__text\">\u00a0<\/p> <p class=\"font_8 wixui-rich-text__text\"><span class=\"wixui-rich-text__text\" style=\"font-size:18px;\">RACHMANINOV<\/span><\/p> <p class=\"font_8 wixui-rich-text__text\">\u00a0<\/p> <p class=\"font_8 wixui-rich-text__text\" style=\"line-height:0.8;\"><span style=\"font-size:32px;\"><em><span class=\"wixui-rich-text__text\">THE MISERLY KNIGHT<\/span><\/em><\/span><\/p> <p class=\"font_8 wixui-rich-text__text\" style=\"line-height:1.5;\"><em><span style=\"font-size:14px;\"><span class=\"wixui-rich-text__text\"><span class=\"color_15 wixui-rich-text__text\">Fundaci\u00f3n Juan March, Madrid <span class=\"color_18 wixui-rich-text__text\"><span style=\"color:rgb(224,62,45);\"><strong>\u00b7<\/strong><\/span><\/span><\/span><\/span><span class=\"wixui-rich-text__text\"><span class=\"color_15 wixui-rich-text__text\"> 2022<\/span><\/span><\/span><\/em><\/p> <p class=\"font_8 wixui-rich-text__text\">\u00a0<\/p> <div class=\"N8MGzv _v6ohL PO9MfV AWXfZq comp-lvw9jao81 wixui-rich-text\"> <p class=\"font_8 wixui-rich-text__text\"><span class=\"wixui-rich-text__text\">BORJA MARI\u00d1O\u00a0<span style=\"color:rgb(224,62,45);\">\/<\/span>\u00a0Alfonso Romero<\/span><\/p> <p class=\"font_8 wixui-rich-text__text\"><span class=\"wixui-rich-text__text\">Ihor Voievodin, Juan Antonio Sanabria, Isaac Gal\u00e1n, Gerardo L\u00f3pez, Javier Casta\u00f1eda<\/span><\/p> <p class=\"font_8 wixui-rich-text__text\">\u00a0<\/p> <\/div> <\/div> <\/div><\/div><\/div><\/li>\n                <li style=\"display: none; width: 100%;\" class=\"slide-520 ms-image\" aria-roledescription=\"slide\" data-date=\"2026-08-30 11:43:26\" data-filename=\"opera-fondo-hueso-1-390x400.png\" data-slide-type=\"image\"><img loading=\"lazy\" decoding=\"async\" src=\"https:\/\/borjamarino.com\/wp-content\/uploads\/2026\/08\/opera-fondo-hueso-1-390x400.png\" height=\"400\" width=\"390\" alt=\"Carousel with Captions\" class=\"slider-74 slide-520 msDefaultImage\" title=\"Carousel with Captions\" \/><div class=\"caption-wrap\"><div class=\"caption\"><div style=\"text-align:center;\"> <div class=\"N8MGzv _v6ohL PO9MfV AWXfZq comp-lvw9i5vx3 wixui-rich-text\"><\/div> <div class=\"N8MGzv _v6ohL PO9MfV AWXfZq comp-lvw9i5vz1 wixui-rich-text\"> <p class=\"font_8 wixui-rich-text__text\">\u00a0<\/p> <p class=\"font_8 wixui-rich-text__text\">\u00a0<\/p> <p class=\"font_8 wixui-rich-text__text\">\u00a0<\/p> <p class=\"font_8 wixui-rich-text__text\">\u00a0<\/p> <p class=\"font_8 wixui-rich-text__text\"><span class=\"wixui-rich-text__text\" style=\"font-size:18px;\">RAVEL<\/span><\/p> <p class=\"font_8 wixui-rich-text__text\">\u00a0<\/p> <p class=\"font_8 wixui-rich-text__text\" style=\"line-height:0.8;\"><span style=\"font-size:32px;\"><em><span class=\"wixui-rich-text__text\">L'HEURE ESPAGNOLE<\/span><\/em><\/span><\/p> <p class=\"font_8 wixui-rich-text__text\" style=\"line-height:1.5;\"><em><span style=\"font-size:14px;\"><span class=\"wixui-rich-text__text\"><span class=\"color_15 wixui-rich-text__text\">\u00d3pera de Oviedo <span class=\"color_18 wixui-rich-text__text\"><span style=\"color:rgb(224,62,45);\"><strong>\u00b7<\/strong><\/span><\/span><\/span><\/span><span class=\"wixui-rich-text__text\"><span class=\"color_15 wixui-rich-text__text\"> 2020<\/span><\/span><\/span><\/em><\/p> <p class=\"font_8 wixui-rich-text__text\">\u00a0<\/p> <div class=\"N8MGzv _v6ohL PO9MfV AWXfZq comp-lvw9jao81 wixui-rich-text\"> <p class=\"font_8 wixui-rich-text__text\"><span class=\"wixui-rich-text__text\">Maximiano Vald\u00e9s\u00a0<span style=\"color:rgb(224,62,45);\">\/<\/span>\u00a0Emilio Sagi<\/span><\/p> <p class=\"font_8 wixui-rich-text__text\"><span class=\"wixui-rich-text__text\">Maite Beaumont, Joel Prieto, R\u00e9gis Mengus, Felipe Bou, Francisco Vas<\/span><\/p> <p class=\"font_8 wixui-rich-text__text\">\u00a0<\/p> <\/div> <\/div> <\/div><\/div><\/div><\/li>\n                <li style=\"display: none; width: 100%;\" class=\"slide-521 ms-image\" aria-roledescription=\"slide\" data-date=\"2026-08-30 11:44:51\" data-filename=\"opera-fondo-hueso-1-390x400.png\" data-slide-type=\"image\"><img loading=\"lazy\" decoding=\"async\" src=\"https:\/\/borjamarino.com\/wp-content\/uploads\/2026\/08\/opera-fondo-hueso-1-390x400.png\" height=\"400\" width=\"390\" alt=\"Carousel with Captions\" class=\"slider-74 slide-521 msDefaultImage\" title=\"Carousel with Captions\" \/><div class=\"caption-wrap\"><div class=\"caption\"><div style=\"text-align:center;\"> <div class=\"N8MGzv _v6ohL PO9MfV AWXfZq comp-lvw9i5vx3 wixui-rich-text\"><\/div> <div class=\"N8MGzv _v6ohL PO9MfV AWXfZq comp-lvw9i5vz1 wixui-rich-text\"> <p class=\"font_8 wixui-rich-text__text\">\u00a0<\/p> <p class=\"font_8 wixui-rich-text__text\">\u00a0<\/p> <p class=\"font_8 wixui-rich-text__text\">\u00a0<\/p> <p class=\"font_8 wixui-rich-text__text\">\u00a0<\/p> <p class=\"font_8 wixui-rich-text__text\"><span class=\"wixui-rich-text__text\" style=\"font-size:18px;\">RIMSKI-KORSAKOV<\/span><\/p> <p class=\"font_8 wixui-rich-text__text\">\u00a0<\/p> <p class=\"font_8 wixui-rich-text__text\" style=\"line-height:0.8;\"><span style=\"font-size:32px;\"><em><span class=\"wixui-rich-text__text\">MOZART &amp; SALIERI<\/span><\/em><\/span><\/p> <p class=\"font_8 wixui-rich-text__text\" style=\"line-height:1.5;\"><em><span style=\"font-size:14px;\"><span class=\"wixui-rich-text__text\"><span class=\"color_15 wixui-rich-text__text\">Fundaci\u00f3n Juan March, Madrid; Festival de Santander\u00a0<span class=\"color_18 wixui-rich-text__text\"><span style=\"color:rgb(224,62,45);\"><strong>\u00b7<\/strong><\/span><\/span><\/span><\/span><span class=\"wixui-rich-text__text\"><span class=\"color_15 wixui-rich-text__text\"> 2017<\/span><\/span><\/span><\/em><\/p> <p class=\"font_8 wixui-rich-text__text\">\u00a0<\/p> <div class=\"N8MGzv _v6ohL PO9MfV AWXfZq comp-lvw9jao81 wixui-rich-text\"> <p class=\"font_8 wixui-rich-text__text\"><span class=\"wixui-rich-text__text\">BORJA MARI\u00d1O\u00a0<span style=\"color:rgb(224,62,45);\">\/<\/span>\u00a0Rita Cosentino<\/span><\/p> <p class=\"font_8 wixui-rich-text__text\"><span class=\"wixui-rich-text__text\">Ivo St\u00e1nchev, Pablo Garc\u00eda<\/span><\/p> <p class=\"font_8 wixui-rich-text__text\">\u00a0<\/p> <\/div> <\/div> <\/div><\/div><\/div><\/li>\n                <li style=\"display: none; width: 100%;\" class=\"slide-522 ms-image\" aria-roledescription=\"slide\" data-date=\"2026-08-30 11:46:21\" data-filename=\"opera-fondo-hueso-1-390x400.png\" data-slide-type=\"image\"><img loading=\"lazy\" decoding=\"async\" src=\"https:\/\/borjamarino.com\/wp-content\/uploads\/2026\/08\/opera-fondo-hueso-1-390x400.png\" height=\"400\" width=\"390\" alt=\"Carousel with Captions\" class=\"slider-74 slide-522 msDefaultImage\" title=\"Carousel with Captions\" \/><div class=\"caption-wrap\"><div class=\"caption\"><div style=\"text-align:center;\"> <div class=\"N8MGzv _v6ohL PO9MfV AWXfZq comp-lvw9i5vx3 wixui-rich-text\"><\/div> <div class=\"N8MGzv _v6ohL PO9MfV AWXfZq comp-lvw9i5vz1 wixui-rich-text\"> <p class=\"font_8 wixui-rich-text__text\">\u00a0<\/p> <p class=\"font_8 wixui-rich-text__text\">\u00a0<\/p> <p class=\"font_8 wixui-rich-text__text\">\u00a0<\/p> <p class=\"font_8 wixui-rich-text__text\"><span class=\"wixui-rich-text__text\" style=\"font-size:18px;\">RIPPER<\/span><\/p> <p class=\"font_8 wixui-rich-text__text\">\u00a0<\/p> <p class=\"font_8 wixui-rich-text__text\" style=\"line-height:1.5;\"><span style=\"font-size:32px;\"><em><span class=\"wixui-rich-text__text\">DOMITILA<\/span><\/em><\/span><\/p> <p class=\"font_8 wixui-rich-text__text\" style=\"line-height:1.5;\"><em><span style=\"font-size:14px;\"><span class=\"wixui-rich-text__text\"><span class=\"color_15 wixui-rich-text__text\">Fund. Juan March, Madrid \/ Teatro Mayor, Bogot\u00e1 <span class=\"color_18 wixui-rich-text__text\"><span style=\"color:rgb(224,62,45);\"><strong>\u00b7<\/strong><\/span><\/span><\/span><\/span><span class=\"wixui-rich-text__text\"><span class=\"color_15 wixui-rich-text__text\"> 2024<\/span><\/span><\/span><\/em><\/p> <p class=\"font_8 wixui-rich-text__text\">\u00a0<\/p> <div class=\"N8MGzv _v6ohL PO9MfV AWXfZq comp-lvw9jao81 wixui-rich-text\"> <p class=\"font_8 wixui-rich-text__text\"><span class=\"wixui-rich-text__text\">BORJA MARI\u00d1O\u00a0<span style=\"color:rgb(224,62,45);\">\/<\/span>\u00a0Nicola Beller Carbone<\/span><\/p> <p class=\"font_8 wixui-rich-text__text\"><span class=\"wixui-rich-text__text\">Ana Quitans, Irene Mart\u00ednez, Esteban Jim\u00e9nez<\/span><\/p> <p class=\"font_8 wixui-rich-text__text\">\u00a0<\/p> <\/div> <\/div> <\/div><\/div><\/div><\/li>\n                <li style=\"display: none; width: 100%;\" class=\"slide-523 ms-image\" aria-roledescription=\"slide\" data-date=\"2026-08-30 11:47:53\" data-filename=\"opera-fondo-hueso-1-390x400.png\" data-slide-type=\"image\"><img loading=\"lazy\" decoding=\"async\" src=\"https:\/\/borjamarino.com\/wp-content\/uploads\/2026\/08\/opera-fondo-hueso-1-390x400.png\" height=\"400\" width=\"390\" alt=\"Carousel with Captions\" class=\"slider-74 slide-523 msDefaultImage\" title=\"Carousel with Captions\" \/><div class=\"caption-wrap\"><div class=\"caption\"><div style=\"text-align:center;\"> <div class=\"N8MGzv _v6ohL PO9MfV AWXfZq comp-lvw9i5vx3 wixui-rich-text\"><\/div> <div class=\"N8MGzv _v6ohL PO9MfV AWXfZq comp-lvw9i5vz1 wixui-rich-text\"> <p class=\"font_8 wixui-rich-text__text\">\u00a0<\/p> <p class=\"font_8 wixui-rich-text__text\">\u00a0<\/p> <p class=\"font_8 wixui-rich-text__text\">\u00a0<\/p> <p class=\"font_8 wixui-rich-text__text\"><span class=\"wixui-rich-text__text\" style=\"font-size:18px;\">RIPPER<\/span><\/p> <p class=\"font_8 wixui-rich-text__text\">\u00a0<\/p> <p class=\"font_8 wixui-rich-text__text\" style=\"line-height:1.5;\"><span style=\"font-size:32px;\"><em><span class=\"wixui-rich-text__text\">ONHEAMA<\/span><\/em><\/span><\/p> <p class=\"font_8 wixui-rich-text__text\" style=\"line-height:1.5;\"><em><span style=\"font-size:14px;\"><span class=\"wixui-rich-text__text\"><span class=\"color_15 wixui-rich-text__text\">Festival Amazonas de Opera, Manaus <span class=\"color_18 wixui-rich-text__text\"><span style=\"color:rgb(224,62,45);\"><strong>\u00b7<\/strong><\/span><\/span><\/span><\/span><span class=\"wixui-rich-text__text\"><span class=\"color_15 wixui-rich-text__text\"> 2014<\/span><\/span><\/span><\/em><\/p> <p class=\"font_8 wixui-rich-text__text\">\u00a0<\/p> <div class=\"N8MGzv _v6ohL PO9MfV AWXfZq comp-lvw9jao81 wixui-rich-text\"> <p class=\"font_8 wixui-rich-text__text\"><span class=\"wixui-rich-text__text\">Luiz Fernando Malheiro, Ot\u00e1vio Sim\u00f5es\u00a0<span style=\"color:rgb(224,62,45);\">\/<\/span>\u00a0William Pereira<\/span><\/p> <p class=\"font_8 wixui-rich-text__text\"><span class=\"wixui-rich-text__text\">Isabelle Sabri\u00e9, Dhijana Nobre, Rafael Lima, Enrique Bravo, <\/span><span class=\"wixui-rich-text__text\">Edilson Cardoso \/ Edney Lira<\/span><\/p> <\/div> <\/div> <\/div><\/div><\/div><\/li>\n                <li style=\"display: none; width: 100%;\" class=\"slide-524 ms-image\" aria-roledescription=\"slide\" data-date=\"2026-08-30 11:49:25\" data-filename=\"opera-fondo-hueso-1-390x400.png\" data-slide-type=\"image\"><img loading=\"lazy\" decoding=\"async\" src=\"https:\/\/borjamarino.com\/wp-content\/uploads\/2026\/08\/opera-fondo-hueso-1-390x400.png\" height=\"400\" width=\"390\" alt=\"Carousel with Captions\" class=\"slider-74 slide-524 msDefaultImage\" title=\"Carousel with Captions\" \/><div class=\"caption-wrap\"><div class=\"caption\"><div style=\"text-align:center;\"> <div class=\"N8MGzv _v6ohL PO9MfV AWXfZq comp-lvw9i5vx3 wixui-rich-text\"><\/div> <div class=\"N8MGzv _v6ohL PO9MfV AWXfZq comp-lvw9i5vz1 wixui-rich-text\"> <p class=\"font_8 wixui-rich-text__text\">\u00a0<\/p> <p class=\"font_8 wixui-rich-text__text\">\u00a0<\/p> <p class=\"font_8 wixui-rich-text__text\">\u00a0<\/p> <p class=\"font_8 wixui-rich-text__text\">\u00a0<\/p> <p class=\"font_8 wixui-rich-text__text\"><span class=\"wixui-rich-text__text\" style=\"font-size:18px;\">ROSSINI<\/span><\/p> <p class=\"font_8 wixui-rich-text__text\">\u00a0<\/p> <p class=\"font_8 wixui-rich-text__text\" style=\"line-height:0.8;\"><span style=\"font-size:32px;\"><em><span class=\"wixui-rich-text__text\">IL TURCO IN ITALIA<\/span><\/em><\/span><\/p> <p class=\"font_8 wixui-rich-text__text\" style=\"line-height:1.5;\"><em><span style=\"font-size:14px;\"><span class=\"wixui-rich-text__text\"><span class=\"color_15 wixui-rich-text__text\">Teatro Real, Madrid\u00a0<span class=\"color_18 wixui-rich-text__text\"><span style=\"color:rgb(224,62,45);\"><strong>\u00b7<\/strong><\/span><\/span><\/span><\/span><span class=\"wixui-rich-text__text\"><span class=\"color_15 wixui-rich-text__text\"> 2023<\/span><\/span><\/span><\/em><\/p> <p class=\"font_8 wixui-rich-text__text\">\u00a0<\/p> <div class=\"N8MGzv _v6ohL PO9MfV AWXfZq comp-lvw9jao81 wixui-rich-text\"> <p class=\"font_8 wixui-rich-text__text\"><span class=\"wixui-rich-text__text\">Giacomo Sagripanti\u00a0<span style=\"color:rgb(224,62,45);\">\/<\/span>\u00a0Laurent Pelly<\/span><\/p> <p class=\"font_8 wixui-rich-text__text\"><span class=\"wixui-rich-text__text\">Lisette Oropesa, Alex Esposito, Mischa Kiria, Florian Sempey, Edgardo Rocha, Paola Gardina, Sara Blanch, Mattia Olivieri, Adrian Sampetrean<\/span><\/p> <\/div> <\/div> <\/div><\/div><\/div><\/li>\n                <li style=\"display: none; width: 100%;\" class=\"slide-525 ms-image\" aria-roledescription=\"slide\" data-date=\"2026-08-30 11:51:23\" data-filename=\"opera-fondo-hueso-1-390x400.png\" data-slide-type=\"image\"><img loading=\"lazy\" decoding=\"async\" src=\"https:\/\/borjamarino.com\/wp-content\/uploads\/2026\/08\/opera-fondo-hueso-1-390x400.png\" height=\"400\" width=\"390\" alt=\"Carousel with Captions\" class=\"slider-74 slide-525 msDefaultImage\" title=\"Carousel with Captions\" \/><div class=\"caption-wrap\"><div class=\"caption\"><div style=\"text-align:center;\"> <div class=\"N8MGzv _v6ohL PO9MfV AWXfZq comp-lvw9i5vx3 wixui-rich-text\"><\/div> <div class=\"N8MGzv _v6ohL PO9MfV AWXfZq comp-lvw9i5vz1 wixui-rich-text\"> <p class=\"font_8 wixui-rich-text__text\">\u00a0<\/p> <p class=\"font_8 wixui-rich-text__text\">\u00a0<\/p> <p class=\"font_8 wixui-rich-text__text\">\u00a0<\/p> <p class=\"font_8 wixui-rich-text__text\"><span class=\"wixui-rich-text__text\" style=\"font-size:18px;\">ROSSINI<\/span><\/p> <p class=\"font_8 wixui-rich-text__text\">\u00a0<\/p> <p class=\"font_8 wixui-rich-text__text\" style=\"line-height:0.8;\"><span style=\"font-size:32px;\"><em><span class=\"wixui-rich-text__text\">IL BARBIERE DI SIVIGLIA<\/span><\/em><\/span><\/p> <p class=\"font_8 wixui-rich-text__text\" style=\"line-height:1.5;\"><em><span style=\"font-size:14px;\"><span class=\"wixui-rich-text__text\"><span class=\"color_15 wixui-rich-text__text\">Teatro de la Maestranza, Sevilla <span class=\"color_18 wixui-rich-text__text\"><span style=\"color:rgb(224,62,45);\"><strong>\u00b7<\/strong><\/span><\/span><\/span><\/span><span class=\"wixui-rich-text__text\"><span class=\"color_15 wixui-rich-text__text\"> 2016<\/span><\/span><\/span><\/em><\/p> <p class=\"font_8 wixui-rich-text__text\">\u00a0<\/p> <div class=\"N8MGzv _v6ohL PO9MfV AWXfZq comp-lvw9jao81 wixui-rich-text\"> <p class=\"font_8 wixui-rich-text__text\"><span class=\"wixui-rich-text__text\">Giuseppe Finzi\u00a0<span style=\"color:rgb(224,62,45);\">\/<\/span>\u00a0Jos\u00e9 Luis Castro<\/span><\/p> <p class=\"font_8 wixui-rich-text__text\"><span class=\"wixui-rich-text__text\">Davide Luciano, Michele Angelini, Marina Comparato, Renato Girolami, Dmitri Ulyanov, Susana Cord\u00f3n, David Lagares, Jorge de la Rosa<\/span><\/p> <\/div> <\/div> <\/div><\/div><\/div><\/li>\n                <li style=\"display: none; width: 100%;\" class=\"slide-526 ms-image\" aria-roledescription=\"slide\" data-date=\"2026-08-30 11:52:29\" data-filename=\"opera-fondo-hueso-1-390x400.png\" data-slide-type=\"image\"><img loading=\"lazy\" decoding=\"async\" src=\"https:\/\/borjamarino.com\/wp-content\/uploads\/2026\/08\/opera-fondo-hueso-1-390x400.png\" height=\"400\" width=\"390\" alt=\"Carousel with Captions\" class=\"slider-74 slide-526 msDefaultImage\" title=\"Carousel with Captions\" \/><div class=\"caption-wrap\"><div class=\"caption\"><div style=\"text-align:center;\"> <div class=\"N8MGzv _v6ohL PO9MfV AWXfZq comp-lvw9i5vx3 wixui-rich-text\"><\/div> <div class=\"N8MGzv _v6ohL PO9MfV AWXfZq comp-lvw9i5vz1 wixui-rich-text\"> <p class=\"font_8 wixui-rich-text__text\">\u00a0<\/p> <p class=\"font_8 wixui-rich-text__text\">\u00a0<\/p> <p class=\"font_8 wixui-rich-text__text\"><span class=\"wixui-rich-text__text\" style=\"font-size:18px;\">ROSSINI<\/span><\/p> <p class=\"font_8 wixui-rich-text__text\">\u00a0<\/p> <p class=\"font_8 wixui-rich-text__text\" style=\"line-height:1.5;\"><span style=\"font-size:32px;\"><em><span class=\"wixui-rich-text__text\">SEMIRAMIDE<\/span><\/em><\/span><\/p> <p class=\"font_8 wixui-rich-text__text\" style=\"line-height:1.5;\"><em><span style=\"font-size:14px;\"><span class=\"wixui-rich-text__text\"><span class=\"color_15 wixui-rich-text__text\">Teatro Real, Madrid\u00a0<span class=\"color_18 wixui-rich-text__text\"><span style=\"color:rgb(224,62,45);\"><strong>\u00b7<\/strong><\/span><\/span><\/span><\/span><span class=\"wixui-rich-text__text\"><span class=\"color_15 wixui-rich-text__text\"> 2004<\/span><\/span><\/span><\/em><\/p> <p class=\"font_8 wixui-rich-text__text\">\u00a0<\/p> <div class=\"N8MGzv _v6ohL PO9MfV AWXfZq comp-lvw9jao81 wixui-rich-text\"> <p class=\"font_8 wixui-rich-text__text\"><span class=\"wixui-rich-text__text\">Alberto Zedda\u00a0<span style=\"color:rgb(224,62,45);\">\/<\/span>\u00a0Dieter Kaegi<\/span><\/p> <p class=\"font_8 wixui-rich-text__text\"><span class=\"wixui-rich-text__text\">\u00c1ngeles Blancas, Daniela Barcellona, Ildar Abdrazakov, Antonino Siragusa, Mar\u00eda Jos\u00e9 Su\u00e1rez, Felipe Bou, Eduardo Santamar\u00eda, <\/span><span class=\"wixui-rich-text__text\">Riccardo Ferrari<\/span><\/p> <\/div> <\/div> <\/div><\/div><\/div><\/li>\n                <li style=\"display: none; width: 100%;\" class=\"slide-527 ms-image\" aria-roledescription=\"slide\" data-date=\"2026-08-30 11:53:32\" data-filename=\"opera-fondo-hueso-1-390x400.png\" data-slide-type=\"image\"><img loading=\"lazy\" decoding=\"async\" src=\"https:\/\/borjamarino.com\/wp-content\/uploads\/2026\/08\/opera-fondo-hueso-1-390x400.png\" height=\"400\" width=\"390\" alt=\"Carousel with Captions\" class=\"slider-74 slide-527 msDefaultImage\" title=\"Carousel with Captions\" \/><div class=\"caption-wrap\"><div class=\"caption\"><div style=\"text-align:center;\"> <div class=\"N8MGzv _v6ohL PO9MfV AWXfZq comp-lvw9i5vx3 wixui-rich-text\"><\/div> <div class=\"N8MGzv _v6ohL PO9MfV AWXfZq comp-lvw9i5vz1 wixui-rich-text\"> <p class=\"font_8 wixui-rich-text__text\">\u00a0<\/p> <p class=\"font_8 wixui-rich-text__text\">\u00a0<\/p> <p class=\"font_8 wixui-rich-text__text\">\u00a0<\/p> <p class=\"font_8 wixui-rich-text__text\"><span class=\"wixui-rich-text__text\" style=\"font-size:18px;\">ROSSINI<\/span><\/p> <p class=\"font_8 wixui-rich-text__text\">\u00a0<\/p> <p class=\"font_8 wixui-rich-text__text\" style=\"line-height:0.8;\"><span style=\"font-size:32px;\"><em><span class=\"wixui-rich-text__text\">IL VIAGGIO A REIMS<\/span><\/em><\/span><\/p> <p class=\"font_8 wixui-rich-text__text\" style=\"line-height:1.5;\"><em><span style=\"font-size:14px;\"><span class=\"wixui-rich-text__text\"><span class=\"color_15 wixui-rich-text__text\">Teatro Real, Madrid\u00a0<span class=\"color_18 wixui-rich-text__text\"><span style=\"color:rgb(224,62,45);\"><strong>\u00b7<\/strong><\/span><\/span><\/span><\/span><span class=\"wixui-rich-text__text\"><span class=\"color_15 wixui-rich-text__text\"> 2004<\/span><\/span><\/span><\/em><\/p> <p class=\"font_8 wixui-rich-text__text\">\u00a0<\/p> <div class=\"N8MGzv _v6ohL PO9MfV AWXfZq comp-lvw9jao81 wixui-rich-text\"> <p class=\"font_8 wixui-rich-text__text\"><span class=\"wixui-rich-text__text\">Alberto Zedda,\u00a0Josep Vicent\u00a0<span style=\"color:rgb(224,62,45);\">\/<\/span>\u00a0Emilio Sagi<\/span><\/p> <p class=\"font_8 wixui-rich-text__text\"><span class=\"wixui-rich-text__text\">Laura Giordano, Lola Casariego, Mariola Cantarero, Mar\u00eda Rodr\u00edguez, Jos\u00e9 Manuel Zapata, David Men\u00e9ndez, Sim\u00f3n Orfila,\u00a0<\/span><span class=\"wixui-rich-text__text\">Enric Mart\u00ednez-Castignani<\/span><\/p> <\/div> <\/div> <\/div><\/div><\/div><\/li>\n                <li style=\"display: none; width: 100%;\" class=\"slide-528 ms-image\" aria-roledescription=\"slide\" data-date=\"2026-08-30 12:31:46\" data-filename=\"opera-fondo-hueso-1-390x400.png\" data-slide-type=\"image\"><img loading=\"lazy\" decoding=\"async\" src=\"https:\/\/borjamarino.com\/wp-content\/uploads\/2026\/08\/opera-fondo-hueso-1-390x400.png\" height=\"400\" width=\"390\" alt=\"Carousel with Captions\" class=\"slider-74 slide-528 msDefaultImage\" title=\"Carousel with Captions\" \/><div class=\"caption-wrap\"><div class=\"caption\"><div style=\"text-align:center;\"> <div class=\"N8MGzv _v6ohL PO9MfV AWXfZq comp-lvw9i5vx3 wixui-rich-text\"><\/div> <div class=\"N8MGzv _v6ohL PO9MfV AWXfZq comp-lvw9i5vz1 wixui-rich-text\"> <p class=\"font_8 wixui-rich-text__text\">\u00a0<\/p> <p class=\"font_8 wixui-rich-text__text\">\u00a0<\/p> <p class=\"font_8 wixui-rich-text__text\">\u00a0<\/p> <p class=\"font_8 wixui-rich-text__text\"><span class=\"wixui-rich-text__text\" style=\"font-size:18px;\">SAINT-SA\u00cbNS<\/span><\/p> <p class=\"font_8 wixui-rich-text__text\">\u00a0<\/p> <p class=\"font_8 wixui-rich-text__text\" style=\"line-height:0.8;\"><span style=\"font-size:32px;\"><em><span class=\"wixui-rich-text__text\">SAMSON ET DALILA<\/span><\/em><\/span><\/p> <p class=\"font_8 wixui-rich-text__text\" style=\"line-height:1.5;\"><em><span style=\"font-size:14px;\"><span class=\"wixui-rich-text__text\"><span class=\"color_15 wixui-rich-text__text\">Festival Amazonas de Opera, Manaus <span class=\"color_18 wixui-rich-text__text\"><span style=\"color:rgb(224,62,45);\"><strong>\u00b7<\/strong><\/span><\/span><\/span><\/span><span class=\"wixui-rich-text__text\"><span class=\"color_15 wixui-rich-text__text\"> 2009<\/span><\/span><\/span><\/em><\/p> <p class=\"font_8 wixui-rich-text__text\">\u00a0<\/p> <div class=\"N8MGzv _v6ohL PO9MfV AWXfZq comp-lvw9jao81 wixui-rich-text\"> <p class=\"font_8 wixui-rich-text__text\"><span class=\"wixui-rich-text__text\">Luiz Fernando Malheiro\u00a0<span style=\"color:rgb(224,62,45);\">\/<\/span>\u00a0Emilio Sagi<\/span><\/p> <p class=\"font_8 wixui-rich-text__text\"><span class=\"wixui-rich-text__text\">Michael Hendrick, Nancy Fabiola Herrera, Jean-Philippe Lafont, <\/span><span class=\"wixui-rich-text__text\">Jer\u00f4me Varnier, Savio Sperandio, Leandro Lacava, Adriano di Sidney, Henrique Bravo<\/span><\/p> <\/div> <\/div> <\/div><\/div><\/div><\/li>\n                <li style=\"display: none; width: 100%;\" class=\"slide-529 ms-image\" aria-roledescription=\"slide\" data-date=\"2026-08-30 12:34:44\" data-filename=\"opera-fondo-hueso-1-390x400.png\" data-slide-type=\"image\"><img loading=\"lazy\" decoding=\"async\" src=\"https:\/\/borjamarino.com\/wp-content\/uploads\/2026\/08\/opera-fondo-hueso-1-390x400.png\" height=\"400\" width=\"390\" alt=\"Carousel with Captions\" class=\"slider-74 slide-529 msDefaultImage\" title=\"Carousel with Captions\" \/><div class=\"caption-wrap\"><div class=\"caption\"><div style=\"text-align:center;\"> <div class=\"N8MGzv _v6ohL PO9MfV AWXfZq comp-lvw9i5vx3 wixui-rich-text\"><\/div> <div class=\"N8MGzv _v6ohL PO9MfV AWXfZq comp-lvw9i5vz1 wixui-rich-text\"> <p class=\"font_8 wixui-rich-text__text\">\u00a0<\/p> <p class=\"font_8 wixui-rich-text__text\">\u00a0<\/p> <p class=\"font_8 wixui-rich-text__text\"><span class=\"wixui-rich-text__text\" style=\"font-size:18px;\">STRAVINSKI<\/span><\/p> <p class=\"font_8 wixui-rich-text__text\">\u00a0<\/p> <p class=\"font_8 wixui-rich-text__text\" style=\"line-height:1.5;\"><span style=\"font-size:32px;\"><em><span class=\"wixui-rich-text__text\">MAVRA<\/span><\/em><\/span><\/p> <p class=\"font_8 wixui-rich-text__text\" style=\"line-height:1.5;\"><em><span style=\"font-size:14px;\"><span class=\"wixui-rich-text__text\"><span class=\"color_15 wixui-rich-text__text\">Auditorio, Univ. Pamplona <span class=\"color_18 wixui-rich-text__text\"><span style=\"color:rgb(224,62,45);\"><strong>\u00b7<\/strong><\/span><\/span><\/span><\/span><span class=\"wixui-rich-text__text\"><span class=\"color_15 wixui-rich-text__text\"> 2018<\/span><\/span><\/span><\/em><\/p> <p class=\"font_8 wixui-rich-text__text\">\u00a0<\/p> <div class=\"N8MGzv _v6ohL PO9MfV AWXfZq comp-lvw9jao81 wixui-rich-text\"> <p class=\"font_8 wixui-rich-text__text\"><span class=\"wixui-rich-text__text\">BORJA MARI\u00d1O\u00a0<span style=\"color:rgb(224,62,45);\">\/<\/span>\u00a0Tom\u00e1s Mu\u00f1oz<\/span><\/p> <p class=\"font_8 wixui-rich-text__text\"><span class=\"wixui-rich-text__text\">Susana Cord\u00f3n, Anna Moroz, Marina Makhmoutova, <\/span><span class=\"wixui-rich-text__text\">Jos\u00e9 Manuel Montero<\/span><\/p> <p class=\"font_8 wixui-rich-text__text\">\u00a0<\/p> <p class=\"font_8 wixui-rich-text__text\">\u00a0<\/p> <\/div> <\/div> <\/div><\/div><\/div><\/li>\n                <li style=\"display: none; width: 100%;\" class=\"slide-530 ms-image\" aria-roledescription=\"slide\" data-date=\"2026-08-30 12:36:43\" data-filename=\"opera-fondo-hueso-1-390x400.png\" data-slide-type=\"image\"><img loading=\"lazy\" decoding=\"async\" src=\"https:\/\/borjamarino.com\/wp-content\/uploads\/2026\/08\/opera-fondo-hueso-1-390x400.png\" height=\"400\" width=\"390\" alt=\"Carousel with Captions\" class=\"slider-74 slide-530 msDefaultImage\" title=\"Carousel with Captions\" \/><div class=\"caption-wrap\"><div class=\"caption\"><div style=\"text-align:center;\"> <div class=\"N8MGzv _v6ohL PO9MfV AWXfZq comp-lvw9i5vx3 wixui-rich-text\"><\/div> <div class=\"N8MGzv _v6ohL PO9MfV AWXfZq comp-lvw9i5vz1 wixui-rich-text\"> <p class=\"font_8 wixui-rich-text__text\">\u00a0<\/p> <p class=\"font_8 wixui-rich-text__text\">\u00a0<\/p> <p class=\"font_8 wixui-rich-text__text\"><span class=\"wixui-rich-text__text\" style=\"font-size:18px;\">THOMAS<\/span><\/p> <p class=\"font_8 wixui-rich-text__text\">\u00a0<\/p> <p class=\"font_8 wixui-rich-text__text\" style=\"line-height:1.5;\"><span style=\"font-size:32px;\"><em><span class=\"wixui-rich-text__text\">HAMLET<\/span><\/em><\/span><\/p> <p class=\"font_8 wixui-rich-text__text\" style=\"line-height:1.5;\"><em><span style=\"font-size:14px;\"><span class=\"wixui-rich-text__text\"><span class=\"color_15 wixui-rich-text__text\">\u00d3pera de Oviedo <span class=\"color_18 wixui-rich-text__text\"><span style=\"color:rgb(224,62,45);\"><strong>\u00b7<\/strong><\/span><\/span><\/span><\/span><span class=\"wixui-rich-text__text\"><span class=\"color_15 wixui-rich-text__text\"> 2022<\/span><\/span><\/span><\/em><\/p> <p class=\"font_8 wixui-rich-text__text\">\u00a0<\/p> <div class=\"N8MGzv _v6ohL PO9MfV AWXfZq comp-lvw9jao81 wixui-rich-text\"> <p class=\"font_8 wixui-rich-text__text\"><span class=\"wixui-rich-text__text\">Audrey Saint-Gil\u00a0<span style=\"color:rgb(224,62,45);\">\/<\/span>\u00a0Susana G\u00f3mez<\/span><\/p> <p class=\"font_8 wixui-rich-text__text\"><span class=\"wixui-rich-text__text\">David Men\u00e9ndez, Sara Blanch, Sim\u00f3n Orfila, B\u00e9atrice Uria-Monzon, Alejandro del Cerro, Javier Casta\u00f1eda, Josu Cabrero, Carlos Carzoglio, Alejandro L\u00f3pez<\/span><\/p> <\/div> <\/div> <\/div><\/div><\/div><\/li>\n                <li style=\"display: none; width: 100%;\" class=\"slide-531 ms-image\" aria-roledescription=\"slide\" data-date=\"2026-08-30 12:39:09\" data-filename=\"opera-fondo-hueso-1-390x400.png\" data-slide-type=\"image\"><img loading=\"lazy\" decoding=\"async\" src=\"https:\/\/borjamarino.com\/wp-content\/uploads\/2026\/08\/opera-fondo-hueso-1-390x400.png\" height=\"400\" width=\"390\" alt=\"Carousel with Captions\" class=\"slider-74 slide-531 msDefaultImage\" title=\"Carousel with Captions\" \/><div class=\"caption-wrap\"><div class=\"caption\"><div style=\"text-align:center;\"> <div class=\"N8MGzv _v6ohL PO9MfV AWXfZq comp-lvw9i5vx3 wixui-rich-text\"><\/div> <div class=\"N8MGzv _v6ohL PO9MfV AWXfZq comp-lvw9i5vz1 wixui-rich-text\"> <p class=\"font_8 wixui-rich-text__text\">\u00a0<\/p> <p class=\"font_8 wixui-rich-text__text\">\u00a0<\/p> <p class=\"font_8 wixui-rich-text__text\">\u00a0<\/p> <p class=\"font_8 wixui-rich-text__text\"><span class=\"wixui-rich-text__text\" style=\"font-size:18px;\">VE<\/span><span class=\"wixui-rich-text__text\" style=\"font-size:18px;\">RDI<\/span><\/p> <p class=\"font_8 wixui-rich-text__text\">\u00a0<\/p> <p class=\"font_8 wixui-rich-text__text\" style=\"line-height:1.5;\"><span style=\"font-size:32px;\"><em><span class=\"wixui-rich-text__text\">LA TRAVIATA<\/span><\/em><\/span><\/p> <p class=\"font_8 wixui-rich-text__text\" style=\"line-height:1.5;\"><em><span style=\"font-size:14px;\"><span class=\"wixui-rich-text__text\"><span class=\"color_15 wixui-rich-text__text\">Auditorio Jos\u00e9 Padilla, Almer\u00eda <span class=\"color_18 wixui-rich-text__text\"><span style=\"color:rgb(224,62,45);\"><strong>\u00b7<\/strong><\/span><\/span><\/span><\/span><span class=\"wixui-rich-text__text\"><span class=\"color_15 wixui-rich-text__text\"> 2025<\/span><\/span><\/span><\/em><\/p> <p class=\"font_8 wixui-rich-text__text\">\u00a0<\/p> <div class=\"N8MGzv _v6ohL PO9MfV AWXfZq comp-lvw9jao81 wixui-rich-text\"> <p class=\"font_8 wixui-rich-text__text\"><span class=\"wixui-rich-text__text\">Lara Diloy\u00a0<span style=\"color:rgb(224,62,45);\">\/<\/span>\u00a0Curro Carreres<\/span><\/p> <p class=\"font_8 wixui-rich-text__text\"><span class=\"wixui-rich-text__text\">Sandra Hamaoui, Juan de Dios Mateos, \u00c0ngel \u00d3dena, Ana\u00efs Mej\u00edas, Aurelio Puente, \u00c1ngel Jim\u00e9nez, Enrique Monteoliva, Gonzalo Ruiz<\/span><\/p> <\/div> <\/div> <\/div><\/div><\/div><\/li>\n                <li style=\"display: none; width: 100%;\" class=\"slide-532 ms-image\" aria-roledescription=\"slide\" data-date=\"2026-08-30 12:43:09\" data-filename=\"opera-fondo-hueso-1-390x400.png\" data-slide-type=\"image\"><img loading=\"lazy\" decoding=\"async\" src=\"https:\/\/borjamarino.com\/wp-content\/uploads\/2026\/08\/opera-fondo-hueso-1-390x400.png\" height=\"400\" width=\"390\" alt=\"Carousel with Captions\" class=\"slider-74 slide-532 msDefaultImage\" title=\"Carousel with Captions\" \/><div class=\"caption-wrap\"><div class=\"caption\"><div style=\"text-align:center;\"> <div class=\"N8MGzv _v6ohL PO9MfV AWXfZq comp-lvw9i5vx3 wixui-rich-text\"><\/div> <div class=\"N8MGzv _v6ohL PO9MfV AWXfZq comp-lvw9i5vz1 wixui-rich-text\"> <p class=\"font_8 wixui-rich-text__text\">\u00a0<\/p> <p class=\"font_8 wixui-rich-text__text\">\u00a0<\/p> <p class=\"font_8 wixui-rich-text__text\">\u00a0<\/p> <p class=\"font_8 wixui-rich-text__text\"><span class=\"wixui-rich-text__text\" style=\"font-size:18px;\">VERDI<\/span><\/p> <p class=\"font_8 wixui-rich-text__text\">\u00a0<\/p> <p class=\"font_8 wixui-rich-text__text\" style=\"line-height:1.5;\"><span style=\"font-size:32px;\"><em><span class=\"wixui-rich-text__text\">LA TRAVIATA<\/span><\/em><\/span><\/p> <p class=\"font_8 wixui-rich-text__text\" style=\"line-height:1.5;\"><em><span style=\"font-size:14px;\"><span class=\"wixui-rich-text__text\"><span class=\"color_15 wixui-rich-text__text\">Teatre Principal, Palma de Mallorca\u00a0<span class=\"color_18 wixui-rich-text__text\"><span style=\"color:rgb(224,62,45);\"><strong>\u00b7<\/strong><\/span><\/span><\/span><\/span><span class=\"wixui-rich-text__text\"><span class=\"color_15 wixui-rich-text__text\"> 2023<\/span><\/span><\/span><\/em><\/p> <p class=\"font_8 wixui-rich-text__text\">\u00a0<\/p> <div class=\"N8MGzv _v6ohL PO9MfV AWXfZq comp-lvw9jao81 wixui-rich-text\"> <p class=\"font_8 wixui-rich-text__text\"><span class=\"wixui-rich-text__text\">Luc\u00eda Mar\u00edn\u00a0<span style=\"color:rgb(224,62,45);\">\/<\/span>\u00a0Hugo de Ana<\/span><\/p> <p class=\"font_8 wixui-rich-text__text\"><span class=\"wixui-rich-text__text\">Lana Kos, Long Long, Simone Piazzola, Bego\u00f1a G\u00f3mez, Joan Lainez, <\/span><span class=\"wixui-rich-text__text\">Joan Miquel Mu\u00f1oz, Mar\u00eda Casado, Toni Marsol, Gabriel Mas, Jordi Fontana<\/span><\/p> <\/div> <\/div> <\/div><\/div><\/div><\/li>\n                <li style=\"display: none; width: 100%;\" class=\"slide-533 ms-image\" aria-roledescription=\"slide\" data-date=\"2026-08-30 12:44:15\" data-filename=\"opera-fondo-hueso-1-390x400.png\" data-slide-type=\"image\"><img loading=\"lazy\" decoding=\"async\" src=\"https:\/\/borjamarino.com\/wp-content\/uploads\/2026\/08\/opera-fondo-hueso-1-390x400.png\" height=\"400\" width=\"390\" alt=\"Carousel with Captions\" class=\"slider-74 slide-533 msDefaultImage\" title=\"Carousel with Captions\" \/><div class=\"caption-wrap\"><div class=\"caption\"><div style=\"text-align:center;\"> <div class=\"N8MGzv _v6ohL PO9MfV AWXfZq comp-lvw9i5vx3 wixui-rich-text\"><\/div> <div class=\"N8MGzv _v6ohL PO9MfV AWXfZq comp-lvw9i5vz1 wixui-rich-text\"> <p class=\"font_8 wixui-rich-text__text\">\u00a0<\/p> <p class=\"font_8 wixui-rich-text__text\">\u00a0<\/p> <p class=\"font_8 wixui-rich-text__text\">\u00a0<\/p> <p class=\"font_8 wixui-rich-text__text\"><span class=\"wixui-rich-text__text\" style=\"font-size:18px;\">VERDI<\/span><\/p> <p class=\"font_8 wixui-rich-text__text\">\u00a0<\/p> <p class=\"font_8 wixui-rich-text__text\" style=\"line-height:1.5;\"><span style=\"font-size:32px;\"><em><span class=\"wixui-rich-text__text\">LA TRAVIATA<\/span><\/em><\/span><\/p> <p class=\"font_8 wixui-rich-text__text\" style=\"line-height:1.5;\"><em><span style=\"font-size:14px;\"><span class=\"wixui-rich-text__text\"><span class=\"color_15 wixui-rich-text__text\">Palacio de la \u00d3pera, A Coru\u00f1a <span class=\"color_18 wixui-rich-text__text\"><span style=\"color:rgb(224,62,45);\"><strong>\u00b7<\/strong><\/span><\/span><\/span><\/span><span class=\"wixui-rich-text__text\"><span class=\"color_15 wixui-rich-text__text\"> 2014<\/span><\/span><\/span><\/em><\/p> <p class=\"font_8 wixui-rich-text__text\">\u00a0<\/p> <div class=\"N8MGzv _v6ohL PO9MfV AWXfZq comp-lvw9jao81 wixui-rich-text\"> <p class=\"font_8 wixui-rich-text__text\"><span class=\"wixui-rich-text__text\">Ram\u00f3n T\u00e9bar\u00a0<span style=\"color:rgb(224,62,45);\">\/<\/span>\u00a0Mario Pontiggia<\/span><\/p> <p class=\"font_8 wixui-rich-text__text\"><span class=\"wixui-rich-text__text\">Elena Mosuc, Celso Albelo, Leo Nucci, David S\u00e1nchez, Nuria Lorenzo, Francisco Pardo, Pedro Mart\u00ednez Tapia, C\u00e9sar San Mart\u00edn, Alba L\u00f3pez<\/span><\/p> <\/div> <\/div> <\/div><\/div><\/div><\/li>\n                <li style=\"display: none; width: 100%;\" class=\"slide-534 ms-image\" aria-roledescription=\"slide\" data-date=\"2026-08-30 12:46:30\" data-filename=\"opera-fondo-hueso-1-390x400.png\" data-slide-type=\"image\"><img loading=\"lazy\" decoding=\"async\" src=\"https:\/\/borjamarino.com\/wp-content\/uploads\/2026\/08\/opera-fondo-hueso-1-390x400.png\" height=\"400\" width=\"390\" alt=\"Carousel with Captions\" class=\"slider-74 slide-534 msDefaultImage\" title=\"Carousel with Captions\" \/><div class=\"caption-wrap\"><div class=\"caption\"><div style=\"text-align:center;\"> <div class=\"N8MGzv _v6ohL PO9MfV AWXfZq comp-lvw9i5vx3 wixui-rich-text\"><\/div> <div class=\"N8MGzv _v6ohL PO9MfV AWXfZq comp-lvw9i5vz1 wixui-rich-text\"> <p class=\"font_8 wixui-rich-text__text\">\u00a0<\/p> <p class=\"font_8 wixui-rich-text__text\">\u00a0<\/p> <p class=\"font_8 wixui-rich-text__text\"><span class=\"wixui-rich-text__text\" style=\"font-size:18px;\">VERDI<\/span><\/p> <p class=\"font_8 wixui-rich-text__text\">\u00a0<\/p> <p class=\"font_8 wixui-rich-text__text\" style=\"line-height:1.5;\"><span style=\"font-size:32px;\"><em><span class=\"wixui-rich-text__text\">LA TRAVIATA<\/span><\/em><\/span><\/p> <p class=\"font_8 wixui-rich-text__text\" style=\"line-height:1.5;\"><em><span style=\"font-size:14px;\"><span class=\"wixui-rich-text__text\"><span class=\"color_15 wixui-rich-text__text\">Palacio de la \u00d3pera, A Coru\u00f1a <span class=\"color_18 wixui-rich-text__text\"><span style=\"color:rgb(224,62,45);\"><strong>\u00b7<\/strong><\/span><\/span><\/span><\/span><span class=\"wixui-rich-text__text\"><span class=\"color_15 wixui-rich-text__text\"> 2005<\/span><\/span><\/span><\/em><\/p> <p class=\"font_8 wixui-rich-text__text\">\u00a0<\/p> <div class=\"N8MGzv _v6ohL PO9MfV AWXfZq comp-lvw9jao81 wixui-rich-text\"> <p class=\"font_8 wixui-rich-text__text\"><span class=\"wixui-rich-text__text\">Luiz Fernando Malheiro\u00a0<span style=\"color:rgb(224,62,45);\">\/<\/span>\u00a0Francisco L\u00f3pez<\/span><\/p> <p class=\"font_8 wixui-rich-text__text\"><span class=\"wixui-rich-text__text\">\u00c1ngeles Blancas, Ismael Jordi, Zelkjo Lucic, Miguel L\u00f3pez Galindo,\u00a0<\/span><span class=\"wixui-rich-text__text\">Enric Serra, Marina Pardo, Julio Morales, Felice Tenneriello, Gloria Amil<\/span><\/p> <\/div> <\/div> <\/div><\/div><\/div><\/li>\n                <li style=\"display: none; width: 100%;\" class=\"slide-535 ms-image\" aria-roledescription=\"slide\" data-date=\"2026-08-30 12:51:47\" data-filename=\"opera-fondo-hueso-1-390x400.png\" data-slide-type=\"image\"><img loading=\"lazy\" decoding=\"async\" src=\"https:\/\/borjamarino.com\/wp-content\/uploads\/2026\/08\/opera-fondo-hueso-1-390x400.png\" height=\"400\" width=\"390\" alt=\"Carousel with Captions\" class=\"slider-74 slide-535 msDefaultImage\" title=\"Carousel with Captions\" \/><div class=\"caption-wrap\"><div class=\"caption\"><div style=\"text-align:center;\"> <div class=\"N8MGzv _v6ohL PO9MfV AWXfZq comp-lvw9i5vx3 wixui-rich-text\"><\/div> <div class=\"N8MGzv _v6ohL PO9MfV AWXfZq comp-lvw9i5vz1 wixui-rich-text\"> <p class=\"font_8 wixui-rich-text__text\">\u00a0<\/p> <p class=\"font_8 wixui-rich-text__text\">\u00a0<\/p> <p class=\"font_8 wixui-rich-text__text\"><span class=\"wixui-rich-text__text\" style=\"font-size:18px;\">VERDI<\/span><\/p> <p class=\"font_8 wixui-rich-text__text\">\u00a0<\/p> <p class=\"font_8 wixui-rich-text__text\" style=\"line-height:1.5;\"><span style=\"font-size:32px;\"><em><span class=\"wixui-rich-text__text\">RIGOLETTO<\/span><\/em><\/span><\/p> <p class=\"font_8 wixui-rich-text__text\" style=\"line-height:1.5;\"><em><span style=\"font-size:14px;\"><span class=\"wixui-rich-text__text\"><span class=\"color_15 wixui-rich-text__text\">Palacio de la \u00d3pera, A Coru\u00f1a <span class=\"color_18 wixui-rich-text__text\"><span style=\"color:rgb(224,62,45);\"><strong>\u00b7<\/strong><\/span><\/span><\/span><\/span><span class=\"wixui-rich-text__text\"><span class=\"color_15 wixui-rich-text__text\"> 2011<\/span><\/span><\/span><\/em><\/p> <p class=\"font_8 wixui-rich-text__text\">\u00a0<\/p> <div class=\"N8MGzv _v6ohL PO9MfV AWXfZq comp-lvw9jao81 wixui-rich-text\"> <p class=\"font_8 wixui-rich-text__text\"><span class=\"wixui-rich-text__text\">Miguel \u00c1ngel G\u00f3mez Mart\u00ednez\u00a0<span style=\"color:rgb(224,62,45);\">\/<\/span> Emilio Sagi.\u00a0<\/span><span class=\"wixui-rich-text__text\">Leo Nucci, Mar\u00eda Jos\u00e9 Moreno, Mikeldi Atxalandabaso, Dmitri Ulyanov, Mar\u00eda Jos\u00e9 Trullu, Jos\u00e9 Antonio Garc\u00eda, Francisco Jos\u00e9 Pardo<\/span><\/p> <\/div> <\/div> <\/div><\/div><\/div><\/li>\n                <li style=\"display: none; width: 100%;\" class=\"slide-536 ms-image\" aria-roledescription=\"slide\" data-date=\"2026-08-30 12:53:51\" data-filename=\"opera-fondo-hueso-1-390x400.png\" data-slide-type=\"image\"><img loading=\"lazy\" decoding=\"async\" src=\"https:\/\/borjamarino.com\/wp-content\/uploads\/2026\/08\/opera-fondo-hueso-1-390x400.png\" height=\"400\" width=\"390\" alt=\"Carousel with Captions\" class=\"slider-74 slide-536 msDefaultImage\" title=\"Carousel with Captions\" \/><div class=\"caption-wrap\"><div class=\"caption\"><div style=\"text-align:center;\"> <div class=\"N8MGzv _v6ohL PO9MfV AWXfZq comp-lvw9i5vx3 wixui-rich-text\"><\/div> <div class=\"N8MGzv _v6ohL PO9MfV AWXfZq comp-lvw9i5vz1 wixui-rich-text\"> <p class=\"font_8 wixui-rich-text__text\">\u00a0<\/p> <p class=\"font_8 wixui-rich-text__text\">\u00a0<\/p> <p class=\"font_8 wixui-rich-text__text\"><span class=\"wixui-rich-text__text\" style=\"font-size:18px;\">VERDI<\/span><\/p> <p class=\"font_8 wixui-rich-text__text\">\u00a0<\/p> <p class=\"font_8 wixui-rich-text__text\" style=\"line-height:1.5;\"><span style=\"font-size:32px;\"><em><span class=\"wixui-rich-text__text\">RIGOLETTO<\/span><\/em><\/span><\/p> <p class=\"font_8 wixui-rich-text__text\" style=\"line-height:1.5;\"><em><span style=\"font-size:14px;\"><span class=\"wixui-rich-text__text\"><span class=\"color_15 wixui-rich-text__text\">Teatro Infanta Leonor, Ja\u00e9n <span class=\"color_18 wixui-rich-text__text\"><span style=\"color:rgb(224,62,45);\"><strong>\u00b7<\/strong><\/span><\/span><\/span><\/span><span class=\"wixui-rich-text__text\"><span class=\"color_15 wixui-rich-text__text\"> 2010<\/span><\/span><\/span><\/em><\/p> <p class=\"font_8 wixui-rich-text__text\">\u00a0<\/p> <div class=\"N8MGzv _v6ohL PO9MfV AWXfZq comp-lvw9jao81 wixui-rich-text\"> <p class=\"font_8 wixui-rich-text__text\"><span class=\"wixui-rich-text__text\">Manuel Coves\u00a0<span style=\"color:rgb(224,62,45);\">\/<\/span>\u00a0Ricardo Campelo<\/span><\/p> <p class=\"font_8 wixui-rich-text__text\"><span class=\"wixui-rich-text__text\">Francisco Corujo, Roc\u00edo Ignacio, Andr\u00e9s del Pino, Stefano Palatchi, <\/span><span class=\"wixui-rich-text__text\">\u00c1ngela Lorite, Dami\u00e1n del Castillo, Miguel \u00c1ngel Ruiz Merino, <\/span><span class=\"wixui-rich-text__text\">Alexis Heath, Enrique S\u00e1nchez<\/span><\/p> <\/div> <\/div> <\/div><\/div><\/div><\/li>\n                <li style=\"display: none; width: 100%;\" class=\"slide-537 ms-image\" aria-roledescription=\"slide\" data-date=\"2026-08-30 12:55:11\" data-filename=\"opera-fondo-hueso-1-390x400.png\" data-slide-type=\"image\"><img loading=\"lazy\" decoding=\"async\" src=\"https:\/\/borjamarino.com\/wp-content\/uploads\/2026\/08\/opera-fondo-hueso-1-390x400.png\" height=\"400\" width=\"390\" alt=\"Carousel with Captions\" class=\"slider-74 slide-537 msDefaultImage\" title=\"Carousel with Captions\" \/><div class=\"caption-wrap\"><div class=\"caption\"><div style=\"text-align:center;\"> <div class=\"N8MGzv _v6ohL PO9MfV AWXfZq comp-lvw9i5vx3 wixui-rich-text\"><\/div> <div class=\"N8MGzv _v6ohL PO9MfV AWXfZq comp-lvw9i5vz1 wixui-rich-text\"> <p class=\"font_8 wixui-rich-text__text\">\u00a0<\/p> <p class=\"font_8 wixui-rich-text__text\">\u00a0<\/p> <p class=\"font_8 wixui-rich-text__text\"><span class=\"wixui-rich-text__text\" style=\"font-size:18px;\">VERDI<\/span><\/p> <p class=\"font_8 wixui-rich-text__text\">\u00a0<\/p> <p class=\"font_8 wixui-rich-text__text\" style=\"line-height:1.5;\"><span style=\"font-size:32px;\"><em><span class=\"wixui-rich-text__text\">MACBETH<\/span><\/em><\/span><\/p> <p class=\"font_8 wixui-rich-text__text\" style=\"line-height:1.5;\"><em><span style=\"font-size:14px;\"><span class=\"wixui-rich-text__text\"><span class=\"color_15 wixui-rich-text__text\">Teatre Principal, Palma de Mallorca\u00a0<span class=\"color_18 wixui-rich-text__text\"><span style=\"color:rgb(224,62,45);\"><strong>\u00b7<\/strong><\/span><\/span><\/span><\/span><span class=\"wixui-rich-text__text\"><span class=\"color_15 wixui-rich-text__text\"> 2017<\/span><\/span><\/span><\/em><\/p> <p class=\"font_8 wixui-rich-text__text\">\u00a0<\/p> <div class=\"N8MGzv _v6ohL PO9MfV AWXfZq comp-lvw9jao81 wixui-rich-text\"> <p class=\"font_8 wixui-rich-text__text\"><span class=\"wixui-rich-text__text\">Andr\u00e9s Salado\u00a0<span style=\"color:rgb(224,62,45);\">\/<\/span>\u00a0Elena Barbalich<\/span><\/p> <p class=\"font_8 wixui-rich-text__text\"><span class=\"wixui-rich-text__text\">Dar\u00edo Solari, Maribel Ortega, Rub\u00e9n Amoretti, Arseni Yacovlev, <\/span><span class=\"wixui-rich-text__text\">Antoni Lliteres, Natalia Salom, Josep Miquel Ribot<\/span><\/p> <p class=\"font_8 wixui-rich-text__text\">\u00a0<\/p> <\/div> <\/div> <\/div><\/div><\/div><\/li>\n                <li style=\"display: none; width: 100%;\" class=\"slide-538 ms-image\" aria-roledescription=\"slide\" data-date=\"2026-08-30 12:56:13\" data-filename=\"opera-fondo-hueso-1-390x400.png\" data-slide-type=\"image\"><img loading=\"lazy\" decoding=\"async\" src=\"https:\/\/borjamarino.com\/wp-content\/uploads\/2026\/08\/opera-fondo-hueso-1-390x400.png\" height=\"400\" width=\"390\" alt=\"Carousel with Captions\" class=\"slider-74 slide-538 msDefaultImage\" title=\"Carousel with Captions\" \/><div class=\"caption-wrap\"><div class=\"caption\"><div style=\"text-align:center;\"> <div class=\"N8MGzv _v6ohL PO9MfV AWXfZq comp-lvw9i5vx3 wixui-rich-text\"><\/div> <div class=\"N8MGzv _v6ohL PO9MfV AWXfZq comp-lvw9i5vz1 wixui-rich-text\"> <p class=\"font_8 wixui-rich-text__text\">\u00a0<\/p> <p class=\"font_8 wixui-rich-text__text\">\u00a0<\/p> <p class=\"font_8 wixui-rich-text__text\"><span class=\"wixui-rich-text__text\" style=\"font-size:18px;\">VERDI<\/span><\/p> <p class=\"font_8 wixui-rich-text__text\">\u00a0<\/p> <p class=\"font_8 wixui-rich-text__text\" style=\"line-height:1.5;\"><span style=\"font-size:32px;\"><em><span class=\"wixui-rich-text__text\">MACBETH<\/span><\/em><\/span><\/p> <p class=\"font_8 wixui-rich-text__text\" style=\"line-height:1.5;\"><em><span style=\"font-size:14px;\"><span class=\"wixui-rich-text__text\"><span class=\"color_15 wixui-rich-text__text\">Teatre Calder\u00f3n, Valladolid <span class=\"color_18 wixui-rich-text__text\"><span style=\"color:rgb(224,62,45);\"><strong>\u00b7<\/strong><\/span><\/span><\/span><\/span><span class=\"wixui-rich-text__text\"><span class=\"color_15 wixui-rich-text__text\"> 2010<\/span><\/span><\/span><\/em><\/p> <p class=\"font_8 wixui-rich-text__text\">\u00a0<\/p> <div class=\"N8MGzv _v6ohL PO9MfV AWXfZq comp-lvw9jao81 wixui-rich-text\"> <p class=\"font_8 wixui-rich-text__text\"><span class=\"wixui-rich-text__text\">Pietro Rizzo\u00a0<span style=\"color:rgb(224,62,45);\">\/<\/span>\u00a0Elena Barbalich<\/span><\/p> <p class=\"font_8 wixui-rich-text__text\"><span class=\"wixui-rich-text__text\">Vittorio Vitelli, Susan Neves, Francisco Corujo, Giuseppe Enrico Iori, Ram\u00f3n Criado, Bel\u00e9n Elvira, Juan Jos\u00e9 Navarro<\/span><\/p> <p class=\"font_8 wixui-rich-text__text\">\u00a0<\/p> <\/div> <\/div> <\/div><\/div><\/div><\/li>\n                <li style=\"display: none; width: 100%;\" class=\"slide-539 ms-image\" aria-roledescription=\"slide\" data-date=\"2026-08-30 12:57:30\" data-filename=\"opera-fondo-hueso-1-390x400.png\" data-slide-type=\"image\"><img loading=\"lazy\" decoding=\"async\" src=\"https:\/\/borjamarino.com\/wp-content\/uploads\/2026\/08\/opera-fondo-hueso-1-390x400.png\" height=\"400\" width=\"390\" alt=\"Carousel with Captions\" class=\"slider-74 slide-539 msDefaultImage\" title=\"Carousel with Captions\" \/><div class=\"caption-wrap\"><div class=\"caption\"><div style=\"text-align:center;\"> <div class=\"N8MGzv _v6ohL PO9MfV AWXfZq comp-lvw9i5vx3 wixui-rich-text\"><\/div> <div class=\"N8MGzv _v6ohL PO9MfV AWXfZq comp-lvw9i5vz1 wixui-rich-text\"> <p class=\"font_8 wixui-rich-text__text\">\u00a0<\/p> <p class=\"font_8 wixui-rich-text__text\">\u00a0<\/p> <p class=\"font_8 wixui-rich-text__text\">\u00a0<\/p> <p class=\"font_8 wixui-rich-text__text\"><span class=\"wixui-rich-text__text\" style=\"font-size:18px;\">VERDI<\/span><\/p> <p class=\"font_8 wixui-rich-text__text\">\u00a0<\/p> <p class=\"font_8 wixui-rich-text__text\" style=\"line-height:1.5;\"><span style=\"font-size:32px;\"><em><span class=\"wixui-rich-text__text\">MACBETH<\/span><\/em><\/span><\/p> <p class=\"font_8 wixui-rich-text__text\" style=\"line-height:1.5;\"><em><span style=\"font-size:14px;\"><span class=\"wixui-rich-text__text\"><span class=\"color_15 wixui-rich-text__text\">Palacio de la \u00d3pera, A Coru\u00f1a <span class=\"color_18 wixui-rich-text__text\"><span style=\"color:rgb(224,62,45);\"><strong>\u00b7<\/strong><\/span><\/span><\/span><\/span><span class=\"wixui-rich-text__text\"><span class=\"color_15 wixui-rich-text__text\"> 2008<\/span><\/span><\/span><\/em><\/p> <p class=\"font_8 wixui-rich-text__text\">\u00a0<\/p> <div class=\"N8MGzv _v6ohL PO9MfV AWXfZq comp-lvw9jao81 wixui-rich-text\"> <p class=\"font_8 wixui-rich-text__text\"><span class=\"wixui-rich-text__text\">Vasily Petrenko\u00a0<span style=\"color:rgb(224,62,45);\">\/<\/span>\u00a0Elena Barbalich<\/span><\/p> <p class=\"font_8 wixui-rich-text__text\"><span class=\"wixui-rich-text__text\">Maria Guleghina, Zeljko Lucic, Carlo Colombara, Francisco Corujo, <\/span><span class=\"wixui-rich-text__text\">Francisco Jos\u00e9 Pardo, Gloria Amil, Miguel L\u00f3pez Galindo<\/span><\/p> <\/div> <\/div> <\/div><\/div><\/div><\/li>\n                <li style=\"display: none; width: 100%;\" class=\"slide-540 ms-image\" aria-roledescription=\"slide\" data-date=\"2026-08-30 12:58:46\" data-filename=\"opera-fondo-hueso-1-390x400.png\" data-slide-type=\"image\"><img loading=\"lazy\" decoding=\"async\" src=\"https:\/\/borjamarino.com\/wp-content\/uploads\/2026\/08\/opera-fondo-hueso-1-390x400.png\" height=\"400\" width=\"390\" alt=\"Carousel with Captions\" class=\"slider-74 slide-540 msDefaultImage\" title=\"Carousel with Captions\" \/><div class=\"caption-wrap\"><div class=\"caption\"><div style=\"text-align:center;\"> <div class=\"N8MGzv _v6ohL PO9MfV AWXfZq comp-lvw9i5vx3 wixui-rich-text\"><\/div> <div class=\"N8MGzv _v6ohL PO9MfV AWXfZq comp-lvw9i5vz1 wixui-rich-text\"> <p class=\"font_8 wixui-rich-text__text\">\u00a0<\/p> <p class=\"font_8 wixui-rich-text__text\">\u00a0<\/p> <p class=\"font_8 wixui-rich-text__text\">\u00a0<\/p> <p class=\"font_8 wixui-rich-text__text\"><span class=\"wixui-rich-text__text\" style=\"font-size:18px;\">VERDI<\/span><\/p> <p class=\"font_8 wixui-rich-text__text\">\u00a0<\/p> <p class=\"font_8 wixui-rich-text__text\" style=\"line-height:1.5;\"><span style=\"font-size:32px;\"><em><span class=\"wixui-rich-text__text\">OTELLO<\/span><\/em><\/span><\/p> <p class=\"font_8 wixui-rich-text__text\" style=\"line-height:1.5;\"><em><span style=\"font-size:14px;\"><span class=\"wixui-rich-text__text\"><span class=\"color_15 wixui-rich-text__text\">Teatro P\u00e9rez Gald\u00f3s, Las Palmas <span class=\"color_18 wixui-rich-text__text\"><span style=\"color:rgb(224,62,45);\"><strong>\u00b7<\/strong><\/span><\/span><\/span><\/span><span class=\"wixui-rich-text__text\"><span class=\"color_15 wixui-rich-text__text\"> 2026<\/span><\/span><\/span><\/em><\/p> <p class=\"font_8 wixui-rich-text__text\">\u00a0<\/p> <div class=\"N8MGzv _v6ohL PO9MfV AWXfZq comp-lvw9jao81 wixui-rich-text\"> <p class=\"font_8 wixui-rich-text__text\"><span class=\"wixui-rich-text__text\">Carlo Montanaro\u00a0<span style=\"color:rgb(224,62,45);\">\/<\/span>\u00a0Carlo Antonio de Lucia<\/span><\/p> <p class=\"font_8 wixui-rich-text__text\"><span class=\"wixui-rich-text__text\">Michael Fabiano, Erika Grimaldi, Gabriele Viviani, Bror Magnus Todenes, Andrea Gens, Jerobo\u00e1m Tejera, David Barrera, Max Hochmuth<\/span><\/p> <\/div> <\/div> <\/div><\/div><\/div><\/li>\n                <li style=\"display: none; width: 100%;\" class=\"slide-541 ms-image\" aria-roledescription=\"slide\" data-date=\"2026-08-30 13:00:30\" data-filename=\"opera-fondo-hueso-1-390x400.png\" data-slide-type=\"image\"><img loading=\"lazy\" decoding=\"async\" src=\"https:\/\/borjamarino.com\/wp-content\/uploads\/2026\/08\/opera-fondo-hueso-1-390x400.png\" height=\"400\" width=\"390\" alt=\"Carousel with Captions\" class=\"slider-74 slide-541 msDefaultImage\" title=\"Carousel with Captions\" \/><div class=\"caption-wrap\"><div class=\"caption\"><div style=\"text-align:center;\"> <div class=\"N8MGzv _v6ohL PO9MfV AWXfZq comp-lvw9i5vx3 wixui-rich-text\"><\/div> <div class=\"N8MGzv _v6ohL PO9MfV AWXfZq comp-lvw9i5vz1 wixui-rich-text\"> <p class=\"font_8 wixui-rich-text__text\">\u00a0<\/p> <p class=\"font_8 wixui-rich-text__text\">\u00a0<\/p> <p class=\"font_8 wixui-rich-text__text\">\u00a0<\/p> <p class=\"font_8 wixui-rich-text__text\"><span class=\"wixui-rich-text__text\" style=\"font-size:18px;\">VERDI<\/span><\/p> <p class=\"font_8 wixui-rich-text__text\">\u00a0<\/p> <p class=\"font_8 wixui-rich-text__text\" style=\"line-height:1.5;\"><span style=\"font-size:32px;\"><em><span class=\"wixui-rich-text__text\">OTELLO<\/span><\/em><\/span><\/p> <p class=\"font_8 wixui-rich-text__text\" style=\"line-height:1.5;\"><em><span style=\"font-size:14px;\"><span class=\"wixui-rich-text__text\"><span class=\"color_15 wixui-rich-text__text\">Teatre de la Maestranza, Sevilla <span class=\"color_18 wixui-rich-text__text\"><span style=\"color:rgb(224,62,45);\"><strong>\u00b7<\/strong><\/span><\/span><\/span><\/span><span class=\"wixui-rich-text__text\"><span class=\"color_15 wixui-rich-text__text\"> 2015<\/span><\/span><\/span><\/em><\/p> <p class=\"font_8 wixui-rich-text__text\">\u00a0<\/p> <div class=\"N8MGzv _v6ohL PO9MfV AWXfZq comp-lvw9jao81 wixui-rich-text\"> <p class=\"font_8 wixui-rich-text__text\"><span class=\"wixui-rich-text__text\">Pedro Halffter\u00a0<span style=\"color:rgb(224,62,45);\">\/<\/span>\u00a0Henning Brockhaus<\/span><\/p> <p class=\"font_8 wixui-rich-text__text\"><span class=\"wixui-rich-text__text\">Gregory Kunde, Julianna di Giacomo, \u00c1ngel \u00d3dena, Mireia Pint\u00f3, <\/span><span class=\"wixui-rich-text__text\">Roman Ialcic, Francisco Corujo, Manuel de Diego, Dami\u00e1n del Castillo<\/span><\/p> <\/div> <\/div> <\/div><\/div><\/div><\/li>\n                <li style=\"display: none; width: 100%;\" class=\"slide-542 ms-image\" aria-roledescription=\"slide\" data-date=\"2026-08-30 13:03:26\" data-filename=\"opera-fondo-hueso-1-390x400.png\" data-slide-type=\"image\"><img loading=\"lazy\" decoding=\"async\" src=\"https:\/\/borjamarino.com\/wp-content\/uploads\/2026\/08\/opera-fondo-hueso-1-390x400.png\" height=\"400\" width=\"390\" alt=\"Carousel with Captions\" class=\"slider-74 slide-542 msDefaultImage\" title=\"Carousel with Captions\" \/><div class=\"caption-wrap\"><div class=\"caption\"><div style=\"text-align:center;\"> <div class=\"N8MGzv _v6ohL PO9MfV AWXfZq comp-lvw9i5vx3 wixui-rich-text\"><\/div> <div class=\"N8MGzv _v6ohL PO9MfV AWXfZq comp-lvw9i5vz1 wixui-rich-text\"> <p class=\"font_8 wixui-rich-text__text\">\u00a0<\/p> <p class=\"font_8 wixui-rich-text__text\">\u00a0<\/p> <p class=\"font_8 wixui-rich-text__text\">\u00a0<\/p> <p class=\"font_8 wixui-rich-text__text\"><span class=\"wixui-rich-text__text\" style=\"font-size:18px;\">VERDI<\/span><\/p> <p class=\"font_8 wixui-rich-text__text\">\u00a0<\/p> <p class=\"font_8 wixui-rich-text__text\" style=\"line-height:1.5;\"><span style=\"font-size:32px;\"><em><span class=\"wixui-rich-text__text\">OTELLO<\/span><\/em><\/span><\/p> <p class=\"font_8 wixui-rich-text__text\" style=\"line-height:1.5;\"><em><span style=\"font-size:14px;\"><span class=\"wixui-rich-text__text\"><span class=\"color_15 wixui-rich-text__text\">Palacio de la \u00d3pera, A Coru\u00f1a <span class=\"color_18 wixui-rich-text__text\"><span style=\"color:rgb(224,62,45);\"><strong>\u00b7<\/strong><\/span><\/span><\/span><\/span><span class=\"wixui-rich-text__text\"><span class=\"color_15 wixui-rich-text__text\"> 2010<\/span><\/span><\/span><\/em><\/p> <p class=\"font_8 wixui-rich-text__text\">\u00a0<\/p> <div class=\"N8MGzv _v6ohL PO9MfV AWXfZq comp-lvw9jao81 wixui-rich-text\"> <p class=\"font_8 wixui-rich-text__text\"><span class=\"wixui-rich-text__text\">Miguel \u00c1ngel G\u00f3mez Mart\u00ednez\u00a0<span style=\"color:rgb(224,62,45);\">\/<\/span> Giulio Ciabatti.\u00a0<\/span><span class=\"wixui-rich-text__text\">Marco Berti, Claudio Sgura, Ainhoa Arteta, Gloria Amil, Elia Todisco, Francisco Corujo, Francisco Jos\u00e9 Pardo, Axier S\u00e1nchez<\/span><\/p> <\/div> <\/div> <\/div><\/div><\/div><\/li>\n                <li style=\"display: none; width: 100%;\" class=\"slide-543 ms-image\" aria-roledescription=\"slide\" data-date=\"2026-08-30 13:04:35\" data-filename=\"opera-fondo-hueso-1-390x400.png\" data-slide-type=\"image\"><img loading=\"lazy\" decoding=\"async\" src=\"https:\/\/borjamarino.com\/wp-content\/uploads\/2026\/08\/opera-fondo-hueso-1-390x400.png\" height=\"400\" width=\"390\" alt=\"Carousel with Captions\" class=\"slider-74 slide-543 msDefaultImage\" title=\"Carousel with Captions\" \/><div class=\"caption-wrap\"><div class=\"caption\"><div style=\"text-align:center;\"> <div class=\"N8MGzv _v6ohL PO9MfV AWXfZq comp-lvw9i5vx3 wixui-rich-text\"><\/div> <div class=\"N8MGzv _v6ohL PO9MfV AWXfZq comp-lvw9i5vz1 wixui-rich-text\"> <p class=\"font_8 wixui-rich-text__text\">\u00a0<\/p> <p class=\"font_8 wixui-rich-text__text\">\u00a0<\/p> <p class=\"font_8 wixui-rich-text__text\">\u00a0<\/p> <p class=\"font_8 wixui-rich-text__text\"><span class=\"wixui-rich-text__text\" style=\"font-size:18px;\">VERDI<\/span><\/p> <p class=\"font_8 wixui-rich-text__text\">\u00a0<\/p> <p class=\"font_8 wixui-rich-text__text\" style=\"line-height:1.5;\"><span style=\"font-size:32px;\"><em><span class=\"wixui-rich-text__text\">OTELLO<\/span><\/em><\/span><\/p> <p class=\"font_8 wixui-rich-text__text\" style=\"line-height:1.5;\"><em><span style=\"font-size:14px;\"><span class=\"wixui-rich-text__text\"><span class=\"color_15 wixui-rich-text__text\">Festival Amazonas de Opera, Manaus <span class=\"color_18 wixui-rich-text__text\"><span style=\"color:rgb(224,62,45);\"><strong>\u00b7<\/strong><\/span><\/span><\/span><\/span><span class=\"wixui-rich-text__text\"><span class=\"color_15 wixui-rich-text__text\"> 2006<\/span><\/span><\/span><\/em><\/p> <p class=\"font_8 wixui-rich-text__text\">\u00a0<\/p> <div class=\"N8MGzv _v6ohL PO9MfV AWXfZq comp-lvw9jao81 wixui-rich-text\"> <p class=\"font_8 wixui-rich-text__text\"><span class=\"wixui-rich-text__text\">Luiz F. Malheiro <span style=\"color:rgb(224,62,45);\">\/<\/span>\u00a0Marcelo Lombardero<\/span><\/p> <p class=\"font_8 wixui-rich-text__text\"><span class=\"wixui-rich-text__text\">Dennis O\u2019Neill, Eiko Senda, Licio Bruno, Denise de Freitas, Marcos Paulo, S\u00e9rgio Weintraub, Pepes do Valle, Manuel \u00c1lvarez, Leonardo Neiva<\/span><\/p> <\/div> <\/div> <\/div><\/div><\/div><\/li>\n                <li style=\"display: none; width: 100%;\" class=\"slide-544 ms-image\" aria-roledescription=\"slide\" data-date=\"2026-08-30 13:10:09\" data-filename=\"opera-fondo-hueso-1-390x400.png\" data-slide-type=\"image\"><img loading=\"lazy\" decoding=\"async\" src=\"https:\/\/borjamarino.com\/wp-content\/uploads\/2026\/08\/opera-fondo-hueso-1-390x400.png\" height=\"400\" width=\"390\" alt=\"Carousel with Captions\" class=\"slider-74 slide-544 msDefaultImage\" title=\"Carousel with Captions\" \/><div class=\"caption-wrap\"><div class=\"caption\"><div style=\"text-align:center;\"> <div class=\"N8MGzv _v6ohL PO9MfV AWXfZq comp-lvw9i5vx3 wixui-rich-text\"><\/div> <div class=\"N8MGzv _v6ohL PO9MfV AWXfZq comp-lvw9i5vz1 wixui-rich-text\"> <p class=\"font_8 wixui-rich-text__text\">\u00a0<\/p> <p class=\"font_8 wixui-rich-text__text\">\u00a0<\/p> <p class=\"font_8 wixui-rich-text__text\">\u00a0<\/p> <p class=\"font_8 wixui-rich-text__text\"><span class=\"wixui-rich-text__text\" style=\"font-size:18px;\">VERDI<\/span><\/p> <p class=\"font_8 wixui-rich-text__text\">\u00a0<\/p> <p class=\"font_8 wixui-rich-text__text\" style=\"line-height:1.5;\"><span style=\"font-size:32px;\"><em><span class=\"wixui-rich-text__text\">DON CARLO<\/span><\/em><\/span><\/p> <p class=\"font_8 wixui-rich-text__text\" style=\"line-height:1.5;\"><em><span style=\"font-size:14px;\"><span class=\"wixui-rich-text__text\"><span class=\"color_15 wixui-rich-text__text\">Teatro P\u00e9rez Gald\u00f3s, Las Palmas <span class=\"color_18 wixui-rich-text__text\"><span style=\"color:rgb(224,62,45);\"><strong>\u00b7<\/strong><\/span><\/span><\/span><\/span><span class=\"wixui-rich-text__text\"><span class=\"color_15 wixui-rich-text__text\"> 2019<\/span><\/span><\/span><\/em><\/p> <p class=\"font_8 wixui-rich-text__text\">\u00a0<\/p> <div class=\"N8MGzv _v6ohL PO9MfV AWXfZq comp-lvw9jao81 wixui-rich-text\"> <p class=\"font_8 wixui-rich-text__text\"><span class=\"wixui-rich-text__text\">Sesto Quatrini\u00a0<span style=\"color:rgb(224,62,45);\">\/<\/span>\u00a0Alfonso Romero<\/span><\/p> <p class=\"font_8 wixui-rich-text__text\"><span class=\"wixui-rich-text__text\">Sergio Escobar, Rebeka Lokar, Rub\u00e9n Amoretti, Varduhi Abrahamyan, Giovanni Meoni, Marco Spotti, Rihards Macanovskis, Gabriel \u00c1lvarez<\/span><\/p> <\/div> <\/div> <\/div><\/div><\/div><\/li>\n                <li style=\"display: none; width: 100%;\" class=\"slide-545 ms-image\" aria-roledescription=\"slide\" data-date=\"2026-08-30 13:11:16\" data-filename=\"opera-fondo-hueso-1-390x400.png\" data-slide-type=\"image\"><img loading=\"lazy\" decoding=\"async\" src=\"https:\/\/borjamarino.com\/wp-content\/uploads\/2026\/08\/opera-fondo-hueso-1-390x400.png\" height=\"400\" width=\"390\" alt=\"Carousel with Captions\" class=\"slider-74 slide-545 msDefaultImage\" title=\"Carousel with Captions\" \/><div class=\"caption-wrap\"><div class=\"caption\"><div style=\"text-align:center;\"> <div class=\"N8MGzv _v6ohL PO9MfV AWXfZq comp-lvw9i5vx3 wixui-rich-text\"><\/div> <div class=\"N8MGzv _v6ohL PO9MfV AWXfZq comp-lvw9i5vz1 wixui-rich-text\"> <p class=\"font_8 wixui-rich-text__text\">\u00a0<\/p> <p class=\"font_8 wixui-rich-text__text\">\u00a0<\/p> <p class=\"font_8 wixui-rich-text__text\">\u00a0<\/p> <p class=\"font_8 wixui-rich-text__text\"><span class=\"wixui-rich-text__text\" style=\"font-size:18px;\">VERDI<\/span><\/p> <p class=\"font_8 wixui-rich-text__text\">\u00a0<\/p> <p class=\"font_8 wixui-rich-text__text\" style=\"line-height:1.5;\"><span style=\"font-size:32px;\"><em><span class=\"wixui-rich-text__text\">DON CARLO<\/span><\/em><\/span><\/p> <p class=\"font_8 wixui-rich-text__text\" style=\"line-height:1.5;\"><em><span style=\"font-size:14px;\"><span class=\"wixui-rich-text__text\"><span class=\"color_15 wixui-rich-text__text\">Palacio de la \u00d3pera, A Coru\u00f1a <span class=\"color_18 wixui-rich-text__text\"><span style=\"color:rgb(224,62,45);\"><strong>\u00b7<\/strong><\/span><\/span><\/span><\/span><span class=\"wixui-rich-text__text\"><span class=\"color_15 wixui-rich-text__text\"> 2019<\/span><\/span><\/span><\/em><\/p> <p class=\"font_8 wixui-rich-text__text\">\u00a0<\/p> <div class=\"N8MGzv _v6ohL PO9MfV AWXfZq comp-lvw9jao81 wixui-rich-text\"> <p class=\"font_8 wixui-rich-text__text\"><span class=\"wixui-rich-text__text\">Kamal Khan\u00a0<span style=\"color:rgb(224,62,45);\">\/<\/span>\u00a0Versi\u00f3n de concierto<\/span><\/p> <p class=\"font_8 wixui-rich-text__text\"><span class=\"wixui-rich-text__text\">Francesco Pio Galasso, Angela Meade, Ferruccio Furlanetto, <\/span><span class=\"wixui-rich-text__text\">Carlos \u00c1lvarez, Elena Zhidkova, Luiz-Ottavio Faria, Jerobo\u00e1m Tejera<\/span><\/p> <\/div> <\/div> <\/div><\/div><\/div><\/li>\n                <li style=\"display: none; width: 100%;\" class=\"slide-546 ms-image\" aria-roledescription=\"slide\" data-date=\"2026-08-30 13:12:15\" data-filename=\"opera-fondo-hueso-1-390x400.png\" data-slide-type=\"image\"><img loading=\"lazy\" decoding=\"async\" src=\"https:\/\/borjamarino.com\/wp-content\/uploads\/2026\/08\/opera-fondo-hueso-1-390x400.png\" height=\"400\" width=\"390\" alt=\"Carousel with Captions\" class=\"slider-74 slide-546 msDefaultImage\" title=\"Carousel with Captions\" \/><div class=\"caption-wrap\"><div class=\"caption\"><div style=\"text-align:center;\"> <div class=\"N8MGzv _v6ohL PO9MfV AWXfZq comp-lvw9i5vx3 wixui-rich-text\"><\/div> <div class=\"N8MGzv _v6ohL PO9MfV AWXfZq comp-lvw9i5vz1 wixui-rich-text\"> <p class=\"font_8 wixui-rich-text__text\">\u00a0<\/p> <p class=\"font_8 wixui-rich-text__text\">\u00a0<\/p> <p class=\"font_8 wixui-rich-text__text\"><span class=\"wixui-rich-text__text\" style=\"font-size:18px;\">VERDI<\/span><\/p> <p class=\"font_8 wixui-rich-text__text\">\u00a0<\/p> <p class=\"font_8 wixui-rich-text__text\" style=\"line-height:1.5;\"><span style=\"font-size:32px;\"><em><span class=\"wixui-rich-text__text\">DON CARLO<\/span><\/em><\/span><\/p> <p class=\"font_8 wixui-rich-text__text\" style=\"line-height:1.5;\"><em><span style=\"font-size:14px;\"><span class=\"wixui-rich-text__text\"><span class=\"color_15 wixui-rich-text__text\">Teatre de la Maestranza, Sevilla <span class=\"color_18 wixui-rich-text__text\"><span style=\"color:rgb(224,62,45);\"><strong>\u00b7<\/strong><\/span><\/span><\/span><\/span><span class=\"wixui-rich-text__text\"><span class=\"color_15 wixui-rich-text__text\"> 2011<\/span><\/span><\/span><\/em><\/p> <p class=\"font_8 wixui-rich-text__text\">\u00a0<\/p> <div class=\"N8MGzv _v6ohL PO9MfV AWXfZq comp-lvw9jao81 wixui-rich-text\"> <p class=\"font_8 wixui-rich-text__text\"><span class=\"wixui-rich-text__text\">Pedro Halffter\u00a0<span style=\"color:rgb(224,62,45);\">\/<\/span>\u00a0Giancarlo del Monaco<\/span><\/p> <p class=\"font_8 wixui-rich-text__text\"><span class=\"wixui-rich-text__text\">Kamen Chanev, Fiorenza Cedolins, Ievgen Orlov, Dolora Zajick, <\/span><span class=\"wixui-rich-text__text\">\u00c1ngel \u00d3dena, Dmitri Ulyanov, Fernando Javier Rad\u00f3, Aurora Amores, <\/span><span class=\"wixui-rich-text__text\">\u00c1ngel Rodr\u00edguez<\/span><\/p> <\/div> <\/div> <\/div><\/div><\/div><\/li>\n                <li style=\"display: none; width: 100%;\" class=\"slide-547 ms-image\" aria-roledescription=\"slide\" data-date=\"2026-08-30 13:13:25\" data-filename=\"opera-fondo-hueso-1-390x400.png\" data-slide-type=\"image\"><img loading=\"lazy\" decoding=\"async\" src=\"https:\/\/borjamarino.com\/wp-content\/uploads\/2026\/08\/opera-fondo-hueso-1-390x400.png\" height=\"400\" width=\"390\" alt=\"Carousel with Captions\" class=\"slider-74 slide-547 msDefaultImage\" title=\"Carousel with Captions\" \/><div class=\"caption-wrap\"><div class=\"caption\"><div style=\"text-align:center;\"> <div class=\"N8MGzv _v6ohL PO9MfV AWXfZq comp-lvw9i5vx3 wixui-rich-text\"><\/div> <div class=\"N8MGzv _v6ohL PO9MfV AWXfZq comp-lvw9i5vz1 wixui-rich-text\"> <p class=\"font_8 wixui-rich-text__text\">\u00a0<\/p> <p class=\"font_8 wixui-rich-text__text\">\u00a0<\/p> <p class=\"font_8 wixui-rich-text__text\">\u00a0<\/p> <p class=\"font_8 wixui-rich-text__text\">\u00a0<\/p> <p class=\"font_8 wixui-rich-text__text\">\u00a0<\/p> <p class=\"font_8 wixui-rich-text__text\"><span class=\"wixui-rich-text__text\" style=\"font-size:18px;\">VERDI<\/span><\/p> <p class=\"font_8 wixui-rich-text__text\">\u00a0<\/p> <p class=\"font_8 wixui-rich-text__text\" style=\"line-height:1.5;\"><span style=\"font-size:32px;\"><em><span class=\"wixui-rich-text__text\">IL TROVATORE<\/span><\/em><\/span><\/p> <p class=\"font_8 wixui-rich-text__text\" style=\"line-height:1.5;\"><em><span style=\"font-size:14px;\"><span class=\"wixui-rich-text__text\"><span class=\"color_15 wixui-rich-text__text\">Teatre Principal, Palma de Mallorca <span class=\"color_18 wixui-rich-text__text\"><span style=\"color:rgb(224,62,45);\"><strong>\u00b7<\/strong><\/span><\/span><\/span><\/span><span class=\"wixui-rich-text__text\"><span class=\"color_15 wixui-rich-text__text\"> 2021<\/span><\/span><\/span><\/em><\/p> <p class=\"font_8 wixui-rich-text__text\">\u00a0<\/p> <div class=\"N8MGzv _v6ohL PO9MfV AWXfZq comp-lvw9jao81 wixui-rich-text\"> <p class=\"font_8 wixui-rich-text__text\"><span class=\"wixui-rich-text__text\">Matteo Beltrami\u00a0<span style=\"color:rgb(224,62,45);\">\/<\/span>\u00a0Marta Eguilior<\/span><\/p> <p class=\"font_8 wixui-rich-text__text\"><span class=\"wixui-rich-text__text\">\u00c0ngel \u00d2dena, Angelo Villari, Yolanda Auyanet, Nino Surguladze, <\/span><span class=\"wixui-rich-text__text\">Manuel Fuentes, Marga Cloquell, Joan Gabriel Riera<\/span><\/p> <\/div> <\/div> <\/div><\/div><\/div><\/li>\n                <li style=\"display: none; width: 100%;\" class=\"slide-548 ms-image\" aria-roledescription=\"slide\" data-date=\"2026-08-30 13:14:49\" data-filename=\"opera-fondo-hueso-1-390x400.png\" data-slide-type=\"image\"><img loading=\"lazy\" decoding=\"async\" src=\"https:\/\/borjamarino.com\/wp-content\/uploads\/2026\/08\/opera-fondo-hueso-1-390x400.png\" height=\"400\" width=\"390\" alt=\"Carousel with Captions\" class=\"slider-74 slide-548 msDefaultImage\" title=\"Carousel with Captions\" \/><div class=\"caption-wrap\"><div class=\"caption\"><div style=\"text-align:center;\"> <div class=\"N8MGzv _v6ohL PO9MfV AWXfZq comp-lvw9i5vx3 wixui-rich-text\"><\/div> <div class=\"N8MGzv _v6ohL PO9MfV AWXfZq comp-lvw9i5vz1 wixui-rich-text\"> <p class=\"font_8 wixui-rich-text__text\">\u00a0<\/p> <p class=\"font_8 wixui-rich-text__text\">\u00a0<\/p> <p class=\"font_8 wixui-rich-text__text\"><span class=\"wixui-rich-text__text\" style=\"font-size:18px;\">VERDI<\/span><\/p> <p class=\"font_8 wixui-rich-text__text\">\u00a0<\/p> <p class=\"font_8 wixui-rich-text__text\" style=\"line-height:1.5;\"><span style=\"font-size:32px;\"><em><span class=\"wixui-rich-text__text\">IL TROVATORE<\/span><\/em><\/span><\/p> <p class=\"font_8 wixui-rich-text__text\" style=\"line-height:1.5;\"><em><span style=\"font-size:14px;\"><span class=\"wixui-rich-text__text\"><span class=\"color_15 wixui-rich-text__text\">Teatre Calder\u00f3n, Valladolid <span class=\"color_18 wixui-rich-text__text\"><span style=\"color:rgb(224,62,45);\"><strong>\u00b7<\/strong><\/span><\/span><\/span><\/span><span class=\"wixui-rich-text__text\"><span class=\"color_15 wixui-rich-text__text\"> 2017<\/span><\/span><\/span><\/em><\/p> <p class=\"font_8 wixui-rich-text__text\">\u00a0<\/p> <div class=\"N8MGzv _v6ohL PO9MfV AWXfZq comp-lvw9jao81 wixui-rich-text\"> <p class=\"font_8 wixui-rich-text__text\"><span class=\"wixui-rich-text__text\">\u00d3liver D\u00edaz\u00a0<span style=\"color:rgb(224,62,45);\">\/<\/span>\u00a0Gustavo Tambascio<\/span><\/p> <p class=\"font_8 wixui-rich-text__text\"><span class=\"wixui-rich-text__text\">Stefano Lacolla, Carmen Sol\u00eds, Manuel Lanza, Mar\u00eda Luisa Corbacho, Roman Ialcic, Paula Mendoza, Lars Jorge<\/span><\/p> <p class=\"font_8 wixui-rich-text__text\">\u00a0<\/p> <\/div> <\/div> <\/div><\/div><\/div><\/li>\n                <li style=\"display: none; width: 100%;\" class=\"slide-549 ms-image\" aria-roledescription=\"slide\" data-date=\"2026-08-30 13:16:14\" data-filename=\"opera-fondo-hueso-1-390x400.png\" data-slide-type=\"image\"><img loading=\"lazy\" decoding=\"async\" src=\"https:\/\/borjamarino.com\/wp-content\/uploads\/2026\/08\/opera-fondo-hueso-1-390x400.png\" height=\"400\" width=\"390\" alt=\"Carousel with Captions\" class=\"slider-74 slide-549 msDefaultImage\" title=\"Carousel with Captions\" \/><div class=\"caption-wrap\"><div class=\"caption\"><div style=\"text-align:center;\"> <div class=\"N8MGzv _v6ohL PO9MfV AWXfZq comp-lvw9i5vx3 wixui-rich-text\"><\/div> <div class=\"N8MGzv _v6ohL PO9MfV AWXfZq comp-lvw9i5vz1 wixui-rich-text\"> <p class=\"font_8 wixui-rich-text__text\">\u00a0<\/p> <p class=\"font_8 wixui-rich-text__text\">\u00a0<\/p> <p class=\"font_8 wixui-rich-text__text\"><span class=\"wixui-rich-text__text\" style=\"font-size:18px;\">VERDI<\/span><\/p> <p class=\"font_8 wixui-rich-text__text\">\u00a0<\/p> <p class=\"font_8 wixui-rich-text__text\" style=\"line-height:1.5;\"><span style=\"font-size:32px;\"><em><span class=\"wixui-rich-text__text\">AIDA<\/span><\/em><\/span><\/p> <p class=\"font_8 wixui-rich-text__text\" style=\"line-height:1.5;\"><em><span style=\"font-size:14px;\"><span class=\"wixui-rich-text__text\"><span class=\"color_15 wixui-rich-text__text\">\u00d3pera de Oviedo <span class=\"color_18 wixui-rich-text__text\"><span style=\"color:rgb(224,62,45);\"><strong>\u00b7<\/strong><\/span><\/span><\/span><\/span><span class=\"wixui-rich-text__text\"><span class=\"color_15 wixui-rich-text__text\"> 2024<\/span><\/span><\/span><\/em><\/p> <p class=\"font_8 wixui-rich-text__text\">\u00a0<\/p> <div class=\"N8MGzv _v6ohL PO9MfV AWXfZq comp-lvw9jao81 wixui-rich-text\"> <p class=\"font_8 wixui-rich-text__text\"><span class=\"wixui-rich-text__text\">Gianluca Marcian\u00f2\u00a0<span style=\"color:rgb(224,62,45);\">\/<\/span>\u00a0Vivien Hewitt<\/span><\/p> <p class=\"font_8 wixui-rich-text__text\"><span class=\"wixui-rich-text__text\">Carmen Giannattasio, Jorge de Le\u00f3n, Ketevan Kemoklidze, \u00c1ngel \u00d3dena, Manuel Fuentes, Luis L\u00f3pez Navarro, Josep Fad\u00f3, Carla Sampedro, Joan La\u00ednez<\/span><\/p> <\/div> <\/div> <\/div><\/div><\/div><\/li>\n                <li style=\"display: none; width: 100%;\" class=\"slide-550 ms-image\" aria-roledescription=\"slide\" data-date=\"2026-08-30 13:17:56\" data-filename=\"opera-fondo-hueso-1-390x400.png\" data-slide-type=\"image\"><img loading=\"lazy\" decoding=\"async\" src=\"https:\/\/borjamarino.com\/wp-content\/uploads\/2026\/08\/opera-fondo-hueso-1-390x400.png\" height=\"400\" width=\"390\" alt=\"Carousel with Captions\" class=\"slider-74 slide-550 msDefaultImage\" title=\"Carousel with Captions\" \/><div class=\"caption-wrap\"><div class=\"caption\"><div style=\"text-align:center;\"> <div class=\"N8MGzv _v6ohL PO9MfV AWXfZq comp-lvw9i5vx3 wixui-rich-text\"><\/div> <div class=\"N8MGzv _v6ohL PO9MfV AWXfZq comp-lvw9i5vz1 wixui-rich-text\"> <p class=\"font_8 wixui-rich-text__text\">\u00a0<\/p> <p class=\"font_8 wixui-rich-text__text\">\u00a0<\/p> <p class=\"font_8 wixui-rich-text__text\">\u00a0<\/p> <p class=\"font_8 wixui-rich-text__text\"><span class=\"wixui-rich-text__text\" style=\"font-size:18px;\">VERDI<\/span><\/p> <p class=\"font_8 wixui-rich-text__text\">\u00a0<\/p> <p class=\"font_8 wixui-rich-text__text\" style=\"line-height:1.5;\"><span style=\"font-size:32px;\"><em><span class=\"wixui-rich-text__text\">AIDA<\/span><\/em><\/span><\/p> <p class=\"font_8 wixui-rich-text__text\" style=\"line-height:1.5;\"><em><span style=\"font-size:14px;\"><span class=\"wixui-rich-text__text\"><span class=\"color_15 wixui-rich-text__text\">Teatro P\u00e9rez Gald\u00f3s, Las Palmas <span class=\"color_18 wixui-rich-text__text\"><span style=\"color:rgb(224,62,45);\"><strong>\u00b7<\/strong><\/span><\/span><\/span><\/span><span class=\"wixui-rich-text__text\"><span class=\"color_15 wixui-rich-text__text\"> 2023<\/span><\/span><\/span><\/em><\/p> <p class=\"font_8 wixui-rich-text__text\">\u00a0<\/p> <div class=\"N8MGzv _v6ohL PO9MfV AWXfZq comp-lvw9jao81 wixui-rich-text\"> <p class=\"font_8 wixui-rich-text__text\"><span class=\"wixui-rich-text__text\">Jos\u00e9 Miguel P\u00e9rez Sierra\u00a0<span style=\"color:rgb(224,62,45);\">\/<\/span>\u00a0Daniele Piscopo<\/span><\/p> <p class=\"font_8 wixui-rich-text__text\"><span class=\"wixui-rich-text__text\">Mar\u00eda Jos\u00e9 Siri, Sergio Escobar, Judit Kutasi, Ariunbaatar Gambaatar, Manuel Fuentes, Jerobo\u00e1m Tejera, Manuel Garc\u00eda, Nora Carrasco<\/span><\/p> <\/div> <\/div> <\/div><\/div><\/div><\/li>\n                <li style=\"display: none; width: 100%;\" class=\"slide-551 ms-image\" aria-roledescription=\"slide\" data-date=\"2026-08-30 13:19:01\" data-filename=\"opera-fondo-hueso-1-390x400.png\" data-slide-type=\"image\"><img loading=\"lazy\" decoding=\"async\" src=\"https:\/\/borjamarino.com\/wp-content\/uploads\/2026\/08\/opera-fondo-hueso-1-390x400.png\" height=\"400\" width=\"390\" alt=\"Carousel with Captions\" class=\"slider-74 slide-551 msDefaultImage\" title=\"Carousel with Captions\" \/><div class=\"caption-wrap\"><div class=\"caption\"><div style=\"text-align:center;\"> <div class=\"N8MGzv _v6ohL PO9MfV AWXfZq comp-lvw9i5vx3 wixui-rich-text\"><\/div> <div class=\"N8MGzv _v6ohL PO9MfV AWXfZq comp-lvw9i5vz1 wixui-rich-text\"> <p class=\"font_8 wixui-rich-text__text\">\u00a0<\/p> <p class=\"font_8 wixui-rich-text__text\">\u00a0<\/p> <p class=\"font_8 wixui-rich-text__text\"><span class=\"wixui-rich-text__text\" style=\"font-size:18px;\">VERDI<\/span><\/p> <p class=\"font_8 wixui-rich-text__text\">\u00a0<\/p> <p class=\"font_8 wixui-rich-text__text\" style=\"line-height:1.5;\"><span style=\"font-size:32px;\"><em><span class=\"wixui-rich-text__text\">AIDA<\/span><\/em><\/span><\/p> <p class=\"font_8 wixui-rich-text__text\" style=\"line-height:1.5;\"><em><span style=\"font-size:14px;\"><span class=\"wixui-rich-text__text\"><span class=\"color_15 wixui-rich-text__text\">Teatre de la Maestranza, Sevilla <span class=\"color_18 wixui-rich-text__text\"><span style=\"color:rgb(224,62,45);\"><strong>\u00b7<\/strong><\/span><\/span><\/span><\/span><span class=\"wixui-rich-text__text\"><span class=\"color_15 wixui-rich-text__text\"> 2013<\/span><\/span><\/span><\/em><\/p> <p class=\"font_8 wixui-rich-text__text\">\u00a0<\/p> <div class=\"N8MGzv _v6ohL PO9MfV AWXfZq comp-lvw9jao81 wixui-rich-text\"> <p class=\"font_8 wixui-rich-text__text\"><span class=\"wixui-rich-text__text\">Pedro Halffter\u00a0<span style=\"color:rgb(224,62,45);\">\/<\/span>\u00a0Jos\u00e9 Antonio Guti\u00e9rrez<\/span><\/p> <p class=\"font_8 wixui-rich-text__text\"><span class=\"wixui-rich-text__text\">Tamara Wilson, Alfred Kim, Mar\u00eda Luisa Corbacho, Dmitri Ulyanov,\u00a0<\/span><span class=\"wixui-rich-text__text\">Mark S. Doss, Carlo Malinverno, Manuel de Diego, Inmaculada \u00c1guila<\/span><\/p> <\/div> <\/div> <\/div><\/div><\/div><\/li>\n                <li style=\"display: none; width: 100%;\" class=\"slide-552 ms-image\" aria-roledescription=\"slide\" data-date=\"2026-08-30 13:20:07\" data-filename=\"opera-fondo-hueso-1-390x400.png\" data-slide-type=\"image\"><img loading=\"lazy\" decoding=\"async\" src=\"https:\/\/borjamarino.com\/wp-content\/uploads\/2026\/08\/opera-fondo-hueso-1-390x400.png\" height=\"400\" width=\"390\" alt=\"Carousel with Captions\" class=\"slider-74 slide-552 msDefaultImage\" title=\"Carousel with Captions\" \/><div class=\"caption-wrap\"><div class=\"caption\"><div style=\"text-align:center;\"> <div class=\"N8MGzv _v6ohL PO9MfV AWXfZq comp-lvw9i5vx3 wixui-rich-text\"><\/div> <div class=\"N8MGzv _v6ohL PO9MfV AWXfZq comp-lvw9i5vz1 wixui-rich-text\"> <p class=\"font_8 wixui-rich-text__text\">\u00a0<\/p> <p class=\"font_8 wixui-rich-text__text\">\u00a0<\/p> <p class=\"font_8 wixui-rich-text__text\"><span class=\"wixui-rich-text__text\" style=\"font-size:18px;\">VERDI<\/span><\/p> <p class=\"font_8 wixui-rich-text__text\">\u00a0<\/p> <p class=\"font_8 wixui-rich-text__text\" style=\"line-height:1.5;\"><span style=\"font-size:32px;\"><em><span class=\"wixui-rich-text__text\">ERNANI<\/span><\/em><\/span><\/p> <p class=\"font_8 wixui-rich-text__text\" style=\"line-height:1.5;\"><em><span style=\"font-size:14px;\"><span class=\"wixui-rich-text__text\"><span class=\"color_15 wixui-rich-text__text\">\u00d3pera de Oviedo <span class=\"color_18 wixui-rich-text__text\"><span style=\"color:rgb(224,62,45);\"><strong>\u00b7<\/strong><\/span><\/span><\/span><\/span><span class=\"wixui-rich-text__text\"><span class=\"color_15 wixui-rich-text__text\"> 2023<\/span><\/span><\/span><\/em><\/p> <p class=\"font_8 wixui-rich-text__text\">\u00a0<\/p> <div class=\"N8MGzv _v6ohL PO9MfV AWXfZq comp-lvw9jao81 wixui-rich-text\"> <p class=\"font_8 wixui-rich-text__text\"><span class=\"wixui-rich-text__text\">Daniele Callegari\u00a0<span style=\"color:rgb(224,62,45);\">\/<\/span>\u00a0Giorgia Guerra<\/span><\/p> <p class=\"font_8 wixui-rich-text__text\"><span class=\"wixui-rich-text__text\">Alejandro Roy, Juan Jes\u00fas Rodr\u00edguez, Gianfranco Montresor, <\/span><span class=\"wixui-rich-text__text\">Marigona Qerkezi, Mar\u00eda Jos\u00e9 Su\u00e1rez, Josep Fad\u00f3, Jerobo\u00e1m Tejera, Mario Chang, Borja Quiza<\/span><\/p> <\/div> <\/div> <\/div><\/div><\/div><\/li>\n                <li style=\"display: none; width: 100%;\" class=\"slide-553 ms-image\" aria-roledescription=\"slide\" data-date=\"2026-08-30 13:20:53\" data-filename=\"opera-fondo-hueso-1-390x400.png\" data-slide-type=\"image\"><img loading=\"lazy\" decoding=\"async\" src=\"https:\/\/borjamarino.com\/wp-content\/uploads\/2026\/08\/opera-fondo-hueso-1-390x400.png\" height=\"400\" width=\"390\" alt=\"Carousel with Captions\" class=\"slider-74 slide-553 msDefaultImage\" title=\"Carousel with Captions\" \/><div class=\"caption-wrap\"><div class=\"caption\"><div style=\"text-align:center;\"> <div class=\"N8MGzv _v6ohL PO9MfV AWXfZq comp-lvw9i5vx3 wixui-rich-text\"><\/div> <div class=\"N8MGzv _v6ohL PO9MfV AWXfZq comp-lvw9i5vz1 wixui-rich-text\"> <p class=\"font_8 wixui-rich-text__text\">\u00a0<\/p> <p class=\"font_8 wixui-rich-text__text\">\u00a0<\/p> <p class=\"font_8 wixui-rich-text__text\"><span class=\"wixui-rich-text__text\" style=\"font-size:18px;\">VERDI<\/span><\/p> <p class=\"font_8 wixui-rich-text__text\">\u00a0<\/p> <p class=\"font_8 wixui-rich-text__text\" style=\"line-height:0.8;\"><span style=\"font-size:32px;\"><em><span class=\"wixui-rich-text__text\">UN BALLO IN MASCHERA<\/span><\/em><\/span><\/p> <p class=\"font_8 wixui-rich-text__text\" style=\"line-height:1.5;\"><em><span style=\"font-size:14px;\"><span class=\"wixui-rich-text__text\"><span class=\"color_15 wixui-rich-text__text\">\u00d3pera de Oviedo <span class=\"color_18 wixui-rich-text__text\"><span style=\"color:rgb(224,62,45);\"><strong>\u00b7<\/strong><\/span><\/span><\/span><\/span><span class=\"wixui-rich-text__text\"><span class=\"color_15 wixui-rich-text__text\"> 2019<\/span><\/span><\/span><\/em><\/p> <p class=\"font_8 wixui-rich-text__text\">\u00a0<\/p> <div class=\"N8MGzv _v6ohL PO9MfV AWXfZq comp-lvw9jao81 wixui-rich-text\"> <p class=\"font_8 wixui-rich-text__text\"><span class=\"wixui-rich-text__text\">Gianluca Marcian\u00f2\u00a0<span style=\"color:rgb(224,62,45);\">\/<\/span>\u00a0Fabio Ceresa<\/span><\/p> <p class=\"font_8 wixui-rich-text__text\"><span class=\"wixui-rich-text__text\">Jos\u00e9 Bros, Juan Jes\u00fas Rodr\u00edguez, Anna Pirozzi, Judit Kutasi, In\u00e9s Ballesteros, David Oller, Gianfranco Montresor, Kenneth Kellogg, Manuel G\u00f3mez Ruiz<\/span><\/p> <\/div> <\/div> <\/div><\/div><\/div><\/li>\n                <li style=\"display: none; width: 100%;\" class=\"slide-554 ms-image\" aria-roledescription=\"slide\" data-date=\"2026-08-30 13:21:49\" data-filename=\"opera-fondo-hueso-1-390x400.png\" data-slide-type=\"image\"><img loading=\"lazy\" decoding=\"async\" src=\"https:\/\/borjamarino.com\/wp-content\/uploads\/2026\/08\/opera-fondo-hueso-1-390x400.png\" height=\"400\" width=\"390\" alt=\"Carousel with Captions\" class=\"slider-74 slide-554 msDefaultImage\" title=\"Carousel with Captions\" \/><div class=\"caption-wrap\"><div class=\"caption\"><div style=\"text-align:center;\"> <div class=\"N8MGzv _v6ohL PO9MfV AWXfZq comp-lvw9i5vx3 wixui-rich-text\"><\/div> <div class=\"N8MGzv _v6ohL PO9MfV AWXfZq comp-lvw9i5vz1 wixui-rich-text\"> <p class=\"font_8 wixui-rich-text__text\">\u00a0<\/p> <p class=\"font_8 wixui-rich-text__text\">\u00a0<\/p> <p class=\"font_8 wixui-rich-text__text\">\u00a0<\/p> <p class=\"font_8 wixui-rich-text__text\"><span class=\"wixui-rich-text__text\" style=\"font-size:18px;\">VERDI<\/span><\/p> <p class=\"font_8 wixui-rich-text__text\">\u00a0<\/p> <p class=\"font_8 wixui-rich-text__text\" style=\"line-height:0.8;\"><span style=\"font-size:32px;\"><em><span class=\"wixui-rich-text__text\"><span style=\"font-size:32px;\">LA FORZA DEL DESTIN<\/span>O<\/span><\/em><\/span><\/p> <p class=\"font_8 wixui-rich-text__text\" style=\"line-height:1.5;\"><em><span style=\"font-size:14px;\"><span class=\"wixui-rich-text__text\"><span class=\"color_15 wixui-rich-text__text\">Teatre Principal, Palma de Mallorca <span class=\"color_18 wixui-rich-text__text\"><span style=\"color:rgb(224,62,45);\"><strong>\u00b7<\/strong><\/span><\/span><\/span><\/span><span class=\"wixui-rich-text__text\"><span class=\"color_15 wixui-rich-text__text\"> 2024<\/span><\/span><\/span><\/em><\/p> <p class=\"font_8 wixui-rich-text__text\">\u00a0<\/p> <div class=\"N8MGzv _v6ohL PO9MfV AWXfZq comp-lvw9jao81 wixui-rich-text\"> <p class=\"font_8 wixui-rich-text__text\"><span class=\"wixui-rich-text__text\">Gianluca Marcian\u00f2\u00a0<span style=\"color:rgb(224,62,45);\">\/<\/span> Pier Francesco Maestrini. <\/span><span class=\"wixui-rich-text__text\">Francesco Pio Galasso, Alessandra di Giacomo, Damiano Salerno, Ketevan Kemoklidze, Sim\u00f3n Orfila, Toni Marsol, Jordi Fontana, Pablo L\u00f3pez<\/span><\/p> <\/div> <\/div> <\/div><\/div><\/div><\/li>\n                <li style=\"display: none; width: 100%;\" class=\"slide-555 ms-image\" aria-roledescription=\"slide\" data-date=\"2026-08-30 13:22:56\" data-filename=\"opera-fondo-hueso-1-390x400.png\" data-slide-type=\"image\"><img loading=\"lazy\" decoding=\"async\" src=\"https:\/\/borjamarino.com\/wp-content\/uploads\/2026\/08\/opera-fondo-hueso-1-390x400.png\" height=\"400\" width=\"390\" alt=\"Carousel with Captions\" class=\"slider-74 slide-555 msDefaultImage\" title=\"Carousel with Captions\" \/><div class=\"caption-wrap\"><div class=\"caption\"><div style=\"text-align:center;\"> <div class=\"N8MGzv _v6ohL PO9MfV AWXfZq comp-lvw9i5vx3 wixui-rich-text\"><\/div> <div class=\"N8MGzv _v6ohL PO9MfV AWXfZq comp-lvw9i5vz1 wixui-rich-text\"> <p class=\"font_8 wixui-rich-text__text\">\u00a0<\/p> <p class=\"font_8 wixui-rich-text__text\">\u00a0<\/p> <p class=\"font_8 wixui-rich-text__text\">\u00a0<\/p> <p class=\"font_8 wixui-rich-text__text\"><span class=\"wixui-rich-text__text\" style=\"font-size:18px;\">VERDI<\/span><\/p> <p class=\"font_8 wixui-rich-text__text\">\u00a0<\/p> <p class=\"font_8 wixui-rich-text__text\" style=\"line-height:1.5;\"><span style=\"font-size:32px;\"><em><span class=\"wixui-rich-text__text\">NABUCCO<\/span><\/em><\/span><\/p> <p class=\"font_8 wixui-rich-text__text\" style=\"line-height:1.5;\"><em><span style=\"font-size:14px;\"><span class=\"wixui-rich-text__text\"><span class=\"color_15 wixui-rich-text__text\">Teatro Col\u00f3n, A Coru\u00f1a\u00a0<span class=\"color_18 wixui-rich-text__text\"><span style=\"color:rgb(224,62,45);\"><strong>\u00b7<\/strong><\/span><\/span><\/span><\/span><span class=\"wixui-rich-text__text\"><span class=\"color_15 wixui-rich-text__text\"> 2012<\/span><\/span><\/span><\/em><\/p> <p class=\"font_8 wixui-rich-text__text\">\u00a0<\/p> <div class=\"N8MGzv _v6ohL PO9MfV AWXfZq comp-lvw9jao81 wixui-rich-text\"> <p class=\"font_8 wixui-rich-text__text\"><span class=\"wixui-rich-text__text\">Keri Lynn Wilson\u00a0<span style=\"color:rgb(224,62,45);\">\/<\/span>\u00a0Versi\u00f3n de concierto<\/span><\/p> <p class=\"font_8 wixui-rich-text__text\"><span class=\"wixui-rich-text__text\">Leo Nucci, Elisabete Matos, Luiz-Ottavio Faria, Francisco Corujo, Alexandra Rivas, Alberto Feria, Patricia Rodr\u00edguez, Pablo Carballido<\/span><\/p> <\/div> <\/div> <\/div><\/div><\/div><\/li>\n                <li style=\"display: none; width: 100%;\" class=\"slide-556 ms-image\" aria-roledescription=\"slide\" data-date=\"2026-08-30 13:24:00\" data-filename=\"opera-fondo-hueso-1-390x400.png\" data-slide-type=\"image\"><img loading=\"lazy\" decoding=\"async\" src=\"https:\/\/borjamarino.com\/wp-content\/uploads\/2026\/08\/opera-fondo-hueso-1-390x400.png\" height=\"400\" width=\"390\" alt=\"Carousel with Captions\" class=\"slider-74 slide-556 msDefaultImage\" title=\"Carousel with Captions\" \/><div class=\"caption-wrap\"><div class=\"caption\"><div style=\"text-align:center;\"> <div class=\"N8MGzv _v6ohL PO9MfV AWXfZq comp-lvw9i5vx3 wixui-rich-text\"><\/div> <div class=\"N8MGzv _v6ohL PO9MfV AWXfZq comp-lvw9i5vz1 wixui-rich-text\"> <p class=\"font_8 wixui-rich-text__text\">\u00a0<\/p> <p class=\"font_8 wixui-rich-text__text\">\u00a0<\/p> <p class=\"font_8 wixui-rich-text__text\">\u00a0<\/p> <p class=\"font_8 wixui-rich-text__text\"><span class=\"wixui-rich-text__text\" style=\"font-size:18px;\">VERDI<\/span><\/p> <p class=\"font_8 wixui-rich-text__text\">\u00a0<\/p> <p class=\"font_8 wixui-rich-text__text\" style=\"line-height:0.8;\"><span style=\"font-size:32px;\"><em><span class=\"wixui-rich-text__text\">SIMON BOCCANEGRA<\/span><\/em><\/span><\/p> <p class=\"font_8 wixui-rich-text__text\" style=\"line-height:1.5;\"><em><span style=\"font-size:14px;\"><span class=\"wixui-rich-text__text\"><span class=\"color_15 wixui-rich-text__text\">Teatro P\u00e9rez Gald\u00f3s, Las Palmas <span class=\"color_18 wixui-rich-text__text\"><span style=\"color:rgb(224,62,45);\"><strong>\u00b7<\/strong><\/span><\/span><\/span><\/span><span class=\"wixui-rich-text__text\"><span class=\"color_15 wixui-rich-text__text\"> 2026<\/span><\/span><\/span><\/em><\/p> <p class=\"font_8 wixui-rich-text__text\">\u00a0<\/p> <div class=\"N8MGzv _v6ohL PO9MfV AWXfZq comp-lvw9jao81 wixui-rich-text\"> <p class=\"font_8 wixui-rich-text__text\"><span class=\"wixui-rich-text__text\">Francesco Ivan Ciampa\u00a0<span style=\"color:rgb(224,62,45);\">\/<\/span>\u00a0Renato Bonajuto<\/span><\/p> <p class=\"font_8 wixui-rich-text__text\"><span class=\"wixui-rich-text__text\">Ariunbaatar Ganbaatar, Miren Urbieta-Vega, Riccardo Fassi, Fabi\u00e1n Lara, Germ\u00e1n Olvera, Jerobo\u00e1m Tejera, Marina D\u00edaz, Francisco Navarro<\/span><\/p> <\/div> <\/div> <\/div><\/div><\/div><\/li>\n                <li style=\"display: none; width: 100%;\" class=\"slide-557 ms-image\" aria-roledescription=\"slide\" data-date=\"2026-08-30 13:30:02\" data-filename=\"opera-fondo-hueso-1-390x400.png\" data-slide-type=\"image\"><img loading=\"lazy\" decoding=\"async\" src=\"https:\/\/borjamarino.com\/wp-content\/uploads\/2026\/08\/opera-fondo-hueso-1-390x400.png\" height=\"400\" width=\"390\" alt=\"Carousel with Captions\" class=\"slider-74 slide-557 msDefaultImage\" title=\"Carousel with Captions\" \/><div class=\"caption-wrap\"><div class=\"caption\"><div style=\"text-align:center;\"> <div class=\"N8MGzv _v6ohL PO9MfV AWXfZq comp-lvw9i5vx3 wixui-rich-text\"><\/div> <div class=\"N8MGzv _v6ohL PO9MfV AWXfZq comp-lvw9i5vz1 wixui-rich-text\"> <p class=\"font_8 wixui-rich-text__text\">\u00a0<\/p> <p class=\"font_8 wixui-rich-text__text\">\u00a0<\/p> <p class=\"font_8 wixui-rich-text__text\">\u00a0<\/p> <p class=\"font_8 wixui-rich-text__text\"><span class=\"wixui-rich-text__text\" style=\"font-size:18px;\">WAGNER<\/span><\/p> <p class=\"font_8 wixui-rich-text__text\">\u00a0<\/p> <p class=\"font_8 wixui-rich-text__text\" style=\"line-height:1.5;\"><span style=\"font-size:32px;\"><em><span class=\"wixui-rich-text__text\">LOHENGRIN<\/span><\/em><\/span><\/p> <p class=\"font_8 wixui-rich-text__text\" style=\"line-height:1.5;\"><em><span style=\"font-size:14px;\"><span class=\"wixui-rich-text__text\"><span class=\"color_15 wixui-rich-text__text\">\u00d3pera de Oviedo <span class=\"color_18 wixui-rich-text__text\"><span style=\"color:rgb(224,62,45);\"><strong>\u00b7<\/strong><\/span><\/span><\/span><\/span><span class=\"wixui-rich-text__text\"><span class=\"color_15 wixui-rich-text__text\"> 2024<\/span><\/span><\/span><\/em><\/p> <p class=\"font_8 wixui-rich-text__text\">\u00a0<\/p> <div class=\"N8MGzv _v6ohL PO9MfV AWXfZq comp-lvw9jao81 wixui-rich-text\"> <p class=\"font_8 wixui-rich-text__text\"><span class=\"wixui-rich-text__text\">Christoph Gedschold\u00a0<span style=\"color:rgb(224,62,45);\">\/<\/span>\u00a0Guillermo Amaya<\/span><\/p> <p class=\"font_8 wixui-rich-text__text\"><span class=\"wixui-rich-text__text\">Insung Sim, Samuel Sakker, Miren Urbieta-Vega, Simon Neal, St\u00e9phanie M\u00fcther, Borja Quiza, Javier Blanco, Andoni Mart\u00ednez, Francisco Sierra<\/span><\/p> <\/div> <\/div> <\/div><\/div><\/div><\/li>\n                <li style=\"display: none; width: 100%;\" class=\"slide-558 ms-image\" aria-roledescription=\"slide\" data-date=\"2026-08-30 13:31:13\" data-filename=\"opera-fondo-hueso-1-390x400.png\" data-slide-type=\"image\"><img loading=\"lazy\" decoding=\"async\" src=\"https:\/\/borjamarino.com\/wp-content\/uploads\/2026\/08\/opera-fondo-hueso-1-390x400.png\" height=\"400\" width=\"390\" alt=\"Carousel with Captions\" class=\"slider-74 slide-558 msDefaultImage\" title=\"Carousel with Captions\" \/><div class=\"caption-wrap\"><div class=\"caption\"><div style=\"text-align:center;\"> <div class=\"N8MGzv _v6ohL PO9MfV AWXfZq comp-lvw9i5vx3 wixui-rich-text\"><\/div> <div class=\"N8MGzv _v6ohL PO9MfV AWXfZq comp-lvw9i5vz1 wixui-rich-text\"> <p class=\"font_8 wixui-rich-text__text\">\u00a0<\/p> <p class=\"font_8 wixui-rich-text__text\">\u00a0<\/p> <p class=\"font_8 wixui-rich-text__text\">\u00a0<\/p> <p class=\"font_8 wixui-rich-text__text\">\u00a0<\/p> <p class=\"font_8 wixui-rich-text__text\"><span class=\"wixui-rich-text__text\" style=\"font-size:18px;\">WAGNER<\/span><\/p> <p class=\"font_8 wixui-rich-text__text\">\u00a0<\/p> <p class=\"font_8 wixui-rich-text__text\" style=\"line-height:0.8;\"><span style=\"font-size:32px;\"><em><span class=\"wixui-rich-text__text\">TRISTAN UND ISOLDE<\/span><\/em><\/span><\/p> <p class=\"font_8 wixui-rich-text__text\" style=\"line-height:1.5;\"><em><span style=\"font-size:14px;\"><span class=\"wixui-rich-text__text\"><span class=\"color_15 wixui-rich-text__text\">Palacio de la \u00d3pera, A Coru\u00f1a <span class=\"color_18 wixui-rich-text__text\"><span style=\"color:rgb(224,62,45);\"><strong>\u00b7<\/strong><\/span><\/span><\/span><\/span><span class=\"wixui-rich-text__text\"><span class=\"color_15 wixui-rich-text__text\"> 2013<\/span><\/span><\/span><\/em><\/p> <p class=\"font_8 wixui-rich-text__text\">\u00a0<\/p> <div class=\"N8MGzv _v6ohL PO9MfV AWXfZq comp-lvw9jao81 wixui-rich-text\"> <p class=\"font_8 wixui-rich-text__text\"><span class=\"wixui-rich-text__text\">Eliahu Inbal <span style=\"color:rgb(224,62,45);\">\/<\/span> Versi\u00f3n de concierto<\/span><\/p> <p class=\"font_8 wixui-rich-text__text\"><span class=\"wixui-rich-text__text\">Stephen Gould, Eva Maria Westbroeck, Jukka Risalainen, Iris Vermillion, Gidon Saks, Francisco Corujo, Borja Quiza, C\u00e9sar San Mart\u00edn<\/span><\/p> <\/div> <\/div> <\/div><\/div><\/div><\/li>\n                <li style=\"display: none; width: 100%;\" class=\"slide-559 ms-image\" aria-roledescription=\"slide\" data-date=\"2026-08-30 13:32:46\" data-filename=\"opera-fondo-hueso-1-390x400.png\" data-slide-type=\"image\"><img loading=\"lazy\" decoding=\"async\" src=\"https:\/\/borjamarino.com\/wp-content\/uploads\/2026\/08\/opera-fondo-hueso-1-390x400.png\" height=\"400\" width=\"390\" alt=\"Carousel with Captions\" class=\"slider-74 slide-559 msDefaultImage\" title=\"Carousel with Captions\" \/><div class=\"caption-wrap\"><div class=\"caption\"><div style=\"text-align:center;\"> <div class=\"N8MGzv _v6ohL PO9MfV AWXfZq comp-lvw9i5vx3 wixui-rich-text\"><\/div> <div class=\"N8MGzv _v6ohL PO9MfV AWXfZq comp-lvw9i5vz1 wixui-rich-text\"> <p class=\"font_8 wixui-rich-text__text\">\u00a0<\/p> <p class=\"font_8 wixui-rich-text__text\">\u00a0<\/p> <p class=\"font_8 wixui-rich-text__text\"><span class=\"wixui-rich-text__text\" style=\"font-size:18px;\">WAGNER<\/span><\/p> <p class=\"font_8 wixui-rich-text__text\">\u00a0<\/p> <p class=\"font_8 wixui-rich-text__text\" style=\"line-height:0.8;\"><span style=\"font-size:32px;\"><em><span class=\"wixui-rich-text__text\">DER FLIEGENDE HOLL\u00c4NDER<\/span><\/em><\/span><\/p> <p class=\"font_8 wixui-rich-text__text\" style=\"line-height:1.5;\"><em><span style=\"font-size:14px;\"><span class=\"wixui-rich-text__text\"><span class=\"color_15 wixui-rich-text__text\">Gran Teatre del Liceu, Barcelona <span class=\"color_18 wixui-rich-text__text\"><span style=\"color:rgb(224,62,45);\"><strong>\u00b7<\/strong><\/span><\/span><\/span><\/span><span class=\"wixui-rich-text__text\"><span class=\"color_15 wixui-rich-text__text\"> 2007<\/span><\/span><\/span><\/em><\/p> <p class=\"font_8 wixui-rich-text__text\">\u00a0<\/p> <div class=\"N8MGzv _v6ohL PO9MfV AWXfZq comp-lvw9jao81 wixui-rich-text\"> <p class=\"font_8 wixui-rich-text__text\"><span class=\"wixui-rich-text__text\">Sebastian Weigle\u00a0<span style=\"color:rgb(224,62,45);\">\/<\/span>\u00a0Alex Rigola<\/span><\/p> <p class=\"font_8 wixui-rich-text__text\"><span class=\"wixui-rich-text__text\">Alan Titus \/ T\u00f3mas T\u00f3masson, Eric Halfvarson \/ Bjarni Thor Kristinsson, <\/span><span class=\"wixui-rich-text__text\">Susan Anthony \/ Jeanne-Mich\u00e8le Charbonnet, Julia Juon, Kurt Streit<\/span><\/p> <\/div> <\/div> <\/div><\/div><\/div><\/li>\n                <li style=\"display: none; width: 100%;\" class=\"slide-564 ms-image\" aria-roledescription=\"slide\" data-date=\"2026-08-30 14:13:08\" data-filename=\"opera-fondo-hueso-1-390x400.png\" data-slide-type=\"image\"><img loading=\"lazy\" decoding=\"async\" src=\"https:\/\/borjamarino.com\/wp-content\/uploads\/2026\/08\/opera-fondo-hueso-1-390x400.png\" height=\"400\" width=\"390\" alt=\"Carousel with Captions\" class=\"slider-74 slide-564 msDefaultImage\" title=\"Carousel with Captions\" \/><div class=\"caption-wrap\"><div class=\"caption\"><div style=\"text-align:center;\"> <div class=\"N8MGzv _v6ohL PO9MfV AWXfZq comp-lvw9i5vx3 wixui-rich-text\"><\/div> <div class=\"N8MGzv _v6ohL PO9MfV AWXfZq comp-lvw9i5vz1 wixui-rich-text\"> <p class=\"font_8 wixui-rich-text__text\">\u00a0<\/p> <p class=\"font_8 wixui-rich-text__text\">\u00a0<\/p> <p class=\"font_8 wixui-rich-text__text\"><span class=\"wixui-rich-text__text\" style=\"font-size:18px;\">WEILL<\/span><\/p> <p class=\"font_8 wixui-rich-text__text\">\u00a0<\/p> <p class=\"font_8 wixui-rich-text__text\" style=\"line-height:0.8;\"><span style=\"font-size:32px;\"><em><span class=\"wixui-rich-text__text\">THE THREEPENNY OPERA<\/span><\/em><\/span><\/p> <p class=\"font_8 wixui-rich-text__text\" style=\"line-height:1.5;\"><em><span style=\"font-size:14px;\"><span class=\"wixui-rich-text__text\"><span class=\"color_15 wixui-rich-text__text\">Teatros del Canal, Madrid <span class=\"color_18 wixui-rich-text__text\"><span style=\"color:rgb(224,62,45);\"><strong>\u00b7<\/strong><\/span><\/span><\/span><\/span><span class=\"wixui-rich-text__text\"><span class=\"color_15 wixui-rich-text__text\"> 2009<\/span><\/span><\/span><\/em><\/p> <p class=\"font_8 wixui-rich-text__text\">\u00a0<\/p> <div class=\"N8MGzv _v6ohL PO9MfV AWXfZq comp-lvw9jao81 wixui-rich-text\"> <p class=\"font_8 wixui-rich-text__text\"><span class=\"wixui-rich-text__text\">Manuel Coves\u00a0<span style=\"color:rgb(224,62,45);\">\/<\/span>\u00a0Marina Bolla\u00edn<\/span><\/p> <p class=\"font_8 wixui-rich-text__text\"><span class=\"wixui-rich-text__text\">Enrique R. del Portal, Enrique Sequero, Eva Diago, Mar Maestu, <\/span><span class=\"wixui-rich-text__text\">Carmen Gurriar\u00e1n, Manuel Rodr\u00edguez, Yayo C\u00e1ceres, Jos\u00e9 Gamo, <\/span><span class=\"wixui-rich-text__text\">Carlos Herencia<\/span><\/p> <\/div> <\/div> <\/div><\/div><\/div><\/li>\n                <li style=\"display: none; width: 100%;\" class=\"slide-561 ms-image\" aria-roledescription=\"slide\" data-date=\"2026-08-30 13:40:48\" data-filename=\"opera-fondo-hueso-1-390x400.png\" data-slide-type=\"image\"><img loading=\"lazy\" decoding=\"async\" src=\"https:\/\/borjamarino.com\/wp-content\/uploads\/2026\/08\/opera-fondo-hueso-1-390x400.png\" height=\"400\" width=\"390\" alt=\"Carousel with Captions\" class=\"slider-74 slide-561 msDefaultImage\" title=\"Carousel with Captions\" \/><div class=\"caption-wrap\"><div class=\"caption\"><div style=\"text-align:center;\"> <div class=\"N8MGzv _v6ohL PO9MfV AWXfZq comp-lvw9i5vx3 wixui-rich-text\"><\/div> <div class=\"N8MGzv _v6ohL PO9MfV AWXfZq comp-lvw9i5vz1 wixui-rich-text\"> <p class=\"font_8 wixui-rich-text__text\">\u00a0<\/p> <p class=\"font_8 wixui-rich-text__text\">\u00a0<\/p> <p class=\"font_8 wixui-rich-text__text\"><span class=\"wixui-rich-text__text\" style=\"font-size:18px;\">WOLF-FERRARI<\/span><\/p> <p class=\"font_8 wixui-rich-text__text\">\u00a0<\/p> <p class=\"font_8 wixui-rich-text__text\" style=\"line-height:0.8;\"><span style=\"font-size:32px;\"><em><span class=\"wixui-rich-text__text\">IL SEGRETO DI SUSANNA<\/span><\/em><\/span><\/p> <p class=\"font_8 wixui-rich-text__text\" style=\"line-height:1.5;\"><em><span style=\"font-size:14px;\"><span class=\"wixui-rich-text__text\"><span class=\"color_15 wixui-rich-text__text\">Teatro Cervantes, M\u00e1laga; Teatro Villamarta, Jerez <span class=\"color_18 wixui-rich-text__text\"><span style=\"color:rgb(224,62,45);\"><strong>\u00b7<\/strong><\/span><\/span><\/span><\/span><span class=\"wixui-rich-text__text\"><span class=\"color_15 wixui-rich-text__text\"> 2011<\/span><\/span><\/span><\/em><\/p> <p class=\"font_8 wixui-rich-text__text\">\u00a0<\/p> <div class=\"N8MGzv _v6ohL PO9MfV AWXfZq comp-lvw9jao81 wixui-rich-text\"> <p class=\"font_8 wixui-rich-text__text\"><span class=\"wixui-rich-text__text\">Lorenzo Ramos\u00a0<span style=\"color:rgb(224,62,45);\">\/<\/span>\u00a0Jos\u00e9 Luis Castro<\/span><\/p> <p class=\"font_8 wixui-rich-text__text\"><span class=\"wixui-rich-text__text\">Isabel Rey, Javier Franco, Nigel Leach<\/span><\/p> <p class=\"font_8 wixui-rich-text__text\">\u00a0<\/p> <p class=\"font_8 wixui-rich-text__text\">\u00a0<\/p> <\/div> <\/div> <\/div><\/div><\/div><\/li>\n            <\/ul>\n        <\/div>\n        \n    <\/div>\n<\/div><\/div>\n\n\n\n<p class=\"has-text-align-center wp-block-paragraph\"><mark style=\"background-color:rgba(0, 0, 0, 0)\" class=\"has-inline-color has-foreground-color\">See the Zarzuela and Spanish Opera repertoire here.<\/mark><\/p>\n\n\n\n<div class=\"alignnormal\"><div id=\"metaslider-id-422\" style=\"width: 100%; margin: 0 auto;\" class=\"ml-slider-3-112-0 metaslider metaslider-flex metaslider-422 ml-slider hide-arrows-smartphone has-dots-onhover-navigation has-carousel-mode ms-theme-outline\" role=\"region\" aria-label=\"Repertorio de zarzuelas\" data-height=\"400\" data-width=\"390\">\n    <div id=\"metaslider_container_422\">\n        <div id=\"metaslider_422\">\n            <ul aria-live='polite' class='slides'>\n                <li style=\"display: none; width: 100%;\" class=\"slide-423 ms-image\" aria-roledescription=\"slide\" data-date=\"2026-08-30 08:20:57\" data-filename=\"opera-fondo-hueso-1-390x400.png\" data-slide-type=\"image\"><img loading=\"lazy\" decoding=\"async\" src=\"https:\/\/borjamarino.com\/wp-content\/uploads\/2026\/08\/opera-fondo-hueso-1-390x400.png\" height=\"400\" width=\"390\" alt=\"Carousel with Captions\" class=\"slider-422 slide-423 msDefaultImage\" title=\"Carousel with Captions\" \/><div class=\"caption-wrap\"><div class=\"caption\"><div style=\"text-align:center;\"> <div class=\"N8MGzv _v6ohL PO9MfV AWXfZq comp-lvw9i5vx3 wixui-rich-text\"><\/div> <div class=\"N8MGzv _v6ohL PO9MfV AWXfZq comp-lvw9i5vz1 wixui-rich-text\"> <p class=\"font_8 wixui-rich-text__text\">\u00a0<\/p> <p class=\"font_8 wixui-rich-text__text\">\u00a0<\/p> <p class=\"font_8 wixui-rich-text__text\"><span class=\"wixui-rich-text__text\" style=\"font-size:18px;\">ALB\u00c9NIZ<\/span><\/p> <p class=\"font_8 wixui-rich-text__text\">\u00a0<\/p> <p class=\"font_8 wixui-rich-text__text\" style=\"line-height:1.5;\"><span style=\"font-size:32px;\"><em><span class=\"wixui-rich-text__text\">MERLIN<\/span><\/em><\/span><\/p> <p class=\"font_8 wixui-rich-text__text\" style=\"line-height:1.5;\"><em><span class=\"wixui-rich-text__text\" style=\"font-size:14px;\">Teatro Real, Madrid <span style=\"font-size:14px;\"><span class=\"color_18 wixui-rich-text__text\"><span class=\"wixui-rich-text__text\"><span style=\"color:rgb(224,62,45);\"><strong>\u00b7<\/strong><\/span><\/span><\/span><\/span> 2003<\/span><\/em><\/p> <p class=\"font_8 wixui-rich-text__text\">\u00a0<\/p> <p class=\"font_8 wixui-rich-text__text\"><span class=\"wixui-rich-text__text\">Jos\u00e9 de Eusebio <span style=\"color:rgb(224,62,45);\">\/<\/span> John Dew<\/span><\/p> <p class=\"font_8 wixui-rich-text__text\"><span class=\"wixui-rich-text__text\">David Wilson Johnson, Stuart Skelton, Carol Vaness, Eva Marton, Eugenie Grunewald,\u00a0<\/span><span class=\"wixui-rich-text__text\">Stephen Morscheck, \u00c1ngel \u00d3dena, \u00c1ngel Rodr\u00edguez<\/span><\/p> <\/div> <\/div><\/div><\/div><\/li>\n                <li style=\"display: none; width: 100%;\" class=\"slide-424 ms-image\" aria-roledescription=\"slide\" data-date=\"2026-08-30 08:20:57\" data-filename=\"opera-fondo-hueso-1-390x400.png\" data-slide-type=\"image\"><img loading=\"lazy\" decoding=\"async\" src=\"https:\/\/borjamarino.com\/wp-content\/uploads\/2026\/08\/opera-fondo-hueso-1-390x400.png\" height=\"400\" width=\"390\" alt=\"Carousel with Captions\" class=\"slider-422 slide-424 msDefaultImage\" title=\"Carousel with Captions\" \/><div class=\"caption-wrap\"><div class=\"caption\"><div style=\"text-align:center;\"> <div class=\"N8MGzv _v6ohL PO9MfV AWXfZq comp-lvw9i5vx3 wixui-rich-text\"><\/div> <div class=\"N8MGzv _v6ohL PO9MfV AWXfZq comp-lvw9i5vz1 wixui-rich-text\"> <p class=\"font_8 wixui-rich-text__text\">\u00a0<\/p> <p class=\"font_8 wixui-rich-text__text\">\u00a0<\/p> <p class=\"font_8 wixui-rich-text__text\"><span class=\"wixui-rich-text__text\" style=\"font-size:18px;\">ALB\u00c9NIZ<\/span><\/p> <p class=\"font_8 wixui-rich-text__text\">\u00a0<\/p> <p class=\"font_8 wixui-rich-text__text\" style=\"line-height:1.5;\"><span style=\"font-size:32px;\"><em><span class=\"wixui-rich-text__text\">THE MAGIC OPAL<\/span><\/em><\/span><\/p> <p class=\"font_8 wixui-rich-text__text\" style=\"line-height:1.5;\"><em><span class=\"wixui-rich-text__text\" style=\"font-size:14px;\">Auditorio Nacional, Madrid <span style=\"font-size:14px;\"><span class=\"color_18 wixui-rich-text__text\"><span class=\"wixui-rich-text__text\"><span style=\"color:rgb(224,62,45);\"><strong>\u00b7<\/strong><\/span><\/span><\/span><\/span> 2010<\/span><\/em><\/p> <p class=\"font_8 wixui-rich-text__text\">\u00a0<\/p> <p class=\"font_8 wixui-rich-text__text\"><span class=\"wixui-rich-text__text\">Silvia Sanz <span style=\"color:rgb(224,62,45);\">\/<\/span> V.cto.<\/span><\/p> <p class=\"font_8 wixui-rich-text__text\"><span class=\"wixui-rich-text__text\">C\u00e9sar San Mart\u00edn, Estefan\u00eda Perdomo, Javier Franco, Jos\u00e9 Ferrero, <\/span><span class=\"wixui-rich-text__text\">Marina Pardo, Pablo L\u00f3pez, Francisco Corujo, Mercedes Arcuri, <\/span><span class=\"wixui-rich-text__text\">Dami\u00e1n del Castillo<\/span><\/p> <\/div> <\/div><\/div><\/div><\/li>\n                <li style=\"display: none; width: 100%;\" class=\"slide-437 ms-image\" aria-roledescription=\"slide\" data-date=\"2026-08-30 08:20:58\" data-filename=\"zarzuela-fondo-hueso-1-390x400.png\" data-slide-type=\"image\"><img loading=\"lazy\" decoding=\"async\" src=\"https:\/\/borjamarino.com\/wp-content\/uploads\/2026\/08\/zarzuela-fondo-hueso-1-390x400.png\" height=\"400\" width=\"390\" alt=\"Carousel with Captions\" class=\"slider-422 slide-437 msDefaultImage\" title=\"Carousel with Captions\" \/><div class=\"caption-wrap\"><div class=\"caption\"><div style=\"text-align:center;\"> <div class=\"N8MGzv _v6ohL PO9MfV AWXfZq comp-lvw9i5vx3 wixui-rich-text\"><\/div> <div class=\"N8MGzv _v6ohL PO9MfV AWXfZq comp-lvw9i5vz1 wixui-rich-text\"> <p class=\"font_8 wixui-rich-text__text\">\u00a0<\/p> <p class=\"font_8 wixui-rich-text__text\">\u00a0<\/p> <p class=\"font_8 wixui-rich-text__text\"><span class=\"wixui-rich-text__text\" style=\"font-size:18px;\">BRET\u00d3N<\/span><\/p> <p class=\"font_8 wixui-rich-text__text\">\u00a0<\/p> <p class=\"font_8 wixui-rich-text__text\" style=\"line-height:0.8;\"><span style=\"font-size:32px;\"><em><span class=\"wixui-rich-text__text\">LA VERBENA DE LA PALOMA<\/span><\/em><\/span><\/p> <p class=\"font_8 wixui-rich-text__text\" style=\"line-height:1.5;\"><em><span style=\"font-size:14px;\"><span class=\"wixui-rich-text__text\"><span class=\"color_15 wixui-rich-text__text\">\u00d3pera de Tenerife <span class=\"color_18 wixui-rich-text__text\"><span style=\"color:rgb(224,62,45);\"><strong>\u00b7<\/strong><\/span><\/span><\/span><\/span><span class=\"wixui-rich-text__text\"><span class=\"color_15 wixui-rich-text__text\">\u00a02026<\/span><\/span><\/span><\/em><\/p> <p class=\"font_8 wixui-rich-text__text\">\u00a0<\/p> <div class=\"N8MGzv _v6ohL PO9MfV AWXfZq comp-lvw9jao81 wixui-rich-text\"> <p class=\"font_8 wixui-rich-text__text\"><span class=\"wixui-rich-text__text\"><span class=\"color_15 wixui-rich-text__text\">V\u00edctor Pablo P\u00e9rez\u00a0<\/span><span class=\"color_18 wixui-rich-text__text\" style=\"color:rgb(224,62,45);\">\/<\/span><span class=\"color_15 wixui-rich-text__text\">\u00a0Nuria Castej\u00f3n<\/span><\/span><\/p> <p class=\"font_8 wixui-rich-text__text\"><span class=\"wixui-rich-text__text\">C\u00e9sar San Mart\u00edn, Carmen Romeu, Toni Comas, Amparo Navarro, Gerardo L\u00f3pez, Lara Sagastizabal, Gurutze Beitia, Ana Goya, Rafa Castej\u00f3n, Adri\u00e1n Qui\u00f1ones<\/span><\/p> <\/div> <\/div> <\/div><\/div><\/div><\/li>\n                <li style=\"display: none; width: 100%;\" class=\"slide-439 ms-image\" aria-roledescription=\"slide\" data-date=\"2026-08-30 08:20:58\" data-filename=\"opera-fondo-hueso-1-390x400.png\" data-slide-type=\"image\"><img loading=\"lazy\" decoding=\"async\" src=\"https:\/\/borjamarino.com\/wp-content\/uploads\/2026\/08\/opera-fondo-hueso-1-390x400.png\" height=\"400\" width=\"390\" alt=\"Carousel with Captions\" class=\"slider-422 slide-439 msDefaultImage\" title=\"Carousel with Captions\" \/><div class=\"caption-wrap\"><div class=\"caption\"><div style=\"text-align:center;\"> <div class=\"N8MGzv _v6ohL PO9MfV AWXfZq comp-lvw9i5vx3 wixui-rich-text\"><\/div> <div class=\"N8MGzv _v6ohL PO9MfV AWXfZq comp-lvw9i5vz1 wixui-rich-text\"> <p class=\"font_8 wixui-rich-text__text\">\u00a0<\/p> <p class=\"font_8 wixui-rich-text__text\">\u00a0<\/p> <p class=\"font_8 wixui-rich-text__text\">\u00a0<\/p> <p class=\"font_8 wixui-rich-text__text\"><span class=\"wixui-rich-text__text\" style=\"font-size:18px;\">Conrado del CAMPO<\/span><\/p> <p class=\"font_8 wixui-rich-text__text\">\u00a0<\/p> <p class=\"font_8 wixui-rich-text__text\" style=\"line-height:0.8;\"><span style=\"font-size:32px;\"><em><span class=\"wixui-rich-text__text\">EL P\u00c1JARO DE DOS COLORES<\/span><\/em><\/span><\/p> <p class=\"font_8 wixui-rich-text__text\" style=\"line-height:1.5;\"><em><span style=\"font-size:14px;\">Fundaci\u00f3n Juan March, Madrid <span class=\"color_18 wixui-rich-text__text\"><span class=\"wixui-rich-text__text\"><span style=\"color:rgb(224,62,45);\"><strong>\u00b7<\/strong><\/span><\/span><\/span> 2020<\/span><\/em><\/p> <p class=\"font_8 wixui-rich-text__text\">\u00a0<\/p> <div class=\"N8MGzv _v6ohL PO9MfV AWXfZq comp-lvw9jao81 wixui-rich-text\"> <p class=\"font_8 wixui-rich-text__text\"><span class=\"wixui-rich-text__text\">Miquel Ortega <span style=\"color:rgb(224,62,45);\">\/<\/span> Rita Cosentino<\/span><\/p> <p class=\"font_8 wixui-rich-text__text\"><span class=\"wixui-rich-text__text\">Sonia de Munck, Borja Quiza, Gerardo Bull\u00f3n<\/span><\/p> <p class=\"font_8 wixui-rich-text__text\">\u00a0<\/p> <p class=\"font_8 wixui-rich-text__text\">\u00a0<\/p> <\/div> <\/div> <\/div><\/div><\/div><\/li>\n                <li style=\"display: none; width: 100%;\" class=\"slide-440 ms-image\" aria-roledescription=\"slide\" data-date=\"2026-08-30 08:20:58\" data-filename=\"opera-fondo-hueso-1-390x400.png\" data-slide-type=\"image\"><img loading=\"lazy\" decoding=\"async\" src=\"https:\/\/borjamarino.com\/wp-content\/uploads\/2026\/08\/opera-fondo-hueso-1-390x400.png\" height=\"400\" width=\"390\" alt=\"Carousel with Captions\" class=\"slider-422 slide-440 msDefaultImage\" title=\"Carousel with Captions\" \/><div class=\"caption-wrap\"><div class=\"caption\"><div style=\"text-align:center;\"> <div class=\"N8MGzv _v6ohL PO9MfV AWXfZq comp-lvw9i5vx3 wixui-rich-text\"><\/div> <div class=\"N8MGzv _v6ohL PO9MfV AWXfZq comp-lvw9i5vz1 wixui-rich-text\"> <p class=\"font_8 wixui-rich-text__text\">\u00a0<\/p> <p class=\"font_8 wixui-rich-text__text\">\u00a0<\/p> <p class=\"font_8 wixui-rich-text__text\">\u00a0<\/p> <p class=\"font_8 wixui-rich-text__text\"><span class=\"wixui-rich-text__text\" style=\"font-size:18px;\">Conrado del CAMPO<\/span><\/p> <p class=\"font_8 wixui-rich-text__text\">\u00a0<\/p> <p class=\"font_8 wixui-rich-text__text\" style=\"line-height:1.5;\"><span style=\"font-size:32px;\"><em><span class=\"wixui-rich-text__text\">FANTOCHINES<\/span><\/em><\/span><\/p> <p class=\"font_8 wixui-rich-text__text\" style=\"line-height:1.5;\"><em><span style=\"font-size:14px;\">Fundaci\u00f3n Juan March, Madrid <span class=\"color_18 wixui-rich-text__text\"><span class=\"wixui-rich-text__text\"><span style=\"color:rgb(224,62,45);\"><strong>\u00b7<\/strong><\/span><\/span><\/span> 2015<\/span><\/em><\/p> <p class=\"font_8 wixui-rich-text__text\">\u00a0<\/p> <div class=\"N8MGzv _v6ohL PO9MfV AWXfZq comp-lvw9jao81 wixui-rich-text\"> <p class=\"font_8 wixui-rich-text__text\"><span class=\"wixui-rich-text__text\">Jos\u00e9 Antonio Monta\u00f1o <span style=\"color:rgb(224,62,45);\">\/<\/span> Tom\u00e1s Mu\u00f1oz<\/span><\/p> <p class=\"font_8 wixui-rich-text__text\"><span class=\"wixui-rich-text__text\">Sonia de Munck, Borja Quiza, Fabio Barrutia<\/span><\/p> <p class=\"font_8 wixui-rich-text__text\">\u00a0<\/p> <p class=\"font_8 wixui-rich-text__text\">\u00a0<\/p> <\/div> <\/div> <\/div><\/div><\/div><\/li>\n                <li style=\"display: none; width: 100%;\" class=\"slide-443 ms-image\" aria-roledescription=\"slide\" data-date=\"2026-08-30 08:20:58\" data-filename=\"zarzuela-fondo-hueso-1-390x400.png\" data-slide-type=\"image\"><img loading=\"lazy\" decoding=\"async\" src=\"https:\/\/borjamarino.com\/wp-content\/uploads\/2026\/08\/zarzuela-fondo-hueso-1-390x400.png\" height=\"400\" width=\"390\" alt=\"Carousel with Captions\" class=\"slider-422 slide-443 msDefaultImage\" title=\"Carousel with Captions\" \/><div class=\"caption-wrap\"><div class=\"caption\"><div style=\"text-align:center;\"> <div class=\"N8MGzv _v6ohL PO9MfV AWXfZq comp-lvw9i5vx3 wixui-rich-text\"><\/div> <div class=\"N8MGzv _v6ohL PO9MfV AWXfZq comp-lvw9i5vz1 wixui-rich-text\"> <p class=\"font_8 wixui-rich-text__text\">\u00a0<\/p> <p class=\"font_8 wixui-rich-text__text\">\u00a0<\/p> <p class=\"font_8 wixui-rich-text__text\"><span class=\"wixui-rich-text__text\" style=\"font-size:18px;\">CHAP\u00cd<\/span><\/p> <p class=\"font_8 wixui-rich-text__text\">\u00a0<\/p> <p class=\"font_8 wixui-rich-text__text\" style=\"line-height:1.5;\"><span style=\"font-size:32px;\"><em><span class=\"wixui-rich-text__text\">LA REVOLTOSA<\/span><\/em><\/span><\/p> <p class=\"font_8 wixui-rich-text__text\" style=\"line-height:1.5;\"><em><span style=\"font-size:14px;\"><span class=\"wixui-rich-text__text\"><span class=\"color_15 wixui-rich-text__text\">Teatros del Canal, Madrid <span class=\"color_18 wixui-rich-text__text\"><span style=\"color:rgb(224,62,45);\"><strong>\u00b7<\/strong><\/span><\/span><\/span><\/span><span class=\"wixui-rich-text__text\"><span class=\"color_15 wixui-rich-text__text\"> 2011<\/span><\/span><\/span><\/em><\/p> <p class=\"font_8 wixui-rich-text__text\">\u00a0<\/p> <div class=\"N8MGzv _v6ohL PO9MfV AWXfZq comp-lvw9jao81 wixui-rich-text\"> <p class=\"font_8 wixui-rich-text__text\"><span class=\"wixui-rich-text__text\">Miguel Roa, Manuel Coves <span style=\"color:rgb(224,62,45);\">\/<\/span> Juan Carlos P\u00e9rez de la Fuente. <\/span><span class=\"wixui-rich-text__text\">Sandra Ferr\u00e1ndez, Marco Moncloa, Marina Rodr\u00edguez Cus\u00ed, Paco Lahoz, Itxaro Mentxaka, Sandro Cordero, Mar Abascal, Emilio Gavira<\/span><\/p> <\/div> <\/div> <\/div><\/div><\/div><\/li>\n                <li style=\"display: none; width: 100%;\" class=\"slide-444 ms-image\" aria-roledescription=\"slide\" data-date=\"2026-08-30 08:20:58\" data-filename=\"zarzuela-fondo-hueso-1-390x400.png\" data-slide-type=\"image\"><img loading=\"lazy\" decoding=\"async\" src=\"https:\/\/borjamarino.com\/wp-content\/uploads\/2026\/08\/zarzuela-fondo-hueso-1-390x400.png\" height=\"400\" width=\"390\" alt=\"Carousel with Captions\" class=\"slider-422 slide-444 msDefaultImage\" title=\"Carousel with Captions\" \/><div class=\"caption-wrap\"><div class=\"caption\"><div style=\"text-align:center;\"> <div class=\"N8MGzv _v6ohL PO9MfV AWXfZq comp-lvw9i5vx3 wixui-rich-text\"><\/div> <div class=\"N8MGzv _v6ohL PO9MfV AWXfZq comp-lvw9i5vz1 wixui-rich-text\"> <p class=\"font_8 wixui-rich-text__text\">\u00a0<\/p> <p class=\"font_8 wixui-rich-text__text\">\u00a0<\/p> <p class=\"font_8 wixui-rich-text__text\"><span class=\"wixui-rich-text__text\" style=\"font-size:18px;\">CHAP\u00cd<\/span><\/p> <p class=\"font_8 wixui-rich-text__text\">\u00a0<\/p> <p class=\"font_8 wixui-rich-text__text\" style=\"line-height:1.5;\"><span style=\"font-size:32px;\"><em><span class=\"wixui-rich-text__text\">CURRO VARGAS<\/span><\/em><\/span><\/p> <p class=\"font_8 wixui-rich-text__text\" style=\"line-height:1.5;\"><em><span style=\"font-size:14px;\"><span class=\"wixui-rich-text__text\"><span class=\"color_15 wixui-rich-text__text\">Teatro de la Zarzuela, Madrid <span class=\"color_18 wixui-rich-text__text\"><span style=\"color:rgb(224,62,45);\"><strong>\u00b7<\/strong><\/span><\/span><\/span><\/span><span class=\"wixui-rich-text__text\"><span class=\"color_15 wixui-rich-text__text\"> 2014<\/span><\/span><\/span><\/em><\/p> <p class=\"font_8 wixui-rich-text__text\">\u00a0<\/p> <div class=\"N8MGzv _v6ohL PO9MfV AWXfZq comp-lvw9jao81 wixui-rich-text\"> <p class=\"font_8 wixui-rich-text__text\"><span class=\"wixui-rich-text__text\">Guillermo Garc\u00eda Calvo <span style=\"color:rgb(224,62,45);\">\/<\/span> Graham Vick<\/span><\/p> <p class=\"font_8 wixui-rich-text__text\"><span class=\"wixui-rich-text__text\">Andeka Gorrotxategui \/ Alejandro Roy, Saioa Hern\u00e1ndez \/ Cristina Faus, <\/span><span class=\"wixui-rich-text__text\">Joan Mart\u00edn Royo \/ Marco Moncloa, Milagros Mart\u00edn, <\/span><span class=\"wixui-rich-text__text\">Luis \u00c1lvarez, Gerardo Bull\u00f3n<\/span><\/p> <\/div> <\/div> <\/div><\/div><\/div><\/li>\n                <li style=\"display: none; width: 100%;\" class=\"slide-565 ms-image\" aria-roledescription=\"slide\" data-date=\"2026-08-30 14:17:22\" data-filename=\"zarzuela-fondo-hueso-1-390x400.png\" data-slide-type=\"image\"><img loading=\"lazy\" decoding=\"async\" src=\"https:\/\/borjamarino.com\/wp-content\/uploads\/2026\/08\/zarzuela-fondo-hueso-1-390x400.png\" height=\"400\" width=\"390\" alt=\"Carousel with Captions\" class=\"slider-422 slide-565 msDefaultImage\" title=\"Carousel with Captions\" \/><div class=\"caption-wrap\"><div class=\"caption\"><div style=\"text-align:center;\"> <div class=\"N8MGzv _v6ohL PO9MfV AWXfZq comp-lvw9i5vx3 wixui-rich-text\"><\/div> <div class=\"N8MGzv _v6ohL PO9MfV AWXfZq comp-lvw9i5vz1 wixui-rich-text\"> <p class=\"font_8 wixui-rich-text__text\">\u00a0<\/p> <p class=\"font_8 wixui-rich-text__text\">\u00a0<\/p> <p class=\"font_8 wixui-rich-text__text\">\u00a0<\/p> <p class=\"font_8 wixui-rich-text__text\"><span class=\"wixui-rich-text__text\" style=\"font-size:18px;\">CHAP\u00cd<\/span><\/p> <p class=\"font_8 wixui-rich-text__text\">\u00a0<\/p> <p class=\"font_8 wixui-rich-text__text\" style=\"line-height:1.5;\"><span style=\"font-size:32px;\"><em><span class=\"wixui-rich-text__text\">QUO VADIS<\/span><\/em><\/span><\/p> <p class=\"font_8 wixui-rich-text__text\" style=\"line-height:1.5;\"><em><span style=\"font-size:14px;\"><span class=\"wixui-rich-text__text\"><span class=\"color_15 wixui-rich-text__text\">Universidad Carlos III, Legan\u00e9s <span class=\"color_18 wixui-rich-text__text\"><span style=\"color:rgb(224,62,45);\"><strong>\u00b7<\/strong><\/span><\/span><\/span><\/span><span class=\"wixui-rich-text__text\"><span class=\"color_15 wixui-rich-text__text\"> 2011<\/span><\/span><\/span><\/em><\/p> <p class=\"font_8 wixui-rich-text__text\">\u00a0<\/p> <div class=\"N8MGzv _v6ohL PO9MfV AWXfZq comp-lvw9jao81 wixui-rich-text\"> <p class=\"font_8 wixui-rich-text__text\"><span class=\"wixui-rich-text__text\">Manuel Coves <span style=\"color:rgb(224,62,45);\">\/<\/span> Enrique Viana<\/span><\/p> <p class=\"font_8 wixui-rich-text__text\"><span class=\"wixui-rich-text__text\">\u00c1ngel S\u00e1nchez, Maica Teba, Tomeu Bibiloni<\/span><\/p> <p class=\"font_8 wixui-rich-text__text\">\u00a0<\/p> <p class=\"font_8 wixui-rich-text__text\">\u00a0<\/p> <\/div> <\/div> <\/div><\/div><\/div><\/li>\n                <li style=\"display: none; width: 100%;\" class=\"slide-459 ms-image\" aria-roledescription=\"slide\" data-date=\"2026-08-30 08:20:59\" data-filename=\"opera-fondo-hueso-1-390x400.png\" data-slide-type=\"image\"><img loading=\"lazy\" decoding=\"async\" src=\"https:\/\/borjamarino.com\/wp-content\/uploads\/2026\/08\/opera-fondo-hueso-1-390x400.png\" height=\"400\" width=\"390\" alt=\"Carousel with Captions\" class=\"slider-422 slide-459 msDefaultImage\" title=\"Carousel with Captions\" \/><div class=\"caption-wrap\"><div class=\"caption\"><div style=\"text-align:center;\"> <div class=\"N8MGzv _v6ohL PO9MfV AWXfZq comp-lvw9i5vx3 wixui-rich-text\"><\/div> <div class=\"N8MGzv _v6ohL PO9MfV AWXfZq comp-lvw9i5vz1 wixui-rich-text\"> <p class=\"font_8 wixui-rich-text__text\">\u00a0<\/p> <p class=\"font_8 wixui-rich-text__text\">\u00a0<\/p> <p class=\"font_8 wixui-rich-text__text\">\u00a0<\/p> <p class=\"font_8 wixui-rich-text__text\"><span class=\"wixui-rich-text__text\" style=\"font-size:18px;\">FALLA<\/span><\/p> <p class=\"font_8 wixui-rich-text__text\">\u00a0<\/p> <p class=\"font_8 wixui-rich-text__text\" style=\"line-height:0.8;\"><span style=\"font-size:32px;\"><em><span class=\"wixui-rich-text__text\">EL RETABLO DE MAESE PEDRO<\/span><\/em><\/span><\/p> <p class=\"font_8 wixui-rich-text__text\" style=\"line-height:1.5;\"><em><span style=\"font-size:14px;\"><span class=\"wixui-rich-text__text\"><span class=\"color_15 wixui-rich-text__text\">\u00d3pera de Oviedo <span class=\"color_18 wixui-rich-text__text\"><span style=\"color:rgb(224,62,45);\"><strong>\u00b7<\/strong><\/span><\/span><\/span><\/span><span class=\"wixui-rich-text__text\"><span class=\"color_15 wixui-rich-text__text\"> 2023<\/span><\/span><\/span><\/em><\/p> <p class=\"font_8 wixui-rich-text__text\">\u00a0<\/p> <div class=\"N8MGzv _v6ohL PO9MfV AWXfZq comp-lvw9jao81 wixui-rich-text\"> <p class=\"font_8 wixui-rich-text__text\"><span class=\"wixui-rich-text__text\">\u00c1lvaro Albiach <span style=\"color:rgb(224,62,45);\">\/<\/span> Francisco L\u00f3pez<\/span><\/p> <p class=\"font_8 wixui-rich-text__text\"><span class=\"wixui-rich-text__text\">Javier Franco, Jos\u00e9 Luis Sola, Lidia Vinyes-Curtis<\/span><\/p> <p class=\"font_8 wixui-rich-text__text\">\u00a0<\/p> <p class=\"font_8 wixui-rich-text__text\">\u00a0<\/p> <\/div> <\/div> <\/div><\/div><\/div><\/li>\n                <li style=\"display: none; width: 100%;\" class=\"slide-460 ms-image\" aria-roledescription=\"slide\" data-date=\"2026-08-30 08:20:59\" data-filename=\"zarzuela-fondo-hueso-1-390x400.png\" data-slide-type=\"image\"><img loading=\"lazy\" decoding=\"async\" src=\"https:\/\/borjamarino.com\/wp-content\/uploads\/2026\/08\/zarzuela-fondo-hueso-1-390x400.png\" height=\"400\" width=\"390\" alt=\"Carousel with Captions\" class=\"slider-422 slide-460 msDefaultImage\" title=\"Carousel with Captions\" \/><div class=\"caption-wrap\"><div class=\"caption\"><div style=\"text-align:center;\"> <div class=\"N8MGzv _v6ohL PO9MfV AWXfZq comp-lvw9i5vx3 wixui-rich-text\"><\/div> <div class=\"N8MGzv _v6ohL PO9MfV AWXfZq comp-lvw9i5vz1 wixui-rich-text\"> <p class=\"font_8 wixui-rich-text__text\">\u00a0<\/p> <p class=\"font_8 wixui-rich-text__text\">\u00a0<\/p> <p class=\"font_8 wixui-rich-text__text\"><span class=\"wixui-rich-text__text\" style=\"font-size:18px;\">FDEZ. CABALLERO<\/span><\/p> <p class=\"font_8 wixui-rich-text__text\">\u00a0<\/p> <p class=\"font_8 wixui-rich-text__text\" style=\"line-height:0.8;\"><span style=\"font-size:28px;\"><em><span class=\"wixui-rich-text__text\">LA VIEJECITA \/ CHATEAU MARGAUX<\/span><\/em><\/span><\/p> <p class=\"font_8 wixui-rich-text__text\" style=\"line-height:1.5;\"><em><span style=\"font-size:14px;\"><span class=\"wixui-rich-text__text\"><span class=\"color_15 wixui-rich-text__text\">Teatros del Canal, Madrid\u00a0<span class=\"color_18 wixui-rich-text__text\"><span style=\"color:rgb(224,62,45);\"><strong>\u00b7<\/strong><\/span><\/span><\/span><\/span><span class=\"wixui-rich-text__text\"><span class=\"color_15 wixui-rich-text__text\"> 2010<\/span><\/span><\/span><\/em><\/p> <p class=\"font_8 wixui-rich-text__text\">\u00a0<\/p> <div class=\"N8MGzv _v6ohL PO9MfV AWXfZq comp-lvw9jao81 wixui-rich-text\"> <p class=\"font_8 wixui-rich-text__text\"><span class=\"wixui-rich-text__text\">Jos\u00e9 Ram\u00f3n Encinar <span style=\"color:rgb(224,62,45);\">\/<\/span> Lluis Pasqual<\/span><\/p> <p class=\"font_8 wixui-rich-text__text\"><span class=\"wixui-rich-text__text\">Sonia de Munck \/ Ana Nebot, Borja Quiza \/ Axier S\u00e1nchez, <\/span><span class=\"wixui-rich-text__text\">Emilio S\u00e1nchez \/ Mikeldi Atxalandabaso, Miguel Sola, Jos\u00e9 Manuel D\u00edaz, Jes\u00fas Castej\u00f3n, Lander Iglesias<\/span><\/p> <\/div> <\/div> <\/div><\/div><\/div><\/li>\n                <li style=\"display: none; width: 100%;\" class=\"slide-473 ms-image\" aria-roledescription=\"slide\" data-date=\"2026-08-30 08:36:01\" data-filename=\"opera-fondo-hueso-1-390x400.png\" data-slide-type=\"image\"><img loading=\"lazy\" decoding=\"async\" src=\"https:\/\/borjamarino.com\/wp-content\/uploads\/2026\/08\/opera-fondo-hueso-1-390x400.png\" height=\"400\" width=\"390\" alt=\"Carousel with Captions\" class=\"slider-422 slide-473 msDefaultImage\" title=\"Carousel with Captions\" \/><div class=\"caption-wrap\"><div class=\"caption\"><div style=\"text-align:center;\"> <div class=\"N8MGzv _v6ohL PO9MfV AWXfZq comp-lvw9i5vx3 wixui-rich-text\"><\/div> <div class=\"N8MGzv _v6ohL PO9MfV AWXfZq comp-lvw9i5vz1 wixui-rich-text\"> <p class=\"font_8 wixui-rich-text__text\">\u00a0<\/p> <p class=\"font_8 wixui-rich-text__text\">\u00a0<\/p> <p class=\"font_8 wixui-rich-text__text\">\u00a0<\/p> <p class=\"font_8 wixui-rich-text__text\"><span class=\"wixui-rich-text__text\" style=\"font-size:18px;\">GRANADOS<\/span><\/p> <p class=\"font_8 wixui-rich-text__text\">\u00a0<\/p> <p class=\"font_8 wixui-rich-text__text\" style=\"line-height:1.5;\"><span style=\"font-size:32px;\"><em><span class=\"wixui-rich-text__text\">GOYESCAS<\/span><\/em><\/span><\/p> <p class=\"font_8 wixui-rich-text__text\" style=\"line-height:1.5;\"><em><span style=\"font-size:14px;\"><span class=\"wixui-rich-text__text\"><span class=\"color_15 wixui-rich-text__text\">\u00d3pera de Oviedo <span class=\"color_18 wixui-rich-text__text\"><span style=\"color:rgb(224,62,45);\"><strong>\u00b7<\/strong><\/span><\/span><\/span><\/span><span class=\"wixui-rich-text__text\"><span class=\"color_15 wixui-rich-text__text\"> 2023<\/span><\/span><\/span><\/em><\/p> <p class=\"font_8 wixui-rich-text__text\">\u00a0<\/p> <div class=\"N8MGzv _v6ohL PO9MfV AWXfZq comp-lvw9jao81 wixui-rich-text\"> <p class=\"font_8 wixui-rich-text__text\"><span class=\"wixui-rich-text__text\">\u00c1lvaro Albiach <span style=\"color:rgb(224,62,45);\">\/<\/span> Francisco L\u00f3pez<\/span><\/p> <p class=\"font_8 wixui-rich-text__text\"><span class=\"wixui-rich-text__text\">Carmen Sol\u00eds, Alejandro Roy, Cristina Faus, Dami\u00e1n del Castillo<\/span><\/p> <p class=\"font_8 wixui-rich-text__text\">\u00a0<\/p> <p class=\"font_8 wixui-rich-text__text\">\u00a0<\/p> <\/div> <\/div> <\/div><\/div><\/div><\/li>\n                <li style=\"display: none; width: 100%;\" class=\"slide-463 ms-image\" aria-roledescription=\"slide\" data-date=\"2026-08-30 08:21:00\" data-filename=\"zarzuela-fondo-hueso-1-390x400.png\" data-slide-type=\"image\"><img loading=\"lazy\" decoding=\"async\" src=\"https:\/\/borjamarino.com\/wp-content\/uploads\/2026\/08\/zarzuela-fondo-hueso-1-390x400.png\" height=\"400\" width=\"390\" alt=\"Carousel with Captions\" class=\"slider-422 slide-463 msDefaultImage\" title=\"Carousel with Captions\" \/><div class=\"caption-wrap\"><div class=\"caption\"><div style=\"text-align:center;\"> <div class=\"N8MGzv _v6ohL PO9MfV AWXfZq comp-lvw9i5vx3 wixui-rich-text\"><\/div> <div class=\"N8MGzv _v6ohL PO9MfV AWXfZq comp-lvw9i5vz1 wixui-rich-text\"> <p class=\"font_8 wixui-rich-text__text\">\u00a0<\/p> <p class=\"font_8 wixui-rich-text__text\">\u00a0<\/p> <p class=\"font_8 wixui-rich-text__text\">\u00a0<\/p> <p class=\"font_8 wixui-rich-text__text\"><span class=\"wixui-rich-text__text\" style=\"font-size:18px;\">GURIDI<\/span><\/p> <p class=\"font_8 wixui-rich-text__text\">\u00a0<\/p> <p class=\"font_8 wixui-rich-text__text\" style=\"line-height:1.5;\"><span style=\"font-size:32px;\"><em><span class=\"wixui-rich-text__text\">EL CASER\u00cdO<\/span><\/em><\/span><\/p> <p class=\"font_8 wixui-rich-text__text\" style=\"line-height:1.5;\"><em><span style=\"font-size:14px;\"><span class=\"wixui-rich-text__text\"><span class=\"color_15 wixui-rich-text__text\">Teatros del Canal, Madrid <span class=\"color_18 wixui-rich-text__text\"><span style=\"color:rgb(224,62,45);\"><strong>\u00b7<\/strong><\/span><\/span><\/span><\/span><span class=\"wixui-rich-text__text\"><span class=\"color_15 wixui-rich-text__text\"> 2015<\/span><\/span><\/span><\/em><\/p> <p class=\"font_8 wixui-rich-text__text\">\u00a0<\/p> <div class=\"N8MGzv _v6ohL PO9MfV AWXfZq comp-lvw9jao81 wixui-rich-text\"> <p class=\"font_8 wixui-rich-text__text\"><span class=\"wixui-rich-text__text\">Manuel Coves <span style=\"color:rgb(224,62,45);\">\/<\/span> Pablo Viar<\/span><\/p> <p class=\"font_8 wixui-rich-text__text\"><span class=\"wixui-rich-text__text\">Javier Franco, Sabina Pu\u00e9rtolas, Jos\u00e9 Luis Sola, Jorge Rodr\u00edguez Norton, Loli Astoreka, Julia Arellano, Eduardo Carranza, Pako Revueltas<\/span><\/p> <\/div> <\/div> <\/div><\/div><\/div><\/li>\n                <li style=\"display: none; width: 100%;\" class=\"slide-467 ms-image\" aria-roledescription=\"slide\" data-date=\"2026-08-30 08:21:00\" data-filename=\"zarzuela-fondo-hueso-1-390x400.png\" data-slide-type=\"image\"><img loading=\"lazy\" decoding=\"async\" src=\"https:\/\/borjamarino.com\/wp-content\/uploads\/2026\/08\/zarzuela-fondo-hueso-1-390x400.png\" height=\"400\" width=\"390\" alt=\"Carousel with Captions\" class=\"slider-422 slide-467 msDefaultImage\" title=\"Carousel with Captions\" \/><div class=\"caption-wrap\"><div class=\"caption\"><div style=\"text-align:center;\"> <div class=\"N8MGzv _v6ohL PO9MfV AWXfZq comp-lvw9i5vx3 wixui-rich-text\"><\/div> <div class=\"N8MGzv _v6ohL PO9MfV AWXfZq comp-lvw9i5vz1 wixui-rich-text\"> <p class=\"font_8 wixui-rich-text__text\">\u00a0<\/p> <p class=\"font_8 wixui-rich-text__text\">\u00a0<\/p> <p class=\"font_8 wixui-rich-text__text\"><span class=\"wixui-rich-text__text\" style=\"font-size:18px;\">GUERRERO<\/span><\/p> <p class=\"font_8 wixui-rich-text__text\">\u00a0<\/p> <p class=\"font_8 wixui-rich-text__text\" style=\"line-height:1.5;\"><span style=\"font-size:32px;\"><em><span class=\"wixui-rich-text__text\">LOS GAVILANES<\/span><\/em><\/span><\/p> <p class=\"font_8 wixui-rich-text__text\" style=\"line-height:1.5;\"><em><span style=\"font-size:14px;\"><span class=\"wixui-rich-text__text\"><span class=\"color_15 wixui-rich-text__text\">Teatro Campoamor \/ Teatro Calder\u00f3n <span class=\"color_18 wixui-rich-text__text\"><span style=\"color:rgb(224,62,45);\"><strong>\u00b7<\/strong><\/span><\/span><\/span><\/span><span class=\"wixui-rich-text__text\"><span class=\"color_15 wixui-rich-text__text\"> 2003<\/span><\/span><\/span><\/em><\/p> <p class=\"font_8 wixui-rich-text__text\">\u00a0<\/p> <div class=\"N8MGzv _v6ohL PO9MfV AWXfZq comp-lvw9jao81 wixui-rich-text\"> <p class=\"font_8 wixui-rich-text__text\"><span class=\"wixui-rich-text__text\">Mar\u00eda Pilar Va\u00f1\u00f3, Luis Remart\u00ednez\u00a0<span style=\"color:rgb(224,62,45);\">\/<\/span> Gerardo Malla. <\/span><span class=\"wixui-rich-text__text\">Milagros Mart\u00edn \/ Ana H\u00e4sler, Luis Cansino \/ Juan Tom\u00e1s Mart\u00ednez, Arantza Ira\u00f1eta \/ Diana Rosa L\u00f3pez, Luis D\u00e1maso \/ Jorge de Le\u00f3n<\/span><\/p> <\/div> <\/div> <\/div><\/div><\/div><\/li>\n                <li style=\"display: none; width: 100%;\" class=\"slide-469 ms-image\" aria-roledescription=\"slide\" data-date=\"2026-08-30 08:21:00\" data-filename=\"zarzuela-fondo-hueso-1-390x400.png\" data-slide-type=\"image\"><img loading=\"lazy\" decoding=\"async\" src=\"https:\/\/borjamarino.com\/wp-content\/uploads\/2026\/08\/zarzuela-fondo-hueso-1-390x400.png\" height=\"400\" width=\"390\" alt=\"Carousel with Captions\" class=\"slider-422 slide-469 msDefaultImage\" title=\"Carousel with Captions\" \/><div class=\"caption-wrap\"><div class=\"caption\"><div style=\"text-align:center;\"> <div class=\"N8MGzv _v6ohL PO9MfV AWXfZq comp-lvw9i5vx3 wixui-rich-text\"><\/div> <div class=\"N8MGzv _v6ohL PO9MfV AWXfZq comp-lvw9i5vz1 wixui-rich-text\"> <p class=\"font_8 wixui-rich-text__text\">\u00a0<\/p> <p class=\"font_8 wixui-rich-text__text\">\u00a0<\/p> <p class=\"font_8 wixui-rich-text__text\"><span class=\"wixui-rich-text__text\" style=\"font-size:18px;\">LLE\u00d3<\/span><\/p> <p class=\"font_8 wixui-rich-text__text\">\u00a0<\/p> <p class=\"font_8 wixui-rich-text__text\" style=\"line-height:0.8;\"><span style=\"font-size:32px;\"><em><span class=\"wixui-rich-text__text\">LA REP\u00daBLICA DEL AMOR<\/span><\/em><\/span><\/p> <p class=\"font_8 wixui-rich-text__text\" style=\"line-height:1.5;\"><em><span style=\"font-size:14px;\"><span class=\"wixui-rich-text__text\"><span class=\"color_15 wixui-rich-text__text\">Lotus Temple Auditorium, New Delhi <span class=\"color_18 wixui-rich-text__text\"><span style=\"color:rgb(224,62,45);\"><strong>\u00b7<\/strong><\/span><\/span><\/span><\/span><span class=\"wixui-rich-text__text\"><span class=\"color_15 wixui-rich-text__text\"> 2018<\/span><\/span><\/span><\/em><\/p> <p class=\"font_8 wixui-rich-text__text\">\u00a0<\/p> <div class=\"N8MGzv _v6ohL PO9MfV AWXfZq comp-lvw9jao81 wixui-rich-text\"> <p class=\"font_8 wixui-rich-text__text\"><span class=\"wixui-rich-text__text\">BORJA MARI\u00d1O <span style=\"color:rgb(224,62,45);\">\/<\/span> Yashraj Jadhav<\/span><\/p> <p class=\"font_8 wixui-rich-text__text\"><span class=\"wixui-rich-text__text\">Shambhavi Mishra, Akash Gadamsetty, Nishant Rana, Reuben Mathew, Oliva Kullu, Vaibhavi Singh, Akansha Sharma, Pratikesh Bansal, <\/span><span class=\"wixui-rich-text__text\">Gabriel Harrison<\/span><\/p> <\/div> <\/div> <\/div><\/div><\/div><\/li>\n                <li style=\"display: none; width: 100%;\" class=\"slide-474 ms-image\" aria-roledescription=\"slide\" data-date=\"2026-08-30 08:38:59\" data-filename=\"opera-fondo-hueso-1-390x400.png\" data-slide-type=\"image\"><img loading=\"lazy\" decoding=\"async\" src=\"https:\/\/borjamarino.com\/wp-content\/uploads\/2026\/08\/opera-fondo-hueso-1-390x400.png\" height=\"400\" width=\"390\" alt=\"Carousel with Captions\" class=\"slider-422 slide-474 msDefaultImage\" title=\"Carousel with Captions\" \/><div class=\"caption-wrap\"><div class=\"caption\"><div style=\"text-align:center;\"> <div class=\"N8MGzv _v6ohL PO9MfV AWXfZq comp-lvw9i5vx3 wixui-rich-text\"><\/div> <div class=\"N8MGzv _v6ohL PO9MfV AWXfZq comp-lvw9i5vz1 wixui-rich-text\"> <p class=\"font_8 wixui-rich-text__text\">\u00a0<\/p> <p class=\"font_8 wixui-rich-text__text\">\u00a0<\/p> <p class=\"font_8 wixui-rich-text__text\">\u00a0<\/p> <p class=\"font_8 wixui-rich-text__text\"><span class=\"wixui-rich-text__text\" style=\"font-size:18px;\">MU\u00d1IZ<\/span><\/p> <p class=\"font_8 wixui-rich-text__text\">\u00a0<\/p> <p class=\"font_8 wixui-rich-text__text\" style=\"line-height:1.5;\"><span style=\"font-size:32px;\"><em><span class=\"wixui-rich-text__text\">FUENTEOVEJUNA<\/span><\/em><\/span><\/p> <p class=\"font_8 wixui-rich-text__text\" style=\"line-height:1.5;\"><em><span style=\"font-size:14px;\"><span class=\"wixui-rich-text__text\"><span class=\"color_15 wixui-rich-text__text\">\u00d3pera de Oviedo <span class=\"color_18 wixui-rich-text__text\"><span style=\"color:rgb(224,62,45);\"><strong>\u00b7<\/strong><\/span><\/span><\/span><\/span><span class=\"wixui-rich-text__text\"><span class=\"color_15 wixui-rich-text__text\"> 2018<\/span><\/span><\/span><\/em><\/p> <p class=\"font_8 wixui-rich-text__text\">\u00a0<\/p> <div class=\"N8MGzv _v6ohL PO9MfV AWXfZq comp-lvw9jao81 wixui-rich-text\"> <p class=\"font_8 wixui-rich-text__text\"><span class=\"wixui-rich-text__text\">Santiago Serrate <span style=\"color:rgb(224,62,45);\">\/<\/span> Miguel del Arco<\/span><\/p> <p class=\"font_8 wixui-rich-text__text\"><span class=\"wixui-rich-text__text\">Mariola Cantarero, Jos\u00e9 Luis Sola,\u00a0<\/span><span class=\"wixui-rich-text__text\">Dami\u00e1n del Castillo, Francisco Crespo,\u00a0<\/span><span class=\"wixui-rich-text__text\">Luis Cansino, Isabella Gaud\u00ed,\u00a0<\/span><span class=\"wixui-rich-text__text\">Juan Antonio Sanabria, Marina Pardo<\/span><\/p> <\/div> <\/div> <\/div><\/div><\/div><\/li>\n                <li style=\"display: none; width: 100%;\" class=\"slide-475 ms-image\" aria-roledescription=\"slide\" data-date=\"2026-08-30 08:41:02\" data-filename=\"opera-fondo-hueso-1-390x400.png\" data-slide-type=\"image\"><img loading=\"lazy\" decoding=\"async\" src=\"https:\/\/borjamarino.com\/wp-content\/uploads\/2026\/08\/opera-fondo-hueso-1-390x400.png\" height=\"400\" width=\"390\" alt=\"Carousel with Captions\" class=\"slider-422 slide-475 msDefaultImage\" title=\"Carousel with Captions\" \/><div class=\"caption-wrap\"><div class=\"caption\"><div style=\"text-align:center;\"> <div class=\"N8MGzv _v6ohL PO9MfV AWXfZq comp-lvw9i5vx3 wixui-rich-text\"><\/div> <div class=\"N8MGzv _v6ohL PO9MfV AWXfZq comp-lvw9i5vz1 wixui-rich-text\"> <p class=\"font_8 wixui-rich-text__text\">\u00a0<\/p> <p class=\"font_8 wixui-rich-text__text\">\u00a0<\/p> <p class=\"font_8 wixui-rich-text__text\"><span class=\"wixui-rich-text__text\" style=\"font-size:18px;\">PENELLA<\/span><\/p> <p class=\"font_8 wixui-rich-text__text\">\u00a0<\/p> <p class=\"font_8 wixui-rich-text__text\" style=\"line-height:1.5;\"><span style=\"font-size:32px;\"><em><span class=\"wixui-rich-text__text\">EL GATO MONT\u00c9S<\/span><\/em><\/span><\/p> <p class=\"font_8 wixui-rich-text__text\" style=\"line-height:1.5;\"><em><span style=\"font-size:14px;\"><span class=\"wixui-rich-text__text\"><span class=\"color_15 wixui-rich-text__text\">\u00d3pera de Tenerife <span class=\"color_18 wixui-rich-text__text\"><span style=\"color:rgb(224,62,45);\"><strong>\u00b7<\/strong><\/span><\/span><\/span><\/span><span class=\"wixui-rich-text__text\"><span class=\"color_15 wixui-rich-text__text\"> 2019<\/span><\/span><\/span><\/em><\/p> <p class=\"font_8 wixui-rich-text__text\">\u00a0<\/p> <div class=\"N8MGzv _v6ohL PO9MfV AWXfZq comp-lvw9jao81 wixui-rich-text\"> <p class=\"font_8 wixui-rich-text__text\"><span class=\"wixui-rich-text__text\">Salvador V\u00e1zquez\u00a0<span style=\"color:rgb(224,62,45);\">\/<\/span>\u00a0Ra\u00fal V\u00e1zquez<\/span><\/p> <p class=\"font_8 wixui-rich-text__text\"><span class=\"wixui-rich-text__text\">Mariola Cantarero, Gillen Mungu\u00eda, Luis Cansino, Sandra Ferr\u00e1ndez, Alberto Cam\u00f3n, Marina Pardo, Tairuma M\u00e9ndez, Axier S\u00e1nchez,\u00a0<\/span><span class=\"wixui-rich-text__text\">Borja Molina<\/span><\/p> <\/div> <\/div> <\/div><\/div><\/div><\/li>\n                <li style=\"display: none; width: 100%;\" class=\"slide-476 ms-image\" aria-roledescription=\"slide\" data-date=\"2026-08-30 08:42:22\" data-filename=\"opera-fondo-hueso-1-390x400.png\" data-slide-type=\"image\"><img loading=\"lazy\" decoding=\"async\" src=\"https:\/\/borjamarino.com\/wp-content\/uploads\/2026\/08\/opera-fondo-hueso-1-390x400.png\" height=\"400\" width=\"390\" alt=\"Carousel with Captions\" class=\"slider-422 slide-476 msDefaultImage\" title=\"Carousel with Captions\" \/><div class=\"caption-wrap\"><div class=\"caption\"><div style=\"text-align:center;\"> <div class=\"N8MGzv _v6ohL PO9MfV AWXfZq comp-lvw9i5vx3 wixui-rich-text\"><\/div> <div class=\"N8MGzv _v6ohL PO9MfV AWXfZq comp-lvw9i5vz1 wixui-rich-text\"> <p class=\"font_8 wixui-rich-text__text\">\u00a0<\/p> <p class=\"font_8 wixui-rich-text__text\">\u00a0<\/p> <p class=\"font_8 wixui-rich-text__text\">\u00a0<\/p> <p class=\"font_8 wixui-rich-text__text\"><span class=\"wixui-rich-text__text\" style=\"font-size:18px;\">PENELLA<\/span><\/p> <p class=\"font_8 wixui-rich-text__text\">\u00a0<\/p> <p class=\"font_8 wixui-rich-text__text\" style=\"line-height:1.5;\"><span style=\"font-size:32px;\"><em><span class=\"wixui-rich-text__text\">EL GATO MONT\u00c9S<\/span><\/em><\/span><\/p> <p class=\"font_8 wixui-rich-text__text\" style=\"line-height:1.5;\"><em><span style=\"font-size:14px;\"><span class=\"wixui-rich-text__text\"><span class=\"color_15 wixui-rich-text__text\">Teatro de la Zarzuela, Madrid <span class=\"color_18 wixui-rich-text__text\"><span style=\"color:rgb(224,62,45);\"><strong>\u00b7<\/strong><\/span><\/span><\/span><\/span><span class=\"wixui-rich-text__text\"><span class=\"color_15 wixui-rich-text__text\"> 2012<\/span><\/span><\/span><\/em><\/p> <p class=\"font_8 wixui-rich-text__text\">\u00a0<\/p> <div class=\"N8MGzv _v6ohL PO9MfV AWXfZq comp-lvw9jao81 wixui-rich-text\"> <p class=\"font_8 wixui-rich-text__text\"><span class=\"wixui-rich-text__text\">Crist\u00f3bal Soler, \u00d3liver D\u00edaz\u00a0<span style=\"color:rgb(224,62,45);\">\/<\/span> Jos\u00e9 Carlos Plaza. <\/span><span class=\"wixui-rich-text__text\">Andeka Gorroxtategui \/ Ricardo Bernal, \u00c1ngeles Blancas \/ Saioa Hern\u00e1ndez, \u00c1ngel \u00d3dena \/ Jos\u00e9 Juli\u00e1n Frontal, Enrique Baquerizo<\/span><\/p> <\/div> <\/div> <\/div><\/div><\/div><\/li>\n                <li style=\"display: none; width: 100%;\" class=\"slide-477 ms-image\" aria-roledescription=\"slide\" data-date=\"2026-08-30 08:47:31\" data-filename=\"zarzuela-fondo-hueso-1-390x400.png\" data-slide-type=\"image\"><img loading=\"lazy\" decoding=\"async\" src=\"https:\/\/borjamarino.com\/wp-content\/uploads\/2026\/08\/zarzuela-fondo-hueso-1-390x400.png\" height=\"400\" width=\"390\" alt=\"Carousel with Captions\" class=\"slider-422 slide-477 msDefaultImage\" title=\"Carousel with Captions\" \/><div class=\"caption-wrap\"><div class=\"caption\"><div style=\"text-align:center;\"> <div class=\"N8MGzv _v6ohL PO9MfV AWXfZq comp-lvw9i5vx3 wixui-rich-text\"><\/div> <div class=\"N8MGzv _v6ohL PO9MfV AWXfZq comp-lvw9i5vz1 wixui-rich-text\"> <p class=\"font_8 wixui-rich-text__text\">\u00a0<\/p> <p class=\"font_8 wixui-rich-text__text\">\u00a0<\/p> <p class=\"font_8 wixui-rich-text__text\">\u00a0<\/p> <p class=\"font_8 wixui-rich-text__text\">\u00a0<\/p> <p class=\"font_8 wixui-rich-text__text\"><span class=\"wixui-rich-text__text\" style=\"font-size:18px;\">VIVES<\/span><\/p> <p class=\"font_8 wixui-rich-text__text\">\u00a0<\/p> <p class=\"font_8 wixui-rich-text__text\" style=\"line-height:0.8;\"><span style=\"font-size:32px;\"><em><span class=\"wixui-rich-text__text\">DO\u00d1A FRANCISQUITA<\/span><\/em><\/span><\/p> <p class=\"font_8 wixui-rich-text__text\" style=\"line-height:1.5;\"><em><span style=\"font-size:14px;\"><span class=\"wixui-rich-text__text\"><span class=\"color_15 wixui-rich-text__text\">\u00d3pera de Tenerife <span class=\"color_18 wixui-rich-text__text\"><span style=\"color:rgb(224,62,45);\"><strong>\u00b7<\/strong><\/span><\/span><\/span><\/span><span class=\"wixui-rich-text__text\"><span class=\"color_15 wixui-rich-text__text\"> 2017<\/span><\/span><\/span><\/em><\/p> <p class=\"font_8 wixui-rich-text__text\">\u00a0<\/p> <div class=\"N8MGzv _v6ohL PO9MfV AWXfZq comp-lvw9jao81 wixui-rich-text\"> <p class=\"font_8 wixui-rich-text__text\"><span class=\"wixui-rich-text__text\">Miquel Ortega\u00a0<span style=\"color:rgb(224,62,45);\">\/<\/span>\u00a0Curro Carreres<\/span><\/p> <p class=\"font_8 wixui-rich-text__text\"><span class=\"wixui-rich-text__text\">In\u00e9s Ballesteros, Francisco Corujo, Cristina Faus, Badel Albelo, <\/span><span class=\"wixui-rich-text__text\">Silvia Zorita, Axier S\u00e1nchez, Pablo G\u00e1lvez, David Astorga, <\/span><span class=\"wixui-rich-text__text\">Tairuma M\u00e9ndez<\/span><\/p> <\/div> <\/div> <\/div><\/div><\/div><\/li>\n                <li style=\"display: none; width: 100%;\" class=\"slide-478 ms-image\" aria-roledescription=\"slide\" data-date=\"2026-08-30 08:49:51\" data-filename=\"teatro-fondo-hueso-1-390x400.png\" data-slide-type=\"image\"><img loading=\"lazy\" decoding=\"async\" src=\"https:\/\/borjamarino.com\/wp-content\/uploads\/2026\/08\/teatro-fondo-hueso-1-390x400.png\" height=\"400\" width=\"390\" alt=\"Carousel with Captions\" class=\"slider-422 slide-478 msDefaultImage\" title=\"Carousel with Captions\" \/><div class=\"caption-wrap\"><div class=\"caption\"><div style=\"text-align:center;\"> <div class=\"N8MGzv _v6ohL PO9MfV AWXfZq comp-lvw9i5vx3 wixui-rich-text\"><\/div> <div class=\"N8MGzv _v6ohL PO9MfV AWXfZq comp-lvw9i5vz1 wixui-rich-text\"> <p class=\"font_8 wixui-rich-text__text\">\u00a0<\/p> <p class=\"font_8 wixui-rich-text__text\">\u00a0<\/p> <p class=\"font_8 wixui-rich-text__text\"><span class=\"wixui-rich-text__text\" style=\"font-size:18px;\">VIVES<\/span><\/p> <p class=\"font_8 wixui-rich-text__text\">\u00a0<\/p> <p class=\"font_8 wixui-rich-text__text\" style=\"line-height:1.5;\"><span style=\"font-size:32px;\"><em><span class=\"wixui-rich-text__text\">AMADEU<\/span><\/em><\/span><\/p> <p class=\"font_8 wixui-rich-text__text\" style=\"line-height:1.5;\"><em><span style=\"font-size:14px;\"><span class=\"wixui-rich-text__text\"><span class=\"color_15 wixui-rich-text__text\">Teatros del Canal, Madrid <span class=\"color_18 wixui-rich-text__text\"><span style=\"color:rgb(224,62,45);\"><strong>\u00b7<\/strong><\/span><\/span><\/span><\/span><span class=\"wixui-rich-text__text\"><span class=\"color_15 wixui-rich-text__text\"> 2011-12<\/span><\/span><\/span><\/em><\/p> <p class=\"font_8 wixui-rich-text__text\">\u00a0<\/p> <div class=\"N8MGzv _v6ohL PO9MfV AWXfZq comp-lvw9jao81 wixui-rich-text\"> <p class=\"font_8 wixui-rich-text__text\"><span class=\"wixui-rich-text__text\">Manuel Coves, Miguel Roa\u00a0<span style=\"color:rgb(224,62,45);\">\/<\/span> Albert Boadella.\u00a0<\/span><span class=\"wixui-rich-text__text\">Antoni Comas, Ra\u00fal Fern\u00e1ndez de Castro, Chema Ruiz, Francisco Corujo, Israel Lozano, Yolanda Mar\u00edn, Auxiliadora Toledano, Joana Tom\u00e9,\u00a0<\/span><span class=\"wixui-rich-text__text\">Lola Casariego<\/span><\/p> <\/div> <\/div> <\/div><\/div><\/div><\/li>\n                <li style=\"display: none; width: 100%;\" class=\"slide-479 ms-image\" aria-roledescription=\"slide\" data-date=\"2026-08-30 08:51:56\" data-filename=\"teatro-fondo-hueso-1-390x400.png\" data-slide-type=\"image\"><img loading=\"lazy\" decoding=\"async\" src=\"https:\/\/borjamarino.com\/wp-content\/uploads\/2026\/08\/teatro-fondo-hueso-1-390x400.png\" height=\"400\" width=\"390\" alt=\"Carousel with Captions\" class=\"slider-422 slide-479 msDefaultImage\" title=\"Carousel with Captions\" \/><div class=\"caption-wrap\"><div class=\"caption\"><div style=\"text-align:center;\"> <div class=\"N8MGzv _v6ohL PO9MfV AWXfZq comp-lvw9i5vx3 wixui-rich-text\"><\/div> <div class=\"N8MGzv _v6ohL PO9MfV AWXfZq comp-lvw9i5vz1 wixui-rich-text\"> <p class=\"font_8 wixui-rich-text__text\">\u00a0<\/p> <p class=\"font_8 wixui-rich-text__text\">\u00a0<\/p> <p class=\"font_8 wixui-rich-text__text\"><span class=\"wixui-rich-text__text\" style=\"font-size:18px;\">ANTOLOG\u00cdA<\/span><\/p> <p class=\"font_8 wixui-rich-text__text\">\u00a0<\/p> <p class=\"font_8 wixui-rich-text__text\" style=\"line-height:1.5;\"><span style=\"font-size:32px;\"><em><span class=\"wixui-rich-text__text\">VIVA MADRID<\/span><\/em><\/span><\/p> <p class=\"font_8 wixui-rich-text__text\" style=\"line-height:1.5;\"><em><span style=\"font-size:14px;\"><span class=\"wixui-rich-text__text\"><span class=\"color_15 wixui-rich-text__text\">Teatros del Canal, Madrid <span class=\"color_18 wixui-rich-text__text\"><span style=\"color:rgb(224,62,45);\"><strong>\u00b7<\/strong><\/span><\/span><\/span><\/span><span class=\"wixui-rich-text__text\"><span class=\"color_15 wixui-rich-text__text\"> 2014<\/span><\/span><\/span><\/em><\/p> <p class=\"font_8 wixui-rich-text__text\">\u00a0<\/p> <div class=\"N8MGzv _v6ohL PO9MfV AWXfZq comp-lvw9jao81 wixui-rich-text\"> <p class=\"font_8 wixui-rich-text__text\"><span class=\"wixui-rich-text__text\">Miguel Roa\u00a0\/ Manuel Coves <span style=\"color:rgb(224,62,45);\">\/<\/span> Jaume Martorell.\u00a0<\/span><span class=\"wixui-rich-text__text\">Amparo Navarro, Marisa Martins, Anna Tobella, Cristina Faus, <\/span><span class=\"wixui-rich-text__text\">Juan Carlos Barona, Carlos Cos\u00edas, Jos\u00e9 Luis Sola, C\u00e9sar San Mart\u00edn, \u00c1ngel \u00d3dena<\/span><\/p> <\/div> <\/div> <\/div><\/div><\/div><\/li>\n            <\/ul>\n        <\/div>\n        \n    <\/div>\n<\/div><\/div>","protected":false},"excerpt":{"rendered":"<p>Consulta aqu\u00ed el repertorio de \u00d3pera. Consulta aqu\u00ed el repertorio de Zarzuela y \u00d3pera espa\u00f1ola.<\/p>","protected":false},"author":1,"featured_media":61,"parent":0,"menu_order":0,"comment_status":"closed","ping_status":"closed","template":"","meta":{"footnotes":""},"class_list":["post-72","page","type-page","status-publish","has-post-thumbnail","hentry"],"yoast_head":"<!-- This site is optimized with the Yoast SEO plugin v28.4 - https:\/\/yoast.com\/product\/yoast-seo-wordpress\/ -->\n<title>Borja Mari\u00f1o, Pianista | \u00d3pera y Zarzuela<\/title>\n<meta name=\"robots\" content=\"index, follow, max-snippet:-1, max-image-preview:large, max-video-preview:-1\" \/>\n<link rel=\"canonical\" href=\"https:\/\/borjamarino.com\/en\/pianista\/\" \/>\n<meta property=\"og:locale\" content=\"en_US\" \/>\n<meta property=\"og:type\" content=\"article\" \/>\n<meta property=\"og:title\" content=\"Borja Mari\u00f1o, Pianista | \u00d3pera y Zarzuela\" \/>\n<meta property=\"og:description\" content=\"Consulta aqu\u00ed el repertorio de \u00d3pera. Consulta aqu\u00ed el repertorio de Zarzuela y \u00d3pera espa\u00f1ola.\" \/>\n<meta property=\"og:url\" content=\"https:\/\/borjamarino.com\/en\/pianista\/\" \/>\n<meta property=\"og:site_name\" content=\"Borja Mari\u00f1o\" \/>\n<meta property=\"article:modified_time\" content=\"2026-09-03T07:54:07+00:00\" \/>\n<meta property=\"og:image\" content=\"https:\/\/borjamarino.com\/wp-content\/uploads\/2026\/08\/BM5-scaled.jpg\" \/>\n\t<meta property=\"og:image:width\" content=\"2560\" \/>\n\t<meta property=\"og:image:height\" content=\"2560\" \/>\n\t<meta property=\"og:image:type\" content=\"image\/jpeg\" \/>\n<meta name=\"twitter:card\" content=\"summary_large_image\" \/>\n<meta name=\"twitter:label1\" content=\"Est. reading time\" \/>\n\t<meta name=\"twitter:data1\" content=\"1 minute\" \/>\n<script type=\"application\/ld+json\" class=\"yoast-schema-graph\">{\"@context\":\"https:\\\/\\\/schema.org\",\"@graph\":[{\"@type\":\"WebPage\",\"@id\":\"https:\\\/\\\/borjamarino.com\\\/pianista\\\/\",\"url\":\"https:\\\/\\\/borjamarino.com\\\/pianista\\\/\",\"name\":\"Borja Mari\u00f1o, Pianista | \u00d3pera y Zarzuela\",\"isPartOf\":{\"@id\":\"https:\\\/\\\/borjamarino.com\\\/#website\"},\"primaryImageOfPage\":{\"@id\":\"https:\\\/\\\/borjamarino.com\\\/pianista\\\/#primaryimage\"},\"image\":{\"@id\":\"https:\\\/\\\/borjamarino.com\\\/pianista\\\/#primaryimage\"},\"thumbnailUrl\":\"https:\\\/\\\/borjamarino.com\\\/wp-content\\\/uploads\\\/2026\\\/08\\\/BM5-scaled.jpg\",\"datePublished\":\"2026-08-22T12:10:24+00:00\",\"dateModified\":\"2026-09-03T07:54:07+00:00\",\"breadcrumb\":{\"@id\":\"https:\\\/\\\/borjamarino.com\\\/pianista\\\/#breadcrumb\"},\"inLanguage\":\"en-US\",\"potentialAction\":[{\"@type\":\"ReadAction\",\"target\":[\"https:\\\/\\\/borjamarino.com\\\/pianista\\\/\"]}]},{\"@type\":\"ImageObject\",\"inLanguage\":\"en-US\",\"@id\":\"https:\\\/\\\/borjamarino.com\\\/pianista\\\/#primaryimage\",\"url\":\"https:\\\/\\\/borjamarino.com\\\/wp-content\\\/uploads\\\/2026\\\/08\\\/BM5-scaled.jpg\",\"contentUrl\":\"https:\\\/\\\/borjamarino.com\\\/wp-content\\\/uploads\\\/2026\\\/08\\\/BM5-scaled.jpg\",\"width\":2560,\"height\":2560},{\"@type\":\"BreadcrumbList\",\"@id\":\"https:\\\/\\\/borjamarino.com\\\/pianista\\\/#breadcrumb\",\"itemListElement\":[{\"@type\":\"ListItem\",\"position\":1,\"name\":\"Portada\",\"item\":\"https:\\\/\\\/borjamarino.com\\\/\"},{\"@type\":\"ListItem\",\"position\":2,\"name\":\"Pianista\"}]},{\"@type\":\"WebSite\",\"@id\":\"https:\\\/\\\/borjamarino.com\\\/#website\",\"url\":\"https:\\\/\\\/borjamarino.com\\\/\",\"name\":\"Borja Mari\u00f1o\",\"description\":\"Compositor y Pianista\",\"potentialAction\":[{\"@type\":\"SearchAction\",\"target\":{\"@type\":\"EntryPoint\",\"urlTemplate\":\"https:\\\/\\\/borjamarino.com\\\/?s={search_term_string}\"},\"query-input\":{\"@type\":\"PropertyValueSpecification\",\"valueRequired\":true,\"valueName\":\"search_term_string\"}}],\"inLanguage\":\"en-US\"}]}<\/script>\n<!-- \/ Yoast SEO plugin. -->","yoast_head_json":{"title":"Borja Mari\u00f1o, Pianista | \u00d3pera y Zarzuela","robots":{"index":"index","follow":"follow","max-snippet":"max-snippet:-1","max-image-preview":"max-image-preview:large","max-video-preview":"max-video-preview:-1"},"canonical":"https:\/\/borjamarino.com\/en\/pianista\/","og_locale":"en_US","og_type":"article","og_title":"Borja Mari\u00f1o, Pianista | \u00d3pera y Zarzuela","og_description":"Consulta aqu\u00ed el repertorio de \u00d3pera. Consulta aqu\u00ed el repertorio de Zarzuela y \u00d3pera espa\u00f1ola.","og_url":"https:\/\/borjamarino.com\/en\/pianista\/","og_site_name":"Borja Mari\u00f1o","article_modified_time":"2026-09-03T07:54:07+00:00","og_image":[{"width":2560,"height":2560,"url":"https:\/\/borjamarino.com\/wp-content\/uploads\/2026\/08\/BM5-scaled.jpg","type":"image\/jpeg"}],"twitter_card":"summary_large_image","twitter_misc":{"Est. reading time":"1 minute"},"schema":{"@context":"https:\/\/schema.org","@graph":[{"@type":"WebPage","@id":"https:\/\/borjamarino.com\/pianista\/","url":"https:\/\/borjamarino.com\/pianista\/","name":"Borja Mari\u00f1o, Pianista | \u00d3pera y Zarzuela","isPartOf":{"@id":"https:\/\/borjamarino.com\/#website"},"primaryImageOfPage":{"@id":"https:\/\/borjamarino.com\/pianista\/#primaryimage"},"image":{"@id":"https:\/\/borjamarino.com\/pianista\/#primaryimage"},"thumbnailUrl":"https:\/\/borjamarino.com\/wp-content\/uploads\/2026\/08\/BM5-scaled.jpg","datePublished":"2026-08-22T12:10:24+00:00","dateModified":"2026-09-03T07:54:07+00:00","breadcrumb":{"@id":"https:\/\/borjamarino.com\/pianista\/#breadcrumb"},"inLanguage":"en-US","potentialAction":[{"@type":"ReadAction","target":["https:\/\/borjamarino.com\/pianista\/"]}]},{"@type":"ImageObject","inLanguage":"en-US","@id":"https:\/\/borjamarino.com\/pianista\/#primaryimage","url":"https:\/\/borjamarino.com\/wp-content\/uploads\/2026\/08\/BM5-scaled.jpg","contentUrl":"https:\/\/borjamarino.com\/wp-content\/uploads\/2026\/08\/BM5-scaled.jpg","width":2560,"height":2560},{"@type":"BreadcrumbList","@id":"https:\/\/borjamarino.com\/pianista\/#breadcrumb","itemListElement":[{"@type":"ListItem","position":1,"name":"Portada","item":"https:\/\/borjamarino.com\/"},{"@type":"ListItem","position":2,"name":"Pianista"}]},{"@type":"WebSite","@id":"https:\/\/borjamarino.com\/#website","url":"https:\/\/borjamarino.com\/","name":"BORJA MARI\u00d1O","description":"Composer &amp; Pianist","potentialAction":[{"@type":"SearchAction","target":{"@type":"EntryPoint","urlTemplate":"https:\/\/borjamarino.com\/?s={search_term_string}"},"query-input":{"@type":"PropertyValueSpecification","valueRequired":true,"valueName":"search_term_string"}}],"inLanguage":"en-US"}]}},"_links":{"self":[{"href":"https:\/\/borjamarino.com\/en\/wp-json\/wp\/v2\/pages\/72","targetHints":{"allow":["GET"]}}],"collection":[{"href":"https:\/\/borjamarino.com\/en\/wp-json\/wp\/v2\/pages"}],"about":[{"href":"https:\/\/borjamarino.com\/en\/wp-json\/wp\/v2\/types\/page"}],"author":[{"embeddable":true,"href":"https:\/\/borjamarino.com\/en\/wp-json\/wp\/v2\/users\/1"}],"replies":[{"embeddable":true,"href":"https:\/\/borjamarino.com\/en\/wp-json\/wp\/v2\/comments?post=72"}],"version-history":[{"count":10,"href":"https:\/\/borjamarino.com\/en\/wp-json\/wp\/v2\/pages\/72\/revisions"}],"predecessor-version":[{"id":569,"href":"https:\/\/borjamarino.com\/en\/wp-json\/wp\/v2\/pages\/72\/revisions\/569"}],"wp:featuredmedia":[{"embeddable":true,"href":"https:\/\/borjamarino.com\/en\/wp-json\/wp\/v2\/media\/61"}],"wp:attachment":[{"href":"https:\/\/borjamarino.com\/en\/wp-json\/wp\/v2\/media?parent=72"}],"curies":[{"name":"wp","href":"https:\/\/api.w.org\/{rel}","templated":true}]}}