{"id":2,"date":"2026-08-18T09:08:40","date_gmt":"2026-08-18T09:08:40","guid":{"rendered":"http:\/\/borjamarino.com:8881\/?page_id=2"},"modified":"2026-09-03T17:53:05","modified_gmt":"2026-09-03T17:53:05","slug":"bio","status":"publish","type":"page","link":"https:\/\/borjamarino.com\/en\/bio\/","title":{"rendered":"Biography + Press"},"content":{"rendered":"\n<p class=\"has-text-align-center has-menu-color-color has-text-color has-link-color wp-elements-1 wp-block-paragraph\">Compositor y pianista nacido en Vigo, Borja Mari\u00f1o desarrolla su carrera en una doble vertiente: interpretaci\u00f3n y composici\u00f3n, estrechamente ligada al mundo de la voz. Especializado en el acompa\u00f1amiento vocal y la correpetici\u00f3n de \u00f3pera, ha trabajado en los principales coliseos espa\u00f1oles \u2014Teatro Real, Teatro de la Zarzuela, Gran Teatre del Liceu, Palau de les Arts\u2014 y en festivales como Peralada, Granada o la Quincena Musical Donostiarra, junto a cantantes como Saioa Hern\u00e1ndez, Ainhoa Arteta, Carol Vaness, Dolora Zajick, Gregory Kunde o Benjamin Bernheim.<\/p>\n\n\n\n<p class=\"has-text-align-center has-menu-color-color has-text-color has-link-color wp-elements-2 wp-block-paragraph\">Como compositor, su m\u00fasica se interpreta en salas de Estados Unidos, Reino Unido, Francia, Italia, Argentina, Brasil y Uruguay. En 2025 se grab\u00f3 <em>Vaqueros en Nueva York<\/em>, dentro del \u00e1lbum <em>Lorca de amor y muerte<\/em>, obra que en 2026 interpret\u00f3 la Orquestra Sinf\u00f4nica Brasileira. Su principal trabajo discogr\u00e1fico es <em>Mientras se borra el mundo<\/em> que re\u00fane cinco de sus principales ciclos de L\u00edrica de c\u00e1mara. Sus <em>Cuatro canciones sefard\u00edes<\/em> en versi\u00f3n orquestal han sonado en el Auditorio Nacional de Madrid y, en diciembre de 2025, en Buenos Aires bajo la batuta de Alejandro Jass\u00e1n.<\/p>\n\n\n\n<div class=\"wp-block-group is-content-justification-center is-nowrap is-layout-flex wp-container-core-group-is-layout-88c01e81 wp-block-group-is-layout-flex\">\n<div class=\"wp-block-file\"><a id=\"wp-block-file--media-bcd18547-a315-43f4-944a-24b4e13548a9\" href=\"https:\/\/borjamarino.com\/wp-content\/uploads\/2026\/08\/BORJA-MARINO-CV-2027.pdf\">Borja Mari\u00f1o CV<\/a><a href=\"https:\/\/borjamarino.com\/wp-content\/uploads\/2026\/08\/BORJA-MARINO-CV-2027.pdf\" class=\"wp-block-file__button wp-element-button\" download aria-describedby=\"wp-block-file--media-bcd18547-a315-43f4-944a-24b4e13548a9\">Descarga<\/a><\/div>\n\n\n\n<div class=\"wp-block-file\"><a id=\"wp-block-file--media-b0e28646-078a-4367-ada8-deabfea73c0f\" href=\"https:\/\/borjamarino.com\/wp-content\/uploads\/2026\/08\/BM3-copia-scaled.jpg\">Foto<\/a><a href=\"https:\/\/borjamarino.com\/wp-content\/uploads\/2026\/08\/BM3-copia-scaled.jpg\" class=\"wp-block-file__button wp-element-button\" download aria-describedby=\"wp-block-file--media-b0e28646-078a-4367-ada8-deabfea73c0f\">Descarga<\/a><\/div>\n<\/div>\n\n\n\n<blockquote class=\"wp-block-quote is-layout-flow wp-block-quote-is-layout-flow\">\n<p class=\"wp-block-paragraph\">\u00ab&#8230; un inspirado Borja Mari\u00f1o d\u00e1ndole la r\u00e9plica y reivindicando su protagonismo en este dram\u00e1tico interludio pian\u00edstico.\u00bb<\/p>\n<\/blockquote>\n\n\n\n<p class=\"wp-block-paragraph\">Recital Benjamin Bernheim, 2026, Opera Actual: <a href=\"https:\/\/www.operaactual.com\/critica\/los-matices-del-canto-bernheim-y-la-melodia-francesa\/\" data-type=\"link\" data-id=\"https:\/\/www.operaactual.com\/critica\/los-matices-del-canto-bernheim-y-la-melodia-francesa\/\" target=\"_blank\" rel=\"noopener\">versi\u00f3n completa<\/a><\/p>\n\n\n\n<blockquote class=\"wp-block-quote is-layout-flow wp-block-quote-is-layout-flow\">\n<p class=\"wp-block-paragraph\">\u200b\u200b\u00bbMari\u00f1o ha sabido captar el ambiente an\u00edmico de cada canci\u00f3n, desde la m\u00e1s recogida e intimista de Lamillar a las m\u00e1s alegres y efusivas de Garc\u00eda y Trujillo, pasando por las m\u00e1s reflexivas de Jurado. Buen melodismo de cu\u00f1o moderno, salpicado de cromatismos en una brillante escritura pian\u00edstica y una escritura vocal muy adecuada a la voz de Moncada. A destacar la sinuosa l\u00ednea de canto dise\u00f1ada para Mientras se borra el mundo\u2026\u00bb<\/p>\n<\/blockquote>\n\n\n\n<p class=\"wp-block-paragraph\">Estreno Campanas de sol y aire, 2022, Scherzo: <a href=\"https:\/\/scherzo.es\/sevilla-borja-marino-canciones-para-una-ciudad\/?fbclid=IwAR2coMbbNQ5TSguwL4JxBbZcNhgJ12gHB6bo_z-L9bI24vCNx-7yFwjW9VQ\" data-type=\"link\" data-id=\"https:\/\/scherzo.es\/sevilla-borja-marino-canciones-para-una-ciudad\/?fbclid=IwAR2coMbbNQ5TSguwL4JxBbZcNhgJ12gHB6bo_z-L9bI24vCNx-7yFwjW9VQ\" target=\"_blank\" rel=\"noopener\">versi\u00f3n completa<\/a><\/p>\n\n\n\n<blockquote class=\"wp-block-quote is-layout-flow wp-block-quote-is-layout-flow\">\n<p class=\"wp-block-paragraph\">\u00abEs justo destacar la magn\u00edfica actuaci\u00f3n como director musical y pianista de Borja Mari\u00f1o con una labor que destac\u00f3, m\u00e1s que por las sutilidades sonoras, por la capacidad narrativa, de crear esas atm\u00f3sferas y mantener en todo momento el pulso teatral, todo ello con una impecable factura musical y adecuada compenetraci\u00f3n con los cantantes. Desde el inquietante y opresivo preludio, perfectamente ambientado, las series de notas ascendentes y descendentes que simbolizan la propagaci\u00f3n de la avaricia [\u2026] y la capacidad para crear cl\u00edmax cimentaron la notable labor de Mari\u00f1o.\u00bb<\/p>\n<\/blockquote>\n\n\n\n<p class=\"wp-block-paragraph\">Funciones El caballero avaro, 2022, Codalario: <a href=\"https:\/\/www.codalario.com\/el-caballero-avaro\/criticas\/critica-el-caballero-avaro-en-la-fundacion-juan-march_11653_5_36934_0_1_in.html\" data-type=\"link\" data-id=\"https:\/\/www.codalario.com\/el-caballero-avaro\/criticas\/critica-el-caballero-avaro-en-la-fundacion-juan-march_11653_5_36934_0_1_in.html\" target=\"_blank\" rel=\"noopener\">versi\u00f3n completa<\/a><\/p>\n\n\n\n<blockquote class=\"wp-block-quote is-layout-flow wp-block-quote-is-layout-flow\">\n<p class=\"wp-block-paragraph\">\u00abBorja Mari\u00f1o&#8217;s piano was exceptionally fine throughout with much marcato and staccato playing that successfully imitated the guitar. [&#8230;] Mr.Mari\u00f1o&#8217;s piano was particularly lovely in \u00abMa\u00f1anica era\u00bb [&#8230;] His piano also stood out in La Boyra&#8230;\u00bb<\/p>\n<\/blockquote>\n\n\n\n<p class=\"wp-block-paragraph\">Voce di Meche, NYC, Las Tres Annas, 2015: <a href=\"https:\/\/www.vocedimeche.reviews\/2015\/12\/las-tres-annas.html\" data-type=\"link\" data-id=\"https:\/\/www.vocedimeche.reviews\/2015\/12\/las-tres-annas.html\" target=\"_blank\" rel=\"noopener\">versi\u00f3n completa<\/a><\/p>\n","protected":false},"excerpt":{"rendered":"<p>Compositor y pianista nacido en Vigo, Borja Mari\u00f1o desarrolla su carrera en una doble vertiente: interpretaci\u00f3n y composici\u00f3n, estrechamente ligada al mundo de la voz. Especializado en el acompa\u00f1amiento vocal y la correpetici\u00f3n de \u00f3pera, ha trabajado en los principales coliseos espa\u00f1oles \u2014Teatro Real, Teatro de la Zarzuela, Gran Teatre del Liceu, Palau de les [&hellip;]<\/p>\n","protected":false},"author":1,"featured_media":567,"parent":0,"menu_order":0,"comment_status":"closed","ping_status":"open","template":"","meta":{"footnotes":""},"class_list":["post-2","page","type-page","status-publish","has-post-thumbnail","hentry"],"yoast_head":"<!-- This site is optimized with the Yoast SEO plugin v28.4 - https:\/\/yoast.com\/product\/yoast-seo-wordpress\/ -->\n<title>Biograf\u00eda y Prensa | Borja Mari\u00f1o, Compositor<\/title>\n<meta name=\"description\" content=\"Biograf\u00eda y materiales de prensa de Borja Mari\u00f1o, compositor y pianista correpetidor de \u00f3pera. Trayectoria en Teatro Real, Teatro de la Zarzuela, Liceu y festivales internacionales. Experiencia en recitales y como coach vocal.\" \/>\n<meta name=\"robots\" content=\"index, follow, max-snippet:-1, max-image-preview:large, max-video-preview:-1\" \/>\n<link rel=\"canonical\" href=\"https:\/\/borjamarino.com\/en\/bio\/\" \/>\n<meta property=\"og:locale\" content=\"en_US\" \/>\n<meta property=\"og:type\" content=\"article\" \/>\n<meta property=\"og:title\" content=\"Biograf\u00eda y Prensa | Borja Mari\u00f1o, Compositor\" \/>\n<meta property=\"og:description\" content=\"Biograf\u00eda y materiales de prensa de Borja Mari\u00f1o, compositor y pianista correpetidor de \u00f3pera. Trayectoria en Teatro Real, Teatro de la Zarzuela, Liceu y festivales internacionales. Experiencia en recitales y como coach vocal.\" \/>\n<meta property=\"og:url\" content=\"https:\/\/borjamarino.com\/en\/bio\/\" \/>\n<meta property=\"og:site_name\" content=\"Borja Mari\u00f1o\" \/>\n<meta property=\"article:modified_time\" content=\"2026-09-03T17:53:05+00:00\" \/>\n<meta property=\"og:image\" content=\"https:\/\/borjamarino.com\/wp-content\/uploads\/2026\/08\/BM4-scaled.jpg\" \/>\n\t<meta property=\"og:image:width\" content=\"2560\" \/>\n\t<meta property=\"og:image:height\" content=\"2560\" \/>\n\t<meta property=\"og:image:type\" content=\"image\/jpeg\" \/>\n<meta name=\"twitter:card\" content=\"summary_large_image\" \/>\n<meta name=\"twitter:label1\" content=\"Est. reading time\" \/>\n\t<meta name=\"twitter:data1\" content=\"2 minutes\" \/>\n<script type=\"application\/ld+json\" class=\"yoast-schema-graph\">{\"@context\":\"https:\\\/\\\/schema.org\",\"@graph\":[{\"@type\":\"WebPage\",\"@id\":\"https:\\\/\\\/borjamarino.com\\\/bio\\\/\",\"url\":\"https:\\\/\\\/borjamarino.com\\\/bio\\\/\",\"name\":\"Biograf\u00eda y Prensa | Borja Mari\u00f1o, Compositor\",\"isPartOf\":{\"@id\":\"https:\\\/\\\/borjamarino.com\\\/#website\"},\"primaryImageOfPage\":{\"@id\":\"https:\\\/\\\/borjamarino.com\\\/bio\\\/#primaryimage\"},\"image\":{\"@id\":\"https:\\\/\\\/borjamarino.com\\\/bio\\\/#primaryimage\"},\"thumbnailUrl\":\"https:\\\/\\\/borjamarino.com\\\/wp-content\\\/uploads\\\/2026\\\/08\\\/BM4-scaled.jpg\",\"datePublished\":\"2026-08-18T09:08:40+00:00\",\"dateModified\":\"2026-09-03T17:53:05+00:00\",\"description\":\"Biograf\u00eda y materiales de prensa de Borja Mari\u00f1o, compositor y pianista correpetidor de \u00f3pera. Trayectoria en Teatro Real, Teatro de la Zarzuela, Liceu y festivales internacionales. Experiencia en recitales y como coach vocal.\",\"breadcrumb\":{\"@id\":\"https:\\\/\\\/borjamarino.com\\\/bio\\\/#breadcrumb\"},\"inLanguage\":\"en-US\",\"potentialAction\":[{\"@type\":\"ReadAction\",\"target\":[\"https:\\\/\\\/borjamarino.com\\\/bio\\\/\"]}]},{\"@type\":\"ImageObject\",\"inLanguage\":\"en-US\",\"@id\":\"https:\\\/\\\/borjamarino.com\\\/bio\\\/#primaryimage\",\"url\":\"https:\\\/\\\/borjamarino.com\\\/wp-content\\\/uploads\\\/2026\\\/08\\\/BM4-scaled.jpg\",\"contentUrl\":\"https:\\\/\\\/borjamarino.com\\\/wp-content\\\/uploads\\\/2026\\\/08\\\/BM4-scaled.jpg\",\"width\":2560,\"height\":2560,\"caption\":\"Borja Mari\u00f1o\"},{\"@type\":\"BreadcrumbList\",\"@id\":\"https:\\\/\\\/borjamarino.com\\\/bio\\\/#breadcrumb\",\"itemListElement\":[{\"@type\":\"ListItem\",\"position\":1,\"name\":\"Portada\",\"item\":\"https:\\\/\\\/borjamarino.com\\\/\"},{\"@type\":\"ListItem\",\"position\":2,\"name\":\"Biograf\u00eda + Prensa\"}]},{\"@type\":\"WebSite\",\"@id\":\"https:\\\/\\\/borjamarino.com\\\/#website\",\"url\":\"https:\\\/\\\/borjamarino.com\\\/\",\"name\":\"Borja Mari\u00f1o\",\"description\":\"Compositor y Pianista\",\"potentialAction\":[{\"@type\":\"SearchAction\",\"target\":{\"@type\":\"EntryPoint\",\"urlTemplate\":\"https:\\\/\\\/borjamarino.com\\\/?s={search_term_string}\"},\"query-input\":{\"@type\":\"PropertyValueSpecification\",\"valueRequired\":true,\"valueName\":\"search_term_string\"}}],\"inLanguage\":\"en-US\"}]}<\/script>\n<!-- \/ Yoast SEO plugin. -->","yoast_head_json":{"title":"Biograf\u00eda y Prensa | Borja Mari\u00f1o, Compositor","description":"Biograf\u00eda y materiales de prensa de Borja Mari\u00f1o, compositor y pianista correpetidor de \u00f3pera. Trayectoria en Teatro Real, Teatro de la Zarzuela, Liceu y festivales internacionales. Experiencia en recitales y como coach vocal.","robots":{"index":"index","follow":"follow","max-snippet":"max-snippet:-1","max-image-preview":"max-image-preview:large","max-video-preview":"max-video-preview:-1"},"canonical":"https:\/\/borjamarino.com\/en\/bio\/","og_locale":"en_US","og_type":"article","og_title":"Biograf\u00eda y Prensa | Borja Mari\u00f1o, Compositor","og_description":"Biograf\u00eda y materiales de prensa de Borja Mari\u00f1o, compositor y pianista correpetidor de \u00f3pera. Trayectoria en Teatro Real, Teatro de la Zarzuela, Liceu y festivales internacionales. Experiencia en recitales y como coach vocal.","og_url":"https:\/\/borjamarino.com\/en\/bio\/","og_site_name":"Borja Mari\u00f1o","article_modified_time":"2026-09-03T17:53:05+00:00","og_image":[{"width":2560,"height":2560,"url":"https:\/\/borjamarino.com\/wp-content\/uploads\/2026\/08\/BM4-scaled.jpg","type":"image\/jpeg"}],"twitter_card":"summary_large_image","twitter_misc":{"Est. reading time":"2 minutes"},"schema":{"@context":"https:\/\/schema.org","@graph":[{"@type":"WebPage","@id":"https:\/\/borjamarino.com\/bio\/","url":"https:\/\/borjamarino.com\/bio\/","name":"Biograf\u00eda y Prensa | Borja Mari\u00f1o, Compositor","isPartOf":{"@id":"https:\/\/borjamarino.com\/#website"},"primaryImageOfPage":{"@id":"https:\/\/borjamarino.com\/bio\/#primaryimage"},"image":{"@id":"https:\/\/borjamarino.com\/bio\/#primaryimage"},"thumbnailUrl":"https:\/\/borjamarino.com\/wp-content\/uploads\/2026\/08\/BM4-scaled.jpg","datePublished":"2026-08-18T09:08:40+00:00","dateModified":"2026-09-03T17:53:05+00:00","description":"Biograf\u00eda y materiales de prensa de Borja Mari\u00f1o, compositor y pianista correpetidor de \u00f3pera. Trayectoria en Teatro Real, Teatro de la Zarzuela, Liceu y festivales internacionales. Experiencia en recitales y como coach vocal.","breadcrumb":{"@id":"https:\/\/borjamarino.com\/bio\/#breadcrumb"},"inLanguage":"en-US","potentialAction":[{"@type":"ReadAction","target":["https:\/\/borjamarino.com\/bio\/"]}]},{"@type":"ImageObject","inLanguage":"en-US","@id":"https:\/\/borjamarino.com\/bio\/#primaryimage","url":"https:\/\/borjamarino.com\/wp-content\/uploads\/2026\/08\/BM4-scaled.jpg","contentUrl":"https:\/\/borjamarino.com\/wp-content\/uploads\/2026\/08\/BM4-scaled.jpg","width":2560,"height":2560,"caption":"Borja Mari\u00f1o"},{"@type":"BreadcrumbList","@id":"https:\/\/borjamarino.com\/bio\/#breadcrumb","itemListElement":[{"@type":"ListItem","position":1,"name":"Portada","item":"https:\/\/borjamarino.com\/"},{"@type":"ListItem","position":2,"name":"Biograf\u00eda + Prensa"}]},{"@type":"WebSite","@id":"https:\/\/borjamarino.com\/#website","url":"https:\/\/borjamarino.com\/","name":"BORJA MARI\u00d1O","description":"Composer &amp; Pianist","potentialAction":[{"@type":"SearchAction","target":{"@type":"EntryPoint","urlTemplate":"https:\/\/borjamarino.com\/?s={search_term_string}"},"query-input":{"@type":"PropertyValueSpecification","valueRequired":true,"valueName":"search_term_string"}}],"inLanguage":"en-US"}]}},"_links":{"self":[{"href":"https:\/\/borjamarino.com\/en\/wp-json\/wp\/v2\/pages\/2","targetHints":{"allow":["GET"]}}],"collection":[{"href":"https:\/\/borjamarino.com\/en\/wp-json\/wp\/v2\/pages"}],"about":[{"href":"https:\/\/borjamarino.com\/en\/wp-json\/wp\/v2\/types\/page"}],"author":[{"embeddable":true,"href":"https:\/\/borjamarino.com\/en\/wp-json\/wp\/v2\/users\/1"}],"replies":[{"embeddable":true,"href":"https:\/\/borjamarino.com\/en\/wp-json\/wp\/v2\/comments?post=2"}],"version-history":[{"count":16,"href":"https:\/\/borjamarino.com\/en\/wp-json\/wp\/v2\/pages\/2\/revisions"}],"predecessor-version":[{"id":659,"href":"https:\/\/borjamarino.com\/en\/wp-json\/wp\/v2\/pages\/2\/revisions\/659"}],"wp:featuredmedia":[{"embeddable":true,"href":"https:\/\/borjamarino.com\/en\/wp-json\/wp\/v2\/media\/567"}],"wp:attachment":[{"href":"https:\/\/borjamarino.com\/en\/wp-json\/wp\/v2\/media?parent=2"}],"curies":[{"name":"wp","href":"https:\/\/api.w.org\/{rel}","templated":true}]}}