{"id":131,"date":"2026-08-23T10:03:56","date_gmt":"2026-08-23T10:03:56","guid":{"rendered":"http:\/\/borjamarino.com:8881\/?page_id=131"},"modified":"2026-09-04T09:17:25","modified_gmt":"2026-09-04T09:17:25","slug":"obras","status":"publish","type":"page","link":"https:\/\/borjamarino.com\/en\/obras\/","title":{"rendered":"WORKS"},"content":{"rendered":"\n<p class=\"has-foreground-color has-text-color has-link-color wp-elements-1 wp-block-paragraph\">Consulta aqu\u00ed el cat\u00e1logo. Partituras disponibles bajo demanda. <\/p>\n\n\n\t\t<div class=\"sp-easy-accordion-block sp-eab-regular-accordion alignwide catalogo-obras\"\n\t\t\t\t>\n\t\t\t<div class=\"sp-eab-wrapper sp-eab-vertical-accordion sp-eab-9d42bd99e797\">\n\t\t\t\t\t\t\t\t<div class='sp-eab-accordion sp-eab-mode-vertical sp-eab-vertical-one sp-d-flex' data-accordion-settings=\"{&quot;mode&quot;:&quot;vertical&quot;,&quot;activeEvent&quot;:&quot;click&quot;,&quot;defaultAccordionOpen&quot;:&quot;close-all&quot;,&quot;selectedItemOpen&quot;:0,&quot;openMultiItemAtaTime&quot;:false,&quot;scrollToTopOnLoad&quot;:false,&quot;scrollToTopOnClick&quot;:false,&quot;accordionItemToUrl&quot;:false,&quot;animationEffect&quot;:false,&quot;applyAccessibility&quot;:true}\">\n        \t    \t\n\t\t\t<div\n\t\t\t\tid =\"sp-eab-item-5623a734e160\"\n\t\t\t\tclass=\"sp-eab-accordion-item eab-item-99e797\"\n\t\t\t\t\t\t\t>\n\t\t\t\t<div class=\"sp-eab-accordion-item-wrapper\">\n\t\t\t\t\t\t\t\t<h3 class='sp-eab-accordion-heading sp-d-flex sp-align-center eab-heading-99e797'\n\t\t\t\t\t\t>\n\t\t\t\t<span class='sp-eab-accordion-header-wrapper sp-d-flex sp-align-center eab-icon-position-end'>\n\t\t\t\t\t<span class='sp-eab-accordion-header-start sp-d-flex sp-justify-left sp-align-center'>\n\t\t\t\t\t\t<span class='sp-eab-title-subtitle-wrapper sp-d-flex'>\n\t\t\t\t\t\t\t<span class='sp-eab-accordion-title-wrapper sp-d-flex sp-align-center'>\n\t\t\t\t\t\t\t\t<span class='sp-eab-accordion-title-text'>\n\t\t\t\t\t\t\t\t\tCICLOS DE Canciones <br>para Voz y Piano\t\t\t\t\t\t\t\t<\/span>\n\t\t\t\t\t\t\t<\/span>\n\t\t\t\t\t\t<\/span>\n\t\t\t\t\t<\/span>\n\t\t\t\t\t<span class='sp-eab-accordion-header-end eab-icon-animated'>\n\t\t\t\t\t\t\t\t\t\t\t\t<span class='sp-eab-expand-collapse-icon sp-d-block'>\n\t\t\t\t\t\t\t<i class='sp-eab-expand-icon eab-icon-triangle-down'><\/i>\n\t\t\t\t\t\t\t<i class='sp-eab-collapse-icon eab-icon-triangle-up'><\/i>\n\t\t\t\t\t\t<\/span>\n\t\t\t\t\t\t\t\t\t\t\t<\/span>\n\t\t\t\t<\/span>\n\t\t\t<\/h3>\n\t\t\t\t\t\t\t<!-- accordion body -->\n\t\t\t\t\t<div class='sp-eab-accordion-content eab-content-99e797'>\n\t\t\t\t\t\t\t\t\t\t\t\t<div class='sp-eab-accordion-content-wrapper'>\n\t\t\t\t\t\t\t<div class='sp-eab-accordion-body'>\n\t\t\t    \t\t\t\t\n\t\t<div class=\"sp-easy-accordion-block sp-eab-regular-accordion alignwide \/* Esto obligar\u00e1 a las casillas del plugin a juntarse *\/ .vertical-accordion li,  .faq-accordion li, .easy-accordion-item, .accordion-item {     margin-top: 2px !important;     margin-bottom: 2px !important; }\"\n\t\t\t\t>\n\t\t\t<div class=\"sp-eab-wrapper sp-eab-vertical-accordion sp-eab-8149ce5887b5\">\n\t\t\t\t\t\t\t\t<div class='sp-eab-accordion sp-eab-mode-vertical sp-eab-vertical-two sp-d-flex' data-accordion-settings=\"{&quot;mode&quot;:&quot;vertical&quot;,&quot;activeEvent&quot;:&quot;click&quot;,&quot;defaultAccordionOpen&quot;:&quot;close-all&quot;,&quot;selectedItemOpen&quot;:0,&quot;openMultiItemAtaTime&quot;:false,&quot;scrollToTopOnLoad&quot;:false,&quot;scrollToTopOnClick&quot;:false,&quot;accordionItemToUrl&quot;:false,&quot;animationEffect&quot;:false,&quot;applyAccessibility&quot;:true}\">\n        \t    \t\n\t\t\t<div\n\t\t\t\tid =\"sp-eab-item-abca1b4ac47c\"\n\t\t\t\tclass=\"sp-eab-accordion-item eab-item-5887b5\"\n\t\t\t\t\t\t\t>\n\t\t\t\t<div class=\"sp-eab-accordion-item-wrapper\">\n\t\t\t\t\t\t\t\t<h3 class='sp-eab-accordion-heading sp-d-flex sp-align-center eab-heading-5887b5'\n\t\t\t\t\t\t>\n\t\t\t\t<span class='sp-eab-accordion-header-wrapper sp-d-flex sp-align-center eab-icon-position-end'>\n\t\t\t\t\t<span class='sp-eab-accordion-header-start sp-d-flex sp-justify-left sp-align-center'>\n\t\t\t\t\t\t<span class='sp-eab-title-subtitle-wrapper sp-d-flex'>\n\t\t\t\t\t\t\t<span class='sp-eab-accordion-title-wrapper sp-d-flex sp-align-center'>\n\t\t\t\t\t\t\t\t<span class='sp-eab-accordion-title-text'>\n\t\t\t\t\t\t\t\t\tCuatro canciones antiguas sobre textos sefard\u00edes\t\t\t\t\t\t\t\t<\/span>\n\t\t\t\t\t\t\t<\/span>\n\t\t\t\t\t\t<\/span>\n\t\t\t\t\t<\/span>\n\t\t\t\t\t<span class='sp-eab-accordion-header-end eab-icon-animated'>\n\t\t\t\t\t\t\t\t\t\t\t\t<span class='sp-eab-expand-collapse-icon sp-d-block'>\n\t\t\t\t\t\t\t<i class='sp-eab-expand-icon eab-icon-double-angle-down'><\/i>\n\t\t\t\t\t\t\t<i class='sp-eab-collapse-icon eab-icon-double-angle-up'><\/i>\n\t\t\t\t\t\t<\/span>\n\t\t\t\t\t\t\t\t\t\t\t<\/span>\n\t\t\t\t<\/span>\n\t\t\t<\/h3>\n\t\t\t\t\t\t\t<!-- accordion body -->\n\t\t\t\t\t<div class='sp-eab-accordion-content eab-content-5887b5'>\n\t\t\t\t\t\t\t\t\t\t\t\t<div class='sp-eab-accordion-content-wrapper'>\n\t\t\t\t\t\t\t<div class='sp-eab-accordion-body'>\n\t\t\t    \t\t\t\t\n\t\t<div class=\"sp-easy-accordion-block sp-eab-regular-accordion alignwide\"\n\t\t\t\t>\n\t\t\t<div class=\"sp-eab-wrapper sp-eab-vertical-accordion sp-eab-c749894f0936\">\n\t\t\t\t\t\t\t\t<div class='sp-eab-accordion sp-eab-mode-vertical sp-eab-vertical-two sp-d-flex' data-accordion-settings=\"{&quot;mode&quot;:&quot;vertical&quot;,&quot;activeEvent&quot;:&quot;click&quot;,&quot;defaultAccordionOpen&quot;:&quot;close-all&quot;,&quot;selectedItemOpen&quot;:0,&quot;openMultiItemAtaTime&quot;:false,&quot;scrollToTopOnLoad&quot;:false,&quot;scrollToTopOnClick&quot;:false,&quot;accordionItemToUrl&quot;:false,&quot;animationEffect&quot;:false,&quot;applyAccessibility&quot;:true}\">\n        \t    \t\n\t\t\t<div\n\t\t\t\tid =\"sp-eab-item-5c2a7e53038e\"\n\t\t\t\tclass=\"sp-eab-accordion-item eab-item-4f0936\"\n\t\t\t\t\t\t\t>\n\t\t\t\t<div class=\"sp-eab-accordion-item-wrapper\">\n\t\t\t\t\t\t\t\t<h3 class='sp-eab-accordion-heading sp-d-flex sp-align-center eab-heading-4f0936'\n\t\t\t\t\t\t>\n\t\t\t\t<span class='sp-eab-accordion-header-wrapper sp-d-flex sp-align-center eab-icon-position-end'>\n\t\t\t\t\t<span class='sp-eab-accordion-header-start sp-d-flex sp-justify-left sp-align-center'>\n\t\t\t\t\t\t<span class='sp-eab-title-subtitle-wrapper sp-d-flex'>\n\t\t\t\t\t\t\t<span class='sp-eab-accordion-title-wrapper sp-d-flex sp-align-center'>\n\t\t\t\t\t\t\t\t<span class='sp-eab-accordion-title-text'>\n\t\t\t\t\t\t\t\t\tI. Demudada de mi amado<br>II. Altas voces doloridas<br>III. La cabecita a la luna<br>IV. Juego de ni\u00f1os. <br><strong>Textos:<\/strong> populares. <br><strong>Estreno:<\/strong> Patricia Blanco (soprano), Borja Mari\u00f1o (piano); <br>Sociedad Filarm\u00f3nica de Monforte de Lemos, 2000. <br><strong>Duraci\u00f3n:<\/strong> 10&#8242; <a href=\"https:\/\/borjamarino.com\/media\/\" target=\"_blank\" rel=\"noopener\">[ESCUCHAR]<\/a>\t\t\t\t\t\t\t\t<\/span>\n\t\t\t\t\t\t\t<\/span>\n\t\t\t\t\t\t<\/span>\n\t\t\t\t\t<\/span>\n\t\t\t\t\t<span class='sp-eab-accordion-header-end eab-icon-animated'>\n\t\t\t\t\t\t\t\t\t\t\t<\/span>\n\t\t\t\t<\/span>\n\t\t\t<\/h3>\n\t\t\t\t\t\t\t<!-- accordion body -->\n\t\t\t\t\t<div class='sp-eab-accordion-content eab-content-4f0936'>\n\t\t\t\t\t\t\t\t\t\t\t\t<div class='sp-eab-accordion-content-wrapper'>\n\t\t\t\t\t\t\t<div class='sp-eab-accordion-body'>\n\t\t\t    \t\t\t\t\n\n<p class=\"wp-block-paragraph\"><\/p>\n\n\t\t\t\t\t\t\t<\/div>\n\t\t\t\t\t\t<\/div>\n\t\t\t\t\t\t\t\t\t\t\t<\/div>\n\t\t\t\t<\/div>\n\t\t\t<\/div>\n\t\t\n\n\t\t\t<div\n\t\t\t\tid =\"sp-eab-item-a321f2558df1\"\n\t\t\t\tclass=\"sp-eab-accordion-item eab-item-4f0936\"\n\t\t\t\t\t\t\t>\n\t\t\t\t<div class=\"sp-eab-accordion-item-wrapper\">\n\t\t\t\t\t\t\t\t<h3 class='sp-eab-accordion-heading sp-d-flex sp-align-center eab-heading-4f0936'\n\t\t\t\t\t\t>\n\t\t\t\t<span class='sp-eab-accordion-header-wrapper sp-d-flex sp-align-center eab-icon-position-end'>\n\t\t\t\t\t<span class='sp-eab-accordion-header-start sp-d-flex sp-justify-left sp-align-center'>\n\t\t\t\t\t\t<span class='sp-eab-title-subtitle-wrapper sp-d-flex'>\n\t\t\t\t\t\t\t<span class='sp-eab-accordion-title-wrapper sp-d-flex sp-align-center'>\n\t\t\t\t\t\t\t\t<span class='sp-eab-accordion-title-text'>\n\t\t\t\t\t\t\t\t\t\u00daltimas interpretaciones: <br>&#8211; Paula Ram\u00edrez (soprano), Manuel Navarro (piano). Real Alc\u00e1zar, Sevilla; 10 de julio, 2026 <br>&#8211; Cristina Teijeiro (soprano), Mar\u00eda Jos\u00e9 Garc\u00eda (piano). Salamanca, 4 de abril; 2025.<br>&#8211; Mar Mor\u00e1n (soprano), Aurelio Viribay (piano). Grabaci\u00f3n discogr\u00e1fica; 2024. <a href=\"https:\/\/open.spotify.com\/intl-es\/album\/3CK7HuzzZQw135mxTjsqZb\" target=\"_blank\" rel=\"noopener\">[Escuchar en Spotify]<\/a><br>&#8211; Jessica Bogado (soprano), Diego S\u00e1nchez Haase (piano). Recital Vestigios en versos, Asunci\u00f3n (Paraguay); 4 de agosto, 2024. <br>&#8211; Mar\u00eda Crespo (soprano), Carolina Hern\u00e1ndez (piano). Recital, \u00c1vila; 5 de septiembre, 2024.<br>&#8211; Mar\u00eda Crespo (soprano), Aurelio Viribay (piano). Recital de M\u00e1ster ESCM, Teatro Bauer, Madrid; 6 de mayo, 2024. <a href=\"https:\/\/www.youtube.com\/watch?v=vRLc0wdDlW8\" target=\"_blank\" rel=\"noopener\">[Ver en YouTube]<\/a><br>&#8211; Laura Lavilla (soprano), Sof\u00eda Merch\u00e1n (pianista). Palacio Fuensalida, Toledo; 16 de junio, 2022. \t\t\t\t\t\t\t\t<\/span>\n\t\t\t\t\t\t\t<\/span>\n\t\t\t\t\t\t<\/span>\n\t\t\t\t\t<\/span>\n\t\t\t\t\t<span class='sp-eab-accordion-header-end eab-icon-animated'>\n\t\t\t\t\t\t\t\t\t\t\t<\/span>\n\t\t\t\t<\/span>\n\t\t\t<\/h3>\n\t\t\t\t\t\t\t<!-- accordion body -->\n\t\t\t\t\t<div class='sp-eab-accordion-content eab-content-4f0936'>\n\t\t\t\t\t\t\t\t\t\t\t\t<div class='sp-eab-accordion-content-wrapper'>\n\t\t\t\t\t\t\t<div class='sp-eab-accordion-body'>\n\t\t\t    \t\t\t\t\n\n<p class=\"wp-block-paragraph\"><\/p>\n\n\t\t\t\t\t\t\t<\/div>\n\t\t\t\t\t\t<\/div>\n\t\t\t\t\t\t\t\t\t\t\t<\/div>\n\t\t\t\t<\/div>\n\t\t\t<\/div>\n\t\t\n\t\t\t\t<\/div>\n\t\t\t<\/div>\n\t\t<\/div>\n\t\t\n\t\t\t\t\t\t\t<\/div>\n\t\t\t\t\t\t<\/div>\n\t\t\t\t\t\t\t\t\t\t\t<\/div>\n\t\t\t\t<\/div>\n\t\t\t<\/div>\n\t\t\n\n\t\t\t<div\n\t\t\t\tid =\"sp-eab-item-eb8455deb24c\"\n\t\t\t\tclass=\"sp-eab-accordion-item eab-item-5887b5\"\n\t\t\t\t\t\t\t>\n\t\t\t\t<div class=\"sp-eab-accordion-item-wrapper\">\n\t\t\t\t\t\t\t\t<h3 class='sp-eab-accordion-heading sp-d-flex sp-align-center eab-heading-5887b5'\n\t\t\t\t\t\t>\n\t\t\t\t<span class='sp-eab-accordion-header-wrapper sp-d-flex sp-align-center eab-icon-position-end'>\n\t\t\t\t\t<span class='sp-eab-accordion-header-start sp-d-flex sp-justify-left sp-align-center'>\n\t\t\t\t\t\t<span class='sp-eab-title-subtitle-wrapper sp-d-flex'>\n\t\t\t\t\t\t\t<span class='sp-eab-accordion-title-wrapper sp-d-flex sp-align-center'>\n\t\t\t\t\t\t\t\t<span class='sp-eab-accordion-title-text'>\n\t\t\t\t\t\t\t\t\tTres canciones gallegas\t\t\t\t\t\t\t\t<\/span>\n\t\t\t\t\t\t\t<\/span>\n\t\t\t\t\t\t<\/span>\n\t\t\t\t\t<\/span>\n\t\t\t\t\t<span class='sp-eab-accordion-header-end eab-icon-animated'>\n\t\t\t\t\t\t\t\t\t\t\t\t<span class='sp-eab-expand-collapse-icon sp-d-block'>\n\t\t\t\t\t\t\t<i class='sp-eab-expand-icon eab-icon-double-angle-down'><\/i>\n\t\t\t\t\t\t\t<i class='sp-eab-collapse-icon eab-icon-double-angle-up'><\/i>\n\t\t\t\t\t\t<\/span>\n\t\t\t\t\t\t\t\t\t\t\t<\/span>\n\t\t\t\t<\/span>\n\t\t\t<\/h3>\n\t\t\t\t\t\t\t<!-- accordion body -->\n\t\t\t\t\t<div class='sp-eab-accordion-content eab-content-5887b5'>\n\t\t\t\t\t\t\t\t\t\t\t\t<div class='sp-eab-accordion-content-wrapper'>\n\t\t\t\t\t\t\t<div class='sp-eab-accordion-body'>\n\t\t\t    \t\t\t\t\n\t\t<div class=\"sp-easy-accordion-block sp-eab-regular-accordion alignwide\"\n\t\t\t\t>\n\t\t\t<div class=\"sp-eab-wrapper sp-eab-vertical-accordion sp-eab-c749894f0936\">\n\t\t\t\t\t\t\t\t<div class='sp-eab-accordion sp-eab-mode-vertical sp-eab-vertical-two sp-d-flex' data-accordion-settings=\"{&quot;mode&quot;:&quot;vertical&quot;,&quot;activeEvent&quot;:&quot;click&quot;,&quot;defaultAccordionOpen&quot;:&quot;close-all&quot;,&quot;selectedItemOpen&quot;:0,&quot;openMultiItemAtaTime&quot;:false,&quot;scrollToTopOnLoad&quot;:false,&quot;scrollToTopOnClick&quot;:false,&quot;accordionItemToUrl&quot;:false,&quot;animationEffect&quot;:false,&quot;applyAccessibility&quot;:true}\">\n        \t    \t\n\t\t\t<div\n\t\t\t\tid =\"sp-eab-item-5c2a7e53038e\"\n\t\t\t\tclass=\"sp-eab-accordion-item eab-item-4f0936\"\n\t\t\t\t\t\t\t>\n\t\t\t\t<div class=\"sp-eab-accordion-item-wrapper\">\n\t\t\t\t\t\t\t\t<h3 class='sp-eab-accordion-heading sp-d-flex sp-align-center eab-heading-4f0936'\n\t\t\t\t\t\t>\n\t\t\t\t<span class='sp-eab-accordion-header-wrapper sp-d-flex sp-align-center eab-icon-position-end'>\n\t\t\t\t\t<span class='sp-eab-accordion-header-start sp-d-flex sp-justify-left sp-align-center'>\n\t\t\t\t\t\t<span class='sp-eab-title-subtitle-wrapper sp-d-flex'>\n\t\t\t\t\t\t\t<span class='sp-eab-accordion-title-wrapper sp-d-flex sp-align-center'>\n\t\t\t\t\t\t\t\t<span class='sp-eab-accordion-title-text'>\n\t\t\t\t\t\t\t\t\tI. L\u00faa de vrau (texto: Pura V\u00e1zquez)<br>II. Saudade (texto: Manuel Cu\u00f1a Nov\u00e1s)<br>III. Cantiga de amigo (texto: Mendinho)<br><strong>Composici\u00f3n:<\/strong> 2001<strong> <\/strong><br><strong>Estreno:<\/strong> Patricia Blanco (soprano), Borja Mari\u00f1o (piano). <br><strong>Duraci\u00f3n:<\/strong> 7&#8242;<a href=\"https:\/\/borjamarino.com\/media\/\" target=\"_blank\" rel=\"noopener\">[ESCUCHA<\/a>\t\t\t\t\t\t\t\t<\/span>\n\t\t\t\t\t\t\t<\/span>\n\t\t\t\t\t\t<\/span>\n\t\t\t\t\t<\/span>\n\t\t\t\t\t<span class='sp-eab-accordion-header-end eab-icon-animated'>\n\t\t\t\t\t\t\t\t\t\t\t<\/span>\n\t\t\t\t<\/span>\n\t\t\t<\/h3>\n\t\t\t\t\t\t\t<!-- accordion body -->\n\t\t\t\t\t<div class='sp-eab-accordion-content eab-content-4f0936'>\n\t\t\t\t\t\t\t\t\t\t\t\t<div class='sp-eab-accordion-content-wrapper'>\n\t\t\t\t\t\t\t<div class='sp-eab-accordion-body'>\n\t\t\t    \t\t\t\t\n\n<p class=\"wp-block-paragraph\"><\/p>\n\n\t\t\t\t\t\t\t<\/div>\n\t\t\t\t\t\t<\/div>\n\t\t\t\t\t\t\t\t\t\t\t<\/div>\n\t\t\t\t<\/div>\n\t\t\t<\/div>\n\t\t\n\n\t\t\t<div\n\t\t\t\tid =\"sp-eab-item-a321f2558df1\"\n\t\t\t\tclass=\"sp-eab-accordion-item eab-item-4f0936\"\n\t\t\t\t\t\t\t>\n\t\t\t\t<div class=\"sp-eab-accordion-item-wrapper\">\n\t\t\t\t\t\t\t\t<h3 class='sp-eab-accordion-heading sp-d-flex sp-align-center eab-heading-4f0936'\n\t\t\t\t\t\t>\n\t\t\t\t<span class='sp-eab-accordion-header-wrapper sp-d-flex sp-align-center eab-icon-position-end'>\n\t\t\t\t\t<span class='sp-eab-accordion-header-start sp-d-flex sp-justify-left sp-align-center'>\n\t\t\t\t\t\t<span class='sp-eab-title-subtitle-wrapper sp-d-flex'>\n\t\t\t\t\t\t\t<span class='sp-eab-accordion-title-wrapper sp-d-flex sp-align-center'>\n\t\t\t\t\t\t\t\t<span class='sp-eab-accordion-title-text'>\n\t\t\t\t\t\t\t\t\t\u00daltimas interpretaciones: <br>&#8211; Gabriel Alonso (bar\u00edtono), Ricardo Blanco (piano). Medallas Consello da Cultura Galega, Santiago de Compostela; 24 de febrero, 2026. <br>&#8211; Gabriel Alonso (bar\u00edtono), Borja Mari\u00f1o (piano). Teatro de la Zarzuela, Madrid; 29 de abril, 2025. <br>&#8211; Andrea Rey (mezzosoprano), Aurelio Viribay (piano). Recital, A Coru\u00f1a; 20 de noviembre, 2024.<br>&#8211; Carlos Jim\u00e9nez (bar\u00edtono), Camila Brioli (piano). Mem\u00f3ria Galega, Instituto Cervantes S\u00e3o Paulo; 15 de agosto, 2024. <br>&#8211; David Cervera (bajo), Juan Pablo Valero Garc\u00eda (piano). Recital, A Coru\u00f1a; 20 de octubre, 2023. <br>&#8211; Carolina Moncada (soprano), Borja Mari\u00f1o (piano). Recital, Cidade da Cultura, Santiago de Compostela; 2 de abril, 2023. <a href=\"https:\/\/www.youtube.com\/watch?v=ekXWbm2NHC8\" target=\"_blank\" rel=\"noopener\">[Ver en YouTube]<\/a><br>&#8211; Gabriel Alonso (bar\u00edtono), Aurelio Viribay (piano). Presentaci\u00f3n CD, Madrid; 10 de febrero, 2022. <a href=\"https:\/\/www.youtube.com\/watch?v=OQq4jPPMvlc\" target=\"_blank\" rel=\"noopener\">[Ver en YouTube]<\/a><br>&#8211; Gabriel Alonso (bar\u00edtono), Aurelio Viribay (piano). Grabaci\u00f3n discogr\u00e1fica; 2021. <a href=\"https:\/\/open.spotify.com\/intl-es\/track\/17WWtRR7jaFArmQ88FxiJO?si=de8cc5c0eb6e4436&amp;nd=1&amp;dlsi=d09fbf0397684481\" target=\"_blank\" rel=\"noopener\">[Escuchar en Spotify]<\/a>\t\t\t\t\t\t\t\t<\/span>\n\t\t\t\t\t\t\t<\/span>\n\t\t\t\t\t\t<\/span>\n\t\t\t\t\t<\/span>\n\t\t\t\t\t<span class='sp-eab-accordion-header-end eab-icon-animated'>\n\t\t\t\t\t\t\t\t\t\t\t<\/span>\n\t\t\t\t<\/span>\n\t\t\t<\/h3>\n\t\t\t\t\t\t\t<!-- accordion body -->\n\t\t\t\t\t<div class='sp-eab-accordion-content eab-content-4f0936'>\n\t\t\t\t\t\t\t\t\t\t\t\t<div class='sp-eab-accordion-content-wrapper'>\n\t\t\t\t\t\t\t<div class='sp-eab-accordion-body'>\n\t\t\t    \t\t\t\t\n\n<p class=\"wp-block-paragraph\"><\/p>\n\n\t\t\t\t\t\t\t<\/div>\n\t\t\t\t\t\t<\/div>\n\t\t\t\t\t\t\t\t\t\t\t<\/div>\n\t\t\t\t<\/div>\n\t\t\t<\/div>\n\t\t\n\t\t\t\t<\/div>\n\t\t\t<\/div>\n\t\t<\/div>\n\t\t\n\t\t\t\t\t\t\t<\/div>\n\t\t\t\t\t\t<\/div>\n\t\t\t\t\t\t\t\t\t\t\t<\/div>\n\t\t\t\t<\/div>\n\t\t\t<\/div>\n\t\t\n\n\t\t\t<div\n\t\t\t\tid =\"sp-eab-item-eb8455deb24c\"\n\t\t\t\tclass=\"sp-eab-accordion-item eab-item-5887b5\"\n\t\t\t\t\t\t\t>\n\t\t\t\t<div class=\"sp-eab-accordion-item-wrapper\">\n\t\t\t\t\t\t\t\t<h3 class='sp-eab-accordion-heading sp-d-flex sp-align-center eab-heading-5887b5'\n\t\t\t\t\t\t>\n\t\t\t\t<span class='sp-eab-accordion-header-wrapper sp-d-flex sp-align-center eab-icon-position-end'>\n\t\t\t\t\t<span class='sp-eab-accordion-header-start sp-d-flex sp-justify-left sp-align-center'>\n\t\t\t\t\t\t<span class='sp-eab-title-subtitle-wrapper sp-d-flex'>\n\t\t\t\t\t\t\t<span class='sp-eab-accordion-title-wrapper sp-d-flex sp-align-center'>\n\t\t\t\t\t\t\t\t<span class='sp-eab-accordion-title-text'>\n\t\t\t\t\t\t\t\t\tTres p\u00e1ginas de Fuenteovejuna\t\t\t\t\t\t\t\t<\/span>\n\t\t\t\t\t\t\t<\/span>\n\t\t\t\t\t\t<\/span>\n\t\t\t\t\t<\/span>\n\t\t\t\t\t<span class='sp-eab-accordion-header-end eab-icon-animated'>\n\t\t\t\t\t\t\t\t\t\t\t\t<span class='sp-eab-expand-collapse-icon sp-d-block'>\n\t\t\t\t\t\t\t<i class='sp-eab-expand-icon eab-icon-double-angle-down'><\/i>\n\t\t\t\t\t\t\t<i class='sp-eab-collapse-icon eab-icon-double-angle-up'><\/i>\n\t\t\t\t\t\t<\/span>\n\t\t\t\t\t\t\t\t\t\t\t<\/span>\n\t\t\t\t<\/span>\n\t\t\t<\/h3>\n\t\t\t\t\t\t\t<!-- accordion body -->\n\t\t\t\t\t<div class='sp-eab-accordion-content eab-content-5887b5'>\n\t\t\t\t\t\t\t\t\t\t\t\t<div class='sp-eab-accordion-content-wrapper'>\n\t\t\t\t\t\t\t<div class='sp-eab-accordion-body'>\n\t\t\t    \t\t\t\t\n\t\t<div class=\"sp-easy-accordion-block sp-eab-regular-accordion alignwide\"\n\t\t\t\t>\n\t\t\t<div class=\"sp-eab-wrapper sp-eab-vertical-accordion sp-eab-c749894f0936\">\n\t\t\t\t\t\t\t\t<div class='sp-eab-accordion sp-eab-mode-vertical sp-eab-vertical-two sp-d-flex' data-accordion-settings=\"{&quot;mode&quot;:&quot;vertical&quot;,&quot;activeEvent&quot;:&quot;click&quot;,&quot;defaultAccordionOpen&quot;:&quot;close-all&quot;,&quot;selectedItemOpen&quot;:0,&quot;openMultiItemAtaTime&quot;:false,&quot;scrollToTopOnLoad&quot;:false,&quot;scrollToTopOnClick&quot;:false,&quot;accordionItemToUrl&quot;:false,&quot;animationEffect&quot;:false,&quot;applyAccessibility&quot;:true}\">\n        \t    \t\n\t\t\t<div\n\t\t\t\tid =\"sp-eab-item-5c2a7e53038e\"\n\t\t\t\tclass=\"sp-eab-accordion-item eab-item-4f0936\"\n\t\t\t\t\t\t\t>\n\t\t\t\t<div class=\"sp-eab-accordion-item-wrapper\">\n\t\t\t\t\t\t\t\t<h3 class='sp-eab-accordion-heading sp-d-flex sp-align-center eab-heading-4f0936'\n\t\t\t\t\t\t>\n\t\t\t\t<span class='sp-eab-accordion-header-wrapper sp-d-flex sp-align-center eab-icon-position-end'>\n\t\t\t\t\t<span class='sp-eab-accordion-header-start sp-d-flex sp-justify-left sp-align-center'>\n\t\t\t\t\t\t<span class='sp-eab-title-subtitle-wrapper sp-d-flex'>\n\t\t\t\t\t\t\t<span class='sp-eab-accordion-title-wrapper sp-d-flex sp-align-center'>\n\t\t\t\t\t\t\t\t<span class='sp-eab-accordion-title-text'>\n\t\t\t\t\t\t\t\t\tI. Soy, aunque polla, muy dura<br>II. A medio torcer los pa\u00f1os<br>III. Llev\u00f3me de vuestros ojos<br><strong>Texto<\/strong>: Lope de Vega<br><strong><strong>Composici\u00f3n: <\/strong><\/strong>2020.<strong> Estreno (redes):<\/strong> Bego\u00f1a G\u00f3mez (mezzosoprano) \/ Patricia Illera (mezzosoprano), Borja Mari\u00f1o (piano). <br><strong>Duraci\u00f3n:<\/strong> 13&#8242; <a href=\"https:\/\/borjamarino.com\/media\/\" target=\"_blank\" rel=\"noopener\">[ESCUCHAR]<\/a>\t\t\t\t\t\t\t\t<\/span>\n\t\t\t\t\t\t\t<\/span>\n\t\t\t\t\t\t<\/span>\n\t\t\t\t\t<\/span>\n\t\t\t\t\t<span class='sp-eab-accordion-header-end eab-icon-animated'>\n\t\t\t\t\t\t\t\t\t\t\t<\/span>\n\t\t\t\t<\/span>\n\t\t\t<\/h3>\n\t\t\t\t\t\t\t<!-- accordion body -->\n\t\t\t\t\t<div class='sp-eab-accordion-content eab-content-4f0936'>\n\t\t\t\t\t\t\t\t\t\t\t\t<div class='sp-eab-accordion-content-wrapper'>\n\t\t\t\t\t\t\t<div class='sp-eab-accordion-body'>\n\t\t\t    \t\t\t\t\n\n<p class=\"wp-block-paragraph\"><\/p>\n\n\t\t\t\t\t\t\t<\/div>\n\t\t\t\t\t\t<\/div>\n\t\t\t\t\t\t\t\t\t\t\t<\/div>\n\t\t\t\t<\/div>\n\t\t\t<\/div>\n\t\t\n\n\t\t\t<div\n\t\t\t\tid =\"sp-eab-item-a321f2558df1\"\n\t\t\t\tclass=\"sp-eab-accordion-item eab-item-4f0936\"\n\t\t\t\t\t\t\t>\n\t\t\t\t<div class=\"sp-eab-accordion-item-wrapper\">\n\t\t\t\t\t\t\t\t<h3 class='sp-eab-accordion-heading sp-d-flex sp-align-center eab-heading-4f0936'\n\t\t\t\t\t\t>\n\t\t\t\t<span class='sp-eab-accordion-header-wrapper sp-d-flex sp-align-center eab-icon-position-end'>\n\t\t\t\t\t<span class='sp-eab-accordion-header-start sp-d-flex sp-justify-left sp-align-center'>\n\t\t\t\t\t\t<span class='sp-eab-title-subtitle-wrapper sp-d-flex'>\n\t\t\t\t\t\t\t<span class='sp-eab-accordion-title-wrapper sp-d-flex sp-align-center'>\n\t\t\t\t\t\t\t\t<span class='sp-eab-accordion-title-text'>\n\t\t\t\t\t\t\t\t\t\u00daltimas interpretaciones: <br>&#8211; Bego\u00f1a G\u00f3mez (mezzosoprano), Borja Mari\u00f1o (piano). Presentaci\u00f3n redes. <a href=\"https:\/\/www.youtube.com\/watch?v=ZVjbCBMIJx8\" target=\"_blank\" rel=\"noopener\">[Ver en YouTube]<\/a><br>&#8211; Patricia Illera (mezzosoprano), Borja Mari\u00f1o (piano). Presentaci\u00f3n redes. <a href=\"https:\/\/www.youtube.com\/watch?v=TRVNV6q0c9I\" target=\"_blank\" rel=\"noopener\">[Ver en YouTube]<\/a><br>&#8211; Mariola Cantarero (soprano), Borja Mari\u00f1o (piano). Auditorio Caja Rural, Granada; 2020. <a href=\"https:\/\/www.youtube.com\/watch?v=_7MIXXnT1cA\" target=\"_blank\" rel=\"noopener\">[Ver en YouTube]<\/a>\t\t\t\t\t\t\t\t<\/span>\n\t\t\t\t\t\t\t<\/span>\n\t\t\t\t\t\t<\/span>\n\t\t\t\t\t<\/span>\n\t\t\t\t\t<span class='sp-eab-accordion-header-end eab-icon-animated'>\n\t\t\t\t\t\t\t\t\t\t\t<\/span>\n\t\t\t\t<\/span>\n\t\t\t<\/h3>\n\t\t\t\t\t\t\t<!-- accordion body -->\n\t\t\t\t\t<div class='sp-eab-accordion-content eab-content-4f0936'>\n\t\t\t\t\t\t\t\t\t\t\t\t<div class='sp-eab-accordion-content-wrapper'>\n\t\t\t\t\t\t\t<div class='sp-eab-accordion-body'>\n\t\t\t    \t\t\t\t\n\n<p class=\"wp-block-paragraph\"><\/p>\n\n\t\t\t\t\t\t\t<\/div>\n\t\t\t\t\t\t<\/div>\n\t\t\t\t\t\t\t\t\t\t\t<\/div>\n\t\t\t\t<\/div>\n\t\t\t<\/div>\n\t\t\n\t\t\t\t<\/div>\n\t\t\t<\/div>\n\t\t<\/div>\n\t\t\n\t\t\t\t\t\t\t<\/div>\n\t\t\t\t\t\t<\/div>\n\t\t\t\t\t\t\t\t\t\t\t<\/div>\n\t\t\t\t<\/div>\n\t\t\t<\/div>\n\t\t\n\n\t\t\t<div\n\t\t\t\tid =\"sp-eab-item-eb8455deb24c\"\n\t\t\t\tclass=\"sp-eab-accordion-item eab-item-5887b5\"\n\t\t\t\t\t\t\t>\n\t\t\t\t<div class=\"sp-eab-accordion-item-wrapper\">\n\t\t\t\t\t\t\t\t<h3 class='sp-eab-accordion-heading sp-d-flex sp-align-center eab-heading-5887b5'\n\t\t\t\t\t\t>\n\t\t\t\t<span class='sp-eab-accordion-header-wrapper sp-d-flex sp-align-center eab-icon-position-end'>\n\t\t\t\t\t<span class='sp-eab-accordion-header-start sp-d-flex sp-justify-left sp-align-center'>\n\t\t\t\t\t\t<span class='sp-eab-title-subtitle-wrapper sp-d-flex'>\n\t\t\t\t\t\t\t<span class='sp-eab-accordion-title-wrapper sp-d-flex sp-align-center'>\n\t\t\t\t\t\t\t\t<span class='sp-eab-accordion-title-text'>\n\t\t\t\t\t\t\t\t\tVersos de mujer\t\t\t\t\t\t\t\t<\/span>\n\t\t\t\t\t\t\t<\/span>\n\t\t\t\t\t\t<\/span>\n\t\t\t\t\t<\/span>\n\t\t\t\t\t<span class='sp-eab-accordion-header-end eab-icon-animated'>\n\t\t\t\t\t\t\t\t\t\t\t\t<span class='sp-eab-expand-collapse-icon sp-d-block'>\n\t\t\t\t\t\t\t<i class='sp-eab-expand-icon eab-icon-double-angle-down'><\/i>\n\t\t\t\t\t\t\t<i class='sp-eab-collapse-icon eab-icon-double-angle-up'><\/i>\n\t\t\t\t\t\t<\/span>\n\t\t\t\t\t\t\t\t\t\t\t<\/span>\n\t\t\t\t<\/span>\n\t\t\t<\/h3>\n\t\t\t\t\t\t\t<!-- accordion body -->\n\t\t\t\t\t<div class='sp-eab-accordion-content eab-content-5887b5'>\n\t\t\t\t\t\t\t\t\t\t\t\t<div class='sp-eab-accordion-content-wrapper'>\n\t\t\t\t\t\t\t<div class='sp-eab-accordion-body'>\n\t\t\t    \t\t\t\t\n\t\t<div class=\"sp-easy-accordion-block sp-eab-regular-accordion alignwide\"\n\t\t\t\t>\n\t\t\t<div class=\"sp-eab-wrapper sp-eab-vertical-accordion sp-eab-c749894f0936\">\n\t\t\t\t\t\t\t\t<div class='sp-eab-accordion sp-eab-mode-vertical sp-eab-vertical-two sp-d-flex' data-accordion-settings=\"{&quot;mode&quot;:&quot;vertical&quot;,&quot;activeEvent&quot;:&quot;click&quot;,&quot;defaultAccordionOpen&quot;:&quot;close-all&quot;,&quot;selectedItemOpen&quot;:0,&quot;openMultiItemAtaTime&quot;:false,&quot;scrollToTopOnLoad&quot;:false,&quot;scrollToTopOnClick&quot;:false,&quot;accordionItemToUrl&quot;:false,&quot;animationEffect&quot;:false,&quot;applyAccessibility&quot;:true}\">\n        \t    \t\n\t\t\t<div\n\t\t\t\tid =\"sp-eab-item-5c2a7e53038e\"\n\t\t\t\tclass=\"sp-eab-accordion-item eab-item-4f0936\"\n\t\t\t\t\t\t\t>\n\t\t\t\t<div class=\"sp-eab-accordion-item-wrapper\">\n\t\t\t\t\t\t\t\t<h3 class='sp-eab-accordion-heading sp-d-flex sp-align-center eab-heading-4f0936'\n\t\t\t\t\t\t>\n\t\t\t\t<span class='sp-eab-accordion-header-wrapper sp-d-flex sp-align-center eab-icon-position-end'>\n\t\t\t\t\t<span class='sp-eab-accordion-header-start sp-d-flex sp-justify-left sp-align-center'>\n\t\t\t\t\t\t<span class='sp-eab-title-subtitle-wrapper sp-d-flex'>\n\t\t\t\t\t\t\t<span class='sp-eab-accordion-title-wrapper sp-d-flex sp-align-center'>\n\t\t\t\t\t\t\t\t<span class='sp-eab-accordion-title-text'>\n\t\t\t\t\t\t\t\t\tI. Qui\u00e9reme toda (texto de Dulce Mar\u00eda Loynaz)<br>II. La falda el\u00e9ctrica (texto de Josefina de la Torre)<br>III. Bola de nieve (texto de Dalia Alonso)<br>IV. \u00a1Agua, agua! (texto de Alfonsina Storni)<br>V. Adi\u00f3s, amor (texto de Carmina Casala)<br>VI. Cita final (texto de Carmen Jodra)<br><strong>Composici\u00f3n: <\/strong>2020.<strong> Estreno:<\/strong> Mar\u00eda Mir\u00f3 (soprano), Borja Mari\u00f1o (piano). 2022 <br><strong>Duraci\u00f3n:<\/strong> 17&#8242; <a href=\"https:\/\/borjamarino.com\/media\/\" target=\"_blank\" rel=\"noopener\">[ESCUCHAR]<\/a>\t\t\t\t\t\t\t\t<\/span>\n\t\t\t\t\t\t\t<\/span>\n\t\t\t\t\t\t<\/span>\n\t\t\t\t\t<\/span>\n\t\t\t\t\t<span class='sp-eab-accordion-header-end eab-icon-animated'>\n\t\t\t\t\t\t\t\t\t\t\t<\/span>\n\t\t\t\t<\/span>\n\t\t\t<\/h3>\n\t\t\t\t\t\t\t<!-- accordion body -->\n\t\t\t\t\t<div class='sp-eab-accordion-content eab-content-4f0936'>\n\t\t\t\t\t\t\t\t\t\t\t\t<div class='sp-eab-accordion-content-wrapper'>\n\t\t\t\t\t\t\t<div class='sp-eab-accordion-body'>\n\t\t\t    \t\t\t\t\n\n<p class=\"wp-block-paragraph\"><\/p>\n\n\t\t\t\t\t\t\t<\/div>\n\t\t\t\t\t\t<\/div>\n\t\t\t\t\t\t\t\t\t\t\t<\/div>\n\t\t\t\t<\/div>\n\t\t\t<\/div>\n\t\t\n\n\t\t\t<div\n\t\t\t\tid =\"sp-eab-item-a321f2558df1\"\n\t\t\t\tclass=\"sp-eab-accordion-item eab-item-4f0936\"\n\t\t\t\t\t\t\t>\n\t\t\t\t<div class=\"sp-eab-accordion-item-wrapper\">\n\t\t\t\t\t\t\t\t<h3 class='sp-eab-accordion-heading sp-d-flex sp-align-center eab-heading-4f0936'\n\t\t\t\t\t\t>\n\t\t\t\t<span class='sp-eab-accordion-header-wrapper sp-d-flex sp-align-center eab-icon-position-end'>\n\t\t\t\t\t<span class='sp-eab-accordion-header-start sp-d-flex sp-justify-left sp-align-center'>\n\t\t\t\t\t\t<span class='sp-eab-title-subtitle-wrapper sp-d-flex'>\n\t\t\t\t\t\t\t<span class='sp-eab-accordion-title-wrapper sp-d-flex sp-align-center'>\n\t\t\t\t\t\t\t\t<span class='sp-eab-accordion-title-text'>\n\t\t\t\t\t\t\t\t\t\u00daltimas interpretaciones: <br>&#8211; Anna Cabrera (soprano), Aurelio Viribay (piano). Recital M\u00e1ster ESCM, Teatro Bauer, Madrid; 27 de abril, 2026. <a href=\"https:\/\/youtu.be\/7H0t2NdRMks?si=afpVGnf-GFyi5HC8\" target=\"_blank\" rel=\"noopener\">[Ver en YouTube]<\/a><br>&#8211; Juan Laborer\u00eda (bar\u00edtono), Carmen Santamar\u00eda (piano). Recital Norte\u00f1as\u00bb, Teatro Arriaga, Bilbao; 14 de abril, 2026. <a href=\"https:\/\/youtu.be\/YAVgjDGmLto?si=QuIFK1pntgD_pBu5\" target=\"_blank\" rel=\"noopener\">[Ver en YouTube]<\/a><br>&#8211; Julieth Lozano (soprano), Anna Tilbrook (piano).  Bechstein Hall, London; 26 de febrero, 2026. <a href=\"https:\/\/youtu.be\/U2K5Qhw0UHE?si=dilpDS7wpmDZ8tyn\" target=\"_blank\" rel=\"noopener\">[Ver en YouTube]<\/a><br>&#8211; Mar Mor\u00e1n (soprano), Aurelio Viribay (piano). Presentaci\u00f3n del CD, Teatro de la Zarzuela, Madrid; 13 de septiembre, 2024. <a href=\"https:\/\/youtu.be\/cQE8tnfXStM?si=5IO-TzbXZnZY6Efm\" target=\"_blank\" rel=\"noopener\">[Ver en YouTube]<\/a><br>&#8211; Mar Mor\u00e1n (soprano), Aurelio Viribay (piano). Grabaci\u00f3n discogr\u00e1fica, 2024. <a href=\"https:\/\/open.spotify.com\/intl-es\/album\/3CK7HuzzZQw135mxTjsqZb\" target=\"_blank\" rel=\"noopener\">[Escuchar en Spotify]<\/a> <br>&#8211; Daniela Guzm\u00e1n (soprano), Teresa Crane (piano). Regis University Denver, Colorado; 4 de octubre 2023.<br>&#8211; Yunuet Laguna (soprano), Kamal Khan (piano). Sala Verdi, Montevideo; 6 de agosto, 2023. <a href=\"https:\/\/youtu.be\/-P3qBgoHqb8?si=VyT2fqEK9rAUGJij\" target=\"_blank\" rel=\"noopener\">[Ver en YouTube]<\/a><br>&#8211; Carolina Moncada (soprano), Borja Mari\u00f1o (piano). Recital, Cidade da Cultura, Santiago de Compostela, 2 de abril, 2023.<br>&#8211; Natalia Salom (soprano), Borja Mari\u00f1o (piano). Teatre Principal, Palma de Mallorca; 28 de mayo 2022. <a href=\"https:\/\/youtu.be\/3N2l0yKfmG0?si=C-890aCq-n62SyOw\" target=\"_blank\" rel=\"noopener\">[Ver en YouTube]<\/a><br>&#8211; Mar\u00eda Mir\u00f3 (soprano), Borja Mari\u00f1o (piano). Recital Tres voces para un compositor, Barcelona; 24 de abril, 2022. <a href=\"https:\/\/youtu.be\/yUqHiWBsHgc?si=JUF88pac5YgMGXPc\" target=\"_blank\" rel=\"noopener\">[Ver en YouTube]<\/a><br>\t\t\t\t\t\t\t\t<\/span>\n\t\t\t\t\t\t\t<\/span>\n\t\t\t\t\t\t<\/span>\n\t\t\t\t\t<\/span>\n\t\t\t\t\t<span class='sp-eab-accordion-header-end eab-icon-animated'>\n\t\t\t\t\t\t\t\t\t\t\t<\/span>\n\t\t\t\t<\/span>\n\t\t\t<\/h3>\n\t\t\t\t\t\t\t<!-- accordion body -->\n\t\t\t\t\t<div class='sp-eab-accordion-content eab-content-4f0936'>\n\t\t\t\t\t\t\t\t\t\t\t\t<div class='sp-eab-accordion-content-wrapper'>\n\t\t\t\t\t\t\t<div class='sp-eab-accordion-body'>\n\t\t\t    \t\t\t\t\n\n<p class=\"wp-block-paragraph\"><\/p>\n\n\t\t\t\t\t\t\t<\/div>\n\t\t\t\t\t\t<\/div>\n\t\t\t\t\t\t\t\t\t\t\t<\/div>\n\t\t\t\t<\/div>\n\t\t\t<\/div>\n\t\t\n\t\t\t\t<\/div>\n\t\t\t<\/div>\n\t\t<\/div>\n\t\t\n\t\t\t\t\t\t\t<\/div>\n\t\t\t\t\t\t<\/div>\n\t\t\t\t\t\t\t\t\t\t\t<\/div>\n\t\t\t\t<\/div>\n\t\t\t<\/div>\n\t\t\n\n\t\t\t<div\n\t\t\t\tid =\"sp-eab-item-eb8455deb24c\"\n\t\t\t\tclass=\"sp-eab-accordion-item eab-item-5887b5\"\n\t\t\t\t\t\t\t>\n\t\t\t\t<div class=\"sp-eab-accordion-item-wrapper\">\n\t\t\t\t\t\t\t\t<h3 class='sp-eab-accordion-heading sp-d-flex sp-align-center eab-heading-5887b5'\n\t\t\t\t\t\t>\n\t\t\t\t<span class='sp-eab-accordion-header-wrapper sp-d-flex sp-align-center eab-icon-position-end'>\n\t\t\t\t\t<span class='sp-eab-accordion-header-start sp-d-flex sp-justify-left sp-align-center'>\n\t\t\t\t\t\t<span class='sp-eab-title-subtitle-wrapper sp-d-flex'>\n\t\t\t\t\t\t\t<span class='sp-eab-accordion-title-wrapper sp-d-flex sp-align-center'>\n\t\t\t\t\t\t\t\t<span class='sp-eab-accordion-title-text'>\n\t\t\t\t\t\t\t\t\tTres poemas de guerra y un sue\u00f1o\t\t\t\t\t\t\t\t<\/span>\n\t\t\t\t\t\t\t<\/span>\n\t\t\t\t\t\t<\/span>\n\t\t\t\t\t<\/span>\n\t\t\t\t\t<span class='sp-eab-accordion-header-end eab-icon-animated'>\n\t\t\t\t\t\t\t\t\t\t\t\t<span class='sp-eab-expand-collapse-icon sp-d-block'>\n\t\t\t\t\t\t\t<i class='sp-eab-expand-icon eab-icon-double-angle-down'><\/i>\n\t\t\t\t\t\t\t<i class='sp-eab-collapse-icon eab-icon-double-angle-up'><\/i>\n\t\t\t\t\t\t<\/span>\n\t\t\t\t\t\t\t\t\t\t\t<\/span>\n\t\t\t\t<\/span>\n\t\t\t<\/h3>\n\t\t\t\t\t\t\t<!-- accordion body -->\n\t\t\t\t\t<div class='sp-eab-accordion-content eab-content-5887b5'>\n\t\t\t\t\t\t\t\t\t\t\t\t<div class='sp-eab-accordion-content-wrapper'>\n\t\t\t\t\t\t\t<div class='sp-eab-accordion-body'>\n\t\t\t    \t\t\t\t\n\t\t<div class=\"sp-easy-accordion-block sp-eab-regular-accordion alignwide\"\n\t\t\t\t>\n\t\t\t<div class=\"sp-eab-wrapper sp-eab-vertical-accordion sp-eab-c749894f0936\">\n\t\t\t\t\t\t\t\t<div class='sp-eab-accordion sp-eab-mode-vertical sp-eab-vertical-two sp-d-flex' data-accordion-settings=\"{&quot;mode&quot;:&quot;vertical&quot;,&quot;activeEvent&quot;:&quot;click&quot;,&quot;defaultAccordionOpen&quot;:&quot;close-all&quot;,&quot;selectedItemOpen&quot;:0,&quot;openMultiItemAtaTime&quot;:false,&quot;scrollToTopOnLoad&quot;:false,&quot;scrollToTopOnClick&quot;:false,&quot;accordionItemToUrl&quot;:false,&quot;animationEffect&quot;:false,&quot;applyAccessibility&quot;:true}\">\n        \t    \t\n\t\t\t<div\n\t\t\t\tid =\"sp-eab-item-5c2a7e53038e\"\n\t\t\t\tclass=\"sp-eab-accordion-item eab-item-4f0936\"\n\t\t\t\t\t\t\t>\n\t\t\t\t<div class=\"sp-eab-accordion-item-wrapper\">\n\t\t\t\t\t\t\t\t<h3 class='sp-eab-accordion-heading sp-d-flex sp-align-center eab-heading-4f0936'\n\t\t\t\t\t\t>\n\t\t\t\t<span class='sp-eab-accordion-header-wrapper sp-d-flex sp-align-center eab-icon-position-end'>\n\t\t\t\t\t<span class='sp-eab-accordion-header-start sp-d-flex sp-justify-left sp-align-center'>\n\t\t\t\t\t\t<span class='sp-eab-title-subtitle-wrapper sp-d-flex'>\n\t\t\t\t\t\t\t<span class='sp-eab-accordion-title-wrapper sp-d-flex sp-align-center'>\n\t\t\t\t\t\t\t\t<span class='sp-eab-accordion-title-text'>\n\t\t\t\t\t\t\t\t\tI. Horizonte<br>II. La primavera<br>      Sue\u00f1o<br>III. La muerte del ni\u00f1o herido<br><strong>Composici\u00f3n: <\/strong>2020.<strong> Estreno:<\/strong> Gabriel Alonso (bar\u00edtono), Duncan Gifford (piano); 2021 <br><strong>Duraci\u00f3n:<\/strong> 12&#8242; <a href=\"https:\/\/borjamarino.com\/media\/\" target=\"_blank\" rel=\"noopener\">[ESCUCHAR]<\/a>\t\t\t\t\t\t\t\t<\/span>\n\t\t\t\t\t\t\t<\/span>\n\t\t\t\t\t\t<\/span>\n\t\t\t\t\t<\/span>\n\t\t\t\t\t<span class='sp-eab-accordion-header-end eab-icon-animated'>\n\t\t\t\t\t\t\t\t\t\t\t<\/span>\n\t\t\t\t<\/span>\n\t\t\t<\/h3>\n\t\t\t\t\t\t\t<!-- accordion body -->\n\t\t\t\t\t<div class='sp-eab-accordion-content eab-content-4f0936'>\n\t\t\t\t\t\t\t\t\t\t\t\t<div class='sp-eab-accordion-content-wrapper'>\n\t\t\t\t\t\t\t<div class='sp-eab-accordion-body'>\n\t\t\t    \t\t\t\t\n\n<p class=\"wp-block-paragraph\"><\/p>\n\n\t\t\t\t\t\t\t<\/div>\n\t\t\t\t\t\t<\/div>\n\t\t\t\t\t\t\t\t\t\t\t<\/div>\n\t\t\t\t<\/div>\n\t\t\t<\/div>\n\t\t\n\n\t\t\t<div\n\t\t\t\tid =\"sp-eab-item-a321f2558df1\"\n\t\t\t\tclass=\"sp-eab-accordion-item eab-item-4f0936\"\n\t\t\t\t\t\t\t>\n\t\t\t\t<div class=\"sp-eab-accordion-item-wrapper\">\n\t\t\t\t\t\t\t\t<h3 class='sp-eab-accordion-heading sp-d-flex sp-align-center eab-heading-4f0936'\n\t\t\t\t\t\t>\n\t\t\t\t<span class='sp-eab-accordion-header-wrapper sp-d-flex sp-align-center eab-icon-position-end'>\n\t\t\t\t\t<span class='sp-eab-accordion-header-start sp-d-flex sp-justify-left sp-align-center'>\n\t\t\t\t\t\t<span class='sp-eab-title-subtitle-wrapper sp-d-flex'>\n\t\t\t\t\t\t\t<span class='sp-eab-accordion-title-wrapper sp-d-flex sp-align-center'>\n\t\t\t\t\t\t\t\t<span class='sp-eab-accordion-title-text'>\n\t\t\t\t\t\t\t\t\t\u00daltimas interpretaciones: <br>&#8211; Olga Syniakova (mezzosoprano), Aurelio Viribay (piano). Recital M\u00e1ster ESCM, Teatro Bauer, Madrid. 26 de junio, 2026.<br>&#8211; Ihor Voievodin (bajo), Paula L. Atanet (piano). Recital M\u00e1ster ESCM, Teatro Bauer, Madrid. 27 de abril, 2026.<br>&#8211; Sara Ba\u00f1eras (soprano), Jos\u00e9 Ram\u00f3n Mart\u00edn D\u00edaz (piano). Teatro de la Zarzuela, Madrid; 18 de noviembre, 2025. <br>&#8211; Javier Povedano (bar\u00edtono), Suzana Nadejde (soprano), Miquel Ortega (piano). Cosmopo\u00e9tica, C\u00f3rdoba; 4 de octubre, 2025. <br>&#8211; Gabriel Alonso (bar\u00edtono), Aurelio Viribay (piano). Presentaci\u00f3n CD, Teatro de la Zarzuela, 13 de septiembre, 2024. <br>&#8211; Gabriel Alonso (bar\u00edtono), Aurelio Viribay (piano). Grabaci\u00f3n discogr\u00e1fica, 2024. <br>&#8211; Gabriel Alonso (bar\u00edtono), Borja Mari\u00f1o (piano). Presentaci\u00f3n redes. <a href=\"https:\/\/youtu.be\/jxBZCk4fEhk?si=bmp-JtCDuHBTYvPA\" target=\"_blank\" rel=\"noopener\">[Ver en YouTube]<\/a><br>&#8211; Gustavo Ahualli (bar\u00edtono), Agust\u00edn Muriago (piano). Ward Recital Hall, Washington D. C.; 4 de diciembre, 2021.<br>&#8211; Gabriel Alonso (bar\u00edtono), Duncan Gifford (piano). Auditorio Sony, Madrid; 14 de junio, 2021 <a href=\"https:\/\/youtu.be\/C-dUO-CyjUM?si=13nWt6Nvrn9FSW5Z\" target=\"_blank\" rel=\"noopener\">[Ver en YouTube]<\/a>\t\t\t\t\t\t\t\t<\/span>\n\t\t\t\t\t\t\t<\/span>\n\t\t\t\t\t\t<\/span>\n\t\t\t\t\t<\/span>\n\t\t\t\t\t<span class='sp-eab-accordion-header-end eab-icon-animated'>\n\t\t\t\t\t\t\t\t\t\t\t<\/span>\n\t\t\t\t<\/span>\n\t\t\t<\/h3>\n\t\t\t\t\t\t\t<!-- accordion body -->\n\t\t\t\t\t<div class='sp-eab-accordion-content eab-content-4f0936'>\n\t\t\t\t\t\t\t\t\t\t\t\t<div class='sp-eab-accordion-content-wrapper'>\n\t\t\t\t\t\t\t<div class='sp-eab-accordion-body'>\n\t\t\t    \t\t\t\t\n\n<p class=\"wp-block-paragraph\"><\/p>\n\n\t\t\t\t\t\t\t<\/div>\n\t\t\t\t\t\t<\/div>\n\t\t\t\t\t\t\t\t\t\t\t<\/div>\n\t\t\t\t<\/div>\n\t\t\t<\/div>\n\t\t\n\t\t\t\t<\/div>\n\t\t\t<\/div>\n\t\t<\/div>\n\t\t\n\t\t\t\t\t\t\t<\/div>\n\t\t\t\t\t\t<\/div>\n\t\t\t\t\t\t\t\t\t\t\t<\/div>\n\t\t\t\t<\/div>\n\t\t\t<\/div>\n\t\t\n\n\t\t\t<div\n\t\t\t\tid =\"sp-eab-item-eb8455deb24c\"\n\t\t\t\tclass=\"sp-eab-accordion-item eab-item-5887b5\"\n\t\t\t\t\t\t\t>\n\t\t\t\t<div class=\"sp-eab-accordion-item-wrapper\">\n\t\t\t\t\t\t\t\t<h3 class='sp-eab-accordion-heading sp-d-flex sp-align-center eab-heading-5887b5'\n\t\t\t\t\t\t>\n\t\t\t\t<span class='sp-eab-accordion-header-wrapper sp-d-flex sp-align-center eab-icon-position-end'>\n\t\t\t\t\t<span class='sp-eab-accordion-header-start sp-d-flex sp-justify-left sp-align-center'>\n\t\t\t\t\t\t<span class='sp-eab-title-subtitle-wrapper sp-d-flex'>\n\t\t\t\t\t\t\t<span class='sp-eab-accordion-title-wrapper sp-d-flex sp-align-center'>\n\t\t\t\t\t\t\t\t<span class='sp-eab-accordion-title-text'>\n\t\t\t\t\t\t\t\t\tEstampas del Quijote\t\t\t\t\t\t\t\t<\/span>\n\t\t\t\t\t\t\t<\/span>\n\t\t\t\t\t\t<\/span>\n\t\t\t\t\t<\/span>\n\t\t\t\t\t<span class='sp-eab-accordion-header-end eab-icon-animated'>\n\t\t\t\t\t\t\t\t\t\t\t\t<span class='sp-eab-expand-collapse-icon sp-d-block'>\n\t\t\t\t\t\t\t<i class='sp-eab-expand-icon eab-icon-double-angle-down'><\/i>\n\t\t\t\t\t\t\t<i class='sp-eab-collapse-icon eab-icon-double-angle-up'><\/i>\n\t\t\t\t\t\t<\/span>\n\t\t\t\t\t\t\t\t\t\t\t<\/span>\n\t\t\t\t<\/span>\n\t\t\t<\/h3>\n\t\t\t\t\t\t\t<!-- accordion body -->\n\t\t\t\t\t<div class='sp-eab-accordion-content eab-content-5887b5'>\n\t\t\t\t\t\t\t\t\t\t\t\t<div class='sp-eab-accordion-content-wrapper'>\n\t\t\t\t\t\t\t<div class='sp-eab-accordion-body'>\n\t\t\t    \t\t\t\t\n\t\t<div class=\"sp-easy-accordion-block sp-eab-regular-accordion alignwide\"\n\t\t\t\t>\n\t\t\t<div class=\"sp-eab-wrapper sp-eab-vertical-accordion sp-eab-c749894f0936\">\n\t\t\t\t\t\t\t\t<div class='sp-eab-accordion sp-eab-mode-vertical sp-eab-vertical-two sp-d-flex' data-accordion-settings=\"{&quot;mode&quot;:&quot;vertical&quot;,&quot;activeEvent&quot;:&quot;click&quot;,&quot;defaultAccordionOpen&quot;:&quot;close-all&quot;,&quot;selectedItemOpen&quot;:0,&quot;openMultiItemAtaTime&quot;:false,&quot;scrollToTopOnLoad&quot;:false,&quot;scrollToTopOnClick&quot;:false,&quot;accordionItemToUrl&quot;:false,&quot;animationEffect&quot;:false,&quot;applyAccessibility&quot;:true}\">\n        \t    \t\n\t\t\t<div\n\t\t\t\tid =\"sp-eab-item-5c2a7e53038e\"\n\t\t\t\tclass=\"sp-eab-accordion-item eab-item-4f0936\"\n\t\t\t\t\t\t\t>\n\t\t\t\t<div class=\"sp-eab-accordion-item-wrapper\">\n\t\t\t\t\t\t\t\t<h3 class='sp-eab-accordion-heading sp-d-flex sp-align-center eab-heading-4f0936'\n\t\t\t\t\t\t>\n\t\t\t\t<span class='sp-eab-accordion-header-wrapper sp-d-flex sp-align-center eab-icon-position-end'>\n\t\t\t\t\t<span class='sp-eab-accordion-header-start sp-d-flex sp-justify-left sp-align-center'>\n\t\t\t\t\t\t<span class='sp-eab-title-subtitle-wrapper sp-d-flex'>\n\t\t\t\t\t\t\t<span class='sp-eab-accordion-title-wrapper sp-d-flex sp-align-center'>\n\t\t\t\t\t\t\t\t<span class='sp-eab-accordion-title-text'>\n\t\t\t\t\t\t\t\t\tI. Don Quijote sale a cabalgar<br>II. Gigantes<br>III. Princesa Dulcinea<br>IV. V\u00e1monos poco a poco<br><strong>Texto<\/strong>: Miguel de Cervantes<br><strong>Composici\u00b4\u00f3n:<\/strong> 2021<strong> <\/strong><br><strong>Estreno<\/strong>: Pendiente. Dedicado a Rub\u00e9n Amoretti <br><strong>Duraci\u00f3n:<\/strong> 10&#8242; \t\t\t\t\t\t\t\t<\/span>\n\t\t\t\t\t\t\t<\/span>\n\t\t\t\t\t\t<\/span>\n\t\t\t\t\t<\/span>\n\t\t\t\t\t<span class='sp-eab-accordion-header-end eab-icon-animated'>\n\t\t\t\t\t\t\t\t\t\t\t<\/span>\n\t\t\t\t<\/span>\n\t\t\t<\/h3>\n\t\t\t\t\t\t\t<!-- accordion body -->\n\t\t\t\t\t<div class='sp-eab-accordion-content eab-content-4f0936'>\n\t\t\t\t\t\t\t\t\t\t\t\t<div class='sp-eab-accordion-content-wrapper'>\n\t\t\t\t\t\t\t<div class='sp-eab-accordion-body'>\n\t\t\t    \t\t\t\t\n\n<p class=\"wp-block-paragraph\"><\/p>\n\n\t\t\t\t\t\t\t<\/div>\n\t\t\t\t\t\t<\/div>\n\t\t\t\t\t\t\t\t\t\t\t<\/div>\n\t\t\t\t<\/div>\n\t\t\t<\/div>\n\t\t\n\t\t\t\t<\/div>\n\t\t\t<\/div>\n\t\t<\/div>\n\t\t\n\t\t\t\t\t\t\t<\/div>\n\t\t\t\t\t\t<\/div>\n\t\t\t\t\t\t\t\t\t\t\t<\/div>\n\t\t\t\t<\/div>\n\t\t\t<\/div>\n\t\t\n\n\t\t\t<div\n\t\t\t\tid =\"sp-eab-item-eb8455deb24c\"\n\t\t\t\tclass=\"sp-eab-accordion-item eab-item-5887b5\"\n\t\t\t\t\t\t\t>\n\t\t\t\t<div class=\"sp-eab-accordion-item-wrapper\">\n\t\t\t\t\t\t\t\t<h3 class='sp-eab-accordion-heading sp-d-flex sp-align-center eab-heading-5887b5'\n\t\t\t\t\t\t>\n\t\t\t\t<span class='sp-eab-accordion-header-wrapper sp-d-flex sp-align-center eab-icon-position-end'>\n\t\t\t\t\t<span class='sp-eab-accordion-header-start sp-d-flex sp-justify-left sp-align-center'>\n\t\t\t\t\t\t<span class='sp-eab-title-subtitle-wrapper sp-d-flex'>\n\t\t\t\t\t\t\t<span class='sp-eab-accordion-title-wrapper sp-d-flex sp-align-center'>\n\t\t\t\t\t\t\t\t<span class='sp-eab-accordion-title-text'>\n\t\t\t\t\t\t\t\t\tCanciones para Emma\t\t\t\t\t\t\t\t<\/span>\n\t\t\t\t\t\t\t<\/span>\n\t\t\t\t\t\t<\/span>\n\t\t\t\t\t<\/span>\n\t\t\t\t\t<span class='sp-eab-accordion-header-end eab-icon-animated'>\n\t\t\t\t\t\t\t\t\t\t\t\t<span class='sp-eab-expand-collapse-icon sp-d-block'>\n\t\t\t\t\t\t\t<i class='sp-eab-expand-icon eab-icon-double-angle-down'><\/i>\n\t\t\t\t\t\t\t<i class='sp-eab-collapse-icon eab-icon-double-angle-up'><\/i>\n\t\t\t\t\t\t<\/span>\n\t\t\t\t\t\t\t\t\t\t\t<\/span>\n\t\t\t\t<\/span>\n\t\t\t<\/h3>\n\t\t\t\t\t\t\t<!-- accordion body -->\n\t\t\t\t\t<div class='sp-eab-accordion-content eab-content-5887b5'>\n\t\t\t\t\t\t\t\t\t\t\t\t<div class='sp-eab-accordion-content-wrapper'>\n\t\t\t\t\t\t\t<div class='sp-eab-accordion-body'>\n\t\t\t    \t\t\t\t\n\t\t<div class=\"sp-easy-accordion-block sp-eab-regular-accordion alignwide\"\n\t\t\t\t>\n\t\t\t<div class=\"sp-eab-wrapper sp-eab-vertical-accordion sp-eab-c749894f0936\">\n\t\t\t\t\t\t\t\t<div class='sp-eab-accordion sp-eab-mode-vertical sp-eab-vertical-two sp-d-flex' data-accordion-settings=\"{&quot;mode&quot;:&quot;vertical&quot;,&quot;activeEvent&quot;:&quot;click&quot;,&quot;defaultAccordionOpen&quot;:&quot;close-all&quot;,&quot;selectedItemOpen&quot;:0,&quot;openMultiItemAtaTime&quot;:false,&quot;scrollToTopOnLoad&quot;:false,&quot;scrollToTopOnClick&quot;:false,&quot;accordionItemToUrl&quot;:false,&quot;animationEffect&quot;:false,&quot;applyAccessibility&quot;:true}\">\n        \t    \t\n\t\t\t<div\n\t\t\t\tid =\"sp-eab-item-5c2a7e53038e\"\n\t\t\t\tclass=\"sp-eab-accordion-item eab-item-4f0936\"\n\t\t\t\t\t\t\t>\n\t\t\t\t<div class=\"sp-eab-accordion-item-wrapper\">\n\t\t\t\t\t\t\t\t<h3 class='sp-eab-accordion-heading sp-d-flex sp-align-center eab-heading-4f0936'\n\t\t\t\t\t\t>\n\t\t\t\t<span class='sp-eab-accordion-header-wrapper sp-d-flex sp-align-center eab-icon-position-end'>\n\t\t\t\t\t<span class='sp-eab-accordion-header-start sp-d-flex sp-justify-left sp-align-center'>\n\t\t\t\t\t\t<span class='sp-eab-title-subtitle-wrapper sp-d-flex'>\n\t\t\t\t\t\t\t<span class='sp-eab-accordion-title-wrapper sp-d-flex sp-align-center'>\n\t\t\t\t\t\t\t\t<span class='sp-eab-accordion-title-text'>\n\t\t\t\t\t\t\t\t\tI. El \u00e1ngel bueno<br>II. Los \u00e1ngeles colegiales<br>III. El \u00e1ngel \u00e1ngel<br><strong>Texto<\/strong>: Rafael Alberti<br><strong>Estreno<\/strong>: Marga Cloquell (soprano), Borja Mari\u00f1o (piano); 2021 <br><strong>Duraci\u00f3n:<\/strong> 6&#8242; <a href=\"https:\/\/borjamarino.com\/media\/\" target=\"_blank\" rel=\"noopener\">[ESCUCHAR]<\/a>\t\t\t\t\t\t\t\t<\/span>\n\t\t\t\t\t\t\t<\/span>\n\t\t\t\t\t\t<\/span>\n\t\t\t\t\t<\/span>\n\t\t\t\t\t<span class='sp-eab-accordion-header-end eab-icon-animated'>\n\t\t\t\t\t\t\t\t\t\t\t<\/span>\n\t\t\t\t<\/span>\n\t\t\t<\/h3>\n\t\t\t\t\t\t\t<!-- accordion body -->\n\t\t\t\t\t<div class='sp-eab-accordion-content eab-content-4f0936'>\n\t\t\t\t\t\t\t\t\t\t\t\t<div class='sp-eab-accordion-content-wrapper'>\n\t\t\t\t\t\t\t<div class='sp-eab-accordion-body'>\n\t\t\t    \t\t\t\t\n\n<p class=\"wp-block-paragraph\"><\/p>\n\n\t\t\t\t\t\t\t<\/div>\n\t\t\t\t\t\t<\/div>\n\t\t\t\t\t\t\t\t\t\t\t<\/div>\n\t\t\t\t<\/div>\n\t\t\t<\/div>\n\t\t\n\n\t\t\t<div\n\t\t\t\tid =\"sp-eab-item-a321f2558df1\"\n\t\t\t\tclass=\"sp-eab-accordion-item eab-item-4f0936\"\n\t\t\t\t\t\t\t>\n\t\t\t\t<div class=\"sp-eab-accordion-item-wrapper\">\n\t\t\t\t\t\t\t\t<h3 class='sp-eab-accordion-heading sp-d-flex sp-align-center eab-heading-4f0936'\n\t\t\t\t\t\t>\n\t\t\t\t<span class='sp-eab-accordion-header-wrapper sp-d-flex sp-align-center eab-icon-position-end'>\n\t\t\t\t\t<span class='sp-eab-accordion-header-start sp-d-flex sp-justify-left sp-align-center'>\n\t\t\t\t\t\t<span class='sp-eab-title-subtitle-wrapper sp-d-flex'>\n\t\t\t\t\t\t\t<span class='sp-eab-accordion-title-wrapper sp-d-flex sp-align-center'>\n\t\t\t\t\t\t\t\t<span class='sp-eab-accordion-title-text'>\n\t\t\t\t\t\t\t\t\t\u00daltimas interpretaciones: <br>&#8211; Paula Ram\u00edrez (soprano), Manuel Navarro (piano). Real Alc\u00e1zar, Sevilla; 10 de julio, 2026.<br>&#8211; Carolina Moncada (soprano), Borja Mari\u00f1o (piano). Recital, Cidade da Cultura, Santiago de Compostela, 2 de abril, 2023.<br>&#8211; Juan de Dios Mateos (tenor), Naira Perdu (piano). Auditorio Maestro Padilla, Almer\u00eda; 10 de septiembre, 2022. <a href=\"https:\/\/www.youtube.com\/watch?v=zOHfo9Fzy1I\" target=\"_blank\" rel=\"noopener\">[Ver en YouTube]<\/a><br>&#8211; Marga Cloquell (soprano), Borja Mari\u00f1o (piano).  Teatre Principal, Palma de Mallorca; 28 de mayo de 2022. <br>&#8211; Marga Cloquell (soprano), Jes\u00fas L\u00f3pez Blanco (piano). Castell de Concabella, Mallorca; 13 de noviembre, 2021.<br>&#8211; Marga Cloquell (soprano), Borja Mari\u00f1o. Grabaci\u00f3n discogr\u00e1fica, 2021. <a href=\"https:\/\/open.spotify.com\/intl-es\/album\/6pCVmWKH5p7LzVB4aTgbXn\" target=\"_blank\" rel=\"noopener\">[Escuchar en Spotify]<\/a>\t\t\t\t\t\t\t\t<\/span>\n\t\t\t\t\t\t\t<\/span>\n\t\t\t\t\t\t<\/span>\n\t\t\t\t\t<\/span>\n\t\t\t\t\t<span class='sp-eab-accordion-header-end eab-icon-animated'>\n\t\t\t\t\t\t\t\t\t\t\t<\/span>\n\t\t\t\t<\/span>\n\t\t\t<\/h3>\n\t\t\t\t\t\t\t<!-- accordion body -->\n\t\t\t\t\t<div class='sp-eab-accordion-content eab-content-4f0936'>\n\t\t\t\t\t\t\t\t\t\t\t\t<div class='sp-eab-accordion-content-wrapper'>\n\t\t\t\t\t\t\t<div class='sp-eab-accordion-body'>\n\t\t\t    \t\t\t\t\n\n<p class=\"wp-block-paragraph\"><\/p>\n\n\t\t\t\t\t\t\t<\/div>\n\t\t\t\t\t\t<\/div>\n\t\t\t\t\t\t\t\t\t\t\t<\/div>\n\t\t\t\t<\/div>\n\t\t\t<\/div>\n\t\t\n\t\t\t\t<\/div>\n\t\t\t<\/div>\n\t\t<\/div>\n\t\t\n\t\t\t\t\t\t\t<\/div>\n\t\t\t\t\t\t<\/div>\n\t\t\t\t\t\t\t\t\t\t\t<\/div>\n\t\t\t\t<\/div>\n\t\t\t<\/div>\n\t\t\n\n\t\t\t<div\n\t\t\t\tid =\"sp-eab-item-eb8455deb24c\"\n\t\t\t\tclass=\"sp-eab-accordion-item eab-item-5887b5\"\n\t\t\t\t\t\t\t>\n\t\t\t\t<div class=\"sp-eab-accordion-item-wrapper\">\n\t\t\t\t\t\t\t\t<h3 class='sp-eab-accordion-heading sp-d-flex sp-align-center eab-heading-5887b5'\n\t\t\t\t\t\t>\n\t\t\t\t<span class='sp-eab-accordion-header-wrapper sp-d-flex sp-align-center eab-icon-position-end'>\n\t\t\t\t\t<span class='sp-eab-accordion-header-start sp-d-flex sp-justify-left sp-align-center'>\n\t\t\t\t\t\t<span class='sp-eab-title-subtitle-wrapper sp-d-flex'>\n\t\t\t\t\t\t\t<span class='sp-eab-accordion-title-wrapper sp-d-flex sp-align-center'>\n\t\t\t\t\t\t\t\t<span class='sp-eab-accordion-title-text'>\n\t\t\t\t\t\t\t\t\tCampanas de sol y aire\t\t\t\t\t\t\t\t<\/span>\n\t\t\t\t\t\t\t<\/span>\n\t\t\t\t\t\t<\/span>\n\t\t\t\t\t<\/span>\n\t\t\t\t\t<span class='sp-eab-accordion-header-end eab-icon-animated'>\n\t\t\t\t\t\t\t\t\t\t\t\t<span class='sp-eab-expand-collapse-icon sp-d-block'>\n\t\t\t\t\t\t\t<i class='sp-eab-expand-icon eab-icon-double-angle-down'><\/i>\n\t\t\t\t\t\t\t<i class='sp-eab-collapse-icon eab-icon-double-angle-up'><\/i>\n\t\t\t\t\t\t<\/span>\n\t\t\t\t\t\t\t\t\t\t\t<\/span>\n\t\t\t\t<\/span>\n\t\t\t<\/h3>\n\t\t\t\t\t\t\t<!-- accordion body -->\n\t\t\t\t\t<div class='sp-eab-accordion-content eab-content-5887b5'>\n\t\t\t\t\t\t\t\t\t\t\t\t<div class='sp-eab-accordion-content-wrapper'>\n\t\t\t\t\t\t\t<div class='sp-eab-accordion-body'>\n\t\t\t    \t\t\t\t\n\t\t<div class=\"sp-easy-accordion-block sp-eab-regular-accordion alignwide\"\n\t\t\t\t>\n\t\t\t<div class=\"sp-eab-wrapper sp-eab-vertical-accordion sp-eab-c749894f0936\">\n\t\t\t\t\t\t\t\t<div class='sp-eab-accordion sp-eab-mode-vertical sp-eab-vertical-two sp-d-flex' data-accordion-settings=\"{&quot;mode&quot;:&quot;vertical&quot;,&quot;activeEvent&quot;:&quot;click&quot;,&quot;defaultAccordionOpen&quot;:&quot;close-all&quot;,&quot;selectedItemOpen&quot;:0,&quot;openMultiItemAtaTime&quot;:false,&quot;scrollToTopOnLoad&quot;:false,&quot;scrollToTopOnClick&quot;:false,&quot;accordionItemToUrl&quot;:false,&quot;animationEffect&quot;:false,&quot;applyAccessibility&quot;:true}\">\n        \t    \t\n\t\t\t<div\n\t\t\t\tid =\"sp-eab-item-5c2a7e53038e\"\n\t\t\t\tclass=\"sp-eab-accordion-item eab-item-4f0936\"\n\t\t\t\t\t\t\t>\n\t\t\t\t<div class=\"sp-eab-accordion-item-wrapper\">\n\t\t\t\t\t\t\t\t<h3 class='sp-eab-accordion-heading sp-d-flex sp-align-center eab-heading-4f0936'\n\t\t\t\t\t\t>\n\t\t\t\t<span class='sp-eab-accordion-header-wrapper sp-d-flex sp-align-center eab-icon-position-end'>\n\t\t\t\t\t<span class='sp-eab-accordion-header-start sp-d-flex sp-justify-left sp-align-center'>\n\t\t\t\t\t\t<span class='sp-eab-title-subtitle-wrapper sp-d-flex'>\n\t\t\t\t\t\t\t<span class='sp-eab-accordion-title-wrapper sp-d-flex sp-align-center'>\n\t\t\t\t\t\t\t\t<span class='sp-eab-accordion-title-text'>\n\t\t\t\t\t\t\t\t\tI. Mientras se borra el mundo (Texto: Juan Lamillar)<br>II. Milagro en Valdezufre (Texto: Lutgardo Garc\u00eda D\u00edaz)<br>III. El bosque, la flor y la muerte (Texto: Jos\u00e9 Mar\u00eda Jurado)<br>IV. Alta torre (Texto: Ignacio Trujillo)<br><strong>Estreno:<\/strong> Carolina Moncada (soprano), Borja Mari\u00f1o (piano); 2022 <br><strong>Duraci\u00f3n:<\/strong> 12&#8242; <a href=\"https:\/\/borjamarino.com\/media\/\" target=\"_blank\" rel=\"noopener\">[ESCUCHAR]<\/a>\t\t\t\t\t\t\t\t<\/span>\n\t\t\t\t\t\t\t<\/span>\n\t\t\t\t\t\t<\/span>\n\t\t\t\t\t<\/span>\n\t\t\t\t\t<span class='sp-eab-accordion-header-end eab-icon-animated'>\n\t\t\t\t\t\t\t\t\t\t\t<\/span>\n\t\t\t\t<\/span>\n\t\t\t<\/h3>\n\t\t\t\t\t\t\t<!-- accordion body -->\n\t\t\t\t\t<div class='sp-eab-accordion-content eab-content-4f0936'>\n\t\t\t\t\t\t\t\t\t\t\t\t<div class='sp-eab-accordion-content-wrapper'>\n\t\t\t\t\t\t\t<div class='sp-eab-accordion-body'>\n\t\t\t    \t\t\t\t\n\n<p class=\"wp-block-paragraph\"><\/p>\n\n\t\t\t\t\t\t\t<\/div>\n\t\t\t\t\t\t<\/div>\n\t\t\t\t\t\t\t\t\t\t\t<\/div>\n\t\t\t\t<\/div>\n\t\t\t<\/div>\n\t\t\n\n\t\t\t<div\n\t\t\t\tid =\"sp-eab-item-d394b6d8907b\"\n\t\t\t\tclass=\"sp-eab-accordion-item eab-item-4f0936\"\n\t\t\t\t\t\t\t>\n\t\t\t\t<div class=\"sp-eab-accordion-item-wrapper\">\n\t\t\t\t\t\t\t\t<h3 class='sp-eab-accordion-heading sp-d-flex sp-align-center eab-heading-4f0936'\n\t\t\t\t\t\t>\n\t\t\t\t<span class='sp-eab-accordion-header-wrapper sp-d-flex sp-align-center eab-icon-position-end'>\n\t\t\t\t\t<span class='sp-eab-accordion-header-start sp-d-flex sp-justify-left sp-align-center'>\n\t\t\t\t\t\t<span class='sp-eab-title-subtitle-wrapper sp-d-flex'>\n\t\t\t\t\t\t\t<span class='sp-eab-accordion-title-wrapper sp-d-flex sp-align-center'>\n\t\t\t\t\t\t\t\t<span class='sp-eab-accordion-title-text'>\n\t\t\t\t\t\t\t\t\t\u00daltimas interpretaciones:<br>&#8211; Mar Mor\u00e1n (soprano), Aurelio Viribay (piano). Presentaci\u00f3n CD, Teatro de la Zarzuela, 13 de septiembre, 2024.<br>&#8211; Mar Mor\u00e1n (soprano), Aurelio Viribay (piano). Grabaci\u00f3n discogr\u00e1fica, 2024. <a href=\"https:\/\/open.spotify.com\/intl-es\/album\/3CK7HuzzZQw135mxTjsqZb\" target=\"_blank\" rel=\"noopener\">[Escuchar en Spotify]<\/a><br>&#8211; Mar Mor\u00e1n (soprano), Aurelio Viribay (piano). Ateneo, Sevilla; 1 de marzo, 2024.<br>&#8211; Mar Mor\u00e1n (soprano), Aurelio Viribay (piano). Recital, M\u00e9rida; 11 de noviembre, 2023.<br>&#8211; Carolina Moncada (soprano), Borja Mari\u00f1o (piano). Recital, Cidade da Cultura, Santiago de Compostela, 2 de abril, 2023.<br>&#8211; Carolina Moncada (soprano), Borja Mari\u00f1o (piano). Recital Tres voces para un compositor, Barcelona; 24 de abril, 2022.<br>&#8211; Carolina Moncada (soprano), Borja Mari\u00f1o (piano). Real C\u00edrculo de Labradores, Sevilla; 7 de abril, 2022. <a href=\"https:\/\/youtu.be\/3TJJ9x-f-Is?si=MX7f1bNo11Et7N3R\" target=\"_blank\" rel=\"noopener\">[Ver en YouTube]<\/a>\t\t\t\t\t\t\t\t<\/span>\n\t\t\t\t\t\t\t<\/span>\n\t\t\t\t\t\t<\/span>\n\t\t\t\t\t<\/span>\n\t\t\t\t\t<span class='sp-eab-accordion-header-end eab-icon-animated'>\n\t\t\t\t\t\t\t\t\t\t\t<\/span>\n\t\t\t\t<\/span>\n\t\t\t<\/h3>\n\t\t\t\t\t\t\t<!-- accordion body -->\n\t\t\t\t\t<div class='sp-eab-accordion-content eab-content-4f0936'>\n\t\t\t\t\t\t\t\t\t\t\t\t<div class='sp-eab-accordion-content-wrapper'>\n\t\t\t\t\t\t\t<div class='sp-eab-accordion-body'>\n\t\t\t    \t\t\t\t\n\n<p class=\"wp-block-paragraph\"><\/p>\n\n\t\t\t\t\t\t\t<\/div>\n\t\t\t\t\t\t<\/div>\n\t\t\t\t\t\t\t\t\t\t\t<\/div>\n\t\t\t\t<\/div>\n\t\t\t<\/div>\n\t\t\n\t\t\t\t<\/div>\n\t\t\t<\/div>\n\t\t<\/div>\n\t\t\n\t\t\t\t\t\t\t<\/div>\n\t\t\t\t\t\t<\/div>\n\t\t\t\t\t\t\t\t\t\t\t<\/div>\n\t\t\t\t<\/div>\n\t\t\t<\/div>\n\t\t\n\n\t\t\t<div\n\t\t\t\tid =\"sp-eab-item-eb8455deb24c\"\n\t\t\t\tclass=\"sp-eab-accordion-item eab-item-5887b5\"\n\t\t\t\t\t\t\t>\n\t\t\t\t<div class=\"sp-eab-accordion-item-wrapper\">\n\t\t\t\t\t\t\t\t<h3 class='sp-eab-accordion-heading sp-d-flex sp-align-center eab-heading-5887b5'\n\t\t\t\t\t\t>\n\t\t\t\t<span class='sp-eab-accordion-header-wrapper sp-d-flex sp-align-center eab-icon-position-end'>\n\t\t\t\t\t<span class='sp-eab-accordion-header-start sp-d-flex sp-justify-left sp-align-center'>\n\t\t\t\t\t\t<span class='sp-eab-title-subtitle-wrapper sp-d-flex'>\n\t\t\t\t\t\t\t<span class='sp-eab-accordion-title-wrapper sp-d-flex sp-align-center'>\n\t\t\t\t\t\t\t\t<span class='sp-eab-accordion-title-text'>\n\t\t\t\t\t\t\t\t\tTr\u00edptico de Hierro\t\t\t\t\t\t\t\t<\/span>\n\t\t\t\t\t\t\t<\/span>\n\t\t\t\t\t\t<\/span>\n\t\t\t\t\t<\/span>\n\t\t\t\t\t<span class='sp-eab-accordion-header-end eab-icon-animated'>\n\t\t\t\t\t\t\t\t\t\t\t\t<span class='sp-eab-expand-collapse-icon sp-d-block'>\n\t\t\t\t\t\t\t<i class='sp-eab-expand-icon eab-icon-double-angle-down'><\/i>\n\t\t\t\t\t\t\t<i class='sp-eab-collapse-icon eab-icon-double-angle-up'><\/i>\n\t\t\t\t\t\t<\/span>\n\t\t\t\t\t\t\t\t\t\t\t<\/span>\n\t\t\t\t<\/span>\n\t\t\t<\/h3>\n\t\t\t\t\t\t\t<!-- accordion body -->\n\t\t\t\t\t<div class='sp-eab-accordion-content eab-content-5887b5'>\n\t\t\t\t\t\t\t\t\t\t\t\t<div class='sp-eab-accordion-content-wrapper'>\n\t\t\t\t\t\t\t<div class='sp-eab-accordion-body'>\n\t\t\t    \t\t\t\t\n\t\t<div class=\"sp-easy-accordion-block sp-eab-regular-accordion alignwide\"\n\t\t\t\t>\n\t\t\t<div class=\"sp-eab-wrapper sp-eab-vertical-accordion sp-eab-c749894f0936\">\n\t\t\t\t\t\t\t\t<div class='sp-eab-accordion sp-eab-mode-vertical sp-eab-vertical-two sp-d-flex' data-accordion-settings=\"{&quot;mode&quot;:&quot;vertical&quot;,&quot;activeEvent&quot;:&quot;click&quot;,&quot;defaultAccordionOpen&quot;:&quot;close-all&quot;,&quot;selectedItemOpen&quot;:0,&quot;openMultiItemAtaTime&quot;:false,&quot;scrollToTopOnLoad&quot;:false,&quot;scrollToTopOnClick&quot;:false,&quot;accordionItemToUrl&quot;:false,&quot;animationEffect&quot;:false,&quot;applyAccessibility&quot;:true}\">\n        \t    \t\n\t\t\t<div\n\t\t\t\tid =\"sp-eab-item-5c2a7e53038e\"\n\t\t\t\tclass=\"sp-eab-accordion-item eab-item-4f0936\"\n\t\t\t\t\t\t\t>\n\t\t\t\t<div class=\"sp-eab-accordion-item-wrapper\">\n\t\t\t\t\t\t\t\t<h3 class='sp-eab-accordion-heading sp-d-flex sp-align-center eab-heading-4f0936'\n\t\t\t\t\t\t>\n\t\t\t\t<span class='sp-eab-accordion-header-wrapper sp-d-flex sp-align-center eab-icon-position-end'>\n\t\t\t\t\t<span class='sp-eab-accordion-header-start sp-d-flex sp-justify-left sp-align-center'>\n\t\t\t\t\t\t<span class='sp-eab-title-subtitle-wrapper sp-d-flex'>\n\t\t\t\t\t\t\t<span class='sp-eab-accordion-title-wrapper sp-d-flex sp-align-center'>\n\t\t\t\t\t\t\t\t<span class='sp-eab-accordion-title-text'>\n\t\t\t\t\t\t\t\t\tI. El buen momento<br>II. Las nubes<br>III. Paseo<br><strong>Texto<\/strong>: Jos\u00e9 Hierro<br><strong>Estreno<\/strong>: David Oller (bar\u00edtono), Borja Mari\u00f1o (piano); 2022 <br><strong>Duraci\u00f3n:<\/strong> 9&#8242; <a href=\"https:\/\/borjamarino.com\/media\/\" target=\"_blank\" rel=\"noopener\">[ESCUCHAR]<\/a>\t\t\t\t\t\t\t\t<\/span>\n\t\t\t\t\t\t\t<\/span>\n\t\t\t\t\t\t<\/span>\n\t\t\t\t\t<\/span>\n\t\t\t\t\t<span class='sp-eab-accordion-header-end eab-icon-animated'>\n\t\t\t\t\t\t\t\t\t\t\t<\/span>\n\t\t\t\t<\/span>\n\t\t\t<\/h3>\n\t\t\t\t\t\t\t<!-- accordion body -->\n\t\t\t\t\t<div class='sp-eab-accordion-content eab-content-4f0936'>\n\t\t\t\t\t\t\t\t\t\t\t\t<div class='sp-eab-accordion-content-wrapper'>\n\t\t\t\t\t\t\t<div class='sp-eab-accordion-body'>\n\t\t\t    \t\t\t\t\n\n<p class=\"wp-block-paragraph\"><\/p>\n\n\t\t\t\t\t\t\t<\/div>\n\t\t\t\t\t\t<\/div>\n\t\t\t\t\t\t\t\t\t\t\t<\/div>\n\t\t\t\t<\/div>\n\t\t\t<\/div>\n\t\t\n\n\t\t\t<div\n\t\t\t\tid =\"sp-eab-item-a321f2558df1\"\n\t\t\t\tclass=\"sp-eab-accordion-item eab-item-4f0936\"\n\t\t\t\t\t\t\t>\n\t\t\t\t<div class=\"sp-eab-accordion-item-wrapper\">\n\t\t\t\t\t\t\t\t<h3 class='sp-eab-accordion-heading sp-d-flex sp-align-center eab-heading-4f0936'\n\t\t\t\t\t\t>\n\t\t\t\t<span class='sp-eab-accordion-header-wrapper sp-d-flex sp-align-center eab-icon-position-end'>\n\t\t\t\t\t<span class='sp-eab-accordion-header-start sp-d-flex sp-justify-left sp-align-center'>\n\t\t\t\t\t\t<span class='sp-eab-title-subtitle-wrapper sp-d-flex'>\n\t\t\t\t\t\t\t<span class='sp-eab-accordion-title-wrapper sp-d-flex sp-align-center'>\n\t\t\t\t\t\t\t\t<span class='sp-eab-accordion-title-text'>\n\t\t\t\t\t\t\t\t\t\u00daltimas interpretaciones: <br>&#8211; Gabriel Alonso (bar\u00edtono), Aurelio Viribay (piano). Grabaci\u00f3n discogr\u00e1fica, 2024. <a href=\"https:\/\/open.spotify.com\/intl-es\/album\/3CK7HuzzZQw135mxTjsqZb\" target=\"_blank\" rel=\"noopener\">[Escuchar en Spotify]<\/a><br>&#8211; Gabriel Alonso (bar\u00edtono), Aurelio Viribay (piano). Presentaci\u00f3n CD, Teatro de la Zarzuela, Madrid; 13 de septiembre, 2024. <a href=\"https:\/\/youtu.be\/AW0mlmpIZF0?si=tdtUyvIREzXiKR16\" target=\"_blank\" rel=\"noopener\">[Ver en YouTube]<\/a><br>&#8211; David Oller (bar\u00edtono), Borja Mari\u00f1o (piano). Concierto M\u00fasicas de Hierro, Getafe; 9 de octubre, 2022.<br>\t\t\t\t\t\t\t\t<\/span>\n\t\t\t\t\t\t\t<\/span>\n\t\t\t\t\t\t<\/span>\n\t\t\t\t\t<\/span>\n\t\t\t\t\t<span class='sp-eab-accordion-header-end eab-icon-animated'>\n\t\t\t\t\t\t\t\t\t\t\t<\/span>\n\t\t\t\t<\/span>\n\t\t\t<\/h3>\n\t\t\t\t\t\t\t<!-- accordion body -->\n\t\t\t\t\t<div class='sp-eab-accordion-content eab-content-4f0936'>\n\t\t\t\t\t\t\t\t\t\t\t\t<div class='sp-eab-accordion-content-wrapper'>\n\t\t\t\t\t\t\t<div class='sp-eab-accordion-body'>\n\t\t\t    \t\t\t\t\n\n<p class=\"wp-block-paragraph\"><\/p>\n\n\t\t\t\t\t\t\t<\/div>\n\t\t\t\t\t\t<\/div>\n\t\t\t\t\t\t\t\t\t\t\t<\/div>\n\t\t\t\t<\/div>\n\t\t\t<\/div>\n\t\t\n\t\t\t\t<\/div>\n\t\t\t<\/div>\n\t\t<\/div>\n\t\t\n\t\t\t\t\t\t\t<\/div>\n\t\t\t\t\t\t<\/div>\n\t\t\t\t\t\t\t\t\t\t\t<\/div>\n\t\t\t\t<\/div>\n\t\t\t<\/div>\n\t\t\n\n\t\t\t<div\n\t\t\t\tid =\"sp-eab-item-eb8455deb24c\"\n\t\t\t\tclass=\"sp-eab-accordion-item eab-item-5887b5\"\n\t\t\t\t\t\t\t>\n\t\t\t\t<div class=\"sp-eab-accordion-item-wrapper\">\n\t\t\t\t\t\t\t\t<h3 class='sp-eab-accordion-heading sp-d-flex sp-align-center eab-heading-5887b5'\n\t\t\t\t\t\t>\n\t\t\t\t<span class='sp-eab-accordion-header-wrapper sp-d-flex sp-align-center eab-icon-position-end'>\n\t\t\t\t\t<span class='sp-eab-accordion-header-start sp-d-flex sp-justify-left sp-align-center'>\n\t\t\t\t\t\t<span class='sp-eab-title-subtitle-wrapper sp-d-flex'>\n\t\t\t\t\t\t\t<span class='sp-eab-accordion-title-wrapper sp-d-flex sp-align-center'>\n\t\t\t\t\t\t\t\t<span class='sp-eab-accordion-title-text'>\n\t\t\t\t\t\t\t\t\tTr\u00edptico plateresco\t\t\t\t\t\t\t\t<\/span>\n\t\t\t\t\t\t\t<\/span>\n\t\t\t\t\t\t<\/span>\n\t\t\t\t\t<\/span>\n\t\t\t\t\t<span class='sp-eab-accordion-header-end eab-icon-animated'>\n\t\t\t\t\t\t\t\t\t\t\t\t<span class='sp-eab-expand-collapse-icon sp-d-block'>\n\t\t\t\t\t\t\t<i class='sp-eab-expand-icon eab-icon-double-angle-down'><\/i>\n\t\t\t\t\t\t\t<i class='sp-eab-collapse-icon eab-icon-double-angle-up'><\/i>\n\t\t\t\t\t\t<\/span>\n\t\t\t\t\t\t\t\t\t\t\t<\/span>\n\t\t\t\t<\/span>\n\t\t\t<\/h3>\n\t\t\t\t\t\t\t<!-- accordion body -->\n\t\t\t\t\t<div class='sp-eab-accordion-content eab-content-5887b5'>\n\t\t\t\t\t\t\t\t\t\t\t\t<div class='sp-eab-accordion-content-wrapper'>\n\t\t\t\t\t\t\t<div class='sp-eab-accordion-body'>\n\t\t\t    \t\t\t\t\n\t\t<div class=\"sp-easy-accordion-block sp-eab-regular-accordion alignwide\"\n\t\t\t\t>\n\t\t\t<div class=\"sp-eab-wrapper sp-eab-vertical-accordion sp-eab-c749894f0936\">\n\t\t\t\t\t\t\t\t<div class='sp-eab-accordion sp-eab-mode-vertical sp-eab-vertical-two sp-d-flex' data-accordion-settings=\"{&quot;mode&quot;:&quot;vertical&quot;,&quot;activeEvent&quot;:&quot;click&quot;,&quot;defaultAccordionOpen&quot;:&quot;close-all&quot;,&quot;selectedItemOpen&quot;:0,&quot;openMultiItemAtaTime&quot;:false,&quot;scrollToTopOnLoad&quot;:false,&quot;scrollToTopOnClick&quot;:false,&quot;accordionItemToUrl&quot;:false,&quot;animationEffect&quot;:false,&quot;applyAccessibility&quot;:true}\">\n        \t    \t\n\t\t\t<div\n\t\t\t\tid =\"sp-eab-item-5c2a7e53038e\"\n\t\t\t\tclass=\"sp-eab-accordion-item eab-item-4f0936\"\n\t\t\t\t\t\t\t>\n\t\t\t\t<div class=\"sp-eab-accordion-item-wrapper\">\n\t\t\t\t\t\t\t\t<h3 class='sp-eab-accordion-heading sp-d-flex sp-align-center eab-heading-4f0936'\n\t\t\t\t\t\t>\n\t\t\t\t<span class='sp-eab-accordion-header-wrapper sp-d-flex sp-align-center eab-icon-position-end'>\n\t\t\t\t\t<span class='sp-eab-accordion-header-start sp-d-flex sp-justify-left sp-align-center'>\n\t\t\t\t\t\t<span class='sp-eab-title-subtitle-wrapper sp-d-flex'>\n\t\t\t\t\t\t\t<span class='sp-eab-accordion-title-wrapper sp-d-flex sp-align-center'>\n\t\t\t\t\t\t\t\t<span class='sp-eab-accordion-title-text'>\n\t\t\t\t\t\t\t\t\tI. El recuerdo<br>II. Yo no soy yo<br>III. A soltar y a gozar<br><strong>Texto<\/strong>: Juan Ram\u00f3n Jim\u00e9nez<br><strong>Composici\u00f3n:<\/strong> 2022<strong> Estreno:<\/strong> Alejandro S\u00e1nchez (bar\u00edtono), Aurelio Viribay (piano); 2025 <br><strong>Duraci\u00f3n:<\/strong> 8&#8242; <a href=\"https:\/\/borjamarino.com\/media\/\" target=\"_blank\" rel=\"noopener\">[ESCUCHAR]<\/a>\t\t\t\t\t\t\t\t<\/span>\n\t\t\t\t\t\t\t<\/span>\n\t\t\t\t\t\t<\/span>\n\t\t\t\t\t<\/span>\n\t\t\t\t\t<span class='sp-eab-accordion-header-end eab-icon-animated'>\n\t\t\t\t\t\t\t\t\t\t\t<\/span>\n\t\t\t\t<\/span>\n\t\t\t<\/h3>\n\t\t\t\t\t\t\t<!-- accordion body -->\n\t\t\t\t\t<div class='sp-eab-accordion-content eab-content-4f0936'>\n\t\t\t\t\t\t\t\t\t\t\t\t<div class='sp-eab-accordion-content-wrapper'>\n\t\t\t\t\t\t\t<div class='sp-eab-accordion-body'>\n\t\t\t    \t\t\t\t\n\n<p class=\"wp-block-paragraph\"><\/p>\n\n\t\t\t\t\t\t\t<\/div>\n\t\t\t\t\t\t<\/div>\n\t\t\t\t\t\t\t\t\t\t\t<\/div>\n\t\t\t\t<\/div>\n\t\t\t<\/div>\n\t\t\n\n\t\t\t<div\n\t\t\t\tid =\"sp-eab-item-a321f2558df1\"\n\t\t\t\tclass=\"sp-eab-accordion-item eab-item-4f0936\"\n\t\t\t\t\t\t\t>\n\t\t\t\t<div class=\"sp-eab-accordion-item-wrapper\">\n\t\t\t\t\t\t\t\t<h3 class='sp-eab-accordion-heading sp-d-flex sp-align-center eab-heading-4f0936'\n\t\t\t\t\t\t>\n\t\t\t\t<span class='sp-eab-accordion-header-wrapper sp-d-flex sp-align-center eab-icon-position-end'>\n\t\t\t\t\t<span class='sp-eab-accordion-header-start sp-d-flex sp-justify-left sp-align-center'>\n\t\t\t\t\t\t<span class='sp-eab-title-subtitle-wrapper sp-d-flex'>\n\t\t\t\t\t\t\t<span class='sp-eab-accordion-title-wrapper sp-d-flex sp-align-center'>\n\t\t\t\t\t\t\t\t<span class='sp-eab-accordion-title-text'>\n\t\t\t\t\t\t\t\t\t\u00daltimas interpretaciones:<br>&#8211; Emmanuel Franco (bar\u00edtono), Daniel Ru\u00edz de Cenzano (piano). Teatro de la Zarzuela, Madrid; 14 de abril, 2026. <a href=\"https:\/\/youtu.be\/ABEDfJ09CLQ?si=8qtY_KJPhWWckIo_\" target=\"_blank\" rel=\"noopener\">[Ver en YouTube]<\/a><br>&#8211; Alejandro S\u00e1nchez (bar\u00edtono), Aurelio Viribay (piano). Teatro Bauer, Madrid; 15 de enero, 2025. <a href=\"https:\/\/youtu.be\/Wfk397mcV9c?si=25AVxi05xvvKB67v\" target=\"_blank\" rel=\"noopener\">[Ver en YouTube]<\/a>\t\t\t\t\t\t\t\t<\/span>\n\t\t\t\t\t\t\t<\/span>\n\t\t\t\t\t\t<\/span>\n\t\t\t\t\t<\/span>\n\t\t\t\t\t<span class='sp-eab-accordion-header-end eab-icon-animated'>\n\t\t\t\t\t\t\t\t\t\t\t<\/span>\n\t\t\t\t<\/span>\n\t\t\t<\/h3>\n\t\t\t\t\t\t\t<!-- accordion body -->\n\t\t\t\t\t<div class='sp-eab-accordion-content eab-content-4f0936'>\n\t\t\t\t\t\t\t\t\t\t\t\t<div class='sp-eab-accordion-content-wrapper'>\n\t\t\t\t\t\t\t<div class='sp-eab-accordion-body'>\n\t\t\t    \t\t\t\t\n\n<p class=\"wp-block-paragraph\"><\/p>\n\n\t\t\t\t\t\t\t<\/div>\n\t\t\t\t\t\t<\/div>\n\t\t\t\t\t\t\t\t\t\t\t<\/div>\n\t\t\t\t<\/div>\n\t\t\t<\/div>\n\t\t\n\t\t\t\t<\/div>\n\t\t\t<\/div>\n\t\t<\/div>\n\t\t\n\t\t\t\t\t\t\t<\/div>\n\t\t\t\t\t\t<\/div>\n\t\t\t\t\t\t\t\t\t\t\t<\/div>\n\t\t\t\t<\/div>\n\t\t\t<\/div>\n\t\t\n\n\t\t\t<div\n\t\t\t\tid =\"sp-eab-item-eb8455deb24c\"\n\t\t\t\tclass=\"sp-eab-accordion-item eab-item-5887b5\"\n\t\t\t\t\t\t\t>\n\t\t\t\t<div class=\"sp-eab-accordion-item-wrapper\">\n\t\t\t\t\t\t\t\t<h3 class='sp-eab-accordion-heading sp-d-flex sp-align-center eab-heading-5887b5'\n\t\t\t\t\t\t>\n\t\t\t\t<span class='sp-eab-accordion-header-wrapper sp-d-flex sp-align-center eab-icon-position-end'>\n\t\t\t\t\t<span class='sp-eab-accordion-header-start sp-d-flex sp-justify-left sp-align-center'>\n\t\t\t\t\t\t<span class='sp-eab-title-subtitle-wrapper sp-d-flex'>\n\t\t\t\t\t\t\t<span class='sp-eab-accordion-title-wrapper sp-d-flex sp-align-center'>\n\t\t\t\t\t\t\t\t<span class='sp-eab-accordion-title-text'>\n\t\t\t\t\t\t\t\t\tVaqueros en Nueva York \t\t\t\t\t\t\t\t<\/span>\n\t\t\t\t\t\t\t<\/span>\n\t\t\t\t\t\t<\/span>\n\t\t\t\t\t<\/span>\n\t\t\t\t\t<span class='sp-eab-accordion-header-end eab-icon-animated'>\n\t\t\t\t\t\t\t\t\t\t\t\t<span class='sp-eab-expand-collapse-icon sp-d-block'>\n\t\t\t\t\t\t\t<i class='sp-eab-expand-icon eab-icon-double-angle-down'><\/i>\n\t\t\t\t\t\t\t<i class='sp-eab-collapse-icon eab-icon-double-angle-up'><\/i>\n\t\t\t\t\t\t<\/span>\n\t\t\t\t\t\t\t\t\t\t\t<\/span>\n\t\t\t\t<\/span>\n\t\t\t<\/h3>\n\t\t\t\t\t\t\t<!-- accordion body -->\n\t\t\t\t\t<div class='sp-eab-accordion-content eab-content-5887b5'>\n\t\t\t\t\t\t\t\t\t\t\t\t<div class='sp-eab-accordion-content-wrapper'>\n\t\t\t\t\t\t\t<div class='sp-eab-accordion-body'>\n\t\t\t    \t\t\t\t\n\t\t<div class=\"sp-easy-accordion-block sp-eab-regular-accordion alignwide\"\n\t\t\t\t>\n\t\t\t<div class=\"sp-eab-wrapper sp-eab-vertical-accordion sp-eab-c749894f0936\">\n\t\t\t\t\t\t\t\t<div class='sp-eab-accordion sp-eab-mode-vertical sp-eab-vertical-two sp-d-flex' data-accordion-settings=\"{&quot;mode&quot;:&quot;vertical&quot;,&quot;activeEvent&quot;:&quot;click&quot;,&quot;defaultAccordionOpen&quot;:&quot;close-all&quot;,&quot;selectedItemOpen&quot;:0,&quot;openMultiItemAtaTime&quot;:false,&quot;scrollToTopOnLoad&quot;:false,&quot;scrollToTopOnClick&quot;:false,&quot;accordionItemToUrl&quot;:false,&quot;animationEffect&quot;:false,&quot;applyAccessibility&quot;:true}\">\n        \t    \t\n\t\t\t<div\n\t\t\t\tid =\"sp-eab-item-5c2a7e53038e\"\n\t\t\t\tclass=\"sp-eab-accordion-item eab-item-4f0936\"\n\t\t\t\t\t\t\t>\n\t\t\t\t<div class=\"sp-eab-accordion-item-wrapper\">\n\t\t\t\t\t\t\t\t<h3 class='sp-eab-accordion-heading sp-d-flex sp-align-center eab-heading-4f0936'\n\t\t\t\t\t\t>\n\t\t\t\t<span class='sp-eab-accordion-header-wrapper sp-d-flex sp-align-center eab-icon-position-end'>\n\t\t\t\t\t<span class='sp-eab-accordion-header-start sp-d-flex sp-justify-left sp-align-center'>\n\t\t\t\t\t\t<span class='sp-eab-title-subtitle-wrapper sp-d-flex'>\n\t\t\t\t\t\t\t<span class='sp-eab-accordion-title-wrapper sp-d-flex sp-align-center'>\n\t\t\t\t\t\t\t\t<span class='sp-eab-accordion-title-text'>\n\t\t\t\t\t\t\t\t\t<br>I. Vals en las ramas<br>II. La balada del agua del mar<br>III. Muerte<br>IV. Veleta<br><strong>Texto<\/strong>: Federico Garc\u00eda Lorca<br><strong>Estreno<\/strong> Raquel Lojendio (soprano), Aurelio Viribay (piano); 2024 <br><strong>Duraci\u00f3n:<\/strong> 18&#8242; <a href=\"https:\/\/borjamarino.com\/media\/\" target=\"_blank\" rel=\"noopener\">[ESCUCHAR]<\/a>\t\t\t\t\t\t\t\t<\/span>\n\t\t\t\t\t\t\t<\/span>\n\t\t\t\t\t\t<\/span>\n\t\t\t\t\t<\/span>\n\t\t\t\t\t<span class='sp-eab-accordion-header-end eab-icon-animated'>\n\t\t\t\t\t\t\t\t\t\t\t<\/span>\n\t\t\t\t<\/span>\n\t\t\t<\/h3>\n\t\t\t\t\t\t\t<!-- accordion body -->\n\t\t\t\t\t<div class='sp-eab-accordion-content eab-content-4f0936'>\n\t\t\t\t\t\t\t\t\t\t\t\t<div class='sp-eab-accordion-content-wrapper'>\n\t\t\t\t\t\t\t<div class='sp-eab-accordion-body'>\n\t\t\t    \t\t\t\t\n\n<p class=\"wp-block-paragraph\"><\/p>\n\n\t\t\t\t\t\t\t<\/div>\n\t\t\t\t\t\t<\/div>\n\t\t\t\t\t\t\t\t\t\t\t<\/div>\n\t\t\t\t<\/div>\n\t\t\t<\/div>\n\t\t\n\n\t\t\t<div\n\t\t\t\tid =\"sp-eab-item-a321f2558df1\"\n\t\t\t\tclass=\"sp-eab-accordion-item eab-item-4f0936\"\n\t\t\t\t\t\t\t>\n\t\t\t\t<div class=\"sp-eab-accordion-item-wrapper\">\n\t\t\t\t\t\t\t\t<h3 class='sp-eab-accordion-heading sp-d-flex sp-align-center eab-heading-4f0936'\n\t\t\t\t\t\t>\n\t\t\t\t<span class='sp-eab-accordion-header-wrapper sp-d-flex sp-align-center eab-icon-position-end'>\n\t\t\t\t\t<span class='sp-eab-accordion-header-start sp-d-flex sp-justify-left sp-align-center'>\n\t\t\t\t\t\t<span class='sp-eab-title-subtitle-wrapper sp-d-flex'>\n\t\t\t\t\t\t\t<span class='sp-eab-accordion-title-wrapper sp-d-flex sp-align-center'>\n\t\t\t\t\t\t\t\t<span class='sp-eab-accordion-title-text'>\n\t\t\t\t\t\t\t\t\t\u00daltimas interpretaciones:<br>&#8211; Naroa Intxausti (soprano), Aurelio Viribay (piano). Grabaci\u00f3n discogr\u00e1fica; 2025. <a href=\"https:\/\/open.spotify.com\/intl-es\/album\/1Jab68TPdGVy5lnBh3cOHE?si=cwmfDYePT-ayxQzv2pxv0g\" target=\"_blank\" rel=\"noopener\">[Escuchar en Spotify]<\/a><br>&#8211; Raquel Lojendio (soprano), Aurelio Viribay (piano). Centro Garc\u00eda Lorca, Festival de Granada; 4 de julio, 2024. <a href=\"https:\/\/youtu.be\/zyposT8sOKU?si=hO0F4A0qh17JqkVi\" target=\"_blank\" rel=\"noopener\">[Ver en YouTube]<\/a><br>&#8211; Raquel Lojendio (soprano), Aurelio Viribay (piano). Fundaci\u00f3n Juan March, Madrid; 22 de mayo, 2024. <a href=\"https:\/\/youtu.be\/1mUpXKVUz-0?si=NidkyDn8cTP5Zgju\" target=\"_blank\" rel=\"noopener\">[Ver en YouTube]<\/a><br>\t\t\t\t\t\t\t\t<\/span>\n\t\t\t\t\t\t\t<\/span>\n\t\t\t\t\t\t<\/span>\n\t\t\t\t\t<\/span>\n\t\t\t\t\t<span class='sp-eab-accordion-header-end eab-icon-animated'>\n\t\t\t\t\t\t\t\t\t\t\t<\/span>\n\t\t\t\t<\/span>\n\t\t\t<\/h3>\n\t\t\t\t\t\t\t<!-- accordion body -->\n\t\t\t\t\t<div class='sp-eab-accordion-content eab-content-4f0936'>\n\t\t\t\t\t\t\t\t\t\t\t\t<div class='sp-eab-accordion-content-wrapper'>\n\t\t\t\t\t\t\t<div class='sp-eab-accordion-body'>\n\t\t\t    \t\t\t\t\n\n<p class=\"wp-block-paragraph\"><\/p>\n\n\t\t\t\t\t\t\t<\/div>\n\t\t\t\t\t\t<\/div>\n\t\t\t\t\t\t\t\t\t\t\t<\/div>\n\t\t\t\t<\/div>\n\t\t\t<\/div>\n\t\t\n\t\t\t\t<\/div>\n\t\t\t<\/div>\n\t\t<\/div>\n\t\t\n\t\t\t\t\t\t\t<\/div>\n\t\t\t\t\t\t<\/div>\n\t\t\t\t\t\t\t\t\t\t\t<\/div>\n\t\t\t\t<\/div>\n\t\t\t<\/div>\n\t\t\n\t\t\t\t<\/div>\n\t\t\t<\/div>\n\t\t<\/div>\n\t\t\n\t\t\t\t\t\t\t<\/div>\n\t\t\t\t\t\t<\/div>\n\t\t\t\t\t\t\t\t\t\t\t<\/div>\n\t\t\t\t<\/div>\n\t\t\t<\/div>\n\t\t\n\n\t\t\t<div\n\t\t\t\tid =\"sp-eab-item-5623a734e160\"\n\t\t\t\tclass=\"sp-eab-accordion-item eab-item-99e797\"\n\t\t\t\t\t\t\t>\n\t\t\t\t<div class=\"sp-eab-accordion-item-wrapper\">\n\t\t\t\t\t\t\t\t<h3 class='sp-eab-accordion-heading sp-d-flex sp-align-center eab-heading-99e797'\n\t\t\t\t\t\t>\n\t\t\t\t<span class='sp-eab-accordion-header-wrapper sp-d-flex sp-align-center eab-icon-position-end'>\n\t\t\t\t\t<span class='sp-eab-accordion-header-start sp-d-flex sp-justify-left sp-align-center'>\n\t\t\t\t\t\t<span class='sp-eab-title-subtitle-wrapper sp-d-flex'>\n\t\t\t\t\t\t\t<span class='sp-eab-accordion-title-wrapper sp-d-flex sp-align-center'>\n\t\t\t\t\t\t\t\t<span class='sp-eab-accordion-title-text'>\n\t\t\t\t\t\t\t\t\tCanciones SUELTAS <br>para Voz y Piano\t\t\t\t\t\t\t\t<\/span>\n\t\t\t\t\t\t\t<\/span>\n\t\t\t\t\t\t<\/span>\n\t\t\t\t\t<\/span>\n\t\t\t\t\t<span class='sp-eab-accordion-header-end eab-icon-animated'>\n\t\t\t\t\t\t\t\t\t\t\t\t<span class='sp-eab-expand-collapse-icon sp-d-block'>\n\t\t\t\t\t\t\t<i class='sp-eab-expand-icon eab-icon-triangle-down'><\/i>\n\t\t\t\t\t\t\t<i class='sp-eab-collapse-icon eab-icon-triangle-up'><\/i>\n\t\t\t\t\t\t<\/span>\n\t\t\t\t\t\t\t\t\t\t\t<\/span>\n\t\t\t\t<\/span>\n\t\t\t<\/h3>\n\t\t\t\t\t\t\t<!-- accordion body -->\n\t\t\t\t\t<div class='sp-eab-accordion-content eab-content-99e797'>\n\t\t\t\t\t\t\t\t\t\t\t\t<div class='sp-eab-accordion-content-wrapper'>\n\t\t\t\t\t\t\t<div class='sp-eab-accordion-body'>\n\t\t\t    \t\t\t\t\n\t\t<div class=\"sp-easy-accordion-block sp-eab-regular-accordion alignwide \/* Esto obligar\u00e1 a las casillas del plugin a juntarse *\/ .vertical-accordion li,  .faq-accordion li, .easy-accordion-item, .accordion-item {     margin-top: 2px !important;     margin-bottom: 2px !important; }\"\n\t\t\t\t>\n\t\t\t<div class=\"sp-eab-wrapper sp-eab-vertical-accordion sp-eab-8149ce5887b5\">\n\t\t\t\t\t\t\t\t<div class='sp-eab-accordion sp-eab-mode-vertical sp-eab-vertical-two sp-d-flex' data-accordion-settings=\"{&quot;mode&quot;:&quot;vertical&quot;,&quot;activeEvent&quot;:&quot;click&quot;,&quot;defaultAccordionOpen&quot;:&quot;close-all&quot;,&quot;selectedItemOpen&quot;:0,&quot;openMultiItemAtaTime&quot;:false,&quot;scrollToTopOnLoad&quot;:false,&quot;scrollToTopOnClick&quot;:false,&quot;accordionItemToUrl&quot;:false,&quot;animationEffect&quot;:false,&quot;applyAccessibility&quot;:true}\">\n        \t    \t\n\t\t\t<div\n\t\t\t\tid =\"sp-eab-item-5e0a5add1c95\"\n\t\t\t\tclass=\"sp-eab-accordion-item eab-item-5887b5\"\n\t\t\t\t\t\t\t>\n\t\t\t\t<div class=\"sp-eab-accordion-item-wrapper\">\n\t\t\t\t\t\t\t\t<h3 class='sp-eab-accordion-heading sp-d-flex sp-align-center eab-heading-5887b5'\n\t\t\t\t\t\t>\n\t\t\t\t<span class='sp-eab-accordion-header-wrapper sp-d-flex sp-align-center eab-icon-position-end'>\n\t\t\t\t\t<span class='sp-eab-accordion-header-start sp-d-flex sp-justify-left sp-align-center'>\n\t\t\t\t\t\t<span class='sp-eab-title-subtitle-wrapper sp-d-flex'>\n\t\t\t\t\t\t\t<span class='sp-eab-accordion-title-wrapper sp-d-flex sp-align-center'>\n\t\t\t\t\t\t\t\t<span class='sp-eab-accordion-title-text'>\n\t\t\t\t\t\t\t\t\tFlor de amor \t\t\t\t\t\t\t\t<\/span>\n\t\t\t\t\t\t\t<\/span>\n\t\t\t\t\t\t<\/span>\n\t\t\t\t\t<\/span>\n\t\t\t\t\t<span class='sp-eab-accordion-header-end eab-icon-animated'>\n\t\t\t\t\t\t\t\t\t\t\t\t<span class='sp-eab-expand-collapse-icon sp-d-block'>\n\t\t\t\t\t\t\t<i class='sp-eab-expand-icon eab-icon-double-angle-down'><\/i>\n\t\t\t\t\t\t\t<i class='sp-eab-collapse-icon eab-icon-double-angle-up'><\/i>\n\t\t\t\t\t\t<\/span>\n\t\t\t\t\t\t\t\t\t\t\t<\/span>\n\t\t\t\t<\/span>\n\t\t\t<\/h3>\n\t\t\t\t\t\t\t<!-- accordion body -->\n\t\t\t\t\t<div class='sp-eab-accordion-content eab-content-5887b5'>\n\t\t\t\t\t\t\t\t\t\t\t\t<div class='sp-eab-accordion-content-wrapper'>\n\t\t\t\t\t\t\t<div class='sp-eab-accordion-body'>\n\t\t\t    \t\t\t\t\n\t\t<div class=\"sp-easy-accordion-block sp-eab-regular-accordion alignwide\"\n\t\t\t\t>\n\t\t\t<div class=\"sp-eab-wrapper sp-eab-vertical-accordion sp-eab-c749894f0936\">\n\t\t\t\t\t\t\t\t<div class='sp-eab-accordion sp-eab-mode-vertical sp-eab-vertical-two sp-d-flex' data-accordion-settings=\"{&quot;mode&quot;:&quot;vertical&quot;,&quot;activeEvent&quot;:&quot;click&quot;,&quot;defaultAccordionOpen&quot;:&quot;first-item&quot;,&quot;selectedItemOpen&quot;:0,&quot;openMultiItemAtaTime&quot;:false,&quot;scrollToTopOnLoad&quot;:false,&quot;scrollToTopOnClick&quot;:false,&quot;accordionItemToUrl&quot;:false,&quot;animationEffect&quot;:false,&quot;applyAccessibility&quot;:true}\">\n        \t    \t\n\t\t\t<div\n\t\t\t\tid =\"sp-eab-item-5c2a7e53038e\"\n\t\t\t\tclass=\"sp-eab-accordion-item eab-item-4f0936\"\n\t\t\t\t\t\t\t>\n\t\t\t\t<div class=\"sp-eab-accordion-item-wrapper\">\n\t\t\t\t\t\t\t\t<h3 class='sp-eab-accordion-heading sp-d-flex sp-align-center eab-heading-4f0936'\n\t\t\t\t\t\t>\n\t\t\t\t<span class='sp-eab-accordion-header-wrapper sp-d-flex sp-align-center eab-icon-position-end'>\n\t\t\t\t\t<span class='sp-eab-accordion-header-start sp-d-flex sp-justify-left sp-align-center'>\n\t\t\t\t\t\t<span class='sp-eab-title-subtitle-wrapper sp-d-flex'>\n\t\t\t\t\t\t\t<span class='sp-eab-accordion-title-wrapper sp-d-flex sp-align-center'>\n\t\t\t\t\t\t\t\t<span class='sp-eab-accordion-title-text'>\n\t\t\t\t\t\t\t\t\t<strong>Texto:<\/strong> Oscar Wilde (Sonnet: Flower of love)<br><strong><strong>Composici\u00f3n:<\/strong><\/strong> 2013<strong>. Estreno: <\/strong>Pendiente<br><strong>Duraci\u00f3n:<\/strong> 5\u00bb <a href=\"https:\/\/borjamarino.com\/media\/\" target=\"_blank\" rel=\"noopener\">[ESCUCHAR]<\/a>\t\t\t\t\t\t\t\t<\/span>\n\t\t\t\t\t\t\t<\/span>\n\t\t\t\t\t\t<\/span>\n\t\t\t\t\t<\/span>\n\t\t\t\t\t<span class='sp-eab-accordion-header-end eab-icon-animated'>\n\t\t\t\t\t\t\t\t\t\t\t<\/span>\n\t\t\t\t<\/span>\n\t\t\t<\/h3>\n\t\t\t\t\t\t\t<!-- accordion body -->\n\t\t\t\t\t<div class='sp-eab-accordion-content eab-content-4f0936'>\n\t\t\t\t\t\t\t\t\t\t\t\t<div class='sp-eab-accordion-content-wrapper'>\n\t\t\t\t\t\t\t<div class='sp-eab-accordion-body'>\n\t\t\t    \t\t\t\t\n\n<p class=\"wp-block-paragraph\"><\/p>\n\n\t\t\t\t\t\t\t<\/div>\n\t\t\t\t\t\t<\/div>\n\t\t\t\t\t\t\t\t\t\t\t<\/div>\n\t\t\t\t<\/div>\n\t\t\t<\/div>\n\t\t\n\t\t\t\t<\/div>\n\t\t\t<\/div>\n\t\t<\/div>\n\t\t\n\t\t\t\t\t\t\t<\/div>\n\t\t\t\t\t\t<\/div>\n\t\t\t\t\t\t\t\t\t\t\t<\/div>\n\t\t\t\t<\/div>\n\t\t\t<\/div>\n\t\t\n\n\t\t\t<div\n\t\t\t\tid =\"sp-eab-item-eb8455deb24c\"\n\t\t\t\tclass=\"sp-eab-accordion-item eab-item-5887b5\"\n\t\t\t\t\t\t\t>\n\t\t\t\t<div class=\"sp-eab-accordion-item-wrapper\">\n\t\t\t\t\t\t\t\t<h3 class='sp-eab-accordion-heading sp-d-flex sp-align-center eab-heading-5887b5'\n\t\t\t\t\t\t>\n\t\t\t\t<span class='sp-eab-accordion-header-wrapper sp-d-flex sp-align-center eab-icon-position-end'>\n\t\t\t\t\t<span class='sp-eab-accordion-header-start sp-d-flex sp-justify-left sp-align-center'>\n\t\t\t\t\t\t<span class='sp-eab-title-subtitle-wrapper sp-d-flex'>\n\t\t\t\t\t\t\t<span class='sp-eab-accordion-title-wrapper sp-d-flex sp-align-center'>\n\t\t\t\t\t\t\t\t<span class='sp-eab-accordion-title-text'>\n\t\t\t\t\t\t\t\t\t\u00c9pigraphe (sur Pell\u00e9as)\t\t\t\t\t\t\t\t<\/span>\n\t\t\t\t\t\t\t<\/span>\n\t\t\t\t\t\t<\/span>\n\t\t\t\t\t<\/span>\n\t\t\t\t\t<span class='sp-eab-accordion-header-end eab-icon-animated'>\n\t\t\t\t\t\t\t\t\t\t\t\t<span class='sp-eab-expand-collapse-icon sp-d-block'>\n\t\t\t\t\t\t\t<i class='sp-eab-expand-icon eab-icon-double-angle-down'><\/i>\n\t\t\t\t\t\t\t<i class='sp-eab-collapse-icon eab-icon-double-angle-up'><\/i>\n\t\t\t\t\t\t<\/span>\n\t\t\t\t\t\t\t\t\t\t\t<\/span>\n\t\t\t\t<\/span>\n\t\t\t<\/h3>\n\t\t\t\t\t\t\t<!-- accordion body -->\n\t\t\t\t\t<div class='sp-eab-accordion-content eab-content-5887b5'>\n\t\t\t\t\t\t\t\t\t\t\t\t<div class='sp-eab-accordion-content-wrapper'>\n\t\t\t\t\t\t\t<div class='sp-eab-accordion-body'>\n\t\t\t    \t\t\t\t\n\t\t<div class=\"sp-easy-accordion-block sp-eab-regular-accordion alignwide\"\n\t\t\t\t>\n\t\t\t<div class=\"sp-eab-wrapper sp-eab-vertical-accordion sp-eab-c749894f0936\">\n\t\t\t\t\t\t\t\t<div class='sp-eab-accordion sp-eab-mode-vertical sp-eab-vertical-two sp-d-flex' data-accordion-settings=\"{&quot;mode&quot;:&quot;vertical&quot;,&quot;activeEvent&quot;:&quot;click&quot;,&quot;defaultAccordionOpen&quot;:&quot;close-all&quot;,&quot;selectedItemOpen&quot;:0,&quot;openMultiItemAtaTime&quot;:false,&quot;scrollToTopOnLoad&quot;:false,&quot;scrollToTopOnClick&quot;:false,&quot;accordionItemToUrl&quot;:false,&quot;animationEffect&quot;:false,&quot;applyAccessibility&quot;:true}\">\n        \t    \t\n\t\t\t<div\n\t\t\t\tid =\"sp-eab-item-5c2a7e53038e\"\n\t\t\t\tclass=\"sp-eab-accordion-item eab-item-4f0936\"\n\t\t\t\t\t\t\t>\n\t\t\t\t<div class=\"sp-eab-accordion-item-wrapper\">\n\t\t\t\t\t\t\t\t<h3 class='sp-eab-accordion-heading sp-d-flex sp-align-center eab-heading-4f0936'\n\t\t\t\t\t\t>\n\t\t\t\t<span class='sp-eab-accordion-header-wrapper sp-d-flex sp-align-center eab-icon-position-end'>\n\t\t\t\t\t<span class='sp-eab-accordion-header-start sp-d-flex sp-justify-left sp-align-center'>\n\t\t\t\t\t\t<span class='sp-eab-title-subtitle-wrapper sp-d-flex'>\n\t\t\t\t\t\t\t<span class='sp-eab-accordion-title-wrapper sp-d-flex sp-align-center'>\n\t\t\t\t\t\t\t\t<span class='sp-eab-accordion-title-text'>\n\t\t\t\t\t\t\t\t\t<strong>Texto<\/strong>: Charles Baudelaire<br><strong>Composici\u00f3n:  <\/strong>2017.<strong> Estreno:<\/strong> Eleonora Deveze (soprano), Borja Mari\u00f1o (piano). <br><strong>Duraci\u00f3n:<\/strong> 4&#8242; <a href=\"https:\/\/borjamarino.com\/media\/\" target=\"_blank\" rel=\"noopener\">[ESCUCHAR]<\/a>\t\t\t\t\t\t\t\t<\/span>\n\t\t\t\t\t\t\t<\/span>\n\t\t\t\t\t\t<\/span>\n\t\t\t\t\t<\/span>\n\t\t\t\t\t<span class='sp-eab-accordion-header-end eab-icon-animated'>\n\t\t\t\t\t\t\t\t\t\t\t<\/span>\n\t\t\t\t<\/span>\n\t\t\t<\/h3>\n\t\t\t\t\t\t\t<!-- accordion body -->\n\t\t\t\t\t<div class='sp-eab-accordion-content eab-content-4f0936'>\n\t\t\t\t\t\t\t\t\t\t\t\t<div class='sp-eab-accordion-content-wrapper'>\n\t\t\t\t\t\t\t<div class='sp-eab-accordion-body'>\n\t\t\t    \t\t\t\t\n\n<p class=\"wp-block-paragraph\"><\/p>\n\n\t\t\t\t\t\t\t<\/div>\n\t\t\t\t\t\t<\/div>\n\t\t\t\t\t\t\t\t\t\t\t<\/div>\n\t\t\t\t<\/div>\n\t\t\t<\/div>\n\t\t\n\n\t\t\t<div\n\t\t\t\tid =\"sp-eab-item-a321f2558df1\"\n\t\t\t\tclass=\"sp-eab-accordion-item eab-item-4f0936\"\n\t\t\t\t\t\t\t>\n\t\t\t\t<div class=\"sp-eab-accordion-item-wrapper\">\n\t\t\t\t\t\t\t\t<h3 class='sp-eab-accordion-heading sp-d-flex sp-align-center eab-heading-4f0936'\n\t\t\t\t\t\t>\n\t\t\t\t<span class='sp-eab-accordion-header-wrapper sp-d-flex sp-align-center eab-icon-position-end'>\n\t\t\t\t\t<span class='sp-eab-accordion-header-start sp-d-flex sp-justify-left sp-align-center'>\n\t\t\t\t\t\t<span class='sp-eab-title-subtitle-wrapper sp-d-flex'>\n\t\t\t\t\t\t\t<span class='sp-eab-accordion-title-wrapper sp-d-flex sp-align-center'>\n\t\t\t\t\t\t\t\t<span class='sp-eab-accordion-title-text'>\n\t\t\t\t\t\t\t\t\t\u00daltimas interpretaciones: <br>&#8211; Eleonora Deveze (soprano), Borja Mari\u00f1o (piano). Festival Gata Cl\u00e1sica, 25 de julio, 2024. <a href=\"https:\/\/www.youtube.com\/watch?v=fY63uEMHKUI\" target=\"_blank\" rel=\"noopener\">[Ver en YouTube]<\/a><br>&#8211; Eleonora Deveze (soprano), Borja Mari\u00f1o (piano). Presentaci\u00f3n redes, 2022. <a href=\"https:\/\/www.youtube.com\/watch?v=zg6HFWdh0fk\" target=\"_blank\" rel=\"noopener\">[Ver en YouTube]<\/a>\t\t\t\t\t\t\t\t<\/span>\n\t\t\t\t\t\t\t<\/span>\n\t\t\t\t\t\t<\/span>\n\t\t\t\t\t<\/span>\n\t\t\t\t\t<span class='sp-eab-accordion-header-end eab-icon-animated'>\n\t\t\t\t\t\t\t\t\t\t\t<\/span>\n\t\t\t\t<\/span>\n\t\t\t<\/h3>\n\t\t\t\t\t\t\t<!-- accordion body -->\n\t\t\t\t\t<div class='sp-eab-accordion-content eab-content-4f0936'>\n\t\t\t\t\t\t\t\t\t\t\t\t<div class='sp-eab-accordion-content-wrapper'>\n\t\t\t\t\t\t\t<div class='sp-eab-accordion-body'>\n\t\t\t    \t\t\t\t\n\n<p class=\"wp-block-paragraph\"><\/p>\n\n\t\t\t\t\t\t\t<\/div>\n\t\t\t\t\t\t<\/div>\n\t\t\t\t\t\t\t\t\t\t\t<\/div>\n\t\t\t\t<\/div>\n\t\t\t<\/div>\n\t\t\n\t\t\t\t<\/div>\n\t\t\t<\/div>\n\t\t<\/div>\n\t\t\n\t\t\t\t\t\t\t<\/div>\n\t\t\t\t\t\t<\/div>\n\t\t\t\t\t\t\t\t\t\t\t<\/div>\n\t\t\t\t<\/div>\n\t\t\t<\/div>\n\t\t\n\n\t\t\t<div\n\t\t\t\tid =\"sp-eab-item-eb8455deb24c\"\n\t\t\t\tclass=\"sp-eab-accordion-item eab-item-5887b5\"\n\t\t\t\t\t\t\t>\n\t\t\t\t<div class=\"sp-eab-accordion-item-wrapper\">\n\t\t\t\t\t\t\t\t<h3 class='sp-eab-accordion-heading sp-d-flex sp-align-center eab-heading-5887b5'\n\t\t\t\t\t\t>\n\t\t\t\t<span class='sp-eab-accordion-header-wrapper sp-d-flex sp-align-center eab-icon-position-end'>\n\t\t\t\t\t<span class='sp-eab-accordion-header-start sp-d-flex sp-justify-left sp-align-center'>\n\t\t\t\t\t\t<span class='sp-eab-title-subtitle-wrapper sp-d-flex'>\n\t\t\t\t\t\t\t<span class='sp-eab-accordion-title-wrapper sp-d-flex sp-align-center'>\n\t\t\t\t\t\t\t\t<span class='sp-eab-accordion-title-text'>\n\t\t\t\t\t\t\t\t\tPrayer for a goddess\t\t\t\t\t\t\t\t<\/span>\n\t\t\t\t\t\t\t<\/span>\n\t\t\t\t\t\t<\/span>\n\t\t\t\t\t<\/span>\n\t\t\t\t\t<span class='sp-eab-accordion-header-end eab-icon-animated'>\n\t\t\t\t\t\t\t\t\t\t\t\t<span class='sp-eab-expand-collapse-icon sp-d-block'>\n\t\t\t\t\t\t\t<i class='sp-eab-expand-icon eab-icon-double-angle-down'><\/i>\n\t\t\t\t\t\t\t<i class='sp-eab-collapse-icon eab-icon-double-angle-up'><\/i>\n\t\t\t\t\t\t<\/span>\n\t\t\t\t\t\t\t\t\t\t\t<\/span>\n\t\t\t\t<\/span>\n\t\t\t<\/h3>\n\t\t\t\t\t\t\t<!-- accordion body -->\n\t\t\t\t\t<div class='sp-eab-accordion-content eab-content-5887b5'>\n\t\t\t\t\t\t\t\t\t\t\t\t<div class='sp-eab-accordion-content-wrapper'>\n\t\t\t\t\t\t\t<div class='sp-eab-accordion-body'>\n\t\t\t    \t\t\t\t\n\t\t<div class=\"sp-easy-accordion-block sp-eab-regular-accordion alignwide\"\n\t\t\t\t>\n\t\t\t<div class=\"sp-eab-wrapper sp-eab-vertical-accordion sp-eab-c749894f0936\">\n\t\t\t\t\t\t\t\t<div class='sp-eab-accordion sp-eab-mode-vertical sp-eab-vertical-two sp-d-flex' data-accordion-settings=\"{&quot;mode&quot;:&quot;vertical&quot;,&quot;activeEvent&quot;:&quot;click&quot;,&quot;defaultAccordionOpen&quot;:&quot;close-all&quot;,&quot;selectedItemOpen&quot;:0,&quot;openMultiItemAtaTime&quot;:false,&quot;scrollToTopOnLoad&quot;:false,&quot;scrollToTopOnClick&quot;:false,&quot;accordionItemToUrl&quot;:false,&quot;animationEffect&quot;:false,&quot;applyAccessibility&quot;:true}\">\n        \t    \t\n\t\t\t<div\n\t\t\t\tid =\"sp-eab-item-5c2a7e53038e\"\n\t\t\t\tclass=\"sp-eab-accordion-item eab-item-4f0936\"\n\t\t\t\t\t\t\t>\n\t\t\t\t<div class=\"sp-eab-accordion-item-wrapper\">\n\t\t\t\t\t\t\t\t<h3 class='sp-eab-accordion-heading sp-d-flex sp-align-center eab-heading-4f0936'\n\t\t\t\t\t\t>\n\t\t\t\t<span class='sp-eab-accordion-header-wrapper sp-d-flex sp-align-center eab-icon-position-end'>\n\t\t\t\t\t<span class='sp-eab-accordion-header-start sp-d-flex sp-justify-left sp-align-center'>\n\t\t\t\t\t\t<span class='sp-eab-title-subtitle-wrapper sp-d-flex'>\n\t\t\t\t\t\t\t<span class='sp-eab-accordion-title-wrapper sp-d-flex sp-align-center'>\n\t\t\t\t\t\t\t\t<span class='sp-eab-accordion-title-text'>\n\t\t\t\t\t\t\t\t\t<strong>Texto<\/strong>: William Shakespeare<br><strong>Composici\u00f3n:  <\/strong>2017<strong>. <\/strong> <strong>Estreno:<\/strong> Nadine Benjamin (soprano), Jan Rautio (piano). <br><strong>Duraci\u00f3n:<\/strong> 4&#8242; <a href=\"https:\/\/borjamarino.com\/media\/\" target=\"_blank\" rel=\"noopener\">[ESCUCHAR]<\/a>\t\t\t\t\t\t\t\t<\/span>\n\t\t\t\t\t\t\t<\/span>\n\t\t\t\t\t\t<\/span>\n\t\t\t\t\t<\/span>\n\t\t\t\t\t<span class='sp-eab-accordion-header-end eab-icon-animated'>\n\t\t\t\t\t\t\t\t\t\t\t<\/span>\n\t\t\t\t<\/span>\n\t\t\t<\/h3>\n\t\t\t\t\t\t\t<!-- accordion body -->\n\t\t\t\t\t<div class='sp-eab-accordion-content eab-content-4f0936'>\n\t\t\t\t\t\t\t\t\t\t\t\t<div class='sp-eab-accordion-content-wrapper'>\n\t\t\t\t\t\t\t<div class='sp-eab-accordion-body'>\n\t\t\t    \t\t\t\t\n\n<p class=\"wp-block-paragraph\"><\/p>\n\n\t\t\t\t\t\t\t<\/div>\n\t\t\t\t\t\t<\/div>\n\t\t\t\t\t\t\t\t\t\t\t<\/div>\n\t\t\t\t<\/div>\n\t\t\t<\/div>\n\t\t\n\n\t\t\t<div\n\t\t\t\tid =\"sp-eab-item-a321f2558df1\"\n\t\t\t\tclass=\"sp-eab-accordion-item eab-item-4f0936\"\n\t\t\t\t\t\t\t>\n\t\t\t\t<div class=\"sp-eab-accordion-item-wrapper\">\n\t\t\t\t\t\t\t\t<h3 class='sp-eab-accordion-heading sp-d-flex sp-align-center eab-heading-4f0936'\n\t\t\t\t\t\t>\n\t\t\t\t<span class='sp-eab-accordion-header-wrapper sp-d-flex sp-align-center eab-icon-position-end'>\n\t\t\t\t\t<span class='sp-eab-accordion-header-start sp-d-flex sp-justify-left sp-align-center'>\n\t\t\t\t\t\t<span class='sp-eab-title-subtitle-wrapper sp-d-flex'>\n\t\t\t\t\t\t\t<span class='sp-eab-accordion-title-wrapper sp-d-flex sp-align-center'>\n\t\t\t\t\t\t\t\t<span class='sp-eab-accordion-title-text'>\n\t\t\t\t\t\t\t\t\t\u00daltimas interpretaciones: <br>&#8211; Nadine Benjamin (soprano), Borja Mari\u00f1o (piano). St. James&#8217;s Church Piccadilly (London), 24 de marzo, 2023. <a href=\"https:\/\/www.youtube.com\/watch?v=LnavR-DMyyU\" target=\"_blank\" rel=\"noopener\">[Ver en YouTube]<\/a>\t\t\t\t\t\t\t\t<\/span>\n\t\t\t\t\t\t\t<\/span>\n\t\t\t\t\t\t<\/span>\n\t\t\t\t\t<\/span>\n\t\t\t\t\t<span class='sp-eab-accordion-header-end eab-icon-animated'>\n\t\t\t\t\t\t\t\t\t\t\t<\/span>\n\t\t\t\t<\/span>\n\t\t\t<\/h3>\n\t\t\t\t\t\t\t<!-- accordion body -->\n\t\t\t\t\t<div class='sp-eab-accordion-content eab-content-4f0936'>\n\t\t\t\t\t\t\t\t\t\t\t\t<div class='sp-eab-accordion-content-wrapper'>\n\t\t\t\t\t\t\t<div class='sp-eab-accordion-body'>\n\t\t\t    \t\t\t\t\n\n<p class=\"wp-block-paragraph\"><\/p>\n\n\t\t\t\t\t\t\t<\/div>\n\t\t\t\t\t\t<\/div>\n\t\t\t\t\t\t\t\t\t\t\t<\/div>\n\t\t\t\t<\/div>\n\t\t\t<\/div>\n\t\t\n\t\t\t\t<\/div>\n\t\t\t<\/div>\n\t\t<\/div>\n\t\t\n\t\t\t\t\t\t\t<\/div>\n\t\t\t\t\t\t<\/div>\n\t\t\t\t\t\t\t\t\t\t\t<\/div>\n\t\t\t\t<\/div>\n\t\t\t<\/div>\n\t\t\n\n\t\t\t<div\n\t\t\t\tid =\"sp-eab-item-eb8455deb24c\"\n\t\t\t\tclass=\"sp-eab-accordion-item eab-item-5887b5\"\n\t\t\t\t\t\t\t>\n\t\t\t\t<div class=\"sp-eab-accordion-item-wrapper\">\n\t\t\t\t\t\t\t\t<h3 class='sp-eab-accordion-heading sp-d-flex sp-align-center eab-heading-5887b5'\n\t\t\t\t\t\t>\n\t\t\t\t<span class='sp-eab-accordion-header-wrapper sp-d-flex sp-align-center eab-icon-position-end'>\n\t\t\t\t\t<span class='sp-eab-accordion-header-start sp-d-flex sp-justify-left sp-align-center'>\n\t\t\t\t\t\t<span class='sp-eab-title-subtitle-wrapper sp-d-flex'>\n\t\t\t\t\t\t\t<span class='sp-eab-accordion-title-wrapper sp-d-flex sp-align-center'>\n\t\t\t\t\t\t\t\t<span class='sp-eab-accordion-title-text'>\n\t\t\t\t\t\t\t\t\tShakespeare&#8217;s XVIII Sonnet\t\t\t\t\t\t\t\t<\/span>\n\t\t\t\t\t\t\t<\/span>\n\t\t\t\t\t\t<\/span>\n\t\t\t\t\t<\/span>\n\t\t\t\t\t<span class='sp-eab-accordion-header-end eab-icon-animated'>\n\t\t\t\t\t\t\t\t\t\t\t\t<span class='sp-eab-expand-collapse-icon sp-d-block'>\n\t\t\t\t\t\t\t<i class='sp-eab-expand-icon eab-icon-double-angle-down'><\/i>\n\t\t\t\t\t\t\t<i class='sp-eab-collapse-icon eab-icon-double-angle-up'><\/i>\n\t\t\t\t\t\t<\/span>\n\t\t\t\t\t\t\t\t\t\t\t<\/span>\n\t\t\t\t<\/span>\n\t\t\t<\/h3>\n\t\t\t\t\t\t\t<!-- accordion body -->\n\t\t\t\t\t<div class='sp-eab-accordion-content eab-content-5887b5'>\n\t\t\t\t\t\t\t\t\t\t\t\t<div class='sp-eab-accordion-content-wrapper'>\n\t\t\t\t\t\t\t<div class='sp-eab-accordion-body'>\n\t\t\t    \t\t\t\t\n\t\t<div class=\"sp-easy-accordion-block sp-eab-regular-accordion alignwide\"\n\t\t\t\t>\n\t\t\t<div class=\"sp-eab-wrapper sp-eab-vertical-accordion sp-eab-c749894f0936\">\n\t\t\t\t\t\t\t\t<div class='sp-eab-accordion sp-eab-mode-vertical sp-eab-vertical-two sp-d-flex' data-accordion-settings=\"{&quot;mode&quot;:&quot;vertical&quot;,&quot;activeEvent&quot;:&quot;click&quot;,&quot;defaultAccordionOpen&quot;:&quot;close-all&quot;,&quot;selectedItemOpen&quot;:0,&quot;openMultiItemAtaTime&quot;:false,&quot;scrollToTopOnLoad&quot;:false,&quot;scrollToTopOnClick&quot;:false,&quot;accordionItemToUrl&quot;:false,&quot;animationEffect&quot;:false,&quot;applyAccessibility&quot;:true}\">\n        \t    \t\n\t\t\t<div\n\t\t\t\tid =\"sp-eab-item-5c2a7e53038e\"\n\t\t\t\tclass=\"sp-eab-accordion-item eab-item-4f0936\"\n\t\t\t\t\t\t\t>\n\t\t\t\t<div class=\"sp-eab-accordion-item-wrapper\">\n\t\t\t\t\t\t\t\t<h3 class='sp-eab-accordion-heading sp-d-flex sp-align-center eab-heading-4f0936'\n\t\t\t\t\t\t>\n\t\t\t\t<span class='sp-eab-accordion-header-wrapper sp-d-flex sp-align-center eab-icon-position-end'>\n\t\t\t\t\t<span class='sp-eab-accordion-header-start sp-d-flex sp-justify-left sp-align-center'>\n\t\t\t\t\t\t<span class='sp-eab-title-subtitle-wrapper sp-d-flex'>\n\t\t\t\t\t\t\t<span class='sp-eab-accordion-title-wrapper sp-d-flex sp-align-center'>\n\t\t\t\t\t\t\t\t<span class='sp-eab-accordion-title-text'>\n\t\t\t\t\t\t\t\t\t<strong>Texto<\/strong>: William Shakespeare (Shall I compare thee)<br><strong>Estreno:<\/strong> Nadine Benjamin (soprano), Jan Rautio (piano). 2023<br><strong>Duraci\u00f3n:<\/strong> 4&#8242; <a href=\"https:\/\/borjamarino.com\/media\/\" target=\"_blank\" rel=\"noopener\">[ESCUCHAR]<\/a>\t\t\t\t\t\t\t\t<\/span>\n\t\t\t\t\t\t\t<\/span>\n\t\t\t\t\t\t<\/span>\n\t\t\t\t\t<\/span>\n\t\t\t\t\t<span class='sp-eab-accordion-header-end eab-icon-animated'>\n\t\t\t\t\t\t\t\t\t\t\t<\/span>\n\t\t\t\t<\/span>\n\t\t\t<\/h3>\n\t\t\t\t\t\t\t<!-- accordion body -->\n\t\t\t\t\t<div class='sp-eab-accordion-content eab-content-4f0936'>\n\t\t\t\t\t\t\t\t\t\t\t\t<div class='sp-eab-accordion-content-wrapper'>\n\t\t\t\t\t\t\t<div class='sp-eab-accordion-body'>\n\t\t\t    \t\t\t\t\n\n<p class=\"wp-block-paragraph\"><\/p>\n\n\t\t\t\t\t\t\t<\/div>\n\t\t\t\t\t\t<\/div>\n\t\t\t\t\t\t\t\t\t\t\t<\/div>\n\t\t\t\t<\/div>\n\t\t\t<\/div>\n\t\t\n\n\t\t\t<div\n\t\t\t\tid =\"sp-eab-item-a321f2558df1\"\n\t\t\t\tclass=\"sp-eab-accordion-item eab-item-4f0936\"\n\t\t\t\t\t\t\t>\n\t\t\t\t<div class=\"sp-eab-accordion-item-wrapper\">\n\t\t\t\t\t\t\t\t<h3 class='sp-eab-accordion-heading sp-d-flex sp-align-center eab-heading-4f0936'\n\t\t\t\t\t\t>\n\t\t\t\t<span class='sp-eab-accordion-header-wrapper sp-d-flex sp-align-center eab-icon-position-end'>\n\t\t\t\t\t<span class='sp-eab-accordion-header-start sp-d-flex sp-justify-left sp-align-center'>\n\t\t\t\t\t\t<span class='sp-eab-title-subtitle-wrapper sp-d-flex'>\n\t\t\t\t\t\t\t<span class='sp-eab-accordion-title-wrapper sp-d-flex sp-align-center'>\n\t\t\t\t\t\t\t\t<span class='sp-eab-accordion-title-text'>\n\t\t\t\t\t\t\t\t\t\u00daltimas interpretaciones: <br>&#8211; Nadine Benjamin (soprano), Borja Mari\u00f1o (piano). St. James&#8217;s Church Piccadilly, London; 24 de marzo, 2023. <a href=\"https:\/\/www.youtube.com\/watch?v=y7jQTnAPzv0\" target=\"_blank\" rel=\"noopener\">[Ver en YouTube]<\/a>\t\t\t\t\t\t\t\t<\/span>\n\t\t\t\t\t\t\t<\/span>\n\t\t\t\t\t\t<\/span>\n\t\t\t\t\t<\/span>\n\t\t\t\t\t<span class='sp-eab-accordion-header-end eab-icon-animated'>\n\t\t\t\t\t\t\t\t\t\t\t<\/span>\n\t\t\t\t<\/span>\n\t\t\t<\/h3>\n\t\t\t\t\t\t\t<!-- accordion body -->\n\t\t\t\t\t<div class='sp-eab-accordion-content eab-content-4f0936'>\n\t\t\t\t\t\t\t\t\t\t\t\t<div class='sp-eab-accordion-content-wrapper'>\n\t\t\t\t\t\t\t<div class='sp-eab-accordion-body'>\n\t\t\t    \t\t\t\t\n\n<p class=\"wp-block-paragraph\"><\/p>\n\n\t\t\t\t\t\t\t<\/div>\n\t\t\t\t\t\t<\/div>\n\t\t\t\t\t\t\t\t\t\t\t<\/div>\n\t\t\t\t<\/div>\n\t\t\t<\/div>\n\t\t\n\t\t\t\t<\/div>\n\t\t\t<\/div>\n\t\t<\/div>\n\t\t\n\t\t\t\t\t\t\t<\/div>\n\t\t\t\t\t\t<\/div>\n\t\t\t\t\t\t\t\t\t\t\t<\/div>\n\t\t\t\t<\/div>\n\t\t\t<\/div>\n\t\t\n\n\t\t\t<div\n\t\t\t\tid =\"sp-eab-item-eb8455deb24c\"\n\t\t\t\tclass=\"sp-eab-accordion-item eab-item-5887b5\"\n\t\t\t\t\t\t\t>\n\t\t\t\t<div class=\"sp-eab-accordion-item-wrapper\">\n\t\t\t\t\t\t\t\t<h3 class='sp-eab-accordion-heading sp-d-flex sp-align-center eab-heading-5887b5'\n\t\t\t\t\t\t>\n\t\t\t\t<span class='sp-eab-accordion-header-wrapper sp-d-flex sp-align-center eab-icon-position-end'>\n\t\t\t\t\t<span class='sp-eab-accordion-header-start sp-d-flex sp-justify-left sp-align-center'>\n\t\t\t\t\t\t<span class='sp-eab-title-subtitle-wrapper sp-d-flex'>\n\t\t\t\t\t\t\t<span class='sp-eab-accordion-title-wrapper sp-d-flex sp-align-center'>\n\t\t\t\t\t\t\t\t<span class='sp-eab-accordion-title-text'>\n\t\t\t\t\t\t\t\t\tDespedida (para Ricardo)\t\t\t\t\t\t\t\t<\/span>\n\t\t\t\t\t\t\t<\/span>\n\t\t\t\t\t\t<\/span>\n\t\t\t\t\t<\/span>\n\t\t\t\t\t<span class='sp-eab-accordion-header-end eab-icon-animated'>\n\t\t\t\t\t\t\t\t\t\t\t\t<span class='sp-eab-expand-collapse-icon sp-d-block'>\n\t\t\t\t\t\t\t<i class='sp-eab-expand-icon eab-icon-double-angle-down'><\/i>\n\t\t\t\t\t\t\t<i class='sp-eab-collapse-icon eab-icon-double-angle-up'><\/i>\n\t\t\t\t\t\t<\/span>\n\t\t\t\t\t\t\t\t\t\t\t<\/span>\n\t\t\t\t<\/span>\n\t\t\t<\/h3>\n\t\t\t\t\t\t\t<!-- accordion body -->\n\t\t\t\t\t<div class='sp-eab-accordion-content eab-content-5887b5'>\n\t\t\t\t\t\t\t\t\t\t\t\t<div class='sp-eab-accordion-content-wrapper'>\n\t\t\t\t\t\t\t<div class='sp-eab-accordion-body'>\n\t\t\t    \t\t\t\t\n\t\t<div class=\"sp-easy-accordion-block sp-eab-regular-accordion alignwide\"\n\t\t\t\t>\n\t\t\t<div class=\"sp-eab-wrapper sp-eab-vertical-accordion sp-eab-c749894f0936\">\n\t\t\t\t\t\t\t\t<div class='sp-eab-accordion sp-eab-mode-vertical sp-eab-vertical-two sp-d-flex' data-accordion-settings=\"{&quot;mode&quot;:&quot;vertical&quot;,&quot;activeEvent&quot;:&quot;click&quot;,&quot;defaultAccordionOpen&quot;:&quot;close-all&quot;,&quot;selectedItemOpen&quot;:0,&quot;openMultiItemAtaTime&quot;:false,&quot;scrollToTopOnLoad&quot;:false,&quot;scrollToTopOnClick&quot;:false,&quot;accordionItemToUrl&quot;:false,&quot;animationEffect&quot;:false,&quot;applyAccessibility&quot;:true}\">\n        \t    \t\n\t\t\t<div\n\t\t\t\tid =\"sp-eab-item-5c2a7e53038e\"\n\t\t\t\tclass=\"sp-eab-accordion-item eab-item-4f0936\"\n\t\t\t\t\t\t\t>\n\t\t\t\t<div class=\"sp-eab-accordion-item-wrapper\">\n\t\t\t\t\t\t\t\t<h3 class='sp-eab-accordion-heading sp-d-flex sp-align-center eab-heading-4f0936'\n\t\t\t\t\t\t>\n\t\t\t\t<span class='sp-eab-accordion-header-wrapper sp-d-flex sp-align-center eab-icon-position-end'>\n\t\t\t\t\t<span class='sp-eab-accordion-header-start sp-d-flex sp-justify-left sp-align-center'>\n\t\t\t\t\t\t<span class='sp-eab-title-subtitle-wrapper sp-d-flex'>\n\t\t\t\t\t\t\t<span class='sp-eab-accordion-title-wrapper sp-d-flex sp-align-center'>\n\t\t\t\t\t\t\t\t<span class='sp-eab-accordion-title-text'>\n\t\t\t\t\t\t\t\t\t<strong>Texto<\/strong>: Carolina Coronado<br><strong>Composici\u00f3n: <\/strong>2018.<strong> Estreno:<\/strong> Carolina Moncada (soprano), Borja Mari\u00f1o (piano). <br><strong>Duraci\u00f3n:<\/strong> 5&#8242; <a href=\"https:\/\/borjamarino.com\/media\/\" target=\"_blank\" rel=\"noopener\">[ESCUCHAR]<\/a>\t\t\t\t\t\t\t\t<\/span>\n\t\t\t\t\t\t\t<\/span>\n\t\t\t\t\t\t<\/span>\n\t\t\t\t\t<\/span>\n\t\t\t\t\t<span class='sp-eab-accordion-header-end eab-icon-animated'>\n\t\t\t\t\t\t\t\t\t\t\t<\/span>\n\t\t\t\t<\/span>\n\t\t\t<\/h3>\n\t\t\t\t\t\t\t<!-- accordion body -->\n\t\t\t\t\t<div class='sp-eab-accordion-content eab-content-4f0936'>\n\t\t\t\t\t\t\t\t\t\t\t\t<div class='sp-eab-accordion-content-wrapper'>\n\t\t\t\t\t\t\t<div class='sp-eab-accordion-body'>\n\t\t\t    \t\t\t\t\n\n<p class=\"wp-block-paragraph\"><\/p>\n\n\t\t\t\t\t\t\t<\/div>\n\t\t\t\t\t\t<\/div>\n\t\t\t\t\t\t\t\t\t\t\t<\/div>\n\t\t\t\t<\/div>\n\t\t\t<\/div>\n\t\t\n\n\t\t\t<div\n\t\t\t\tid =\"sp-eab-item-a321f2558df1\"\n\t\t\t\tclass=\"sp-eab-accordion-item eab-item-4f0936\"\n\t\t\t\t\t\t\t>\n\t\t\t\t<div class=\"sp-eab-accordion-item-wrapper\">\n\t\t\t\t\t\t\t\t<h3 class='sp-eab-accordion-heading sp-d-flex sp-align-center eab-heading-4f0936'\n\t\t\t\t\t\t>\n\t\t\t\t<span class='sp-eab-accordion-header-wrapper sp-d-flex sp-align-center eab-icon-position-end'>\n\t\t\t\t\t<span class='sp-eab-accordion-header-start sp-d-flex sp-justify-left sp-align-center'>\n\t\t\t\t\t\t<span class='sp-eab-title-subtitle-wrapper sp-d-flex'>\n\t\t\t\t\t\t\t<span class='sp-eab-accordion-title-wrapper sp-d-flex sp-align-center'>\n\t\t\t\t\t\t\t\t<span class='sp-eab-accordion-title-text'>\n\t\t\t\t\t\t\t\t\t\u00daltimas interpretaciones: <br>&#8211; Carolina Moncada (soprano), Borja Mari\u00f1o (piano). Recital, Cidade da Cultura, Santiago de Compostela, 2 de abril, 2023. <a href=\"https:\/\/www.youtube.com\/watch?v=GCv2k7gFMZg\" target=\"_blank\" rel=\"noopener\">[Ver en YouTube]<\/a><br>&#8211; Beatriz D\u00edaz (soprano), Borja Mari\u00f1o (piano). Presentaci\u00f3n redes, 2022. <a href=\"https:\/\/youtu.be\/QxtucAaPZNc?si=8lQQik3xyKMWp-0w\" target=\"_blank\" rel=\"noopener\">[Ver en YouTube]<\/a>\t\t\t\t\t\t\t\t<\/span>\n\t\t\t\t\t\t\t<\/span>\n\t\t\t\t\t\t<\/span>\n\t\t\t\t\t<\/span>\n\t\t\t\t\t<span class='sp-eab-accordion-header-end eab-icon-animated'>\n\t\t\t\t\t\t\t\t\t\t\t<\/span>\n\t\t\t\t<\/span>\n\t\t\t<\/h3>\n\t\t\t\t\t\t\t<!-- accordion body -->\n\t\t\t\t\t<div class='sp-eab-accordion-content eab-content-4f0936'>\n\t\t\t\t\t\t\t\t\t\t\t\t<div class='sp-eab-accordion-content-wrapper'>\n\t\t\t\t\t\t\t<div class='sp-eab-accordion-body'>\n\t\t\t    \t\t\t\t\n\n<p class=\"wp-block-paragraph\"><\/p>\n\n\t\t\t\t\t\t\t<\/div>\n\t\t\t\t\t\t<\/div>\n\t\t\t\t\t\t\t\t\t\t\t<\/div>\n\t\t\t\t<\/div>\n\t\t\t<\/div>\n\t\t\n\t\t\t\t<\/div>\n\t\t\t<\/div>\n\t\t<\/div>\n\t\t\n\t\t\t\t\t\t\t<\/div>\n\t\t\t\t\t\t<\/div>\n\t\t\t\t\t\t\t\t\t\t\t<\/div>\n\t\t\t\t<\/div>\n\t\t\t<\/div>\n\t\t\n\n\t\t\t<div\n\t\t\t\tid =\"sp-eab-item-eb8455deb24c\"\n\t\t\t\tclass=\"sp-eab-accordion-item eab-item-5887b5\"\n\t\t\t\t\t\t\t>\n\t\t\t\t<div class=\"sp-eab-accordion-item-wrapper\">\n\t\t\t\t\t\t\t\t<h3 class='sp-eab-accordion-heading sp-d-flex sp-align-center eab-heading-5887b5'\n\t\t\t\t\t\t>\n\t\t\t\t<span class='sp-eab-accordion-header-wrapper sp-d-flex sp-align-center eab-icon-position-end'>\n\t\t\t\t\t<span class='sp-eab-accordion-header-start sp-d-flex sp-justify-left sp-align-center'>\n\t\t\t\t\t\t<span class='sp-eab-title-subtitle-wrapper sp-d-flex'>\n\t\t\t\t\t\t\t<span class='sp-eab-accordion-title-wrapper sp-d-flex sp-align-center'>\n\t\t\t\t\t\t\t\t<span class='sp-eab-accordion-title-text'>\n\t\t\t\t\t\t\t\t\tCanci\u00f3n de amor para una dama de Rialto\t\t\t\t\t\t\t\t<\/span>\n\t\t\t\t\t\t\t<\/span>\n\t\t\t\t\t\t<\/span>\n\t\t\t\t\t<\/span>\n\t\t\t\t\t<span class='sp-eab-accordion-header-end eab-icon-animated'>\n\t\t\t\t\t\t\t\t\t\t\t\t<span class='sp-eab-expand-collapse-icon sp-d-block'>\n\t\t\t\t\t\t\t<i class='sp-eab-expand-icon eab-icon-double-angle-down'><\/i>\n\t\t\t\t\t\t\t<i class='sp-eab-collapse-icon eab-icon-double-angle-up'><\/i>\n\t\t\t\t\t\t<\/span>\n\t\t\t\t\t\t\t\t\t\t\t<\/span>\n\t\t\t\t<\/span>\n\t\t\t<\/h3>\n\t\t\t\t\t\t\t<!-- accordion body -->\n\t\t\t\t\t<div class='sp-eab-accordion-content eab-content-5887b5'>\n\t\t\t\t\t\t\t\t\t\t\t\t<div class='sp-eab-accordion-content-wrapper'>\n\t\t\t\t\t\t\t<div class='sp-eab-accordion-body'>\n\t\t\t    \t\t\t\t\n\t\t<div class=\"sp-easy-accordion-block sp-eab-regular-accordion alignwide\"\n\t\t\t\t>\n\t\t\t<div class=\"sp-eab-wrapper sp-eab-vertical-accordion sp-eab-c749894f0936\">\n\t\t\t\t\t\t\t\t<div class='sp-eab-accordion sp-eab-mode-vertical sp-eab-vertical-two sp-d-flex' data-accordion-settings=\"{&quot;mode&quot;:&quot;vertical&quot;,&quot;activeEvent&quot;:&quot;click&quot;,&quot;defaultAccordionOpen&quot;:&quot;close-all&quot;,&quot;selectedItemOpen&quot;:0,&quot;openMultiItemAtaTime&quot;:false,&quot;scrollToTopOnLoad&quot;:false,&quot;scrollToTopOnClick&quot;:false,&quot;accordionItemToUrl&quot;:false,&quot;animationEffect&quot;:false,&quot;applyAccessibility&quot;:true}\">\n        \t    \t\n\t\t\t<div\n\t\t\t\tid =\"sp-eab-item-5c2a7e53038e\"\n\t\t\t\tclass=\"sp-eab-accordion-item eab-item-4f0936\"\n\t\t\t\t\t\t\t>\n\t\t\t\t<div class=\"sp-eab-accordion-item-wrapper\">\n\t\t\t\t\t\t\t\t<h3 class='sp-eab-accordion-heading sp-d-flex sp-align-center eab-heading-4f0936'\n\t\t\t\t\t\t>\n\t\t\t\t<span class='sp-eab-accordion-header-wrapper sp-d-flex sp-align-center eab-icon-position-end'>\n\t\t\t\t\t<span class='sp-eab-accordion-header-start sp-d-flex sp-justify-left sp-align-center'>\n\t\t\t\t\t\t<span class='sp-eab-title-subtitle-wrapper sp-d-flex'>\n\t\t\t\t\t\t\t<span class='sp-eab-accordion-title-wrapper sp-d-flex sp-align-center'>\n\t\t\t\t\t\t\t\t<span class='sp-eab-accordion-title-text'>\n\t\t\t\t\t\t\t\t\t<strong>Texto<\/strong>: Dalia Alonso<br><strong>Estreno:<\/strong> Beatriz D\u00edaz (soprano), Marcos Su\u00e1rez (piano), 2020. <br><strong>Duraci\u00f3n:<\/strong> 2&#8242; <a href=\"https:\/\/borjamarino.com\/media\/\" target=\"_blank\" rel=\"noopener\">[ESCUCHAR]<\/a>\t\t\t\t\t\t\t\t<\/span>\n\t\t\t\t\t\t\t<\/span>\n\t\t\t\t\t\t<\/span>\n\t\t\t\t\t<\/span>\n\t\t\t\t\t<span class='sp-eab-accordion-header-end eab-icon-animated'>\n\t\t\t\t\t\t\t\t\t\t\t<\/span>\n\t\t\t\t<\/span>\n\t\t\t<\/h3>\n\t\t\t\t\t\t\t<!-- accordion body -->\n\t\t\t\t\t<div class='sp-eab-accordion-content eab-content-4f0936'>\n\t\t\t\t\t\t\t\t\t\t\t\t<div class='sp-eab-accordion-content-wrapper'>\n\t\t\t\t\t\t\t<div class='sp-eab-accordion-body'>\n\t\t\t    \t\t\t\t\n\n<p class=\"wp-block-paragraph\"><\/p>\n\n\t\t\t\t\t\t\t<\/div>\n\t\t\t\t\t\t<\/div>\n\t\t\t\t\t\t\t\t\t\t\t<\/div>\n\t\t\t\t<\/div>\n\t\t\t<\/div>\n\t\t\n\n\t\t\t<div\n\t\t\t\tid =\"sp-eab-item-a321f2558df1\"\n\t\t\t\tclass=\"sp-eab-accordion-item eab-item-4f0936\"\n\t\t\t\t\t\t\t>\n\t\t\t\t<div class=\"sp-eab-accordion-item-wrapper\">\n\t\t\t\t\t\t\t\t<h3 class='sp-eab-accordion-heading sp-d-flex sp-align-center eab-heading-4f0936'\n\t\t\t\t\t\t>\n\t\t\t\t<span class='sp-eab-accordion-header-wrapper sp-d-flex sp-align-center eab-icon-position-end'>\n\t\t\t\t\t<span class='sp-eab-accordion-header-start sp-d-flex sp-justify-left sp-align-center'>\n\t\t\t\t\t\t<span class='sp-eab-title-subtitle-wrapper sp-d-flex'>\n\t\t\t\t\t\t\t<span class='sp-eab-accordion-title-wrapper sp-d-flex sp-align-center'>\n\t\t\t\t\t\t\t\t<span class='sp-eab-accordion-title-text'>\n\t\t\t\t\t\t\t\t\t\u00daltimas interpretaciones: <br>&#8211; Carolina Bardas (mezzosoprano), Nicol\u00b4\u00e1s Ravelli (piano). Pazo de Santa Emilia, Lugo; 12 de agosto, 2026. <br>&#8211; Juan Laborer\u00eda (bar\u00edtono), Carmen Santamar\u00eda (piano). Recital Norte\u00f1as\u00bb, Teatro Arriaga, Bilbao; 14 de abril, 2026. <a href=\"https:\/\/youtu.be\/YAVgjDGmLto?si=QuIFK1pntgD_pBu5\" target=\"_blank\" rel=\"noopener\">[Ver en YouTube]<\/a><br>&#8211; Santiago Mart\u00ednez (tenor), Juan Pablo Scafidi (piano). Caf\u00e9 Vinilo, Buenos Aires; 31 de agosto, 2025. <a href=\"https:\/\/youtu.be\/LpPaYF__GLM?si=i-J6A1NLXrrgPuiU\" target=\"_blank\" rel=\"noopener\">[Ver en YouTube]<\/a><br>&#8211; Carolina Moncada (soprano), Borja Mari\u00f1o (piano). Recital, Cidade da Cultura, Santiago de Compostela, 2 de abril, 2023.<br>&#8211; Mar Campo (contralto), Jorge Robaina (piano). Valldemosa, Mallorca. 28 de octubre, 2022. <a href=\"https:\/\/www.youtube.com\/watch?v=hgVTuxaXC_M\" target=\"_blank\" rel=\"noopener\">[Ver en YouTube]<\/a><br>&#8211; Santiago Sirur (tenor), Borja Mari\u00f1o (piano). Presentaci\u00f3n redes. <br>&#8211; Mariola Cantarero (soprano), Borja Mari\u00f1o (piano). Conciertos de la luna llena, Castillo de \u00c1guilas; 24 de agosto, 2021.<br>&#8211; Francisco Corujo (tenor), Borja Mari\u00f1o (piano). Presentaci\u00f3n redes, 2020. <a href=\"https:\/\/www.youtube.com\/watch?v=CU37AnLKBOU\" target=\"_blank\" rel=\"noopener\">[Ver en YouTube]<\/a>\t\t\t\t\t\t\t\t<\/span>\n\t\t\t\t\t\t\t<\/span>\n\t\t\t\t\t\t<\/span>\n\t\t\t\t\t<\/span>\n\t\t\t\t\t<span class='sp-eab-accordion-header-end eab-icon-animated'>\n\t\t\t\t\t\t\t\t\t\t\t<\/span>\n\t\t\t\t<\/span>\n\t\t\t<\/h3>\n\t\t\t\t\t\t\t<!-- accordion body -->\n\t\t\t\t\t<div class='sp-eab-accordion-content eab-content-4f0936'>\n\t\t\t\t\t\t\t\t\t\t\t\t<div class='sp-eab-accordion-content-wrapper'>\n\t\t\t\t\t\t\t<div class='sp-eab-accordion-body'>\n\t\t\t    \t\t\t\t\n\n<p class=\"wp-block-paragraph\"><\/p>\n\n\t\t\t\t\t\t\t<\/div>\n\t\t\t\t\t\t<\/div>\n\t\t\t\t\t\t\t\t\t\t\t<\/div>\n\t\t\t\t<\/div>\n\t\t\t<\/div>\n\t\t\n\t\t\t\t<\/div>\n\t\t\t<\/div>\n\t\t<\/div>\n\t\t\n\t\t\t\t\t\t\t<\/div>\n\t\t\t\t\t\t<\/div>\n\t\t\t\t\t\t\t\t\t\t\t<\/div>\n\t\t\t\t<\/div>\n\t\t\t<\/div>\n\t\t\n\n\t\t\t<div\n\t\t\t\tid =\"sp-eab-item-eb8455deb24c\"\n\t\t\t\tclass=\"sp-eab-accordion-item eab-item-5887b5\"\n\t\t\t\t\t\t\t>\n\t\t\t\t<div class=\"sp-eab-accordion-item-wrapper\">\n\t\t\t\t\t\t\t\t<h3 class='sp-eab-accordion-heading sp-d-flex sp-align-center eab-heading-5887b5'\n\t\t\t\t\t\t>\n\t\t\t\t<span class='sp-eab-accordion-header-wrapper sp-d-flex sp-align-center eab-icon-position-end'>\n\t\t\t\t\t<span class='sp-eab-accordion-header-start sp-d-flex sp-justify-left sp-align-center'>\n\t\t\t\t\t\t<span class='sp-eab-title-subtitle-wrapper sp-d-flex'>\n\t\t\t\t\t\t\t<span class='sp-eab-accordion-title-wrapper sp-d-flex sp-align-center'>\n\t\t\t\t\t\t\t\t<span class='sp-eab-accordion-title-text'>\n\t\t\t\t\t\t\t\t\tAl Nane\t\t\t\t\t\t\t\t<\/span>\n\t\t\t\t\t\t\t<\/span>\n\t\t\t\t\t\t<\/span>\n\t\t\t\t\t<\/span>\n\t\t\t\t\t<span class='sp-eab-accordion-header-end eab-icon-animated'>\n\t\t\t\t\t\t\t\t\t\t\t\t<span class='sp-eab-expand-collapse-icon sp-d-block'>\n\t\t\t\t\t\t\t<i class='sp-eab-expand-icon eab-icon-double-angle-down'><\/i>\n\t\t\t\t\t\t\t<i class='sp-eab-collapse-icon eab-icon-double-angle-up'><\/i>\n\t\t\t\t\t\t<\/span>\n\t\t\t\t\t\t\t\t\t\t\t<\/span>\n\t\t\t\t<\/span>\n\t\t\t<\/h3>\n\t\t\t\t\t\t\t<!-- accordion body -->\n\t\t\t\t\t<div class='sp-eab-accordion-content eab-content-5887b5'>\n\t\t\t\t\t\t\t\t\t\t\t\t<div class='sp-eab-accordion-content-wrapper'>\n\t\t\t\t\t\t\t<div class='sp-eab-accordion-body'>\n\t\t\t    \t\t\t\t\n\t\t<div class=\"sp-easy-accordion-block sp-eab-regular-accordion alignwide\"\n\t\t\t\t>\n\t\t\t<div class=\"sp-eab-wrapper sp-eab-vertical-accordion sp-eab-c749894f0936\">\n\t\t\t\t\t\t\t\t<div class='sp-eab-accordion sp-eab-mode-vertical sp-eab-vertical-two sp-d-flex' data-accordion-settings=\"{&quot;mode&quot;:&quot;vertical&quot;,&quot;activeEvent&quot;:&quot;click&quot;,&quot;defaultAccordionOpen&quot;:&quot;close-all&quot;,&quot;selectedItemOpen&quot;:0,&quot;openMultiItemAtaTime&quot;:false,&quot;scrollToTopOnLoad&quot;:false,&quot;scrollToTopOnClick&quot;:false,&quot;accordionItemToUrl&quot;:false,&quot;animationEffect&quot;:false,&quot;applyAccessibility&quot;:true}\">\n        \t    \t\n\t\t\t<div\n\t\t\t\tid =\"sp-eab-item-5c2a7e53038e\"\n\t\t\t\tclass=\"sp-eab-accordion-item eab-item-4f0936\"\n\t\t\t\t\t\t\t>\n\t\t\t\t<div class=\"sp-eab-accordion-item-wrapper\">\n\t\t\t\t\t\t\t\t<h3 class='sp-eab-accordion-heading sp-d-flex sp-align-center eab-heading-4f0936'\n\t\t\t\t\t\t>\n\t\t\t\t<span class='sp-eab-accordion-header-wrapper sp-d-flex sp-align-center eab-icon-position-end'>\n\t\t\t\t\t<span class='sp-eab-accordion-header-start sp-d-flex sp-justify-left sp-align-center'>\n\t\t\t\t\t\t<span class='sp-eab-title-subtitle-wrapper sp-d-flex'>\n\t\t\t\t\t\t\t<span class='sp-eab-accordion-title-wrapper sp-d-flex sp-align-center'>\n\t\t\t\t\t\t\t\t<span class='sp-eab-accordion-title-text'>\n\t\t\t\t\t\t\t\t\t<strong>Texto<\/strong>: In\u00e9s Durruti<br><strong>Estreno:<\/strong> Carolina Moncada (soprano), Borja Mari\u00f1o (piano). 2020 <br><strong>Duraci\u00f3n:<\/strong> 2&#8217;45\u00bb <a href=\"https:\/\/borjamarino.com\/media\/\" target=\"_blank\" rel=\"noopener\">[ESCUCHAR]<\/a>\t\t\t\t\t\t\t\t<\/span>\n\t\t\t\t\t\t\t<\/span>\n\t\t\t\t\t\t<\/span>\n\t\t\t\t\t<\/span>\n\t\t\t\t\t<span class='sp-eab-accordion-header-end eab-icon-animated'>\n\t\t\t\t\t\t\t\t\t\t\t<\/span>\n\t\t\t\t<\/span>\n\t\t\t<\/h3>\n\t\t\t\t\t\t\t<!-- accordion body -->\n\t\t\t\t\t<div class='sp-eab-accordion-content eab-content-4f0936'>\n\t\t\t\t\t\t\t\t\t\t\t\t<div class='sp-eab-accordion-content-wrapper'>\n\t\t\t\t\t\t\t<div class='sp-eab-accordion-body'>\n\t\t\t    \t\t\t\t\n\n<p class=\"wp-block-paragraph\"><\/p>\n\n\t\t\t\t\t\t\t<\/div>\n\t\t\t\t\t\t<\/div>\n\t\t\t\t\t\t\t\t\t\t\t<\/div>\n\t\t\t\t<\/div>\n\t\t\t<\/div>\n\t\t\n\n\t\t\t<div\n\t\t\t\tid =\"sp-eab-item-a321f2558df1\"\n\t\t\t\tclass=\"sp-eab-accordion-item eab-item-4f0936\"\n\t\t\t\t\t\t\t>\n\t\t\t\t<div class=\"sp-eab-accordion-item-wrapper\">\n\t\t\t\t\t\t\t\t<h3 class='sp-eab-accordion-heading sp-d-flex sp-align-center eab-heading-4f0936'\n\t\t\t\t\t\t>\n\t\t\t\t<span class='sp-eab-accordion-header-wrapper sp-d-flex sp-align-center eab-icon-position-end'>\n\t\t\t\t\t<span class='sp-eab-accordion-header-start sp-d-flex sp-justify-left sp-align-center'>\n\t\t\t\t\t\t<span class='sp-eab-title-subtitle-wrapper sp-d-flex'>\n\t\t\t\t\t\t\t<span class='sp-eab-accordion-title-wrapper sp-d-flex sp-align-center'>\n\t\t\t\t\t\t\t\t<span class='sp-eab-accordion-title-text'>\n\t\t\t\t\t\t\t\t\t\u00daltimas interpretaciones: <br>&#8211; Santiago Mart\u00ednez (tenor), Juan Pablo Scafidi (piano). Caf\u00e9 Vinilo, Buenos Aires; 31 de agosto, 2025. <a href=\"https:\/\/youtu.be\/9DNIvMy8bjI?si=elaViM9a5yxHTCLU\" target=\"_blank\" rel=\"noopener\">[Ver en YouTube]<\/a><br>&#8211; Carolina Moncada (soprano), Borja Mari\u00f1o (piano). Recital Tres voces para un compositor, Barcelona; 24 de abril, 2022.<br>&#8211; Lynette Carveth (soprano), Laurence Verna (piano); 2021.<br>&#8211; Gustavo Ahualli (bar\u00edtono), Sophia Kim Cook (piano). Latin American Music Center, Washington DC; 22 de diciembre, 2020. <a href=\"https:\/\/youtu.be\/gmivaIF6qI8?si=xUKXGWaHWO7UblMm\" target=\"_blank\" rel=\"noopener\">[Ver en YouTube]<\/a><br>&#8211; Carolina Moncada (soprano), Borja Mari\u00f1o (piano). Presentaci\u00f3n redes; 2020. <a href=\"https:\/\/youtu.be\/taIitNQ3-XA?si=sdAldJm_jSvq4tSX\" target=\"_blank\" rel=\"noopener\">[Ver en YouTube]<\/a><br>\t\t\t\t\t\t\t\t<\/span>\n\t\t\t\t\t\t\t<\/span>\n\t\t\t\t\t\t<\/span>\n\t\t\t\t\t<\/span>\n\t\t\t\t\t<span class='sp-eab-accordion-header-end eab-icon-animated'>\n\t\t\t\t\t\t\t\t\t\t\t<\/span>\n\t\t\t\t<\/span>\n\t\t\t<\/h3>\n\t\t\t\t\t\t\t<!-- accordion body -->\n\t\t\t\t\t<div class='sp-eab-accordion-content eab-content-4f0936'>\n\t\t\t\t\t\t\t\t\t\t\t\t<div class='sp-eab-accordion-content-wrapper'>\n\t\t\t\t\t\t\t<div class='sp-eab-accordion-body'>\n\t\t\t    \t\t\t\t\n\n<p class=\"wp-block-paragraph\"><\/p>\n\n\t\t\t\t\t\t\t<\/div>\n\t\t\t\t\t\t<\/div>\n\t\t\t\t\t\t\t\t\t\t\t<\/div>\n\t\t\t\t<\/div>\n\t\t\t<\/div>\n\t\t\n\t\t\t\t<\/div>\n\t\t\t<\/div>\n\t\t<\/div>\n\t\t\n\t\t\t\t\t\t\t<\/div>\n\t\t\t\t\t\t<\/div>\n\t\t\t\t\t\t\t\t\t\t\t<\/div>\n\t\t\t\t<\/div>\n\t\t\t<\/div>\n\t\t\n\n\t\t\t<div\n\t\t\t\tid =\"sp-eab-item-eb8455deb24c\"\n\t\t\t\tclass=\"sp-eab-accordion-item eab-item-5887b5\"\n\t\t\t\t\t\t\t>\n\t\t\t\t<div class=\"sp-eab-accordion-item-wrapper\">\n\t\t\t\t\t\t\t\t<h3 class='sp-eab-accordion-heading sp-d-flex sp-align-center eab-heading-5887b5'\n\t\t\t\t\t\t>\n\t\t\t\t<span class='sp-eab-accordion-header-wrapper sp-d-flex sp-align-center eab-icon-position-end'>\n\t\t\t\t\t<span class='sp-eab-accordion-header-start sp-d-flex sp-justify-left sp-align-center'>\n\t\t\t\t\t\t<span class='sp-eab-title-subtitle-wrapper sp-d-flex'>\n\t\t\t\t\t\t\t<span class='sp-eab-accordion-title-wrapper sp-d-flex sp-align-center'>\n\t\t\t\t\t\t\t\t<span class='sp-eab-accordion-title-text'>\n\t\t\t\t\t\t\t\t\tSina de porto\t\t\t\t\t\t\t\t<\/span>\n\t\t\t\t\t\t\t<\/span>\n\t\t\t\t\t\t<\/span>\n\t\t\t\t\t<\/span>\n\t\t\t\t\t<span class='sp-eab-accordion-header-end eab-icon-animated'>\n\t\t\t\t\t\t\t\t\t\t\t\t<span class='sp-eab-expand-collapse-icon sp-d-block'>\n\t\t\t\t\t\t\t<i class='sp-eab-expand-icon eab-icon-double-angle-down'><\/i>\n\t\t\t\t\t\t\t<i class='sp-eab-collapse-icon eab-icon-double-angle-up'><\/i>\n\t\t\t\t\t\t<\/span>\n\t\t\t\t\t\t\t\t\t\t\t<\/span>\n\t\t\t\t<\/span>\n\t\t\t<\/h3>\n\t\t\t\t\t\t\t<!-- accordion body -->\n\t\t\t\t\t<div class='sp-eab-accordion-content eab-content-5887b5'>\n\t\t\t\t\t\t\t\t\t\t\t\t<div class='sp-eab-accordion-content-wrapper'>\n\t\t\t\t\t\t\t<div class='sp-eab-accordion-body'>\n\t\t\t    \t\t\t\t\n\t\t<div class=\"sp-easy-accordion-block sp-eab-regular-accordion alignwide\"\n\t\t\t\t>\n\t\t\t<div class=\"sp-eab-wrapper sp-eab-vertical-accordion sp-eab-c749894f0936\">\n\t\t\t\t\t\t\t\t<div class='sp-eab-accordion sp-eab-mode-vertical sp-eab-vertical-two sp-d-flex' data-accordion-settings=\"{&quot;mode&quot;:&quot;vertical&quot;,&quot;activeEvent&quot;:&quot;click&quot;,&quot;defaultAccordionOpen&quot;:&quot;close-all&quot;,&quot;selectedItemOpen&quot;:0,&quot;openMultiItemAtaTime&quot;:false,&quot;scrollToTopOnLoad&quot;:false,&quot;scrollToTopOnClick&quot;:false,&quot;accordionItemToUrl&quot;:false,&quot;animationEffect&quot;:false,&quot;applyAccessibility&quot;:true}\">\n        \t    \t\n\t\t\t<div\n\t\t\t\tid =\"sp-eab-item-5c2a7e53038e\"\n\t\t\t\tclass=\"sp-eab-accordion-item eab-item-4f0936\"\n\t\t\t\t\t\t\t>\n\t\t\t\t<div class=\"sp-eab-accordion-item-wrapper\">\n\t\t\t\t\t\t\t\t<h3 class='sp-eab-accordion-heading sp-d-flex sp-align-center eab-heading-4f0936'\n\t\t\t\t\t\t>\n\t\t\t\t<span class='sp-eab-accordion-header-wrapper sp-d-flex sp-align-center eab-icon-position-end'>\n\t\t\t\t\t<span class='sp-eab-accordion-header-start sp-d-flex sp-justify-left sp-align-center'>\n\t\t\t\t\t\t<span class='sp-eab-title-subtitle-wrapper sp-d-flex'>\n\t\t\t\t\t\t\t<span class='sp-eab-accordion-title-wrapper sp-d-flex sp-align-center'>\n\t\t\t\t\t\t\t\t<span class='sp-eab-accordion-title-text'>\n\t\t\t\t\t\t\t\t\t<strong>Texto<\/strong>: Celdo Braga<br><strong>Estreno<\/strong>: Everaldo Barbosa (tenor), Hilo Carriel (piano); 2022 <br><strong>Duraci\u00f3n:<\/strong> 2&#8217;30\u00bb <a href=\"https:\/\/borjamarino.com\/media\/\" target=\"_blank\" rel=\"noopener\">[ESCUCHAR]<\/a>\t\t\t\t\t\t\t\t<\/span>\n\t\t\t\t\t\t\t<\/span>\n\t\t\t\t\t\t<\/span>\n\t\t\t\t\t<\/span>\n\t\t\t\t\t<span class='sp-eab-accordion-header-end eab-icon-animated'>\n\t\t\t\t\t\t\t\t\t\t\t<\/span>\n\t\t\t\t<\/span>\n\t\t\t<\/h3>\n\t\t\t\t\t\t\t<!-- accordion body -->\n\t\t\t\t\t<div class='sp-eab-accordion-content eab-content-4f0936'>\n\t\t\t\t\t\t\t\t\t\t\t\t<div class='sp-eab-accordion-content-wrapper'>\n\t\t\t\t\t\t\t<div class='sp-eab-accordion-body'>\n\t\t\t    \t\t\t\t\n\n<p class=\"wp-block-paragraph\"><\/p>\n\n\t\t\t\t\t\t\t<\/div>\n\t\t\t\t\t\t<\/div>\n\t\t\t\t\t\t\t\t\t\t\t<\/div>\n\t\t\t\t<\/div>\n\t\t\t<\/div>\n\t\t\n\n\t\t\t<div\n\t\t\t\tid =\"sp-eab-item-a321f2558df1\"\n\t\t\t\tclass=\"sp-eab-accordion-item eab-item-4f0936\"\n\t\t\t\t\t\t\t>\n\t\t\t\t<div class=\"sp-eab-accordion-item-wrapper\">\n\t\t\t\t\t\t\t\t<h3 class='sp-eab-accordion-heading sp-d-flex sp-align-center eab-heading-4f0936'\n\t\t\t\t\t\t>\n\t\t\t\t<span class='sp-eab-accordion-header-wrapper sp-d-flex sp-align-center eab-icon-position-end'>\n\t\t\t\t\t<span class='sp-eab-accordion-header-start sp-d-flex sp-justify-left sp-align-center'>\n\t\t\t\t\t\t<span class='sp-eab-title-subtitle-wrapper sp-d-flex'>\n\t\t\t\t\t\t\t<span class='sp-eab-accordion-title-wrapper sp-d-flex sp-align-center'>\n\t\t\t\t\t\t\t\t<span class='sp-eab-accordion-title-text'>\n\t\t\t\t\t\t\t\t\t\u00daltimas interpretaciones:<br>&#8211; Everaldo Barbosa (tenor), Hilo Carriel (piano). Grabaci\u00f3n discogr\u00e1fica; 2022. <a href=\"https:\/\/open.spotify.com\/intl-es\/album\/6PANnHY7TLXAKDJhrCPCLk?si=EXIZffcXRqWQP1eFxWppAw\" target=\"_blank\" rel=\"noopener\">[Escuchar en Spotify]<\/a>\t\t\t\t\t\t\t\t<\/span>\n\t\t\t\t\t\t\t<\/span>\n\t\t\t\t\t\t<\/span>\n\t\t\t\t\t<\/span>\n\t\t\t\t\t<span class='sp-eab-accordion-header-end eab-icon-animated'>\n\t\t\t\t\t\t\t\t\t\t\t<\/span>\n\t\t\t\t<\/span>\n\t\t\t<\/h3>\n\t\t\t\t\t\t\t<!-- accordion body -->\n\t\t\t\t\t<div class='sp-eab-accordion-content eab-content-4f0936'>\n\t\t\t\t\t\t\t\t\t\t\t\t<div class='sp-eab-accordion-content-wrapper'>\n\t\t\t\t\t\t\t<div class='sp-eab-accordion-body'>\n\t\t\t    \t\t\t\t\n\n<p class=\"wp-block-paragraph\"><\/p>\n\n\t\t\t\t\t\t\t<\/div>\n\t\t\t\t\t\t<\/div>\n\t\t\t\t\t\t\t\t\t\t\t<\/div>\n\t\t\t\t<\/div>\n\t\t\t<\/div>\n\t\t\n\t\t\t\t<\/div>\n\t\t\t<\/div>\n\t\t<\/div>\n\t\t\n\t\t\t\t\t\t\t<\/div>\n\t\t\t\t\t\t<\/div>\n\t\t\t\t\t\t\t\t\t\t\t<\/div>\n\t\t\t\t<\/div>\n\t\t\t<\/div>\n\t\t\n\n\t\t\t<div\n\t\t\t\tid =\"sp-eab-item-eb8455deb24c\"\n\t\t\t\tclass=\"sp-eab-accordion-item eab-item-5887b5\"\n\t\t\t\t\t\t\t>\n\t\t\t\t<div class=\"sp-eab-accordion-item-wrapper\">\n\t\t\t\t\t\t\t\t<h3 class='sp-eab-accordion-heading sp-d-flex sp-align-center eab-heading-5887b5'\n\t\t\t\t\t\t>\n\t\t\t\t<span class='sp-eab-accordion-header-wrapper sp-d-flex sp-align-center eab-icon-position-end'>\n\t\t\t\t\t<span class='sp-eab-accordion-header-start sp-d-flex sp-justify-left sp-align-center'>\n\t\t\t\t\t\t<span class='sp-eab-title-subtitle-wrapper sp-d-flex'>\n\t\t\t\t\t\t\t<span class='sp-eab-accordion-title-wrapper sp-d-flex sp-align-center'>\n\t\t\t\t\t\t\t\t<span class='sp-eab-accordion-title-text'>\n\t\t\t\t\t\t\t\t\tCantiga sagrada (Cantiga VI)\t\t\t\t\t\t\t\t<\/span>\n\t\t\t\t\t\t\t<\/span>\n\t\t\t\t\t\t<\/span>\n\t\t\t\t\t<\/span>\n\t\t\t\t\t<span class='sp-eab-accordion-header-end eab-icon-animated'>\n\t\t\t\t\t\t\t\t\t\t\t\t<span class='sp-eab-expand-collapse-icon sp-d-block'>\n\t\t\t\t\t\t\t<i class='sp-eab-expand-icon eab-icon-double-angle-down'><\/i>\n\t\t\t\t\t\t\t<i class='sp-eab-collapse-icon eab-icon-double-angle-up'><\/i>\n\t\t\t\t\t\t<\/span>\n\t\t\t\t\t\t\t\t\t\t\t<\/span>\n\t\t\t\t<\/span>\n\t\t\t<\/h3>\n\t\t\t\t\t\t\t<!-- accordion body -->\n\t\t\t\t\t<div class='sp-eab-accordion-content eab-content-5887b5'>\n\t\t\t\t\t\t\t\t\t\t\t\t<div class='sp-eab-accordion-content-wrapper'>\n\t\t\t\t\t\t\t<div class='sp-eab-accordion-body'>\n\t\t\t    \t\t\t\t\n\t\t<div class=\"sp-easy-accordion-block sp-eab-regular-accordion alignwide\"\n\t\t\t\t>\n\t\t\t<div class=\"sp-eab-wrapper sp-eab-vertical-accordion sp-eab-c749894f0936\">\n\t\t\t\t\t\t\t\t<div class='sp-eab-accordion sp-eab-mode-vertical sp-eab-vertical-two sp-d-flex' data-accordion-settings=\"{&quot;mode&quot;:&quot;vertical&quot;,&quot;activeEvent&quot;:&quot;click&quot;,&quot;defaultAccordionOpen&quot;:&quot;close-all&quot;,&quot;selectedItemOpen&quot;:0,&quot;openMultiItemAtaTime&quot;:false,&quot;scrollToTopOnLoad&quot;:false,&quot;scrollToTopOnClick&quot;:false,&quot;accordionItemToUrl&quot;:false,&quot;animationEffect&quot;:false,&quot;applyAccessibility&quot;:true}\">\n        \t    \t\n\t\t\t<div\n\t\t\t\tid =\"sp-eab-item-5c2a7e53038e\"\n\t\t\t\tclass=\"sp-eab-accordion-item eab-item-4f0936\"\n\t\t\t\t\t\t\t>\n\t\t\t\t<div class=\"sp-eab-accordion-item-wrapper\">\n\t\t\t\t\t\t\t\t<h3 class='sp-eab-accordion-heading sp-d-flex sp-align-center eab-heading-4f0936'\n\t\t\t\t\t\t>\n\t\t\t\t<span class='sp-eab-accordion-header-wrapper sp-d-flex sp-align-center eab-icon-position-end'>\n\t\t\t\t\t<span class='sp-eab-accordion-header-start sp-d-flex sp-justify-left sp-align-center'>\n\t\t\t\t\t\t<span class='sp-eab-title-subtitle-wrapper sp-d-flex'>\n\t\t\t\t\t\t\t<span class='sp-eab-accordion-title-wrapper sp-d-flex sp-align-center'>\n\t\t\t\t\t\t\t\t<span class='sp-eab-accordion-title-text'>\n\t\t\t\t\t\t\t\t\t<strong>Texto<\/strong>: Mart\u00edn C\u00f3dax<br><strong>Estreno:<\/strong> Carolina Moncada (soprano), Borja Mari\u00f1o (piano); 2024 <br><strong>Duraci\u00f3n:<\/strong> 7&#8242; <a href=\"https:\/\/borjamarino.com\/media\/\" target=\"_blank\" rel=\"noopener\">[ESCUCHAR]<\/a>\t\t\t\t\t\t\t\t<\/span>\n\t\t\t\t\t\t\t<\/span>\n\t\t\t\t\t\t<\/span>\n\t\t\t\t\t<\/span>\n\t\t\t\t\t<span class='sp-eab-accordion-header-end eab-icon-animated'>\n\t\t\t\t\t\t\t\t\t\t\t<\/span>\n\t\t\t\t<\/span>\n\t\t\t<\/h3>\n\t\t\t\t\t\t\t<!-- accordion body -->\n\t\t\t\t\t<div class='sp-eab-accordion-content eab-content-4f0936'>\n\t\t\t\t\t\t\t\t\t\t\t\t<div class='sp-eab-accordion-content-wrapper'>\n\t\t\t\t\t\t\t<div class='sp-eab-accordion-body'>\n\t\t\t    \t\t\t\t\n\n<p class=\"wp-block-paragraph\"><\/p>\n\n\t\t\t\t\t\t\t<\/div>\n\t\t\t\t\t\t<\/div>\n\t\t\t\t\t\t\t\t\t\t\t<\/div>\n\t\t\t\t<\/div>\n\t\t\t<\/div>\n\t\t\n\n\t\t\t<div\n\t\t\t\tid =\"sp-eab-item-a321f2558df1\"\n\t\t\t\tclass=\"sp-eab-accordion-item eab-item-4f0936\"\n\t\t\t\t\t\t\t>\n\t\t\t\t<div class=\"sp-eab-accordion-item-wrapper\">\n\t\t\t\t\t\t\t\t<h3 class='sp-eab-accordion-heading sp-d-flex sp-align-center eab-heading-4f0936'\n\t\t\t\t\t\t>\n\t\t\t\t<span class='sp-eab-accordion-header-wrapper sp-d-flex sp-align-center eab-icon-position-end'>\n\t\t\t\t\t<span class='sp-eab-accordion-header-start sp-d-flex sp-justify-left sp-align-center'>\n\t\t\t\t\t\t<span class='sp-eab-title-subtitle-wrapper sp-d-flex'>\n\t\t\t\t\t\t\t<span class='sp-eab-accordion-title-wrapper sp-d-flex sp-align-center'>\n\t\t\t\t\t\t\t\t<span class='sp-eab-accordion-title-text'>\n\t\t\t\t\t\t\t\t\t\u00daltimas interpretaciones:<br> &#8211; Mar Mor\u00e1n (soprano), Borja Mari\u00f1o (piano). Teatro de la Zarzuela, Madrid; 29 de abril, 2025. <br>&#8211; Carolina Moncada (soprano), Borja Mari\u00f1o (piano). Recital, Cidade da Cultura, Santiago de Compostela, 2 de abril, 2023. <a href=\"https:\/\/www.youtube.com\/watch?v=IxeyPZkjIPU\" target=\"_blank\" rel=\"noopener\">[Ver en YouTube]<\/a><br>\t\t\t\t\t\t\t\t<\/span>\n\t\t\t\t\t\t\t<\/span>\n\t\t\t\t\t\t<\/span>\n\t\t\t\t\t<\/span>\n\t\t\t\t\t<span class='sp-eab-accordion-header-end eab-icon-animated'>\n\t\t\t\t\t\t\t\t\t\t\t<\/span>\n\t\t\t\t<\/span>\n\t\t\t<\/h3>\n\t\t\t\t\t\t\t<!-- accordion body -->\n\t\t\t\t\t<div class='sp-eab-accordion-content eab-content-4f0936'>\n\t\t\t\t\t\t\t\t\t\t\t\t<div class='sp-eab-accordion-content-wrapper'>\n\t\t\t\t\t\t\t<div class='sp-eab-accordion-body'>\n\t\t\t    \t\t\t\t\n\n<p class=\"wp-block-paragraph\"><\/p>\n\n\t\t\t\t\t\t\t<\/div>\n\t\t\t\t\t\t<\/div>\n\t\t\t\t\t\t\t\t\t\t\t<\/div>\n\t\t\t\t<\/div>\n\t\t\t<\/div>\n\t\t\n\t\t\t\t<\/div>\n\t\t\t<\/div>\n\t\t<\/div>\n\t\t\n\t\t\t\t\t\t\t<\/div>\n\t\t\t\t\t\t<\/div>\n\t\t\t\t\t\t\t\t\t\t\t<\/div>\n\t\t\t\t<\/div>\n\t\t\t<\/div>\n\t\t\n\n\t\t\t<div\n\t\t\t\tid =\"sp-eab-item-eb8455deb24c\"\n\t\t\t\tclass=\"sp-eab-accordion-item eab-item-5887b5\"\n\t\t\t\t\t\t\t>\n\t\t\t\t<div class=\"sp-eab-accordion-item-wrapper\">\n\t\t\t\t\t\t\t\t<h3 class='sp-eab-accordion-heading sp-d-flex sp-align-center eab-heading-5887b5'\n\t\t\t\t\t\t>\n\t\t\t\t<span class='sp-eab-accordion-header-wrapper sp-d-flex sp-align-center eab-icon-position-end'>\n\t\t\t\t\t<span class='sp-eab-accordion-header-start sp-d-flex sp-justify-left sp-align-center'>\n\t\t\t\t\t\t<span class='sp-eab-title-subtitle-wrapper sp-d-flex'>\n\t\t\t\t\t\t\t<span class='sp-eab-accordion-title-wrapper sp-d-flex sp-align-center'>\n\t\t\t\t\t\t\t\t<span class='sp-eab-accordion-title-text'>\n\t\t\t\t\t\t\t\t\tLa grama triste, habanera\t\t\t\t\t\t\t\t<\/span>\n\t\t\t\t\t\t\t<\/span>\n\t\t\t\t\t\t<\/span>\n\t\t\t\t\t<\/span>\n\t\t\t\t\t<span class='sp-eab-accordion-header-end eab-icon-animated'>\n\t\t\t\t\t\t\t\t\t\t\t\t<span class='sp-eab-expand-collapse-icon sp-d-block'>\n\t\t\t\t\t\t\t<i class='sp-eab-expand-icon eab-icon-double-angle-down'><\/i>\n\t\t\t\t\t\t\t<i class='sp-eab-collapse-icon eab-icon-double-angle-up'><\/i>\n\t\t\t\t\t\t<\/span>\n\t\t\t\t\t\t\t\t\t\t\t<\/span>\n\t\t\t\t<\/span>\n\t\t\t<\/h3>\n\t\t\t\t\t\t\t<!-- accordion body -->\n\t\t\t\t\t<div class='sp-eab-accordion-content eab-content-5887b5'>\n\t\t\t\t\t\t\t\t\t\t\t\t<div class='sp-eab-accordion-content-wrapper'>\n\t\t\t\t\t\t\t<div class='sp-eab-accordion-body'>\n\t\t\t    \t\t\t\t\n\t\t<div class=\"sp-easy-accordion-block sp-eab-regular-accordion alignwide\"\n\t\t\t\t>\n\t\t\t<div class=\"sp-eab-wrapper sp-eab-vertical-accordion sp-eab-c749894f0936\">\n\t\t\t\t\t\t\t\t<div class='sp-eab-accordion sp-eab-mode-vertical sp-eab-vertical-two sp-d-flex' data-accordion-settings=\"{&quot;mode&quot;:&quot;vertical&quot;,&quot;activeEvent&quot;:&quot;click&quot;,&quot;defaultAccordionOpen&quot;:&quot;close-all&quot;,&quot;selectedItemOpen&quot;:0,&quot;openMultiItemAtaTime&quot;:false,&quot;scrollToTopOnLoad&quot;:false,&quot;scrollToTopOnClick&quot;:false,&quot;accordionItemToUrl&quot;:false,&quot;animationEffect&quot;:false,&quot;applyAccessibility&quot;:true}\">\n        \t    \t\n\t\t\t<div\n\t\t\t\tid =\"sp-eab-item-5c2a7e53038e\"\n\t\t\t\tclass=\"sp-eab-accordion-item eab-item-4f0936\"\n\t\t\t\t\t\t\t>\n\t\t\t\t<div class=\"sp-eab-accordion-item-wrapper\">\n\t\t\t\t\t\t\t\t<h3 class='sp-eab-accordion-heading sp-d-flex sp-align-center eab-heading-4f0936'\n\t\t\t\t\t\t>\n\t\t\t\t<span class='sp-eab-accordion-header-wrapper sp-d-flex sp-align-center eab-icon-position-end'>\n\t\t\t\t\t<span class='sp-eab-accordion-header-start sp-d-flex sp-justify-left sp-align-center'>\n\t\t\t\t\t\t<span class='sp-eab-title-subtitle-wrapper sp-d-flex'>\n\t\t\t\t\t\t\t<span class='sp-eab-accordion-title-wrapper sp-d-flex sp-align-center'>\n\t\t\t\t\t\t\t\t<span class='sp-eab-accordion-title-text'>\n\t\t\t\t\t\t\t\t\t<strong>Texto<\/strong>: Antonio Gala<br><strong>Composici\u00f3n:<\/strong> 2022<strong> Estreno<\/strong>: Alex Garbey (tenor); Cuba, 2022. <br><strong>Duraci\u00f3n:<\/strong> 4&#8242; <a href=\"https:\/\/borjamarino.com\/media\/\" target=\"_blank\" rel=\"noopener\">[ESCUCHAR]<\/a>\t\t\t\t\t\t\t\t<\/span>\n\t\t\t\t\t\t\t<\/span>\n\t\t\t\t\t\t<\/span>\n\t\t\t\t\t<\/span>\n\t\t\t\t\t<span class='sp-eab-accordion-header-end eab-icon-animated'>\n\t\t\t\t\t\t\t\t\t\t\t<\/span>\n\t\t\t\t<\/span>\n\t\t\t<\/h3>\n\t\t\t\t\t\t\t<!-- accordion body -->\n\t\t\t\t\t<div class='sp-eab-accordion-content eab-content-4f0936'>\n\t\t\t\t\t\t\t\t\t\t\t\t<div class='sp-eab-accordion-content-wrapper'>\n\t\t\t\t\t\t\t<div class='sp-eab-accordion-body'>\n\t\t\t    \t\t\t\t\n\n<p class=\"wp-block-paragraph\"><\/p>\n\n\t\t\t\t\t\t\t<\/div>\n\t\t\t\t\t\t<\/div>\n\t\t\t\t\t\t\t\t\t\t\t<\/div>\n\t\t\t\t<\/div>\n\t\t\t<\/div>\n\t\t\n\n\t\t\t<div\n\t\t\t\tid =\"sp-eab-item-a321f2558df1\"\n\t\t\t\tclass=\"sp-eab-accordion-item eab-item-4f0936\"\n\t\t\t\t\t\t\t>\n\t\t\t\t<div class=\"sp-eab-accordion-item-wrapper\">\n\t\t\t\t\t\t\t\t<h3 class='sp-eab-accordion-heading sp-d-flex sp-align-center eab-heading-4f0936'\n\t\t\t\t\t\t>\n\t\t\t\t<span class='sp-eab-accordion-header-wrapper sp-d-flex sp-align-center eab-icon-position-end'>\n\t\t\t\t\t<span class='sp-eab-accordion-header-start sp-d-flex sp-justify-left sp-align-center'>\n\t\t\t\t\t\t<span class='sp-eab-title-subtitle-wrapper sp-d-flex'>\n\t\t\t\t\t\t\t<span class='sp-eab-accordion-title-wrapper sp-d-flex sp-align-center'>\n\t\t\t\t\t\t\t\t<span class='sp-eab-accordion-title-text'>\n\t\t\t\t\t\t\t\t\t\u00daltimas interpretaciones:<br>&#8211; Sandra Ferr\u00e1ndez (mezzosoprano), Irene Alfageme (piano). Festival de Mayorga; 23 de julio, 2026.<br>&#8211; Emmanuel Franco (bar\u00edtono), Daniel Ru\u00edz de Cenzano (piano). Teatro de la Zarzuela, Madrid; 14 de abril, 2026.<br>&#8211; Sandra Ferr\u00e1ndez (mezzosoprano), Irene Alfageme (piano). ADDA, Alicante; 6 de marzo, 2026.<br>&#8211; Santiago Mart\u00ednez (tenor), Juan Pablo Scafidi (piano). Caf\u00e9 Vinilo, Buenos Aires; 31 de agosto, 2025. <a href=\"https:\/\/youtu.be\/Ob9J2OggS2E?si=JVi1VhQwv71Qnub-\" target=\"_blank\" rel=\"noopener\">[Ver en YouTube]<\/a><br>&#8211; David Barrera (tenor), Borja Mari\u00f1o (piano). G\u00fcimar, Tenerife; 29 de junio, 2024.<br>&#8211; Carolina Moncada (soprano), Borja Mari\u00f1o (piano). Recital, Cidade da Cultura, Santiago de Compostela, 2 de abril, 2023. <a href=\"https:\/\/www.youtube.com\/watch?v=jdPUc1dW1nE\" target=\"_blank\" rel=\"noopener\">[Ver en YouTube]<\/a><br>&#8211; Sandra Ferr\u00e1ndez (mezzosoprano), Irene Alfageme (piano). Teatro de la Zarzuela, Madrid; 1 de abril, 2024. <a href=\"https:\/\/youtu.be\/2ZvhRwo1g1E?si=Ka7G05X1R3v0MxBj\" target=\"_blank\" rel=\"noopener\">[Ver en YouTube]<\/a><br>&#8211; Joan La\u00ednez (tenor), Mar\u00eda Victoria Cort\u00e9s (piano). Recitales en Napoli y Bari; 10-11 de marzo; 2023. <a href=\"https:\/\/youtu.be\/NVEc5nj2jPo?si=_tdALnzOnx_wG7J1\" target=\"_blank\" rel=\"noopener\">[Ver en YouTube]<\/a>\t\t\t\t\t\t\t\t<\/span>\n\t\t\t\t\t\t\t<\/span>\n\t\t\t\t\t\t<\/span>\n\t\t\t\t\t<\/span>\n\t\t\t\t\t<span class='sp-eab-accordion-header-end eab-icon-animated'>\n\t\t\t\t\t\t\t\t\t\t\t<\/span>\n\t\t\t\t<\/span>\n\t\t\t<\/h3>\n\t\t\t\t\t\t\t<!-- accordion body -->\n\t\t\t\t\t<div class='sp-eab-accordion-content eab-content-4f0936'>\n\t\t\t\t\t\t\t\t\t\t\t\t<div class='sp-eab-accordion-content-wrapper'>\n\t\t\t\t\t\t\t<div class='sp-eab-accordion-body'>\n\t\t\t    \t\t\t\t\n\n<p class=\"wp-block-paragraph\"><\/p>\n\n\t\t\t\t\t\t\t<\/div>\n\t\t\t\t\t\t<\/div>\n\t\t\t\t\t\t\t\t\t\t\t<\/div>\n\t\t\t\t<\/div>\n\t\t\t<\/div>\n\t\t\n\t\t\t\t<\/div>\n\t\t\t<\/div>\n\t\t<\/div>\n\t\t\n\t\t\t\t\t\t\t<\/div>\n\t\t\t\t\t\t<\/div>\n\t\t\t\t\t\t\t\t\t\t\t<\/div>\n\t\t\t\t<\/div>\n\t\t\t<\/div>\n\t\t\n\n\t\t\t<div\n\t\t\t\tid =\"sp-eab-item-eb8455deb24c\"\n\t\t\t\tclass=\"sp-eab-accordion-item eab-item-5887b5\"\n\t\t\t\t\t\t\t>\n\t\t\t\t<div class=\"sp-eab-accordion-item-wrapper\">\n\t\t\t\t\t\t\t\t<h3 class='sp-eab-accordion-heading sp-d-flex sp-align-center eab-heading-5887b5'\n\t\t\t\t\t\t>\n\t\t\t\t<span class='sp-eab-accordion-header-wrapper sp-d-flex sp-align-center eab-icon-position-end'>\n\t\t\t\t\t<span class='sp-eab-accordion-header-start sp-d-flex sp-justify-left sp-align-center'>\n\t\t\t\t\t\t<span class='sp-eab-title-subtitle-wrapper sp-d-flex'>\n\t\t\t\t\t\t\t<span class='sp-eab-accordion-title-wrapper sp-d-flex sp-align-center'>\n\t\t\t\t\t\t\t\t<span class='sp-eab-accordion-title-text'>\n\t\t\t\t\t\t\t\t\t\u00c9xtasis de Santa Teresa (Aria sacra)\t\t\t\t\t\t\t\t<\/span>\n\t\t\t\t\t\t\t<\/span>\n\t\t\t\t\t\t<\/span>\n\t\t\t\t\t<\/span>\n\t\t\t\t\t<span class='sp-eab-accordion-header-end eab-icon-animated'>\n\t\t\t\t\t\t\t\t\t\t\t\t<span class='sp-eab-expand-collapse-icon sp-d-block'>\n\t\t\t\t\t\t\t<i class='sp-eab-expand-icon eab-icon-double-angle-down'><\/i>\n\t\t\t\t\t\t\t<i class='sp-eab-collapse-icon eab-icon-double-angle-up'><\/i>\n\t\t\t\t\t\t<\/span>\n\t\t\t\t\t\t\t\t\t\t\t<\/span>\n\t\t\t\t<\/span>\n\t\t\t<\/h3>\n\t\t\t\t\t\t\t<!-- accordion body -->\n\t\t\t\t\t<div class='sp-eab-accordion-content eab-content-5887b5'>\n\t\t\t\t\t\t\t\t\t\t\t\t<div class='sp-eab-accordion-content-wrapper'>\n\t\t\t\t\t\t\t<div class='sp-eab-accordion-body'>\n\t\t\t    \t\t\t\t\n\t\t<div class=\"sp-easy-accordion-block sp-eab-regular-accordion alignwide\"\n\t\t\t\t>\n\t\t\t<div class=\"sp-eab-wrapper sp-eab-vertical-accordion sp-eab-c749894f0936\">\n\t\t\t\t\t\t\t\t<div class='sp-eab-accordion sp-eab-mode-vertical sp-eab-vertical-two sp-d-flex' data-accordion-settings=\"{&quot;mode&quot;:&quot;vertical&quot;,&quot;activeEvent&quot;:&quot;click&quot;,&quot;defaultAccordionOpen&quot;:&quot;close-all&quot;,&quot;selectedItemOpen&quot;:0,&quot;openMultiItemAtaTime&quot;:false,&quot;scrollToTopOnLoad&quot;:false,&quot;scrollToTopOnClick&quot;:false,&quot;accordionItemToUrl&quot;:false,&quot;animationEffect&quot;:false,&quot;applyAccessibility&quot;:true}\">\n        \t    \t\n\t\t\t<div\n\t\t\t\tid =\"sp-eab-item-5c2a7e53038e\"\n\t\t\t\tclass=\"sp-eab-accordion-item eab-item-4f0936\"\n\t\t\t\t\t\t\t>\n\t\t\t\t<div class=\"sp-eab-accordion-item-wrapper\">\n\t\t\t\t\t\t\t\t<h3 class='sp-eab-accordion-heading sp-d-flex sp-align-center eab-heading-4f0936'\n\t\t\t\t\t\t>\n\t\t\t\t<span class='sp-eab-accordion-header-wrapper sp-d-flex sp-align-center eab-icon-position-end'>\n\t\t\t\t\t<span class='sp-eab-accordion-header-start sp-d-flex sp-justify-left sp-align-center'>\n\t\t\t\t\t\t<span class='sp-eab-title-subtitle-wrapper sp-d-flex'>\n\t\t\t\t\t\t\t<span class='sp-eab-accordion-title-wrapper sp-d-flex sp-align-center'>\n\t\t\t\t\t\t\t\t<span class='sp-eab-accordion-title-text'>\n\t\t\t\t\t\t\t\t\t<strong>Texto<\/strong>: Teresa de Jes\u00fas<br><strong>Composici\u00f3n:<\/strong> 2025<strong> Estreno<\/strong> Pendiente <br><strong>Duraci\u00f3n:<\/strong> 5&#8242; \t\t\t\t\t\t\t\t<\/span>\n\t\t\t\t\t\t\t<\/span>\n\t\t\t\t\t\t<\/span>\n\t\t\t\t\t<\/span>\n\t\t\t\t\t<span class='sp-eab-accordion-header-end eab-icon-animated'>\n\t\t\t\t\t\t\t\t\t\t\t<\/span>\n\t\t\t\t<\/span>\n\t\t\t<\/h3>\n\t\t\t\t\t\t\t<!-- accordion body -->\n\t\t\t\t\t<div class='sp-eab-accordion-content eab-content-4f0936'>\n\t\t\t\t\t\t\t\t\t\t\t\t<div class='sp-eab-accordion-content-wrapper'>\n\t\t\t\t\t\t\t<div class='sp-eab-accordion-body'>\n\t\t\t    \t\t\t\t\n\n<p class=\"wp-block-paragraph\"><\/p>\n\n\t\t\t\t\t\t\t<\/div>\n\t\t\t\t\t\t<\/div>\n\t\t\t\t\t\t\t\t\t\t\t<\/div>\n\t\t\t\t<\/div>\n\t\t\t<\/div>\n\t\t\n\t\t\t\t<\/div>\n\t\t\t<\/div>\n\t\t<\/div>\n\t\t\n\t\t\t\t\t\t\t<\/div>\n\t\t\t\t\t\t<\/div>\n\t\t\t\t\t\t\t\t\t\t\t<\/div>\n\t\t\t\t<\/div>\n\t\t\t<\/div>\n\t\t\n\n\t\t\t<div\n\t\t\t\tid =\"sp-eab-item-eb8455deb24c\"\n\t\t\t\tclass=\"sp-eab-accordion-item eab-item-5887b5\"\n\t\t\t\t\t\t\t>\n\t\t\t\t<div class=\"sp-eab-accordion-item-wrapper\">\n\t\t\t\t\t\t\t\t<h3 class='sp-eab-accordion-heading sp-d-flex sp-align-center eab-heading-5887b5'\n\t\t\t\t\t\t>\n\t\t\t\t<span class='sp-eab-accordion-header-wrapper sp-d-flex sp-align-center eab-icon-position-end'>\n\t\t\t\t\t<span class='sp-eab-accordion-header-start sp-d-flex sp-justify-left sp-align-center'>\n\t\t\t\t\t\t<span class='sp-eab-title-subtitle-wrapper sp-d-flex'>\n\t\t\t\t\t\t\t<span class='sp-eab-accordion-title-wrapper sp-d-flex sp-align-center'>\n\t\t\t\t\t\t\t\t<span class='sp-eab-accordion-title-text'>\n\t\t\t\t\t\t\t\t\tCantas en mi poema, casi una zamba\t\t\t\t\t\t\t\t<\/span>\n\t\t\t\t\t\t\t<\/span>\n\t\t\t\t\t\t<\/span>\n\t\t\t\t\t<\/span>\n\t\t\t\t\t<span class='sp-eab-accordion-header-end eab-icon-animated'>\n\t\t\t\t\t\t\t\t\t\t\t\t<span class='sp-eab-expand-collapse-icon sp-d-block'>\n\t\t\t\t\t\t\t<i class='sp-eab-expand-icon eab-icon-double-angle-down'><\/i>\n\t\t\t\t\t\t\t<i class='sp-eab-collapse-icon eab-icon-double-angle-up'><\/i>\n\t\t\t\t\t\t<\/span>\n\t\t\t\t\t\t\t\t\t\t\t<\/span>\n\t\t\t\t<\/span>\n\t\t\t<\/h3>\n\t\t\t\t\t\t\t<!-- accordion body -->\n\t\t\t\t\t<div class='sp-eab-accordion-content eab-content-5887b5'>\n\t\t\t\t\t\t\t\t\t\t\t\t<div class='sp-eab-accordion-content-wrapper'>\n\t\t\t\t\t\t\t<div class='sp-eab-accordion-body'>\n\t\t\t    \t\t\t\t\n\t\t<div class=\"sp-easy-accordion-block sp-eab-regular-accordion alignwide\"\n\t\t\t\t>\n\t\t\t<div class=\"sp-eab-wrapper sp-eab-vertical-accordion sp-eab-c749894f0936\">\n\t\t\t\t\t\t\t\t<div class='sp-eab-accordion sp-eab-mode-vertical sp-eab-vertical-two sp-d-flex' data-accordion-settings=\"{&quot;mode&quot;:&quot;vertical&quot;,&quot;activeEvent&quot;:&quot;click&quot;,&quot;defaultAccordionOpen&quot;:&quot;close-all&quot;,&quot;selectedItemOpen&quot;:0,&quot;openMultiItemAtaTime&quot;:false,&quot;scrollToTopOnLoad&quot;:false,&quot;scrollToTopOnClick&quot;:false,&quot;accordionItemToUrl&quot;:false,&quot;animationEffect&quot;:false,&quot;applyAccessibility&quot;:true}\">\n        \t    \t\n\t\t\t<div\n\t\t\t\tid =\"sp-eab-item-5c2a7e53038e\"\n\t\t\t\tclass=\"sp-eab-accordion-item eab-item-4f0936\"\n\t\t\t\t\t\t\t>\n\t\t\t\t<div class=\"sp-eab-accordion-item-wrapper\">\n\t\t\t\t\t\t\t\t<h3 class='sp-eab-accordion-heading sp-d-flex sp-align-center eab-heading-4f0936'\n\t\t\t\t\t\t>\n\t\t\t\t<span class='sp-eab-accordion-header-wrapper sp-d-flex sp-align-center eab-icon-position-end'>\n\t\t\t\t\t<span class='sp-eab-accordion-header-start sp-d-flex sp-justify-left sp-align-center'>\n\t\t\t\t\t\t<span class='sp-eab-title-subtitle-wrapper sp-d-flex'>\n\t\t\t\t\t\t\t<span class='sp-eab-accordion-title-wrapper sp-d-flex sp-align-center'>\n\t\t\t\t\t\t\t\t<span class='sp-eab-accordion-title-text'>\n\t\t\t\t\t\t\t\t\t<strong>Texto<\/strong>: Alejandra Pizarnik<br><strong>Composici\u00f3n:<\/strong> 2026<strong> Estreno<\/strong> Pendiente, dedicada a Mercedes Arcuri <br><strong>Duraci\u00f3n:<\/strong> 5&#8242; \t\t\t\t\t\t\t\t<\/span>\n\t\t\t\t\t\t\t<\/span>\n\t\t\t\t\t\t<\/span>\n\t\t\t\t\t<\/span>\n\t\t\t\t\t<span class='sp-eab-accordion-header-end eab-icon-animated'>\n\t\t\t\t\t\t\t\t\t\t\t<\/span>\n\t\t\t\t<\/span>\n\t\t\t<\/h3>\n\t\t\t\t\t\t\t<!-- accordion body -->\n\t\t\t\t\t<div class='sp-eab-accordion-content eab-content-4f0936'>\n\t\t\t\t\t\t\t\t\t\t\t\t<div class='sp-eab-accordion-content-wrapper'>\n\t\t\t\t\t\t\t<div class='sp-eab-accordion-body'>\n\t\t\t    \t\t\t\t\n\n<p class=\"wp-block-paragraph\"><\/p>\n\n\t\t\t\t\t\t\t<\/div>\n\t\t\t\t\t\t<\/div>\n\t\t\t\t\t\t\t\t\t\t\t<\/div>\n\t\t\t\t<\/div>\n\t\t\t<\/div>\n\t\t\n\t\t\t\t<\/div>\n\t\t\t<\/div>\n\t\t<\/div>\n\t\t\n\t\t\t\t\t\t\t<\/div>\n\t\t\t\t\t\t<\/div>\n\t\t\t\t\t\t\t\t\t\t\t<\/div>\n\t\t\t\t<\/div>\n\t\t\t<\/div>\n\t\t\n\t\t\t\t<\/div>\n\t\t\t<\/div>\n\t\t<\/div>\n\t\t\n\t\t\t\t\t\t\t<\/div>\n\t\t\t\t\t\t<\/div>\n\t\t\t\t\t\t\t\t\t\t\t<\/div>\n\t\t\t\t<\/div>\n\t\t\t<\/div>\n\t\t\n\n\t\t\t<div\n\t\t\t\tid =\"sp-eab-item-7e237093af89\"\n\t\t\t\tclass=\"sp-eab-accordion-item eab-item-99e797\"\n\t\t\t\t\t\t\t>\n\t\t\t\t<div class=\"sp-eab-accordion-item-wrapper\">\n\t\t\t\t\t\t\t\t<h3 class='sp-eab-accordion-heading sp-d-flex sp-align-center eab-heading-99e797'\n\t\t\t\t\t\t>\n\t\t\t\t<span class='sp-eab-accordion-header-wrapper sp-d-flex sp-align-center eab-icon-position-end'>\n\t\t\t\t\t<span class='sp-eab-accordion-header-start sp-d-flex sp-justify-left sp-align-center'>\n\t\t\t\t\t\t<span class='sp-eab-title-subtitle-wrapper sp-d-flex'>\n\t\t\t\t\t\t\t<span class='sp-eab-accordion-title-wrapper sp-d-flex sp-align-center'>\n\t\t\t\t\t\t\t\t<span class='sp-eab-accordion-title-text'>\n\t\t\t\t\t\t\t\t\tCANCIONES Y OBRAS<br>ORQUESTALES\t\t\t\t\t\t\t\t<\/span>\n\t\t\t\t\t\t\t<\/span>\n\t\t\t\t\t\t<\/span>\n\t\t\t\t\t<\/span>\n\t\t\t\t\t<span class='sp-eab-accordion-header-end eab-icon-animated'>\n\t\t\t\t\t\t\t\t\t\t\t\t<span class='sp-eab-expand-collapse-icon sp-d-block'>\n\t\t\t\t\t\t\t<i class='sp-eab-expand-icon eab-icon-triangle-down'><\/i>\n\t\t\t\t\t\t\t<i class='sp-eab-collapse-icon eab-icon-triangle-up'><\/i>\n\t\t\t\t\t\t<\/span>\n\t\t\t\t\t\t\t\t\t\t\t<\/span>\n\t\t\t\t<\/span>\n\t\t\t<\/h3>\n\t\t\t\t\t\t\t<!-- accordion body -->\n\t\t\t\t\t<div class='sp-eab-accordion-content eab-content-99e797'>\n\t\t\t\t\t\t\t\t\t\t\t\t<div class='sp-eab-accordion-content-wrapper'>\n\t\t\t\t\t\t\t<div class='sp-eab-accordion-body'>\n\t\t\t    \t\t\t\t\n\t\t<div class=\"sp-easy-accordion-block sp-eab-regular-accordion alignwide\"\n\t\t\t\t>\n\t\t\t<div class=\"sp-eab-wrapper sp-eab-vertical-accordion sp-eab-8149ce5887b5\">\n\t\t\t\t\t\t\t\t<div class='sp-eab-accordion sp-eab-mode-vertical sp-eab-vertical-two sp-d-flex' data-accordion-settings=\"{&quot;mode&quot;:&quot;vertical&quot;,&quot;activeEvent&quot;:&quot;click&quot;,&quot;defaultAccordionOpen&quot;:&quot;close-all&quot;,&quot;selectedItemOpen&quot;:0,&quot;openMultiItemAtaTime&quot;:false,&quot;scrollToTopOnLoad&quot;:false,&quot;scrollToTopOnClick&quot;:false,&quot;accordionItemToUrl&quot;:false,&quot;animationEffect&quot;:false,&quot;applyAccessibility&quot;:true}\">\n        \t    \t\n\t\t\t<div\n\t\t\t\tid =\"sp-eab-item-abca1b4ac47c\"\n\t\t\t\tclass=\"sp-eab-accordion-item eab-item-5887b5\"\n\t\t\t\t\t\t\t>\n\t\t\t\t<div class=\"sp-eab-accordion-item-wrapper\">\n\t\t\t\t\t\t\t\t<h3 class='sp-eab-accordion-heading sp-d-flex sp-align-center eab-heading-5887b5'\n\t\t\t\t\t\t>\n\t\t\t\t<span class='sp-eab-accordion-header-wrapper sp-d-flex sp-align-center eab-icon-position-end'>\n\t\t\t\t\t<span class='sp-eab-accordion-header-start sp-d-flex sp-justify-left sp-align-center'>\n\t\t\t\t\t\t<span class='sp-eab-title-subtitle-wrapper sp-d-flex'>\n\t\t\t\t\t\t\t<span class='sp-eab-accordion-title-wrapper sp-d-flex sp-align-center'>\n\t\t\t\t\t\t\t\t<span class='sp-eab-accordion-title-text'>\n\t\t\t\t\t\t\t\t\tCuatro canciones antiguas sobre textos sefard\u00edes (con orquesta)\t\t\t\t\t\t\t\t<\/span>\n\t\t\t\t\t\t\t<\/span>\n\t\t\t\t\t\t<\/span>\n\t\t\t\t\t<\/span>\n\t\t\t\t\t<span class='sp-eab-accordion-header-end eab-icon-animated'>\n\t\t\t\t\t\t\t\t\t\t\t\t<span class='sp-eab-expand-collapse-icon sp-d-block'>\n\t\t\t\t\t\t\t<i class='sp-eab-expand-icon eab-icon-double-angle-down'><\/i>\n\t\t\t\t\t\t\t<i class='sp-eab-collapse-icon eab-icon-double-angle-up'><\/i>\n\t\t\t\t\t\t<\/span>\n\t\t\t\t\t\t\t\t\t\t\t<\/span>\n\t\t\t\t<\/span>\n\t\t\t<\/h3>\n\t\t\t\t\t\t\t<!-- accordion body -->\n\t\t\t\t\t<div class='sp-eab-accordion-content eab-content-5887b5'>\n\t\t\t\t\t\t\t\t\t\t\t\t<div class='sp-eab-accordion-content-wrapper'>\n\t\t\t\t\t\t\t<div class='sp-eab-accordion-body'>\n\t\t\t    \t\t\t\t\n\t\t<div class=\"sp-easy-accordion-block sp-eab-regular-accordion alignwide\"\n\t\t\t\t>\n\t\t\t<div class=\"sp-eab-wrapper sp-eab-vertical-accordion sp-eab-c749894f0936\">\n\t\t\t\t\t\t\t\t<div class='sp-eab-accordion sp-eab-mode-vertical sp-eab-vertical-two sp-d-flex' data-accordion-settings=\"{&quot;mode&quot;:&quot;vertical&quot;,&quot;activeEvent&quot;:&quot;click&quot;,&quot;defaultAccordionOpen&quot;:&quot;close-all&quot;,&quot;selectedItemOpen&quot;:0,&quot;openMultiItemAtaTime&quot;:false,&quot;scrollToTopOnLoad&quot;:false,&quot;scrollToTopOnClick&quot;:false,&quot;accordionItemToUrl&quot;:false,&quot;animationEffect&quot;:false,&quot;applyAccessibility&quot;:true}\">\n        \t    \t\n\t\t\t<div\n\t\t\t\tid =\"sp-eab-item-5c2a7e53038e\"\n\t\t\t\tclass=\"sp-eab-accordion-item eab-item-4f0936\"\n\t\t\t\t\t\t\t>\n\t\t\t\t<div class=\"sp-eab-accordion-item-wrapper\">\n\t\t\t\t\t\t\t\t<h3 class='sp-eab-accordion-heading sp-d-flex sp-align-center eab-heading-4f0936'\n\t\t\t\t\t\t>\n\t\t\t\t<span class='sp-eab-accordion-header-wrapper sp-d-flex sp-align-center eab-icon-position-end'>\n\t\t\t\t\t<span class='sp-eab-accordion-header-start sp-d-flex sp-justify-left sp-align-center'>\n\t\t\t\t\t\t<span class='sp-eab-title-subtitle-wrapper sp-d-flex'>\n\t\t\t\t\t\t\t<span class='sp-eab-accordion-title-wrapper sp-d-flex sp-align-center'>\n\t\t\t\t\t\t\t\t<span class='sp-eab-accordion-title-text'>\n\t\t\t\t\t\t\t\t\tI. Demudada de mi amado<br>II. Altas voces doloridas<br>III. La cabecita a la luna<br>IV. Juego de ni\u00f1os. <br><strong>Textos:<\/strong> populares. <br><strong>Estreno:<\/strong> 2012 <br><strong>Duraci\u00f3n:<\/strong> 10&#8242; <a href=\"https:\/\/borjamarino.com\/media\/\" target=\"_blank\" rel=\"noopener\">[ESCUCHAR]<\/a> \t\t\t\t\t\t\t\t<\/span>\n\t\t\t\t\t\t\t<\/span>\n\t\t\t\t\t\t<\/span>\n\t\t\t\t\t<\/span>\n\t\t\t\t\t<span class='sp-eab-accordion-header-end eab-icon-animated'>\n\t\t\t\t\t\t\t\t\t\t\t<\/span>\n\t\t\t\t<\/span>\n\t\t\t<\/h3>\n\t\t\t\t\t\t\t<!-- accordion body -->\n\t\t\t\t\t<div class='sp-eab-accordion-content eab-content-4f0936'>\n\t\t\t\t\t\t\t\t\t\t\t\t<div class='sp-eab-accordion-content-wrapper'>\n\t\t\t\t\t\t\t<div class='sp-eab-accordion-body'>\n\t\t\t    \t\t\t\t\n\n<p class=\"wp-block-paragraph\"><\/p>\n\n\t\t\t\t\t\t\t<\/div>\n\t\t\t\t\t\t<\/div>\n\t\t\t\t\t\t\t\t\t\t\t<\/div>\n\t\t\t\t<\/div>\n\t\t\t<\/div>\n\t\t\n\n\t\t\t<div\n\t\t\t\tid =\"sp-eab-item-a321f2558df1\"\n\t\t\t\tclass=\"sp-eab-accordion-item eab-item-4f0936\"\n\t\t\t\t\t\t\t>\n\t\t\t\t<div class=\"sp-eab-accordion-item-wrapper\">\n\t\t\t\t\t\t\t\t<h3 class='sp-eab-accordion-heading sp-d-flex sp-align-center eab-heading-4f0936'\n\t\t\t\t\t\t>\n\t\t\t\t<span class='sp-eab-accordion-header-wrapper sp-d-flex sp-align-center eab-icon-position-end'>\n\t\t\t\t\t<span class='sp-eab-accordion-header-start sp-d-flex sp-justify-left sp-align-center'>\n\t\t\t\t\t\t<span class='sp-eab-title-subtitle-wrapper sp-d-flex'>\n\t\t\t\t\t\t\t<span class='sp-eab-accordion-title-wrapper sp-d-flex sp-align-center'>\n\t\t\t\t\t\t\t\t<span class='sp-eab-accordion-title-text'>\n\t\t\t\t\t\t\t\t\t\u00daltimas interpretaciones: <br>&#8211; Mercedes Arcuri (soprano), Alejandro Jass\u00e1n (director), Asociaci\u00f3n de Profesores de la Orquesta Estable del Teatro Col\u00f3n. Palacio de la Libertad, Buenos Aires; 9 de diciembre, 2025. <a href=\"https:\/\/youtu.be\/hEaCxuDtqlI\" target=\"_blank\" rel=\"noopener\">[Ver en YouTube]<\/a><br>&#8211; Saioa Hern\u00e1ndez (soprano), Alejandro Jass\u00e1n (director), Orquesta Sinf\u00f3nica Chamart\u00edn. Auditorio Nacional, Madrid; 25 de febrero, 2012. <a href=\"https:\/\/www.youtube.com\/watch?v=u5Pvhk7X7T0&amp;t=1s\" target=\"_blank\" rel=\"noopener\">[Ver en YouTube]<\/a>\t\t\t\t\t\t\t\t<\/span>\n\t\t\t\t\t\t\t<\/span>\n\t\t\t\t\t\t<\/span>\n\t\t\t\t\t<\/span>\n\t\t\t\t\t<span class='sp-eab-accordion-header-end eab-icon-animated'>\n\t\t\t\t\t\t\t\t\t\t\t<\/span>\n\t\t\t\t<\/span>\n\t\t\t<\/h3>\n\t\t\t\t\t\t\t<!-- accordion body -->\n\t\t\t\t\t<div class='sp-eab-accordion-content eab-content-4f0936'>\n\t\t\t\t\t\t\t\t\t\t\t\t<div class='sp-eab-accordion-content-wrapper'>\n\t\t\t\t\t\t\t<div class='sp-eab-accordion-body'>\n\t\t\t    \t\t\t\t\n\n<p class=\"wp-block-paragraph\"><\/p>\n\n\t\t\t\t\t\t\t<\/div>\n\t\t\t\t\t\t<\/div>\n\t\t\t\t\t\t\t\t\t\t\t<\/div>\n\t\t\t\t<\/div>\n\t\t\t<\/div>\n\t\t\n\t\t\t\t<\/div>\n\t\t\t<\/div>\n\t\t<\/div>\n\t\t\n\t\t\t\t\t\t\t<\/div>\n\t\t\t\t\t\t<\/div>\n\t\t\t\t\t\t\t\t\t\t\t<\/div>\n\t\t\t\t<\/div>\n\t\t\t<\/div>\n\t\t\n\n\t\t\t<div\n\t\t\t\tid =\"sp-eab-item-eb8455deb24c\"\n\t\t\t\tclass=\"sp-eab-accordion-item eab-item-5887b5\"\n\t\t\t\t\t\t\t>\n\t\t\t\t<div class=\"sp-eab-accordion-item-wrapper\">\n\t\t\t\t\t\t\t\t<h3 class='sp-eab-accordion-heading sp-d-flex sp-align-center eab-heading-5887b5'\n\t\t\t\t\t\t>\n\t\t\t\t<span class='sp-eab-accordion-header-wrapper sp-d-flex sp-align-center eab-icon-position-end'>\n\t\t\t\t\t<span class='sp-eab-accordion-header-start sp-d-flex sp-justify-left sp-align-center'>\n\t\t\t\t\t\t<span class='sp-eab-title-subtitle-wrapper sp-d-flex'>\n\t\t\t\t\t\t\t<span class='sp-eab-accordion-title-wrapper sp-d-flex sp-align-center'>\n\t\t\t\t\t\t\t\t<span class='sp-eab-accordion-title-text'>\n\t\t\t\t\t\t\t\t\tLe petit prince (suite para un actor y orquesta)\t\t\t\t\t\t\t\t<\/span>\n\t\t\t\t\t\t\t<\/span>\n\t\t\t\t\t\t<\/span>\n\t\t\t\t\t<\/span>\n\t\t\t\t\t<span class='sp-eab-accordion-header-end eab-icon-animated'>\n\t\t\t\t\t\t\t\t\t\t\t\t<span class='sp-eab-expand-collapse-icon sp-d-block'>\n\t\t\t\t\t\t\t<i class='sp-eab-expand-icon eab-icon-double-angle-down'><\/i>\n\t\t\t\t\t\t\t<i class='sp-eab-collapse-icon eab-icon-double-angle-up'><\/i>\n\t\t\t\t\t\t<\/span>\n\t\t\t\t\t\t\t\t\t\t\t<\/span>\n\t\t\t\t<\/span>\n\t\t\t<\/h3>\n\t\t\t\t\t\t\t<!-- accordion body -->\n\t\t\t\t\t<div class='sp-eab-accordion-content eab-content-5887b5'>\n\t\t\t\t\t\t\t\t\t\t\t\t<div class='sp-eab-accordion-content-wrapper'>\n\t\t\t\t\t\t\t<div class='sp-eab-accordion-body'>\n\t\t\t    \t\t\t\t\n\t\t<div class=\"sp-easy-accordion-block sp-eab-regular-accordion alignwide\"\n\t\t\t\t>\n\t\t\t<div class=\"sp-eab-wrapper sp-eab-vertical-accordion sp-eab-c749894f0936\">\n\t\t\t\t\t\t\t\t<div class='sp-eab-accordion sp-eab-mode-vertical sp-eab-vertical-two sp-d-flex' data-accordion-settings=\"{&quot;mode&quot;:&quot;vertical&quot;,&quot;activeEvent&quot;:&quot;click&quot;,&quot;defaultAccordionOpen&quot;:&quot;close-all&quot;,&quot;selectedItemOpen&quot;:0,&quot;openMultiItemAtaTime&quot;:false,&quot;scrollToTopOnLoad&quot;:false,&quot;scrollToTopOnClick&quot;:false,&quot;accordionItemToUrl&quot;:false,&quot;animationEffect&quot;:false,&quot;applyAccessibility&quot;:true}\">\n        \t    \t\n\t\t\t<div\n\t\t\t\tid =\"sp-eab-item-5c2a7e53038e\"\n\t\t\t\tclass=\"sp-eab-accordion-item eab-item-4f0936\"\n\t\t\t\t\t\t\t>\n\t\t\t\t<div class=\"sp-eab-accordion-item-wrapper\">\n\t\t\t\t\t\t\t\t<h3 class='sp-eab-accordion-heading sp-d-flex sp-align-center eab-heading-4f0936'\n\t\t\t\t\t\t>\n\t\t\t\t<span class='sp-eab-accordion-header-wrapper sp-d-flex sp-align-center eab-icon-position-end'>\n\t\t\t\t\t<span class='sp-eab-accordion-header-start sp-d-flex sp-justify-left sp-align-center'>\n\t\t\t\t\t\t<span class='sp-eab-title-subtitle-wrapper sp-d-flex'>\n\t\t\t\t\t\t\t<span class='sp-eab-accordion-title-wrapper sp-d-flex sp-align-center'>\n\t\t\t\t\t\t\t\t<span class='sp-eab-accordion-title-text'>\n\t\t\t\t\t\t\t\t\t<strong>Composici\u00f3n:<\/strong> 2019<strong> Estreno:<\/strong> 2025 <br><strong>Duraci\u00f3n:<\/strong> 30&#8242; <a href=\"https:\/\/borjamarino.com\/media\/\" target=\"_blank\" rel=\"noopener\">[ESCUCHAR]<\/a>\t\t\t\t\t\t\t\t<\/span>\n\t\t\t\t\t\t\t<\/span>\n\t\t\t\t\t\t<\/span>\n\t\t\t\t\t<\/span>\n\t\t\t\t\t<span class='sp-eab-accordion-header-end eab-icon-animated'>\n\t\t\t\t\t\t\t\t\t\t\t<\/span>\n\t\t\t\t<\/span>\n\t\t\t<\/h3>\n\t\t\t\t\t\t\t<!-- accordion body -->\n\t\t\t\t\t<div class='sp-eab-accordion-content eab-content-4f0936'>\n\t\t\t\t\t\t\t\t\t\t\t\t<div class='sp-eab-accordion-content-wrapper'>\n\t\t\t\t\t\t\t<div class='sp-eab-accordion-body'>\n\t\t\t    \t\t\t\t\n\n<p class=\"wp-block-paragraph\"><\/p>\n\n\t\t\t\t\t\t\t<\/div>\n\t\t\t\t\t\t<\/div>\n\t\t\t\t\t\t\t\t\t\t\t<\/div>\n\t\t\t\t<\/div>\n\t\t\t<\/div>\n\t\t\n\n\t\t\t<div\n\t\t\t\tid =\"sp-eab-item-a321f2558df1\"\n\t\t\t\tclass=\"sp-eab-accordion-item eab-item-4f0936\"\n\t\t\t\t\t\t\t>\n\t\t\t\t<div class=\"sp-eab-accordion-item-wrapper\">\n\t\t\t\t\t\t\t\t<h3 class='sp-eab-accordion-heading sp-d-flex sp-align-center eab-heading-4f0936'\n\t\t\t\t\t\t>\n\t\t\t\t<span class='sp-eab-accordion-header-wrapper sp-d-flex sp-align-center eab-icon-position-end'>\n\t\t\t\t\t<span class='sp-eab-accordion-header-start sp-d-flex sp-justify-left sp-align-center'>\n\t\t\t\t\t\t<span class='sp-eab-title-subtitle-wrapper sp-d-flex'>\n\t\t\t\t\t\t\t<span class='sp-eab-accordion-title-wrapper sp-d-flex sp-align-center'>\n\t\t\t\t\t\t\t\t<span class='sp-eab-accordion-title-text'>\n\t\t\t\t\t\t\t\t\t\u00daltimas interpretaciones: Gemma Camps (directora), Orquesta de la Universidad Rey Juan Carlos. Teatro Carlos III (Aranjuez); 10 de abril, 2025.\t\t\t\t\t\t\t\t<\/span>\n\t\t\t\t\t\t\t<\/span>\n\t\t\t\t\t\t<\/span>\n\t\t\t\t\t<\/span>\n\t\t\t\t\t<span class='sp-eab-accordion-header-end eab-icon-animated'>\n\t\t\t\t\t\t\t\t\t\t\t<\/span>\n\t\t\t\t<\/span>\n\t\t\t<\/h3>\n\t\t\t\t\t\t\t<!-- accordion body -->\n\t\t\t\t\t<div class='sp-eab-accordion-content eab-content-4f0936'>\n\t\t\t\t\t\t\t\t\t\t\t\t<div class='sp-eab-accordion-content-wrapper'>\n\t\t\t\t\t\t\t<div class='sp-eab-accordion-body'>\n\t\t\t    \t\t\t\t\n\n<p class=\"wp-block-paragraph\"><\/p>\n\n\t\t\t\t\t\t\t<\/div>\n\t\t\t\t\t\t<\/div>\n\t\t\t\t\t\t\t\t\t\t\t<\/div>\n\t\t\t\t<\/div>\n\t\t\t<\/div>\n\t\t\n\t\t\t\t<\/div>\n\t\t\t<\/div>\n\t\t<\/div>\n\t\t\n\t\t\t\t\t\t\t<\/div>\n\t\t\t\t\t\t<\/div>\n\t\t\t\t\t\t\t\t\t\t\t<\/div>\n\t\t\t\t<\/div>\n\t\t\t<\/div>\n\t\t\n\n\t\t\t<div\n\t\t\t\tid =\"sp-eab-item-eb8455deb24c\"\n\t\t\t\tclass=\"sp-eab-accordion-item eab-item-5887b5\"\n\t\t\t\t\t\t\t>\n\t\t\t\t<div class=\"sp-eab-accordion-item-wrapper\">\n\t\t\t\t\t\t\t\t<h3 class='sp-eab-accordion-heading sp-d-flex sp-align-center eab-heading-5887b5'\n\t\t\t\t\t\t>\n\t\t\t\t<span class='sp-eab-accordion-header-wrapper sp-d-flex sp-align-center eab-icon-position-end'>\n\t\t\t\t\t<span class='sp-eab-accordion-header-start sp-d-flex sp-justify-left sp-align-center'>\n\t\t\t\t\t\t<span class='sp-eab-title-subtitle-wrapper sp-d-flex'>\n\t\t\t\t\t\t\t<span class='sp-eab-accordion-title-wrapper sp-d-flex sp-align-center'>\n\t\t\t\t\t\t\t\t<span class='sp-eab-accordion-title-text'>\n\t\t\t\t\t\t\t\t\tTres p\u00e1ginas de Fuenteovejuna (canciones con orquesta)\t\t\t\t\t\t\t\t<\/span>\n\t\t\t\t\t\t\t<\/span>\n\t\t\t\t\t\t<\/span>\n\t\t\t\t\t<\/span>\n\t\t\t\t\t<span class='sp-eab-accordion-header-end eab-icon-animated'>\n\t\t\t\t\t\t\t\t\t\t\t\t<span class='sp-eab-expand-collapse-icon sp-d-block'>\n\t\t\t\t\t\t\t<i class='sp-eab-expand-icon eab-icon-double-angle-down'><\/i>\n\t\t\t\t\t\t\t<i class='sp-eab-collapse-icon eab-icon-double-angle-up'><\/i>\n\t\t\t\t\t\t<\/span>\n\t\t\t\t\t\t\t\t\t\t\t<\/span>\n\t\t\t\t<\/span>\n\t\t\t<\/h3>\n\t\t\t\t\t\t\t<!-- accordion body -->\n\t\t\t\t\t<div class='sp-eab-accordion-content eab-content-5887b5'>\n\t\t\t\t\t\t\t\t\t\t\t\t<div class='sp-eab-accordion-content-wrapper'>\n\t\t\t\t\t\t\t<div class='sp-eab-accordion-body'>\n\t\t\t    \t\t\t\t\n\t\t<div class=\"sp-easy-accordion-block sp-eab-regular-accordion alignwide\"\n\t\t\t\t>\n\t\t\t<div class=\"sp-eab-wrapper sp-eab-vertical-accordion sp-eab-c749894f0936\">\n\t\t\t\t\t\t\t\t<div class='sp-eab-accordion sp-eab-mode-vertical sp-eab-vertical-two sp-d-flex' data-accordion-settings=\"{&quot;mode&quot;:&quot;vertical&quot;,&quot;activeEvent&quot;:&quot;click&quot;,&quot;defaultAccordionOpen&quot;:&quot;close-all&quot;,&quot;selectedItemOpen&quot;:0,&quot;openMultiItemAtaTime&quot;:false,&quot;scrollToTopOnLoad&quot;:false,&quot;scrollToTopOnClick&quot;:false,&quot;accordionItemToUrl&quot;:false,&quot;animationEffect&quot;:false,&quot;applyAccessibility&quot;:true}\">\n        \t    \t\n\t\t\t<div\n\t\t\t\tid =\"sp-eab-item-5c2a7e53038e\"\n\t\t\t\tclass=\"sp-eab-accordion-item eab-item-4f0936\"\n\t\t\t\t\t\t\t>\n\t\t\t\t<div class=\"sp-eab-accordion-item-wrapper\">\n\t\t\t\t\t\t\t\t<h3 class='sp-eab-accordion-heading sp-d-flex sp-align-center eab-heading-4f0936'\n\t\t\t\t\t\t>\n\t\t\t\t<span class='sp-eab-accordion-header-wrapper sp-d-flex sp-align-center eab-icon-position-end'>\n\t\t\t\t\t<span class='sp-eab-accordion-header-start sp-d-flex sp-justify-left sp-align-center'>\n\t\t\t\t\t\t<span class='sp-eab-title-subtitle-wrapper sp-d-flex'>\n\t\t\t\t\t\t\t<span class='sp-eab-accordion-title-wrapper sp-d-flex sp-align-center'>\n\t\t\t\t\t\t\t\t<span class='sp-eab-accordion-title-text'>\n\t\t\t\t\t\t\t\t\tI. Soy, aunque polla, muy dura<br>II. A medio torcer los pa\u00f1os<br>III. Llev\u00f3me de vuestros ojos<br><strong>Texto:<\/strong> Lope de Vega<br><strong>Composici\u00f3n:<\/strong> 2020<strong> Estreno:<\/strong> Pendiente<br><strong>Duraci\u00f3n:<\/strong> 13&#8242;\t\t\t\t\t\t\t\t<\/span>\n\t\t\t\t\t\t\t<\/span>\n\t\t\t\t\t\t<\/span>\n\t\t\t\t\t<\/span>\n\t\t\t\t\t<span class='sp-eab-accordion-header-end eab-icon-animated'>\n\t\t\t\t\t\t\t\t\t\t\t<\/span>\n\t\t\t\t<\/span>\n\t\t\t<\/h3>\n\t\t\t\t\t\t\t<!-- accordion body -->\n\t\t\t\t\t<div class='sp-eab-accordion-content eab-content-4f0936'>\n\t\t\t\t\t\t\t\t\t\t\t\t<div class='sp-eab-accordion-content-wrapper'>\n\t\t\t\t\t\t\t<div class='sp-eab-accordion-body'>\n\t\t\t    \t\t\t\t\n\n<p class=\"wp-block-paragraph\"><\/p>\n\n\t\t\t\t\t\t\t<\/div>\n\t\t\t\t\t\t<\/div>\n\t\t\t\t\t\t\t\t\t\t\t<\/div>\n\t\t\t\t<\/div>\n\t\t\t<\/div>\n\t\t\n\t\t\t\t<\/div>\n\t\t\t<\/div>\n\t\t<\/div>\n\t\t\n\t\t\t\t\t\t\t<\/div>\n\t\t\t\t\t\t<\/div>\n\t\t\t\t\t\t\t\t\t\t\t<\/div>\n\t\t\t\t<\/div>\n\t\t\t<\/div>\n\t\t\n\n\t\t\t<div\n\t\t\t\tid =\"sp-eab-item-5e0a5add1c95\"\n\t\t\t\tclass=\"sp-eab-accordion-item eab-item-5887b5\"\n\t\t\t\t\t\t\t>\n\t\t\t\t<div class=\"sp-eab-accordion-item-wrapper\">\n\t\t\t\t\t\t\t\t<h3 class='sp-eab-accordion-heading sp-d-flex sp-align-center eab-heading-5887b5'\n\t\t\t\t\t\t>\n\t\t\t\t<span class='sp-eab-accordion-header-wrapper sp-d-flex sp-align-center eab-icon-position-end'>\n\t\t\t\t\t<span class='sp-eab-accordion-header-start sp-d-flex sp-justify-left sp-align-center'>\n\t\t\t\t\t\t<span class='sp-eab-title-subtitle-wrapper sp-d-flex'>\n\t\t\t\t\t\t\t<span class='sp-eab-accordion-title-wrapper sp-d-flex sp-align-center'>\n\t\t\t\t\t\t\t\t<span class='sp-eab-accordion-title-text'>\n\t\t\t\t\t\t\t\t\tArlanz\u00f3n (para orquesta cl\u00e1sica)\t\t\t\t\t\t\t\t<\/span>\n\t\t\t\t\t\t\t<\/span>\n\t\t\t\t\t\t<\/span>\n\t\t\t\t\t<\/span>\n\t\t\t\t\t<span class='sp-eab-accordion-header-end eab-icon-animated'>\n\t\t\t\t\t\t\t\t\t\t\t\t<span class='sp-eab-expand-collapse-icon sp-d-block'>\n\t\t\t\t\t\t\t<i class='sp-eab-expand-icon eab-icon-double-angle-down'><\/i>\n\t\t\t\t\t\t\t<i class='sp-eab-collapse-icon eab-icon-double-angle-up'><\/i>\n\t\t\t\t\t\t<\/span>\n\t\t\t\t\t\t\t\t\t\t\t<\/span>\n\t\t\t\t<\/span>\n\t\t\t<\/h3>\n\t\t\t\t\t\t\t<!-- accordion body -->\n\t\t\t\t\t<div class='sp-eab-accordion-content eab-content-5887b5'>\n\t\t\t\t\t\t\t\t\t\t\t\t<div class='sp-eab-accordion-content-wrapper'>\n\t\t\t\t\t\t\t<div class='sp-eab-accordion-body'>\n\t\t\t    \t\t\t\t\n\t\t<div class=\"sp-easy-accordion-block sp-eab-regular-accordion alignwide\"\n\t\t\t\t>\n\t\t\t<div class=\"sp-eab-wrapper sp-eab-vertical-accordion sp-eab-c749894f0936\">\n\t\t\t\t\t\t\t\t<div class='sp-eab-accordion sp-eab-mode-vertical sp-eab-vertical-two sp-d-flex' data-accordion-settings=\"{&quot;mode&quot;:&quot;vertical&quot;,&quot;activeEvent&quot;:&quot;click&quot;,&quot;defaultAccordionOpen&quot;:&quot;first-item&quot;,&quot;selectedItemOpen&quot;:0,&quot;openMultiItemAtaTime&quot;:false,&quot;scrollToTopOnLoad&quot;:false,&quot;scrollToTopOnClick&quot;:false,&quot;accordionItemToUrl&quot;:false,&quot;animationEffect&quot;:false,&quot;applyAccessibility&quot;:true}\">\n        \t    \t\n\t\t\t<div\n\t\t\t\tid =\"sp-eab-item-5c2a7e53038e\"\n\t\t\t\tclass=\"sp-eab-accordion-item eab-item-4f0936\"\n\t\t\t\t\t\t\t>\n\t\t\t\t<div class=\"sp-eab-accordion-item-wrapper\">\n\t\t\t\t\t\t\t\t<h3 class='sp-eab-accordion-heading sp-d-flex sp-align-center eab-heading-4f0936'\n\t\t\t\t\t\t>\n\t\t\t\t<span class='sp-eab-accordion-header-wrapper sp-d-flex sp-align-center eab-icon-position-end'>\n\t\t\t\t\t<span class='sp-eab-accordion-header-start sp-d-flex sp-justify-left sp-align-center'>\n\t\t\t\t\t\t<span class='sp-eab-title-subtitle-wrapper sp-d-flex'>\n\t\t\t\t\t\t\t<span class='sp-eab-accordion-title-wrapper sp-d-flex sp-align-center'>\n\t\t\t\t\t\t\t\t<span class='sp-eab-accordion-title-text'>\n\t\t\t\t\t\t\t\t\t<strong>Estreno:<\/strong> 2022 <br><strong>Duraci\u00f3n:<\/strong> 10&#8242; <a href=\"https:\/\/borjamarino.com\/media\/\" target=\"_blank\" rel=\"noopener\">[ESCUCHAR]<\/a> \t\t\t\t\t\t\t\t<\/span>\n\t\t\t\t\t\t\t<\/span>\n\t\t\t\t\t\t<\/span>\n\t\t\t\t\t<\/span>\n\t\t\t\t\t<span class='sp-eab-accordion-header-end eab-icon-animated'>\n\t\t\t\t\t\t\t\t\t\t\t<\/span>\n\t\t\t\t<\/span>\n\t\t\t<\/h3>\n\t\t\t\t\t\t\t<!-- accordion body -->\n\t\t\t\t\t<div class='sp-eab-accordion-content eab-content-4f0936'>\n\t\t\t\t\t\t\t\t\t\t\t\t<div class='sp-eab-accordion-content-wrapper'>\n\t\t\t\t\t\t\t<div class='sp-eab-accordion-body'>\n\t\t\t    \t\t\t\t\n\n<p class=\"wp-block-paragraph\"><\/p>\n\n\t\t\t\t\t\t\t<\/div>\n\t\t\t\t\t\t<\/div>\n\t\t\t\t\t\t\t\t\t\t\t<\/div>\n\t\t\t\t<\/div>\n\t\t\t<\/div>\n\t\t\n\n\t\t\t<div\n\t\t\t\tid =\"sp-eab-item-a321f2558df1\"\n\t\t\t\tclass=\"sp-eab-accordion-item eab-item-4f0936\"\n\t\t\t\t\t\t\t>\n\t\t\t\t<div class=\"sp-eab-accordion-item-wrapper\">\n\t\t\t\t\t\t\t\t<h3 class='sp-eab-accordion-heading sp-d-flex sp-align-center eab-heading-4f0936'\n\t\t\t\t\t\t>\n\t\t\t\t<span class='sp-eab-accordion-header-wrapper sp-d-flex sp-align-center eab-icon-position-end'>\n\t\t\t\t\t<span class='sp-eab-accordion-header-start sp-d-flex sp-justify-left sp-align-center'>\n\t\t\t\t\t\t<span class='sp-eab-title-subtitle-wrapper sp-d-flex'>\n\t\t\t\t\t\t\t<span class='sp-eab-accordion-title-wrapper sp-d-flex sp-align-center'>\n\t\t\t\t\t\t\t\t<span class='sp-eab-accordion-title-text'>\n\t\t\t\t\t\t\t\t\t\u00daltimas interpretaciones: <br>&#8211; Nicol\u00e1s Ravelli (director), Terra Nova, Xove Orquestra. Auditorio Fuxan os Ventos, Lugo; 28 y 29 de marzo, 2026.<br>&#8211; Pedro Bartolom\u00e9 (director), Joven Orquesta Sinf\u00f3nica de Burgos. Teatro Principal, Burgos; 27 de noviembre, 2022.\t\t\t\t\t\t\t\t<\/span>\n\t\t\t\t\t\t\t<\/span>\n\t\t\t\t\t\t<\/span>\n\t\t\t\t\t<\/span>\n\t\t\t\t\t<span class='sp-eab-accordion-header-end eab-icon-animated'>\n\t\t\t\t\t\t\t\t\t\t\t<\/span>\n\t\t\t\t<\/span>\n\t\t\t<\/h3>\n\t\t\t\t\t\t\t<!-- accordion body -->\n\t\t\t\t\t<div class='sp-eab-accordion-content eab-content-4f0936'>\n\t\t\t\t\t\t\t\t\t\t\t\t<div class='sp-eab-accordion-content-wrapper'>\n\t\t\t\t\t\t\t<div class='sp-eab-accordion-body'>\n\t\t\t    \t\t\t\t\n\n<p class=\"wp-block-paragraph\"><\/p>\n\n\t\t\t\t\t\t\t<\/div>\n\t\t\t\t\t\t<\/div>\n\t\t\t\t\t\t\t\t\t\t\t<\/div>\n\t\t\t\t<\/div>\n\t\t\t<\/div>\n\t\t\n\t\t\t\t<\/div>\n\t\t\t<\/div>\n\t\t<\/div>\n\t\t\n\t\t\t\t\t\t\t<\/div>\n\t\t\t\t\t\t<\/div>\n\t\t\t\t\t\t\t\t\t\t\t<\/div>\n\t\t\t\t<\/div>\n\t\t\t<\/div>\n\t\t\n\n\t\t\t<div\n\t\t\t\tid =\"sp-eab-item-5e0a5add1c95\"\n\t\t\t\tclass=\"sp-eab-accordion-item eab-item-5887b5\"\n\t\t\t\t\t\t\t>\n\t\t\t\t<div class=\"sp-eab-accordion-item-wrapper\">\n\t\t\t\t\t\t\t\t<h3 class='sp-eab-accordion-heading sp-d-flex sp-align-center eab-heading-5887b5'\n\t\t\t\t\t\t>\n\t\t\t\t<span class='sp-eab-accordion-header-wrapper sp-d-flex sp-align-center eab-icon-position-end'>\n\t\t\t\t\t<span class='sp-eab-accordion-header-start sp-d-flex sp-justify-left sp-align-center'>\n\t\t\t\t\t\t<span class='sp-eab-title-subtitle-wrapper sp-d-flex'>\n\t\t\t\t\t\t\t<span class='sp-eab-accordion-title-wrapper sp-d-flex sp-align-center'>\n\t\t\t\t\t\t\t\t<span class='sp-eab-accordion-title-text'>\n\t\t\t\t\t\t\t\t\tVersos de mujer (ciclo de canciones con orquesta)\t\t\t\t\t\t\t\t<\/span>\n\t\t\t\t\t\t\t<\/span>\n\t\t\t\t\t\t<\/span>\n\t\t\t\t\t<\/span>\n\t\t\t\t\t<span class='sp-eab-accordion-header-end eab-icon-animated'>\n\t\t\t\t\t\t\t\t\t\t\t\t<span class='sp-eab-expand-collapse-icon sp-d-block'>\n\t\t\t\t\t\t\t<i class='sp-eab-expand-icon eab-icon-double-angle-down'><\/i>\n\t\t\t\t\t\t\t<i class='sp-eab-collapse-icon eab-icon-double-angle-up'><\/i>\n\t\t\t\t\t\t<\/span>\n\t\t\t\t\t\t\t\t\t\t\t<\/span>\n\t\t\t\t<\/span>\n\t\t\t<\/h3>\n\t\t\t\t\t\t\t<!-- accordion body -->\n\t\t\t\t\t<div class='sp-eab-accordion-content eab-content-5887b5'>\n\t\t\t\t\t\t\t\t\t\t\t\t<div class='sp-eab-accordion-content-wrapper'>\n\t\t\t\t\t\t\t<div class='sp-eab-accordion-body'>\n\t\t\t    \t\t\t\t\n\t\t<div class=\"sp-easy-accordion-block sp-eab-regular-accordion alignwide\"\n\t\t\t\t>\n\t\t\t<div class=\"sp-eab-wrapper sp-eab-vertical-accordion sp-eab-c749894f0936\">\n\t\t\t\t\t\t\t\t<div class='sp-eab-accordion sp-eab-mode-vertical sp-eab-vertical-two sp-d-flex' data-accordion-settings=\"{&quot;mode&quot;:&quot;vertical&quot;,&quot;activeEvent&quot;:&quot;click&quot;,&quot;defaultAccordionOpen&quot;:&quot;first-item&quot;,&quot;selectedItemOpen&quot;:0,&quot;openMultiItemAtaTime&quot;:false,&quot;scrollToTopOnLoad&quot;:false,&quot;scrollToTopOnClick&quot;:false,&quot;accordionItemToUrl&quot;:false,&quot;animationEffect&quot;:false,&quot;applyAccessibility&quot;:true}\">\n        \t    \t\n\t\t\t<div\n\t\t\t\tid =\"sp-eab-item-5c2a7e53038e\"\n\t\t\t\tclass=\"sp-eab-accordion-item eab-item-4f0936\"\n\t\t\t\t\t\t\t>\n\t\t\t\t<div class=\"sp-eab-accordion-item-wrapper\">\n\t\t\t\t\t\t\t\t<h3 class='sp-eab-accordion-heading sp-d-flex sp-align-center eab-heading-4f0936'\n\t\t\t\t\t\t>\n\t\t\t\t<span class='sp-eab-accordion-header-wrapper sp-d-flex sp-align-center eab-icon-position-end'>\n\t\t\t\t\t<span class='sp-eab-accordion-header-start sp-d-flex sp-justify-left sp-align-center'>\n\t\t\t\t\t\t<span class='sp-eab-title-subtitle-wrapper sp-d-flex'>\n\t\t\t\t\t\t\t<span class='sp-eab-accordion-title-wrapper sp-d-flex sp-align-center'>\n\t\t\t\t\t\t\t\t<span class='sp-eab-accordion-title-text'>\n\t\t\t\t\t\t\t\t\tI. Qui\u00e9reme toda (texto de Dulce Mar\u00eda Loynaz)<br>II. La falda el\u00e9ctrica (texto de Josefina de la Torre)<br>III. Bola de nieve (texto de Dalia Alonso)<br>IV. \u00a1Agua, agua! (texto de Alfonsina Storni)<br>V. Adi\u00f3s, amor (texto de Carmina Casala)<br>VI. Cita final (texto de Carmen Jodra)<br><strong>Estreno:<\/strong> 2023 <br><strong>Duraci\u00f3n:<\/strong> 16&#8242; <a href=\"https:\/\/borjamarino.com\/media\/\" target=\"_blank\" rel=\"noopener\">[ESCUCHAR]<\/a> \t\t\t\t\t\t\t\t<\/span>\n\t\t\t\t\t\t\t<\/span>\n\t\t\t\t\t\t<\/span>\n\t\t\t\t\t<\/span>\n\t\t\t\t\t<span class='sp-eab-accordion-header-end eab-icon-animated'>\n\t\t\t\t\t\t\t\t\t\t\t<\/span>\n\t\t\t\t<\/span>\n\t\t\t<\/h3>\n\t\t\t\t\t\t\t<!-- accordion body -->\n\t\t\t\t\t<div class='sp-eab-accordion-content eab-content-4f0936'>\n\t\t\t\t\t\t\t\t\t\t\t\t<div class='sp-eab-accordion-content-wrapper'>\n\t\t\t\t\t\t\t<div class='sp-eab-accordion-body'>\n\t\t\t    \t\t\t\t\n\n<p class=\"wp-block-paragraph\"><\/p>\n\n\t\t\t\t\t\t\t<\/div>\n\t\t\t\t\t\t<\/div>\n\t\t\t\t\t\t\t\t\t\t\t<\/div>\n\t\t\t\t<\/div>\n\t\t\t<\/div>\n\t\t\n\n\t\t\t<div\n\t\t\t\tid =\"sp-eab-item-a321f2558df1\"\n\t\t\t\tclass=\"sp-eab-accordion-item eab-item-4f0936\"\n\t\t\t\t\t\t\t>\n\t\t\t\t<div class=\"sp-eab-accordion-item-wrapper\">\n\t\t\t\t\t\t\t\t<h3 class='sp-eab-accordion-heading sp-d-flex sp-align-center eab-heading-4f0936'\n\t\t\t\t\t\t>\n\t\t\t\t<span class='sp-eab-accordion-header-wrapper sp-d-flex sp-align-center eab-icon-position-end'>\n\t\t\t\t\t<span class='sp-eab-accordion-header-start sp-d-flex sp-justify-left sp-align-center'>\n\t\t\t\t\t\t<span class='sp-eab-title-subtitle-wrapper sp-d-flex'>\n\t\t\t\t\t\t\t<span class='sp-eab-accordion-title-wrapper sp-d-flex sp-align-center'>\n\t\t\t\t\t\t\t\t<span class='sp-eab-accordion-title-text'>\n\t\t\t\t\t\t\t\t\t\u00daltimas interpretaciones: <br>&#8211; Cristina Toledo (soprano), Edmon Levon (director), Orquesta Sinf\u00f3nica de Granada. Auditorio Manuel de Falla, Granada; 11 de febrero, 2023. <a href=\"https:\/\/www.manueldefalla.org\/pdf\/actividades\/programa1457.pdf\" target=\"_blank\" rel=\"noopener\"><a href=\"https:\/\/www.youtube.com\/watch?v=KNw5RSEhMDo\" target=\"_blank\" rel=\"noopener\">[Ver en YouTube]<\/a><\/a>\t\t\t\t\t\t\t\t<\/span>\n\t\t\t\t\t\t\t<\/span>\n\t\t\t\t\t\t<\/span>\n\t\t\t\t\t<\/span>\n\t\t\t\t\t<span class='sp-eab-accordion-header-end eab-icon-animated'>\n\t\t\t\t\t\t\t\t\t\t\t<\/span>\n\t\t\t\t<\/span>\n\t\t\t<\/h3>\n\t\t\t\t\t\t\t<!-- accordion body -->\n\t\t\t\t\t<div class='sp-eab-accordion-content eab-content-4f0936'>\n\t\t\t\t\t\t\t\t\t\t\t\t<div class='sp-eab-accordion-content-wrapper'>\n\t\t\t\t\t\t\t<div class='sp-eab-accordion-body'>\n\t\t\t    \t\t\t\t\n\n<p class=\"wp-block-paragraph\"><\/p>\n\n\t\t\t\t\t\t\t<\/div>\n\t\t\t\t\t\t<\/div>\n\t\t\t\t\t\t\t\t\t\t\t<\/div>\n\t\t\t\t<\/div>\n\t\t\t<\/div>\n\t\t\n\t\t\t\t<\/div>\n\t\t\t<\/div>\n\t\t<\/div>\n\t\t\n\t\t\t\t\t\t\t<\/div>\n\t\t\t\t\t\t<\/div>\n\t\t\t\t\t\t\t\t\t\t\t<\/div>\n\t\t\t\t<\/div>\n\t\t\t<\/div>\n\t\t\n\n\t\t\t<div\n\t\t\t\tid =\"sp-eab-item-5e0a5add1c95\"\n\t\t\t\tclass=\"sp-eab-accordion-item eab-item-5887b5\"\n\t\t\t\t\t\t\t>\n\t\t\t\t<div class=\"sp-eab-accordion-item-wrapper\">\n\t\t\t\t\t\t\t\t<h3 class='sp-eab-accordion-heading sp-d-flex sp-align-center eab-heading-5887b5'\n\t\t\t\t\t\t>\n\t\t\t\t<span class='sp-eab-accordion-header-wrapper sp-d-flex sp-align-center eab-icon-position-end'>\n\t\t\t\t\t<span class='sp-eab-accordion-header-start sp-d-flex sp-justify-left sp-align-center'>\n\t\t\t\t\t\t<span class='sp-eab-title-subtitle-wrapper sp-d-flex'>\n\t\t\t\t\t\t\t<span class='sp-eab-accordion-title-wrapper sp-d-flex sp-align-center'>\n\t\t\t\t\t\t\t\t<span class='sp-eab-accordion-title-text'>\n\t\t\t\t\t\t\t\t\tLa grama triste (voz y orquesta de cuerda)\t\t\t\t\t\t\t\t<\/span>\n\t\t\t\t\t\t\t<\/span>\n\t\t\t\t\t\t<\/span>\n\t\t\t\t\t<\/span>\n\t\t\t\t\t<span class='sp-eab-accordion-header-end eab-icon-animated'>\n\t\t\t\t\t\t\t\t\t\t\t\t<span class='sp-eab-expand-collapse-icon sp-d-block'>\n\t\t\t\t\t\t\t<i class='sp-eab-expand-icon eab-icon-double-angle-down'><\/i>\n\t\t\t\t\t\t\t<i class='sp-eab-collapse-icon eab-icon-double-angle-up'><\/i>\n\t\t\t\t\t\t<\/span>\n\t\t\t\t\t\t\t\t\t\t\t<\/span>\n\t\t\t\t<\/span>\n\t\t\t<\/h3>\n\t\t\t\t\t\t\t<!-- accordion body -->\n\t\t\t\t\t<div class='sp-eab-accordion-content eab-content-5887b5'>\n\t\t\t\t\t\t\t\t\t\t\t\t<div class='sp-eab-accordion-content-wrapper'>\n\t\t\t\t\t\t\t<div class='sp-eab-accordion-body'>\n\t\t\t    \t\t\t\t\n\t\t<div class=\"sp-easy-accordion-block sp-eab-regular-accordion alignwide\"\n\t\t\t\t>\n\t\t\t<div class=\"sp-eab-wrapper sp-eab-vertical-accordion sp-eab-c749894f0936\">\n\t\t\t\t\t\t\t\t<div class='sp-eab-accordion sp-eab-mode-vertical sp-eab-vertical-two sp-d-flex' data-accordion-settings=\"{&quot;mode&quot;:&quot;vertical&quot;,&quot;activeEvent&quot;:&quot;click&quot;,&quot;defaultAccordionOpen&quot;:&quot;first-item&quot;,&quot;selectedItemOpen&quot;:0,&quot;openMultiItemAtaTime&quot;:false,&quot;scrollToTopOnLoad&quot;:false,&quot;scrollToTopOnClick&quot;:false,&quot;accordionItemToUrl&quot;:false,&quot;animationEffect&quot;:false,&quot;applyAccessibility&quot;:true}\">\n        \t    \t\n\t\t\t<div\n\t\t\t\tid =\"sp-eab-item-5c2a7e53038e\"\n\t\t\t\tclass=\"sp-eab-accordion-item eab-item-4f0936\"\n\t\t\t\t\t\t\t>\n\t\t\t\t<div class=\"sp-eab-accordion-item-wrapper\">\n\t\t\t\t\t\t\t\t<h3 class='sp-eab-accordion-heading sp-d-flex sp-align-center eab-heading-4f0936'\n\t\t\t\t\t\t>\n\t\t\t\t<span class='sp-eab-accordion-header-wrapper sp-d-flex sp-align-center eab-icon-position-end'>\n\t\t\t\t\t<span class='sp-eab-accordion-header-start sp-d-flex sp-justify-left sp-align-center'>\n\t\t\t\t\t\t<span class='sp-eab-title-subtitle-wrapper sp-d-flex'>\n\t\t\t\t\t\t\t<span class='sp-eab-accordion-title-wrapper sp-d-flex sp-align-center'>\n\t\t\t\t\t\t\t\t<span class='sp-eab-accordion-title-text'>\n\t\t\t\t\t\t\t\t\t<strong>Texto<\/strong>: Antonio Gala<br><strong>Estreno:<\/strong> 2023 <br><strong>Duraci\u00f3n:<\/strong> 4&#8242; <a href=\"https:\/\/borjamarino.com\/media\/\" target=\"_blank\" rel=\"noopener\">[ESCUCHAR]<\/a> \t\t\t\t\t\t\t\t<\/span>\n\t\t\t\t\t\t\t<\/span>\n\t\t\t\t\t\t<\/span>\n\t\t\t\t\t<\/span>\n\t\t\t\t\t<span class='sp-eab-accordion-header-end eab-icon-animated'>\n\t\t\t\t\t\t\t\t\t\t\t<\/span>\n\t\t\t\t<\/span>\n\t\t\t<\/h3>\n\t\t\t\t\t\t\t<!-- accordion body -->\n\t\t\t\t\t<div class='sp-eab-accordion-content eab-content-4f0936'>\n\t\t\t\t\t\t\t\t\t\t\t\t<div class='sp-eab-accordion-content-wrapper'>\n\t\t\t\t\t\t\t<div class='sp-eab-accordion-body'>\n\t\t\t    \t\t\t\t\n\n<p class=\"wp-block-paragraph\"><\/p>\n\n\t\t\t\t\t\t\t<\/div>\n\t\t\t\t\t\t<\/div>\n\t\t\t\t\t\t\t\t\t\t\t<\/div>\n\t\t\t\t<\/div>\n\t\t\t<\/div>\n\t\t\n\n\t\t\t<div\n\t\t\t\tid =\"sp-eab-item-a321f2558df1\"\n\t\t\t\tclass=\"sp-eab-accordion-item eab-item-4f0936\"\n\t\t\t\t\t\t\t>\n\t\t\t\t<div class=\"sp-eab-accordion-item-wrapper\">\n\t\t\t\t\t\t\t\t<h3 class='sp-eab-accordion-heading sp-d-flex sp-align-center eab-heading-4f0936'\n\t\t\t\t\t\t>\n\t\t\t\t<span class='sp-eab-accordion-header-wrapper sp-d-flex sp-align-center eab-icon-position-end'>\n\t\t\t\t\t<span class='sp-eab-accordion-header-start sp-d-flex sp-justify-left sp-align-center'>\n\t\t\t\t\t\t<span class='sp-eab-title-subtitle-wrapper sp-d-flex'>\n\t\t\t\t\t\t\t<span class='sp-eab-accordion-title-wrapper sp-d-flex sp-align-center'>\n\t\t\t\t\t\t\t\t<span class='sp-eab-accordion-title-text'>\n\t\t\t\t\t\t\t\t\t\u00daltimas interpretaciones: <br>&#8211; Estefan\u00eda Ariza (soprano), Francisco Moya (director), Orquesta Filarm\u00f3nica de La Mancha. Teatro Carlos III, Aranjuez; 19 de noviembre, 2023.\t\t\t\t\t\t\t\t<\/span>\n\t\t\t\t\t\t\t<\/span>\n\t\t\t\t\t\t<\/span>\n\t\t\t\t\t<\/span>\n\t\t\t\t\t<span class='sp-eab-accordion-header-end eab-icon-animated'>\n\t\t\t\t\t\t\t\t\t\t\t<\/span>\n\t\t\t\t<\/span>\n\t\t\t<\/h3>\n\t\t\t\t\t\t\t<!-- accordion body -->\n\t\t\t\t\t<div class='sp-eab-accordion-content eab-content-4f0936'>\n\t\t\t\t\t\t\t\t\t\t\t\t<div class='sp-eab-accordion-content-wrapper'>\n\t\t\t\t\t\t\t<div class='sp-eab-accordion-body'>\n\t\t\t    \t\t\t\t\n\n<p class=\"wp-block-paragraph\"><\/p>\n\n\t\t\t\t\t\t\t<\/div>\n\t\t\t\t\t\t<\/div>\n\t\t\t\t\t\t\t\t\t\t\t<\/div>\n\t\t\t\t<\/div>\n\t\t\t<\/div>\n\t\t\n\t\t\t\t<\/div>\n\t\t\t<\/div>\n\t\t<\/div>\n\t\t\n\t\t\t\t\t\t\t<\/div>\n\t\t\t\t\t\t<\/div>\n\t\t\t\t\t\t\t\t\t\t\t<\/div>\n\t\t\t\t<\/div>\n\t\t\t<\/div>\n\t\t\n\n\t\t\t<div\n\t\t\t\tid =\"sp-eab-item-5e0a5add1c95\"\n\t\t\t\tclass=\"sp-eab-accordion-item eab-item-5887b5\"\n\t\t\t\t\t\t\t>\n\t\t\t\t<div class=\"sp-eab-accordion-item-wrapper\">\n\t\t\t\t\t\t\t\t<h3 class='sp-eab-accordion-heading sp-d-flex sp-align-center eab-heading-5887b5'\n\t\t\t\t\t\t>\n\t\t\t\t<span class='sp-eab-accordion-header-wrapper sp-d-flex sp-align-center eab-icon-position-end'>\n\t\t\t\t\t<span class='sp-eab-accordion-header-start sp-d-flex sp-justify-left sp-align-center'>\n\t\t\t\t\t\t<span class='sp-eab-title-subtitle-wrapper sp-d-flex'>\n\t\t\t\t\t\t\t<span class='sp-eab-accordion-title-wrapper sp-d-flex sp-align-center'>\n\t\t\t\t\t\t\t\t<span class='sp-eab-accordion-title-text'>\n\t\t\t\t\t\t\t\t\tCanci\u00f3n de amor para una dama de Rialto (voz y orquesta de cuerda)\t\t\t\t\t\t\t\t<\/span>\n\t\t\t\t\t\t\t<\/span>\n\t\t\t\t\t\t<\/span>\n\t\t\t\t\t<\/span>\n\t\t\t\t\t<span class='sp-eab-accordion-header-end eab-icon-animated'>\n\t\t\t\t\t\t\t\t\t\t\t\t<span class='sp-eab-expand-collapse-icon sp-d-block'>\n\t\t\t\t\t\t\t<i class='sp-eab-expand-icon eab-icon-double-angle-down'><\/i>\n\t\t\t\t\t\t\t<i class='sp-eab-collapse-icon eab-icon-double-angle-up'><\/i>\n\t\t\t\t\t\t<\/span>\n\t\t\t\t\t\t\t\t\t\t\t<\/span>\n\t\t\t\t<\/span>\n\t\t\t<\/h3>\n\t\t\t\t\t\t\t<!-- accordion body -->\n\t\t\t\t\t<div class='sp-eab-accordion-content eab-content-5887b5'>\n\t\t\t\t\t\t\t\t\t\t\t\t<div class='sp-eab-accordion-content-wrapper'>\n\t\t\t\t\t\t\t<div class='sp-eab-accordion-body'>\n\t\t\t    \t\t\t\t\n\t\t<div class=\"sp-easy-accordion-block sp-eab-regular-accordion alignwide\"\n\t\t\t\t>\n\t\t\t<div class=\"sp-eab-wrapper sp-eab-vertical-accordion sp-eab-c749894f0936\">\n\t\t\t\t\t\t\t\t<div class='sp-eab-accordion sp-eab-mode-vertical sp-eab-vertical-two sp-d-flex' data-accordion-settings=\"{&quot;mode&quot;:&quot;vertical&quot;,&quot;activeEvent&quot;:&quot;click&quot;,&quot;defaultAccordionOpen&quot;:&quot;first-item&quot;,&quot;selectedItemOpen&quot;:0,&quot;openMultiItemAtaTime&quot;:false,&quot;scrollToTopOnLoad&quot;:false,&quot;scrollToTopOnClick&quot;:false,&quot;accordionItemToUrl&quot;:false,&quot;animationEffect&quot;:false,&quot;applyAccessibility&quot;:true}\">\n        \t    \t\n\t\t\t<div\n\t\t\t\tid =\"sp-eab-item-5c2a7e53038e\"\n\t\t\t\tclass=\"sp-eab-accordion-item eab-item-4f0936\"\n\t\t\t\t\t\t\t>\n\t\t\t\t<div class=\"sp-eab-accordion-item-wrapper\">\n\t\t\t\t\t\t\t\t<h3 class='sp-eab-accordion-heading sp-d-flex sp-align-center eab-heading-4f0936'\n\t\t\t\t\t\t>\n\t\t\t\t<span class='sp-eab-accordion-header-wrapper sp-d-flex sp-align-center eab-icon-position-end'>\n\t\t\t\t\t<span class='sp-eab-accordion-header-start sp-d-flex sp-justify-left sp-align-center'>\n\t\t\t\t\t\t<span class='sp-eab-title-subtitle-wrapper sp-d-flex'>\n\t\t\t\t\t\t\t<span class='sp-eab-accordion-title-wrapper sp-d-flex sp-align-center'>\n\t\t\t\t\t\t\t\t<span class='sp-eab-accordion-title-text'>\n\t\t\t\t\t\t\t\t\t<strong>Texto<\/strong>: Dalia Alonso<br><strong>Estreno:<\/strong> 2023 <br><strong>Duraci\u00f3n:<\/strong> 2&#8242; <a href=\"https:\/\/borjamarino.com\/media\/\" target=\"_blank\" rel=\"noopener\">[ESCUCHAR]<\/a> \t\t\t\t\t\t\t\t<\/span>\n\t\t\t\t\t\t\t<\/span>\n\t\t\t\t\t\t<\/span>\n\t\t\t\t\t<\/span>\n\t\t\t\t\t<span class='sp-eab-accordion-header-end eab-icon-animated'>\n\t\t\t\t\t\t\t\t\t\t\t<\/span>\n\t\t\t\t<\/span>\n\t\t\t<\/h3>\n\t\t\t\t\t\t\t<!-- accordion body -->\n\t\t\t\t\t<div class='sp-eab-accordion-content eab-content-4f0936'>\n\t\t\t\t\t\t\t\t\t\t\t\t<div class='sp-eab-accordion-content-wrapper'>\n\t\t\t\t\t\t\t<div class='sp-eab-accordion-body'>\n\t\t\t    \t\t\t\t\n\n<p class=\"wp-block-paragraph\"><\/p>\n\n\t\t\t\t\t\t\t<\/div>\n\t\t\t\t\t\t<\/div>\n\t\t\t\t\t\t\t\t\t\t\t<\/div>\n\t\t\t\t<\/div>\n\t\t\t<\/div>\n\t\t\n\n\t\t\t<div\n\t\t\t\tid =\"sp-eab-item-a321f2558df1\"\n\t\t\t\tclass=\"sp-eab-accordion-item eab-item-4f0936\"\n\t\t\t\t\t\t\t>\n\t\t\t\t<div class=\"sp-eab-accordion-item-wrapper\">\n\t\t\t\t\t\t\t\t<h3 class='sp-eab-accordion-heading sp-d-flex sp-align-center eab-heading-4f0936'\n\t\t\t\t\t\t>\n\t\t\t\t<span class='sp-eab-accordion-header-wrapper sp-d-flex sp-align-center eab-icon-position-end'>\n\t\t\t\t\t<span class='sp-eab-accordion-header-start sp-d-flex sp-justify-left sp-align-center'>\n\t\t\t\t\t\t<span class='sp-eab-title-subtitle-wrapper sp-d-flex'>\n\t\t\t\t\t\t\t<span class='sp-eab-accordion-title-wrapper sp-d-flex sp-align-center'>\n\t\t\t\t\t\t\t\t<span class='sp-eab-accordion-title-text'>\n\t\t\t\t\t\t\t\t\t\u00daltimas interpretaciones: <br>&#8211; Estefan\u00eda Ariza (soprano), Francisco Moya (director), Orquesta Filarm\u00f3nica de La Mancha. Teatro Carlos III, Aranjuez; 19 de noviembre, 2023.\t\t\t\t\t\t\t\t<\/span>\n\t\t\t\t\t\t\t<\/span>\n\t\t\t\t\t\t<\/span>\n\t\t\t\t\t<\/span>\n\t\t\t\t\t<span class='sp-eab-accordion-header-end eab-icon-animated'>\n\t\t\t\t\t\t\t\t\t\t\t<\/span>\n\t\t\t\t<\/span>\n\t\t\t<\/h3>\n\t\t\t\t\t\t\t<!-- accordion body -->\n\t\t\t\t\t<div class='sp-eab-accordion-content eab-content-4f0936'>\n\t\t\t\t\t\t\t\t\t\t\t\t<div class='sp-eab-accordion-content-wrapper'>\n\t\t\t\t\t\t\t<div class='sp-eab-accordion-body'>\n\t\t\t    \t\t\t\t\n\n<p class=\"wp-block-paragraph\"><\/p>\n\n\t\t\t\t\t\t\t<\/div>\n\t\t\t\t\t\t<\/div>\n\t\t\t\t\t\t\t\t\t\t\t<\/div>\n\t\t\t\t<\/div>\n\t\t\t<\/div>\n\t\t\n\t\t\t\t<\/div>\n\t\t\t<\/div>\n\t\t<\/div>\n\t\t\n\t\t\t\t\t\t\t<\/div>\n\t\t\t\t\t\t<\/div>\n\t\t\t\t\t\t\t\t\t\t\t<\/div>\n\t\t\t\t<\/div>\n\t\t\t<\/div>\n\t\t\n\n\t\t\t<div\n\t\t\t\tid =\"sp-eab-item-5e0a5add1c95\"\n\t\t\t\tclass=\"sp-eab-accordion-item eab-item-5887b5\"\n\t\t\t\t\t\t\t>\n\t\t\t\t<div class=\"sp-eab-accordion-item-wrapper\">\n\t\t\t\t\t\t\t\t<h3 class='sp-eab-accordion-heading sp-d-flex sp-align-center eab-heading-5887b5'\n\t\t\t\t\t\t>\n\t\t\t\t<span class='sp-eab-accordion-header-wrapper sp-d-flex sp-align-center eab-icon-position-end'>\n\t\t\t\t\t<span class='sp-eab-accordion-header-start sp-d-flex sp-justify-left sp-align-center'>\n\t\t\t\t\t\t<span class='sp-eab-title-subtitle-wrapper sp-d-flex'>\n\t\t\t\t\t\t\t<span class='sp-eab-accordion-title-wrapper sp-d-flex sp-align-center'>\n\t\t\t\t\t\t\t\t<span class='sp-eab-accordion-title-text'>\n\t\t\t\t\t\t\t\t\tTr\u00edptico de Hierro (ciclo de canciones con orquesta)\t\t\t\t\t\t\t\t<\/span>\n\t\t\t\t\t\t\t<\/span>\n\t\t\t\t\t\t<\/span>\n\t\t\t\t\t<\/span>\n\t\t\t\t\t<span class='sp-eab-accordion-header-end eab-icon-animated'>\n\t\t\t\t\t\t\t\t\t\t\t\t<span class='sp-eab-expand-collapse-icon sp-d-block'>\n\t\t\t\t\t\t\t<i class='sp-eab-expand-icon eab-icon-double-angle-down'><\/i>\n\t\t\t\t\t\t\t<i class='sp-eab-collapse-icon eab-icon-double-angle-up'><\/i>\n\t\t\t\t\t\t<\/span>\n\t\t\t\t\t\t\t\t\t\t\t<\/span>\n\t\t\t\t<\/span>\n\t\t\t<\/h3>\n\t\t\t\t\t\t\t<!-- accordion body -->\n\t\t\t\t\t<div class='sp-eab-accordion-content eab-content-5887b5'>\n\t\t\t\t\t\t\t\t\t\t\t\t<div class='sp-eab-accordion-content-wrapper'>\n\t\t\t\t\t\t\t<div class='sp-eab-accordion-body'>\n\t\t\t    \t\t\t\t\n\t\t<div class=\"sp-easy-accordion-block sp-eab-regular-accordion alignwide\"\n\t\t\t\t>\n\t\t\t<div class=\"sp-eab-wrapper sp-eab-vertical-accordion sp-eab-c749894f0936\">\n\t\t\t\t\t\t\t\t<div class='sp-eab-accordion sp-eab-mode-vertical sp-eab-vertical-two sp-d-flex' data-accordion-settings=\"{&quot;mode&quot;:&quot;vertical&quot;,&quot;activeEvent&quot;:&quot;click&quot;,&quot;defaultAccordionOpen&quot;:&quot;first-item&quot;,&quot;selectedItemOpen&quot;:0,&quot;openMultiItemAtaTime&quot;:false,&quot;scrollToTopOnLoad&quot;:false,&quot;scrollToTopOnClick&quot;:false,&quot;accordionItemToUrl&quot;:false,&quot;animationEffect&quot;:false,&quot;applyAccessibility&quot;:true}\">\n        \t    \t\n\t\t\t<div\n\t\t\t\tid =\"sp-eab-item-5c2a7e53038e\"\n\t\t\t\tclass=\"sp-eab-accordion-item eab-item-4f0936\"\n\t\t\t\t\t\t\t>\n\t\t\t\t<div class=\"sp-eab-accordion-item-wrapper\">\n\t\t\t\t\t\t\t\t<h3 class='sp-eab-accordion-heading sp-d-flex sp-align-center eab-heading-4f0936'\n\t\t\t\t\t\t>\n\t\t\t\t<span class='sp-eab-accordion-header-wrapper sp-d-flex sp-align-center eab-icon-position-end'>\n\t\t\t\t\t<span class='sp-eab-accordion-header-start sp-d-flex sp-justify-left sp-align-center'>\n\t\t\t\t\t\t<span class='sp-eab-title-subtitle-wrapper sp-d-flex'>\n\t\t\t\t\t\t\t<span class='sp-eab-accordion-title-wrapper sp-d-flex sp-align-center'>\n\t\t\t\t\t\t\t\t<span class='sp-eab-accordion-title-text'>\n\t\t\t\t\t\t\t\t\tI. El buen momento<br>II. Las nubes<br>III. Paseo<br><strong>Texto<\/strong>: Jos\u00e9 Hierro<br><strong>Estreno:<\/strong> 2023 <br><strong>Duraci\u00f3n:<\/strong> 9&#8242; <a href=\"https:\/\/borjamarino.com\/media\/\" target=\"_blank\" rel=\"noopener\">[ESCUCHAR]<\/a> \t\t\t\t\t\t\t\t<\/span>\n\t\t\t\t\t\t\t<\/span>\n\t\t\t\t\t\t<\/span>\n\t\t\t\t\t<\/span>\n\t\t\t\t\t<span class='sp-eab-accordion-header-end eab-icon-animated'>\n\t\t\t\t\t\t\t\t\t\t\t<\/span>\n\t\t\t\t<\/span>\n\t\t\t<\/h3>\n\t\t\t\t\t\t\t<!-- accordion body -->\n\t\t\t\t\t<div class='sp-eab-accordion-content eab-content-4f0936'>\n\t\t\t\t\t\t\t\t\t\t\t\t<div class='sp-eab-accordion-content-wrapper'>\n\t\t\t\t\t\t\t<div class='sp-eab-accordion-body'>\n\t\t\t    \t\t\t\t\n\n<p class=\"wp-block-paragraph\"><\/p>\n\n\t\t\t\t\t\t\t<\/div>\n\t\t\t\t\t\t<\/div>\n\t\t\t\t\t\t\t\t\t\t\t<\/div>\n\t\t\t\t<\/div>\n\t\t\t<\/div>\n\t\t\n\n\t\t\t<div\n\t\t\t\tid =\"sp-eab-item-a321f2558df1\"\n\t\t\t\tclass=\"sp-eab-accordion-item eab-item-4f0936\"\n\t\t\t\t\t\t\t>\n\t\t\t\t<div class=\"sp-eab-accordion-item-wrapper\">\n\t\t\t\t\t\t\t\t<h3 class='sp-eab-accordion-heading sp-d-flex sp-align-center eab-heading-4f0936'\n\t\t\t\t\t\t>\n\t\t\t\t<span class='sp-eab-accordion-header-wrapper sp-d-flex sp-align-center eab-icon-position-end'>\n\t\t\t\t\t<span class='sp-eab-accordion-header-start sp-d-flex sp-justify-left sp-align-center'>\n\t\t\t\t\t\t<span class='sp-eab-title-subtitle-wrapper sp-d-flex'>\n\t\t\t\t\t\t\t<span class='sp-eab-accordion-title-wrapper sp-d-flex sp-align-center'>\n\t\t\t\t\t\t\t\t<span class='sp-eab-accordion-title-text'>\n\t\t\t\t\t\t\t\t\t\u00daltimas interpretaciones: <br>&#8211; C\u00e9sar San Mart\u00edn (bar\u00edtono), Carlos D\u00edez (director), Orquesta Sinf\u00f3nica de Getafe. Auditorio Garc\u00eda Lorca, Getafe; 21 de octubre, 2023. <a href=\"https:\/\/youtu.be\/u8GhRvxU0yI?si=D5Abjjm5qJH7jzcG\" target=\"_blank\" rel=\"noopener\">[Ver en YouTube]<\/a><br>&#8211; David Oller (bar\u00edtono), Edmon Levon (director), Orquesta Sinf\u00f3nica de Granada. Auditorio Manuel de Falla, Granada; 11 de febrero, 2023. <a href=\"https:\/\/youtu.be\/9m7IdNxM5Rc?si=QZ21zrnvTq6MuF89\" target=\"_blank\" rel=\"noopener\">[Ver en YouTube]<\/a>\t\t\t\t\t\t\t\t<\/span>\n\t\t\t\t\t\t\t<\/span>\n\t\t\t\t\t\t<\/span>\n\t\t\t\t\t<\/span>\n\t\t\t\t\t<span class='sp-eab-accordion-header-end eab-icon-animated'>\n\t\t\t\t\t\t\t\t\t\t\t<\/span>\n\t\t\t\t<\/span>\n\t\t\t<\/h3>\n\t\t\t\t\t\t\t<!-- accordion body -->\n\t\t\t\t\t<div class='sp-eab-accordion-content eab-content-4f0936'>\n\t\t\t\t\t\t\t\t\t\t\t\t<div class='sp-eab-accordion-content-wrapper'>\n\t\t\t\t\t\t\t<div class='sp-eab-accordion-body'>\n\t\t\t    \t\t\t\t\n\n<p class=\"wp-block-paragraph\"><\/p>\n\n\t\t\t\t\t\t\t<\/div>\n\t\t\t\t\t\t<\/div>\n\t\t\t\t\t\t\t\t\t\t\t<\/div>\n\t\t\t\t<\/div>\n\t\t\t<\/div>\n\t\t\n\t\t\t\t<\/div>\n\t\t\t<\/div>\n\t\t<\/div>\n\t\t\n\t\t\t\t\t\t\t<\/div>\n\t\t\t\t\t\t<\/div>\n\t\t\t\t\t\t\t\t\t\t\t<\/div>\n\t\t\t\t<\/div>\n\t\t\t<\/div>\n\t\t\n\n\t\t\t<div\n\t\t\t\tid =\"sp-eab-item-5e0a5add1c95\"\n\t\t\t\tclass=\"sp-eab-accordion-item eab-item-5887b5\"\n\t\t\t\t\t\t\t>\n\t\t\t\t<div class=\"sp-eab-accordion-item-wrapper\">\n\t\t\t\t\t\t\t\t<h3 class='sp-eab-accordion-heading sp-d-flex sp-align-center eab-heading-5887b5'\n\t\t\t\t\t\t>\n\t\t\t\t<span class='sp-eab-accordion-header-wrapper sp-d-flex sp-align-center eab-icon-position-end'>\n\t\t\t\t\t<span class='sp-eab-accordion-header-start sp-d-flex sp-justify-left sp-align-center'>\n\t\t\t\t\t\t<span class='sp-eab-title-subtitle-wrapper sp-d-flex'>\n\t\t\t\t\t\t\t<span class='sp-eab-accordion-title-wrapper sp-d-flex sp-align-center'>\n\t\t\t\t\t\t\t\t<span class='sp-eab-accordion-title-text'>\n\t\t\t\t\t\t\t\t\tCanciones para Emma (ciclo de canciones con orquesta)\t\t\t\t\t\t\t\t<\/span>\n\t\t\t\t\t\t\t<\/span>\n\t\t\t\t\t\t<\/span>\n\t\t\t\t\t<\/span>\n\t\t\t\t\t<span class='sp-eab-accordion-header-end eab-icon-animated'>\n\t\t\t\t\t\t\t\t\t\t\t\t<span class='sp-eab-expand-collapse-icon sp-d-block'>\n\t\t\t\t\t\t\t<i class='sp-eab-expand-icon eab-icon-double-angle-down'><\/i>\n\t\t\t\t\t\t\t<i class='sp-eab-collapse-icon eab-icon-double-angle-up'><\/i>\n\t\t\t\t\t\t<\/span>\n\t\t\t\t\t\t\t\t\t\t\t<\/span>\n\t\t\t\t<\/span>\n\t\t\t<\/h3>\n\t\t\t\t\t\t\t<!-- accordion body -->\n\t\t\t\t\t<div class='sp-eab-accordion-content eab-content-5887b5'>\n\t\t\t\t\t\t\t\t\t\t\t\t<div class='sp-eab-accordion-content-wrapper'>\n\t\t\t\t\t\t\t<div class='sp-eab-accordion-body'>\n\t\t\t    \t\t\t\t\n\t\t<div class=\"sp-easy-accordion-block sp-eab-regular-accordion alignwide\"\n\t\t\t\t>\n\t\t\t<div class=\"sp-eab-wrapper sp-eab-vertical-accordion sp-eab-c749894f0936\">\n\t\t\t\t\t\t\t\t<div class='sp-eab-accordion sp-eab-mode-vertical sp-eab-vertical-two sp-d-flex' data-accordion-settings=\"{&quot;mode&quot;:&quot;vertical&quot;,&quot;activeEvent&quot;:&quot;click&quot;,&quot;defaultAccordionOpen&quot;:&quot;first-item&quot;,&quot;selectedItemOpen&quot;:0,&quot;openMultiItemAtaTime&quot;:false,&quot;scrollToTopOnLoad&quot;:false,&quot;scrollToTopOnClick&quot;:false,&quot;accordionItemToUrl&quot;:false,&quot;animationEffect&quot;:false,&quot;applyAccessibility&quot;:true}\">\n        \t    \t\n\t\t\t<div\n\t\t\t\tid =\"sp-eab-item-5c2a7e53038e\"\n\t\t\t\tclass=\"sp-eab-accordion-item eab-item-4f0936\"\n\t\t\t\t\t\t\t>\n\t\t\t\t<div class=\"sp-eab-accordion-item-wrapper\">\n\t\t\t\t\t\t\t\t<h3 class='sp-eab-accordion-heading sp-d-flex sp-align-center eab-heading-4f0936'\n\t\t\t\t\t\t>\n\t\t\t\t<span class='sp-eab-accordion-header-wrapper sp-d-flex sp-align-center eab-icon-position-end'>\n\t\t\t\t\t<span class='sp-eab-accordion-header-start sp-d-flex sp-justify-left sp-align-center'>\n\t\t\t\t\t\t<span class='sp-eab-title-subtitle-wrapper sp-d-flex'>\n\t\t\t\t\t\t\t<span class='sp-eab-accordion-title-wrapper sp-d-flex sp-align-center'>\n\t\t\t\t\t\t\t\t<span class='sp-eab-accordion-title-text'>\n\t\t\t\t\t\t\t\t\tI. El \u00e1ngel bueno<br>II. Los \u00e1ngeles colegiales<br>III. El \u00e1ngel \u00e1ngel<br><strong>Texto<\/strong>: Rafael Alberti<br><strong>Estreno<\/strong>: 2024 <br><strong>Duraci\u00f3n:<\/strong> 6&#8242; <a href=\"https:\/\/borjamarino.com\/media\/\" target=\"_blank\" rel=\"noopener\">[ESCUCHAR]<\/a>\t\t\t\t\t\t\t\t<\/span>\n\t\t\t\t\t\t\t<\/span>\n\t\t\t\t\t\t<\/span>\n\t\t\t\t\t<\/span>\n\t\t\t\t\t<span class='sp-eab-accordion-header-end eab-icon-animated'>\n\t\t\t\t\t\t\t\t\t\t\t<\/span>\n\t\t\t\t<\/span>\n\t\t\t<\/h3>\n\t\t\t\t\t\t\t<!-- accordion body -->\n\t\t\t\t\t<div class='sp-eab-accordion-content eab-content-4f0936'>\n\t\t\t\t\t\t\t\t\t\t\t\t<div class='sp-eab-accordion-content-wrapper'>\n\t\t\t\t\t\t\t<div class='sp-eab-accordion-body'>\n\t\t\t    \t\t\t\t\n\n<p class=\"wp-block-paragraph\"><\/p>\n\n\t\t\t\t\t\t\t<\/div>\n\t\t\t\t\t\t<\/div>\n\t\t\t\t\t\t\t\t\t\t\t<\/div>\n\t\t\t\t<\/div>\n\t\t\t<\/div>\n\t\t\n\n\t\t\t<div\n\t\t\t\tid =\"sp-eab-item-a321f2558df1\"\n\t\t\t\tclass=\"sp-eab-accordion-item eab-item-4f0936\"\n\t\t\t\t\t\t\t>\n\t\t\t\t<div class=\"sp-eab-accordion-item-wrapper\">\n\t\t\t\t\t\t\t\t<h3 class='sp-eab-accordion-heading sp-d-flex sp-align-center eab-heading-4f0936'\n\t\t\t\t\t\t>\n\t\t\t\t<span class='sp-eab-accordion-header-wrapper sp-d-flex sp-align-center eab-icon-position-end'>\n\t\t\t\t\t<span class='sp-eab-accordion-header-start sp-d-flex sp-justify-left sp-align-center'>\n\t\t\t\t\t\t<span class='sp-eab-title-subtitle-wrapper sp-d-flex'>\n\t\t\t\t\t\t\t<span class='sp-eab-accordion-title-wrapper sp-d-flex sp-align-center'>\n\t\t\t\t\t\t\t\t<span class='sp-eab-accordion-title-text'>\n\t\t\t\t\t\t\t\t\t\u00daltimas interpretaciones: <br>&#8211; Marga Cloquell (soprano), Jos\u00e9 Luis L\u00f3pez Ant\u00f3n (director), Orquestra de Cambra de Mallorca; 16 y 17 de marzo, 2024. <a href=\"https:\/\/www.instagram.com\/reel\/C7BsamAroUS\/?utm_source=ig_web_copy_link&amp;igsi=MzRlODBiNWFlZA==\" target=\"_blank\" rel=\"noopener\">[Ver en Instagram]<\/a>\t\t\t\t\t\t\t\t<\/span>\n\t\t\t\t\t\t\t<\/span>\n\t\t\t\t\t\t<\/span>\n\t\t\t\t\t<\/span>\n\t\t\t\t\t<span class='sp-eab-accordion-header-end eab-icon-animated'>\n\t\t\t\t\t\t\t\t\t\t\t<\/span>\n\t\t\t\t<\/span>\n\t\t\t<\/h3>\n\t\t\t\t\t\t\t<!-- accordion body -->\n\t\t\t\t\t<div class='sp-eab-accordion-content eab-content-4f0936'>\n\t\t\t\t\t\t\t\t\t\t\t\t<div class='sp-eab-accordion-content-wrapper'>\n\t\t\t\t\t\t\t<div class='sp-eab-accordion-body'>\n\t\t\t    \t\t\t\t\n\n<p class=\"wp-block-paragraph\"><\/p>\n\n\t\t\t\t\t\t\t<\/div>\n\t\t\t\t\t\t<\/div>\n\t\t\t\t\t\t\t\t\t\t\t<\/div>\n\t\t\t\t<\/div>\n\t\t\t<\/div>\n\t\t\n\t\t\t\t<\/div>\n\t\t\t<\/div>\n\t\t<\/div>\n\t\t\n\t\t\t\t\t\t\t<\/div>\n\t\t\t\t\t\t<\/div>\n\t\t\t\t\t\t\t\t\t\t\t<\/div>\n\t\t\t\t<\/div>\n\t\t\t<\/div>\n\t\t\n\n\t\t\t<div\n\t\t\t\tid =\"sp-eab-item-5e0a5add1c95\"\n\t\t\t\tclass=\"sp-eab-accordion-item eab-item-5887b5\"\n\t\t\t\t\t\t\t>\n\t\t\t\t<div class=\"sp-eab-accordion-item-wrapper\">\n\t\t\t\t\t\t\t\t<h3 class='sp-eab-accordion-heading sp-d-flex sp-align-center eab-heading-5887b5'\n\t\t\t\t\t\t>\n\t\t\t\t<span class='sp-eab-accordion-header-wrapper sp-d-flex sp-align-center eab-icon-position-end'>\n\t\t\t\t\t<span class='sp-eab-accordion-header-start sp-d-flex sp-justify-left sp-align-center'>\n\t\t\t\t\t\t<span class='sp-eab-title-subtitle-wrapper sp-d-flex'>\n\t\t\t\t\t\t\t<span class='sp-eab-accordion-title-wrapper sp-d-flex sp-align-center'>\n\t\t\t\t\t\t\t\t<span class='sp-eab-accordion-title-text'>\n\t\t\t\t\t\t\t\t\tVaqueros en Nueva York (ciclo de canciones con orquesta)\t\t\t\t\t\t\t\t<\/span>\n\t\t\t\t\t\t\t<\/span>\n\t\t\t\t\t\t<\/span>\n\t\t\t\t\t<\/span>\n\t\t\t\t\t<span class='sp-eab-accordion-header-end eab-icon-animated'>\n\t\t\t\t\t\t\t\t\t\t\t\t<span class='sp-eab-expand-collapse-icon sp-d-block'>\n\t\t\t\t\t\t\t<i class='sp-eab-expand-icon eab-icon-double-angle-down'><\/i>\n\t\t\t\t\t\t\t<i class='sp-eab-collapse-icon eab-icon-double-angle-up'><\/i>\n\t\t\t\t\t\t<\/span>\n\t\t\t\t\t\t\t\t\t\t\t<\/span>\n\t\t\t\t<\/span>\n\t\t\t<\/h3>\n\t\t\t\t\t\t\t<!-- accordion body -->\n\t\t\t\t\t<div class='sp-eab-accordion-content eab-content-5887b5'>\n\t\t\t\t\t\t\t\t\t\t\t\t<div class='sp-eab-accordion-content-wrapper'>\n\t\t\t\t\t\t\t<div class='sp-eab-accordion-body'>\n\t\t\t    \t\t\t\t\n\t\t<div class=\"sp-easy-accordion-block sp-eab-regular-accordion alignwide\"\n\t\t\t\t>\n\t\t\t<div class=\"sp-eab-wrapper sp-eab-vertical-accordion sp-eab-c749894f0936\">\n\t\t\t\t\t\t\t\t<div class='sp-eab-accordion sp-eab-mode-vertical sp-eab-vertical-two sp-d-flex' data-accordion-settings=\"{&quot;mode&quot;:&quot;vertical&quot;,&quot;activeEvent&quot;:&quot;click&quot;,&quot;defaultAccordionOpen&quot;:&quot;first-item&quot;,&quot;selectedItemOpen&quot;:0,&quot;openMultiItemAtaTime&quot;:false,&quot;scrollToTopOnLoad&quot;:false,&quot;scrollToTopOnClick&quot;:false,&quot;accordionItemToUrl&quot;:false,&quot;animationEffect&quot;:false,&quot;applyAccessibility&quot;:true}\">\n        \t    \t\n\t\t\t<div\n\t\t\t\tid =\"sp-eab-item-5c2a7e53038e\"\n\t\t\t\tclass=\"sp-eab-accordion-item eab-item-4f0936\"\n\t\t\t\t\t\t\t>\n\t\t\t\t<div class=\"sp-eab-accordion-item-wrapper\">\n\t\t\t\t\t\t\t\t<h3 class='sp-eab-accordion-heading sp-d-flex sp-align-center eab-heading-4f0936'\n\t\t\t\t\t\t>\n\t\t\t\t<span class='sp-eab-accordion-header-wrapper sp-d-flex sp-align-center eab-icon-position-end'>\n\t\t\t\t\t<span class='sp-eab-accordion-header-start sp-d-flex sp-justify-left sp-align-center'>\n\t\t\t\t\t\t<span class='sp-eab-title-subtitle-wrapper sp-d-flex'>\n\t\t\t\t\t\t\t<span class='sp-eab-accordion-title-wrapper sp-d-flex sp-align-center'>\n\t\t\t\t\t\t\t\t<span class='sp-eab-accordion-title-text'>\n\t\t\t\t\t\t\t\t\tI. Vals en las ramas<br>II. La balada del agua del mar<br>III. Muerte<br>IV. Veleta<br><strong>Texto<\/strong>: Federico Garc\u00eda Lorca<br><strong>Estreno:<\/strong> 2026 <br><strong>Duraci\u00f3n:<\/strong> 18&#8242; <a href=\"https:\/\/borjamarino.com\/media\/\" target=\"_blank\" rel=\"noopener\">[ESCUCHAR]<\/a> \t\t\t\t\t\t\t\t<\/span>\n\t\t\t\t\t\t\t<\/span>\n\t\t\t\t\t\t<\/span>\n\t\t\t\t\t<\/span>\n\t\t\t\t\t<span class='sp-eab-accordion-header-end eab-icon-animated'>\n\t\t\t\t\t\t\t\t\t\t\t<\/span>\n\t\t\t\t<\/span>\n\t\t\t<\/h3>\n\t\t\t\t\t\t\t<!-- accordion body -->\n\t\t\t\t\t<div class='sp-eab-accordion-content eab-content-4f0936'>\n\t\t\t\t\t\t\t\t\t\t\t\t<div class='sp-eab-accordion-content-wrapper'>\n\t\t\t\t\t\t\t<div class='sp-eab-accordion-body'>\n\t\t\t    \t\t\t\t\n\n<p class=\"wp-block-paragraph\"><\/p>\n\n\t\t\t\t\t\t\t<\/div>\n\t\t\t\t\t\t<\/div>\n\t\t\t\t\t\t\t\t\t\t\t<\/div>\n\t\t\t\t<\/div>\n\t\t\t<\/div>\n\t\t\n\n\t\t\t<div\n\t\t\t\tid =\"sp-eab-item-a321f2558df1\"\n\t\t\t\tclass=\"sp-eab-accordion-item eab-item-4f0936\"\n\t\t\t\t\t\t\t>\n\t\t\t\t<div class=\"sp-eab-accordion-item-wrapper\">\n\t\t\t\t\t\t\t\t<h3 class='sp-eab-accordion-heading sp-d-flex sp-align-center eab-heading-4f0936'\n\t\t\t\t\t\t>\n\t\t\t\t<span class='sp-eab-accordion-header-wrapper sp-d-flex sp-align-center eab-icon-position-end'>\n\t\t\t\t\t<span class='sp-eab-accordion-header-start sp-d-flex sp-justify-left sp-align-center'>\n\t\t\t\t\t\t<span class='sp-eab-title-subtitle-wrapper sp-d-flex'>\n\t\t\t\t\t\t\t<span class='sp-eab-accordion-title-wrapper sp-d-flex sp-align-center'>\n\t\t\t\t\t\t\t\t<span class='sp-eab-accordion-title-text'>\n\t\t\t\t\t\t\t\t\t\u00daltimas interpretaciones: <br>&#8211; Gabriella Pace (soprano), Francisco Valero-Terribas (director), Orquestra Sinf\u00f4nica Brasileira. Sala Cecilia Meireles y Theatro Municipal, Rio de Janeiro; 29 y 30 de mayo, 2026.\t\t\t\t\t\t\t\t<\/span>\n\t\t\t\t\t\t\t<\/span>\n\t\t\t\t\t\t<\/span>\n\t\t\t\t\t<\/span>\n\t\t\t\t\t<span class='sp-eab-accordion-header-end eab-icon-animated'>\n\t\t\t\t\t\t\t\t\t\t\t<\/span>\n\t\t\t\t<\/span>\n\t\t\t<\/h3>\n\t\t\t\t\t\t\t<!-- accordion body -->\n\t\t\t\t\t<div class='sp-eab-accordion-content eab-content-4f0936'>\n\t\t\t\t\t\t\t\t\t\t\t\t<div class='sp-eab-accordion-content-wrapper'>\n\t\t\t\t\t\t\t<div class='sp-eab-accordion-body'>\n\t\t\t    \t\t\t\t\n\n<p class=\"wp-block-paragraph\"><\/p>\n\n\t\t\t\t\t\t\t<\/div>\n\t\t\t\t\t\t<\/div>\n\t\t\t\t\t\t\t\t\t\t\t<\/div>\n\t\t\t\t<\/div>\n\t\t\t<\/div>\n\t\t\n\t\t\t\t<\/div>\n\t\t\t<\/div>\n\t\t<\/div>\n\t\t\n\t\t\t\t\t\t\t<\/div>\n\t\t\t\t\t\t<\/div>\n\t\t\t\t\t\t\t\t\t\t\t<\/div>\n\t\t\t\t<\/div>\n\t\t\t<\/div>\n\t\t\n\n\t\t\t<div\n\t\t\t\tid =\"sp-eab-item-5e0a5add1c95\"\n\t\t\t\tclass=\"sp-eab-accordion-item eab-item-5887b5\"\n\t\t\t\t\t\t\t>\n\t\t\t\t<div class=\"sp-eab-accordion-item-wrapper\">\n\t\t\t\t\t\t\t\t<h3 class='sp-eab-accordion-heading sp-d-flex sp-align-center eab-heading-5887b5'\n\t\t\t\t\t\t>\n\t\t\t\t<span class='sp-eab-accordion-header-wrapper sp-d-flex sp-align-center eab-icon-position-end'>\n\t\t\t\t\t<span class='sp-eab-accordion-header-start sp-d-flex sp-justify-left sp-align-center'>\n\t\t\t\t\t\t<span class='sp-eab-title-subtitle-wrapper sp-d-flex'>\n\t\t\t\t\t\t\t<span class='sp-eab-accordion-title-wrapper sp-d-flex sp-align-center'>\n\t\t\t\t\t\t\t\t<span class='sp-eab-accordion-title-text'>\n\t\t\t\t\t\t\t\t\tCampanas de sol y aire (ciclo de canciones con orquesta)\t\t\t\t\t\t\t\t<\/span>\n\t\t\t\t\t\t\t<\/span>\n\t\t\t\t\t\t<\/span>\n\t\t\t\t\t<\/span>\n\t\t\t\t\t<span class='sp-eab-accordion-header-end eab-icon-animated'>\n\t\t\t\t\t\t\t\t\t\t\t\t<span class='sp-eab-expand-collapse-icon sp-d-block'>\n\t\t\t\t\t\t\t<i class='sp-eab-expand-icon eab-icon-double-angle-down'><\/i>\n\t\t\t\t\t\t\t<i class='sp-eab-collapse-icon eab-icon-double-angle-up'><\/i>\n\t\t\t\t\t\t<\/span>\n\t\t\t\t\t\t\t\t\t\t\t<\/span>\n\t\t\t\t<\/span>\n\t\t\t<\/h3>\n\t\t\t\t\t\t\t<!-- accordion body -->\n\t\t\t\t\t<div class='sp-eab-accordion-content eab-content-5887b5'>\n\t\t\t\t\t\t\t\t\t\t\t\t<div class='sp-eab-accordion-content-wrapper'>\n\t\t\t\t\t\t\t<div class='sp-eab-accordion-body'>\n\t\t\t    \t\t\t\t\n\t\t<div class=\"sp-easy-accordion-block sp-eab-regular-accordion alignwide\"\n\t\t\t\t>\n\t\t\t<div class=\"sp-eab-wrapper sp-eab-vertical-accordion sp-eab-c749894f0936\">\n\t\t\t\t\t\t\t\t<div class='sp-eab-accordion sp-eab-mode-vertical sp-eab-vertical-two sp-d-flex' data-accordion-settings=\"{&quot;mode&quot;:&quot;vertical&quot;,&quot;activeEvent&quot;:&quot;click&quot;,&quot;defaultAccordionOpen&quot;:&quot;first-item&quot;,&quot;selectedItemOpen&quot;:0,&quot;openMultiItemAtaTime&quot;:false,&quot;scrollToTopOnLoad&quot;:false,&quot;scrollToTopOnClick&quot;:false,&quot;accordionItemToUrl&quot;:false,&quot;animationEffect&quot;:false,&quot;applyAccessibility&quot;:true}\">\n        \t    \t\n\t\t\t<div\n\t\t\t\tid =\"sp-eab-item-5c2a7e53038e\"\n\t\t\t\tclass=\"sp-eab-accordion-item eab-item-4f0936\"\n\t\t\t\t\t\t\t>\n\t\t\t\t<div class=\"sp-eab-accordion-item-wrapper\">\n\t\t\t\t\t\t\t\t<h3 class='sp-eab-accordion-heading sp-d-flex sp-align-center eab-heading-4f0936'\n\t\t\t\t\t\t>\n\t\t\t\t<span class='sp-eab-accordion-header-wrapper sp-d-flex sp-align-center eab-icon-position-end'>\n\t\t\t\t\t<span class='sp-eab-accordion-header-start sp-d-flex sp-justify-left sp-align-center'>\n\t\t\t\t\t\t<span class='sp-eab-title-subtitle-wrapper sp-d-flex'>\n\t\t\t\t\t\t\t<span class='sp-eab-accordion-title-wrapper sp-d-flex sp-align-center'>\n\t\t\t\t\t\t\t\t<span class='sp-eab-accordion-title-text'>\n\t\t\t\t\t\t\t\t\tI. Mientras se borra el mundo (Texto: Juan Lamillar)<br>II. Milagro en Valdezufre (Texto: Lutgardo Garc\u00eda D\u00edaz)<br>III. El bosque, la flor y la muerte (Texto: Jos\u00e9 Mar\u00eda Jurado)<br>IV. Alta torre (Texto: Ignacio Trujillo)<br><strong>Estreno previsto:<\/strong> 2027 <br><strong>Duraci\u00f3n:<\/strong> 12&#8242; <a href=\"https:\/\/borjamarino.com\/media\/\" target=\"_blank\" rel=\"noopener\">[ESCUCHAR]<\/a> \t\t\t\t\t\t\t\t<\/span>\n\t\t\t\t\t\t\t<\/span>\n\t\t\t\t\t\t<\/span>\n\t\t\t\t\t<\/span>\n\t\t\t\t\t<span class='sp-eab-accordion-header-end eab-icon-animated'>\n\t\t\t\t\t\t\t\t\t\t\t<\/span>\n\t\t\t\t<\/span>\n\t\t\t<\/h3>\n\t\t\t\t\t\t\t<!-- accordion body -->\n\t\t\t\t\t<div class='sp-eab-accordion-content eab-content-4f0936'>\n\t\t\t\t\t\t\t\t\t\t\t\t<div class='sp-eab-accordion-content-wrapper'>\n\t\t\t\t\t\t\t<div class='sp-eab-accordion-body'>\n\t\t\t    \t\t\t\t\n\n<p class=\"wp-block-paragraph\"><\/p>\n\n\t\t\t\t\t\t\t<\/div>\n\t\t\t\t\t\t<\/div>\n\t\t\t\t\t\t\t\t\t\t\t<\/div>\n\t\t\t\t<\/div>\n\t\t\t<\/div>\n\t\t\n\n\t\t\t<div\n\t\t\t\tid =\"sp-eab-item-a321f2558df1\"\n\t\t\t\tclass=\"sp-eab-accordion-item eab-item-4f0936\"\n\t\t\t\t\t\t\t>\n\t\t\t\t<div class=\"sp-eab-accordion-item-wrapper\">\n\t\t\t\t\t\t\t\t<h3 class='sp-eab-accordion-heading sp-d-flex sp-align-center eab-heading-4f0936'\n\t\t\t\t\t\t>\n\t\t\t\t<span class='sp-eab-accordion-header-wrapper sp-d-flex sp-align-center eab-icon-position-end'>\n\t\t\t\t\t<span class='sp-eab-accordion-header-start sp-d-flex sp-justify-left sp-align-center'>\n\t\t\t\t\t\t<span class='sp-eab-title-subtitle-wrapper sp-d-flex'>\n\t\t\t\t\t\t\t<span class='sp-eab-accordion-title-wrapper sp-d-flex sp-align-center'>\n\t\t\t\t\t\t\t\t<span class='sp-eab-accordion-title-text'>\n\t\t\t\t\t\t\t\t\tPr\u00f3ximas interpretaciones: <br>&#8211; Saioa Hern\u00e1ndez (soprano), Lucas Mac\u00edas (director), Real Orquesta Sinf\u00f3nica de Sevilla. Teatro de la Maestranza, Sevilla; 8 y 9 de julio, 2027.\t\t\t\t\t\t\t\t<\/span>\n\t\t\t\t\t\t\t<\/span>\n\t\t\t\t\t\t<\/span>\n\t\t\t\t\t<\/span>\n\t\t\t\t\t<span class='sp-eab-accordion-header-end eab-icon-animated'>\n\t\t\t\t\t\t\t\t\t\t\t<\/span>\n\t\t\t\t<\/span>\n\t\t\t<\/h3>\n\t\t\t\t\t\t\t<!-- accordion body -->\n\t\t\t\t\t<div class='sp-eab-accordion-content eab-content-4f0936'>\n\t\t\t\t\t\t\t\t\t\t\t\t<div class='sp-eab-accordion-content-wrapper'>\n\t\t\t\t\t\t\t<div class='sp-eab-accordion-body'>\n\t\t\t    \t\t\t\t\n\n<p class=\"wp-block-paragraph\"><\/p>\n\n\t\t\t\t\t\t\t<\/div>\n\t\t\t\t\t\t<\/div>\n\t\t\t\t\t\t\t\t\t\t\t<\/div>\n\t\t\t\t<\/div>\n\t\t\t<\/div>\n\t\t\n\t\t\t\t<\/div>\n\t\t\t<\/div>\n\t\t<\/div>\n\t\t\n\t\t\t\t\t\t\t<\/div>\n\t\t\t\t\t\t<\/div>\n\t\t\t\t\t\t\t\t\t\t\t<\/div>\n\t\t\t\t<\/div>\n\t\t\t<\/div>\n\t\t\n\t\t\t\t<\/div>\n\t\t\t<\/div>\n\t\t<\/div>\n\t\t\n\t\t\t\t\t\t\t<\/div>\n\t\t\t\t\t\t<\/div>\n\t\t\t\t\t\t\t\t\t\t\t<\/div>\n\t\t\t\t<\/div>\n\t\t\t<\/div>\n\t\t\n\n\t\t\t<div\n\t\t\t\tid =\"sp-eab-item-7e237093af89\"\n\t\t\t\tclass=\"sp-eab-accordion-item eab-item-99e797\"\n\t\t\t\t\t\t\t>\n\t\t\t\t<div class=\"sp-eab-accordion-item-wrapper\">\n\t\t\t\t\t\t\t\t<h3 class='sp-eab-accordion-heading sp-d-flex sp-align-center eab-heading-99e797'\n\t\t\t\t\t\t>\n\t\t\t\t<span class='sp-eab-accordion-header-wrapper sp-d-flex sp-align-center eab-icon-position-end'>\n\t\t\t\t\t<span class='sp-eab-accordion-header-start sp-d-flex sp-justify-left sp-align-center'>\n\t\t\t\t\t\t<span class='sp-eab-title-subtitle-wrapper sp-d-flex'>\n\t\t\t\t\t\t\t<span class='sp-eab-accordion-title-wrapper sp-d-flex sp-align-center'>\n\t\t\t\t\t\t\t\t<span class='sp-eab-accordion-title-text'>\n\t\t\t\t\t\t\t\t\tM\u00fasica esc\u00e9nica\t\t\t\t\t\t\t\t<\/span>\n\t\t\t\t\t\t\t<\/span>\n\t\t\t\t\t\t<\/span>\n\t\t\t\t\t<\/span>\n\t\t\t\t\t<span class='sp-eab-accordion-header-end eab-icon-animated'>\n\t\t\t\t\t\t\t\t\t\t\t\t<span class='sp-eab-expand-collapse-icon sp-d-block'>\n\t\t\t\t\t\t\t<i class='sp-eab-expand-icon eab-icon-triangle-down'><\/i>\n\t\t\t\t\t\t\t<i class='sp-eab-collapse-icon eab-icon-triangle-up'><\/i>\n\t\t\t\t\t\t<\/span>\n\t\t\t\t\t\t\t\t\t\t\t<\/span>\n\t\t\t\t<\/span>\n\t\t\t<\/h3>\n\t\t\t\t\t\t\t<!-- accordion body -->\n\t\t\t\t\t<div class='sp-eab-accordion-content eab-content-99e797'>\n\t\t\t\t\t\t\t\t\t\t\t\t<div class='sp-eab-accordion-content-wrapper'>\n\t\t\t\t\t\t\t<div class='sp-eab-accordion-body'>\n\t\t\t    \t\t\t\t\n\t\t<div class=\"sp-easy-accordion-block sp-eab-regular-accordion alignwide\"\n\t\t\t\t>\n\t\t\t<div class=\"sp-eab-wrapper sp-eab-vertical-accordion sp-eab-8149ce5887b5\">\n\t\t\t\t\t\t\t\t<div class='sp-eab-accordion sp-eab-mode-vertical sp-eab-vertical-two sp-d-flex' data-accordion-settings=\"{&quot;mode&quot;:&quot;vertical&quot;,&quot;activeEvent&quot;:&quot;click&quot;,&quot;defaultAccordionOpen&quot;:&quot;close-all&quot;,&quot;selectedItemOpen&quot;:0,&quot;openMultiItemAtaTime&quot;:false,&quot;scrollToTopOnLoad&quot;:false,&quot;scrollToTopOnClick&quot;:false,&quot;accordionItemToUrl&quot;:false,&quot;animationEffect&quot;:false,&quot;applyAccessibility&quot;:true}\">\n        \t    \t\n\t\t\t<div\n\t\t\t\tid =\"sp-eab-item-abca1b4ac47c\"\n\t\t\t\tclass=\"sp-eab-accordion-item eab-item-5887b5\"\n\t\t\t\t\t\t\t>\n\t\t\t\t<div class=\"sp-eab-accordion-item-wrapper\">\n\t\t\t\t\t\t\t\t<h3 class='sp-eab-accordion-heading sp-d-flex sp-align-center eab-heading-5887b5'\n\t\t\t\t\t\t>\n\t\t\t\t<span class='sp-eab-accordion-header-wrapper sp-d-flex sp-align-center eab-icon-position-end'>\n\t\t\t\t\t<span class='sp-eab-accordion-header-start sp-d-flex sp-justify-left sp-align-center'>\n\t\t\t\t\t\t<span class='sp-eab-title-subtitle-wrapper sp-d-flex'>\n\t\t\t\t\t\t\t<span class='sp-eab-accordion-title-wrapper sp-d-flex sp-align-center'>\n\t\t\t\t\t\t\t\t<span class='sp-eab-accordion-title-text'>\n\t\t\t\t\t\t\t\t\t\u00d3pera de consenso\t\t\t\t\t\t\t\t<\/span>\n\t\t\t\t\t\t\t<\/span>\n\t\t\t\t\t\t<\/span>\n\t\t\t\t\t<\/span>\n\t\t\t\t\t<span class='sp-eab-accordion-header-end eab-icon-animated'>\n\t\t\t\t\t\t\t\t\t\t\t\t<span class='sp-eab-expand-collapse-icon sp-d-block'>\n\t\t\t\t\t\t\t<i class='sp-eab-expand-icon eab-icon-double-angle-down'><\/i>\n\t\t\t\t\t\t\t<i class='sp-eab-collapse-icon eab-icon-double-angle-up'><\/i>\n\t\t\t\t\t\t<\/span>\n\t\t\t\t\t\t\t\t\t\t\t<\/span>\n\t\t\t\t<\/span>\n\t\t\t<\/h3>\n\t\t\t\t\t\t\t<!-- accordion body -->\n\t\t\t\t\t<div class='sp-eab-accordion-content eab-content-5887b5'>\n\t\t\t\t\t\t\t\t\t\t\t\t<div class='sp-eab-accordion-content-wrapper'>\n\t\t\t\t\t\t\t<div class='sp-eab-accordion-body'>\n\t\t\t    \t\t\t\t\n\t\t<div class=\"sp-easy-accordion-block sp-eab-regular-accordion alignwide\"\n\t\t\t\t>\n\t\t\t<div class=\"sp-eab-wrapper sp-eab-vertical-accordion sp-eab-c749894f0936\">\n\t\t\t\t\t\t\t\t<div class='sp-eab-accordion sp-eab-mode-vertical sp-eab-vertical-two sp-d-flex' data-accordion-settings=\"{&quot;mode&quot;:&quot;vertical&quot;,&quot;activeEvent&quot;:&quot;click&quot;,&quot;defaultAccordionOpen&quot;:&quot;close-all&quot;,&quot;selectedItemOpen&quot;:0,&quot;openMultiItemAtaTime&quot;:false,&quot;scrollToTopOnLoad&quot;:false,&quot;scrollToTopOnClick&quot;:false,&quot;accordionItemToUrl&quot;:false,&quot;animationEffect&quot;:false,&quot;applyAccessibility&quot;:true}\">\n        \t    \t\n\t\t\t<div\n\t\t\t\tid =\"sp-eab-item-5c2a7e53038e\"\n\t\t\t\tclass=\"sp-eab-accordion-item eab-item-4f0936\"\n\t\t\t\t\t\t\t>\n\t\t\t\t<div class=\"sp-eab-accordion-item-wrapper\">\n\t\t\t\t\t\t\t\t<h3 class='sp-eab-accordion-heading sp-d-flex sp-align-center eab-heading-4f0936'\n\t\t\t\t\t\t>\n\t\t\t\t<span class='sp-eab-accordion-header-wrapper sp-d-flex sp-align-center eab-icon-position-end'>\n\t\t\t\t\t<span class='sp-eab-accordion-header-start sp-d-flex sp-justify-left sp-align-center'>\n\t\t\t\t\t\t<span class='sp-eab-title-subtitle-wrapper sp-d-flex'>\n\t\t\t\t\t\t\t<span class='sp-eab-accordion-title-wrapper sp-d-flex sp-align-center'>\n\t\t\t\t\t\t\t\t<span class='sp-eab-accordion-title-text'>\n\t\t\t\t\t\t\t\t\tM\u00fasica incidental para la obra El pimiento Verdi de Albert Boadella<br><strong>Estreno:<\/strong> 2013 <br><strong>Duraci\u00f3n:<\/strong> 20&#8242;\t\t\t\t\t\t\t\t<\/span>\n\t\t\t\t\t\t\t<\/span>\n\t\t\t\t\t\t<\/span>\n\t\t\t\t\t<\/span>\n\t\t\t\t\t<span class='sp-eab-accordion-header-end eab-icon-animated'>\n\t\t\t\t\t\t\t\t\t\t\t<\/span>\n\t\t\t\t<\/span>\n\t\t\t<\/h3>\n\t\t\t\t\t\t\t<!-- accordion body -->\n\t\t\t\t\t<div class='sp-eab-accordion-content eab-content-4f0936'>\n\t\t\t\t\t\t\t\t\t\t\t\t<div class='sp-eab-accordion-content-wrapper'>\n\t\t\t\t\t\t\t<div class='sp-eab-accordion-body'>\n\t\t\t    \t\t\t\t\n\n<p class=\"wp-block-paragraph\"><\/p>\n\n\t\t\t\t\t\t\t<\/div>\n\t\t\t\t\t\t<\/div>\n\t\t\t\t\t\t\t\t\t\t\t<\/div>\n\t\t\t\t<\/div>\n\t\t\t<\/div>\n\t\t\n\n\t\t\t<div\n\t\t\t\tid =\"sp-eab-item-a321f2558df1\"\n\t\t\t\tclass=\"sp-eab-accordion-item eab-item-4f0936\"\n\t\t\t\t\t\t\t>\n\t\t\t\t<div class=\"sp-eab-accordion-item-wrapper\">\n\t\t\t\t\t\t\t\t<h3 class='sp-eab-accordion-heading sp-d-flex sp-align-center eab-heading-4f0936'\n\t\t\t\t\t\t>\n\t\t\t\t<span class='sp-eab-accordion-header-wrapper sp-d-flex sp-align-center eab-icon-position-end'>\n\t\t\t\t\t<span class='sp-eab-accordion-header-start sp-d-flex sp-justify-left sp-align-center'>\n\t\t\t\t\t\t<span class='sp-eab-title-subtitle-wrapper sp-d-flex'>\n\t\t\t\t\t\t\t<span class='sp-eab-accordion-title-wrapper sp-d-flex sp-align-center'>\n\t\t\t\t\t\t\t\t<span class='sp-eab-accordion-title-text'>\n\t\t\t\t\t\t\t\t\t\u00daltimas interpretaciones: <br>&#8211; Teatro San Mart\u00edn, Buenos Aires; 2015.<br>&#8211; Teatros del Canal, Madrid; 2013-14 + Gira.<br>\t\t\t\t\t\t\t\t<\/span>\n\t\t\t\t\t\t\t<\/span>\n\t\t\t\t\t\t<\/span>\n\t\t\t\t\t<\/span>\n\t\t\t\t\t<span class='sp-eab-accordion-header-end eab-icon-animated'>\n\t\t\t\t\t\t\t\t\t\t\t<\/span>\n\t\t\t\t<\/span>\n\t\t\t<\/h3>\n\t\t\t\t\t\t\t<!-- accordion body -->\n\t\t\t\t\t<div class='sp-eab-accordion-content eab-content-4f0936'>\n\t\t\t\t\t\t\t\t\t\t\t\t<div class='sp-eab-accordion-content-wrapper'>\n\t\t\t\t\t\t\t<div class='sp-eab-accordion-body'>\n\t\t\t    \t\t\t\t\n\n<p class=\"wp-block-paragraph\"><\/p>\n\n\t\t\t\t\t\t\t<\/div>\n\t\t\t\t\t\t<\/div>\n\t\t\t\t\t\t\t\t\t\t\t<\/div>\n\t\t\t\t<\/div>\n\t\t\t<\/div>\n\t\t\n\t\t\t\t<\/div>\n\t\t\t<\/div>\n\t\t<\/div>\n\t\t\n\t\t\t\t\t\t\t<\/div>\n\t\t\t\t\t\t<\/div>\n\t\t\t\t\t\t\t\t\t\t\t<\/div>\n\t\t\t\t<\/div>\n\t\t\t<\/div>\n\t\t\n\n\t\t\t<div\n\t\t\t\tid =\"sp-eab-item-5e0a5add1c95\"\n\t\t\t\tclass=\"sp-eab-accordion-item eab-item-5887b5\"\n\t\t\t\t\t\t\t>\n\t\t\t\t<div class=\"sp-eab-accordion-item-wrapper\">\n\t\t\t\t\t\t\t\t<h3 class='sp-eab-accordion-heading sp-d-flex sp-align-center eab-heading-5887b5'\n\t\t\t\t\t\t>\n\t\t\t\t<span class='sp-eab-accordion-header-wrapper sp-d-flex sp-align-center eab-icon-position-end'>\n\t\t\t\t\t<span class='sp-eab-accordion-header-start sp-d-flex sp-justify-left sp-align-center'>\n\t\t\t\t\t\t<span class='sp-eab-title-subtitle-wrapper sp-d-flex'>\n\t\t\t\t\t\t\t<span class='sp-eab-accordion-title-wrapper sp-d-flex sp-align-center'>\n\t\t\t\t\t\t\t\t<span class='sp-eab-accordion-title-text'>\n\t\t\t\t\t\t\t\t\tEl principito, un cuento chachi\t\t\t\t\t\t\t\t<\/span>\n\t\t\t\t\t\t\t<\/span>\n\t\t\t\t\t\t<\/span>\n\t\t\t\t\t<\/span>\n\t\t\t\t\t<span class='sp-eab-accordion-header-end eab-icon-animated'>\n\t\t\t\t\t\t\t\t\t\t\t\t<span class='sp-eab-expand-collapse-icon sp-d-block'>\n\t\t\t\t\t\t\t<i class='sp-eab-expand-icon eab-icon-double-angle-down'><\/i>\n\t\t\t\t\t\t\t<i class='sp-eab-collapse-icon eab-icon-double-angle-up'><\/i>\n\t\t\t\t\t\t<\/span>\n\t\t\t\t\t\t\t\t\t\t\t<\/span>\n\t\t\t\t<\/span>\n\t\t\t<\/h3>\n\t\t\t\t\t\t\t<!-- accordion body -->\n\t\t\t\t\t<div class='sp-eab-accordion-content eab-content-5887b5'>\n\t\t\t\t\t\t\t\t\t\t\t\t<div class='sp-eab-accordion-content-wrapper'>\n\t\t\t\t\t\t\t<div class='sp-eab-accordion-body'>\n\t\t\t    \t\t\t\t\n\t\t<div class=\"sp-easy-accordion-block sp-eab-regular-accordion alignwide\"\n\t\t\t\t>\n\t\t\t<div class=\"sp-eab-wrapper sp-eab-vertical-accordion sp-eab-c749894f0936\">\n\t\t\t\t\t\t\t\t<div class='sp-eab-accordion sp-eab-mode-vertical sp-eab-vertical-two sp-d-flex' data-accordion-settings=\"{&quot;mode&quot;:&quot;vertical&quot;,&quot;activeEvent&quot;:&quot;click&quot;,&quot;defaultAccordionOpen&quot;:&quot;first-item&quot;,&quot;selectedItemOpen&quot;:0,&quot;openMultiItemAtaTime&quot;:false,&quot;scrollToTopOnLoad&quot;:false,&quot;scrollToTopOnClick&quot;:false,&quot;accordionItemToUrl&quot;:false,&quot;animationEffect&quot;:false,&quot;applyAccessibility&quot;:true}\">\n        \t    \t\n\t\t\t<div\n\t\t\t\tid =\"sp-eab-item-5c2a7e53038e\"\n\t\t\t\tclass=\"sp-eab-accordion-item eab-item-4f0936\"\n\t\t\t\t\t\t\t>\n\t\t\t\t<div class=\"sp-eab-accordion-item-wrapper\">\n\t\t\t\t\t\t\t\t<h3 class='sp-eab-accordion-heading sp-d-flex sp-align-center eab-heading-4f0936'\n\t\t\t\t\t\t>\n\t\t\t\t<span class='sp-eab-accordion-header-wrapper sp-d-flex sp-align-center eab-icon-position-end'>\n\t\t\t\t\t<span class='sp-eab-accordion-header-start sp-d-flex sp-justify-left sp-align-center'>\n\t\t\t\t\t\t<span class='sp-eab-title-subtitle-wrapper sp-d-flex'>\n\t\t\t\t\t\t\t<span class='sp-eab-accordion-title-wrapper sp-d-flex sp-align-center'>\n\t\t\t\t\t\t\t\t<span class='sp-eab-accordion-title-text'>\n\t\t\t\t\t\t\t\t\tCuento para quinteto de vientos<br><strong>Estreno:<\/strong> 23 de abril, 2016 <br><strong>Duraci\u00f3n:<\/strong> 50&#8242; <a href=\"https:\/\/borjamarino.com\/media\/\" target=\"_blank\" rel=\"noopener\">[ESCUCHAR]<\/a> \t\t\t\t\t\t\t\t<\/span>\n\t\t\t\t\t\t\t<\/span>\n\t\t\t\t\t\t<\/span>\n\t\t\t\t\t<\/span>\n\t\t\t\t\t<span class='sp-eab-accordion-header-end eab-icon-animated'>\n\t\t\t\t\t\t\t\t\t\t\t<\/span>\n\t\t\t\t<\/span>\n\t\t\t<\/h3>\n\t\t\t\t\t\t\t<!-- accordion body -->\n\t\t\t\t\t<div class='sp-eab-accordion-content eab-content-4f0936'>\n\t\t\t\t\t\t\t\t\t\t\t\t<div class='sp-eab-accordion-content-wrapper'>\n\t\t\t\t\t\t\t<div class='sp-eab-accordion-body'>\n\t\t\t    \t\t\t\t\n\n<p class=\"wp-block-paragraph\"><\/p>\n\n\t\t\t\t\t\t\t<\/div>\n\t\t\t\t\t\t<\/div>\n\t\t\t\t\t\t\t\t\t\t\t<\/div>\n\t\t\t\t<\/div>\n\t\t\t<\/div>\n\t\t\n\n\t\t\t<div\n\t\t\t\tid =\"sp-eab-item-a321f2558df1\"\n\t\t\t\tclass=\"sp-eab-accordion-item eab-item-4f0936\"\n\t\t\t\t\t\t\t>\n\t\t\t\t<div class=\"sp-eab-accordion-item-wrapper\">\n\t\t\t\t\t\t\t\t<h3 class='sp-eab-accordion-heading sp-d-flex sp-align-center eab-heading-4f0936'\n\t\t\t\t\t\t>\n\t\t\t\t<span class='sp-eab-accordion-header-wrapper sp-d-flex sp-align-center eab-icon-position-end'>\n\t\t\t\t\t<span class='sp-eab-accordion-header-start sp-d-flex sp-justify-left sp-align-center'>\n\t\t\t\t\t\t<span class='sp-eab-title-subtitle-wrapper sp-d-flex'>\n\t\t\t\t\t\t\t<span class='sp-eab-accordion-title-wrapper sp-d-flex sp-align-center'>\n\t\t\t\t\t\t\t\t<span class='sp-eab-accordion-title-text'>\n\t\t\t\t\t\t\t\t\t\u00daltimas interpretaciones destacadas: <br>&#8211; Orquesta Filarm\u00f3nica de Gran Canaria. Auditorio Alfredo Kraus; 21 al 26 de febrero, 2022. <br>&#8211; Quinteto Enara. Teatro Carlos III, Aranjuez; 16 de noviembre, 2021.  <br>&#8211; Quinteto Enara. Auditorio Sony, Fundaci\u00f3n Alb\u00e9niz \/ Reina Sof\u00eda; 10 y 17 de abril, 2021. <a href=\"https:\/\/www.youtube.com\/watch?v=Sfh0VBU7qbI\" target=\"_blank\" rel=\"noopener\">[Ver en YouTube]<\/a><br>&#8211; Quinteto Enara. Grabaci\u00f3n discogr\u00e1fica; 2020. <br>&#8211; Compa\u00f1\u00eda Pyel. Auditorio Nacional, Madrid; 21 de marzo, 2019.<br>&#8211; Compa\u00f1\u00eda Pyel. Teatro Auditorio de San Lorenzo de El Escorial; 26 de diciembre, 2016. \t\t\t\t\t\t\t\t<\/span>\n\t\t\t\t\t\t\t<\/span>\n\t\t\t\t\t\t<\/span>\n\t\t\t\t\t<\/span>\n\t\t\t\t\t<span class='sp-eab-accordion-header-end eab-icon-animated'>\n\t\t\t\t\t\t\t\t\t\t\t<\/span>\n\t\t\t\t<\/span>\n\t\t\t<\/h3>\n\t\t\t\t\t\t\t<!-- accordion body -->\n\t\t\t\t\t<div class='sp-eab-accordion-content eab-content-4f0936'>\n\t\t\t\t\t\t\t\t\t\t\t\t<div class='sp-eab-accordion-content-wrapper'>\n\t\t\t\t\t\t\t<div class='sp-eab-accordion-body'>\n\t\t\t    \t\t\t\t\n\n<p class=\"wp-block-paragraph\"><\/p>\n\n\t\t\t\t\t\t\t<\/div>\n\t\t\t\t\t\t<\/div>\n\t\t\t\t\t\t\t\t\t\t\t<\/div>\n\t\t\t\t<\/div>\n\t\t\t<\/div>\n\t\t\n\t\t\t\t<\/div>\n\t\t\t<\/div>\n\t\t<\/div>\n\t\t\n\t\t\t\t\t\t\t<\/div>\n\t\t\t\t\t\t<\/div>\n\t\t\t\t\t\t\t\t\t\t\t<\/div>\n\t\t\t\t<\/div>\n\t\t\t<\/div>\n\t\t\n\n\t\t\t<div\n\t\t\t\tid =\"sp-eab-item-eb8455deb24c\"\n\t\t\t\tclass=\"sp-eab-accordion-item eab-item-5887b5\"\n\t\t\t\t\t\t\t>\n\t\t\t\t<div class=\"sp-eab-accordion-item-wrapper\">\n\t\t\t\t\t\t\t\t<h3 class='sp-eab-accordion-heading sp-d-flex sp-align-center eab-heading-5887b5'\n\t\t\t\t\t\t>\n\t\t\t\t<span class='sp-eab-accordion-header-wrapper sp-d-flex sp-align-center eab-icon-position-end'>\n\t\t\t\t\t<span class='sp-eab-accordion-header-start sp-d-flex sp-justify-left sp-align-center'>\n\t\t\t\t\t\t<span class='sp-eab-title-subtitle-wrapper sp-d-flex'>\n\t\t\t\t\t\t\t<span class='sp-eab-accordion-title-wrapper sp-d-flex sp-align-center'>\n\t\t\t\t\t\t\t\t<span class='sp-eab-accordion-title-text'>\n\t\t\t\t\t\t\t\t\tContra el amor (Mon\u00f3logo) \t\t\t\t\t\t\t\t<\/span>\n\t\t\t\t\t\t\t<\/span>\n\t\t\t\t\t\t<\/span>\n\t\t\t\t\t<\/span>\n\t\t\t\t\t<span class='sp-eab-accordion-header-end eab-icon-animated'>\n\t\t\t\t\t\t\t\t\t\t\t\t<span class='sp-eab-expand-collapse-icon sp-d-block'>\n\t\t\t\t\t\t\t<i class='sp-eab-expand-icon eab-icon-double-angle-down'><\/i>\n\t\t\t\t\t\t\t<i class='sp-eab-collapse-icon eab-icon-double-angle-up'><\/i>\n\t\t\t\t\t\t<\/span>\n\t\t\t\t\t\t\t\t\t\t\t<\/span>\n\t\t\t\t<\/span>\n\t\t\t<\/h3>\n\t\t\t\t\t\t\t<!-- accordion body -->\n\t\t\t\t\t<div class='sp-eab-accordion-content eab-content-5887b5'>\n\t\t\t\t\t\t\t\t\t\t\t\t<div class='sp-eab-accordion-content-wrapper'>\n\t\t\t\t\t\t\t<div class='sp-eab-accordion-body'>\n\t\t\t    \t\t\t\t\n\t\t<div class=\"sp-easy-accordion-block sp-eab-regular-accordion alignwide\"\n\t\t\t\t>\n\t\t\t<div class=\"sp-eab-wrapper sp-eab-vertical-accordion sp-eab-c749894f0936\">\n\t\t\t\t\t\t\t\t<div class='sp-eab-accordion sp-eab-mode-vertical sp-eab-vertical-two sp-d-flex' data-accordion-settings=\"{&quot;mode&quot;:&quot;vertical&quot;,&quot;activeEvent&quot;:&quot;click&quot;,&quot;defaultAccordionOpen&quot;:&quot;close-all&quot;,&quot;selectedItemOpen&quot;:0,&quot;openMultiItemAtaTime&quot;:false,&quot;scrollToTopOnLoad&quot;:false,&quot;scrollToTopOnClick&quot;:false,&quot;accordionItemToUrl&quot;:false,&quot;animationEffect&quot;:false,&quot;applyAccessibility&quot;:true}\">\n        \t    \t\n\t\t\t<div\n\t\t\t\tid =\"sp-eab-item-5c2a7e53038e\"\n\t\t\t\tclass=\"sp-eab-accordion-item eab-item-4f0936\"\n\t\t\t\t\t\t\t>\n\t\t\t\t<div class=\"sp-eab-accordion-item-wrapper\">\n\t\t\t\t\t\t\t\t<h3 class='sp-eab-accordion-heading sp-d-flex sp-align-center eab-heading-4f0936'\n\t\t\t\t\t\t>\n\t\t\t\t<span class='sp-eab-accordion-header-wrapper sp-d-flex sp-align-center eab-icon-position-end'>\n\t\t\t\t\t<span class='sp-eab-accordion-header-start sp-d-flex sp-justify-left sp-align-center'>\n\t\t\t\t\t\t<span class='sp-eab-title-subtitle-wrapper sp-d-flex'>\n\t\t\t\t\t\t\t<span class='sp-eab-accordion-title-wrapper sp-d-flex sp-align-center'>\n\t\t\t\t\t\t\t\t<span class='sp-eab-accordion-title-text'>\n\t\t\t\t\t\t\t\t\t<strong>Texto:<\/strong> Mar\u00eda de la O Lej\u00e1rraga<br><strong>Estreno:<\/strong> 2024 <br><strong>Duraci\u00f3n:<\/strong> 30&#8242; <a href=\"https:\/\/borjamarino.com\/media\/\" target=\"_blank\" rel=\"noopener\">[ESCUCHAR]<\/a>\t\t\t\t\t\t\t\t<\/span>\n\t\t\t\t\t\t\t<\/span>\n\t\t\t\t\t\t<\/span>\n\t\t\t\t\t<\/span>\n\t\t\t\t\t<span class='sp-eab-accordion-header-end eab-icon-animated'>\n\t\t\t\t\t\t\t\t\t\t\t<\/span>\n\t\t\t\t<\/span>\n\t\t\t<\/h3>\n\t\t\t\t\t\t\t<!-- accordion body -->\n\t\t\t\t\t<div class='sp-eab-accordion-content eab-content-4f0936'>\n\t\t\t\t\t\t\t\t\t\t\t\t<div class='sp-eab-accordion-content-wrapper'>\n\t\t\t\t\t\t\t<div class='sp-eab-accordion-body'>\n\t\t\t    \t\t\t\t\n\n<p class=\"wp-block-paragraph\"><\/p>\n\n\t\t\t\t\t\t\t<\/div>\n\t\t\t\t\t\t<\/div>\n\t\t\t\t\t\t\t\t\t\t\t<\/div>\n\t\t\t\t<\/div>\n\t\t\t<\/div>\n\t\t\n\n\t\t\t<div\n\t\t\t\tid =\"sp-eab-item-a321f2558df1\"\n\t\t\t\tclass=\"sp-eab-accordion-item eab-item-4f0936\"\n\t\t\t\t\t\t\t>\n\t\t\t\t<div class=\"sp-eab-accordion-item-wrapper\">\n\t\t\t\t\t\t\t\t<h3 class='sp-eab-accordion-heading sp-d-flex sp-align-center eab-heading-4f0936'\n\t\t\t\t\t\t>\n\t\t\t\t<span class='sp-eab-accordion-header-wrapper sp-d-flex sp-align-center eab-icon-position-end'>\n\t\t\t\t\t<span class='sp-eab-accordion-header-start sp-d-flex sp-justify-left sp-align-center'>\n\t\t\t\t\t\t<span class='sp-eab-title-subtitle-wrapper sp-d-flex'>\n\t\t\t\t\t\t\t<span class='sp-eab-accordion-title-wrapper sp-d-flex sp-align-center'>\n\t\t\t\t\t\t\t\t<span class='sp-eab-accordion-title-text'>\n\t\t\t\t\t\t\t\t\t\u00daltimas interpretaciones: <br>&#8211; A\u00edda Gimeno (soprano), Carlos Sanch\u00eds (piano). Teatro de la Zarzuela, Madrid; 19 de noviembre, 2024. <a href=\"https:\/\/www.youtube.com\/watch?v=AyljoeLHRN0\" target=\"_blank\" rel=\"noopener\">[Ver en YouTube]<\/a>\t\t\t\t\t\t\t\t<\/span>\n\t\t\t\t\t\t\t<\/span>\n\t\t\t\t\t\t<\/span>\n\t\t\t\t\t<\/span>\n\t\t\t\t\t<span class='sp-eab-accordion-header-end eab-icon-animated'>\n\t\t\t\t\t\t\t\t\t\t\t<\/span>\n\t\t\t\t<\/span>\n\t\t\t<\/h3>\n\t\t\t\t\t\t\t<!-- accordion body -->\n\t\t\t\t\t<div class='sp-eab-accordion-content eab-content-4f0936'>\n\t\t\t\t\t\t\t\t\t\t\t\t<div class='sp-eab-accordion-content-wrapper'>\n\t\t\t\t\t\t\t<div class='sp-eab-accordion-body'>\n\t\t\t    \t\t\t\t\n\n<p class=\"wp-block-paragraph\"><\/p>\n\n\t\t\t\t\t\t\t<\/div>\n\t\t\t\t\t\t<\/div>\n\t\t\t\t\t\t\t\t\t\t\t<\/div>\n\t\t\t\t<\/div>\n\t\t\t<\/div>\n\t\t\n\t\t\t\t<\/div>\n\t\t\t<\/div>\n\t\t<\/div>\n\t\t\n\t\t\t\t\t\t\t<\/div>\n\t\t\t\t\t\t<\/div>\n\t\t\t\t\t\t\t\t\t\t\t<\/div>\n\t\t\t\t<\/div>\n\t\t\t<\/div>\n\t\t\n\n\t\t\t<div\n\t\t\t\tid =\"sp-eab-item-eb8455deb24c\"\n\t\t\t\tclass=\"sp-eab-accordion-item eab-item-5887b5\"\n\t\t\t\t\t\t\t>\n\t\t\t\t<div class=\"sp-eab-accordion-item-wrapper\">\n\t\t\t\t\t\t\t\t<h3 class='sp-eab-accordion-heading sp-d-flex sp-align-center eab-heading-5887b5'\n\t\t\t\t\t\t>\n\t\t\t\t<span class='sp-eab-accordion-header-wrapper sp-d-flex sp-align-center eab-icon-position-end'>\n\t\t\t\t\t<span class='sp-eab-accordion-header-start sp-d-flex sp-justify-left sp-align-center'>\n\t\t\t\t\t\t<span class='sp-eab-title-subtitle-wrapper sp-d-flex'>\n\t\t\t\t\t\t\t<span class='sp-eab-accordion-title-wrapper sp-d-flex sp-align-center'>\n\t\t\t\t\t\t\t\t<span class='sp-eab-accordion-title-text'>\n\t\t\t\t\t\t\t\t\tUna isla en las estrellas (biopic)\t\t\t\t\t\t\t\t<\/span>\n\t\t\t\t\t\t\t<\/span>\n\t\t\t\t\t\t<\/span>\n\t\t\t\t\t<\/span>\n\t\t\t\t\t<span class='sp-eab-accordion-header-end eab-icon-animated'>\n\t\t\t\t\t\t\t\t\t\t\t\t<span class='sp-eab-expand-collapse-icon sp-d-block'>\n\t\t\t\t\t\t\t<i class='sp-eab-expand-icon eab-icon-double-angle-down'><\/i>\n\t\t\t\t\t\t\t<i class='sp-eab-collapse-icon eab-icon-double-angle-up'><\/i>\n\t\t\t\t\t\t<\/span>\n\t\t\t\t\t\t\t\t\t\t\t<\/span>\n\t\t\t\t<\/span>\n\t\t\t<\/h3>\n\t\t\t\t\t\t\t<!-- accordion body -->\n\t\t\t\t\t<div class='sp-eab-accordion-content eab-content-5887b5'>\n\t\t\t\t\t\t\t\t\t\t\t\t<div class='sp-eab-accordion-content-wrapper'>\n\t\t\t\t\t\t\t<div class='sp-eab-accordion-body'>\n\t\t\t    \t\t\t\t\n\t\t<div class=\"sp-easy-accordion-block sp-eab-regular-accordion alignwide\"\n\t\t\t\t>\n\t\t\t<div class=\"sp-eab-wrapper sp-eab-vertical-accordion sp-eab-c749894f0936\">\n\t\t\t\t\t\t\t\t<div class='sp-eab-accordion sp-eab-mode-vertical sp-eab-vertical-two sp-d-flex' data-accordion-settings=\"{&quot;mode&quot;:&quot;vertical&quot;,&quot;activeEvent&quot;:&quot;click&quot;,&quot;defaultAccordionOpen&quot;:&quot;close-all&quot;,&quot;selectedItemOpen&quot;:0,&quot;openMultiItemAtaTime&quot;:false,&quot;scrollToTopOnLoad&quot;:false,&quot;scrollToTopOnClick&quot;:false,&quot;accordionItemToUrl&quot;:false,&quot;animationEffect&quot;:false,&quot;applyAccessibility&quot;:true}\">\n        \t    \t\n\t\t\t<div\n\t\t\t\tid =\"sp-eab-item-5c2a7e53038e\"\n\t\t\t\tclass=\"sp-eab-accordion-item eab-item-4f0936\"\n\t\t\t\t\t\t\t>\n\t\t\t\t<div class=\"sp-eab-accordion-item-wrapper\">\n\t\t\t\t\t\t\t\t<h3 class='sp-eab-accordion-heading sp-d-flex sp-align-center eab-heading-4f0936'\n\t\t\t\t\t\t>\n\t\t\t\t<span class='sp-eab-accordion-header-wrapper sp-d-flex sp-align-center eab-icon-position-end'>\n\t\t\t\t\t<span class='sp-eab-accordion-header-start sp-d-flex sp-justify-left sp-align-center'>\n\t\t\t\t\t\t<span class='sp-eab-title-subtitle-wrapper sp-d-flex'>\n\t\t\t\t\t\t\t<span class='sp-eab-accordion-title-wrapper sp-d-flex sp-align-center'>\n\t\t\t\t\t\t\t\t<span class='sp-eab-accordion-title-text'>\n\t\t\t\t\t\t\t\t\t<strong>Texto:<\/strong> Josefina de la Torre<br><strong>Composici\u00f3n:<\/strong> 2026<strong> Estreno:<\/strong> Pendiente<br><strong>Duraci\u00f3n:<\/strong> 50&#8242; \t\t\t\t\t\t\t\t<\/span>\n\t\t\t\t\t\t\t<\/span>\n\t\t\t\t\t\t<\/span>\n\t\t\t\t\t<\/span>\n\t\t\t\t\t<span class='sp-eab-accordion-header-end eab-icon-animated'>\n\t\t\t\t\t\t\t\t\t\t\t<\/span>\n\t\t\t\t<\/span>\n\t\t\t<\/h3>\n\t\t\t\t\t\t\t<!-- accordion body -->\n\t\t\t\t\t<div class='sp-eab-accordion-content eab-content-4f0936'>\n\t\t\t\t\t\t\t\t\t\t\t\t<div class='sp-eab-accordion-content-wrapper'>\n\t\t\t\t\t\t\t<div class='sp-eab-accordion-body'>\n\t\t\t    \t\t\t\t\n\n<p class=\"wp-block-paragraph\"><\/p>\n\n\t\t\t\t\t\t\t<\/div>\n\t\t\t\t\t\t<\/div>\n\t\t\t\t\t\t\t\t\t\t\t<\/div>\n\t\t\t\t<\/div>\n\t\t\t<\/div>\n\t\t\n\t\t\t\t<\/div>\n\t\t\t<\/div>\n\t\t<\/div>\n\t\t\n\t\t\t\t\t\t\t<\/div>\n\t\t\t\t\t\t<\/div>\n\t\t\t\t\t\t\t\t\t\t\t<\/div>\n\t\t\t\t<\/div>\n\t\t\t<\/div>\n\t\t\n\t\t\t\t<\/div>\n\t\t\t<\/div>\n\t\t<\/div>\n\t\t\n\t\t\t\t\t\t\t<\/div>\n\t\t\t\t\t\t<\/div>\n\t\t\t\t\t\t\t\t\t\t\t<\/div>\n\t\t\t\t<\/div>\n\t\t\t<\/div>\n\t\t\n\n\t\t\t<div\n\t\t\t\tid =\"sp-eab-item-7e237093af89\"\n\t\t\t\tclass=\"sp-eab-accordion-item eab-item-99e797\"\n\t\t\t\t\t\t\t>\n\t\t\t\t<div class=\"sp-eab-accordion-item-wrapper\">\n\t\t\t\t\t\t\t\t<h3 class='sp-eab-accordion-heading sp-d-flex sp-align-center eab-heading-99e797'\n\t\t\t\t\t\t>\n\t\t\t\t<span class='sp-eab-accordion-header-wrapper sp-d-flex sp-align-center eab-icon-position-end'>\n\t\t\t\t\t<span class='sp-eab-accordion-header-start sp-d-flex sp-justify-left sp-align-center'>\n\t\t\t\t\t\t<span class='sp-eab-title-subtitle-wrapper sp-d-flex'>\n\t\t\t\t\t\t\t<span class='sp-eab-accordion-title-wrapper sp-d-flex sp-align-center'>\n\t\t\t\t\t\t\t\t<span class='sp-eab-accordion-title-text'>\n\t\t\t\t\t\t\t\t\tM\u00fasica de c\u00e1mara <br>(Con o sin Voz)\t\t\t\t\t\t\t\t<\/span>\n\t\t\t\t\t\t\t<\/span>\n\t\t\t\t\t\t<\/span>\n\t\t\t\t\t<\/span>\n\t\t\t\t\t<span class='sp-eab-accordion-header-end eab-icon-animated'>\n\t\t\t\t\t\t\t\t\t\t\t\t<span class='sp-eab-expand-collapse-icon sp-d-block'>\n\t\t\t\t\t\t\t<i class='sp-eab-expand-icon eab-icon-triangle-down'><\/i>\n\t\t\t\t\t\t\t<i class='sp-eab-collapse-icon eab-icon-triangle-up'><\/i>\n\t\t\t\t\t\t<\/span>\n\t\t\t\t\t\t\t\t\t\t\t<\/span>\n\t\t\t\t<\/span>\n\t\t\t<\/h3>\n\t\t\t\t\t\t\t<!-- accordion body -->\n\t\t\t\t\t<div class='sp-eab-accordion-content eab-content-99e797'>\n\t\t\t\t\t\t\t\t\t\t\t\t<div class='sp-eab-accordion-content-wrapper'>\n\t\t\t\t\t\t\t<div class='sp-eab-accordion-body'>\n\t\t\t    \t\t\t\t\n\t\t<div class=\"sp-easy-accordion-block sp-eab-regular-accordion alignwide\"\n\t\t\t\t>\n\t\t\t<div class=\"sp-eab-wrapper sp-eab-vertical-accordion sp-eab-8149ce5887b5\">\n\t\t\t\t\t\t\t\t<div class='sp-eab-accordion sp-eab-mode-vertical sp-eab-vertical-two sp-d-flex' data-accordion-settings=\"{&quot;mode&quot;:&quot;vertical&quot;,&quot;activeEvent&quot;:&quot;click&quot;,&quot;defaultAccordionOpen&quot;:&quot;close-all&quot;,&quot;selectedItemOpen&quot;:0,&quot;openMultiItemAtaTime&quot;:false,&quot;scrollToTopOnLoad&quot;:false,&quot;scrollToTopOnClick&quot;:false,&quot;accordionItemToUrl&quot;:false,&quot;animationEffect&quot;:false,&quot;applyAccessibility&quot;:true}\">\n        \t    \t\n\t\t\t<div\n\t\t\t\tid =\"sp-eab-item-abca1b4ac47c\"\n\t\t\t\tclass=\"sp-eab-accordion-item eab-item-5887b5\"\n\t\t\t\t\t\t\t>\n\t\t\t\t<div class=\"sp-eab-accordion-item-wrapper\">\n\t\t\t\t\t\t\t\t<h3 class='sp-eab-accordion-heading sp-d-flex sp-align-center eab-heading-5887b5'\n\t\t\t\t\t\t>\n\t\t\t\t<span class='sp-eab-accordion-header-wrapper sp-d-flex sp-align-center eab-icon-position-end'>\n\t\t\t\t\t<span class='sp-eab-accordion-header-start sp-d-flex sp-justify-left sp-align-center'>\n\t\t\t\t\t\t<span class='sp-eab-title-subtitle-wrapper sp-d-flex'>\n\t\t\t\t\t\t\t<span class='sp-eab-accordion-title-wrapper sp-d-flex sp-align-center'>\n\t\t\t\t\t\t\t\t<span class='sp-eab-accordion-title-text'>\n\t\t\t\t\t\t\t\t\tSonata para viol\u00edn y piano\t\t\t\t\t\t\t\t<\/span>\n\t\t\t\t\t\t\t<\/span>\n\t\t\t\t\t\t<\/span>\n\t\t\t\t\t<\/span>\n\t\t\t\t\t<span class='sp-eab-accordion-header-end eab-icon-animated'>\n\t\t\t\t\t\t\t\t\t\t\t\t<span class='sp-eab-expand-collapse-icon sp-d-block'>\n\t\t\t\t\t\t\t<i class='sp-eab-expand-icon eab-icon-double-angle-down'><\/i>\n\t\t\t\t\t\t\t<i class='sp-eab-collapse-icon eab-icon-double-angle-up'><\/i>\n\t\t\t\t\t\t<\/span>\n\t\t\t\t\t\t\t\t\t\t\t<\/span>\n\t\t\t\t<\/span>\n\t\t\t<\/h3>\n\t\t\t\t\t\t\t<!-- accordion body -->\n\t\t\t\t\t<div class='sp-eab-accordion-content eab-content-5887b5'>\n\t\t\t\t\t\t\t\t\t\t\t\t<div class='sp-eab-accordion-content-wrapper'>\n\t\t\t\t\t\t\t<div class='sp-eab-accordion-body'>\n\t\t\t    \t\t\t\t\n\t\t<div class=\"sp-easy-accordion-block sp-eab-regular-accordion alignwide\"\n\t\t\t\t>\n\t\t\t<div class=\"sp-eab-wrapper sp-eab-vertical-accordion sp-eab-c749894f0936\">\n\t\t\t\t\t\t\t\t<div class='sp-eab-accordion sp-eab-mode-vertical sp-eab-vertical-two sp-d-flex' data-accordion-settings=\"{&quot;mode&quot;:&quot;vertical&quot;,&quot;activeEvent&quot;:&quot;click&quot;,&quot;defaultAccordionOpen&quot;:&quot;close-all&quot;,&quot;selectedItemOpen&quot;:0,&quot;openMultiItemAtaTime&quot;:false,&quot;scrollToTopOnLoad&quot;:false,&quot;scrollToTopOnClick&quot;:false,&quot;accordionItemToUrl&quot;:false,&quot;animationEffect&quot;:false,&quot;applyAccessibility&quot;:true}\">\n        \t    \t\n\t\t\t<div\n\t\t\t\tid =\"sp-eab-item-5c2a7e53038e\"\n\t\t\t\tclass=\"sp-eab-accordion-item eab-item-4f0936\"\n\t\t\t\t\t\t\t>\n\t\t\t\t<div class=\"sp-eab-accordion-item-wrapper\">\n\t\t\t\t\t\t\t\t<h3 class='sp-eab-accordion-heading sp-d-flex sp-align-center eab-heading-4f0936'\n\t\t\t\t\t\t>\n\t\t\t\t<span class='sp-eab-accordion-header-wrapper sp-d-flex sp-align-center eab-icon-position-end'>\n\t\t\t\t\t<span class='sp-eab-accordion-header-start sp-d-flex sp-justify-left sp-align-center'>\n\t\t\t\t\t\t<span class='sp-eab-title-subtitle-wrapper sp-d-flex'>\n\t\t\t\t\t\t\t<span class='sp-eab-accordion-title-wrapper sp-d-flex sp-align-center'>\n\t\t\t\t\t\t\t\t<span class='sp-eab-accordion-title-text'>\n\t\t\t\t\t\t\t\t\t<strong>Estreno:<\/strong> 1999 <br><strong>Duraci\u00f3n:<\/strong> 8&#8242; \t\t\t\t\t\t\t\t<\/span>\n\t\t\t\t\t\t\t<\/span>\n\t\t\t\t\t\t<\/span>\n\t\t\t\t\t<\/span>\n\t\t\t\t\t<span class='sp-eab-accordion-header-end eab-icon-animated'>\n\t\t\t\t\t\t\t\t\t\t\t<\/span>\n\t\t\t\t<\/span>\n\t\t\t<\/h3>\n\t\t\t\t\t\t\t<!-- accordion body -->\n\t\t\t\t\t<div class='sp-eab-accordion-content eab-content-4f0936'>\n\t\t\t\t\t\t\t\t\t\t\t\t<div class='sp-eab-accordion-content-wrapper'>\n\t\t\t\t\t\t\t<div class='sp-eab-accordion-body'>\n\t\t\t    \t\t\t\t\n\n<p class=\"wp-block-paragraph\"><\/p>\n\n\t\t\t\t\t\t\t<\/div>\n\t\t\t\t\t\t<\/div>\n\t\t\t\t\t\t\t\t\t\t\t<\/div>\n\t\t\t\t<\/div>\n\t\t\t<\/div>\n\t\t\n\n\t\t\t<div\n\t\t\t\tid =\"sp-eab-item-a321f2558df1\"\n\t\t\t\tclass=\"sp-eab-accordion-item eab-item-4f0936\"\n\t\t\t\t\t\t\t>\n\t\t\t\t<div class=\"sp-eab-accordion-item-wrapper\">\n\t\t\t\t\t\t\t\t<h3 class='sp-eab-accordion-heading sp-d-flex sp-align-center eab-heading-4f0936'\n\t\t\t\t\t\t>\n\t\t\t\t<span class='sp-eab-accordion-header-wrapper sp-d-flex sp-align-center eab-icon-position-end'>\n\t\t\t\t\t<span class='sp-eab-accordion-header-start sp-d-flex sp-justify-left sp-align-center'>\n\t\t\t\t\t\t<span class='sp-eab-title-subtitle-wrapper sp-d-flex'>\n\t\t\t\t\t\t\t<span class='sp-eab-accordion-title-wrapper sp-d-flex sp-align-center'>\n\t\t\t\t\t\t\t\t<span class='sp-eab-accordion-title-text'>\n\t\t\t\t\t\t\t\t\t\u00daltimas interpretaciones: <br>&#8211; Cibr\u00e1n Sierra (viol\u00edn), Borja Mari\u00f1o (piano); Teatro Garc\u00eda Barb\u00f3n, Vigo; 10 de junio, 1999. \t\t\t\t\t\t\t\t<\/span>\n\t\t\t\t\t\t\t<\/span>\n\t\t\t\t\t\t<\/span>\n\t\t\t\t\t<\/span>\n\t\t\t\t\t<span class='sp-eab-accordion-header-end eab-icon-animated'>\n\t\t\t\t\t\t\t\t\t\t\t<\/span>\n\t\t\t\t<\/span>\n\t\t\t<\/h3>\n\t\t\t\t\t\t\t<!-- accordion body -->\n\t\t\t\t\t<div class='sp-eab-accordion-content eab-content-4f0936'>\n\t\t\t\t\t\t\t\t\t\t\t\t<div class='sp-eab-accordion-content-wrapper'>\n\t\t\t\t\t\t\t<div class='sp-eab-accordion-body'>\n\t\t\t    \t\t\t\t\n\n<p class=\"wp-block-paragraph\"><\/p>\n\n\t\t\t\t\t\t\t<\/div>\n\t\t\t\t\t\t<\/div>\n\t\t\t\t\t\t\t\t\t\t\t<\/div>\n\t\t\t\t<\/div>\n\t\t\t<\/div>\n\t\t\n\t\t\t\t<\/div>\n\t\t\t<\/div>\n\t\t<\/div>\n\t\t\n\t\t\t\t\t\t\t<\/div>\n\t\t\t\t\t\t<\/div>\n\t\t\t\t\t\t\t\t\t\t\t<\/div>\n\t\t\t\t<\/div>\n\t\t\t<\/div>\n\t\t\n\n\t\t\t<div\n\t\t\t\tid =\"sp-eab-item-5e0a5add1c95\"\n\t\t\t\tclass=\"sp-eab-accordion-item eab-item-5887b5\"\n\t\t\t\t\t\t\t>\n\t\t\t\t<div class=\"sp-eab-accordion-item-wrapper\">\n\t\t\t\t\t\t\t\t<h3 class='sp-eab-accordion-heading sp-d-flex sp-align-center eab-heading-5887b5'\n\t\t\t\t\t\t>\n\t\t\t\t<span class='sp-eab-accordion-header-wrapper sp-d-flex sp-align-center eab-icon-position-end'>\n\t\t\t\t\t<span class='sp-eab-accordion-header-start sp-d-flex sp-justify-left sp-align-center'>\n\t\t\t\t\t\t<span class='sp-eab-title-subtitle-wrapper sp-d-flex'>\n\t\t\t\t\t\t\t<span class='sp-eab-accordion-title-wrapper sp-d-flex sp-align-center'>\n\t\t\t\t\t\t\t\t<span class='sp-eab-accordion-title-text'>\n\t\t\t\t\t\t\t\t\tPraza d&#8217;Almeida (para cello y looper)\t\t\t\t\t\t\t\t<\/span>\n\t\t\t\t\t\t\t<\/span>\n\t\t\t\t\t\t<\/span>\n\t\t\t\t\t<\/span>\n\t\t\t\t\t<span class='sp-eab-accordion-header-end eab-icon-animated'>\n\t\t\t\t\t\t\t\t\t\t\t\t<span class='sp-eab-expand-collapse-icon sp-d-block'>\n\t\t\t\t\t\t\t<i class='sp-eab-expand-icon eab-icon-double-angle-down'><\/i>\n\t\t\t\t\t\t\t<i class='sp-eab-collapse-icon eab-icon-double-angle-up'><\/i>\n\t\t\t\t\t\t<\/span>\n\t\t\t\t\t\t\t\t\t\t\t<\/span>\n\t\t\t\t<\/span>\n\t\t\t<\/h3>\n\t\t\t\t\t\t\t<!-- accordion body -->\n\t\t\t\t\t<div class='sp-eab-accordion-content eab-content-5887b5'>\n\t\t\t\t\t\t\t\t\t\t\t\t<div class='sp-eab-accordion-content-wrapper'>\n\t\t\t\t\t\t\t<div class='sp-eab-accordion-body'>\n\t\t\t    \t\t\t\t\n\t\t<div class=\"sp-easy-accordion-block sp-eab-regular-accordion alignwide\"\n\t\t\t\t>\n\t\t\t<div class=\"sp-eab-wrapper sp-eab-vertical-accordion sp-eab-c749894f0936\">\n\t\t\t\t\t\t\t\t<div class='sp-eab-accordion sp-eab-mode-vertical sp-eab-vertical-two sp-d-flex' data-accordion-settings=\"{&quot;mode&quot;:&quot;vertical&quot;,&quot;activeEvent&quot;:&quot;click&quot;,&quot;defaultAccordionOpen&quot;:&quot;first-item&quot;,&quot;selectedItemOpen&quot;:0,&quot;openMultiItemAtaTime&quot;:false,&quot;scrollToTopOnLoad&quot;:false,&quot;scrollToTopOnClick&quot;:false,&quot;accordionItemToUrl&quot;:false,&quot;animationEffect&quot;:false,&quot;applyAccessibility&quot;:true}\">\n        \t    \t\n\t\t\t<div\n\t\t\t\tid =\"sp-eab-item-5c2a7e53038e\"\n\t\t\t\tclass=\"sp-eab-accordion-item eab-item-4f0936\"\n\t\t\t\t\t\t\t>\n\t\t\t\t<div class=\"sp-eab-accordion-item-wrapper\">\n\t\t\t\t\t\t\t\t<h3 class='sp-eab-accordion-heading sp-d-flex sp-align-center eab-heading-4f0936'\n\t\t\t\t\t\t>\n\t\t\t\t<span class='sp-eab-accordion-header-wrapper sp-d-flex sp-align-center eab-icon-position-end'>\n\t\t\t\t\t<span class='sp-eab-accordion-header-start sp-d-flex sp-justify-left sp-align-center'>\n\t\t\t\t\t\t<span class='sp-eab-title-subtitle-wrapper sp-d-flex'>\n\t\t\t\t\t\t\t<span class='sp-eab-accordion-title-wrapper sp-d-flex sp-align-center'>\n\t\t\t\t\t\t\t\t<span class='sp-eab-accordion-title-text'>\n\t\t\t\t\t\t\t\t\t<strong>Estreno<\/strong>: 2020 <br><strong>Duraci\u00f3n:<\/strong> 4&#8217;30\u00bb <a href=\"https:\/\/borjamarino.com\/media\/\" target=\"_blank\" rel=\"noopener\">[ESCUCHA<\/a>\t\t\t\t\t\t\t\t<\/span>\n\t\t\t\t\t\t\t<\/span>\n\t\t\t\t\t\t<\/span>\n\t\t\t\t\t<\/span>\n\t\t\t\t\t<span class='sp-eab-accordion-header-end eab-icon-animated'>\n\t\t\t\t\t\t\t\t\t\t\t<\/span>\n\t\t\t\t<\/span>\n\t\t\t<\/h3>\n\t\t\t\t\t\t\t<!-- accordion body -->\n\t\t\t\t\t<div class='sp-eab-accordion-content eab-content-4f0936'>\n\t\t\t\t\t\t\t\t\t\t\t\t<div class='sp-eab-accordion-content-wrapper'>\n\t\t\t\t\t\t\t<div class='sp-eab-accordion-body'>\n\t\t\t    \t\t\t\t\n\n<p class=\"wp-block-paragraph\"><\/p>\n\n\t\t\t\t\t\t\t<\/div>\n\t\t\t\t\t\t<\/div>\n\t\t\t\t\t\t\t\t\t\t\t<\/div>\n\t\t\t\t<\/div>\n\t\t\t<\/div>\n\t\t\n\n\t\t\t<div\n\t\t\t\tid =\"sp-eab-item-a321f2558df1\"\n\t\t\t\tclass=\"sp-eab-accordion-item eab-item-4f0936\"\n\t\t\t\t\t\t\t>\n\t\t\t\t<div class=\"sp-eab-accordion-item-wrapper\">\n\t\t\t\t\t\t\t\t<h3 class='sp-eab-accordion-heading sp-d-flex sp-align-center eab-heading-4f0936'\n\t\t\t\t\t\t>\n\t\t\t\t<span class='sp-eab-accordion-header-wrapper sp-d-flex sp-align-center eab-icon-position-end'>\n\t\t\t\t\t<span class='sp-eab-accordion-header-start sp-d-flex sp-justify-left sp-align-center'>\n\t\t\t\t\t\t<span class='sp-eab-title-subtitle-wrapper sp-d-flex'>\n\t\t\t\t\t\t\t<span class='sp-eab-accordion-title-wrapper sp-d-flex sp-align-center'>\n\t\t\t\t\t\t\t\t<span class='sp-eab-accordion-title-text'>\n\t\t\t\t\t\t\t\t\t\u00daltimas interpretaciones: <br>&#8211; Margarida Mari\u00f1o (cello). Grabaci\u00f3n discogr\u00e1fica. <a href=\"https:\/\/www.youtube.com\/watch?v=vhFi7mHP15U\" target=\"_blank\" rel=\"noopener\">[Ver en YouTube]<\/a>  <a href=\"https:\/\/open.spotify.com\/intl-es\/album\/3u6g91H6bXPobPEHX18fyp\" target=\"_blank\" rel=\"noopener\">[Escuchar en Spotify]<\/a> \t\t\t\t\t\t\t\t<\/span>\n\t\t\t\t\t\t\t<\/span>\n\t\t\t\t\t\t<\/span>\n\t\t\t\t\t<\/span>\n\t\t\t\t\t<span class='sp-eab-accordion-header-end eab-icon-animated'>\n\t\t\t\t\t\t\t\t\t\t\t<\/span>\n\t\t\t\t<\/span>\n\t\t\t<\/h3>\n\t\t\t\t\t\t\t<!-- accordion body -->\n\t\t\t\t\t<div class='sp-eab-accordion-content eab-content-4f0936'>\n\t\t\t\t\t\t\t\t\t\t\t\t<div class='sp-eab-accordion-content-wrapper'>\n\t\t\t\t\t\t\t<div class='sp-eab-accordion-body'>\n\t\t\t    \t\t\t\t\n\n<p class=\"wp-block-paragraph\"><\/p>\n\n\t\t\t\t\t\t\t<\/div>\n\t\t\t\t\t\t<\/div>\n\t\t\t\t\t\t\t\t\t\t\t<\/div>\n\t\t\t\t<\/div>\n\t\t\t<\/div>\n\t\t\n\t\t\t\t<\/div>\n\t\t\t<\/div>\n\t\t<\/div>\n\t\t\n\t\t\t\t\t\t\t<\/div>\n\t\t\t\t\t\t<\/div>\n\t\t\t\t\t\t\t\t\t\t\t<\/div>\n\t\t\t\t<\/div>\n\t\t\t<\/div>\n\t\t\n\n\t\t\t<div\n\t\t\t\tid =\"sp-eab-item-5e0a5add1c95\"\n\t\t\t\tclass=\"sp-eab-accordion-item eab-item-5887b5\"\n\t\t\t\t\t\t\t>\n\t\t\t\t<div class=\"sp-eab-accordion-item-wrapper\">\n\t\t\t\t\t\t\t\t<h3 class='sp-eab-accordion-heading sp-d-flex sp-align-center eab-heading-5887b5'\n\t\t\t\t\t\t>\n\t\t\t\t<span class='sp-eab-accordion-header-wrapper sp-d-flex sp-align-center eab-icon-position-end'>\n\t\t\t\t\t<span class='sp-eab-accordion-header-start sp-d-flex sp-justify-left sp-align-center'>\n\t\t\t\t\t\t<span class='sp-eab-title-subtitle-wrapper sp-d-flex'>\n\t\t\t\t\t\t\t<span class='sp-eab-accordion-title-wrapper sp-d-flex sp-align-center'>\n\t\t\t\t\t\t\t\t<span class='sp-eab-accordion-title-text'>\n\t\t\t\t\t\t\t\t\tTarde de choiva (para cello y looper)\t\t\t\t\t\t\t\t<\/span>\n\t\t\t\t\t\t\t<\/span>\n\t\t\t\t\t\t<\/span>\n\t\t\t\t\t<\/span>\n\t\t\t\t\t<span class='sp-eab-accordion-header-end eab-icon-animated'>\n\t\t\t\t\t\t\t\t\t\t\t\t<span class='sp-eab-expand-collapse-icon sp-d-block'>\n\t\t\t\t\t\t\t<i class='sp-eab-expand-icon eab-icon-double-angle-down'><\/i>\n\t\t\t\t\t\t\t<i class='sp-eab-collapse-icon eab-icon-double-angle-up'><\/i>\n\t\t\t\t\t\t<\/span>\n\t\t\t\t\t\t\t\t\t\t\t<\/span>\n\t\t\t\t<\/span>\n\t\t\t<\/h3>\n\t\t\t\t\t\t\t<!-- accordion body -->\n\t\t\t\t\t<div class='sp-eab-accordion-content eab-content-5887b5'>\n\t\t\t\t\t\t\t\t\t\t\t\t<div class='sp-eab-accordion-content-wrapper'>\n\t\t\t\t\t\t\t<div class='sp-eab-accordion-body'>\n\t\t\t    \t\t\t\t\n\t\t<div class=\"sp-easy-accordion-block sp-eab-regular-accordion alignwide\"\n\t\t\t\t>\n\t\t\t<div class=\"sp-eab-wrapper sp-eab-vertical-accordion sp-eab-c749894f0936\">\n\t\t\t\t\t\t\t\t<div class='sp-eab-accordion sp-eab-mode-vertical sp-eab-vertical-two sp-d-flex' data-accordion-settings=\"{&quot;mode&quot;:&quot;vertical&quot;,&quot;activeEvent&quot;:&quot;click&quot;,&quot;defaultAccordionOpen&quot;:&quot;first-item&quot;,&quot;selectedItemOpen&quot;:0,&quot;openMultiItemAtaTime&quot;:false,&quot;scrollToTopOnLoad&quot;:false,&quot;scrollToTopOnClick&quot;:false,&quot;accordionItemToUrl&quot;:false,&quot;animationEffect&quot;:false,&quot;applyAccessibility&quot;:true}\">\n        \t    \t\n\t\t\t<div\n\t\t\t\tid =\"sp-eab-item-5c2a7e53038e\"\n\t\t\t\tclass=\"sp-eab-accordion-item eab-item-4f0936\"\n\t\t\t\t\t\t\t>\n\t\t\t\t<div class=\"sp-eab-accordion-item-wrapper\">\n\t\t\t\t\t\t\t\t<h3 class='sp-eab-accordion-heading sp-d-flex sp-align-center eab-heading-4f0936'\n\t\t\t\t\t\t>\n\t\t\t\t<span class='sp-eab-accordion-header-wrapper sp-d-flex sp-align-center eab-icon-position-end'>\n\t\t\t\t\t<span class='sp-eab-accordion-header-start sp-d-flex sp-justify-left sp-align-center'>\n\t\t\t\t\t\t<span class='sp-eab-title-subtitle-wrapper sp-d-flex'>\n\t\t\t\t\t\t\t<span class='sp-eab-accordion-title-wrapper sp-d-flex sp-align-center'>\n\t\t\t\t\t\t\t\t<span class='sp-eab-accordion-title-text'>\n\t\t\t\t\t\t\t\t\t<strong>Estreno:<\/strong> 2021 <br><strong>Duraci\u00f3n:<\/strong> 3&#8217;40\u00bb <a href=\"https:\/\/borjamarino.com\/media\/\" target=\"_blank\" rel=\"noopener\">[ESCUCHA<\/a> \t\t\t\t\t\t\t\t<\/span>\n\t\t\t\t\t\t\t<\/span>\n\t\t\t\t\t\t<\/span>\n\t\t\t\t\t<\/span>\n\t\t\t\t\t<span class='sp-eab-accordion-header-end eab-icon-animated'>\n\t\t\t\t\t\t\t\t\t\t\t<\/span>\n\t\t\t\t<\/span>\n\t\t\t<\/h3>\n\t\t\t\t\t\t\t<!-- accordion body -->\n\t\t\t\t\t<div class='sp-eab-accordion-content eab-content-4f0936'>\n\t\t\t\t\t\t\t\t\t\t\t\t<div class='sp-eab-accordion-content-wrapper'>\n\t\t\t\t\t\t\t<div class='sp-eab-accordion-body'>\n\t\t\t    \t\t\t\t\n\n<p class=\"wp-block-paragraph\"><\/p>\n\n\t\t\t\t\t\t\t<\/div>\n\t\t\t\t\t\t<\/div>\n\t\t\t\t\t\t\t\t\t\t\t<\/div>\n\t\t\t\t<\/div>\n\t\t\t<\/div>\n\t\t\n\n\t\t\t<div\n\t\t\t\tid =\"sp-eab-item-a321f2558df1\"\n\t\t\t\tclass=\"sp-eab-accordion-item eab-item-4f0936\"\n\t\t\t\t\t\t\t>\n\t\t\t\t<div class=\"sp-eab-accordion-item-wrapper\">\n\t\t\t\t\t\t\t\t<h3 class='sp-eab-accordion-heading sp-d-flex sp-align-center eab-heading-4f0936'\n\t\t\t\t\t\t>\n\t\t\t\t<span class='sp-eab-accordion-header-wrapper sp-d-flex sp-align-center eab-icon-position-end'>\n\t\t\t\t\t<span class='sp-eab-accordion-header-start sp-d-flex sp-justify-left sp-align-center'>\n\t\t\t\t\t\t<span class='sp-eab-title-subtitle-wrapper sp-d-flex'>\n\t\t\t\t\t\t\t<span class='sp-eab-accordion-title-wrapper sp-d-flex sp-align-center'>\n\t\t\t\t\t\t\t\t<span class='sp-eab-accordion-title-text'>\n\t\t\t\t\t\t\t\t\t\u00daltimas interpretaciones: <br>&#8211; Margarida Mari\u00f1o (cello). Grabaci\u00f3n discogr\u00e1fica. <a href=\"https:\/\/youtu.be\/6RbiBW5pyak?si=2mbgGDyvdmJoMNgx\" target=\"_blank\" rel=\"noopener\">[Ver en YouTube]<\/a>  \t\t\t\t\t\t\t\t<\/span>\n\t\t\t\t\t\t\t<\/span>\n\t\t\t\t\t\t<\/span>\n\t\t\t\t\t<\/span>\n\t\t\t\t\t<span class='sp-eab-accordion-header-end eab-icon-animated'>\n\t\t\t\t\t\t\t\t\t\t\t<\/span>\n\t\t\t\t<\/span>\n\t\t\t<\/h3>\n\t\t\t\t\t\t\t<!-- accordion body -->\n\t\t\t\t\t<div class='sp-eab-accordion-content eab-content-4f0936'>\n\t\t\t\t\t\t\t\t\t\t\t\t<div class='sp-eab-accordion-content-wrapper'>\n\t\t\t\t\t\t\t<div class='sp-eab-accordion-body'>\n\t\t\t    \t\t\t\t\n\n<p class=\"wp-block-paragraph\"><\/p>\n\n\t\t\t\t\t\t\t<\/div>\n\t\t\t\t\t\t<\/div>\n\t\t\t\t\t\t\t\t\t\t\t<\/div>\n\t\t\t\t<\/div>\n\t\t\t<\/div>\n\t\t\n\t\t\t\t<\/div>\n\t\t\t<\/div>\n\t\t<\/div>\n\t\t\n\t\t\t\t\t\t\t<\/div>\n\t\t\t\t\t\t<\/div>\n\t\t\t\t\t\t\t\t\t\t\t<\/div>\n\t\t\t\t<\/div>\n\t\t\t<\/div>\n\t\t\n\n\t\t\t<div\n\t\t\t\tid =\"sp-eab-item-5e0a5add1c95\"\n\t\t\t\tclass=\"sp-eab-accordion-item eab-item-5887b5\"\n\t\t\t\t\t\t\t>\n\t\t\t\t<div class=\"sp-eab-accordion-item-wrapper\">\n\t\t\t\t\t\t\t\t<h3 class='sp-eab-accordion-heading sp-d-flex sp-align-center eab-heading-5887b5'\n\t\t\t\t\t\t>\n\t\t\t\t<span class='sp-eab-accordion-header-wrapper sp-d-flex sp-align-center eab-icon-position-end'>\n\t\t\t\t\t<span class='sp-eab-accordion-header-start sp-d-flex sp-justify-left sp-align-center'>\n\t\t\t\t\t\t<span class='sp-eab-title-subtitle-wrapper sp-d-flex'>\n\t\t\t\t\t\t\t<span class='sp-eab-accordion-title-wrapper sp-d-flex sp-align-center'>\n\t\t\t\t\t\t\t\t<span class='sp-eab-accordion-title-text'>\n\t\t\t\t\t\t\t\t\tM\u00fasica en cuarentena (para flauta y clarinete)\t\t\t\t\t\t\t\t<\/span>\n\t\t\t\t\t\t\t<\/span>\n\t\t\t\t\t\t<\/span>\n\t\t\t\t\t<\/span>\n\t\t\t\t\t<span class='sp-eab-accordion-header-end eab-icon-animated'>\n\t\t\t\t\t\t\t\t\t\t\t\t<span class='sp-eab-expand-collapse-icon sp-d-block'>\n\t\t\t\t\t\t\t<i class='sp-eab-expand-icon eab-icon-double-angle-down'><\/i>\n\t\t\t\t\t\t\t<i class='sp-eab-collapse-icon eab-icon-double-angle-up'><\/i>\n\t\t\t\t\t\t<\/span>\n\t\t\t\t\t\t\t\t\t\t\t<\/span>\n\t\t\t\t<\/span>\n\t\t\t<\/h3>\n\t\t\t\t\t\t\t<!-- accordion body -->\n\t\t\t\t\t<div class='sp-eab-accordion-content eab-content-5887b5'>\n\t\t\t\t\t\t\t\t\t\t\t\t<div class='sp-eab-accordion-content-wrapper'>\n\t\t\t\t\t\t\t<div class='sp-eab-accordion-body'>\n\t\t\t    \t\t\t\t\n\t\t<div class=\"sp-easy-accordion-block sp-eab-regular-accordion alignwide\"\n\t\t\t\t>\n\t\t\t<div class=\"sp-eab-wrapper sp-eab-vertical-accordion sp-eab-c749894f0936\">\n\t\t\t\t\t\t\t\t<div class='sp-eab-accordion sp-eab-mode-vertical sp-eab-vertical-two sp-d-flex' data-accordion-settings=\"{&quot;mode&quot;:&quot;vertical&quot;,&quot;activeEvent&quot;:&quot;click&quot;,&quot;defaultAccordionOpen&quot;:&quot;first-item&quot;,&quot;selectedItemOpen&quot;:0,&quot;openMultiItemAtaTime&quot;:false,&quot;scrollToTopOnLoad&quot;:false,&quot;scrollToTopOnClick&quot;:false,&quot;accordionItemToUrl&quot;:false,&quot;animationEffect&quot;:false,&quot;applyAccessibility&quot;:true}\">\n        \t    \t\n\t\t\t<div\n\t\t\t\tid =\"sp-eab-item-5c2a7e53038e\"\n\t\t\t\tclass=\"sp-eab-accordion-item eab-item-4f0936\"\n\t\t\t\t\t\t\t>\n\t\t\t\t<div class=\"sp-eab-accordion-item-wrapper\">\n\t\t\t\t\t\t\t\t<h3 class='sp-eab-accordion-heading sp-d-flex sp-align-center eab-heading-4f0936'\n\t\t\t\t\t\t>\n\t\t\t\t<span class='sp-eab-accordion-header-wrapper sp-d-flex sp-align-center eab-icon-position-end'>\n\t\t\t\t\t<span class='sp-eab-accordion-header-start sp-d-flex sp-justify-left sp-align-center'>\n\t\t\t\t\t\t<span class='sp-eab-title-subtitle-wrapper sp-d-flex'>\n\t\t\t\t\t\t\t<span class='sp-eab-accordion-title-wrapper sp-d-flex sp-align-center'>\n\t\t\t\t\t\t\t\t<span class='sp-eab-accordion-title-text'>\n\t\t\t\t\t\t\t\t\t<strong>Composici\u00f3n:<\/strong> 2020<strong> Estreno:<\/strong> 2022 <br><strong>Duraci\u00f3n:<\/strong> 5&#8242; <a href=\"https:\/\/borjamarino.com\/media\/\" target=\"_blank\" rel=\"noopener\">[ESCUCHAR]<\/a> \t\t\t\t\t\t\t\t<\/span>\n\t\t\t\t\t\t\t<\/span>\n\t\t\t\t\t\t<\/span>\n\t\t\t\t\t<\/span>\n\t\t\t\t\t<span class='sp-eab-accordion-header-end eab-icon-animated'>\n\t\t\t\t\t\t\t\t\t\t\t<\/span>\n\t\t\t\t<\/span>\n\t\t\t<\/h3>\n\t\t\t\t\t\t\t<!-- accordion body -->\n\t\t\t\t\t<div class='sp-eab-accordion-content eab-content-4f0936'>\n\t\t\t\t\t\t\t\t\t\t\t\t<div class='sp-eab-accordion-content-wrapper'>\n\t\t\t\t\t\t\t<div class='sp-eab-accordion-body'>\n\t\t\t    \t\t\t\t\n\n<p class=\"wp-block-paragraph\"><\/p>\n\n\t\t\t\t\t\t\t<\/div>\n\t\t\t\t\t\t<\/div>\n\t\t\t\t\t\t\t\t\t\t\t<\/div>\n\t\t\t\t<\/div>\n\t\t\t<\/div>\n\t\t\n\n\t\t\t<div\n\t\t\t\tid =\"sp-eab-item-a321f2558df1\"\n\t\t\t\tclass=\"sp-eab-accordion-item eab-item-4f0936\"\n\t\t\t\t\t\t\t>\n\t\t\t\t<div class=\"sp-eab-accordion-item-wrapper\">\n\t\t\t\t\t\t\t\t<h3 class='sp-eab-accordion-heading sp-d-flex sp-align-center eab-heading-4f0936'\n\t\t\t\t\t\t>\n\t\t\t\t<span class='sp-eab-accordion-header-wrapper sp-d-flex sp-align-center eab-icon-position-end'>\n\t\t\t\t\t<span class='sp-eab-accordion-header-start sp-d-flex sp-justify-left sp-align-center'>\n\t\t\t\t\t\t<span class='sp-eab-title-subtitle-wrapper sp-d-flex'>\n\t\t\t\t\t\t\t<span class='sp-eab-accordion-title-wrapper sp-d-flex sp-align-center'>\n\t\t\t\t\t\t\t\t<span class='sp-eab-accordion-title-text'>\n\t\t\t\t\t\t\t\t\t\u00daltimas interpretaciones: <br>&#8211; Laura Dudley (flauta), David Mora (clarinete). Presentaci\u00f3n redes; 2022.  <a href=\"https:\/\/youtu.be\/Z_oQGCj2PGs\" target=\"_blank\" rel=\"noopener\">[Ver en YouTube]<\/a>\t\t\t\t\t\t\t\t<\/span>\n\t\t\t\t\t\t\t<\/span>\n\t\t\t\t\t\t<\/span>\n\t\t\t\t\t<\/span>\n\t\t\t\t\t<span class='sp-eab-accordion-header-end eab-icon-animated'>\n\t\t\t\t\t\t\t\t\t\t\t<\/span>\n\t\t\t\t<\/span>\n\t\t\t<\/h3>\n\t\t\t\t\t\t\t<!-- accordion body -->\n\t\t\t\t\t<div class='sp-eab-accordion-content eab-content-4f0936'>\n\t\t\t\t\t\t\t\t\t\t\t\t<div class='sp-eab-accordion-content-wrapper'>\n\t\t\t\t\t\t\t<div class='sp-eab-accordion-body'>\n\t\t\t    \t\t\t\t\n\n<p class=\"wp-block-paragraph\"><\/p>\n\n\t\t\t\t\t\t\t<\/div>\n\t\t\t\t\t\t<\/div>\n\t\t\t\t\t\t\t\t\t\t\t<\/div>\n\t\t\t\t<\/div>\n\t\t\t<\/div>\n\t\t\n\t\t\t\t<\/div>\n\t\t\t<\/div>\n\t\t<\/div>\n\t\t\n\t\t\t\t\t\t\t<\/div>\n\t\t\t\t\t\t<\/div>\n\t\t\t\t\t\t\t\t\t\t\t<\/div>\n\t\t\t\t<\/div>\n\t\t\t<\/div>\n\t\t\n\n\t\t\t<div\n\t\t\t\tid =\"sp-eab-item-5e0a5add1c95\"\n\t\t\t\tclass=\"sp-eab-accordion-item eab-item-5887b5\"\n\t\t\t\t\t\t\t>\n\t\t\t\t<div class=\"sp-eab-accordion-item-wrapper\">\n\t\t\t\t\t\t\t\t<h3 class='sp-eab-accordion-heading sp-d-flex sp-align-center eab-heading-5887b5'\n\t\t\t\t\t\t>\n\t\t\t\t<span class='sp-eab-accordion-header-wrapper sp-d-flex sp-align-center eab-icon-position-end'>\n\t\t\t\t\t<span class='sp-eab-accordion-header-start sp-d-flex sp-justify-left sp-align-center'>\n\t\t\t\t\t\t<span class='sp-eab-title-subtitle-wrapper sp-d-flex'>\n\t\t\t\t\t\t\t<span class='sp-eab-accordion-title-wrapper sp-d-flex sp-align-center'>\n\t\t\t\t\t\t\t\t<span class='sp-eab-accordion-title-text'>\n\t\t\t\t\t\t\t\t\tNo espazo (para tenor y arpa)\t\t\t\t\t\t\t\t<\/span>\n\t\t\t\t\t\t\t<\/span>\n\t\t\t\t\t\t<\/span>\n\t\t\t\t\t<\/span>\n\t\t\t\t\t<span class='sp-eab-accordion-header-end eab-icon-animated'>\n\t\t\t\t\t\t\t\t\t\t\t\t<span class='sp-eab-expand-collapse-icon sp-d-block'>\n\t\t\t\t\t\t\t<i class='sp-eab-expand-icon eab-icon-double-angle-down'><\/i>\n\t\t\t\t\t\t\t<i class='sp-eab-collapse-icon eab-icon-double-angle-up'><\/i>\n\t\t\t\t\t\t<\/span>\n\t\t\t\t\t\t\t\t\t\t\t<\/span>\n\t\t\t\t<\/span>\n\t\t\t<\/h3>\n\t\t\t\t\t\t\t<!-- accordion body -->\n\t\t\t\t\t<div class='sp-eab-accordion-content eab-content-5887b5'>\n\t\t\t\t\t\t\t\t\t\t\t\t<div class='sp-eab-accordion-content-wrapper'>\n\t\t\t\t\t\t\t<div class='sp-eab-accordion-body'>\n\t\t\t    \t\t\t\t\n\t\t<div class=\"sp-easy-accordion-block sp-eab-regular-accordion alignwide\"\n\t\t\t\t>\n\t\t\t<div class=\"sp-eab-wrapper sp-eab-vertical-accordion sp-eab-c749894f0936\">\n\t\t\t\t\t\t\t\t<div class='sp-eab-accordion sp-eab-mode-vertical sp-eab-vertical-two sp-d-flex' data-accordion-settings=\"{&quot;mode&quot;:&quot;vertical&quot;,&quot;activeEvent&quot;:&quot;click&quot;,&quot;defaultAccordionOpen&quot;:&quot;first-item&quot;,&quot;selectedItemOpen&quot;:0,&quot;openMultiItemAtaTime&quot;:false,&quot;scrollToTopOnLoad&quot;:false,&quot;scrollToTopOnClick&quot;:false,&quot;accordionItemToUrl&quot;:false,&quot;animationEffect&quot;:false,&quot;applyAccessibility&quot;:true}\">\n        \t    \t\n\t\t\t<div\n\t\t\t\tid =\"sp-eab-item-5c2a7e53038e\"\n\t\t\t\tclass=\"sp-eab-accordion-item eab-item-4f0936\"\n\t\t\t\t\t\t\t>\n\t\t\t\t<div class=\"sp-eab-accordion-item-wrapper\">\n\t\t\t\t\t\t\t\t<h3 class='sp-eab-accordion-heading sp-d-flex sp-align-center eab-heading-4f0936'\n\t\t\t\t\t\t>\n\t\t\t\t<span class='sp-eab-accordion-header-wrapper sp-d-flex sp-align-center eab-icon-position-end'>\n\t\t\t\t\t<span class='sp-eab-accordion-header-start sp-d-flex sp-justify-left sp-align-center'>\n\t\t\t\t\t\t<span class='sp-eab-title-subtitle-wrapper sp-d-flex'>\n\t\t\t\t\t\t\t<span class='sp-eab-accordion-title-wrapper sp-d-flex sp-align-center'>\n\t\t\t\t\t\t\t\t<span class='sp-eab-accordion-title-text'>\n\t\t\t\t\t\t\t\t\t<strong>Estreno:<\/strong> 2020.<br><strong>Duraci\u00f3n:<\/strong> 5&#8217;45\u00bb <a href=\"https:\/\/borjamarino.com\/media\/\" target=\"_blank\" rel=\"noopener\">[ESCUCHA<\/a> \t\t\t\t\t\t\t\t<\/span>\n\t\t\t\t\t\t\t<\/span>\n\t\t\t\t\t\t<\/span>\n\t\t\t\t\t<\/span>\n\t\t\t\t\t<span class='sp-eab-accordion-header-end eab-icon-animated'>\n\t\t\t\t\t\t\t\t\t\t\t<\/span>\n\t\t\t\t<\/span>\n\t\t\t<\/h3>\n\t\t\t\t\t\t\t<!-- accordion body -->\n\t\t\t\t\t<div class='sp-eab-accordion-content eab-content-4f0936'>\n\t\t\t\t\t\t\t\t\t\t\t\t<div class='sp-eab-accordion-content-wrapper'>\n\t\t\t\t\t\t\t<div class='sp-eab-accordion-body'>\n\t\t\t    \t\t\t\t\n\n<p class=\"wp-block-paragraph\"><\/p>\n\n\t\t\t\t\t\t\t<\/div>\n\t\t\t\t\t\t<\/div>\n\t\t\t\t\t\t\t\t\t\t\t<\/div>\n\t\t\t\t<\/div>\n\t\t\t<\/div>\n\t\t\n\n\t\t\t<div\n\t\t\t\tid =\"sp-eab-item-a321f2558df1\"\n\t\t\t\tclass=\"sp-eab-accordion-item eab-item-4f0936\"\n\t\t\t\t\t\t\t>\n\t\t\t\t<div class=\"sp-eab-accordion-item-wrapper\">\n\t\t\t\t\t\t\t\t<h3 class='sp-eab-accordion-heading sp-d-flex sp-align-center eab-heading-4f0936'\n\t\t\t\t\t\t>\n\t\t\t\t<span class='sp-eab-accordion-header-wrapper sp-d-flex sp-align-center eab-icon-position-end'>\n\t\t\t\t\t<span class='sp-eab-accordion-header-start sp-d-flex sp-justify-left sp-align-center'>\n\t\t\t\t\t\t<span class='sp-eab-title-subtitle-wrapper sp-d-flex'>\n\t\t\t\t\t\t\t<span class='sp-eab-accordion-title-wrapper sp-d-flex sp-align-center'>\n\t\t\t\t\t\t\t\t<span class='sp-eab-accordion-title-text'>\n\t\t\t\t\t\t\t\t\t\u00daltimas interpretaciones: <br>&#8211; Pablo Gonz\u00e1lez (tenor), Jos\u00e9 Antonio Domen\u00e9 (arpa). Presentaci\u00f3n redes; 2020. <a href=\"https:\/\/youtu.be\/fi5DPjjDljY\" target=\"_blank\" rel=\"noopener\">[Ver en YouTube]<\/a>\t\t\t\t\t\t\t\t<\/span>\n\t\t\t\t\t\t\t<\/span>\n\t\t\t\t\t\t<\/span>\n\t\t\t\t\t<\/span>\n\t\t\t\t\t<span class='sp-eab-accordion-header-end eab-icon-animated'>\n\t\t\t\t\t\t\t\t\t\t\t<\/span>\n\t\t\t\t<\/span>\n\t\t\t<\/h3>\n\t\t\t\t\t\t\t<!-- accordion body -->\n\t\t\t\t\t<div class='sp-eab-accordion-content eab-content-4f0936'>\n\t\t\t\t\t\t\t\t\t\t\t\t<div class='sp-eab-accordion-content-wrapper'>\n\t\t\t\t\t\t\t<div class='sp-eab-accordion-body'>\n\t\t\t    \t\t\t\t\n\n<p class=\"wp-block-paragraph\"><\/p>\n\n\t\t\t\t\t\t\t<\/div>\n\t\t\t\t\t\t<\/div>\n\t\t\t\t\t\t\t\t\t\t\t<\/div>\n\t\t\t\t<\/div>\n\t\t\t<\/div>\n\t\t\n\t\t\t\t<\/div>\n\t\t\t<\/div>\n\t\t<\/div>\n\t\t\n\t\t\t\t\t\t\t<\/div>\n\t\t\t\t\t\t<\/div>\n\t\t\t\t\t\t\t\t\t\t\t<\/div>\n\t\t\t\t<\/div>\n\t\t\t<\/div>\n\t\t\n\n\t\t\t<div\n\t\t\t\tid =\"sp-eab-item-5e0a5add1c95\"\n\t\t\t\tclass=\"sp-eab-accordion-item eab-item-5887b5\"\n\t\t\t\t\t\t\t>\n\t\t\t\t<div class=\"sp-eab-accordion-item-wrapper\">\n\t\t\t\t\t\t\t\t<h3 class='sp-eab-accordion-heading sp-d-flex sp-align-center eab-heading-5887b5'\n\t\t\t\t\t\t>\n\t\t\t\t<span class='sp-eab-accordion-header-wrapper sp-d-flex sp-align-center eab-icon-position-end'>\n\t\t\t\t\t<span class='sp-eab-accordion-header-start sp-d-flex sp-justify-left sp-align-center'>\n\t\t\t\t\t\t<span class='sp-eab-title-subtitle-wrapper sp-d-flex'>\n\t\t\t\t\t\t\t<span class='sp-eab-accordion-title-wrapper sp-d-flex sp-align-center'>\n\t\t\t\t\t\t\t\t<span class='sp-eab-accordion-title-text'>\n\t\t\t\t\t\t\t\t\tNo espazo do Caracol Parsim\u00f3nico (para flauta, viola o cello y arpa)\t\t\t\t\t\t\t\t<\/span>\n\t\t\t\t\t\t\t<\/span>\n\t\t\t\t\t\t<\/span>\n\t\t\t\t\t<\/span>\n\t\t\t\t\t<span class='sp-eab-accordion-header-end eab-icon-animated'>\n\t\t\t\t\t\t\t\t\t\t\t\t<span class='sp-eab-expand-collapse-icon sp-d-block'>\n\t\t\t\t\t\t\t<i class='sp-eab-expand-icon eab-icon-double-angle-down'><\/i>\n\t\t\t\t\t\t\t<i class='sp-eab-collapse-icon eab-icon-double-angle-up'><\/i>\n\t\t\t\t\t\t<\/span>\n\t\t\t\t\t\t\t\t\t\t\t<\/span>\n\t\t\t\t<\/span>\n\t\t\t<\/h3>\n\t\t\t\t\t\t\t<!-- accordion body -->\n\t\t\t\t\t<div class='sp-eab-accordion-content eab-content-5887b5'>\n\t\t\t\t\t\t\t\t\t\t\t\t<div class='sp-eab-accordion-content-wrapper'>\n\t\t\t\t\t\t\t<div class='sp-eab-accordion-body'>\n\t\t\t    \t\t\t\t\n\t\t<div class=\"sp-easy-accordion-block sp-eab-regular-accordion alignwide\"\n\t\t\t\t>\n\t\t\t<div class=\"sp-eab-wrapper sp-eab-vertical-accordion sp-eab-c749894f0936\">\n\t\t\t\t\t\t\t\t<div class='sp-eab-accordion sp-eab-mode-vertical sp-eab-vertical-two sp-d-flex' data-accordion-settings=\"{&quot;mode&quot;:&quot;vertical&quot;,&quot;activeEvent&quot;:&quot;click&quot;,&quot;defaultAccordionOpen&quot;:&quot;first-item&quot;,&quot;selectedItemOpen&quot;:0,&quot;openMultiItemAtaTime&quot;:false,&quot;scrollToTopOnLoad&quot;:false,&quot;scrollToTopOnClick&quot;:false,&quot;accordionItemToUrl&quot;:false,&quot;animationEffect&quot;:false,&quot;applyAccessibility&quot;:true}\">\n        \t    \t\n\t\t\t<div\n\t\t\t\tid =\"sp-eab-item-5c2a7e53038e\"\n\t\t\t\tclass=\"sp-eab-accordion-item eab-item-4f0936\"\n\t\t\t\t\t\t\t>\n\t\t\t\t<div class=\"sp-eab-accordion-item-wrapper\">\n\t\t\t\t\t\t\t\t<h3 class='sp-eab-accordion-heading sp-d-flex sp-align-center eab-heading-4f0936'\n\t\t\t\t\t\t>\n\t\t\t\t<span class='sp-eab-accordion-header-wrapper sp-d-flex sp-align-center eab-icon-position-end'>\n\t\t\t\t\t<span class='sp-eab-accordion-header-start sp-d-flex sp-justify-left sp-align-center'>\n\t\t\t\t\t\t<span class='sp-eab-title-subtitle-wrapper sp-d-flex'>\n\t\t\t\t\t\t\t<span class='sp-eab-accordion-title-wrapper sp-d-flex sp-align-center'>\n\t\t\t\t\t\t\t\t<span class='sp-eab-accordion-title-text'>\n\t\t\t\t\t\t\t\t\t<strong>Estreno:<\/strong> Pendiente.<br><strong>Duraci\u00f3n:<\/strong> 5&#8217;45\u00bb\t\t\t\t\t\t\t\t<\/span>\n\t\t\t\t\t\t\t<\/span>\n\t\t\t\t\t\t<\/span>\n\t\t\t\t\t<\/span>\n\t\t\t\t\t<span class='sp-eab-accordion-header-end eab-icon-animated'>\n\t\t\t\t\t\t\t\t\t\t\t<\/span>\n\t\t\t\t<\/span>\n\t\t\t<\/h3>\n\t\t\t\t\t\t\t<!-- accordion body -->\n\t\t\t\t\t<div class='sp-eab-accordion-content eab-content-4f0936'>\n\t\t\t\t\t\t\t\t\t\t\t\t<div class='sp-eab-accordion-content-wrapper'>\n\t\t\t\t\t\t\t<div class='sp-eab-accordion-body'>\n\t\t\t    \t\t\t\t\n\n<p class=\"wp-block-paragraph\"><\/p>\n\n\t\t\t\t\t\t\t<\/div>\n\t\t\t\t\t\t<\/div>\n\t\t\t\t\t\t\t\t\t\t\t<\/div>\n\t\t\t\t<\/div>\n\t\t\t<\/div>\n\t\t\n\t\t\t\t<\/div>\n\t\t\t<\/div>\n\t\t<\/div>\n\t\t\n\t\t\t\t\t\t\t<\/div>\n\t\t\t\t\t\t<\/div>\n\t\t\t\t\t\t\t\t\t\t\t<\/div>\n\t\t\t\t<\/div>\n\t\t\t<\/div>\n\t\t\n\n\t\t\t<div\n\t\t\t\tid =\"sp-eab-item-eb8455deb24c\"\n\t\t\t\tclass=\"sp-eab-accordion-item eab-item-5887b5\"\n\t\t\t\t\t\t\t>\n\t\t\t\t<div class=\"sp-eab-accordion-item-wrapper\">\n\t\t\t\t\t\t\t\t<h3 class='sp-eab-accordion-heading sp-d-flex sp-align-center eab-heading-5887b5'\n\t\t\t\t\t\t>\n\t\t\t\t<span class='sp-eab-accordion-header-wrapper sp-d-flex sp-align-center eab-icon-position-end'>\n\t\t\t\t\t<span class='sp-eab-accordion-header-start sp-d-flex sp-justify-left sp-align-center'>\n\t\t\t\t\t\t<span class='sp-eab-title-subtitle-wrapper sp-d-flex'>\n\t\t\t\t\t\t\t<span class='sp-eab-accordion-title-wrapper sp-d-flex sp-align-center'>\n\t\t\t\t\t\t\t\t<span class='sp-eab-accordion-title-text'>\n\t\t\t\t\t\t\t\t\tMonologo di Sigismondo (para contratenor, cuerdas y clave)\t\t\t\t\t\t\t\t<\/span>\n\t\t\t\t\t\t\t<\/span>\n\t\t\t\t\t\t<\/span>\n\t\t\t\t\t<\/span>\n\t\t\t\t\t<span class='sp-eab-accordion-header-end eab-icon-animated'>\n\t\t\t\t\t\t\t\t\t\t\t\t<span class='sp-eab-expand-collapse-icon sp-d-block'>\n\t\t\t\t\t\t\t<i class='sp-eab-expand-icon eab-icon-double-angle-down'><\/i>\n\t\t\t\t\t\t\t<i class='sp-eab-collapse-icon eab-icon-double-angle-up'><\/i>\n\t\t\t\t\t\t<\/span>\n\t\t\t\t\t\t\t\t\t\t\t<\/span>\n\t\t\t\t<\/span>\n\t\t\t<\/h3>\n\t\t\t\t\t\t\t<!-- accordion body -->\n\t\t\t\t\t<div class='sp-eab-accordion-content eab-content-5887b5'>\n\t\t\t\t\t\t\t\t\t\t\t\t<div class='sp-eab-accordion-content-wrapper'>\n\t\t\t\t\t\t\t<div class='sp-eab-accordion-body'>\n\t\t\t    \t\t\t\t\n\t\t<div class=\"sp-easy-accordion-block sp-eab-regular-accordion alignwide\"\n\t\t\t\t>\n\t\t\t<div class=\"sp-eab-wrapper sp-eab-vertical-accordion sp-eab-c749894f0936\">\n\t\t\t\t\t\t\t\t<div class='sp-eab-accordion sp-eab-mode-vertical sp-eab-vertical-two sp-d-flex' data-accordion-settings=\"{&quot;mode&quot;:&quot;vertical&quot;,&quot;activeEvent&quot;:&quot;click&quot;,&quot;defaultAccordionOpen&quot;:&quot;close-all&quot;,&quot;selectedItemOpen&quot;:0,&quot;openMultiItemAtaTime&quot;:false,&quot;scrollToTopOnLoad&quot;:false,&quot;scrollToTopOnClick&quot;:false,&quot;accordionItemToUrl&quot;:false,&quot;animationEffect&quot;:false,&quot;applyAccessibility&quot;:true}\">\n        \t    \t\n\t\t\t<div\n\t\t\t\tid =\"sp-eab-item-5c2a7e53038e\"\n\t\t\t\tclass=\"sp-eab-accordion-item eab-item-4f0936\"\n\t\t\t\t\t\t\t>\n\t\t\t\t<div class=\"sp-eab-accordion-item-wrapper\">\n\t\t\t\t\t\t\t\t<h3 class='sp-eab-accordion-heading sp-d-flex sp-align-center eab-heading-4f0936'\n\t\t\t\t\t\t>\n\t\t\t\t<span class='sp-eab-accordion-header-wrapper sp-d-flex sp-align-center eab-icon-position-end'>\n\t\t\t\t\t<span class='sp-eab-accordion-header-start sp-d-flex sp-justify-left sp-align-center'>\n\t\t\t\t\t\t<span class='sp-eab-title-subtitle-wrapper sp-d-flex'>\n\t\t\t\t\t\t\t<span class='sp-eab-accordion-title-wrapper sp-d-flex sp-align-center'>\n\t\t\t\t\t\t\t\t<span class='sp-eab-accordion-title-text'>\n\t\t\t\t\t\t\t\t\t<strong>Composici\u00f3n:<\/strong> 2021.<strong> Estreno:<\/strong> Pendiente.<br><strong>Duraci\u00f3n:<\/strong> 5&#8242; \t\t\t\t\t\t\t\t<\/span>\n\t\t\t\t\t\t\t<\/span>\n\t\t\t\t\t\t<\/span>\n\t\t\t\t\t<\/span>\n\t\t\t\t\t<span class='sp-eab-accordion-header-end eab-icon-animated'>\n\t\t\t\t\t\t\t\t\t\t\t<\/span>\n\t\t\t\t<\/span>\n\t\t\t<\/h3>\n\t\t\t\t\t\t\t<!-- accordion body -->\n\t\t\t\t\t<div class='sp-eab-accordion-content eab-content-4f0936'>\n\t\t\t\t\t\t\t\t\t\t\t\t<div class='sp-eab-accordion-content-wrapper'>\n\t\t\t\t\t\t\t<div class='sp-eab-accordion-body'>\n\t\t\t    \t\t\t\t\n\n<p class=\"wp-block-paragraph\"><\/p>\n\n\t\t\t\t\t\t\t<\/div>\n\t\t\t\t\t\t<\/div>\n\t\t\t\t\t\t\t\t\t\t\t<\/div>\n\t\t\t\t<\/div>\n\t\t\t<\/div>\n\t\t\n\t\t\t\t<\/div>\n\t\t\t<\/div>\n\t\t<\/div>\n\t\t\n\t\t\t\t\t\t\t<\/div>\n\t\t\t\t\t\t<\/div>\n\t\t\t\t\t\t\t\t\t\t\t<\/div>\n\t\t\t\t<\/div>\n\t\t\t<\/div>\n\t\t\n\n\t\t\t<div\n\t\t\t\tid =\"sp-eab-item-5e0a5add1c95\"\n\t\t\t\tclass=\"sp-eab-accordion-item eab-item-5887b5\"\n\t\t\t\t\t\t\t>\n\t\t\t\t<div class=\"sp-eab-accordion-item-wrapper\">\n\t\t\t\t\t\t\t\t<h3 class='sp-eab-accordion-heading sp-d-flex sp-align-center eab-heading-5887b5'\n\t\t\t\t\t\t>\n\t\t\t\t<span class='sp-eab-accordion-header-wrapper sp-d-flex sp-align-center eab-icon-position-end'>\n\t\t\t\t\t<span class='sp-eab-accordion-header-start sp-d-flex sp-justify-left sp-align-center'>\n\t\t\t\t\t\t<span class='sp-eab-title-subtitle-wrapper sp-d-flex'>\n\t\t\t\t\t\t\t<span class='sp-eab-accordion-title-wrapper sp-d-flex sp-align-center'>\n\t\t\t\t\t\t\t\t<span class='sp-eab-accordion-title-text'>\n\t\t\t\t\t\t\t\t\tCan\u00e7o trista (para voz y arpa)\t\t\t\t\t\t\t\t<\/span>\n\t\t\t\t\t\t\t<\/span>\n\t\t\t\t\t\t<\/span>\n\t\t\t\t\t<\/span>\n\t\t\t\t\t<span class='sp-eab-accordion-header-end eab-icon-animated'>\n\t\t\t\t\t\t\t\t\t\t\t\t<span class='sp-eab-expand-collapse-icon sp-d-block'>\n\t\t\t\t\t\t\t<i class='sp-eab-expand-icon eab-icon-double-angle-down'><\/i>\n\t\t\t\t\t\t\t<i class='sp-eab-collapse-icon eab-icon-double-angle-up'><\/i>\n\t\t\t\t\t\t<\/span>\n\t\t\t\t\t\t\t\t\t\t\t<\/span>\n\t\t\t\t<\/span>\n\t\t\t<\/h3>\n\t\t\t\t\t\t\t<!-- accordion body -->\n\t\t\t\t\t<div class='sp-eab-accordion-content eab-content-5887b5'>\n\t\t\t\t\t\t\t\t\t\t\t\t<div class='sp-eab-accordion-content-wrapper'>\n\t\t\t\t\t\t\t<div class='sp-eab-accordion-body'>\n\t\t\t    \t\t\t\t\n\t\t<div class=\"sp-easy-accordion-block sp-eab-regular-accordion alignwide\"\n\t\t\t\t>\n\t\t\t<div class=\"sp-eab-wrapper sp-eab-vertical-accordion sp-eab-c749894f0936\">\n\t\t\t\t\t\t\t\t<div class='sp-eab-accordion sp-eab-mode-vertical sp-eab-vertical-two sp-d-flex' data-accordion-settings=\"{&quot;mode&quot;:&quot;vertical&quot;,&quot;activeEvent&quot;:&quot;click&quot;,&quot;defaultAccordionOpen&quot;:&quot;first-item&quot;,&quot;selectedItemOpen&quot;:0,&quot;openMultiItemAtaTime&quot;:false,&quot;scrollToTopOnLoad&quot;:false,&quot;scrollToTopOnClick&quot;:false,&quot;accordionItemToUrl&quot;:false,&quot;animationEffect&quot;:false,&quot;applyAccessibility&quot;:true}\">\n        \t    \t\n\t\t\t<div\n\t\t\t\tid =\"sp-eab-item-5c2a7e53038e\"\n\t\t\t\tclass=\"sp-eab-accordion-item eab-item-4f0936\"\n\t\t\t\t\t\t\t>\n\t\t\t\t<div class=\"sp-eab-accordion-item-wrapper\">\n\t\t\t\t\t\t\t\t<h3 class='sp-eab-accordion-heading sp-d-flex sp-align-center eab-heading-4f0936'\n\t\t\t\t\t\t>\n\t\t\t\t<span class='sp-eab-accordion-header-wrapper sp-d-flex sp-align-center eab-icon-position-end'>\n\t\t\t\t\t<span class='sp-eab-accordion-header-start sp-d-flex sp-justify-left sp-align-center'>\n\t\t\t\t\t\t<span class='sp-eab-title-subtitle-wrapper sp-d-flex'>\n\t\t\t\t\t\t\t<span class='sp-eab-accordion-title-wrapper sp-d-flex sp-align-center'>\n\t\t\t\t\t\t\t\t<span class='sp-eab-accordion-title-text'>\n\t\t\t\t\t\t\t\t\t<strong>Texto<\/strong>: Apel\u00b7les Mestres.<br><strong>Composici\u00f3n:<\/strong> 2020<strong> Estreno:<\/strong> Pendiente. <br><strong>Duraci\u00f3n:<\/strong> 3&#8242; \t\t\t\t\t\t\t\t<\/span>\n\t\t\t\t\t\t\t<\/span>\n\t\t\t\t\t\t<\/span>\n\t\t\t\t\t<\/span>\n\t\t\t\t\t<span class='sp-eab-accordion-header-end eab-icon-animated'>\n\t\t\t\t\t\t\t\t\t\t\t<\/span>\n\t\t\t\t<\/span>\n\t\t\t<\/h3>\n\t\t\t\t\t\t\t<!-- accordion body -->\n\t\t\t\t\t<div class='sp-eab-accordion-content eab-content-4f0936'>\n\t\t\t\t\t\t\t\t\t\t\t\t<div class='sp-eab-accordion-content-wrapper'>\n\t\t\t\t\t\t\t<div class='sp-eab-accordion-body'>\n\t\t\t    \t\t\t\t\n\n<p class=\"wp-block-paragraph\"><\/p>\n\n\t\t\t\t\t\t\t<\/div>\n\t\t\t\t\t\t<\/div>\n\t\t\t\t\t\t\t\t\t\t\t<\/div>\n\t\t\t\t<\/div>\n\t\t\t<\/div>\n\t\t\n\t\t\t\t<\/div>\n\t\t\t<\/div>\n\t\t<\/div>\n\t\t\n\t\t\t\t\t\t\t<\/div>\n\t\t\t\t\t\t<\/div>\n\t\t\t\t\t\t\t\t\t\t\t<\/div>\n\t\t\t\t<\/div>\n\t\t\t<\/div>\n\t\t\n\n\t\t\t<div\n\t\t\t\tid =\"sp-eab-item-5e0a5add1c95\"\n\t\t\t\tclass=\"sp-eab-accordion-item eab-item-5887b5\"\n\t\t\t\t\t\t\t>\n\t\t\t\t<div class=\"sp-eab-accordion-item-wrapper\">\n\t\t\t\t\t\t\t\t<h3 class='sp-eab-accordion-heading sp-d-flex sp-align-center eab-heading-5887b5'\n\t\t\t\t\t\t>\n\t\t\t\t<span class='sp-eab-accordion-header-wrapper sp-d-flex sp-align-center eab-icon-position-end'>\n\t\t\t\t\t<span class='sp-eab-accordion-header-start sp-d-flex sp-justify-left sp-align-center'>\n\t\t\t\t\t\t<span class='sp-eab-title-subtitle-wrapper sp-d-flex'>\n\t\t\t\t\t\t\t<span class='sp-eab-accordion-title-wrapper sp-d-flex sp-align-center'>\n\t\t\t\t\t\t\t\t<span class='sp-eab-accordion-title-text'>\n\t\t\t\t\t\t\t\t\tDanze (para 2 arpas)\t\t\t\t\t\t\t\t<\/span>\n\t\t\t\t\t\t\t<\/span>\n\t\t\t\t\t\t<\/span>\n\t\t\t\t\t<\/span>\n\t\t\t\t\t<span class='sp-eab-accordion-header-end eab-icon-animated'>\n\t\t\t\t\t\t\t\t\t\t\t\t<span class='sp-eab-expand-collapse-icon sp-d-block'>\n\t\t\t\t\t\t\t<i class='sp-eab-expand-icon eab-icon-double-angle-down'><\/i>\n\t\t\t\t\t\t\t<i class='sp-eab-collapse-icon eab-icon-double-angle-up'><\/i>\n\t\t\t\t\t\t<\/span>\n\t\t\t\t\t\t\t\t\t\t\t<\/span>\n\t\t\t\t<\/span>\n\t\t\t<\/h3>\n\t\t\t\t\t\t\t<!-- accordion body -->\n\t\t\t\t\t<div class='sp-eab-accordion-content eab-content-5887b5'>\n\t\t\t\t\t\t\t\t\t\t\t\t<div class='sp-eab-accordion-content-wrapper'>\n\t\t\t\t\t\t\t<div class='sp-eab-accordion-body'>\n\t\t\t    \t\t\t\t\n\t\t<div class=\"sp-easy-accordion-block sp-eab-regular-accordion alignwide\"\n\t\t\t\t>\n\t\t\t<div class=\"sp-eab-wrapper sp-eab-vertical-accordion sp-eab-c749894f0936\">\n\t\t\t\t\t\t\t\t<div class='sp-eab-accordion sp-eab-mode-vertical sp-eab-vertical-two sp-d-flex' data-accordion-settings=\"{&quot;mode&quot;:&quot;vertical&quot;,&quot;activeEvent&quot;:&quot;click&quot;,&quot;defaultAccordionOpen&quot;:&quot;first-item&quot;,&quot;selectedItemOpen&quot;:0,&quot;openMultiItemAtaTime&quot;:false,&quot;scrollToTopOnLoad&quot;:false,&quot;scrollToTopOnClick&quot;:false,&quot;accordionItemToUrl&quot;:false,&quot;animationEffect&quot;:false,&quot;applyAccessibility&quot;:true}\">\n        \t    \t\n\t\t\t<div\n\t\t\t\tid =\"sp-eab-item-5c2a7e53038e\"\n\t\t\t\tclass=\"sp-eab-accordion-item eab-item-4f0936\"\n\t\t\t\t\t\t\t>\n\t\t\t\t<div class=\"sp-eab-accordion-item-wrapper\">\n\t\t\t\t\t\t\t\t<h3 class='sp-eab-accordion-heading sp-d-flex sp-align-center eab-heading-4f0936'\n\t\t\t\t\t\t>\n\t\t\t\t<span class='sp-eab-accordion-header-wrapper sp-d-flex sp-align-center eab-icon-position-end'>\n\t\t\t\t\t<span class='sp-eab-accordion-header-start sp-d-flex sp-justify-left sp-align-center'>\n\t\t\t\t\t\t<span class='sp-eab-title-subtitle-wrapper sp-d-flex'>\n\t\t\t\t\t\t\t<span class='sp-eab-accordion-title-wrapper sp-d-flex sp-align-center'>\n\t\t\t\t\t\t\t\t<span class='sp-eab-accordion-title-text'>\n\t\t\t\t\t\t\t\t\tI. Mui\u00f1eira<br>II. Aceituneras<br>III. Tarantella<br><strong>Composici\u00f3n:<\/strong> 2020.<strong> Estreno:<\/strong> Pendiente. <br><strong>Duraci\u00f3n:<\/strong> 8&#8242; \t\t\t\t\t\t\t\t<\/span>\n\t\t\t\t\t\t\t<\/span>\n\t\t\t\t\t\t<\/span>\n\t\t\t\t\t<\/span>\n\t\t\t\t\t<span class='sp-eab-accordion-header-end eab-icon-animated'>\n\t\t\t\t\t\t\t\t\t\t\t<\/span>\n\t\t\t\t<\/span>\n\t\t\t<\/h3>\n\t\t\t\t\t\t\t<!-- accordion body -->\n\t\t\t\t\t<div class='sp-eab-accordion-content eab-content-4f0936'>\n\t\t\t\t\t\t\t\t\t\t\t\t<div class='sp-eab-accordion-content-wrapper'>\n\t\t\t\t\t\t\t<div class='sp-eab-accordion-body'>\n\t\t\t    \t\t\t\t\n\n<p class=\"wp-block-paragraph\"><\/p>\n\n\t\t\t\t\t\t\t<\/div>\n\t\t\t\t\t\t<\/div>\n\t\t\t\t\t\t\t\t\t\t\t<\/div>\n\t\t\t\t<\/div>\n\t\t\t<\/div>\n\t\t\n\t\t\t\t<\/div>\n\t\t\t<\/div>\n\t\t<\/div>\n\t\t\n\t\t\t\t\t\t\t<\/div>\n\t\t\t\t\t\t<\/div>\n\t\t\t\t\t\t\t\t\t\t\t<\/div>\n\t\t\t\t<\/div>\n\t\t\t<\/div>\n\t\t\n\n\t\t\t<div\n\t\t\t\tid =\"sp-eab-item-eb8455deb24c\"\n\t\t\t\tclass=\"sp-eab-accordion-item eab-item-5887b5\"\n\t\t\t\t\t\t\t>\n\t\t\t\t<div class=\"sp-eab-accordion-item-wrapper\">\n\t\t\t\t\t\t\t\t<h3 class='sp-eab-accordion-heading sp-d-flex sp-align-center eab-heading-5887b5'\n\t\t\t\t\t\t>\n\t\t\t\t<span class='sp-eab-accordion-header-wrapper sp-d-flex sp-align-center eab-icon-position-end'>\n\t\t\t\t\t<span class='sp-eab-accordion-header-start sp-d-flex sp-justify-left sp-align-center'>\n\t\t\t\t\t\t<span class='sp-eab-title-subtitle-wrapper sp-d-flex'>\n\t\t\t\t\t\t\t<span class='sp-eab-accordion-title-wrapper sp-d-flex sp-align-center'>\n\t\t\t\t\t\t\t\t<span class='sp-eab-accordion-title-text'>\n\t\t\t\t\t\t\t\t\tLaberinto l\u00edrico (para violoncello y piano)\t\t\t\t\t\t\t\t<\/span>\n\t\t\t\t\t\t\t<\/span>\n\t\t\t\t\t\t<\/span>\n\t\t\t\t\t<\/span>\n\t\t\t\t\t<span class='sp-eab-accordion-header-end eab-icon-animated'>\n\t\t\t\t\t\t\t\t\t\t\t\t<span class='sp-eab-expand-collapse-icon sp-d-block'>\n\t\t\t\t\t\t\t<i class='sp-eab-expand-icon eab-icon-double-angle-down'><\/i>\n\t\t\t\t\t\t\t<i class='sp-eab-collapse-icon eab-icon-double-angle-up'><\/i>\n\t\t\t\t\t\t<\/span>\n\t\t\t\t\t\t\t\t\t\t\t<\/span>\n\t\t\t\t<\/span>\n\t\t\t<\/h3>\n\t\t\t\t\t\t\t<!-- accordion body -->\n\t\t\t\t\t<div class='sp-eab-accordion-content eab-content-5887b5'>\n\t\t\t\t\t\t\t\t\t\t\t\t<div class='sp-eab-accordion-content-wrapper'>\n\t\t\t\t\t\t\t<div class='sp-eab-accordion-body'>\n\t\t\t    \t\t\t\t\n\t\t<div class=\"sp-easy-accordion-block sp-eab-regular-accordion alignwide\"\n\t\t\t\t>\n\t\t\t<div class=\"sp-eab-wrapper sp-eab-vertical-accordion sp-eab-c749894f0936\">\n\t\t\t\t\t\t\t\t<div class='sp-eab-accordion sp-eab-mode-vertical sp-eab-vertical-two sp-d-flex' data-accordion-settings=\"{&quot;mode&quot;:&quot;vertical&quot;,&quot;activeEvent&quot;:&quot;click&quot;,&quot;defaultAccordionOpen&quot;:&quot;close-all&quot;,&quot;selectedItemOpen&quot;:0,&quot;openMultiItemAtaTime&quot;:false,&quot;scrollToTopOnLoad&quot;:false,&quot;scrollToTopOnClick&quot;:false,&quot;accordionItemToUrl&quot;:false,&quot;animationEffect&quot;:false,&quot;applyAccessibility&quot;:true}\">\n        \t    \t\n\t\t\t<div\n\t\t\t\tid =\"sp-eab-item-5c2a7e53038e\"\n\t\t\t\tclass=\"sp-eab-accordion-item eab-item-4f0936\"\n\t\t\t\t\t\t\t>\n\t\t\t\t<div class=\"sp-eab-accordion-item-wrapper\">\n\t\t\t\t\t\t\t\t<h3 class='sp-eab-accordion-heading sp-d-flex sp-align-center eab-heading-4f0936'\n\t\t\t\t\t\t>\n\t\t\t\t<span class='sp-eab-accordion-header-wrapper sp-d-flex sp-align-center eab-icon-position-end'>\n\t\t\t\t\t<span class='sp-eab-accordion-header-start sp-d-flex sp-justify-left sp-align-center'>\n\t\t\t\t\t\t<span class='sp-eab-title-subtitle-wrapper sp-d-flex'>\n\t\t\t\t\t\t\t<span class='sp-eab-accordion-title-wrapper sp-d-flex sp-align-center'>\n\t\t\t\t\t\t\t\t<span class='sp-eab-accordion-title-text'>\n\t\t\t\t\t\t\t\t\t<strong>Estreno:<\/strong> 2024 <br><strong>Duraci\u00f3n:<\/strong> 5&#8217;20\u00bb <a href=\"https:\/\/borjamarino.com\/media\/\" target=\"_blank\" rel=\"noopener\">[ESCUCHAR]<\/a>\t\t\t\t\t\t\t\t<\/span>\n\t\t\t\t\t\t\t<\/span>\n\t\t\t\t\t\t<\/span>\n\t\t\t\t\t<\/span>\n\t\t\t\t\t<span class='sp-eab-accordion-header-end eab-icon-animated'>\n\t\t\t\t\t\t\t\t\t\t\t<\/span>\n\t\t\t\t<\/span>\n\t\t\t<\/h3>\n\t\t\t\t\t\t\t<!-- accordion body -->\n\t\t\t\t\t<div class='sp-eab-accordion-content eab-content-4f0936'>\n\t\t\t\t\t\t\t\t\t\t\t\t<div class='sp-eab-accordion-content-wrapper'>\n\t\t\t\t\t\t\t<div class='sp-eab-accordion-body'>\n\t\t\t    \t\t\t\t\n\n<p class=\"wp-block-paragraph\"><\/p>\n\n\t\t\t\t\t\t\t<\/div>\n\t\t\t\t\t\t<\/div>\n\t\t\t\t\t\t\t\t\t\t\t<\/div>\n\t\t\t\t<\/div>\n\t\t\t<\/div>\n\t\t\n\n\t\t\t<div\n\t\t\t\tid =\"sp-eab-item-a321f2558df1\"\n\t\t\t\tclass=\"sp-eab-accordion-item eab-item-4f0936\"\n\t\t\t\t\t\t\t>\n\t\t\t\t<div class=\"sp-eab-accordion-item-wrapper\">\n\t\t\t\t\t\t\t\t<h3 class='sp-eab-accordion-heading sp-d-flex sp-align-center eab-heading-4f0936'\n\t\t\t\t\t\t>\n\t\t\t\t<span class='sp-eab-accordion-header-wrapper sp-d-flex sp-align-center eab-icon-position-end'>\n\t\t\t\t\t<span class='sp-eab-accordion-header-start sp-d-flex sp-justify-left sp-align-center'>\n\t\t\t\t\t\t<span class='sp-eab-title-subtitle-wrapper sp-d-flex'>\n\t\t\t\t\t\t\t<span class='sp-eab-accordion-title-wrapper sp-d-flex sp-align-center'>\n\t\t\t\t\t\t\t\t<span class='sp-eab-accordion-title-text'>\n\t\t\t\t\t\t\t\t\t\u00daltimas interpretaciones: Esteban Jim\u00e9nez (cello), Alejandro Mateo (piano). Casa de Vacas, Madrid; 20 de octubre, 2024. <a href=\"https:\/\/youtu.be\/hiXTNpjpFNk?si=MrgMQLDxMJx6WPlQ\" target=\"_blank\" rel=\"noopener\">[Ver en YouTube]<\/a>\t\t\t\t\t\t\t\t<\/span>\n\t\t\t\t\t\t\t<\/span>\n\t\t\t\t\t\t<\/span>\n\t\t\t\t\t<\/span>\n\t\t\t\t\t<span class='sp-eab-accordion-header-end eab-icon-animated'>\n\t\t\t\t\t\t\t\t\t\t\t<\/span>\n\t\t\t\t<\/span>\n\t\t\t<\/h3>\n\t\t\t\t\t\t\t<!-- accordion body -->\n\t\t\t\t\t<div class='sp-eab-accordion-content eab-content-4f0936'>\n\t\t\t\t\t\t\t\t\t\t\t\t<div class='sp-eab-accordion-content-wrapper'>\n\t\t\t\t\t\t\t<div class='sp-eab-accordion-body'>\n\t\t\t    \t\t\t\t\n\n<p class=\"wp-block-paragraph\"><\/p>\n\n\t\t\t\t\t\t\t<\/div>\n\t\t\t\t\t\t<\/div>\n\t\t\t\t\t\t\t\t\t\t\t<\/div>\n\t\t\t\t<\/div>\n\t\t\t<\/div>\n\t\t\n\t\t\t\t<\/div>\n\t\t\t<\/div>\n\t\t<\/div>\n\t\t\n\t\t\t\t\t\t\t<\/div>\n\t\t\t\t\t\t<\/div>\n\t\t\t\t\t\t\t\t\t\t\t<\/div>\n\t\t\t\t<\/div>\n\t\t\t<\/div>\n\t\t\n\n\t\t\t<div\n\t\t\t\tid =\"sp-eab-item-5e0a5add1c95\"\n\t\t\t\tclass=\"sp-eab-accordion-item eab-item-5887b5\"\n\t\t\t\t\t\t\t>\n\t\t\t\t<div class=\"sp-eab-accordion-item-wrapper\">\n\t\t\t\t\t\t\t\t<h3 class='sp-eab-accordion-heading sp-d-flex sp-align-center eab-heading-5887b5'\n\t\t\t\t\t\t>\n\t\t\t\t<span class='sp-eab-accordion-header-wrapper sp-d-flex sp-align-center eab-icon-position-end'>\n\t\t\t\t\t<span class='sp-eab-accordion-header-start sp-d-flex sp-justify-left sp-align-center'>\n\t\t\t\t\t\t<span class='sp-eab-title-subtitle-wrapper sp-d-flex'>\n\t\t\t\t\t\t\t<span class='sp-eab-accordion-title-wrapper sp-d-flex sp-align-center'>\n\t\t\t\t\t\t\t\t<span class='sp-eab-accordion-title-text'>\n\t\t\t\t\t\t\t\t\tCosmogon\u00eda de Ida Talavera (para clarinete, voz y percusi\u00f3n corporal)\t\t\t\t\t\t\t\t<\/span>\n\t\t\t\t\t\t\t<\/span>\n\t\t\t\t\t\t<\/span>\n\t\t\t\t\t<\/span>\n\t\t\t\t\t<span class='sp-eab-accordion-header-end eab-icon-animated'>\n\t\t\t\t\t\t\t\t\t\t\t\t<span class='sp-eab-expand-collapse-icon sp-d-block'>\n\t\t\t\t\t\t\t<i class='sp-eab-expand-icon eab-icon-double-angle-down'><\/i>\n\t\t\t\t\t\t\t<i class='sp-eab-collapse-icon eab-icon-double-angle-up'><\/i>\n\t\t\t\t\t\t<\/span>\n\t\t\t\t\t\t\t\t\t\t\t<\/span>\n\t\t\t\t<\/span>\n\t\t\t<\/h3>\n\t\t\t\t\t\t\t<!-- accordion body -->\n\t\t\t\t\t<div class='sp-eab-accordion-content eab-content-5887b5'>\n\t\t\t\t\t\t\t\t\t\t\t\t<div class='sp-eab-accordion-content-wrapper'>\n\t\t\t\t\t\t\t<div class='sp-eab-accordion-body'>\n\t\t\t    \t\t\t\t\n\t\t<div class=\"sp-easy-accordion-block sp-eab-regular-accordion alignwide\"\n\t\t\t\t>\n\t\t\t<div class=\"sp-eab-wrapper sp-eab-vertical-accordion sp-eab-c749894f0936\">\n\t\t\t\t\t\t\t\t<div class='sp-eab-accordion sp-eab-mode-vertical sp-eab-vertical-two sp-d-flex' data-accordion-settings=\"{&quot;mode&quot;:&quot;vertical&quot;,&quot;activeEvent&quot;:&quot;click&quot;,&quot;defaultAccordionOpen&quot;:&quot;first-item&quot;,&quot;selectedItemOpen&quot;:0,&quot;openMultiItemAtaTime&quot;:false,&quot;scrollToTopOnLoad&quot;:false,&quot;scrollToTopOnClick&quot;:false,&quot;accordionItemToUrl&quot;:false,&quot;animationEffect&quot;:false,&quot;applyAccessibility&quot;:true}\">\n        \t    \t\n\t\t\t<div\n\t\t\t\tid =\"sp-eab-item-5c2a7e53038e\"\n\t\t\t\tclass=\"sp-eab-accordion-item eab-item-4f0936\"\n\t\t\t\t\t\t\t>\n\t\t\t\t<div class=\"sp-eab-accordion-item-wrapper\">\n\t\t\t\t\t\t\t\t<h3 class='sp-eab-accordion-heading sp-d-flex sp-align-center eab-heading-4f0936'\n\t\t\t\t\t\t>\n\t\t\t\t<span class='sp-eab-accordion-header-wrapper sp-d-flex sp-align-center eab-icon-position-end'>\n\t\t\t\t\t<span class='sp-eab-accordion-header-start sp-d-flex sp-justify-left sp-align-center'>\n\t\t\t\t\t\t<span class='sp-eab-title-subtitle-wrapper sp-d-flex'>\n\t\t\t\t\t\t\t<span class='sp-eab-accordion-title-wrapper sp-d-flex sp-align-center'>\n\t\t\t\t\t\t\t\t<span class='sp-eab-accordion-title-text'>\n\t\t\t\t\t\t\t\t\tI. CH\u00e9ko yvytu (Yo soy el aire)<br>II. Ne poncho gu\u00fdpe (Bajo de tu poncho)<br>III. Tory Ysapy (Roc\u00edo alegre)<br>IV. Herungu\u00e3 poty (Flor del misterio)<br><strong>Texto:<\/strong> Ida Talavera.<br><strong>Composici\u00f3n: <\/strong>2026, encargo de Jessica Bogado<strong>. Estreno:<\/strong> Pendiente.<br><strong>Duraci\u00f3n:<\/strong> 10&#8242;\t\t\t\t\t\t\t\t<\/span>\n\t\t\t\t\t\t\t<\/span>\n\t\t\t\t\t\t<\/span>\n\t\t\t\t\t<\/span>\n\t\t\t\t\t<span class='sp-eab-accordion-header-end eab-icon-animated'>\n\t\t\t\t\t\t\t\t\t\t\t<\/span>\n\t\t\t\t<\/span>\n\t\t\t<\/h3>\n\t\t\t\t\t\t\t<!-- accordion body -->\n\t\t\t\t\t<div class='sp-eab-accordion-content eab-content-4f0936'>\n\t\t\t\t\t\t\t\t\t\t\t\t<div class='sp-eab-accordion-content-wrapper'>\n\t\t\t\t\t\t\t<div class='sp-eab-accordion-body'>\n\t\t\t    \t\t\t\t\n\n<p class=\"wp-block-paragraph\"><\/p>\n\n\t\t\t\t\t\t\t<\/div>\n\t\t\t\t\t\t<\/div>\n\t\t\t\t\t\t\t\t\t\t\t<\/div>\n\t\t\t\t<\/div>\n\t\t\t<\/div>\n\t\t\n\t\t\t\t<\/div>\n\t\t\t<\/div>\n\t\t<\/div>\n\t\t\n\t\t\t\t\t\t\t<\/div>\n\t\t\t\t\t\t<\/div>\n\t\t\t\t\t\t\t\t\t\t\t<\/div>\n\t\t\t\t<\/div>\n\t\t\t<\/div>\n\t\t\n\n\t\t\t<div\n\t\t\t\tid =\"sp-eab-item-5e0a5add1c95\"\n\t\t\t\tclass=\"sp-eab-accordion-item eab-item-5887b5\"\n\t\t\t\t\t\t\t>\n\t\t\t\t<div class=\"sp-eab-accordion-item-wrapper\">\n\t\t\t\t\t\t\t\t<h3 class='sp-eab-accordion-heading sp-d-flex sp-align-center eab-heading-5887b5'\n\t\t\t\t\t\t>\n\t\t\t\t<span class='sp-eab-accordion-header-wrapper sp-d-flex sp-align-center eab-icon-position-end'>\n\t\t\t\t\t<span class='sp-eab-accordion-header-start sp-d-flex sp-justify-left sp-align-center'>\n\t\t\t\t\t\t<span class='sp-eab-title-subtitle-wrapper sp-d-flex'>\n\t\t\t\t\t\t\t<span class='sp-eab-accordion-title-wrapper sp-d-flex sp-align-center'>\n\t\t\t\t\t\t\t\t<span class='sp-eab-accordion-title-text'>\n\t\t\t\t\t\t\t\t\tPu\u00f1al de luz, tr\u00edo para flauta, viola y arpa\t\t\t\t\t\t\t\t<\/span>\n\t\t\t\t\t\t\t<\/span>\n\t\t\t\t\t\t<\/span>\n\t\t\t\t\t<\/span>\n\t\t\t\t\t<span class='sp-eab-accordion-header-end eab-icon-animated'>\n\t\t\t\t\t\t\t\t\t\t\t\t<span class='sp-eab-expand-collapse-icon sp-d-block'>\n\t\t\t\t\t\t\t<i class='sp-eab-expand-icon eab-icon-double-angle-down'><\/i>\n\t\t\t\t\t\t\t<i class='sp-eab-collapse-icon eab-icon-double-angle-up'><\/i>\n\t\t\t\t\t\t<\/span>\n\t\t\t\t\t\t\t\t\t\t\t<\/span>\n\t\t\t\t<\/span>\n\t\t\t<\/h3>\n\t\t\t\t\t\t\t<!-- accordion body -->\n\t\t\t\t\t<div class='sp-eab-accordion-content eab-content-5887b5'>\n\t\t\t\t\t\t\t\t\t\t\t\t<div class='sp-eab-accordion-content-wrapper'>\n\t\t\t\t\t\t\t<div class='sp-eab-accordion-body'>\n\t\t\t    \t\t\t\t\n\t\t<div class=\"sp-easy-accordion-block sp-eab-regular-accordion alignwide\"\n\t\t\t\t>\n\t\t\t<div class=\"sp-eab-wrapper sp-eab-vertical-accordion sp-eab-c749894f0936\">\n\t\t\t\t\t\t\t\t<div class='sp-eab-accordion sp-eab-mode-vertical sp-eab-vertical-two sp-d-flex' data-accordion-settings=\"{&quot;mode&quot;:&quot;vertical&quot;,&quot;activeEvent&quot;:&quot;click&quot;,&quot;defaultAccordionOpen&quot;:&quot;first-item&quot;,&quot;selectedItemOpen&quot;:0,&quot;openMultiItemAtaTime&quot;:false,&quot;scrollToTopOnLoad&quot;:false,&quot;scrollToTopOnClick&quot;:false,&quot;accordionItemToUrl&quot;:false,&quot;animationEffect&quot;:false,&quot;applyAccessibility&quot;:true}\">\n        \t    \t\n\t\t\t<div\n\t\t\t\tid =\"sp-eab-item-5c2a7e53038e\"\n\t\t\t\tclass=\"sp-eab-accordion-item eab-item-4f0936\"\n\t\t\t\t\t\t\t>\n\t\t\t\t<div class=\"sp-eab-accordion-item-wrapper\">\n\t\t\t\t\t\t\t\t<h3 class='sp-eab-accordion-heading sp-d-flex sp-align-center eab-heading-4f0936'\n\t\t\t\t\t\t>\n\t\t\t\t<span class='sp-eab-accordion-header-wrapper sp-d-flex sp-align-center eab-icon-position-end'>\n\t\t\t\t\t<span class='sp-eab-accordion-header-start sp-d-flex sp-justify-left sp-align-center'>\n\t\t\t\t\t\t<span class='sp-eab-title-subtitle-wrapper sp-d-flex'>\n\t\t\t\t\t\t\t<span class='sp-eab-accordion-title-wrapper sp-d-flex sp-align-center'>\n\t\t\t\t\t\t\t\t<span class='sp-eab-accordion-title-text'>\n\t\t\t\t\t\t\t\t\t<strong>Texto<\/strong>: Emilio Prados.<br><strong>Estreno:<\/strong> 2026. <br><strong>Duraci\u00f3n:<\/strong> 8&#8242; <a href=\"https:\/\/borjamarino.com\/media\/\" target=\"_blank\" rel=\"noopener\">[ESCUCHAR]<\/a> \t\t\t\t\t\t\t\t<\/span>\n\t\t\t\t\t\t\t<\/span>\n\t\t\t\t\t\t<\/span>\n\t\t\t\t\t<\/span>\n\t\t\t\t\t<span class='sp-eab-accordion-header-end eab-icon-animated'>\n\t\t\t\t\t\t\t\t\t\t\t<\/span>\n\t\t\t\t<\/span>\n\t\t\t<\/h3>\n\t\t\t\t\t\t\t<!-- accordion body -->\n\t\t\t\t\t<div class='sp-eab-accordion-content eab-content-4f0936'>\n\t\t\t\t\t\t\t\t\t\t\t\t<div class='sp-eab-accordion-content-wrapper'>\n\t\t\t\t\t\t\t<div class='sp-eab-accordion-body'>\n\t\t\t    \t\t\t\t\n\n<p class=\"wp-block-paragraph\"><\/p>\n\n\t\t\t\t\t\t\t<\/div>\n\t\t\t\t\t\t<\/div>\n\t\t\t\t\t\t\t\t\t\t\t<\/div>\n\t\t\t\t<\/div>\n\t\t\t<\/div>\n\t\t\n\t\t\t\t<\/div>\n\t\t\t<\/div>\n\t\t<\/div>\n\t\t\n\t\t\t\t\t\t\t<\/div>\n\t\t\t\t\t\t<\/div>\n\t\t\t\t\t\t\t\t\t\t\t<\/div>\n\t\t\t\t<\/div>\n\t\t\t<\/div>\n\t\t\n\t\t\t\t<\/div>\n\t\t\t<\/div>\n\t\t<\/div>\n\t\t\n\t\t\t\t\t\t\t<\/div>\n\t\t\t\t\t\t<\/div>\n\t\t\t\t\t\t\t\t\t\t\t<\/div>\n\t\t\t\t<\/div>\n\t\t\t<\/div>\n\t\t\n\t\t\t\t<\/div>\n\t\t\t<\/div>\n\t\t<\/div>\n\t\t","protected":false},"excerpt":{"rendered":"<p>Browse the catalogue here. Scores available on request.<\/p>","protected":false},"author":1,"featured_media":52,"parent":0,"menu_order":0,"comment_status":"closed","ping_status":"closed","template":"","meta":{"footnotes":""},"class_list":["post-131","page","type-page","status-publish","has-post-thumbnail","hentry"],"yoast_head":"<!-- This site is optimized with the Yoast SEO plugin v28.4 - https:\/\/yoast.com\/product\/yoast-seo-wordpress\/ -->\n<title>Cat\u00e1logo de Obras | Borja Mari\u00f1o<\/title>\n<meta name=\"description\" content=\"Cat\u00e1logo de obras de Borja Mari\u00f1o: ciclos de canci\u00f3n, m\u00fasica orquestal, de c\u00e1mara y teatro musical. Partituras disponibles bajo demanda.\" \/>\n<meta name=\"robots\" content=\"index, follow, max-snippet:-1, max-image-preview:large, max-video-preview:-1\" \/>\n<link rel=\"canonical\" href=\"https:\/\/borjamarino.com\/en\/obras\/\" \/>\n<meta property=\"og:locale\" content=\"en_US\" \/>\n<meta property=\"og:type\" content=\"article\" \/>\n<meta property=\"og:title\" content=\"Cat\u00e1logo de Obras | Borja Mari\u00f1o\" \/>\n<meta property=\"og:description\" content=\"Cat\u00e1logo de obras de Borja Mari\u00f1o: ciclos de canci\u00f3n, m\u00fasica orquestal, de c\u00e1mara y teatro musical. Partituras disponibles bajo demanda.\" \/>\n<meta property=\"og:url\" content=\"https:\/\/borjamarino.com\/en\/obras\/\" \/>\n<meta property=\"og:site_name\" content=\"Borja Mari\u00f1o\" \/>\n<meta property=\"article:modified_time\" content=\"2026-09-04T09:17:25+00:00\" \/>\n<meta property=\"og:image\" content=\"https:\/\/borjamarino.com\/wp-content\/uploads\/2026\/08\/BM6-scaled.jpg\" \/>\n\t<meta property=\"og:image:width\" content=\"2560\" \/>\n\t<meta property=\"og:image:height\" content=\"2560\" \/>\n\t<meta property=\"og:image:type\" content=\"image\/jpeg\" \/>\n<meta name=\"twitter:card\" content=\"summary_large_image\" \/>\n<meta name=\"twitter:label1\" content=\"Est. reading time\" \/>\n\t<meta name=\"twitter:data1\" content=\"1 minute\" \/>\n<script type=\"application\/ld+json\" class=\"yoast-schema-graph\">{\"@context\":\"https:\\\/\\\/schema.org\",\"@graph\":[{\"@type\":\"WebPage\",\"@id\":\"https:\\\/\\\/borjamarino.com\\\/obras\\\/\",\"url\":\"https:\\\/\\\/borjamarino.com\\\/obras\\\/\",\"name\":\"Cat\u00e1logo de Obras | Borja Mari\u00f1o\",\"isPartOf\":{\"@id\":\"https:\\\/\\\/borjamarino.com\\\/#website\"},\"primaryImageOfPage\":{\"@id\":\"https:\\\/\\\/borjamarino.com\\\/obras\\\/#primaryimage\"},\"image\":{\"@id\":\"https:\\\/\\\/borjamarino.com\\\/obras\\\/#primaryimage\"},\"thumbnailUrl\":\"https:\\\/\\\/borjamarino.com\\\/wp-content\\\/uploads\\\/2026\\\/08\\\/BM6-scaled.jpg\",\"datePublished\":\"2026-08-23T10:03:56+00:00\",\"dateModified\":\"2026-09-04T09:17:25+00:00\",\"description\":\"Cat\u00e1logo de obras de Borja Mari\u00f1o: ciclos de canci\u00f3n, m\u00fasica orquestal, de c\u00e1mara y teatro musical. Partituras disponibles bajo demanda.\",\"breadcrumb\":{\"@id\":\"https:\\\/\\\/borjamarino.com\\\/obras\\\/#breadcrumb\"},\"inLanguage\":\"en-US\",\"potentialAction\":[{\"@type\":\"ReadAction\",\"target\":[\"https:\\\/\\\/borjamarino.com\\\/obras\\\/\"]}]},{\"@type\":\"ImageObject\",\"inLanguage\":\"en-US\",\"@id\":\"https:\\\/\\\/borjamarino.com\\\/obras\\\/#primaryimage\",\"url\":\"https:\\\/\\\/borjamarino.com\\\/wp-content\\\/uploads\\\/2026\\\/08\\\/BM6-scaled.jpg\",\"contentUrl\":\"https:\\\/\\\/borjamarino.com\\\/wp-content\\\/uploads\\\/2026\\\/08\\\/BM6-scaled.jpg\",\"width\":2560,\"height\":2560},{\"@type\":\"BreadcrumbList\",\"@id\":\"https:\\\/\\\/borjamarino.com\\\/obras\\\/#breadcrumb\",\"itemListElement\":[{\"@type\":\"ListItem\",\"position\":1,\"name\":\"Portada\",\"item\":\"https:\\\/\\\/borjamarino.com\\\/\"},{\"@type\":\"ListItem\",\"position\":2,\"name\":\"Obras\"}]},{\"@type\":\"WebSite\",\"@id\":\"https:\\\/\\\/borjamarino.com\\\/#website\",\"url\":\"https:\\\/\\\/borjamarino.com\\\/\",\"name\":\"Borja Mari\u00f1o\",\"description\":\"Compositor y Pianista\",\"potentialAction\":[{\"@type\":\"SearchAction\",\"target\":{\"@type\":\"EntryPoint\",\"urlTemplate\":\"https:\\\/\\\/borjamarino.com\\\/?s={search_term_string}\"},\"query-input\":{\"@type\":\"PropertyValueSpecification\",\"valueRequired\":true,\"valueName\":\"search_term_string\"}}],\"inLanguage\":\"en-US\"}]}<\/script>\n<!-- \/ Yoast SEO plugin. -->","yoast_head_json":{"title":"Cat\u00e1logo de Obras | Borja Mari\u00f1o","description":"Cat\u00e1logo de obras de Borja Mari\u00f1o: ciclos de canci\u00f3n, m\u00fasica orquestal, de c\u00e1mara y teatro musical. Partituras disponibles bajo demanda.","robots":{"index":"index","follow":"follow","max-snippet":"max-snippet:-1","max-image-preview":"max-image-preview:large","max-video-preview":"max-video-preview:-1"},"canonical":"https:\/\/borjamarino.com\/en\/obras\/","og_locale":"en_US","og_type":"article","og_title":"Cat\u00e1logo de Obras | Borja Mari\u00f1o","og_description":"Cat\u00e1logo de obras de Borja Mari\u00f1o: ciclos de canci\u00f3n, m\u00fasica orquestal, de c\u00e1mara y teatro musical. Partituras disponibles bajo demanda.","og_url":"https:\/\/borjamarino.com\/en\/obras\/","og_site_name":"Borja Mari\u00f1o","article_modified_time":"2026-09-04T09:17:25+00:00","og_image":[{"width":2560,"height":2560,"url":"https:\/\/borjamarino.com\/wp-content\/uploads\/2026\/08\/BM6-scaled.jpg","type":"image\/jpeg"}],"twitter_card":"summary_large_image","twitter_misc":{"Est. reading time":"1 minute"},"schema":{"@context":"https:\/\/schema.org","@graph":[{"@type":"WebPage","@id":"https:\/\/borjamarino.com\/obras\/","url":"https:\/\/borjamarino.com\/obras\/","name":"Cat\u00e1logo de Obras | Borja Mari\u00f1o","isPartOf":{"@id":"https:\/\/borjamarino.com\/#website"},"primaryImageOfPage":{"@id":"https:\/\/borjamarino.com\/obras\/#primaryimage"},"image":{"@id":"https:\/\/borjamarino.com\/obras\/#primaryimage"},"thumbnailUrl":"https:\/\/borjamarino.com\/wp-content\/uploads\/2026\/08\/BM6-scaled.jpg","datePublished":"2026-08-23T10:03:56+00:00","dateModified":"2026-09-04T09:17:25+00:00","description":"Cat\u00e1logo de obras de Borja Mari\u00f1o: ciclos de canci\u00f3n, m\u00fasica orquestal, de c\u00e1mara y teatro musical. Partituras disponibles bajo demanda.","breadcrumb":{"@id":"https:\/\/borjamarino.com\/obras\/#breadcrumb"},"inLanguage":"en-US","potentialAction":[{"@type":"ReadAction","target":["https:\/\/borjamarino.com\/obras\/"]}]},{"@type":"ImageObject","inLanguage":"en-US","@id":"https:\/\/borjamarino.com\/obras\/#primaryimage","url":"https:\/\/borjamarino.com\/wp-content\/uploads\/2026\/08\/BM6-scaled.jpg","contentUrl":"https:\/\/borjamarino.com\/wp-content\/uploads\/2026\/08\/BM6-scaled.jpg","width":2560,"height":2560},{"@type":"BreadcrumbList","@id":"https:\/\/borjamarino.com\/obras\/#breadcrumb","itemListElement":[{"@type":"ListItem","position":1,"name":"Portada","item":"https:\/\/borjamarino.com\/"},{"@type":"ListItem","position":2,"name":"Obras"}]},{"@type":"WebSite","@id":"https:\/\/borjamarino.com\/#website","url":"https:\/\/borjamarino.com\/","name":"BORJA MARI\u00d1O","description":"Composer &amp; Pianist","potentialAction":[{"@type":"SearchAction","target":{"@type":"EntryPoint","urlTemplate":"https:\/\/borjamarino.com\/?s={search_term_string}"},"query-input":{"@type":"PropertyValueSpecification","valueRequired":true,"valueName":"search_term_string"}}],"inLanguage":"en-US"}]}},"_links":{"self":[{"href":"https:\/\/borjamarino.com\/en\/wp-json\/wp\/v2\/pages\/131","targetHints":{"allow":["GET"]}}],"collection":[{"href":"https:\/\/borjamarino.com\/en\/wp-json\/wp\/v2\/pages"}],"about":[{"href":"https:\/\/borjamarino.com\/en\/wp-json\/wp\/v2\/types\/page"}],"author":[{"embeddable":true,"href":"https:\/\/borjamarino.com\/en\/wp-json\/wp\/v2\/users\/1"}],"replies":[{"embeddable":true,"href":"https:\/\/borjamarino.com\/en\/wp-json\/wp\/v2\/comments?post=131"}],"version-history":[{"count":153,"href":"https:\/\/borjamarino.com\/en\/wp-json\/wp\/v2\/pages\/131\/revisions"}],"predecessor-version":[{"id":666,"href":"https:\/\/borjamarino.com\/en\/wp-json\/wp\/v2\/pages\/131\/revisions\/666"}],"wp:featuredmedia":[{"embeddable":true,"href":"https:\/\/borjamarino.com\/en\/wp-json\/wp\/v2\/media\/52"}],"wp:attachment":[{"href":"https:\/\/borjamarino.com\/en\/wp-json\/wp\/v2\/media?parent=131"}],"curies":[{"name":"wp","href":"https:\/\/api.w.org\/{rel}","templated":true}]}}