{"id":107,"date":"2026-08-22T12:08:37","date_gmt":"2026-08-22T12:08:37","guid":{"rendered":"http:\/\/borjamarino.com:8881\/?page_id=107"},"modified":"2026-09-04T08:46:40","modified_gmt":"2026-09-04T08:46:40","slug":"agenda","status":"publish","type":"page","link":"https:\/\/borjamarino.com\/en\/agenda\/","title":{"rendered":"Schedule"},"content":{"rendered":"<div class=\"wp-block-group is-layout-constrained wp-block-group-is-layout-constrained\">\n<p class=\"has-foreground-color has-text-color has-link-color wp-elements-1 wp-block-paragraph\">Check here for Borja Mari\u00f1o's upcoming artistic engagements<\/p>\n<\/div>\n\n\n\n<div class=\"wp-block-columns is-layout-flex wp-container-core-columns-is-layout-f56f613f wp-block-columns-is-layout-flex\">\n<div class=\"wp-block-column is-vertically-aligned-top is-layout-flow wp-block-column-is-layout-flow\">\n<h2 class=\"wp-block-heading has-text-align-center\">COMPOSER<\/h2>\n\n\n\n<p class=\"has-text-align-center has-menu-color-color has-text-color has-link-color wp-elements-2 wp-block-paragraph\">Premieres \u00b7 Performances<\/p>\n\n\n\n<hr class=\"wp-block-separator has-text-color has-primary-color has-alpha-channel-opacity has-primary-background-color has-background\"\/>\n\n\n\n<h2 class=\"wp-block-heading has-text-align-center has-primary-color has-text-color has-link-color has-large-font-size wp-elements-3\">2027<\/h2>\n\n\n\n<div class=\"wp-block-group is-layout-constrained wp-block-group-is-layout-constrained\">\n<p class=\"has-text-align-left has-primary-color has-text-color has-link-color has-small-font-size wp-elements-4 wp-block-paragraph\" style=\"margin-top:var(--wp--preset--spacing--0);margin-bottom:var(--wp--preset--spacing--0)\">8-9 JUL<\/p>\n\n\n\n<p class=\"has-body-text-color has-text-color has-link-color has-medium-font-size wp-elements-5 wp-block-paragraph\" style=\"margin-top:var(--wp--preset--spacing--0);margin-bottom:var(--wp--preset--spacing--0)\">Sevilla \u00b7 Teatro de la Maestranza<\/p>\n\n\n\n<p class=\"has-foreground-color has-text-color has-link-color has-content-heading-font-size wp-elements-6 wp-block-paragraph\" style=\"margin-top:var(--wp--preset--spacing--0);margin-bottom:var(--wp--preset--spacing--0)\"><em>Campanas de sol y aire<\/em><\/p>\n\n\n\n<p class=\"has-foreground-color has-text-color has-link-color has-normal-font-size wp-elements-7 wp-block-paragraph\" style=\"margin-top:var(--wp--preset--spacing--0);margin-bottom:var(--wp--preset--spacing--0)\">Saioa Hern\u00e1ndez \u00b7 Lucas Mac\u00edas \u00b7 ROSS<\/p>\n<\/div>\n\n\n\n<div class=\"wp-block-group is-layout-constrained wp-block-group-is-layout-constrained\">\n<p class=\"has-text-align-left has-primary-color has-text-color has-link-color has-small-font-size wp-elements-8 wp-block-paragraph\" style=\"margin-top:var(--wp--preset--spacing--0);margin-bottom:var(--wp--preset--spacing--0)\">31 MAR<\/p>\n\n\n\n<p class=\"has-body-text-color has-text-color has-link-color has-medium-font-size wp-elements-9 wp-block-paragraph\" style=\"margin-top:var(--wp--preset--spacing--0);margin-bottom:var(--wp--preset--spacing--0)\">Museo de la mujer, M\u00e9xico DF<\/p>\n\n\n\n<p class=\"has-foreground-color has-text-color has-link-color has-content-heading-font-size wp-elements-10 wp-block-paragraph\" style=\"margin-top:var(--wp--preset--spacing--0);margin-bottom:var(--wp--preset--spacing--0)\"><em>Contra el amor<\/em><\/p>\n\n\n\n<p class=\"has-foreground-color has-text-color has-link-color has-normal-font-size wp-elements-11 wp-block-paragraph\" style=\"margin-top:var(--wp--preset--spacing--0);margin-bottom:var(--wp--preset--spacing--0)\">Aurora Sanz<\/p>\n<\/div>\n\n\n\n<div class=\"wp-block-group is-layout-constrained wp-block-group-is-layout-constrained\">\n<p class=\"has-text-align-left has-primary-color has-text-color has-link-color has-small-font-size wp-elements-12 wp-block-paragraph\" style=\"margin-top:var(--wp--preset--spacing--0);margin-bottom:var(--wp--preset--spacing--0)\">14 MAR<\/p>\n\n\n\n<p class=\"has-body-text-color has-text-color has-link-color has-medium-font-size wp-elements-13 wp-block-paragraph\" style=\"margin-top:var(--wp--preset--spacing--0);margin-bottom:var(--wp--preset--spacing--0)\">Teatro Real, Madrid<\/p>\n\n\n\n<p class=\"has-foreground-color has-text-color has-link-color has-content-heading-font-size wp-elements-14 wp-block-paragraph\" style=\"margin-top:var(--wp--preset--spacing--0);margin-bottom:var(--wp--preset--spacing--0)\"><em>Vaqueros en Nueva York<\/em><\/p>\n\n\n\n<p class=\"has-foreground-color has-text-color has-link-color has-normal-font-size wp-elements-15 wp-block-paragraph\" style=\"margin-top:var(--wp--preset--spacing--0);margin-bottom:var(--wp--preset--spacing--0)\">Patricia Rijnhout, String Quartet<\/p>\n<\/div>\n\n\n\n<div class=\"wp-block-group is-layout-constrained wp-block-group-is-layout-constrained\">\n<p class=\"has-text-align-left has-primary-color has-text-color has-link-color has-small-font-size wp-elements-16 wp-block-paragraph\" style=\"margin-top:var(--wp--preset--spacing--0);margin-bottom:var(--wp--preset--spacing--0)\">JAN<\/p>\n\n\n\n<p class=\"has-body-text-color has-text-color has-link-color has-medium-font-size wp-elements-17 wp-block-paragraph\" style=\"margin-top:var(--wp--preset--spacing--0);margin-bottom:var(--wp--preset--spacing--0)\">Recording<\/p>\n\n\n\n<p class=\"has-foreground-color has-text-color has-link-color has-content-heading-font-size wp-elements-18 wp-block-paragraph\" style=\"margin-top:var(--wp--preset--spacing--0);margin-bottom:var(--wp--preset--spacing--0)\"><em>Tr\u00edptico plateresco<\/em><\/p>\n\n\n\n<p class=\"has-foreground-color has-text-color has-link-color has-normal-font-size wp-elements-19 wp-block-paragraph\" style=\"margin-top:var(--wp--preset--spacing--0);margin-bottom:var(--wp--preset--spacing--0)\">Carles Pach\u00f3n \u00b7 Berta Brull<\/p>\n<\/div>\n\n\n\n<hr class=\"wp-block-separator has-text-color has-primary-color has-alpha-channel-opacity has-primary-background-color has-background\"\/>\n\n\n\n<h2 class=\"wp-block-heading has-text-align-center has-primary-color has-text-color has-link-color has-large-font-size wp-elements-20\">2026<\/h2>\n\n\n\n<div class=\"wp-block-group is-layout-constrained wp-block-group-is-layout-constrained\">\n<p class=\"has-text-align-left has-primary-color has-text-color has-link-color has-small-font-size wp-elements-21 wp-block-paragraph\" style=\"margin-top:var(--wp--preset--spacing--0);margin-bottom:var(--wp--preset--spacing--0)\">5 DEC<\/p>\n\n\n\n<p class=\"has-body-text-color has-text-color has-link-color has-medium-font-size wp-elements-22 wp-block-paragraph\" style=\"margin-top:var(--wp--preset--spacing--0);margin-bottom:var(--wp--preset--spacing--0)\">Exhibition<\/p>\n\n\n\n<p class=\"has-foreground-color has-text-color has-link-color has-content-heading-font-size wp-elements-23 wp-block-paragraph\" style=\"margin-top:var(--wp--preset--spacing--0);margin-bottom:var(--wp--preset--spacing--0)\"><em>Balada del agua del mar<\/em><\/p>\n\n\n\n<p class=\"has-foreground-color has-text-color has-link-color has-normal-font-size wp-elements-24 wp-block-paragraph\" style=\"margin-top:var(--wp--preset--spacing--0);margin-bottom:var(--wp--preset--spacing--0)\">Guillem Batllori<\/p>\n<\/div>\n\n\n\n<div class=\"wp-block-group is-layout-constrained wp-block-group-is-layout-constrained\">\n<p class=\"has-text-align-left has-primary-color has-text-color has-link-color has-small-font-size wp-elements-25 wp-block-paragraph\" style=\"margin-top:var(--wp--preset--spacing--0);margin-bottom:var(--wp--preset--spacing--0)\">2 DEC<\/p>\n\n\n\n<p class=\"has-body-text-color has-text-color has-link-color has-medium-font-size wp-elements-26 wp-block-paragraph\" style=\"margin-top:var(--wp--preset--spacing--0);margin-bottom:var(--wp--preset--spacing--0)\">Residencia de estudiantes, Madrid<\/p>\n\n\n\n<p class=\"has-foreground-color has-text-color has-link-color has-content-heading-font-size wp-elements-27 wp-block-paragraph\" style=\"margin-top:var(--wp--preset--spacing--0);margin-bottom:var(--wp--preset--spacing--0)\"><em>Pedro Salinas Premiere<\/em><\/p>\n\n\n\n<p class=\"has-foreground-color has-text-color has-link-color has-normal-font-size wp-elements-28 wp-block-paragraph\" style=\"margin-top:var(--wp--preset--spacing--0);margin-bottom:var(--wp--preset--spacing--0)\">Carolina Moncada<\/p>\n<\/div>\n\n\n\n<div class=\"wp-block-group is-layout-constrained wp-block-group-is-layout-constrained\">\n<p class=\"has-text-align-left has-primary-color has-text-color has-link-color has-small-font-size wp-elements-29 wp-block-paragraph\" style=\"margin-top:var(--wp--preset--spacing--0);margin-bottom:var(--wp--preset--spacing--0)\">2-4 NOV<\/p>\n\n\n\n<p class=\"has-body-text-color has-text-color has-link-color has-medium-font-size wp-elements-30 wp-block-paragraph\" style=\"margin-top:var(--wp--preset--spacing--0);margin-bottom:var(--wp--preset--spacing--0)\">Recording<\/p>\n\n\n\n<p class=\"has-foreground-color has-text-color has-link-color has-content-heading-font-size wp-elements-31 wp-block-paragraph\" style=\"margin-top:var(--wp--preset--spacing--0);margin-bottom:var(--wp--preset--spacing--0)\"><em>Cantas en mi poema <\/em><\/p>\n\n\n\n<p class=\"has-foreground-color has-text-color has-link-color has-normal-font-size wp-elements-32 wp-block-paragraph\" style=\"margin-top:var(--wp--preset--spacing--0);margin-bottom:var(--wp--preset--spacing--0)\">Mercedes Arcuri<\/p>\n<\/div>\n\n\n\n<div class=\"wp-block-group is-layout-constrained wp-block-group-is-layout-constrained\">\n<p class=\"has-text-align-left has-primary-color has-text-color has-link-color has-small-font-size wp-elements-33 wp-block-paragraph\" style=\"margin-top:var(--wp--preset--spacing--0);margin-bottom:var(--wp--preset--spacing--0)\">12 AUG<\/p>\n\n\n\n<p class=\"has-body-text-color has-text-color has-link-color has-medium-font-size wp-elements-34 wp-block-paragraph\" style=\"margin-top:var(--wp--preset--spacing--0);margin-bottom:var(--wp--preset--spacing--0)\">Pazo Santa Emilia<\/p>\n\n\n\n<p class=\"has-foreground-color has-text-color has-link-color has-content-heading-font-size wp-elements-35 wp-block-paragraph\" style=\"margin-top:var(--wp--preset--spacing--0);margin-bottom:var(--wp--preset--spacing--0)\"><em>Canci\u00f3n de amor para una dama de Rialto<\/em><\/p>\n\n\n\n<p class=\"has-foreground-color has-text-color has-link-color has-normal-font-size wp-elements-36 wp-block-paragraph\" style=\"margin-top:var(--wp--preset--spacing--0);margin-bottom:var(--wp--preset--spacing--0)\">Carolina Bardas \u00b7 Nicol\u00e1s Ravelli<\/p>\n<\/div>\n\n\n\n<div class=\"wp-block-group is-layout-constrained wp-block-group-is-layout-constrained\">\n<p class=\"has-text-align-left has-primary-color has-text-color has-link-color has-small-font-size wp-elements-37 wp-block-paragraph\" style=\"margin-top:var(--wp--preset--spacing--0);margin-bottom:var(--wp--preset--spacing--0)\">10 JUL<\/p>\n\n\n\n<p class=\"has-body-text-color has-text-color has-link-color has-medium-font-size wp-elements-38 wp-block-paragraph\" style=\"margin-top:var(--wp--preset--spacing--0);margin-bottom:var(--wp--preset--spacing--0)\">Real Alc\u00e1zar, Sevilla<\/p>\n\n\n\n<p class=\"has-foreground-color has-text-color has-link-color has-content-heading-font-size wp-elements-39 wp-block-paragraph\" style=\"margin-top:var(--wp--preset--spacing--0);margin-bottom:var(--wp--preset--spacing--0)\"><em>Canciones para Emma<\/em><\/p>\n\n\n\n<p class=\"has-foreground-color has-text-color has-link-color has-normal-font-size wp-elements-40 wp-block-paragraph\" style=\"margin-top:var(--wp--preset--spacing--0);margin-bottom:var(--wp--preset--spacing--0)\">Paula Ram\u00edrez \u00b7 Manuel Navarro<\/p>\n<\/div>\n\n\n\n<div class=\"wp-block-group is-layout-constrained wp-block-group-is-layout-constrained\">\n<p class=\"has-text-align-left has-primary-color has-text-color has-link-color has-small-font-size wp-elements-41 wp-block-paragraph\" style=\"margin-top:var(--wp--preset--spacing--0);margin-bottom:var(--wp--preset--spacing--0)\">26 JUN<\/p>\n\n\n\n<p class=\"has-body-text-color has-text-color has-link-color has-medium-font-size wp-elements-42 wp-block-paragraph\" style=\"margin-top:var(--wp--preset--spacing--0);margin-bottom:var(--wp--preset--spacing--0)\">ESCM, Teatro Bauer, Madrid<\/p>\n\n\n\n<p class=\"has-foreground-color has-text-color has-link-color has-content-heading-font-size wp-elements-43 wp-block-paragraph\" style=\"margin-top:var(--wp--preset--spacing--0);margin-bottom:var(--wp--preset--spacing--0)\"><em>Tres poemas de guerra y un sue\u00f1o<\/em><\/p>\n\n\n\n<p class=\"has-foreground-color has-text-color has-link-color has-normal-font-size wp-elements-44 wp-block-paragraph\" style=\"margin-top:var(--wp--preset--spacing--0);margin-bottom:var(--wp--preset--spacing--0)\">Olga Syniakova \u00b7 Aurelio Viribay<\/p>\n<\/div>\n\n\n\n<div class=\"wp-block-group is-layout-constrained wp-block-group-is-layout-constrained\">\n<p class=\"has-text-align-left has-primary-color has-text-color has-link-color has-small-font-size wp-elements-45 wp-block-paragraph\" style=\"margin-top:var(--wp--preset--spacing--0);margin-bottom:var(--wp--preset--spacing--0)\">29-30 MAY<\/p>\n\n\n\n<p class=\"has-body-text-color has-text-color has-link-color has-medium-font-size wp-elements-46 wp-block-paragraph\" style=\"margin-top:var(--wp--preset--spacing--0);margin-bottom:var(--wp--preset--spacing--0)\">Theatro Municipal, Rio de Janeiro<\/p>\n\n\n\n<p class=\"has-foreground-color has-text-color has-link-color has-content-heading-font-size wp-elements-47 wp-block-paragraph\" style=\"margin-top:var(--wp--preset--spacing--0);margin-bottom:var(--wp--preset--spacing--0)\"><em>Vaqueros en Nueva York<\/em><\/p>\n\n\n\n<p class=\"has-foreground-color has-text-color has-link-color has-normal-font-size wp-elements-48 wp-block-paragraph\" style=\"margin-top:var(--wp--preset--spacing--0);margin-bottom:var(--wp--preset--spacing--0)\">Gabriella Pace \u00b7 Francisco Valero-Terribas \u00b7 OSB<\/p>\n<\/div>\n\n\n\n<div class=\"wp-block-group is-layout-constrained wp-block-group-is-layout-constrained\">\n<p class=\"has-text-align-left has-primary-color has-text-color has-link-color has-small-font-size wp-elements-49 wp-block-paragraph\" style=\"margin-top:var(--wp--preset--spacing--0);margin-bottom:var(--wp--preset--spacing--0)\">27 APR<\/p>\n\n\n\n<p class=\"has-body-text-color has-text-color has-link-color has-medium-font-size wp-elements-50 wp-block-paragraph\" style=\"margin-top:var(--wp--preset--spacing--0);margin-bottom:var(--wp--preset--spacing--0)\">ESCM, Teatro Bauer, Madrid<\/p>\n\n\n\n<p class=\"has-foreground-color has-text-color has-link-color has-content-heading-font-size wp-elements-51 wp-block-paragraph\" style=\"margin-top:var(--wp--preset--spacing--0);margin-bottom:var(--wp--preset--spacing--0)\"><em>Versos de mujer<\/em><\/p>\n\n\n\n<p class=\"has-foreground-color has-text-color has-link-color has-normal-font-size wp-elements-52 wp-block-paragraph\" style=\"margin-top:var(--wp--preset--spacing--0);margin-bottom:var(--wp--preset--spacing--0)\">Anna Cabrera \u00b7 Aurelio Viribay<\/p>\n<\/div>\n\n\n\n<div class=\"wp-block-group is-layout-constrained wp-block-group-is-layout-constrained\">\n<p class=\"has-text-align-left has-primary-color has-text-color has-link-color has-small-font-size wp-elements-53 wp-block-paragraph\" style=\"margin-top:var(--wp--preset--spacing--0);margin-bottom:var(--wp--preset--spacing--0)\">27 APR<\/p>\n\n\n\n<p class=\"has-body-text-color has-text-color has-link-color has-medium-font-size wp-elements-54 wp-block-paragraph\" style=\"margin-top:var(--wp--preset--spacing--0);margin-bottom:var(--wp--preset--spacing--0)\">ESCM, Teatro Bauer, Madrid<\/p>\n\n\n\n<p class=\"has-foreground-color has-text-color has-link-color has-content-heading-font-size wp-elements-55 wp-block-paragraph\" style=\"margin-top:var(--wp--preset--spacing--0);margin-bottom:var(--wp--preset--spacing--0)\"><em>Tres poemas de guerra y un sue\u00f1o<\/em><\/p>\n\n\n\n<p class=\"has-foreground-color has-text-color has-link-color has-normal-font-size wp-elements-56 wp-block-paragraph\" style=\"margin-top:var(--wp--preset--spacing--0);margin-bottom:var(--wp--preset--spacing--0)\">Ihor Voievodin \u00b7 Paula L. Atanet<\/p>\n<\/div>\n\n\n\n<div class=\"wp-block-group is-layout-constrained wp-block-group-is-layout-constrained\">\n<p class=\"has-text-align-left has-primary-color has-text-color has-link-color has-small-font-size wp-elements-57 wp-block-paragraph\" style=\"margin-top:var(--wp--preset--spacing--0);margin-bottom:var(--wp--preset--spacing--0)\">14 APR<\/p>\n\n\n\n<p class=\"has-body-text-color has-text-color has-link-color has-medium-font-size wp-elements-58 wp-block-paragraph\" style=\"margin-top:var(--wp--preset--spacing--0);margin-bottom:var(--wp--preset--spacing--0)\">Teatro de la Zarzuela, Madrid<\/p>\n\n\n\n<p class=\"has-foreground-color has-text-color has-link-color has-content-heading-font-size wp-elements-59 wp-block-paragraph\" style=\"margin-top:var(--wp--preset--spacing--0);margin-bottom:var(--wp--preset--spacing--0)\"><em>Tr\u00edptico plateresco<\/em><\/p>\n\n\n\n<p class=\"has-foreground-color has-text-color has-link-color has-normal-font-size wp-elements-60 wp-block-paragraph\" style=\"margin-top:var(--wp--preset--spacing--0);margin-bottom:var(--wp--preset--spacing--0)\">Emmanuel Franco \u00b7 Daniel Ru\u00edz de Cenzano<\/p>\n<\/div>\n\n\n\n<div class=\"wp-block-group is-layout-constrained wp-block-group-is-layout-constrained\">\n<p class=\"has-text-align-left has-primary-color has-text-color has-link-color has-small-font-size wp-elements-61 wp-block-paragraph\" style=\"margin-top:var(--wp--preset--spacing--0);margin-bottom:var(--wp--preset--spacing--0)\">14 APR<\/p>\n\n\n\n<p class=\"has-body-text-color has-text-color has-link-color has-medium-font-size wp-elements-62 wp-block-paragraph\" style=\"margin-top:var(--wp--preset--spacing--0);margin-bottom:var(--wp--preset--spacing--0)\">Teatro Arriaga, Bilbao<\/p>\n\n\n\n<p class=\"has-foreground-color has-text-color has-link-color has-content-heading-font-size wp-elements-63 wp-block-paragraph\" style=\"margin-top:var(--wp--preset--spacing--0);margin-bottom:var(--wp--preset--spacing--0)\"><em>Bola de nieve<\/em><\/p>\n\n\n\n<p class=\"has-foreground-color has-text-color has-link-color has-normal-font-size wp-elements-64 wp-block-paragraph\" style=\"margin-top:var(--wp--preset--spacing--0);margin-bottom:var(--wp--preset--spacing--0)\">Juan Laborer\u00eda \u00b7 Carmen Santamar\u00eda<\/p>\n<\/div>\n\n\n\n<div class=\"wp-block-group is-layout-constrained wp-block-group-is-layout-constrained\">\n<p class=\"has-text-align-left has-primary-color has-text-color has-link-color has-small-font-size wp-elements-65 wp-block-paragraph\" style=\"margin-top:var(--wp--preset--spacing--0);margin-bottom:var(--wp--preset--spacing--0)\">28-29 MAR<\/p>\n\n\n\n<p class=\"has-body-text-color has-text-color has-link-color has-medium-font-size wp-elements-66 wp-block-paragraph\" style=\"margin-top:var(--wp--preset--spacing--0);margin-bottom:var(--wp--preset--spacing--0)\">Auditorio Fuxan os Ventos, Lugo<\/p>\n\n\n\n<p class=\"has-foreground-color has-text-color has-link-color has-content-heading-font-size wp-elements-67 wp-block-paragraph\" style=\"margin-top:var(--wp--preset--spacing--0);margin-bottom:var(--wp--preset--spacing--0)\"><em>Arlanz\u00f3n<\/em><\/p>\n\n\n\n<p class=\"has-foreground-color has-text-color has-link-color has-normal-font-size wp-elements-68 wp-block-paragraph\" style=\"margin-top:var(--wp--preset--spacing--0);margin-bottom:var(--wp--preset--spacing--0)\">Nicol\u00e1s Ravelli \u00b7 Terra Nova, Xove Orquestra<\/p>\n<\/div>\n\n\n\n<div class=\"wp-block-group is-layout-constrained wp-block-group-is-layout-constrained\">\n<p class=\"has-text-align-left has-primary-color has-text-color has-link-color has-small-font-size wp-elements-69 wp-block-paragraph\" style=\"margin-top:var(--wp--preset--spacing--0);margin-bottom:var(--wp--preset--spacing--0)\">6 MAR<\/p>\n\n\n\n<p class=\"has-body-text-color has-text-color has-link-color has-medium-font-size wp-elements-70 wp-block-paragraph\" style=\"margin-top:var(--wp--preset--spacing--0);margin-bottom:var(--wp--preset--spacing--0)\">Auditorio ADDA, Alicante<\/p>\n\n\n\n<p class=\"has-foreground-color has-text-color has-link-color has-content-heading-font-size wp-elements-71 wp-block-paragraph\" style=\"margin-top:var(--wp--preset--spacing--0);margin-bottom:var(--wp--preset--spacing--0)\"><em>La grama triste<\/em><\/p>\n\n\n\n<p class=\"has-foreground-color has-text-color has-link-color has-normal-font-size wp-elements-72 wp-block-paragraph\" style=\"margin-top:var(--wp--preset--spacing--0);margin-bottom:var(--wp--preset--spacing--0)\">Sandra Ferr\u00e1ndez \u00b7 Irene Alfageme<\/p>\n<\/div>\n\n\n\n<div class=\"wp-block-group is-layout-constrained wp-block-group-is-layout-constrained\">\n<p class=\"has-text-align-left has-primary-color has-text-color has-link-color has-small-font-size wp-elements-73 wp-block-paragraph\" style=\"margin-top:var(--wp--preset--spacing--0);margin-bottom:var(--wp--preset--spacing--0)\">26 FEB<\/p>\n\n\n\n<p class=\"has-body-text-color has-text-color has-link-color has-medium-font-size wp-elements-74 wp-block-paragraph\" style=\"margin-top:var(--wp--preset--spacing--0);margin-bottom:var(--wp--preset--spacing--0)\">Bechstein Hall, London<\/p>\n\n\n\n<p class=\"has-foreground-color has-text-color has-link-color has-content-heading-font-size wp-elements-75 wp-block-paragraph\" style=\"margin-top:var(--wp--preset--spacing--0);margin-bottom:var(--wp--preset--spacing--0)\"><em>Versos de mujer<\/em><\/p>\n\n\n\n<p class=\"has-foreground-color has-text-color has-link-color has-normal-font-size wp-elements-76 wp-block-paragraph\" style=\"margin-top:var(--wp--preset--spacing--0);margin-bottom:var(--wp--preset--spacing--0)\">Julieth Lozano \u00b7 Anna Tilbrook<\/p>\n<\/div>\n<\/div>\n\n\n\n<div class=\"wp-block-column is-vertically-aligned-top is-layout-flow wp-block-column-is-layout-flow\">\n<h2 class=\"wp-block-heading has-text-align-center\">PIANIST<\/h2>\n\n\n\n<p class=\"has-text-align-center has-menu-color-color has-text-color has-link-color wp-elements-77 wp-block-paragraph\">Recitals \u00b7 Operas<\/p>\n\n\n\n<hr class=\"wp-block-separator has-text-color has-primary-color has-alpha-channel-opacity has-primary-background-color has-background\"\/>\n\n\n\n<h2 class=\"wp-block-heading has-text-align-center has-primary-color has-text-color has-link-color has-large-font-size wp-elements-78\">2027<\/h2>\n\n\n\n<div class=\"wp-block-group is-layout-constrained wp-block-group-is-layout-constrained\">\n<p class=\"has-text-align-left has-primary-color has-text-color has-link-color has-small-font-size wp-elements-79 wp-block-paragraph\" style=\"margin-top:var(--wp--preset--spacing--0);margin-bottom:var(--wp--preset--spacing--0)\">22-30 SEP<\/p>\n\n\n\n<p class=\"has-body-text-color has-text-color has-link-color has-medium-font-size wp-elements-80 wp-block-paragraph\" style=\"margin-top:var(--wp--preset--spacing--0);margin-bottom:var(--wp--preset--spacing--0)\">Tour Brno (Czech Republic) and Tenerife<\/p>\n\n\n\n<p class=\"has-foreground-color has-text-color has-link-color has-content-heading-font-size wp-elements-81 wp-block-paragraph\" style=\"margin-top:var(--wp--preset--spacing--0);margin-bottom:var(--wp--preset--spacing--0)\"><em>Diario de un desaparecido<\/em><\/p>\n\n\n\n<p class=\"has-foreground-color has-text-color has-link-color has-normal-font-size wp-elements-82 wp-block-paragraph\" style=\"margin-top:var(--wp--preset--spacing--0);margin-bottom:var(--wp--preset--spacing--0)\">Jan\u00e1\u010dek Lieder<\/p>\n<\/div>\n\n\n\n<div class=\"wp-block-group is-layout-constrained wp-block-group-is-layout-constrained\">\n<p class=\"has-text-align-left has-primary-color has-text-color has-link-color has-small-font-size wp-elements-83 wp-block-paragraph\" style=\"margin-top:var(--wp--preset--spacing--0);margin-bottom:var(--wp--preset--spacing--0)\">18-31 MAY<\/p>\n\n\n\n<p class=\"has-body-text-color has-text-color has-link-color has-medium-font-size wp-elements-84 wp-block-paragraph\" style=\"margin-top:var(--wp--preset--spacing--0);margin-bottom:var(--wp--preset--spacing--0)\">Teatre Principal, Palma de Mallorca<\/p>\n\n\n\n<p class=\"has-foreground-color has-text-color has-link-color has-content-heading-font-size wp-elements-85 wp-block-paragraph\" style=\"margin-top:var(--wp--preset--spacing--0);margin-bottom:var(--wp--preset--spacing--0)\"><em>Madama Butterfly<\/em><\/p>\n\n\n\n<p class=\"has-foreground-color has-text-color has-link-color has-normal-font-size wp-elements-86 wp-block-paragraph\" style=\"margin-top:var(--wp--preset--spacing--0);margin-bottom:var(--wp--preset--spacing--0)\">Opera<\/p>\n<\/div>\n\n\n\n<div class=\"wp-block-group is-layout-constrained wp-block-group-is-layout-constrained\">\n<p class=\"has-text-align-left has-primary-color has-text-color has-link-color has-small-font-size wp-elements-87 wp-block-paragraph\" style=\"margin-top:var(--wp--preset--spacing--0);margin-bottom:var(--wp--preset--spacing--0)\">19-30 APR<\/p>\n\n\n\n<p class=\"has-body-text-color has-text-color has-link-color has-medium-font-size wp-elements-88 wp-block-paragraph\" style=\"margin-top:var(--wp--preset--spacing--0);margin-bottom:var(--wp--preset--spacing--0)\">Teatro de la Maestranza, Sevilla<\/p>\n\n\n\n<p class=\"has-foreground-color has-text-color has-link-color has-content-heading-font-size wp-elements-89 wp-block-paragraph\" style=\"margin-top:var(--wp--preset--spacing--0);margin-bottom:var(--wp--preset--spacing--0)\"><em>Bodas de sangre<\/em><\/p>\n\n\n\n<p class=\"has-foreground-color has-text-color has-link-color has-normal-font-size wp-elements-90 wp-block-paragraph\" style=\"margin-top:var(--wp--preset--spacing--0);margin-bottom:var(--wp--preset--spacing--0)\">Opera<\/p>\n<\/div>\n\n\n\n<div class=\"wp-block-group is-layout-constrained wp-block-group-is-layout-constrained\">\n<p class=\"has-text-align-left has-primary-color has-text-color has-link-color has-small-font-size wp-elements-91 wp-block-paragraph\" style=\"margin-top:var(--wp--preset--spacing--0);margin-bottom:var(--wp--preset--spacing--0)\">5-18 APR<\/p>\n\n\n\n<p class=\"has-body-text-color has-text-color has-link-color has-medium-font-size wp-elements-92 wp-block-paragraph\" style=\"margin-top:var(--wp--preset--spacing--0);margin-bottom:var(--wp--preset--spacing--0)\">Teatro P\u00e9rez Gald\u00f3s, Las Palmas<\/p>\n\n\n\n<p class=\"has-foreground-color has-text-color has-link-color has-content-heading-font-size wp-elements-93 wp-block-paragraph\" style=\"margin-top:var(--wp--preset--spacing--0);margin-bottom:var(--wp--preset--spacing--0)\"><em>Lucrezia Borgia<\/em><\/p>\n\n\n\n<p class=\"has-foreground-color has-text-color has-link-color has-normal-font-size wp-elements-94 wp-block-paragraph\" style=\"margin-top:var(--wp--preset--spacing--0);margin-bottom:var(--wp--preset--spacing--0)\">Opera<\/p>\n<\/div>\n\n\n\n<div class=\"wp-block-group is-layout-constrained wp-block-group-is-layout-constrained\">\n<p class=\"has-text-align-left has-primary-color has-text-color has-link-color has-small-font-size wp-elements-95 wp-block-paragraph\" style=\"margin-top:var(--wp--preset--spacing--0);margin-bottom:var(--wp--preset--spacing--0)\">20-31 MAR<\/p>\n\n\n\n<p class=\"has-body-text-color has-text-color has-link-color has-medium-font-size wp-elements-96 wp-block-paragraph\" style=\"margin-top:var(--wp--preset--spacing--0);margin-bottom:var(--wp--preset--spacing--0)\">Fundaci\u00f3n Juan March, Madrid<\/p>\n\n\n\n<p class=\"has-foreground-color has-text-color has-link-color has-content-heading-font-size wp-elements-97 wp-block-paragraph\" style=\"margin-top:var(--wp--preset--spacing--0);margin-bottom:var(--wp--preset--spacing--0)\"><em>Diario de un desaparecido<\/em><\/p>\n\n\n\n<p class=\"has-foreground-color has-text-color has-link-color has-normal-font-size wp-elements-98 wp-block-paragraph\" style=\"margin-top:var(--wp--preset--spacing--0);margin-bottom:var(--wp--preset--spacing--0)\">Jan\u00e1\u010dek Lieder<\/p>\n<\/div>\n\n\n\n<div class=\"wp-block-group is-layout-constrained wp-block-group-is-layout-constrained\">\n<p class=\"has-text-align-left has-primary-color has-text-color has-link-color has-small-font-size wp-elements-99 wp-block-paragraph\" style=\"margin-top:var(--wp--preset--spacing--0);margin-bottom:var(--wp--preset--spacing--0)\">1-16 MAR<\/p>\n\n\n\n<p class=\"has-body-text-color has-text-color has-link-color has-medium-font-size wp-elements-100 wp-block-paragraph\" style=\"margin-top:var(--wp--preset--spacing--0);margin-bottom:var(--wp--preset--spacing--0)\">Teatro P\u00e9rez Gald\u00f3s, Las Palmas<\/p>\n\n\n\n<p class=\"has-foreground-color has-text-color has-link-color has-content-heading-font-size wp-elements-101 wp-block-paragraph\" style=\"margin-top:var(--wp--preset--spacing--0);margin-bottom:var(--wp--preset--spacing--0)\"><em>Faust<\/em><\/p>\n\n\n\n<p class=\"has-foreground-color has-text-color has-link-color has-normal-font-size wp-elements-102 wp-block-paragraph\" style=\"margin-top:var(--wp--preset--spacing--0);margin-bottom:var(--wp--preset--spacing--0)\">Opera<\/p>\n<\/div>\n\n\n\n<div class=\"wp-block-group is-layout-constrained wp-block-group-is-layout-constrained\">\n<p class=\"has-text-align-left has-primary-color has-text-color has-link-color has-small-font-size wp-elements-103 wp-block-paragraph\" style=\"margin-top:var(--wp--preset--spacing--0);margin-bottom:var(--wp--preset--spacing--0)\">1-16 FEB<\/p>\n\n\n\n<p class=\"has-body-text-color has-text-color has-link-color has-medium-font-size wp-elements-104 wp-block-paragraph\" style=\"margin-top:var(--wp--preset--spacing--0);margin-bottom:var(--wp--preset--spacing--0)\">Teatro P\u00e9rez Gald\u00f3s, Las Palmas<\/p>\n\n\n\n<p class=\"has-foreground-color has-text-color has-link-color has-content-heading-font-size wp-elements-105 wp-block-paragraph\" style=\"margin-top:var(--wp--preset--spacing--0);margin-bottom:var(--wp--preset--spacing--0)\"><em>Werther<\/em><\/p>\n\n\n\n<p class=\"has-foreground-color has-text-color has-link-color has-normal-font-size wp-elements-106 wp-block-paragraph\" style=\"margin-top:var(--wp--preset--spacing--0);margin-bottom:var(--wp--preset--spacing--0)\">Opera<\/p>\n<\/div>\n\n\n\n<hr class=\"wp-block-separator has-text-color has-primary-color has-alpha-channel-opacity has-primary-background-color has-background\"\/>\n\n\n\n<h2 class=\"wp-block-heading has-text-align-center has-primary-color has-text-color has-link-color has-large-font-size wp-elements-107\">2026<\/h2>\n\n\n\n<div class=\"wp-block-group is-layout-constrained wp-block-group-is-layout-constrained\">\n<p class=\"has-text-align-left has-primary-color has-text-color has-link-color has-small-font-size wp-elements-108 wp-block-paragraph\" style=\"margin-top:var(--wp--preset--spacing--0);margin-bottom:var(--wp--preset--spacing--0)\">2 DEC<\/p>\n\n\n\n<p class=\"has-body-text-color has-text-color has-link-color has-medium-font-size wp-elements-109 wp-block-paragraph\" style=\"margin-top:var(--wp--preset--spacing--0);margin-bottom:var(--wp--preset--spacing--0)\">Residencia de estudiantes, Madrid<\/p>\n\n\n\n<p class=\"has-foreground-color has-text-color has-link-color has-content-heading-font-size wp-elements-110 wp-block-paragraph\" style=\"margin-top:var(--wp--preset--spacing--0);margin-bottom:var(--wp--preset--spacing--0)\"><em>Recital Proust<\/em><\/p>\n\n\n\n<p class=\"has-foreground-color has-text-color has-link-color has-normal-font-size wp-elements-111 wp-block-paragraph\" style=\"margin-top:var(--wp--preset--spacing--0);margin-bottom:var(--wp--preset--spacing--0)\">with Carolina Moncada<\/p>\n<\/div>\n\n\n\n<div class=\"wp-block-group is-layout-constrained wp-block-group-is-layout-constrained\">\n<p class=\"has-text-align-left has-primary-color has-text-color has-link-color has-small-font-size wp-elements-112 wp-block-paragraph\" style=\"margin-top:var(--wp--preset--spacing--0);margin-bottom:var(--wp--preset--spacing--0)\">20 NOV<\/p>\n\n\n\n<p class=\"has-body-text-color has-text-color has-link-color has-medium-font-size wp-elements-113 wp-block-paragraph\" style=\"margin-top:var(--wp--preset--spacing--0);margin-bottom:var(--wp--preset--spacing--0)\">Teatro Carlos III, Aranjuez<\/p>\n\n\n\n<p class=\"has-foreground-color has-text-color has-link-color has-content-heading-font-size wp-elements-114 wp-block-paragraph\" style=\"margin-top:var(--wp--preset--spacing--0);margin-bottom:var(--wp--preset--spacing--0)\"><em>Acerca del fuego fatuo<\/em><\/p>\n\n\n\n<p class=\"has-foreground-color has-text-color has-link-color has-normal-font-size wp-elements-115 wp-block-paragraph\" style=\"margin-top:var(--wp--preset--spacing--0);margin-bottom:var(--wp--preset--spacing--0)\">Playbook and Piano <\/p>\n<\/div>\n\n\n\n<div class=\"wp-block-group is-layout-constrained wp-block-group-is-layout-constrained\">\n<p class=\"has-text-align-left has-primary-color has-text-color has-link-color has-small-font-size wp-elements-116 wp-block-paragraph\" style=\"margin-top:var(--wp--preset--spacing--0);margin-bottom:var(--wp--preset--spacing--0)\">2-4 NOV<\/p>\n\n\n\n<p class=\"has-body-text-color has-text-color has-link-color has-medium-font-size wp-elements-117 wp-block-paragraph\" style=\"margin-top:var(--wp--preset--spacing--0);margin-bottom:var(--wp--preset--spacing--0)\">Estudio, Madrid<\/p>\n\n\n\n<p class=\"has-foreground-color has-text-color has-link-color has-content-heading-font-size wp-elements-118 wp-block-paragraph\" style=\"margin-top:var(--wp--preset--spacing--0);margin-bottom:var(--wp--preset--spacing--0)\"><em>CD Recording<\/em><\/p>\n\n\n\n<p class=\"has-foreground-color has-text-color has-link-color has-normal-font-size wp-elements-119 wp-block-paragraph\" style=\"margin-top:var(--wp--preset--spacing--0);margin-bottom:var(--wp--preset--spacing--0)\">with Mercedes Arcuri <\/p>\n<\/div>\n\n\n\n<div class=\"wp-block-group is-layout-constrained wp-block-group-is-layout-constrained\">\n<p class=\"has-text-align-left has-primary-color has-text-color has-link-color has-small-font-size wp-elements-120 wp-block-paragraph\" style=\"margin-top:var(--wp--preset--spacing--0);margin-bottom:var(--wp--preset--spacing--0)\">24 SEP &#8211; 25 OCT<\/p>\n\n\n\n<p class=\"has-body-text-color has-text-color has-link-color has-medium-font-size wp-elements-121 wp-block-paragraph\" style=\"margin-top:var(--wp--preset--spacing--0);margin-bottom:var(--wp--preset--spacing--0)\">Teatre principal, Palma de Mallorca<\/p>\n\n\n\n<p class=\"has-foreground-color has-text-color has-link-color has-content-heading-font-size wp-elements-122 wp-block-paragraph\" style=\"margin-top:var(--wp--preset--spacing--0);margin-bottom:var(--wp--preset--spacing--0)\"><em>Faust<\/em><\/p>\n\n\n\n<p class=\"has-foreground-color has-text-color has-link-color has-normal-font-size wp-elements-123 wp-block-paragraph\" style=\"margin-top:var(--wp--preset--spacing--0);margin-bottom:var(--wp--preset--spacing--0)\">Opera  <\/p>\n<\/div>\n\n\n\n<div class=\"wp-block-group is-layout-constrained wp-block-group-is-layout-constrained\">\n<p class=\"has-text-align-left has-primary-color has-text-color has-link-color has-small-font-size wp-elements-124 wp-block-paragraph\" style=\"margin-top:var(--wp--preset--spacing--0);margin-bottom:var(--wp--preset--spacing--0)\">15-28 JUN<\/p>\n\n\n\n<p class=\"has-body-text-color has-text-color has-link-color has-medium-font-size wp-elements-125 wp-block-paragraph\" style=\"margin-top:var(--wp--preset--spacing--0);margin-bottom:var(--wp--preset--spacing--0)\">Auditorio, Santa Cruz de Tenerife<\/p>\n\n\n\n<p class=\"has-foreground-color has-text-color has-link-color has-content-heading-font-size wp-elements-126 wp-block-paragraph\" style=\"margin-top:var(--wp--preset--spacing--0);margin-bottom:var(--wp--preset--spacing--0)\"><em>La verbena de la Paloma<\/em><\/p>\n\n\n\n<p class=\"has-foreground-color has-text-color has-link-color has-normal-font-size wp-elements-127 wp-block-paragraph\" style=\"margin-top:var(--wp--preset--spacing--0);margin-bottom:var(--wp--preset--spacing--0)\">Zarzuela<\/p>\n<\/div>\n\n\n\n<div class=\"wp-block-group is-layout-constrained wp-block-group-is-layout-constrained\">\n<p class=\"has-text-align-left has-primary-color has-text-color has-link-color has-small-font-size wp-elements-128 wp-block-paragraph\" style=\"margin-top:var(--wp--preset--spacing--0);margin-bottom:var(--wp--preset--spacing--0)\">1-14 JUN<\/p>\n\n\n\n<p class=\"has-body-text-color has-text-color has-link-color has-medium-font-size wp-elements-129 wp-block-paragraph\" style=\"margin-top:var(--wp--preset--spacing--0);margin-bottom:var(--wp--preset--spacing--0)\">Teatro P\u00e9rez Gald\u00f3s, Las Palmas<\/p>\n\n\n\n<p class=\"has-foreground-color has-text-color has-link-color has-content-heading-font-size wp-elements-130 wp-block-paragraph\" style=\"margin-top:var(--wp--preset--spacing--0);margin-bottom:var(--wp--preset--spacing--0)\"><em>Turandot<\/em><\/p>\n\n\n\n<p class=\"has-foreground-color has-text-color has-link-color has-normal-font-size wp-elements-131 wp-block-paragraph\" style=\"margin-top:var(--wp--preset--spacing--0);margin-bottom:var(--wp--preset--spacing--0)\">Opera<\/p>\n<\/div>\n\n\n\n<div class=\"wp-block-group is-layout-constrained wp-block-group-is-layout-constrained\">\n<p class=\"has-text-align-left has-primary-color has-text-color has-link-color has-small-font-size wp-elements-132 wp-block-paragraph\" style=\"margin-top:var(--wp--preset--spacing--0);margin-bottom:var(--wp--preset--spacing--0)\">4-24 MAY<\/p>\n\n\n\n<p class=\"has-body-text-color has-text-color has-link-color has-medium-font-size wp-elements-133 wp-block-paragraph\" style=\"margin-top:var(--wp--preset--spacing--0);margin-bottom:var(--wp--preset--spacing--0)\">Teatro P\u00e9rez Gald\u00f3s, Las Palmas<\/p>\n\n\n\n<p class=\"has-foreground-color has-text-color has-link-color has-content-heading-font-size wp-elements-134 wp-block-paragraph\" style=\"margin-top:var(--wp--preset--spacing--0);margin-bottom:var(--wp--preset--spacing--0)\"><em>Andrea Ch\u00e9nier<\/em><\/p>\n\n\n\n<p class=\"has-foreground-color has-text-color has-link-color has-normal-font-size wp-elements-135 wp-block-paragraph\" style=\"margin-top:var(--wp--preset--spacing--0);margin-bottom:var(--wp--preset--spacing--0)\">Opera<\/p>\n<\/div>\n\n\n\n<div class=\"wp-block-group is-layout-constrained wp-block-group-is-layout-constrained\">\n<p class=\"has-text-align-left has-primary-color has-text-color has-link-color has-small-font-size wp-elements-136 wp-block-paragraph\" style=\"margin-top:var(--wp--preset--spacing--0);margin-bottom:var(--wp--preset--spacing--0)\">6-19 APR<\/p>\n\n\n\n<p class=\"has-body-text-color has-text-color has-link-color has-medium-font-size wp-elements-137 wp-block-paragraph\" style=\"margin-top:var(--wp--preset--spacing--0);margin-bottom:var(--wp--preset--spacing--0)\">Teatro P\u00e9rez Gald\u00f3s, Las Palmas<\/p>\n\n\n\n<p class=\"has-foreground-color has-text-color has-link-color has-content-heading-font-size wp-elements-138 wp-block-paragraph\" style=\"margin-top:var(--wp--preset--spacing--0);margin-bottom:var(--wp--preset--spacing--0)\"><em>Simon Boccanegra<\/em><\/p>\n\n\n\n<p class=\"has-foreground-color has-text-color has-link-color has-normal-font-size wp-elements-139 wp-block-paragraph\" style=\"margin-top:var(--wp--preset--spacing--0);margin-bottom:var(--wp--preset--spacing--0)\">Opera<\/p>\n<\/div>\n\n\n\n<div class=\"wp-block-group is-layout-constrained wp-block-group-is-layout-constrained\">\n<p class=\"has-text-align-left has-primary-color has-text-color has-link-color has-small-font-size wp-elements-140 wp-block-paragraph\" style=\"margin-top:var(--wp--preset--spacing--0);margin-bottom:var(--wp--preset--spacing--0)\">9-22 MAR<\/p>\n\n\n\n<p class=\"has-body-text-color has-text-color has-link-color has-medium-font-size wp-elements-141 wp-block-paragraph\" style=\"margin-top:var(--wp--preset--spacing--0);margin-bottom:var(--wp--preset--spacing--0)\">Teatro P\u00e9rez Gald\u00f3s, Las Palmas<\/p>\n\n\n\n<p class=\"has-foreground-color has-text-color has-link-color has-content-heading-font-size wp-elements-142 wp-block-paragraph\" style=\"margin-top:var(--wp--preset--spacing--0);margin-bottom:var(--wp--preset--spacing--0)\"><em>Otello<\/em><\/p>\n\n\n\n<p class=\"has-foreground-color has-text-color has-link-color has-normal-font-size wp-elements-143 wp-block-paragraph\" style=\"margin-top:var(--wp--preset--spacing--0);margin-bottom:var(--wp--preset--spacing--0)\">Opera<\/p>\n<\/div>\n\n\n\n<div class=\"wp-block-group is-layout-constrained wp-block-group-is-layout-constrained\">\n<p class=\"has-text-align-left has-primary-color has-text-color has-link-color has-small-font-size wp-elements-144 wp-block-paragraph\" style=\"margin-top:var(--wp--preset--spacing--0);margin-bottom:var(--wp--preset--spacing--0)\">16-19 FEB<\/p>\n\n\n\n<p class=\"has-body-text-color has-text-color has-link-color has-medium-font-size wp-elements-145 wp-block-paragraph\" style=\"margin-top:var(--wp--preset--spacing--0);margin-bottom:var(--wp--preset--spacing--0)\">El forn de les Arts, Barcelona<\/p>\n\n\n\n<p class=\"has-foreground-color has-text-color has-link-color has-content-heading-font-size wp-elements-146 wp-block-paragraph\" style=\"margin-top:var(--wp--preset--spacing--0);margin-bottom:var(--wp--preset--spacing--0)\"><em>Masterclasses<\/em><\/p>\n\n\n\n<p class=\"has-foreground-color has-text-color has-link-color has-normal-font-size wp-elements-147 wp-block-paragraph\" style=\"margin-top:var(--wp--preset--spacing--0);margin-bottom:var(--wp--preset--spacing--0)\">Opera repertoire coaching<\/p>\n<\/div>\n\n\n\n<div class=\"wp-block-group is-layout-constrained wp-block-group-is-layout-constrained\">\n<p class=\"has-text-align-left has-primary-color has-text-color has-link-color has-small-font-size wp-elements-148 wp-block-paragraph\" style=\"margin-top:var(--wp--preset--spacing--0);margin-bottom:var(--wp--preset--spacing--0)\">26 JAN<\/p>\n\n\n\n<p class=\"has-body-text-color has-text-color has-link-color has-medium-font-size wp-elements-149 wp-block-paragraph\" style=\"margin-top:var(--wp--preset--spacing--0);margin-bottom:var(--wp--preset--spacing--0)\">Teatro de la Zarzuela<\/p>\n\n\n\n<p class=\"has-foreground-color has-text-color has-link-color has-content-heading-font-size wp-elements-150 wp-block-paragraph\" style=\"margin-top:var(--wp--preset--spacing--0);margin-bottom:var(--wp--preset--spacing--0)\"><em>Ciclo de Lied<\/em><\/p>\n\n\n\n<p class=\"has-foreground-color has-text-color has-link-color has-normal-font-size wp-elements-151 wp-block-paragraph\" style=\"margin-top:var(--wp--preset--spacing--0);margin-bottom:var(--wp--preset--spacing--0)\">with Benjamin Bernheim<\/p>\n<\/div>\n<\/div>\n<\/div>","protected":false},"excerpt":{"rendered":"<p>Consulta aqu\u00ed los pr\u00f3ximos compromisos art\u00edsticos de Borja Mari\u00f1o. compositor Estrenos \u00b7 Interpretaciones 2027 8-9 JUL Sevilla \u00b7 Teatro de la Maestranza Campanas de sol y aire Saioa Hern\u00e1ndez \u00b7 Lucas Mac\u00edas \u00b7 ROSS 31 MAR Museo de la mujer, M\u00e9xico DF Contra el amor Aurora Sanz 14 MAR Teatro Real, Madrid Vaqueros en Nueva [&hellip;]<\/p>\n","protected":false},"author":1,"featured_media":67,"parent":0,"menu_order":0,"comment_status":"closed","ping_status":"closed","template":"","meta":{"footnotes":""},"class_list":["post-107","page","type-page","status-publish","has-post-thumbnail","hentry"],"yoast_head":"<!-- This site is optimized with the Yoast SEO plugin v28.4 - https:\/\/yoast.com\/product\/yoast-seo-wordpress\/ -->\n<title>Agenda de Conciertos | Borja Mari\u00f1o<\/title>\n<meta name=\"description\" content=\"Consulta la agenda de conciertos y estrenos de Borja Mari\u00f1o: pr\u00f3ximas actuaciones como compositor y pianista en Espa\u00f1a y el extranjero.\" \/>\n<meta name=\"robots\" content=\"index, follow, max-snippet:-1, max-image-preview:large, max-video-preview:-1\" \/>\n<link rel=\"canonical\" href=\"https:\/\/borjamarino.com\/en\/agenda\/\" \/>\n<meta property=\"og:locale\" content=\"en_US\" \/>\n<meta property=\"og:type\" content=\"article\" \/>\n<meta property=\"og:title\" content=\"Agenda de Conciertos | Borja Mari\u00f1o\" \/>\n<meta property=\"og:description\" content=\"Consulta la agenda de conciertos y estrenos de Borja Mari\u00f1o: pr\u00f3ximas actuaciones como compositor y pianista en Espa\u00f1a y el extranjero.\" \/>\n<meta property=\"og:url\" content=\"https:\/\/borjamarino.com\/en\/agenda\/\" \/>\n<meta property=\"og:site_name\" content=\"Borja Mari\u00f1o\" \/>\n<meta property=\"article:modified_time\" content=\"2026-09-04T08:46:40+00:00\" \/>\n<meta property=\"og:image\" content=\"https:\/\/borjamarino.com\/wp-content\/uploads\/2026\/08\/BM1-scaled.jpg\" \/>\n\t<meta property=\"og:image:width\" content=\"2560\" \/>\n\t<meta property=\"og:image:height\" content=\"1924\" \/>\n\t<meta property=\"og:image:type\" content=\"image\/jpeg\" \/>\n<meta name=\"twitter:card\" content=\"summary_large_image\" \/>\n<meta name=\"twitter:label1\" content=\"Est. reading time\" \/>\n\t<meta name=\"twitter:data1\" content=\"3 minutes\" \/>\n<script type=\"application\/ld+json\" class=\"yoast-schema-graph\">{\"@context\":\"https:\\\/\\\/schema.org\",\"@graph\":[{\"@type\":\"WebPage\",\"@id\":\"https:\\\/\\\/borjamarino.com\\\/agenda\\\/\",\"url\":\"https:\\\/\\\/borjamarino.com\\\/agenda\\\/\",\"name\":\"Agenda de Conciertos | Borja Mari\u00f1o\",\"isPartOf\":{\"@id\":\"https:\\\/\\\/borjamarino.com\\\/#website\"},\"primaryImageOfPage\":{\"@id\":\"https:\\\/\\\/borjamarino.com\\\/agenda\\\/#primaryimage\"},\"image\":{\"@id\":\"https:\\\/\\\/borjamarino.com\\\/agenda\\\/#primaryimage\"},\"thumbnailUrl\":\"https:\\\/\\\/borjamarino.com\\\/wp-content\\\/uploads\\\/2026\\\/08\\\/BM1-scaled.jpg\",\"datePublished\":\"2026-08-22T12:08:37+00:00\",\"dateModified\":\"2026-09-04T08:46:40+00:00\",\"description\":\"Consulta la agenda de conciertos y estrenos de Borja Mari\u00f1o: pr\u00f3ximas actuaciones como compositor y pianista en Espa\u00f1a y el extranjero.\",\"breadcrumb\":{\"@id\":\"https:\\\/\\\/borjamarino.com\\\/agenda\\\/#breadcrumb\"},\"inLanguage\":\"en-US\",\"potentialAction\":[{\"@type\":\"ReadAction\",\"target\":[\"https:\\\/\\\/borjamarino.com\\\/agenda\\\/\"]}]},{\"@type\":\"ImageObject\",\"inLanguage\":\"en-US\",\"@id\":\"https:\\\/\\\/borjamarino.com\\\/agenda\\\/#primaryimage\",\"url\":\"https:\\\/\\\/borjamarino.com\\\/wp-content\\\/uploads\\\/2026\\\/08\\\/BM1-scaled.jpg\",\"contentUrl\":\"https:\\\/\\\/borjamarino.com\\\/wp-content\\\/uploads\\\/2026\\\/08\\\/BM1-scaled.jpg\",\"width\":2560,\"height\":1924},{\"@type\":\"BreadcrumbList\",\"@id\":\"https:\\\/\\\/borjamarino.com\\\/agenda\\\/#breadcrumb\",\"itemListElement\":[{\"@type\":\"ListItem\",\"position\":1,\"name\":\"Portada\",\"item\":\"https:\\\/\\\/borjamarino.com\\\/\"},{\"@type\":\"ListItem\",\"position\":2,\"name\":\"Agenda\"}]},{\"@type\":\"WebSite\",\"@id\":\"https:\\\/\\\/borjamarino.com\\\/#website\",\"url\":\"https:\\\/\\\/borjamarino.com\\\/\",\"name\":\"Borja Mari\u00f1o\",\"description\":\"Compositor y Pianista\",\"potentialAction\":[{\"@type\":\"SearchAction\",\"target\":{\"@type\":\"EntryPoint\",\"urlTemplate\":\"https:\\\/\\\/borjamarino.com\\\/?s={search_term_string}\"},\"query-input\":{\"@type\":\"PropertyValueSpecification\",\"valueRequired\":true,\"valueName\":\"search_term_string\"}}],\"inLanguage\":\"en-US\"}]}<\/script>\n<!-- \/ Yoast SEO plugin. -->","yoast_head_json":{"title":"Agenda de Conciertos | Borja Mari\u00f1o","description":"Consulta la agenda de conciertos y estrenos de Borja Mari\u00f1o: pr\u00f3ximas actuaciones como compositor y pianista en Espa\u00f1a y el extranjero.","robots":{"index":"index","follow":"follow","max-snippet":"max-snippet:-1","max-image-preview":"max-image-preview:large","max-video-preview":"max-video-preview:-1"},"canonical":"https:\/\/borjamarino.com\/en\/agenda\/","og_locale":"en_US","og_type":"article","og_title":"Agenda de Conciertos | Borja Mari\u00f1o","og_description":"Consulta la agenda de conciertos y estrenos de Borja Mari\u00f1o: pr\u00f3ximas actuaciones como compositor y pianista en Espa\u00f1a y el extranjero.","og_url":"https:\/\/borjamarino.com\/en\/agenda\/","og_site_name":"Borja Mari\u00f1o","article_modified_time":"2026-09-04T08:46:40+00:00","og_image":[{"width":2560,"height":1924,"url":"https:\/\/borjamarino.com\/wp-content\/uploads\/2026\/08\/BM1-scaled.jpg","type":"image\/jpeg"}],"twitter_card":"summary_large_image","twitter_misc":{"Est. reading time":"3 minutes"},"schema":{"@context":"https:\/\/schema.org","@graph":[{"@type":"WebPage","@id":"https:\/\/borjamarino.com\/agenda\/","url":"https:\/\/borjamarino.com\/agenda\/","name":"Agenda de Conciertos | Borja Mari\u00f1o","isPartOf":{"@id":"https:\/\/borjamarino.com\/#website"},"primaryImageOfPage":{"@id":"https:\/\/borjamarino.com\/agenda\/#primaryimage"},"image":{"@id":"https:\/\/borjamarino.com\/agenda\/#primaryimage"},"thumbnailUrl":"https:\/\/borjamarino.com\/wp-content\/uploads\/2026\/08\/BM1-scaled.jpg","datePublished":"2026-08-22T12:08:37+00:00","dateModified":"2026-09-04T08:46:40+00:00","description":"Consulta la agenda de conciertos y estrenos de Borja Mari\u00f1o: pr\u00f3ximas actuaciones como compositor y pianista en Espa\u00f1a y el extranjero.","breadcrumb":{"@id":"https:\/\/borjamarino.com\/agenda\/#breadcrumb"},"inLanguage":"en-US","potentialAction":[{"@type":"ReadAction","target":["https:\/\/borjamarino.com\/agenda\/"]}]},{"@type":"ImageObject","inLanguage":"en-US","@id":"https:\/\/borjamarino.com\/agenda\/#primaryimage","url":"https:\/\/borjamarino.com\/wp-content\/uploads\/2026\/08\/BM1-scaled.jpg","contentUrl":"https:\/\/borjamarino.com\/wp-content\/uploads\/2026\/08\/BM1-scaled.jpg","width":2560,"height":1924},{"@type":"BreadcrumbList","@id":"https:\/\/borjamarino.com\/agenda\/#breadcrumb","itemListElement":[{"@type":"ListItem","position":1,"name":"Portada","item":"https:\/\/borjamarino.com\/"},{"@type":"ListItem","position":2,"name":"Agenda"}]},{"@type":"WebSite","@id":"https:\/\/borjamarino.com\/#website","url":"https:\/\/borjamarino.com\/","name":"BORJA MARI\u00d1O","description":"Composer &amp; Pianist","potentialAction":[{"@type":"SearchAction","target":{"@type":"EntryPoint","urlTemplate":"https:\/\/borjamarino.com\/?s={search_term_string}"},"query-input":{"@type":"PropertyValueSpecification","valueRequired":true,"valueName":"search_term_string"}}],"inLanguage":"en-US"}]}},"_links":{"self":[{"href":"https:\/\/borjamarino.com\/en\/wp-json\/wp\/v2\/pages\/107","targetHints":{"allow":["GET"]}}],"collection":[{"href":"https:\/\/borjamarino.com\/en\/wp-json\/wp\/v2\/pages"}],"about":[{"href":"https:\/\/borjamarino.com\/en\/wp-json\/wp\/v2\/types\/page"}],"author":[{"embeddable":true,"href":"https:\/\/borjamarino.com\/en\/wp-json\/wp\/v2\/users\/1"}],"replies":[{"embeddable":true,"href":"https:\/\/borjamarino.com\/en\/wp-json\/wp\/v2\/comments?post=107"}],"version-history":[{"count":24,"href":"https:\/\/borjamarino.com\/en\/wp-json\/wp\/v2\/pages\/107\/revisions"}],"predecessor-version":[{"id":663,"href":"https:\/\/borjamarino.com\/en\/wp-json\/wp\/v2\/pages\/107\/revisions\/663"}],"wp:featuredmedia":[{"embeddable":true,"href":"https:\/\/borjamarino.com\/en\/wp-json\/wp\/v2\/media\/67"}],"wp:attachment":[{"href":"https:\/\/borjamarino.com\/en\/wp-json\/wp\/v2\/media?parent=107"}],"curies":[{"name":"wp","href":"https:\/\/api.w.org\/{rel}","templated":true}]}}